{"id":12623,"date":"2026-08-21T06:50:17","date_gmt":"2026-08-21T04:50:17","guid":{"rendered":"https:\/\/nederlandsetempeliers.nl\/batalla-de-nicea\/"},"modified":"2026-08-21T22:33:52","modified_gmt":"2026-08-21T20:33:52","slug":"batalla-de-nicea","status":"publish","type":"page","link":"https:\/\/nederlandsetempeliers.nl\/es\/batalla-de-nicea\/","title":{"rendered":"Batalla de Nicea"},"content":{"rendered":"\t\t<div data-elementor-type=\"wp-page\" data-elementor-id=\"12623\" class=\"elementor elementor-12623 elementor-12519\" data-elementor-post-type=\"page\">\n\t\t\t\t<div class=\"elementor-element elementor-element-2bf55ce e-flex e-con-boxed e-con e-parent\" data-id=\"2bf55ce\" data-element_type=\"container\" data-e-type=\"container\">\n\t\t\t\t\t<div class=\"e-con-inner\">\n\t\t\t\t<div class=\"elementor-element elementor-element-26187b6 elementor-widget elementor-widget-image\" data-id=\"26187b6\" data-element_type=\"widget\" data-e-type=\"widget\" data-widget_type=\"image.default\">\n\t\t\t\t<div class=\"elementor-widget-container\">\n\t\t\t\t\t\t\t\t\t\t\t\t\t\t\t<img fetchpriority=\"high\" decoding=\"async\" width=\"800\" height=\"450\" src=\"https:\/\/nederlandsetempeliers.nl\/wp-content\/uploads\/header-slag-bij-Nicea-1024x576.jpeg\" class=\"attachment-large size-large wp-image-12614\" alt=\"header Asedio de Nicea\" srcset=\"https:\/\/nederlandsetempeliers.nl\/wp-content\/uploads\/header-slag-bij-Nicea-1024x576.jpeg 1024w, https:\/\/nederlandsetempeliers.nl\/wp-content\/uploads\/header-slag-bij-Nicea-300x169.jpeg 300w, https:\/\/nederlandsetempeliers.nl\/wp-content\/uploads\/header-slag-bij-Nicea-768x432.jpeg 768w, https:\/\/nederlandsetempeliers.nl\/wp-content\/uploads\/header-slag-bij-Nicea.jpeg 1280w\" sizes=\"(max-width: 800px) 100vw, 800px\" \/>\t\t\t\t\t\t\t\t\t\t\t\t\t\t\t<\/div>\n\t\t\t\t<\/div>\n\t\t\t\t<div class=\"elementor-element elementor-element-5fe1517 elementor-widget elementor-widget-heading\" data-id=\"5fe1517\" data-element_type=\"widget\" data-e-type=\"widget\" data-widget_type=\"heading.default\">\n\t\t\t\t<div class=\"elementor-widget-container\">\n\t\t\t\t\t<h2 class=\"elementor-heading-title elementor-size-default\">Batalla de Nicea<\/h2>\t\t\t\t<\/div>\n\t\t\t\t<\/div>\n\t\t\t\t<div class=\"elementor-element elementor-element-d6aafdd elementor-widget elementor-widget-text-editor\" data-id=\"d6aafdd\" data-element_type=\"widget\" data-e-type=\"widget\" data-widget_type=\"text-editor.default\">\n\t\t\t\t<div class=\"elementor-widget-container\">\n\t\t\t\t\t\t\t\t\t<p> <\/p><p>Batalla de Nicea, de mayo a junio de 1097<\/p><p>En realidad, ser\u00eda m\u00e1s correcto llamar a esto un asedio y no una batalla.<br\/>La diferencia entre un asedio y una batalla es la siguiente:<br\/>Una batalla es un gran enfrentamiento entre dos ej\u00e9rcitos o fuerzas militares, normalmente en un terreno determinado o en sus alrededores. Pensemos en Dorilea: dos ej\u00e9rcitos se encuentran e intentan derrotarse militarmente.<br\/>Un asedio es algo distinto: un ej\u00e9rcito rodea un lugar fortificado \u2014 una ciudad, un castillo o una fortaleza \u2014 con el objetivo de obligarlo a rendirse o tomarlo. Esto puede hacerse cortando el suministro de alimentos, da\u00f1ando las murallas, lanzando ataques, excavando t\u00faneles, etc. Nicea es un buen ejemplo de ello.<br\/><\/p><p>En otras palabras: Dorilea, el 1 de julio de 1097, fue en realidad la primera gran batalla en campo abierto. En conjunto, Nicea fue la primera gran operaci\u00f3n militar y tambi\u00e9n una gran victoria.<br\/>Un peque\u00f1o inciso: mayo + junio en Nicea \u2013 1 de julio en Dorilea\u2026 145 km \u2013 con todo el equipo encima = tampoco precisamente una semana de bienestar\u2026..<br\/><\/p><p>Volvamos al asedio de Nicea.<br\/>Nicea, la actual \u0130znik en Turqu\u00eda, era en 1097 la capital del Sultanato sely\u00facida de R\u00fbm y se encontraba en Bitinia, en Asia Menor. La ciudad hab\u00eda sido anteriormente territorio bizantino y por ello ten\u00eda una gran importancia para el emperador Alejo I de Bizancio. Para \u00e9l, la reconquista de Nicea no solo era importante desde el punto de vista estrat\u00e9gico, sino que tambi\u00e9n supon\u00eda la recuperaci\u00f3n de un territorio bizantino perdido.<br\/>Cuando los ej\u00e9rcitos de la Primera Cruzada llegaron a Constantinopla, surgi\u00f3 una dif\u00edcil cooperaci\u00f3n entre los cruzados y el emperador Alejo. Los l\u00edderes cruzados tuvieron que prometer que los territorios que anteriormente hab\u00edan pertenecido a Bizancio y que fueran reconquistados durante la cruzada volver\u00edan a quedar bajo dominio bizantino.<br\/><\/p><p>Nicea se convirti\u00f3 entonces en el primer gran objetivo com\u00fan.<br\/>La mayor parte del ej\u00e9rcito cruzado se reuni\u00f3 frente a la ciudad. Seg\u00fan la antigua fuente utilizada en el follet\u00edn, el ej\u00e9rcito estaba formado por unos 60.000 hombres a pie y 10.000 jinetes, sin contar mujeres, ni\u00f1os, sacerdotes, sirvientes y otros acompa\u00f1antes. <br\/><\/p>\t\t\t\t\t\t\t\t<\/div>\n\t\t\t\t<\/div>\n\t\t\t\t\t<\/div>\n\t\t\t\t<\/div>\n\t\t<div class=\"elementor-element elementor-element-f6ed607 e-con-full e-flex e-con e-parent\" data-id=\"f6ed607\" data-element_type=\"container\" data-e-type=\"container\">\n\t\t<div class=\"elementor-element elementor-element-6eedeb9 e-con-full e-flex e-con e-child\" data-id=\"6eedeb9\" data-element_type=\"container\" data-e-type=\"container\">\n\t\t\t\t<div class=\"elementor-element elementor-element-89b4e3a elementor-widget elementor-widget-image\" data-id=\"89b4e3a\" data-element_type=\"widget\" data-e-type=\"widget\" data-widget_type=\"image.default\">\n\t\t\t\t<div class=\"elementor-widget-container\">\n\t\t\t\t\t\t\t\t\t\t\t\t\t\t\t<img decoding=\"async\" width=\"800\" height=\"606\" src=\"https:\/\/nederlandsetempeliers.nl\/wp-content\/uploads\/kaart-Byzantie.jpeg\" class=\"attachment-large size-large wp-image-12615\" alt=\"Mapa de Bizancio\" srcset=\"https:\/\/nederlandsetempeliers.nl\/wp-content\/uploads\/kaart-Byzantie.jpeg 816w, https:\/\/nederlandsetempeliers.nl\/wp-content\/uploads\/kaart-Byzantie-300x227.jpeg 300w, https:\/\/nederlandsetempeliers.nl\/wp-content\/uploads\/kaart-Byzantie-768x582.jpeg 768w\" sizes=\"(max-width: 800px) 100vw, 800px\" \/>\t\t\t\t\t\t\t\t\t\t\t\t\t\t\t<\/div>\n\t\t\t\t<\/div>\n\t\t\t\t<\/div>\n\t\t<div class=\"elementor-element elementor-element-365ddbf e-con-full e-flex e-con e-child\" data-id=\"365ddbf\" data-element_type=\"container\" data-e-type=\"container\">\n\t\t\t\t<div class=\"elementor-element elementor-element-317487c elementor-widget elementor-widget-image\" data-id=\"317487c\" data-element_type=\"widget\" data-e-type=\"widget\" data-widget_type=\"image.default\">\n\t\t\t\t<div class=\"elementor-widget-container\">\n\t\t\t\t\t\t\t\t\t\t\t\t\t\t\t<img decoding=\"async\" width=\"754\" height=\"689\" src=\"https:\/\/nederlandsetempeliers.nl\/wp-content\/uploads\/detail-kaart-Byzanie.jpeg\" class=\"attachment-large size-large wp-image-12616\" alt=\"Mapa detallado de Bizancio\" srcset=\"https:\/\/nederlandsetempeliers.nl\/wp-content\/uploads\/detail-kaart-Byzanie.jpeg 754w, https:\/\/nederlandsetempeliers.nl\/wp-content\/uploads\/detail-kaart-Byzanie-300x274.jpeg 300w\" sizes=\"(max-width: 754px) 100vw, 754px\" \/>\t\t\t\t\t\t\t\t\t\t\t\t\t\t\t<\/div>\n\t\t\t\t<\/div>\n\t\t\t\t<\/div>\n\t\t\t\t<\/div>\n\t\t<div class=\"elementor-element elementor-element-30b7baa e-con-full e-flex e-con e-parent\" data-id=\"30b7baa\" data-element_type=\"container\" data-e-type=\"container\">\n\t\t<div class=\"elementor-element elementor-element-89b7990 e-con-full e-flex e-con e-child\" data-id=\"89b7990\" data-element_type=\"container\" data-e-type=\"container\">\n\t\t\t\t<div class=\"elementor-element elementor-element-9ecfd63 elementor-widget elementor-widget-image\" data-id=\"9ecfd63\" data-element_type=\"widget\" data-e-type=\"widget\" data-widget_type=\"image.default\">\n\t\t\t\t<div class=\"elementor-widget-container\">\n\t\t\t\t\t\t\t\t\t\t\t\t\t\t\t<img loading=\"lazy\" decoding=\"async\" width=\"675\" height=\"891\" src=\"https:\/\/nederlandsetempeliers.nl\/wp-content\/uploads\/the-siege-of-niceae-and-the-turkish-attack-of-16-may-1097-from-victory-in-the-east-by-j-france.png\" class=\"attachment-large size-large wp-image-12617\" alt=\"Asedio de Nicea\" srcset=\"https:\/\/nederlandsetempeliers.nl\/wp-content\/uploads\/the-siege-of-niceae-and-the-turkish-attack-of-16-may-1097-from-victory-in-the-east-by-j-france.png 675w, https:\/\/nederlandsetempeliers.nl\/wp-content\/uploads\/the-siege-of-niceae-and-the-turkish-attack-of-16-may-1097-from-victory-in-the-east-by-j-france-227x300.png 227w\" sizes=\"(max-width: 675px) 100vw, 675px\" \/>\t\t\t\t\t\t\t\t\t\t\t\t\t\t\t<\/div>\n\t\t\t\t<\/div>\n\t\t\t\t<\/div>\n\t\t<div class=\"elementor-element elementor-element-af076d9 e-con-full e-flex e-con e-child\" data-id=\"af076d9\" data-element_type=\"container\" data-e-type=\"container\">\n\t\t\t\t<div class=\"elementor-element elementor-element-09a6290 elementor-widget elementor-widget-image\" data-id=\"09a6290\" data-element_type=\"widget\" data-e-type=\"widget\" data-widget_type=\"image.default\">\n\t\t\t\t<div class=\"elementor-widget-container\">\n\t\t\t\t\t\t\t\t\t\t\t\t\t\t\t<img loading=\"lazy\" decoding=\"async\" width=\"760\" height=\"414\" src=\"https:\/\/nederlandsetempeliers.nl\/wp-content\/uploads\/Nicea-civitas.jpeg\" class=\"attachment-large size-large wp-image-12618\" alt=\"\" srcset=\"https:\/\/nederlandsetempeliers.nl\/wp-content\/uploads\/Nicea-civitas.jpeg 760w, https:\/\/nederlandsetempeliers.nl\/wp-content\/uploads\/Nicea-civitas-300x163.jpeg 300w\" sizes=\"(max-width: 760px) 100vw, 760px\" \/>\t\t\t\t\t\t\t\t\t\t\t\t\t\t\t<\/div>\n\t\t\t\t<\/div>\n\t\t\t\t<\/div>\n\t\t\t\t<\/div>\n\t\t<div class=\"elementor-element elementor-element-a7ce6d1 e-flex e-con-boxed e-con e-parent\" data-id=\"a7ce6d1\" data-element_type=\"container\" data-e-type=\"container\">\n\t\t\t\t\t<div class=\"e-con-inner\">\n\t\t\t\t<div class=\"elementor-element elementor-element-5f3945d elementor-widget elementor-widget-text-editor\" data-id=\"5f3945d\" data-element_type=\"widget\" data-e-type=\"widget\" data-widget_type=\"text-editor.default\">\n\t\t\t\t<div class=\"elementor-widget-container\">\n\t\t\t\t\t\t\t\t\t<p>El asedio dur\u00f3 52 d\u00edas, de mayo a junio de 1097.<\/p><p>Nicea era dif\u00edcil de tomar. La ciudad contaba con fuertes murallas defensivas y estaba situada junto a un lago. Pod\u00eda seguir siendo abastecida por agua, lo que permiti\u00f3 a los defensores resistir durante mucho tiempo.<\/p><p>El sult\u00e1n Kilij Arslan intent\u00f3 socorrer Nicea. March\u00f3 hacia la ciudad con sus tropas y se enfrent\u00f3 a los cruzados fuera de las murallas. Su intento fracas\u00f3 y fue rechazado.<br\/>Despu\u00e9s de esto, las cabezas cortadas de combatientes turcos muertos fueron expuestas p\u00fablicamente y, seg\u00fan las fuentes de las cruzadas, tambi\u00e9n fueron lanzadas por encima de las murallas de Nicea. Con ello quer\u00edan mostrar a los defensores que el ej\u00e9rcito de socorro hab\u00eda sido derrotado y sembrar el miedo entre ellos.<br\/>(v\u00e9ase la imagen de cabecera y la explicaci\u00f3n al final)<br\/><\/p>\t\t\t\t\t\t\t\t<\/div>\n\t\t\t\t<\/div>\n\t\t\t\t\t<\/div>\n\t\t\t\t<\/div>\n\t\t<div class=\"elementor-element elementor-element-ea9ac6b e-con-full e-flex e-con e-parent\" data-id=\"ea9ac6b\" data-element_type=\"container\" data-e-type=\"container\">\n\t\t<div class=\"elementor-element elementor-element-7b24599 e-con-full e-flex e-con e-child\" data-id=\"7b24599\" data-element_type=\"container\" data-e-type=\"container\">\n\t\t\t\t<div class=\"elementor-element elementor-element-8640084 elementor-widget elementor-widget-image\" data-id=\"8640084\" data-element_type=\"widget\" data-e-type=\"widget\" data-widget_type=\"image.default\">\n\t\t\t\t<div class=\"elementor-widget-container\">\n\t\t\t\t\t\t\t\t\t\t\t\t\t\t\t<img loading=\"lazy\" decoding=\"async\" width=\"317\" height=\"550\" src=\"https:\/\/nederlandsetempeliers.nl\/wp-content\/uploads\/Scherm\u00adafbeelding-2026-08-20-om-19.56.20.png\" class=\"attachment-large size-large wp-image-12619\" alt=\"Emperador Alejo I\" srcset=\"https:\/\/nederlandsetempeliers.nl\/wp-content\/uploads\/Scherm\u00adafbeelding-2026-08-20-om-19.56.20.png 317w, https:\/\/nederlandsetempeliers.nl\/wp-content\/uploads\/Scherm\u00adafbeelding-2026-08-20-om-19.56.20-173x300.png 173w\" sizes=\"(max-width: 317px) 100vw, 317px\" \/>\t\t\t\t\t\t\t\t\t\t\t\t\t\t\t<\/div>\n\t\t\t\t<\/div>\n\t\t\t\t<\/div>\n\t\t<div class=\"elementor-element elementor-element-300ec1c e-con-full e-flex e-con e-child\" data-id=\"300ec1c\" data-element_type=\"container\" data-e-type=\"container\">\n\t\t\t\t<div class=\"elementor-element elementor-element-6861430 elementor-widget elementor-widget-text-editor\" data-id=\"6861430\" data-element_type=\"widget\" data-e-type=\"widget\" data-widget_type=\"text-editor.default\">\n\t\t\t\t<div class=\"elementor-widget-container\">\n\t\t\t\t\t\t\t\t\t<p>La ciudad es tomada ante las narices de los cruzados<\/p><p>\ud83d\udc48\ud83c\udffb Mientras tanto, el emperador Alejo jugaba su propio juego ego\u00edsta.<br\/>Los cruzados sitiaban Nicea desde tierra, pero la ciudad a\u00fan pod\u00eda ser abastecida a trav\u00e9s del lago. Alejo hizo transportar entonces barcos bizantinos por tierra hasta el lago. Cuando estos barcos aparecieron en el agua, tambi\u00e9n qued\u00f3 cortada la \u00faltima ruta de abastecimiento. <br\/><\/p>\t\t\t\t\t\t\t\t<\/div>\n\t\t\t\t<\/div>\n\t\t\t\t<\/div>\n\t\t\t\t<\/div>\n\t\t<div class=\"elementor-element elementor-element-e591bc9 e-flex e-con-boxed e-con e-parent\" data-id=\"e591bc9\" data-element_type=\"container\" data-e-type=\"container\">\n\t\t\t\t\t<div class=\"e-con-inner\">\n\t\t\t\t<div class=\"elementor-element elementor-element-6aad670 elementor-widget elementor-widget-text-editor\" data-id=\"6aad670\" data-element_type=\"widget\" data-e-type=\"widget\" data-widget_type=\"text-editor.default\">\n\t\t\t\t<div class=\"elementor-widget-container\">\n\t\t\t\t\t\t\t\t\t<p>Al mismo tiempo, Alejo hizo negociar en secreto con los defensores turcos de Nicea.<br\/>Su representante, Manuel Boutoumites, les ofreci\u00f3 condiciones favorables si entregaban la ciudad no a los cruzados, sino directamente a los bizantinos. Se les concedi\u00f3 protecci\u00f3n y se hicieron promesas sobre el trato que recibir\u00edan.<br\/>Para los defensores, aquello resultaba atractivo. Si los cruzados tomaban la ciudad por la fuerza, pod\u00edan seguir saqueos y derramamiento de sangre. Rendirse a Bizancio ofrec\u00eda una salida mucho m\u00e1s segura.<br\/>Por ello, los bizantinos y los defensores llegaron a un acuerdo separado.<br\/>La ma\u00f1ana en que los cruzados lanzaron un nuevo ataque contra las murallas, descubrieron de repente que las tropas bizantinas ya hab\u00edan tomado el control de la ciudad. En las murallas aparecieron los estandartes imperiales bizantinos.<br\/>Nicea hab\u00eda ca\u00eddo \u2014 pero no en manos de los cruzados. <br\/><\/p>\t\t\t\t\t\t\t\t<\/div>\n\t\t\t\t<\/div>\n\t\t\t\t\t<\/div>\n\t\t\t\t<\/div>\n\t\t<div class=\"elementor-element elementor-element-1561bf2 e-flex e-con-boxed e-con e-parent\" data-id=\"1561bf2\" data-element_type=\"container\" data-e-type=\"container\">\n\t\t\t\t\t<div class=\"e-con-inner\">\n\t\t\t\t<div class=\"elementor-element elementor-element-3bc11bc elementor-widget elementor-widget-image\" data-id=\"3bc11bc\" data-element_type=\"widget\" data-e-type=\"widget\" data-widget_type=\"image.default\">\n\t\t\t\t<div class=\"elementor-widget-container\">\n\t\t\t\t\t\t\t\t\t\t\t\t\t\t\t<img loading=\"lazy\" decoding=\"async\" width=\"800\" height=\"988\" src=\"https:\/\/nederlandsetempeliers.nl\/wp-content\/uploads\/Slag-bij-Nicea-1097-5-829x1024.jpg\" class=\"attachment-large size-large wp-image-12620\" alt=\"\" srcset=\"https:\/\/nederlandsetempeliers.nl\/wp-content\/uploads\/Slag-bij-Nicea-1097-5-829x1024.jpg 829w, https:\/\/nederlandsetempeliers.nl\/wp-content\/uploads\/Slag-bij-Nicea-1097-5-243x300.jpg 243w, https:\/\/nederlandsetempeliers.nl\/wp-content\/uploads\/Slag-bij-Nicea-1097-5-768x949.jpg 768w, https:\/\/nederlandsetempeliers.nl\/wp-content\/uploads\/Slag-bij-Nicea-1097-5.jpg 1020w\" sizes=\"(max-width: 800px) 100vw, 800px\" \/>\t\t\t\t\t\t\t\t\t\t\t\t\t\t\t<\/div>\n\t\t\t\t<\/div>\n\t\t\t\t\t<\/div>\n\t\t\t\t<\/div>\n\t\t<div class=\"elementor-element elementor-element-876a79a e-con-full e-flex e-con e-parent\" data-id=\"876a79a\" data-element_type=\"container\" data-e-type=\"container\">\n\t\t\t\t<div class=\"elementor-element elementor-element-3a3707b elementor-widget__width-initial elementor-widget elementor-widget-text-editor\" data-id=\"3a3707b\" data-element_type=\"widget\" data-e-type=\"widget\" data-widget_type=\"text-editor.default\">\n\t\t\t\t<div class=\"elementor-widget-container\">\n\t\t\t\t\t\t\t\t\t<pre> \ud83d\udc46\ud83c\udffb La batalla de Nicea de 1097, de Gustave Dor\u00e9, 1877<br>Y esa procesi\u00f3n celestial sobre el campo de batalla es t\u00edpica de Dor\u00e9: casi como una escena visionaria y religiosa.<br>Una luminosa fuerza celestial \u2014 en primera l\u00ednea aparece un jinete armado con escudo, con aquella enorme cruz elev\u00e1ndose muy por encima de \u00e9l. Detr\u00e1s le siguen decenas de figuras luminosas. <br>El contraste es realmente brillante: abajo, los cruzados terrenales inmersos en su brutal lucha terrenal \u2014 muertos, caballos, armas, caos.<br\/>Sobre ellos aparece la contrapartida celestial: la batalla se libra bajo el signo de la Cruz y la victoria es confirmada desde el cielo. <br\/><\/pre>\t\t\t\t\t\t\t\t<\/div>\n\t\t\t\t<\/div>\n\t\t\t\t<\/div>\n\t\t<div class=\"elementor-element elementor-element-90e610c e-flex e-con-boxed e-con e-parent\" data-id=\"90e610c\" data-element_type=\"container\" data-e-type=\"container\">\n\t\t\t\t\t<div class=\"e-con-inner\">\n\t\t\t\t<div class=\"elementor-element elementor-element-49cec31 elementor-widget elementor-widget-text-editor\" data-id=\"49cec31\" data-element_type=\"widget\" data-e-type=\"widget\" data-widget_type=\"text-editor.default\">\n\t\t\t\t<div class=\"elementor-widget-container\">\n\t\t\t\t\t\t\t\t\t<p>Los cruzados hab\u00edan combatido durante semanas y sufrido p\u00e9rdidas, pero no tuvieron la oportunidad de entrar ellos mismos en la ciudad y saquearla. Para ellos fue como si Alejo les hubiera arrebatado la victoria delante de sus propias narices en el \u00faltimo momento.<br>Desde el punto de vista bizantino, sin embargo, la situaci\u00f3n era diferente. Nicea hab\u00eda sido anteriormente territorio bizantino y los l\u00edderes cruzados hab\u00edan prometido devolver esos territorios a Alejo.<br\/>Adem\u00e1s, el acuerdo probablemente evit\u00f3 un sangriento asalto a la ciudad.<br\/><br>Precisamente aqu\u00ed se hace visible hasta qu\u00e9 punto difer\u00edan los intereses de ambos aliados. Combat\u00edan contra el mismo enemigo, pero no exactamente por las mismas razones.<br>La esposa y los hijos del sult\u00e1n Kilij Arslan tambi\u00e9n cayeron en manos bizantinas y fueron protegidos. No fueron entregados a los cruzados.<br>De este modo, la toma de Nicea se convirti\u00f3 en la primera gran victoria de la Primera Cruzada.<br>Al mismo tiempo, el asedio muestra lo complicada que era la cooperaci\u00f3n entre Bizancio y los cruzados occidentales. En aquel momento combat\u00edan al mismo enemigo, pero sus intereses no eran exactamente los mismos. Los cruzados quer\u00edan continuar su viaje hacia Tierra Santa; el emperador Alejo quer\u00eda sobre todo recuperar los antiguos territorios bizantinos.<\/p><p>El cuaderno de caligraf\u00eda de 1705 constituye tambi\u00e9n una fuente interesante para este episodio. En las p\u00e1ginas 35 a 38 se describe el asedio de Nicea. La transcripci\u00f3n, la traducci\u00f3n y la explicaci\u00f3n de estas p\u00e1ginas pueden encontrarse en el follet\u00edn del sitio web.<br\/>Nicea no fue, por tanto, solo una victoria militar, sino tambi\u00e9n la primera prueba clara de la cooperaci\u00f3n entre Oriente y Occidente durante la Primera Cruzada.<br\/>Tambi\u00e9n muestra c\u00f3mo la diplomacia, la pol\u00edtica, las negociaciones y el inter\u00e9s propio (en este caso, el del emperador Alejo) desempe\u00f1aron desde el principio un papel importante dentro de la Primera Cruzada. V\u00e9ase la ficha &lt; Sin la Orden&gt;<\/p>\t\t\t\t\t\t\t\t<\/div>\n\t\t\t\t<\/div>\n\t\t\t\t\t<\/div>\n\t\t\t\t<\/div>\n\t\t<div class=\"elementor-element elementor-element-bf1fb64 e-flex e-con-boxed e-con e-parent\" data-id=\"bf1fb64\" data-element_type=\"container\" data-e-type=\"container\">\n\t\t\t\t\t<div class=\"e-con-inner\">\n\t\t\t\t<div class=\"elementor-element elementor-element-ff2a759 elementor-widget elementor-widget-image\" data-id=\"ff2a759\" data-element_type=\"widget\" data-e-type=\"widget\" data-widget_type=\"image.default\">\n\t\t\t\t<div class=\"elementor-widget-container\">\n\t\t\t\t\t\t\t\t\t\t\t\t\t\t\t<img loading=\"lazy\" decoding=\"async\" width=\"800\" height=\"600\" src=\"https:\/\/nederlandsetempeliers.nl\/wp-content\/uploads\/schoonschrift-schriftje-uit-1705-1024x768.jpeg\" class=\"attachment-large size-large wp-image-12621\" alt=\"Cuaderno de caligraf\u00eda de 1705\" srcset=\"https:\/\/nederlandsetempeliers.nl\/wp-content\/uploads\/schoonschrift-schriftje-uit-1705-1024x768.jpeg 1024w, https:\/\/nederlandsetempeliers.nl\/wp-content\/uploads\/schoonschrift-schriftje-uit-1705-300x225.jpeg 300w, https:\/\/nederlandsetempeliers.nl\/wp-content\/uploads\/schoonschrift-schriftje-uit-1705-768x576.jpeg 768w, https:\/\/nederlandsetempeliers.nl\/wp-content\/uploads\/schoonschrift-schriftje-uit-1705-1536x1152.jpeg 1536w, https:\/\/nederlandsetempeliers.nl\/wp-content\/uploads\/schoonschrift-schriftje-uit-1705.jpeg 1600w\" sizes=\"(max-width: 800px) 100vw, 800px\" \/>\t\t\t\t\t\t\t\t\t\t\t\t\t\t\t<\/div>\n\t\t\t\t<\/div>\n\t\t\t\t\t<\/div>\n\t\t\t\t<\/div>\n\t\t<div class=\"elementor-element elementor-element-956a8f3 e-flex e-con-boxed e-con e-parent\" data-id=\"956a8f3\" data-element_type=\"container\" data-e-type=\"container\">\n\t\t\t\t\t<div class=\"e-con-inner\">\n\t\t\t\t<div class=\"elementor-element elementor-element-c32d538 elementor-widget elementor-widget-text-editor\" data-id=\"c32d538\" data-element_type=\"widget\" data-e-type=\"widget\" data-widget_type=\"text-editor.default\">\n\t\t\t\t<div class=\"elementor-widget-container\">\n\t\t\t\t\t\t\t\t\t<p>Despu\u00e9s de Nicea continuaron su camino en direcci\u00f3n a Siria, hacia Dorilea.<\/p><p>Un adelanto de la batalla de Dorilea, por qu\u00e9 fue tan importante y qu\u00e9 importante lecci\u00f3n dej\u00f3:<\/p><p>Despu\u00e9s de Nicea, los cruzados avanzaron m\u00e1s hacia el interior de Anatolia. El ej\u00e9rcito se desplazaba en varias columnas y, en Dorilea, fue sobre todo el grupo de vanguardia \u2014 entre ellos Bohemundo \u2014 el que se encontr\u00f3 con los sely\u00facidas de Kilij Arslan.<\/p><p>Estos atacaban con rapidez y gran movilidad, sobre todo mediante arqueros a caballo. Para los caballeros y soldados de infanter\u00eda de Europa occidental, aquello era una forma de hacer la guerra muy distinta de la que conoc\u00edan.<\/p><p>Al principio, los cruzados estuvieron sometidos a una enorme presi\u00f3n. Formaron una posici\u00f3n defensiva alrededor de su campamento y tuvieron que resistir durante horas.<\/p><p>Y precisamente eso es lo importante: no se quebraron. Mantuvieron sus l\u00edneas lo suficientemente unidas como para no quedar completamente destrozados.<\/p><p>Despu\u00e9s llegaron al campo de batalla otros contingentes cruzados \u2014 entre ellos los de Godofredo y Raimundo. La situaci\u00f3n cambi\u00f3 entonces.<br\/>Los sely\u00facidas dejaron de enfrentarse a un \u00fanico grupo aislado y se encontraron de repente ante una fuerza conjunta mucho mayor. Finalmente fueron rechazados.<br\/>Por qu\u00e9 Dorilea fue importante:<br\/>\u2022fue la primera gran batalla en campo abierto de la Primera Cruzada; <br\/>\u2022los cruzados demostraron que no solo pod\u00edan sitiar ciudades, sino tambi\u00e9n resistir a un enemigo m\u00f3vil en terreno abierto; <br\/>\u2022la batalla les dio una enorme confianza; <br\/>\u2022despu\u00e9s de Dorilea, la ruta a trav\u00e9s de Anatolia qued\u00f3 mucho m\u00e1s abierta. <br\/>Y tambi\u00e9n hay aqu\u00ed una buena lecci\u00f3n militar: no ganaron porque todo saliera perfectamente. Todo lo contrario.<br\/>La vanguardia se encontr\u00f3 al principio en serios problemas. Finalmente ganaron porque resistieron hasta que llegaron los refuerzos.<br\/>Puede leerlo con m\u00e1s detalle en la Batalla de Dorilea. <br\/><br\/><br\/><br\/><br\/><br\/><br\/><\/p><p>En resumen:<br\/>Nicea = primera gran operaci\u00f3n militar cristiana conjunta y victoria<br\/>Dorilea = primera gran batalla en campo abierto<br\/><\/p>\t\t\t\t\t\t\t\t<\/div>\n\t\t\t\t<\/div>\n\t\t\t\t\t<\/div>\n\t\t\t\t<\/div>\n\t\t<div class=\"elementor-element elementor-element-ebfe9d4 e-flex e-con-boxed e-con e-parent\" data-id=\"ebfe9d4\" data-element_type=\"container\" data-e-type=\"container\">\n\t\t\t\t\t<div class=\"e-con-inner\">\n\t\t<div class=\"elementor-element elementor-element-41344a3 e-con-full e-flex e-con e-child\" data-id=\"41344a3\" data-element_type=\"container\" data-e-type=\"container\">\n\t\t\t\t<div class=\"elementor-element elementor-element-550f709 elementor-widget elementor-widget-image\" data-id=\"550f709\" data-element_type=\"widget\" data-e-type=\"widget\" data-widget_type=\"image.default\">\n\t\t\t\t<div class=\"elementor-widget-container\">\n\t\t\t\t\t\t\t\t\t\t\t\t\t\t\t<img loading=\"lazy\" decoding=\"async\" width=\"593\" height=\"806\" src=\"https:\/\/nederlandsetempeliers.nl\/wp-content\/uploads\/afgehakte-hoofden-.jpeg\" class=\"attachment-large size-large wp-image-12622\" alt=\"Miniatura del asedio de Nicea\" srcset=\"https:\/\/nederlandsetempeliers.nl\/wp-content\/uploads\/afgehakte-hoofden-.jpeg 593w, https:\/\/nederlandsetempeliers.nl\/wp-content\/uploads\/afgehakte-hoofden--221x300.jpeg 221w\" sizes=\"(max-width: 593px) 100vw, 593px\" \/>\t\t\t\t\t\t\t\t\t\t\t\t\t\t\t<\/div>\n\t\t\t\t<\/div>\n\t\t\t\t<\/div>\n\t\t<div class=\"elementor-element elementor-element-b992c7b e-con-full e-flex e-con e-child\" data-id=\"b992c7b\" data-element_type=\"container\" data-e-type=\"container\">\n\t\t\t\t<div class=\"elementor-element elementor-element-c84c7f5 elementor-widget elementor-widget-text-editor\" data-id=\"c84c7f5\" data-element_type=\"widget\" data-e-type=\"widget\" data-widget_type=\"text-editor.default\">\n\t\t\t\t<div class=\"elementor-widget-container\">\n\t\t\t\t\t\t\t\t\t<p>\ud83d\udc48\ud83c\udffb El asedio de Nicea y el lanzamiento de cabezas cortadas<\/p><p>Esta miniatura fue realizada en el siglo XIII por un iluminador an\u00f3nimo, como ilustraci\u00f3n de la tradici\u00f3n en franc\u00e9s antiguo de la cr\u00f3nica de Guillaume de Tyr.<\/p><p>Guillaume de Tyr fue el c\u00e9lebre cronista y arzobispo de Tiro, y estuvo estrechamente relacionado con Balduino IV, el rey leproso de Jerusal\u00e9n, entre otras cosas como su preceptor durante su juventud. <\/p><p>Arriba dice:<br\/>Mout furent en grant volente trestuit des estraines de leur guerre bien emploier; et mout desirroient si hautement emprendre leur premier fet que toutes autres genz les en doutassent.<br\/>Traducci\u00f3n:<br\/>Los cruzados quer\u00edan actuar desde su primera acci\u00f3n militar conjunta de forma tan impresionante y poderosa que, a partir de entonces, los dem\u00e1s pueblos sintieran respeto y temor hacia ellos.<br\/><\/p>\t\t\t\t\t\t\t\t<\/div>\n\t\t\t\t<\/div>\n\t\t\t\t<\/div>\n\t\t\t\t\t<\/div>\n\t\t\t\t<\/div>\n\t\t<div class=\"elementor-element elementor-element-ce41610 e-flex e-con-boxed e-con e-parent\" data-id=\"ce41610\" data-element_type=\"container\" data-e-type=\"container\">\n\t\t\t\t\t<div class=\"e-con-inner\">\n\t\t\t\t<div class=\"elementor-element elementor-element-c964676 elementor-widget elementor-widget-text-editor\" data-id=\"c964676\" data-element_type=\"widget\" data-e-type=\"widget\" data-widget_type=\"text-editor.default\">\n\t\t\t\t<div class=\"elementor-widget-container\">\n\t\t\t\t\t\t\t\t\t<p>Abajo dice:<br\/>De la cite de Nique sachiez quele fu desouz larceveschie de Nicomede; mes li Empereres Costantins la fist oster du pooir a cel arcevesque et fu exemte por enneur de ce que li primerains des quatre granz conciles avoit iluec sis.<br\/>Traducci\u00f3n:<br\/>En cuanto a la ciudad de Nicea, deb\u00e9is saber que estaba bajo el arzobispado de Nicomedia. Pero el emperador Constantino la retir\u00f3 de la autoridad de aquel arzobispo y le concedi\u00f3 un estatus especial, en honor al hecho de que all\u00ed se hab\u00eda celebrado el primero de los cuatro grandes concilios.<br\/>Guillaume de Tyr contin\u00faa despu\u00e9s hablando del Concilio de Nicea, de Arrio y de los 318 dirigentes eclesi\u00e1sticos que se reunieron all\u00ed.<br\/>Para \u00e9l, Nicea no era por tanto importante \u00fanicamente desde el punto de vista militar; interrumpe brevemente el relato de la guerra para explicar la historia cristiana de la ciudad. <br\/><\/p>\t\t\t\t\t\t\t\t<\/div>\n\t\t\t\t<\/div>\n\t\t\t\t\t<\/div>\n\t\t\t\t<\/div>\n\t\t\t\t<\/div>\n\t\t","protected":false},"excerpt":{"rendered":"<p>Batalla de Nicea Batalla de Nicea, de mayo a junio de 1097 En realidad, ser\u00eda m\u00e1s correcto llamar a esto un asedio y no una batalla.La diferencia entre un asedio [&hellip;]<\/p>\n","protected":false},"author":4,"featured_media":0,"parent":0,"menu_order":0,"comment_status":"closed","ping_status":"closed","template":"","meta":{"footnotes":""},"class_list":["post-12623","page","type-page","status-publish","hentry"],"yoast_head":"<!-- This site is optimized with the Yoast SEO plugin v28.3 - https:\/\/yoast.com\/product\/yoast-seo-wordpress\/ -->\n<title>Batalla de Nicea - Nederlandse Tempeliers<\/title>\n<meta name=\"robots\" content=\"index, follow, max-snippet:-1, max-image-preview:large, max-video-preview:-1\" \/>\n<link rel=\"canonical\" href=\"https:\/\/nederlandsetempeliers.nl\/es\/batalla-de-nicea\/\" \/>\n<meta property=\"og:locale\" content=\"es_ES\" \/>\n<meta property=\"og:type\" content=\"article\" \/>\n<meta property=\"og:title\" content=\"Batalla de Nicea - Nederlandse Tempeliers\" \/>\n<meta property=\"og:description\" content=\"Batalla de Nicea Batalla de Nicea, de mayo a junio de 1097 En realidad, ser\u00eda m\u00e1s correcto llamar a esto un asedio y no una batalla.La diferencia entre un asedio [&hellip;]\" \/>\n<meta property=\"og:url\" content=\"https:\/\/nederlandsetempeliers.nl\/es\/batalla-de-nicea\/\" \/>\n<meta property=\"og:site_name\" content=\"Nederlandse Tempeliers\" \/>\n<meta property=\"article:modified_time\" content=\"2026-08-21T20:33:52+00:00\" \/>\n<meta property=\"og:image\" content=\"https:\/\/nederlandsetempeliers.nl\/wp-content\/uploads\/header-slag-bij-Nicea.jpeg\" \/>\n\t<meta property=\"og:image:width\" content=\"1280\" \/>\n\t<meta property=\"og:image:height\" content=\"720\" \/>\n\t<meta property=\"og:image:type\" content=\"image\/jpeg\" \/>\n<meta name=\"twitter:card\" content=\"summary_large_image\" \/>\n<meta name=\"twitter:label1\" content=\"Tiempo de lectura\" \/>\n\t<meta name=\"twitter:data1\" content=\"9 minutos\" \/>\n<script type=\"application\/ld+json\" class=\"yoast-schema-graph\">{\"@context\":\"https:\\\/\\\/schema.org\",\"@graph\":[{\"@type\":\"WebPage\",\"@id\":\"https:\\\/\\\/nederlandsetempeliers.nl\\\/es\\\/batalla-de-nicea\\\/\",\"url\":\"https:\\\/\\\/nederlandsetempeliers.nl\\\/es\\\/batalla-de-nicea\\\/\",\"name\":\"Batalla de Nicea - Nederlandse Tempeliers\",\"isPartOf\":{\"@id\":\"https:\\\/\\\/nederlandsetempeliers.nl\\\/es\\\/#website\"},\"primaryImageOfPage\":{\"@id\":\"https:\\\/\\\/nederlandsetempeliers.nl\\\/es\\\/batalla-de-nicea\\\/#primaryimage\"},\"image\":{\"@id\":\"https:\\\/\\\/nederlandsetempeliers.nl\\\/es\\\/batalla-de-nicea\\\/#primaryimage\"},\"thumbnailUrl\":\"https:\\\/\\\/nederlandsetempeliers.nl\\\/wp-content\\\/uploads\\\/header-slag-bij-Nicea-1024x576.jpeg\",\"datePublished\":\"2026-08-21T04:50:17+00:00\",\"dateModified\":\"2026-08-21T20:33:52+00:00\",\"breadcrumb\":{\"@id\":\"https:\\\/\\\/nederlandsetempeliers.nl\\\/es\\\/batalla-de-nicea\\\/#breadcrumb\"},\"inLanguage\":\"es\",\"potentialAction\":[{\"@type\":\"ReadAction\",\"target\":[\"https:\\\/\\\/nederlandsetempeliers.nl\\\/es\\\/batalla-de-nicea\\\/\"]}]},{\"@type\":\"ImageObject\",\"inLanguage\":\"es\",\"@id\":\"https:\\\/\\\/nederlandsetempeliers.nl\\\/es\\\/batalla-de-nicea\\\/#primaryimage\",\"url\":\"https:\\\/\\\/nederlandsetempeliers.nl\\\/wp-content\\\/uploads\\\/header-slag-bij-Nicea-1024x576.jpeg\",\"contentUrl\":\"https:\\\/\\\/nederlandsetempeliers.nl\\\/wp-content\\\/uploads\\\/header-slag-bij-Nicea-1024x576.jpeg\"},{\"@type\":\"BreadcrumbList\",\"@id\":\"https:\\\/\\\/nederlandsetempeliers.nl\\\/es\\\/batalla-de-nicea\\\/#breadcrumb\",\"itemListElement\":[{\"@type\":\"ListItem\",\"position\":1,\"name\":\"Home\",\"item\":\"https:\\\/\\\/nederlandsetempeliers.nl\\\/es\\\/\"},{\"@type\":\"ListItem\",\"position\":2,\"name\":\"Batalla de Nicea\"}]},{\"@type\":\"WebSite\",\"@id\":\"https:\\\/\\\/nederlandsetempeliers.nl\\\/es\\\/#website\",\"url\":\"https:\\\/\\\/nederlandsetempeliers.nl\\\/es\\\/\",\"name\":\"Nederlandse Tempeliers\",\"description\":\"The Black Knights Templars of Solomon\",\"publisher\":{\"@id\":\"https:\\\/\\\/nederlandsetempeliers.nl\\\/es\\\/#organization\"},\"potentialAction\":[{\"@type\":\"SearchAction\",\"target\":{\"@type\":\"EntryPoint\",\"urlTemplate\":\"https:\\\/\\\/nederlandsetempeliers.nl\\\/es\\\/?s={search_term_string}\"},\"query-input\":{\"@type\":\"PropertyValueSpecification\",\"valueRequired\":true,\"valueName\":\"search_term_string\"}}],\"inLanguage\":\"es\"},{\"@type\":\"Organization\",\"@id\":\"https:\\\/\\\/nederlandsetempeliers.nl\\\/es\\\/#organization\",\"name\":\"Nederlandse Tempeliers\",\"url\":\"https:\\\/\\\/nederlandsetempeliers.nl\\\/es\\\/\",\"logo\":{\"@type\":\"ImageObject\",\"inLanguage\":\"es\",\"@id\":\"https:\\\/\\\/nederlandsetempeliers.nl\\\/es\\\/#\\\/schema\\\/logo\\\/image\\\/\",\"url\":\"https:\\\/\\\/nederlandsetempeliers.nl\\\/wp-content\\\/uploads\\\/Dutch-order-v2.png\",\"contentUrl\":\"https:\\\/\\\/nederlandsetempeliers.nl\\\/wp-content\\\/uploads\\\/Dutch-order-v2.png\",\"width\":687,\"height\":686,\"caption\":\"Nederlandse Tempeliers\"},\"image\":{\"@id\":\"https:\\\/\\\/nederlandsetempeliers.nl\\\/es\\\/#\\\/schema\\\/logo\\\/image\\\/\"}}]}<\/script>\n<!-- \/ Yoast SEO plugin. -->","yoast_head_json":{"title":"Batalla de Nicea - Nederlandse Tempeliers","robots":{"index":"index","follow":"follow","max-snippet":"max-snippet:-1","max-image-preview":"max-image-preview:large","max-video-preview":"max-video-preview:-1"},"canonical":"https:\/\/nederlandsetempeliers.nl\/es\/batalla-de-nicea\/","og_locale":"es_ES","og_type":"article","og_title":"Batalla de Nicea - Nederlandse Tempeliers","og_description":"Batalla de Nicea Batalla de Nicea, de mayo a junio de 1097 En realidad, ser\u00eda m\u00e1s correcto llamar a esto un asedio y no una batalla.La diferencia entre un asedio [&hellip;]","og_url":"https:\/\/nederlandsetempeliers.nl\/es\/batalla-de-nicea\/","og_site_name":"Nederlandse Tempeliers","article_modified_time":"2026-08-21T20:33:52+00:00","og_image":[{"width":1280,"height":720,"url":"https:\/\/nederlandsetempeliers.nl\/wp-content\/uploads\/header-slag-bij-Nicea.jpeg","type":"image\/jpeg"}],"twitter_card":"summary_large_image","twitter_misc":{"Tiempo de lectura":"9 minutos"},"schema":{"@context":"https:\/\/schema.org","@graph":[{"@type":"WebPage","@id":"https:\/\/nederlandsetempeliers.nl\/es\/batalla-de-nicea\/","url":"https:\/\/nederlandsetempeliers.nl\/es\/batalla-de-nicea\/","name":"Batalla de Nicea - Nederlandse Tempeliers","isPartOf":{"@id":"https:\/\/nederlandsetempeliers.nl\/es\/#website"},"primaryImageOfPage":{"@id":"https:\/\/nederlandsetempeliers.nl\/es\/batalla-de-nicea\/#primaryimage"},"image":{"@id":"https:\/\/nederlandsetempeliers.nl\/es\/batalla-de-nicea\/#primaryimage"},"thumbnailUrl":"https:\/\/nederlandsetempeliers.nl\/wp-content\/uploads\/header-slag-bij-Nicea-1024x576.jpeg","datePublished":"2026-08-21T04:50:17+00:00","dateModified":"2026-08-21T20:33:52+00:00","breadcrumb":{"@id":"https:\/\/nederlandsetempeliers.nl\/es\/batalla-de-nicea\/#breadcrumb"},"inLanguage":"es","potentialAction":[{"@type":"ReadAction","target":["https:\/\/nederlandsetempeliers.nl\/es\/batalla-de-nicea\/"]}]},{"@type":"ImageObject","inLanguage":"es","@id":"https:\/\/nederlandsetempeliers.nl\/es\/batalla-de-nicea\/#primaryimage","url":"https:\/\/nederlandsetempeliers.nl\/wp-content\/uploads\/header-slag-bij-Nicea-1024x576.jpeg","contentUrl":"https:\/\/nederlandsetempeliers.nl\/wp-content\/uploads\/header-slag-bij-Nicea-1024x576.jpeg"},{"@type":"BreadcrumbList","@id":"https:\/\/nederlandsetempeliers.nl\/es\/batalla-de-nicea\/#breadcrumb","itemListElement":[{"@type":"ListItem","position":1,"name":"Home","item":"https:\/\/nederlandsetempeliers.nl\/es\/"},{"@type":"ListItem","position":2,"name":"Batalla de Nicea"}]},{"@type":"WebSite","@id":"https:\/\/nederlandsetempeliers.nl\/es\/#website","url":"https:\/\/nederlandsetempeliers.nl\/es\/","name":"Nederlandse Tempeliers","description":"The Black Knights Templars of Solomon","publisher":{"@id":"https:\/\/nederlandsetempeliers.nl\/es\/#organization"},"potentialAction":[{"@type":"SearchAction","target":{"@type":"EntryPoint","urlTemplate":"https:\/\/nederlandsetempeliers.nl\/es\/?s={search_term_string}"},"query-input":{"@type":"PropertyValueSpecification","valueRequired":true,"valueName":"search_term_string"}}],"inLanguage":"es"},{"@type":"Organization","@id":"https:\/\/nederlandsetempeliers.nl\/es\/#organization","name":"Nederlandse Tempeliers","url":"https:\/\/nederlandsetempeliers.nl\/es\/","logo":{"@type":"ImageObject","inLanguage":"es","@id":"https:\/\/nederlandsetempeliers.nl\/es\/#\/schema\/logo\/image\/","url":"https:\/\/nederlandsetempeliers.nl\/wp-content\/uploads\/Dutch-order-v2.png","contentUrl":"https:\/\/nederlandsetempeliers.nl\/wp-content\/uploads\/Dutch-order-v2.png","width":687,"height":686,"caption":"Nederlandse Tempeliers"},"image":{"@id":"https:\/\/nederlandsetempeliers.nl\/es\/#\/schema\/logo\/image\/"}}]}},"_links":{"self":[{"href":"https:\/\/nederlandsetempeliers.nl\/es\/wp-json\/wp\/v2\/pages\/12623","targetHints":{"allow":["GET"]}}],"collection":[{"href":"https:\/\/nederlandsetempeliers.nl\/es\/wp-json\/wp\/v2\/pages"}],"about":[{"href":"https:\/\/nederlandsetempeliers.nl\/es\/wp-json\/wp\/v2\/types\/page"}],"author":[{"embeddable":true,"href":"https:\/\/nederlandsetempeliers.nl\/es\/wp-json\/wp\/v2\/users\/4"}],"replies":[{"embeddable":true,"href":"https:\/\/nederlandsetempeliers.nl\/es\/wp-json\/wp\/v2\/comments?post=12623"}],"version-history":[{"count":2,"href":"https:\/\/nederlandsetempeliers.nl\/es\/wp-json\/wp\/v2\/pages\/12623\/revisions"}],"predecessor-version":[{"id":12625,"href":"https:\/\/nederlandsetempeliers.nl\/es\/wp-json\/wp\/v2\/pages\/12623\/revisions\/12625"}],"wp:attachment":[{"href":"https:\/\/nederlandsetempeliers.nl\/es\/wp-json\/wp\/v2\/media?parent=12623"}],"curies":[{"name":"wp","href":"https:\/\/api.w.org\/{rel}","templated":true}]}}