{"id":13008,"date":"2026-07-24T12:55:20","date_gmt":"2026-07-24T10:55:20","guid":{"rendered":"https:\/\/nederlandsetempeliers.nl\/el-organo\/"},"modified":"2026-08-31T15:25:16","modified_gmt":"2026-08-31T13:25:16","slug":"el-organo","status":"publish","type":"page","link":"https:\/\/nederlandsetempeliers.nl\/es\/el-organo\/","title":{"rendered":"el \u00f3rgano"},"content":{"rendered":"\t\t<div data-elementor-type=\"wp-page\" data-elementor-id=\"13008\" class=\"elementor elementor-13008 elementor-11762\" data-elementor-post-type=\"page\">\n\t\t\t\t<div class=\"elementor-element elementor-element-09b8970 e-flex e-con-boxed e-con e-parent\" data-id=\"09b8970\" data-element_type=\"container\" data-e-type=\"container\">\n\t\t\t\t\t<div class=\"e-con-inner\">\n\t\t\t\t<div class=\"elementor-element elementor-element-e40d819 elementor-widget elementor-widget-image\" data-id=\"e40d819\" data-element_type=\"widget\" data-e-type=\"widget\" data-widget_type=\"image.default\">\n\t\t\t\t<div class=\"elementor-widget-container\">\n\t\t\t\t\t\t\t\t\t\t\t\t\t\t\t<img fetchpriority=\"high\" decoding=\"async\" width=\"800\" height=\"450\" src=\"https:\/\/nederlandsetempeliers.nl\/wp-content\/uploads\/Orgel-met-engel-header--1024x576.jpeg\" class=\"attachment-large size-large wp-image-12973\" alt=\"Parte del \u00f3rgano Hillen ricamente decorado de la Notre Dame en Breda, Pa\u00edses Bajos, con ornamentos dorados, tubos de \u00f3rgano de color plateado y una figura de \u00e1ngel dorada delante del alto muro de piedra de la iglesia.\" srcset=\"https:\/\/nederlandsetempeliers.nl\/wp-content\/uploads\/Orgel-met-engel-header--1024x576.jpeg 1024w, https:\/\/nederlandsetempeliers.nl\/wp-content\/uploads\/Orgel-met-engel-header--300x169.jpeg 300w, https:\/\/nederlandsetempeliers.nl\/wp-content\/uploads\/Orgel-met-engel-header--768x432.jpeg 768w, https:\/\/nederlandsetempeliers.nl\/wp-content\/uploads\/Orgel-met-engel-header--1536x864.jpeg 1536w, https:\/\/nederlandsetempeliers.nl\/wp-content\/uploads\/Orgel-met-engel-header-.jpeg 1600w\" sizes=\"(max-width: 800px) 100vw, 800px\" \/>\t\t\t\t\t\t\t\t\t\t\t\t\t\t\t<\/div>\n\t\t\t\t<\/div>\n\t\t\t\t\t<\/div>\n\t\t\t\t<\/div>\n\t\t<div class=\"elementor-element elementor-element-7045134 e-flex e-con-boxed e-con e-parent\" data-id=\"7045134\" data-element_type=\"container\" data-e-type=\"container\">\n\t\t\t\t\t<div class=\"e-con-inner\">\n\t\t\t\t<div class=\"elementor-element elementor-element-c09444b elementor-widget elementor-widget-heading\" data-id=\"c09444b\" data-element_type=\"widget\" data-e-type=\"widget\" data-widget_type=\"heading.default\">\n\t\t\t\t<div class=\"elementor-widget-container\">\n\t\t\t\t\t<h2 class=\"elementor-heading-title elementor-size-default\">el \u00f3rgano<\/h2>\t\t\t\t<\/div>\n\t\t\t\t<\/div>\n\t\t\t\t\t<\/div>\n\t\t\t\t<\/div>\n\t\t<div class=\"elementor-element elementor-element-8546655 e-flex e-con-boxed e-con e-parent\" data-id=\"8546655\" data-element_type=\"container\" data-e-type=\"container\">\n\t\t\t\t\t<div class=\"e-con-inner\">\n\t\t\t\t<div class=\"elementor-element elementor-element-b780965 elementor-widget elementor-widget-text-editor\" data-id=\"b780965\" data-element_type=\"widget\" data-e-type=\"widget\" data-widget_type=\"text-editor.default\">\n\t\t\t\t<div class=\"elementor-widget-container\">\n\t\t\t\t\t\t\t\t\t<p><br \/>El \u00f3rgano tiene un lugar fijo en una iglesia. Casi todas las iglesias tienen uno, o incluso varios \u00f3rganos. \u00bfC\u00f3mo es eso? \u00bfPor qu\u00e9 no tiene cada iglesia otro instrumento est\u00e1ndar? Como una guitarra, un arpa, un piano, una flauta travesera o cualquier otro instrumento.<\/p><p>Esto se debe principalmente al Salmo 150. Aunque all\u00ed tambi\u00e9n se mencionan otros instrumentos, se habla sobre todo del \u00f3rgano. Un \u00f3rgano imita, por as\u00ed decirlo, muchos instrumentos. Incluso una Vox Humana = una voz humana. Desde el viol\u00edn hasta la trompeta, campanas, flauta tapada, flauta, quinta, dulci\u00e1n, flauta de chimenea, oboe, trompeta, gemshorn, tromb\u00f3n, clar\u00edn, campanas, viol\u00edn, piano por supuesto, y muchos m\u00e1s: todo eso se encuentra entre los registros de un \u00f3rgano. Un \u00f3rgano es casi una orquesta sinf\u00f3nica completa en un solo instrumento.<\/p>\t\t\t\t\t\t\t\t<\/div>\n\t\t\t\t<\/div>\n\t\t\t\t\t<\/div>\n\t\t\t\t<\/div>\n\t\t<div class=\"elementor-element elementor-element-681a9b5 e-con-full e-flex e-con e-parent\" data-id=\"681a9b5\" data-element_type=\"container\" data-e-type=\"container\">\n\t\t<div class=\"elementor-element elementor-element-48bb3f1 e-con-full e-flex e-con e-child\" data-id=\"48bb3f1\" data-element_type=\"container\" data-e-type=\"container\">\n\t\t\t\t<div class=\"elementor-element elementor-element-ef7ac2b elementor-widget elementor-widget-image\" data-id=\"ef7ac2b\" data-element_type=\"widget\" data-e-type=\"widget\" data-widget_type=\"image.default\">\n\t\t\t\t<div class=\"elementor-widget-container\">\n\t\t\t\t\t\t\t\t\t\t\t\t\t\t\t<img decoding=\"async\" width=\"768\" height=\"1024\" src=\"https:\/\/nederlandsetempeliers.nl\/wp-content\/uploads\/Registers-links-768x1024.jpg\" class=\"attachment-large size-large wp-image-12974\" alt=\"Panel izquierdo de registros de la consola del \u00f3rgano Hillen, con varias filas de tiradores redondos negros y nombres escritos a mano de diferentes registros y timbres del \u00f3rgano.\" srcset=\"https:\/\/nederlandsetempeliers.nl\/wp-content\/uploads\/Registers-links-768x1024.jpg 768w, https:\/\/nederlandsetempeliers.nl\/wp-content\/uploads\/Registers-links-225x300.jpg 225w, https:\/\/nederlandsetempeliers.nl\/wp-content\/uploads\/Registers-links-1152x1536.jpg 1152w, https:\/\/nederlandsetempeliers.nl\/wp-content\/uploads\/Registers-links.jpg 1200w\" sizes=\"(max-width: 768px) 100vw, 768px\" \/>\t\t\t\t\t\t\t\t\t\t\t\t\t\t\t<\/div>\n\t\t\t\t<\/div>\n\t\t\t\t<\/div>\n\t\t<div class=\"elementor-element elementor-element-1bef745 e-con-full e-flex e-con e-child\" data-id=\"1bef745\" data-element_type=\"container\" data-e-type=\"container\">\n\t\t\t\t<div class=\"elementor-element elementor-element-cad2e45 elementor-widget elementor-widget-text-editor\" data-id=\"cad2e45\" data-element_type=\"widget\" data-e-type=\"widget\" data-widget_type=\"text-editor.default\">\n\t\t\t\t<div class=\"elementor-widget-container\">\n\t\t\t\t\t\t\t\t\t<p> <\/p><p>\ud83d\udc48\ud83c\udffb registros de la izquierda del \u00f3rgano Hillen de la La catedral de Notre Dame de Breda en los Pa\u00edses BajosRegistros de la derecha \ud83d\udc49\ud83c\udffb<br \/>como por ejemplo: Trompeta, Flauta tapada, Campanas, Oboe, Viola y m\u00e1s.<\/p> <p><\/p> <p><\/p><p><\/p>\t\t\t\t\t\t\t\t<\/div>\n\t\t\t\t<\/div>\n\t\t\t\t<\/div>\n\t\t<div class=\"elementor-element elementor-element-3bbc858 e-con-full e-flex e-con e-child\" data-id=\"3bbc858\" data-element_type=\"container\" data-e-type=\"container\">\n\t\t\t\t<div class=\"elementor-element elementor-element-2eb2b01 elementor-widget elementor-widget-image\" data-id=\"2eb2b01\" data-element_type=\"widget\" data-e-type=\"widget\" data-widget_type=\"image.default\">\n\t\t\t\t<div class=\"elementor-widget-container\">\n\t\t\t\t\t\t\t\t\t\t\t\t\t\t\t<img decoding=\"async\" width=\"768\" height=\"1024\" src=\"https:\/\/nederlandsetempeliers.nl\/wp-content\/uploads\/Registers-rechts-768x1024.jpg\" class=\"attachment-large size-large wp-image-12975\" alt=\"Panel derecho de registros de la consola del \u00f3rgano Hillen, con filas de tiradores negros correspondientes, entre otros, a trompeta, oboe, corneta, viola, tromb\u00f3n y otros timbres.\" srcset=\"https:\/\/nederlandsetempeliers.nl\/wp-content\/uploads\/Registers-rechts-768x1024.jpg 768w, https:\/\/nederlandsetempeliers.nl\/wp-content\/uploads\/Registers-rechts-225x300.jpg 225w, https:\/\/nederlandsetempeliers.nl\/wp-content\/uploads\/Registers-rechts-1152x1536.jpg 1152w, https:\/\/nederlandsetempeliers.nl\/wp-content\/uploads\/Registers-rechts.jpg 1200w\" sizes=\"(max-width: 768px) 100vw, 768px\" \/>\t\t\t\t\t\t\t\t\t\t\t\t\t\t\t<\/div>\n\t\t\t\t<\/div>\n\t\t\t\t<\/div>\n\t\t\t\t<\/div>\n\t\t<div class=\"elementor-element elementor-element-96dbc17 e-flex e-con-boxed e-con e-parent\" data-id=\"96dbc17\" data-element_type=\"container\" data-e-type=\"container\">\n\t\t\t\t\t<div class=\"e-con-inner\">\n\t\t\t\t\t<\/div>\n\t\t\t\t<\/div>\n\t\t<div class=\"elementor-element elementor-element-a401c91 e-flex e-con-boxed e-con e-parent\" data-id=\"a401c91\" data-element_type=\"container\" data-e-type=\"container\">\n\t\t\t\t\t<div class=\"e-con-inner\">\n\t\t<div class=\"elementor-element elementor-element-04db768 e-con-full e-flex e-con e-child\" data-id=\"04db768\" data-element_type=\"container\" data-e-type=\"container\">\n\t\t\t\t<div class=\"elementor-element elementor-element-9fec779 elementor-widget__width-initial elementor-widget elementor-widget-text-editor\" data-id=\"9fec779\" data-element_type=\"widget\" data-e-type=\"widget\" data-widget_type=\"text-editor.default\">\n\t\t\t\t<div class=\"elementor-widget-container\">\n\t\t\t\t\t\t\t\t\t<p> <\/p><p>En el Salmo 150:4 est\u00e1 escrito:<br \/>4 \u00a1Alabadle con tambor y flauta; alabadle con instrumentos de cuerda y \u00f3rgano!<\/p><p>Tambi\u00e9n se mencionan otros instrumentos. Estos pueden llevarse pr\u00e1cticamente todos con la mano. Un \u00f3rgano no. Esa es una de las razones por las que un \u00f3rgano est\u00e1 instalado de forma \u00abfija\u00bb en una iglesia.<\/p><p>O, dicho de otro modo \u2014 raz\u00f3n 2 \u2014, de esta manera el \u00f3rgano puede representar los muchos instrumentos musicales que aparecen en el Salmo 150.<br \/>Los \u00f3rganos son las joyas de la corona de una iglesia. Especialmente en la \u00e9poca g\u00f3tica, sol\u00edan estar magn\u00edficamente decorados y cuanto m\u00e1s hermosos eran, m\u00e1s se honraba a Dios.<br \/>Disfr\u00fatalos y recuerda que est\u00e1n all\u00ed para honrar a Dios. Alabadle con la m\u00fasica m\u00e1s hermosa.<\/p><p> <\/p>\t\t\t\t\t\t\t\t<\/div>\n\t\t\t\t<\/div>\n\t\t\t\t<\/div>\n\t\t<div class=\"elementor-element elementor-element-db15718 e-con-full e-flex e-con e-child\" data-id=\"db15718\" data-element_type=\"container\" data-e-type=\"container\">\n\t\t\t\t<div class=\"elementor-element elementor-element-aff72e8 elementor-widget__width-initial elementor-widget elementor-widget-image\" data-id=\"aff72e8\" data-element_type=\"widget\" data-e-type=\"widget\" data-widget_type=\"image.default\">\n\t\t\t\t<div class=\"elementor-widget-container\">\n\t\t\t\t\t\t\t\t\t\t\t\t\t\t\t<img loading=\"lazy\" decoding=\"async\" width=\"682\" height=\"1024\" src=\"https:\/\/nederlandsetempeliers.nl\/wp-content\/uploads\/Psalm-150-682x1024.jpeg\" class=\"attachment-large size-large wp-image-12976\" alt=\"Biblia abierta por el Salmo 150, en el que se exhorta a alabar a Dios con distintos instrumentos musicales, entre los cuales aparece tambi\u00e9n, en esta antigua traducci\u00f3n, la palabra \u00f3rgano.\" srcset=\"https:\/\/nederlandsetempeliers.nl\/wp-content\/uploads\/Psalm-150-682x1024.jpeg 682w, https:\/\/nederlandsetempeliers.nl\/wp-content\/uploads\/Psalm-150-200x300.jpeg 200w, https:\/\/nederlandsetempeliers.nl\/wp-content\/uploads\/Psalm-150-768x1154.jpeg 768w, https:\/\/nederlandsetempeliers.nl\/wp-content\/uploads\/Psalm-150.jpeg 1023w\" sizes=\"(max-width: 682px) 100vw, 682px\" \/>\t\t\t\t\t\t\t\t\t\t\t\t\t\t\t<\/div>\n\t\t\t\t<\/div>\n\t\t\t\t<\/div>\n\t\t\t\t\t<\/div>\n\t\t\t\t<\/div>\n\t\t<div class=\"elementor-element elementor-element-83593ca e-flex e-con-boxed e-con e-parent\" data-id=\"83593ca\" data-element_type=\"container\" data-e-type=\"container\">\n\t\t\t\t\t<div class=\"e-con-inner\">\n\t\t\t\t<div class=\"elementor-element elementor-element-e4fa091 elementor-widget elementor-widget-text-editor\" data-id=\"e4fa091\" data-element_type=\"widget\" data-e-type=\"widget\" data-widget_type=\"text-editor.default\">\n\t\t\t\t<div class=\"elementor-widget-container\">\n\t\t\t\t\t\t\t\t\t<p>Al igual que una iglesia \u00abcrece\u00bb a lo largo de los siglos, tambi\u00e9n el \u00f3rgano crece con ella a trav\u00e9s del tiempo. Un \u00f3rgano necesita mucho mantenimiento y casi cada siglo es necesaria una restauraci\u00f3n profunda si se quiere mantenerlo en condiciones de ser tocado. En cada restauraci\u00f3n se adapta, siempre que sea posible, a los deseos de esa \u00e9poca. Esto suele significar que el \u00f3rgano sigue \u00abcreciendo\u00bb: m\u00e1s opciones, m\u00e1s posibilidades. Por eso a veces se compara el \u00f3rgano con un diamante que sigue creciendo: cada vez m\u00e1s hermoso, cada vez m\u00e1s rico.<\/p><p>HISTORIA<br \/>Quien piense que el \u00f3rgano surgi\u00f3 en alg\u00fan momento de la Edad Media debe saber que sus primeros or\u00edgenes se remontan ya a los antiguos griegos.<br \/>Entonces, \u00bfexist\u00eda ya un \u00f3rgano en la \u00e9poca en que vivi\u00f3 Jes\u00fas? S\u00ed, de cierta forma. Pero no como el \u00f3rgano que conocemos hoy; a lo largo de los siglos, el instrumento cambi\u00f3 enormemente de forma.<br \/>Para conocer su origen debemos remontarnos al a\u00f1o 246 a. C. Ct\u00e9sibios, cient\u00edfico e inventor de Egipto, invent\u00f3 entonces el \u00f3rgano.<\/p><p>Se inspir\u00f3 en los pastores a los que ve\u00eda tocar la flauta de Pan: una fila de peque\u00f1os tubos unidos unos a otros.<br \/>La flauta de Pan recibe su nombre del dios griego Pan. Era un fauno: Pan ten\u00eda la parte inferior del cuerpo y los cuernos de una cabra, pero el torso de un ser humano. Adem\u00e1s ten\u00eda un rostro largo y estrecho, una nariz grande y peque\u00f1os ojos amarillos.<br \/>El eternamente lujurioso dios de los bosques Pan puso sus ojos en la casta ninfa Syrinx, seguidora de la diosa Diana. Ella no quer\u00eda saber absolutamente nada de \u00e9l, pero Pan no la escuch\u00f3 y comenz\u00f3 a perseguirla.<br \/>Hasta que lleg\u00f3 al r\u00edo Lad\u00f3n, en Grecia, y ya no pudo seguir avanzando. Pan crey\u00f3 que por fin podr\u00eda dominarla.<br \/>Desesperada, ella se arrodill\u00f3 y rez\u00f3 a los dioses para poder permanecer virgen. Su oraci\u00f3n fue escuchada y justo a tiempo se transform\u00f3 en una ca\u00f1a.<\/p>\t\t\t\t\t\t\t\t<\/div>\n\t\t\t\t<\/div>\n\t\t\t\t\t<\/div>\n\t\t\t\t<\/div>\n\t\t<div class=\"elementor-element elementor-element-9c7c476 e-flex e-con-boxed e-con e-parent\" data-id=\"9c7c476\" data-element_type=\"container\" data-e-type=\"container\">\n\t\t\t\t\t<div class=\"e-con-inner\">\n\t\t\t\t<div class=\"elementor-element elementor-element-4f39646 elementor-widget elementor-widget-image\" data-id=\"4f39646\" data-element_type=\"widget\" data-e-type=\"widget\" data-widget_type=\"image.default\">\n\t\t\t\t<div class=\"elementor-widget-container\">\n\t\t\t\t\t\t\t\t\t\t\t\t\t\t\t<img loading=\"lazy\" decoding=\"async\" width=\"800\" height=\"600\" src=\"https:\/\/nederlandsetempeliers.nl\/wp-content\/uploads\/Pan-en-nimpf-Sirinx-1024x768.jpeg\" class=\"attachment-large size-large wp-image-12977\" alt=\"Escena en tonos azulados de la mitolog\u00eda griega, en la que el dios de los bosques Pan, con patas de cabra y una flauta de Pan, persigue a la ninfa Syrinx; junto al r\u00edo, ella se transforma en ca\u00f1as mientras alza los brazos hacia los dioses.\" srcset=\"https:\/\/nederlandsetempeliers.nl\/wp-content\/uploads\/Pan-en-nimpf-Sirinx-1024x768.jpeg 1024w, https:\/\/nederlandsetempeliers.nl\/wp-content\/uploads\/Pan-en-nimpf-Sirinx-300x225.jpeg 300w, https:\/\/nederlandsetempeliers.nl\/wp-content\/uploads\/Pan-en-nimpf-Sirinx-768x576.jpeg 768w, https:\/\/nederlandsetempeliers.nl\/wp-content\/uploads\/Pan-en-nimpf-Sirinx.jpeg 1448w\" sizes=\"(max-width: 800px) 100vw, 800px\" \/>\t\t\t\t\t\t\t\t\t\t\t\t\t\t\t<\/div>\n\t\t\t\t<\/div>\n\t\t\t\t\t<\/div>\n\t\t\t\t<\/div>\n\t\t<div class=\"elementor-element elementor-element-f53f7a6 e-flex e-con-boxed e-con e-parent\" data-id=\"f53f7a6\" data-element_type=\"container\" data-e-type=\"container\">\n\t\t\t\t\t<div class=\"e-con-inner\">\n\t\t\t\t<div class=\"elementor-element elementor-element-f700b88 elementor-widget elementor-widget-text-editor\" data-id=\"f700b88\" data-element_type=\"widget\" data-e-type=\"widget\" data-widget_type=\"text-editor.default\">\n\t\t\t\t<div class=\"elementor-widget-container\">\n\t\t\t\t\t\t\t\t\t<p>Pan perdi\u00f3 la esperanza y, frustrado, sopl\u00f3 a lo largo de las ca\u00f1as, que entonces produjeron un sonido.<\/p><p>Cort\u00f3 las ca\u00f1as para fabricar con ellas una flauta de Pan.<br \/>Los antiguos griegos llamaban a esta flauta Syrinx.<br \/>Pan provocaba en los bosques muchos sonidos misteriosos que asustaban a los pastores y a sus reba\u00f1os, y tambi\u00e9n a las personas que se encontraban en lugares apartados.<br \/>Esta es la explicaci\u00f3n del origen de la palabra p\u00e1nico. Un miedo p\u00e1nico es un miedo repentino, general, pero infundado.<br \/>Por esa raz\u00f3n, era mejor mantenerse en buenos t\u00e9rminos con \u00e9l.<br \/>A partir de la Edad Media, algunos rasgos f\u00edsicos de Pan \u2014 patas de cabra, cuernos y caracter\u00edsticas animales \u2014 tambi\u00e9n se utilizaron en representaciones de demonios y del diablo.<br \/>Mucho m\u00e1s tarde, el personaje literario Peter Pan tambi\u00e9n recibi\u00f3 rasgos que recuerdan al Pan de la Antig\u00fcedad.<\/p>\t\t\t\t\t\t\t\t<\/div>\n\t\t\t\t<\/div>\n\t\t\t\t\t<\/div>\n\t\t\t\t<\/div>\n\t\t<div class=\"elementor-element elementor-element-00f657d e-flex e-con-boxed e-con e-parent\" data-id=\"00f657d\" data-element_type=\"container\" data-e-type=\"container\">\n\t\t\t\t\t<div class=\"e-con-inner\">\n\t\t<div class=\"elementor-element elementor-element-1c1b338 e-con-full e-flex e-con e-child\" data-id=\"1c1b338\" data-element_type=\"container\" data-e-type=\"container\">\n\t\t\t\t<div class=\"elementor-element elementor-element-4e338d7 elementor-widget__width-initial elementor-widget elementor-widget-image\" data-id=\"4e338d7\" data-element_type=\"widget\" data-e-type=\"widget\" data-widget_type=\"image.default\">\n\t\t\t\t<div class=\"elementor-widget-container\">\n\t\t\t\t\t\t\t\t\t\t\t\t\t\t\t<img loading=\"lazy\" decoding=\"async\" width=\"215\" height=\"339\" src=\"https:\/\/nederlandsetempeliers.nl\/wp-content\/uploads\/Peter-Pan-Spaans.jpeg\" class=\"attachment-large size-large wp-image-13015\" alt=\"Espa\u00f1ol: Figura dibujada de Peter Pan con traje verde y gorro rojo, arrodillado sobre una rodilla mientras toca una flauta de Pan de madera.\" srcset=\"https:\/\/nederlandsetempeliers.nl\/wp-content\/uploads\/Peter-Pan-Spaans.jpeg 215w, https:\/\/nederlandsetempeliers.nl\/wp-content\/uploads\/Peter-Pan-Spaans-190x300.jpeg 190w\" sizes=\"(max-width: 215px) 100vw, 215px\" \/>\t\t\t\t\t\t\t\t\t\t\t\t\t\t\t<\/div>\n\t\t\t\t<\/div>\n\t\t\t\t<\/div>\n\t\t<div class=\"elementor-element elementor-element-ee236a3 e-con-full e-flex e-con e-child\" data-id=\"ee236a3\" data-element_type=\"container\" data-e-type=\"container\">\n\t\t\t\t<div class=\"elementor-element elementor-element-1d0c50e elementor-widget elementor-widget-text-editor\" data-id=\"1d0c50e\" data-element_type=\"widget\" data-e-type=\"widget\" data-widget_type=\"text-editor.default\">\n\t\t\t\t<div class=\"elementor-widget-container\">\n\t\t\t\t\t\t\t\t\t<p>En la hydraulis, el aire hac\u00eda sonar los tubos, mientras que el agua ayudaba a regular la presi\u00f3n del aire. De ah\u00ed el nombre de \u00f3rgano hidr\u00e1ulico.<\/p><p>Por eso se llam\u00f3 hydraulis \u2014 tambi\u00e9n hydraulos, hydraulikon, organon o hydraulus \u2014 t\u00e9rminos que significan aproximadamente \u00abtubo de agua\u00bb o \u00abflauta de agua\u00bb. \ud83d\udc49\ud83c\udffb<br \/>El cient\u00edfico griego Ct\u00e9sibios fue tambi\u00e9n el inventor del reloj de agua.<br \/>En aquella \u00e9poca pr\u00e1cticamente solo se utilizaba el reloj de sol para medir el tiempo. Algo bastante poco pr\u00e1ctico durante la noche o cuando estaba nublado.<\/p>\t\t\t\t\t\t\t\t<\/div>\n\t\t\t\t<\/div>\n\t\t\t\t<\/div>\n\t\t<div class=\"elementor-element elementor-element-11ef88d e-con-full e-flex e-con e-child\" data-id=\"11ef88d\" data-element_type=\"container\" data-e-type=\"container\">\n\t\t\t\t<div class=\"elementor-element elementor-element-3632348 elementor-widget elementor-widget-image\" data-id=\"3632348\" data-element_type=\"widget\" data-e-type=\"widget\" data-widget_type=\"image.default\">\n\t\t\t\t<div class=\"elementor-widget-container\">\n\t\t\t\t\t\t\t\t\t\t\t\t\t\t\t<img loading=\"lazy\" decoding=\"async\" width=\"214\" height=\"236\" src=\"https:\/\/nederlandsetempeliers.nl\/wp-content\/uploads\/Hydraulis-van-Ktesibios.jpeg\" class=\"attachment-large size-large wp-image-12979\" alt=\"Dibujo t\u00e9cnico de reconstrucci\u00f3n en blanco y negro de una antigua hydraulis, el \u00f3rgano hidr\u00e1ulico de Ktesibios, con una hilera de tubos verticales y el mecanismo en el que el agua ayuda a regular la presi\u00f3n del aire.\" \/>\t\t\t\t\t\t\t\t\t\t\t\t\t\t\t<\/div>\n\t\t\t\t<\/div>\n\t\t\t\t<\/div>\n\t\t\t\t\t<\/div>\n\t\t\t\t<\/div>\n\t\t<div class=\"elementor-element elementor-element-3713b9b e-flex e-con-boxed e-con e-parent\" data-id=\"3713b9b\" data-element_type=\"container\" data-e-type=\"container\">\n\t\t\t\t\t<div class=\"e-con-inner\">\n\t\t\t\t<div class=\"elementor-element elementor-element-b7f657d elementor-widget elementor-widget-text-editor\" data-id=\"b7f657d\" data-element_type=\"widget\" data-e-type=\"widget\" data-widget_type=\"text-editor.default\">\n\t\t\t\t<div class=\"elementor-widget-container\">\n\t\t\t\t\t\t\t\t\t<p>El t\u00e9rmino \u00f3rgano hidr\u00e1ulico tambi\u00e9n se utiliza hoy para algo completamente distinto: una instalaci\u00f3n en la que suena m\u00fasica de \u00f3rgano mientras varias fuentes se mueven al ritmo de la m\u00fasica.<\/p><p>Un ejemplo conocido se encuentra en el parque Efteling, en los Pa\u00edses Bajos.<br \/>Por tanto, su funcionamiento es totalmente diferente al del \u00f3rgano de Ct\u00e9sibios.<br \/>Volvamos a los comienzos del \u00f3rgano.<br \/>Aquellos instrumentos todav\u00eda no se parec\u00edan ni remotamente a los \u00f3rganos que conocemos hoy. Eran peque\u00f1os, transportables, y a veces incluso se colocaban sobre un carro para poder participar en desfiles o procesiones religiosas.<br \/>Pero ya funcionaban con aire.<\/p><p>De menor a mayor, estos \u00f3rganos se denominan: \u00f3rgano portativo, \u00f3rgano positivo y \u00f3rgano de iglesia.<br \/>Un \u00f3rgano portativo pod\u00eda llevarse consigo.<br \/>Los algo m\u00e1s grandes ten\u00edan una pata de apoyo. De ese modo, el peso era menos dif\u00edcil de soportar y se ten\u00edan las manos m\u00e1s libres.<br \/>Una mano serv\u00eda para tocar y la otra para accionar el fuelle.<br>Un \u00f3rgano positivo es un peque\u00f1o \u00f3rgano de tubos que no se lleva mientras se toca, sino que se coloca en alg\u00fan lugar: sobre una mesa, un soporte o directamente en el suelo.<br \/>Suele tener un teclado y varias filas de tubos.<br \/>La palabra positivo procede del lat\u00edn ponere \u2014 \u00abcolocar\u00bb.<br \/>Es decir, literalmente: un \u00f3rgano que se coloca, frente a un portativo que se transporta.<br>M\u00e1s tarde, los instrumentos se hicieron cada vez m\u00e1s grandes y se decoraron cada vez con mayor riqueza.<br \/>Tan grandes que ya no pod\u00edan transportarse ni colocarse sobre un carro. <br>Entonces recibieron un lugar fijo en la iglesia.<br \/>La m\u00fasica era hermosa y se pod\u00edan cantar Salmos acompa\u00f1ados por el \u00f3rgano.<br \/>Tambi\u00e9n se pod\u00eda mostrar lo rico que uno era, pero a\u00fan m\u00e1s importante: mostrar c\u00f3mo se honraba a Dios.<\/p><p>Es decir, pasamos de:\u00abLlevo mi \u00f3rgano conmigo.\u00bb \ud83d\ude04<br data-start=\"691\" data-end=\"694\" \/>a: \u00abPonlo all\u00ed.\u00bb<br data-start=\"726\" data-end=\"729\" \/>y finalmente: \u00abBueno\u2026 este ya no pasa ni por la puerta de la iglesia.\u00bb<\/p>\t\t\t\t\t\t\t\t<\/div>\n\t\t\t\t<\/div>\n\t\t\t\t\t<\/div>\n\t\t\t\t<\/div>\n\t\t<div class=\"elementor-element elementor-element-80f2724 e-flex e-con-boxed e-con e-parent\" data-id=\"80f2724\" data-element_type=\"container\" data-e-type=\"container\">\n\t\t\t\t\t<div class=\"e-con-inner\">\n\t\t<div class=\"elementor-element elementor-element-a7f9467 e-con-full e-flex e-con e-child\" data-id=\"a7f9467\" data-element_type=\"container\" data-e-type=\"container\">\n\t\t\t\t<\/div>\n\t\t<div class=\"elementor-element elementor-element-1314289 e-con-full e-flex e-con e-child\" data-id=\"1314289\" data-element_type=\"container\" data-e-type=\"container\">\n\t\t\t\t<div class=\"elementor-element elementor-element-32cd798 elementor-widget elementor-widget-image\" data-id=\"32cd798\" data-element_type=\"widget\" data-e-type=\"widget\" data-widget_type=\"image.default\">\n\t\t\t\t<div class=\"elementor-widget-container\">\n\t\t\t\t\t\t\t\t\t\t\t\t\t\t\t<img loading=\"lazy\" decoding=\"async\" width=\"285\" height=\"415\" src=\"https:\/\/nederlandsetempeliers.nl\/wp-content\/uploads\/Aarietta-met-portatief-orgel.jpeg\" class=\"attachment-large size-large wp-image-12980\" alt=\"Peque\u00f1a figura dorada del \u00e1ngel Ari\u00ebtta, de pie ante un peque\u00f1o \u00f3rgano portativo, como representaci\u00f3n de la m\u00fasica y del canto de los \u00e1ngeles.\" srcset=\"https:\/\/nederlandsetempeliers.nl\/wp-content\/uploads\/Aarietta-met-portatief-orgel.jpeg 285w, https:\/\/nederlandsetempeliers.nl\/wp-content\/uploads\/Aarietta-met-portatief-orgel-206x300.jpeg 206w\" sizes=\"(max-width: 285px) 100vw, 285px\" \/>\t\t\t\t\t\t\t\t\t\t\t\t\t\t\t<\/div>\n\t\t\t\t<\/div>\n\t\t\t\t<\/div>\n\t\t<div class=\"elementor-element elementor-element-aa3474c e-con-full e-flex e-con e-child\" data-id=\"aa3474c\" data-element_type=\"container\" data-e-type=\"container\">\n\t\t\t\t<div class=\"elementor-element elementor-element-022beff elementor-widget__width-initial elementor-widget elementor-widget-image\" data-id=\"022beff\" data-element_type=\"widget\" data-e-type=\"widget\" data-widget_type=\"image.default\">\n\t\t\t\t<div class=\"elementor-widget-container\">\n\t\t\t\t\t\t\t\t\t\t\t\t\t\t\t<img loading=\"lazy\" decoding=\"async\" width=\"472\" height=\"434\" src=\"https:\/\/nederlandsetempeliers.nl\/wp-content\/uploads\/Monniken-bespelen-een-positief-orgel.jpeg\" class=\"attachment-large size-large wp-image-12981\" alt=\"Imagen medieval de dos monjes junto a un peque\u00f1o \u00f3rgano de tubos: uno toca el teclado mientras el otro acciona los grandes fuelles detr\u00e1s del instrumento.\" srcset=\"https:\/\/nederlandsetempeliers.nl\/wp-content\/uploads\/Monniken-bespelen-een-positief-orgel.jpeg 472w, https:\/\/nederlandsetempeliers.nl\/wp-content\/uploads\/Monniken-bespelen-een-positief-orgel-300x276.jpeg 300w\" sizes=\"(max-width: 472px) 100vw, 472px\" \/>\t\t\t\t\t\t\t\t\t\t\t\t\t\t\t<\/div>\n\t\t\t\t<\/div>\n\t\t\t\t<\/div>\n\t\t<div class=\"elementor-element elementor-element-bc51817 e-con-full e-flex e-con e-child\" data-id=\"bc51817\" data-element_type=\"container\" data-e-type=\"container\">\n\t\t\t\t<div class=\"elementor-element elementor-element-16031cb elementor-widget elementor-widget-text-editor\" data-id=\"16031cb\" data-element_type=\"widget\" data-e-type=\"widget\" data-widget_type=\"text-editor.default\">\n\t\t\t\t<div class=\"elementor-widget-container\">\n\t\t\t\t\t\t\t\t\t<p><br \/>\ud83d\udc48\ud83c\udffb \ud83d\udc48\ud83c\udffb \u00c1ngel Ari\u00ebtta con un \u00f3rgano portativo provisto de una pata de apoyo.<br \/>Para nuestra Joven Orden: \u00bfquieres colorearla t\u00fa mismo? En \u00abJoven Orden\u00bb encontrar\u00e1s una l\u00e1mina para colorear.<br \/>\ud83d\udc48\ud83c\udffb Monjes de la Edad Media con un \u00f3rgano positivo.<\/p><p><\/p>\t\t\t\t\t\t\t\t<\/div>\n\t\t\t\t<\/div>\n\t\t\t\t<\/div>\n\t\t\t\t\t<\/div>\n\t\t\t\t<\/div>\n\t\t<div class=\"elementor-element elementor-element-7dc2216 e-flex e-con-boxed e-con e-parent\" data-id=\"7dc2216\" data-element_type=\"container\" data-e-type=\"container\">\n\t\t\t\t\t<div class=\"e-con-inner\">\n\t\t\t\t<div class=\"elementor-element elementor-element-306d153 elementor-widget elementor-widget-text-editor\" data-id=\"306d153\" data-element_type=\"widget\" data-e-type=\"widget\" data-widget_type=\"text-editor.default\">\n\t\t\t\t<div class=\"elementor-widget-container\">\n\t\t\t\t\t\t\t\t\t<p>Los primeros \u00f3rganos no ten\u00edan registros que permitieran activar o desactivar filas de tubos.<\/p><p>Por tanto, no era posible variar el timbre ni la intensidad del sonido.<br \/>Para conseguir cierta variedad, se construy\u00f3 detr\u00e1s del organista un segundo \u00f3rgano, llamado positivo de espalda.<br \/>Tambi\u00e9n pod\u00eda colocarse una segunda secci\u00f3n encima de la primera: el cuerpo superior.<br \/>Para dejar a las manos m\u00e1s posibilidades de tocar, los tubos graves comenzaron a tocarse con los pies: el pedal, inventado hacia 1470.<br \/>Hacia el a\u00f1o 1500 fue posible activar y desactivar filas de tubos gracias a la invenci\u00f3n de un mecanismo que permiti\u00f3 hacer sonar muchos m\u00e1s timbres diferentes: los registros.<br \/>El organista acciona este mecanismo tirando o empujando los tiradores de registro situados junto a la consola o por encima del teclado.<br \/>V\u00e9anse las dos fotograf\u00edas superiores.<\/p><p>A mediados del siglo XVIII, el \u00f3rgano alcanz\u00f3 un punto culminante en su desarrollo.<br \/>Despu\u00e9s se intent\u00f3 continuamente mejorarlo y adaptarlo a las exigencias y a los gustos cambiantes de cada \u00e9poca.<br \/>La llegada de la era industrial tuvo una influencia especialmente importante.<br \/>En nuestra \u00e9poca hemos vuelto en gran medida a los m\u00e9todos de construcci\u00f3n de aquel periodo de esplendor del \u00f3rgano mec\u00e1nico.<br \/>La principal aportaci\u00f3n de nuestra \u00e9poca es la m\u00e1quina el\u00e9ctrica de viento.<br \/>Esta mantiene los fuelles llenos de aire, lo que permiti\u00f3 despedirse de los sopladores de \u00f3rgano o calcantes.<\/p><p>Las partes necesarias para que funcione un \u00f3rgano normal son:<\/p><p>\u2022 Los tubos.<br \/>\u2022 La caja sobre la que se encuentran colocados los tubos: el secreto o caja de viento.<br \/>\u2022 Los conductos por los que el aire llega a los tubos.<br \/>\u2022 El fuelle, que proporciona una reserva de aire y la presi\u00f3n correcta del viento del \u00f3rgano.<br \/>\u2022 Las v\u00e1lvulas que cierran el suministro de aire hacia los tubos.<br \/>\u2022 Las teclas que permiten abrir y cerrar esas v\u00e1lvulas.<br \/>\u2022 La conexi\u00f3n entre tecla y v\u00e1lvula: la transmisi\u00f3n mec\u00e1nica.<br \/>\u2022 La consola o conjunto de teclados.<br \/>Cuanto m\u00e1s grande es el \u00f3rgano, m\u00e1s aire necesita.<br \/>En aquella \u00e9poca, cuando todav\u00eda no exist\u00eda la electricidad, se utilizaban para ello sopladores de \u00f3rgano, tambi\u00e9n llamados calcantes o \u00abbombeadores\u00bb.<br \/>Y en un \u00f3rgano de iglesia considerable, \u00a1realmente ten\u00edan que trabajar!<\/p>\t\t\t\t\t\t\t\t<\/div>\n\t\t\t\t<\/div>\n\t\t\t\t\t<\/div>\n\t\t\t\t<\/div>\n\t\t<div class=\"elementor-element elementor-element-618d868 e-flex e-con-boxed e-con e-parent\" data-id=\"618d868\" data-element_type=\"container\" data-e-type=\"container\">\n\t\t\t\t\t<div class=\"e-con-inner\">\n\t\t<div class=\"elementor-element elementor-element-1f48b10 e-con-full e-flex e-con e-child\" data-id=\"1f48b10\" data-element_type=\"container\" data-e-type=\"container\">\n\t\t\t\t<div class=\"elementor-element elementor-element-e5c1905 elementor-widget elementor-widget-image\" data-id=\"e5c1905\" data-element_type=\"widget\" data-e-type=\"widget\" data-widget_type=\"image.default\">\n\t\t\t\t<div class=\"elementor-widget-container\">\n\t\t\t\t\t\t\t\t\t\t\t\t\t\t\t<img loading=\"lazy\" decoding=\"async\" width=\"490\" height=\"1024\" src=\"https:\/\/nederlandsetempeliers.nl\/wp-content\/uploads\/Hillen-orgel-Grote-Kerk-Breda-490x1024.jpeg\" class=\"attachment-large size-large wp-image-12982\" alt=\"Vista completa de la fachada monumental del \u00f3rgano Hillen de la Notre Dame en Breda, Pa\u00edses Bajos, con altos tubos de color plateado, ornamentos verde azulado y dorados, dos grandes torres de pedal y, en la parte inferior, el positivo de espalda ricamente pintado con sus puertas abiertas.\" srcset=\"https:\/\/nederlandsetempeliers.nl\/wp-content\/uploads\/Hillen-orgel-Grote-Kerk-Breda-490x1024.jpeg 490w, https:\/\/nederlandsetempeliers.nl\/wp-content\/uploads\/Hillen-orgel-Grote-Kerk-Breda-144x300.jpeg 144w, https:\/\/nederlandsetempeliers.nl\/wp-content\/uploads\/Hillen-orgel-Grote-Kerk-Breda-735x1536.jpeg 735w, https:\/\/nederlandsetempeliers.nl\/wp-content\/uploads\/Hillen-orgel-Grote-Kerk-Breda.jpeg 739w\" sizes=\"(max-width: 490px) 100vw, 490px\" \/>\t\t\t\t\t\t\t\t\t\t\t\t\t\t\t<\/div>\n\t\t\t\t<\/div>\n\t\t\t\t<\/div>\n\t\t<div class=\"elementor-element elementor-element-7c5ed99 e-con-full e-flex e-con e-child\" data-id=\"7c5ed99\" data-element_type=\"container\" data-e-type=\"container\">\n\t\t\t\t<div class=\"elementor-element elementor-element-b363b55 elementor-widget elementor-widget-text-editor\" data-id=\"b363b55\" data-element_type=\"widget\" data-e-type=\"widget\" data-widget_type=\"text-editor.default\">\n\t\t\t\t<div class=\"elementor-widget-container\">\n\t\t\t\t\t\t\t\t\t <img loading=\"lazy\" decoding=\"async\" class=\"size-medium wp-image-12667\" src=\"https:\/\/nederlandsetempeliers.nl\/wp-content\/uploads\/Hoogte-van-orgelpijpen-211x300.jpeg\" alt=\"Altura de los tubos del \u00f3rgano\" width=\"211\" height=\"300\" srcset=\"https:\/\/nederlandsetempeliers.nl\/wp-content\/uploads\/Hoogte-van-orgelpijpen-211x300.jpeg 211w, https:\/\/nederlandsetempeliers.nl\/wp-content\/uploads\/Hoogte-van-orgelpijpen.jpeg 402w\" sizes=\"(max-width: 211px) 100vw, 211px\" \/> Altura de los tubos del \u00f3rgano.<p><br \/>Tomemos por ejemplo este majestuoso \u00f3rgano Hillen de la catedral de Notre Dame de Breda en los Pa\u00edses Bajos, que ya antes de la mecanizaci\u00f3n ten\u00eda unas dimensiones comparables.<br \/>Se pueden ver las dos columnas exteriores de grandes tubos: son tubos de pedal, que se tocan con los pedales y con los pies.<br \/>Son tubos de 16 pies, es decir, de unos 5 metros de altura cada uno y unos 10 cm de di\u00e1metro.<br \/>\u00a1El propio \u00f3rgano mide 23 metros de altura!<br \/>Se trata de tubos que, para producir las notas graves, necesitan enormes cantidades de aire.<br \/>No solo porque son largos, sino sobre todo porque unos tubos tan grandes necesitan mantener una importante columna de aire.<br \/>Y, por supuesto, no hay solamente esos doce grandes tubos: adem\u00e1s est\u00e1 todo el resto del \u00f3rgano.<br \/>En total hay 3.780 tubos de \u00f3rgano.<\/p><p>Por tanto, en un gran \u00f3rgano hist\u00f3rico como este exist\u00eda detr\u00e1s del instrumento un verdadero sistema de suministro de aire con grandes fuelles.<br \/>Afortunadamente, los sopladores no ten\u00edan que bombear directamente \u00abpara cada tubo por separado\u00bb; manten\u00edan bajo presi\u00f3n los grandes fuelles de reserva.<br \/>Estos fuelles funcionaban como una especie de dep\u00f3sito de aire.<br \/>Pero en cuanto el organista sacaba muchos registros, tocaba acordes y utilizaba especialmente el pesado pedalero, la reserva de aire disminu\u00eda m\u00e1s r\u00e1pidamente y los calcantes ten\u00edan que trabajar duro.<\/p>\t\t\t\t\t\t\t\t<\/div>\n\t\t\t\t<\/div>\n\t\t\t\t<\/div>\n\t\t\t\t\t<\/div>\n\t\t\t\t<\/div>\n\t\t<div class=\"elementor-element elementor-element-66e4e04 e-flex e-con-boxed e-con e-parent\" data-id=\"66e4e04\" data-element_type=\"container\" data-e-type=\"container\">\n\t\t\t\t\t<div class=\"e-con-inner\">\n\t\t\t\t<div class=\"elementor-element elementor-element-5d3d5ca elementor-widget elementor-widget-text-editor\" data-id=\"5d3d5ca\" data-element_type=\"widget\" data-e-type=\"widget\" data-widget_type=\"text-editor.default\">\n\t\t\t\t<div class=\"elementor-widget-container\">\n\t\t\t\t\t\t\t\t\t<p>Cuando el \u00f3rgano sonaba a plena potencia, aquello no era un trabajo de pisar tranquilamente un pedal una vez por minuto.<\/p><p>Hab\u00eda que mantener realmente la reserva de aire.<br \/>De hecho, en los grandes \u00f3rganos pod\u00edan ser necesarios varios calcantes al mismo tiempo.<br \/>Por eso algunos \u00f3rganos hist\u00f3ricos todav\u00eda conservan indicaciones destinadas a los sopladores: una peque\u00f1a campana, una se\u00f1al, un indicador u otra forma mediante la cual el organista pod\u00eda hacerles saber:<br \/>\u00a1aire!<br \/>As\u00ed, cuando se utilizaba con fuerza un registro de pedal, las personas situadas debajo o detr\u00e1s del \u00f3rgano ten\u00edan que trabajar literalmente para que aquella enorme nota grave pudiera resonar en lo alto de la iglesia.<br \/>Hoy pulsamos un interruptor y escuchamos:<br \/>wooooooosh.<br \/>Antiguamente, detr\u00e1s exactamente de ese mismo sonido hab\u00eda simplemente alguien sudando. \ud83c\udfb6<\/p>\t\t\t\t\t\t\t\t<\/div>\n\t\t\t\t<\/div>\n\t\t\t\t\t<\/div>\n\t\t\t\t<\/div>\n\t\t<div class=\"elementor-element elementor-element-6824bbd e-flex e-con-boxed e-con e-parent\" data-id=\"6824bbd\" data-element_type=\"container\" data-e-type=\"container\">\n\t\t\t\t\t<div class=\"e-con-inner\">\n\t\t<div class=\"elementor-element elementor-element-67701b5 e-con-full e-flex e-con e-child\" data-id=\"67701b5\" data-element_type=\"container\" data-e-type=\"container\">\n\t\t\t\t<\/div>\n\t\t<div class=\"elementor-element elementor-element-119c7c5 e-con-full e-flex e-con e-child\" data-id=\"119c7c5\" data-element_type=\"container\" data-e-type=\"container\">\n\t\t\t\t<div class=\"elementor-element elementor-element-a142715 elementor-widget elementor-widget-image\" data-id=\"a142715\" data-element_type=\"widget\" data-e-type=\"widget\" data-widget_type=\"image.default\">\n\t\t\t\t<div class=\"elementor-widget-container\">\n\t\t\t\t\t\t\t\t\t\t\t\t\t\t\t<img loading=\"lazy\" decoding=\"async\" width=\"590\" height=\"814\" src=\"https:\/\/nederlandsetempeliers.nl\/wp-content\/uploads\/orgeltrappers.jpeg\" class=\"attachment-large size-large wp-image-12983\" alt=\"Imagen hist\u00f3rica en blanco y negro de dos sopladores de \u00f3rgano que est\u00e1n de pie sobre largas palancas de madera y las accionan con los pies para suministrar aire a los grandes fuelles del \u00f3rgano.\" srcset=\"https:\/\/nederlandsetempeliers.nl\/wp-content\/uploads\/orgeltrappers.jpeg 590w, https:\/\/nederlandsetempeliers.nl\/wp-content\/uploads\/orgeltrappers-217x300.jpeg 217w\" sizes=\"(max-width: 590px) 100vw, 590px\" \/>\t\t\t\t\t\t\t\t\t\t\t\t\t\t\t<\/div>\n\t\t\t\t<\/div>\n\t\t\t\t<\/div>\n\t\t<div class=\"elementor-element elementor-element-dc43abb e-con-full e-flex e-con e-child\" data-id=\"dc43abb\" data-element_type=\"container\" data-e-type=\"container\">\n\t\t\t\t<div class=\"elementor-element elementor-element-7ffe397 elementor-widget__width-initial elementor-widget elementor-widget-image\" data-id=\"7ffe397\" data-element_type=\"widget\" data-e-type=\"widget\" data-widget_type=\"image.default\">\n\t\t\t\t<div class=\"elementor-widget-container\">\n\t\t\t\t\t\t\t\t\t\t\t\t\t\t\t<img loading=\"lazy\" decoding=\"async\" width=\"800\" height=\"584\" src=\"https:\/\/nederlandsetempeliers.nl\/wp-content\/uploads\/Rutland_helder_detail-1024x748.jpg\" class=\"attachment-large size-large wp-image-12984\" alt=\"Miniatura medieval que muestra a un organista tocando un \u00f3rgano de tubos mientras un ayudante junto a \u00e9l acciona un gran fuelle con los pies; Por ejemplo, la viento del \u00f3rgano sol\u00eda hacerse con fuerza humana.\" srcset=\"https:\/\/nederlandsetempeliers.nl\/wp-content\/uploads\/Rutland_helder_detail-1024x748.jpg 1024w, https:\/\/nederlandsetempeliers.nl\/wp-content\/uploads\/Rutland_helder_detail-300x219.jpg 300w, https:\/\/nederlandsetempeliers.nl\/wp-content\/uploads\/Rutland_helder_detail-768x561.jpg 768w, https:\/\/nederlandsetempeliers.nl\/wp-content\/uploads\/Rutland_helder_detail-1536x1122.jpg 1536w, https:\/\/nederlandsetempeliers.nl\/wp-content\/uploads\/Rutland_helder_detail.jpg 1600w\" sizes=\"(max-width: 800px) 100vw, 800px\" \/>\t\t\t\t\t\t\t\t\t\t\t\t\t\t\t<\/div>\n\t\t\t\t<\/div>\n\t\t\t\t<\/div>\n\t\t<div class=\"elementor-element elementor-element-220003c e-con-full e-flex e-con e-child\" data-id=\"220003c\" data-element_type=\"container\" data-e-type=\"container\">\n\t\t\t\t<div class=\"elementor-element elementor-element-0956b0f elementor-widget elementor-widget-text-editor\" data-id=\"0956b0f\" data-element_type=\"widget\" data-e-type=\"widget\" data-widget_type=\"text-editor.default\">\n\t\t\t\t<div class=\"elementor-widget-container\">\n\t\t\t\t\t\t\t\t\t<pre><br><br><br><br><br><br><br><br><\/pre><p>\ud83d\udc48\ud83c\udffb sopladores de \u00f3rgano o<br \/>calcantes<\/p>\t\t\t\t\t\t\t\t<\/div>\n\t\t\t\t<\/div>\n\t\t\t\t<\/div>\n\t\t\t\t\t<\/div>\n\t\t\t\t<\/div>\n\t\t<div class=\"elementor-element elementor-element-13dff2d e-flex e-con-boxed e-con e-parent\" data-id=\"13dff2d\" data-element_type=\"container\" data-e-type=\"container\">\n\t\t\t\t\t<div class=\"e-con-inner\">\n\t\t\t\t<div class=\"elementor-element elementor-element-2c86efc elementor-widget elementor-widget-text-editor\" data-id=\"2c86efc\" data-element_type=\"widget\" data-e-type=\"widget\" data-widget_type=\"text-editor.default\">\n\t\t\t\t<div class=\"elementor-widget-container\">\n\t\t\t\t\t\t\t\t\t<p>Distribuci\u00f3n de un \u00f3rgano:<br \/>Un \u00f3rgano de este tama\u00f1o tiene varios teclados, llamados manuales.<br \/>Un manual se toca con las manos.<br \/>Si nos limitamos a este \u00f3rgano concreto, su consola tiene cuatro manuales.<br \/>Adem\u00e1s, el \u00f3rgano tiene pedales, que se tocan con los pies.<\/p>\t\t\t\t\t\t\t\t<\/div>\n\t\t\t\t<\/div>\n\t\t\t\t\t<\/div>\n\t\t\t\t<\/div>\n\t\t<div class=\"elementor-element elementor-element-f3f7d68 e-flex e-con-boxed e-con e-parent\" data-id=\"f3f7d68\" data-element_type=\"container\" data-e-type=\"container\">\n\t\t\t\t\t<div class=\"e-con-inner\">\n\t\t<div class=\"elementor-element elementor-element-cd72e6e e-con-full e-flex e-con e-child\" data-id=\"cd72e6e\" data-element_type=\"container\" data-e-type=\"container\">\n\t\t\t\t<\/div>\n\t\t<div class=\"elementor-element elementor-element-7f9ae64 e-con-full e-flex e-con e-child\" data-id=\"7f9ae64\" data-element_type=\"container\" data-e-type=\"container\">\n\t\t\t\t<div class=\"elementor-element elementor-element-e4241e4 elementor-widget elementor-widget-image\" data-id=\"e4241e4\" data-element_type=\"widget\" data-e-type=\"widget\" data-widget_type=\"image.default\">\n\t\t\t\t<div class=\"elementor-widget-container\">\n\t\t\t\t\t\t\t\t\t\t\t\t\t\t\t<img loading=\"lazy\" decoding=\"async\" width=\"800\" height=\"604\" src=\"https:\/\/nederlandsetempeliers.nl\/wp-content\/uploads\/pendalen.jpeg\" class=\"attachment-large size-large wp-image-12985\" alt=\"Primer plano del pedalero de madera de un \u00f3rgano, con largas teclas claras y oscuras que el organista toca con ambos pies.\" srcset=\"https:\/\/nederlandsetempeliers.nl\/wp-content\/uploads\/pendalen.jpeg 961w, https:\/\/nederlandsetempeliers.nl\/wp-content\/uploads\/pendalen-300x227.jpeg 300w, https:\/\/nederlandsetempeliers.nl\/wp-content\/uploads\/pendalen-768x580.jpeg 768w\" sizes=\"(max-width: 800px) 100vw, 800px\" \/>\t\t\t\t\t\t\t\t\t\t\t\t\t\t\t<\/div>\n\t\t\t\t<\/div>\n\t\t\t\t<\/div>\n\t\t<div class=\"elementor-element elementor-element-39eb06c e-con-full e-flex e-con e-child\" data-id=\"39eb06c\" data-element_type=\"container\" data-e-type=\"container\">\n\t\t\t\t<div class=\"elementor-element elementor-element-5e64631 elementor-widget elementor-widget-text-editor\" data-id=\"5e64631\" data-element_type=\"widget\" data-e-type=\"widget\" data-widget_type=\"text-editor.default\">\n\t\t\t\t<div class=\"elementor-widget-container\">\n\t\t\t\t\t\t\t\t\t<pre>\ud83d\udc48\ud83c\udffb Los pedales se accionan con los pies. <br> \ud83d\udc49\ud83c\udffb<br>Consola con cuatro teclados, es decir, cuatro manuales.<br \/>Los organeros numeran los manuales de abajo hacia arriba.<\/pre>\t\t\t\t\t\t\t\t<\/div>\n\t\t\t\t<\/div>\n\t\t\t\t<\/div>\n\t\t<div class=\"elementor-element elementor-element-93024dd e-con-full e-flex e-con e-child\" data-id=\"93024dd\" data-element_type=\"container\" data-e-type=\"container\">\n\t\t\t\t<div class=\"elementor-element elementor-element-ca83dd4 elementor-widget elementor-widget-image\" data-id=\"ca83dd4\" data-element_type=\"widget\" data-e-type=\"widget\" data-widget_type=\"image.default\">\n\t\t\t\t<div class=\"elementor-widget-container\">\n\t\t\t\t\t\t\t\t\t\t\t\t\t\t\t<img loading=\"lazy\" decoding=\"async\" width=\"800\" height=\"498\" src=\"https:\/\/nederlandsetempeliers.nl\/wp-content\/uploads\/Manualen-1024x638.jpeg\" class=\"attachment-large size-large wp-image-12986\" alt=\"Consola de un gran \u00f3rgano con cuatro teclados manuales colocados uno encima de otro, rodeados por numerosos tiradores negros; las manos del organista tocan uno de los teclados.\" srcset=\"https:\/\/nederlandsetempeliers.nl\/wp-content\/uploads\/Manualen-1024x638.jpeg 1024w, https:\/\/nederlandsetempeliers.nl\/wp-content\/uploads\/Manualen-300x187.jpeg 300w, https:\/\/nederlandsetempeliers.nl\/wp-content\/uploads\/Manualen-768x479.jpeg 768w, https:\/\/nederlandsetempeliers.nl\/wp-content\/uploads\/Manualen.jpeg 1059w\" sizes=\"(max-width: 800px) 100vw, 800px\" \/>\t\t\t\t\t\t\t\t\t\t\t\t\t\t\t<\/div>\n\t\t\t\t<\/div>\n\t\t\t\t<\/div>\n\t\t\t\t\t<\/div>\n\t\t\t\t<\/div>\n\t\t<div class=\"elementor-element elementor-element-25ae14e e-flex e-con-boxed e-con e-parent\" data-id=\"25ae14e\" data-element_type=\"container\" data-e-type=\"container\">\n\t\t\t\t\t<div class=\"e-con-inner\">\n\t\t\t\t<div class=\"elementor-element elementor-element-8ecb7cf elementor-widget elementor-widget-text-editor\" data-id=\"8ecb7cf\" data-element_type=\"widget\" data-e-type=\"widget\" data-widget_type=\"text-editor.default\">\n\t\t\t\t<div class=\"elementor-widget-container\">\n\t\t\t\t\t\t\t\t\t<p>Cuando el \u00f3rgano no se utiliza, sobre los teclados se coloca un antiguo pa\u00f1o protector.<br \/>El texto latino que aparece en \u00e9l procede del Ars Poetica del poeta romano Horacio.<br \/>En \u00e9l escribe, entre otras cosas, que quien quiera conmover a otra persona primero debe estar verdaderamente conmovido \u00e9l mismo.<br \/>Las palabras, la emoci\u00f3n y la manera de expresarlas deben corresponderse.<br \/>Una idea extraordinariamente apropiada en un lugar donde precisamente la m\u00fasica est\u00e1 destinada a transmitir algo.<\/p>\t\t\t\t\t\t\t\t<\/div>\n\t\t\t\t<\/div>\n\t\t\t\t\t<\/div>\n\t\t\t\t<\/div>\n\t\t<div class=\"elementor-element elementor-element-d92053f e-flex e-con-boxed e-con e-parent\" data-id=\"d92053f\" data-element_type=\"container\" data-e-type=\"container\">\n\t\t\t\t\t<div class=\"e-con-inner\">\n\t\t<div class=\"elementor-element elementor-element-f8e07fc e-con-full e-flex e-con e-child\" data-id=\"f8e07fc\" data-element_type=\"container\" data-e-type=\"container\">\n\t\t\t\t<div class=\"elementor-element elementor-element-6c4d549 elementor-widget elementor-widget-text-editor\" data-id=\"6c4d549\" data-element_type=\"widget\" data-e-type=\"widget\" data-widget_type=\"text-editor.default\">\n\t\t\t\t<div class=\"elementor-widget-container\">\n\t\t\t\t\t\t\t\t\t<pre>Latijns: Si vis me flere, dolendum est primum ipsi tibi; tum tua me infortunia laedent, Telephe vel Peleu. Male si mandata loqueris, aut dormitabo aut ridebo.<br>Tristia maestum vultum verba decent, iratum plena minarum, ludentem lasciva, severum seria dictu.<br>Format enim natura prius nos intus ad omnem fortunarum habitum; iuvat aut impellit ad iram aut ad humum maerore gravi deducit et angit; post effert animi motus interprete lingua.<br>Nec sic incipies, ut scriptor cyclicus olim: \u201cFortunam Priami cantabo et nobile bellum.\u201d Quid dignum tanto feret hic promissor hiatu?<\/pre>\t\t\t\t\t\t\t\t<\/div>\n\t\t\t\t<\/div>\n\t\t\t\t<\/div>\n\t\t<div class=\"elementor-element elementor-element-9dc3c50 e-con-full e-flex e-con e-child\" data-id=\"9dc3c50\" data-element_type=\"container\" data-e-type=\"container\">\n\t\t\t\t<div class=\"elementor-element elementor-element-a6ceb43 elementor-widget elementor-widget-image\" data-id=\"a6ceb43\" data-element_type=\"widget\" data-e-type=\"widget\" data-widget_type=\"image.default\">\n\t\t\t\t<div class=\"elementor-widget-container\">\n\t\t\t\t\t\t\t\t\t\t\t\t\t\t\t<img loading=\"lazy\" decoding=\"async\" width=\"800\" height=\"600\" src=\"https:\/\/nederlandsetempeliers.nl\/wp-content\/uploads\/Doek-klavier-1024x768.jpg\" class=\"attachment-large size-large wp-image-12987\" alt=\"Pa\u00f1o que protege los teclados del \u00f3rgano Hillen. Tela rectangular negra con letras latinas doradas y cobrizas, iniciales decorativas y peque\u00f1os motivos florales. Se coloca sobre los teclados cuando el \u00f3rgano no se utiliza, para protegerlos del polvo. El texto contiene fragmentos del poeta romano Horacio sobre la emoci\u00f3n, la declamaci\u00f3n y la fuerza con la que las palabras y el arte pueden conmover a otra persona.\" srcset=\"https:\/\/nederlandsetempeliers.nl\/wp-content\/uploads\/Doek-klavier-1024x768.jpg 1024w, https:\/\/nederlandsetempeliers.nl\/wp-content\/uploads\/Doek-klavier-300x225.jpg 300w, https:\/\/nederlandsetempeliers.nl\/wp-content\/uploads\/Doek-klavier-768x576.jpg 768w, https:\/\/nederlandsetempeliers.nl\/wp-content\/uploads\/Doek-klavier-1536x1152.jpg 1536w, https:\/\/nederlandsetempeliers.nl\/wp-content\/uploads\/Doek-klavier.jpg 1600w\" sizes=\"(max-width: 800px) 100vw, 800px\" \/>\t\t\t\t\t\t\t\t\t\t\t\t\t\t\t<\/div>\n\t\t\t\t<\/div>\n\t\t\t\t<\/div>\n\t\t\t\t\t<\/div>\n\t\t\t\t<\/div>\n\t\t<div class=\"elementor-element elementor-element-f0ab0f9 e-flex e-con-boxed e-con e-parent\" data-id=\"f0ab0f9\" data-element_type=\"container\" data-e-type=\"container\">\n\t\t\t\t\t<div class=\"e-con-inner\">\n\t\t\t\t<div class=\"elementor-element elementor-element-e9b806f elementor-widget elementor-widget-text-editor\" data-id=\"e9b806f\" data-element_type=\"widget\" data-e-type=\"widget\" data-widget_type=\"text-editor.default\">\n\t\t\t\t<div class=\"elementor-widget-container\">\n\t\t\t\t\t\t\t\t\t<p>Traducido:<br \/>Si quieres que yo llore, primero debes sentir t\u00fa mismo una verdadera tristeza; solo entonces me conmover\u00e1n tus desgracias, T\u00e9lefo o Peleo.<br \/>Si pronuncias mal tus palabras, o bien me quedar\u00e9 dormido o empezar\u00e9 a re\u00edr.<br \/>Las palabras tristes corresponden a un rostro afligido, las palabras amenazadoras a la ira, las palabras juguetonas a la alegr\u00eda y las palabras serias a la gravedad.<br \/>Porque la naturaleza forma primero nuestras emociones interiores: nos hace felices, nos impulsa a la ira o nos hunde bajo el peso de una profunda tristeza.<br \/>Despu\u00e9s, la lengua expresa esos movimientos interiores.<br \/>Tampoco comiences como lo hizo una vez un antiguo poeta \u00e9pico:<br \/>\u00abCantar\u00e9 el destino de Pr\u00edamo y la famosa guerra.\u00bb<br \/>\u00bfQu\u00e9 podr\u00e1 ofrecer despu\u00e9s alguien que comienza de una manera tan enorme que sea suficientemente grande para cumplir semejante promesa?<\/p>\t\t\t\t\t\t\t\t<\/div>\n\t\t\t\t<\/div>\n\t\t\t\t\t<\/div>\n\t\t\t\t<\/div>\n\t\t<div class=\"elementor-element elementor-element-96fc554 e-flex e-con-boxed e-con e-parent\" data-id=\"96fc554\" data-element_type=\"container\" data-e-type=\"container\">\n\t\t\t\t\t<div class=\"e-con-inner\">\n\t\t\t\t<div class=\"elementor-element elementor-element-c83ae9e elementor-widget elementor-widget-text-editor\" data-id=\"c83ae9e\" data-element_type=\"widget\" data-e-type=\"widget\" data-widget_type=\"text-editor.default\">\n\t\t\t\t<div class=\"elementor-widget-container\">\n\t\t\t\t\t\t\t\t\t<p>Para las cuatro fotograf\u00edas siguientes:<\/p><p>Manual 1 es el manual inferior y corresponde al positivo de espalda, visible en la fotograf\u00eda 1.<\/p><p>Manual 2 es el segundo manual desde abajo y corresponde al \u00f3rgano mayor, visible en la fotograf\u00eda 2.<\/p><p>Manual 3 corresponde al cuerpo superior.<\/p><p>Esta secci\u00f3n se encuentra m\u00e1s arriba en la caja del \u00f3rgano, detr\u00e1s del \u00f3rgano mayor, y por eso no es visible desde la parte frontal.<br \/>Por tanto, no hay fotograf\u00eda.<br \/>Manual 4 es el manual superior y corresponde al positivo de pecho, visible en la fotograf\u00eda 3.<br \/>En la fotograf\u00eda las puertas est\u00e1n cerradas; detr\u00e1s se encuentran los peque\u00f1os tubos del positivo de pecho.<br \/>Los pedales accionan las torres de pedal, visibles en la cuarta fotograf\u00eda.<br \/>Tienen una altura media de 5 metros y un di\u00e1metro de 10 cm.<\/p> \t\t\t\t\t\t\t\t<\/div>\n\t\t\t\t<\/div>\n\t\t\t\t\t<\/div>\n\t\t\t\t<\/div>\n\t\t<div class=\"elementor-element elementor-element-5d02205 e-flex e-con-boxed e-con e-parent\" data-id=\"5d02205\" data-element_type=\"container\" data-e-type=\"container\">\n\t\t\t\t\t<div class=\"e-con-inner\">\n\t\t<div class=\"elementor-element elementor-element-5ade998 e-con-full e-flex e-con e-child\" data-id=\"5ade998\" data-element_type=\"container\" data-e-type=\"container\">\n\t\t\t\t<div class=\"elementor-element elementor-element-4098484 elementor-widget__width-initial elementor-widget elementor-widget-image\" data-id=\"4098484\" data-element_type=\"widget\" data-e-type=\"widget\" data-widget_type=\"image.default\">\n\t\t\t\t<div class=\"elementor-widget-container\">\n\t\t\t\t\t\t\t\t\t\t\t\t\t\t\t<img loading=\"lazy\" decoding=\"async\" width=\"482\" height=\"1024\" src=\"https:\/\/nederlandsetempeliers.nl\/wp-content\/uploads\/Rugwerk-luiken-1-482x1024.jpeg\" class=\"attachment-large size-large wp-image-12988\" alt=\"Fachada del \u00f3rgano Hillen en blanco y negro, en la que solo el positivo de espalda ricamente decorado de la parte inferior aparece en color, con ornamentos verde azulados y dorados y las puertas pintadas abiertas.\" srcset=\"https:\/\/nederlandsetempeliers.nl\/wp-content\/uploads\/Rugwerk-luiken-1-482x1024.jpeg 482w, https:\/\/nederlandsetempeliers.nl\/wp-content\/uploads\/Rugwerk-luiken-1-141x300.jpeg 141w, https:\/\/nederlandsetempeliers.nl\/wp-content\/uploads\/Rugwerk-luiken-1-723x1536.jpeg 723w, https:\/\/nederlandsetempeliers.nl\/wp-content\/uploads\/Rugwerk-luiken-1.jpeg 753w\" sizes=\"(max-width: 482px) 100vw, 482px\" \/>\t\t\t\t\t\t\t\t\t\t\t\t\t\t\t<\/div>\n\t\t\t\t<\/div>\n\t\t\t\t<\/div>\n\t\t<div class=\"elementor-element elementor-element-acc3560 e-con-full e-flex e-con e-child\" data-id=\"acc3560\" data-element_type=\"container\" data-e-type=\"container\">\n\t\t\t\t<div class=\"elementor-element elementor-element-a2830e9 elementor-widget elementor-widget-image\" data-id=\"a2830e9\" data-element_type=\"widget\" data-e-type=\"widget\" data-widget_type=\"image.default\">\n\t\t\t\t<div class=\"elementor-widget-container\">\n\t\t\t\t\t\t\t\t\t\t\t\t\t\t\t<img loading=\"lazy\" decoding=\"async\" width=\"576\" height=\"1024\" src=\"https:\/\/nederlandsetempeliers.nl\/wp-content\/uploads\/Hoofdwerk-576x1024.jpeg\" class=\"attachment-large size-large wp-image-12989\" alt=\"Fachada del \u00f3rgano Hillen en blanco y negro, en la que solo el \u00f3rgano mayor central aparece en color, con paneles verde azulados, ornamentos dorados y los altos tubos met\u00e1licos de fachada.\" srcset=\"https:\/\/nederlandsetempeliers.nl\/wp-content\/uploads\/Hoofdwerk-576x1024.jpeg 576w, https:\/\/nederlandsetempeliers.nl\/wp-content\/uploads\/Hoofdwerk-169x300.jpeg 169w, https:\/\/nederlandsetempeliers.nl\/wp-content\/uploads\/Hoofdwerk-768x1365.jpeg 768w, https:\/\/nederlandsetempeliers.nl\/wp-content\/uploads\/Hoofdwerk-864x1536.jpeg 864w, https:\/\/nederlandsetempeliers.nl\/wp-content\/uploads\/Hoofdwerk.jpeg 900w\" sizes=\"(max-width: 576px) 100vw, 576px\" \/>\t\t\t\t\t\t\t\t\t\t\t\t\t\t\t<\/div>\n\t\t\t\t<\/div>\n\t\t\t\t<\/div>\n\t\t<div class=\"elementor-element elementor-element-154b7fe e-con-full e-flex e-con e-child\" data-id=\"154b7fe\" data-element_type=\"container\" data-e-type=\"container\">\n\t\t\t\t<div class=\"elementor-element elementor-element-0aebb61 elementor-widget elementor-widget-image\" data-id=\"0aebb61\" data-element_type=\"widget\" data-e-type=\"widget\" data-widget_type=\"image.default\">\n\t\t\t\t<div class=\"elementor-widget-container\">\n\t\t\t\t\t\t\t\t\t\t\t\t\t\t\t<img loading=\"lazy\" decoding=\"async\" width=\"576\" height=\"1024\" src=\"https:\/\/nederlandsetempeliers.nl\/wp-content\/uploads\/Borstwerk-576x1024.jpeg\" class=\"attachment-large size-large wp-image-12990\" alt=\"Fachada del \u00f3rgano Hillen en blanco y negro, en la que solo el positivo de pecho aparece en color: la amplia secci\u00f3n verde azulada situada directamente encima del positivo de espalda, con paneles cerrados detr\u00e1s de los cuales se encuentran los tubos del positivo de pecho.\" srcset=\"https:\/\/nederlandsetempeliers.nl\/wp-content\/uploads\/Borstwerk-576x1024.jpeg 576w, https:\/\/nederlandsetempeliers.nl\/wp-content\/uploads\/Borstwerk-169x300.jpeg 169w, https:\/\/nederlandsetempeliers.nl\/wp-content\/uploads\/Borstwerk-768x1365.jpeg 768w, https:\/\/nederlandsetempeliers.nl\/wp-content\/uploads\/Borstwerk-864x1536.jpeg 864w, https:\/\/nederlandsetempeliers.nl\/wp-content\/uploads\/Borstwerk.jpeg 900w\" sizes=\"(max-width: 576px) 100vw, 576px\" \/>\t\t\t\t\t\t\t\t\t\t\t\t\t\t\t<\/div>\n\t\t\t\t<\/div>\n\t\t\t\t<\/div>\n\t\t<div class=\"elementor-element elementor-element-65a1d4b e-con-full e-flex e-con e-child\" data-id=\"65a1d4b\" data-element_type=\"container\" data-e-type=\"container\">\n\t\t\t\t<div class=\"elementor-element elementor-element-3f8ad99 elementor-widget elementor-widget-image\" data-id=\"3f8ad99\" data-element_type=\"widget\" data-e-type=\"widget\" data-widget_type=\"image.default\">\n\t\t\t\t<div class=\"elementor-widget-container\">\n\t\t\t\t\t\t\t\t\t\t\t\t\t\t\t<img loading=\"lazy\" decoding=\"async\" width=\"576\" height=\"1024\" src=\"https:\/\/nederlandsetempeliers.nl\/wp-content\/uploads\/Pendaalpijpen-576x1024.jpeg\" class=\"attachment-large size-large wp-image-12991\" alt=\"Fachada del \u00f3rgano Hillen en blanco y negro, en la que solo aparecen en color las dos altas torres de pedal, a izquierda y derecha, con sus grandes tubos met\u00e1licos, coronamientos verde azulados y figuras de \u00e1ngeles doradas.\" srcset=\"https:\/\/nederlandsetempeliers.nl\/wp-content\/uploads\/Pendaalpijpen-576x1024.jpeg 576w, https:\/\/nederlandsetempeliers.nl\/wp-content\/uploads\/Pendaalpijpen-169x300.jpeg 169w, https:\/\/nederlandsetempeliers.nl\/wp-content\/uploads\/Pendaalpijpen-768x1365.jpeg 768w, https:\/\/nederlandsetempeliers.nl\/wp-content\/uploads\/Pendaalpijpen-864x1536.jpeg 864w, https:\/\/nederlandsetempeliers.nl\/wp-content\/uploads\/Pendaalpijpen.jpeg 900w\" sizes=\"(max-width: 576px) 100vw, 576px\" \/>\t\t\t\t\t\t\t\t\t\t\t\t\t\t\t<\/div>\n\t\t\t\t<\/div>\n\t\t\t\t<\/div>\n\t\t\t\t\t<\/div>\n\t\t\t\t<\/div>\n\t\t<div class=\"elementor-element elementor-element-3c967bb e-flex e-con-boxed e-con e-parent\" data-id=\"3c967bb\" data-element_type=\"container\" data-e-type=\"container\">\n\t\t\t\t\t<div class=\"e-con-inner\">\n\t\t\t\t<div class=\"elementor-element elementor-element-b3c76a8 elementor-widget elementor-widget-text-editor\" data-id=\"b3c76a8\" data-element_type=\"widget\" data-e-type=\"widget\" data-widget_type=\"text-editor.default\">\n\t\t\t\t<div class=\"elementor-widget-container\">\n\t\t\t\t\t\t\t\t\t<p>Adem\u00e1s de los tubos de madera \u2014 utilizados entre otros para el oboe \u2014, la mayor\u00eda de los tubos del \u00f3rgano est\u00e1n fabricados con una aleaci\u00f3n de esta\u00f1o y plomo.<br \/>Cuanto m\u00e1s esta\u00f1o conten\u00edan, m\u00e1s brillaban.<br \/>Por esta raz\u00f3n, estos tubos se colocaban m\u00e1s hacia la parte delantera: los tubos de fachada.<br \/>En la construcci\u00f3n de \u00f3rganos, una mayor proporci\u00f3n de esta\u00f1o tambi\u00e9n se relaciona tradicionalmente con un car\u00e1cter sonoro m\u00e1s brillante, aunque el sonido final depende, por supuesto, sobre todo de la escala del tubo, su forma, la presi\u00f3n del aire y la armonizaci\u00f3n.<br \/>El esta\u00f1o y el plomo son ambos metales blandos.<br \/>Especialmente los tubos que contienen mucho plomo pueden deformarse f\u00e1cilmente.<br \/>Por ello, el organero debe tener en cuenta no solo el sonido, sino tambi\u00e9n la resistencia del material.<br \/>A lo largo de los siglos, los tubos grandes pueden deformarse lentamente bajo su propio peso o incluso hundirse ligeramente.<\/p><p>El material blando se dilata considerablemente en verano y se contrae en invierno.<br \/>En la Edad Media no hab\u00eda calefacci\u00f3n en las iglesias.<br \/>Cuando helaba, dentro hac\u00eda un fr\u00edo extremo.<br \/>Los tubos m\u00e1s peque\u00f1os pod\u00edan agrietarse o romperse debido al fr\u00edo.<br \/>Por eso ten\u00edan puertas para protegerlos del fr\u00edo, pero tambi\u00e9n de la suciedad y de los animales.<br \/>Los paneles verticales datan de principios del siglo XVII y est\u00e1n sujetos mediante grandes herrajes de hierro forjado.<br \/>Estas bisagras permiten que las puertas puedan abrirse y cerrarse.<br \/>En verano permanec\u00edan, por tanto, abiertas.<\/p>\t\t\t\t\t\t\t\t<\/div>\n\t\t\t\t<\/div>\n\t\t\t\t\t<\/div>\n\t\t\t\t<\/div>\n\t\t<div class=\"elementor-element elementor-element-8c2b9d6 e-flex e-con-boxed e-con e-parent\" data-id=\"8c2b9d6\" data-element_type=\"container\" data-e-type=\"container\">\n\t\t\t\t\t<div class=\"e-con-inner\">\n\t\t<div class=\"elementor-element elementor-element-3c8a1fa e-con-full e-flex e-con e-child\" data-id=\"3c8a1fa\" data-element_type=\"container\" data-e-type=\"container\">\n\t\t\t\t<\/div>\n\t\t<div class=\"elementor-element elementor-element-829c622 e-con-full e-flex e-con e-child\" data-id=\"829c622\" data-element_type=\"container\" data-e-type=\"container\">\n\t\t\t\t<div class=\"elementor-element elementor-element-fa8e8af elementor-widget elementor-widget-image\" data-id=\"fa8e8af\" data-element_type=\"widget\" data-e-type=\"widget\" data-widget_type=\"image.default\">\n\t\t\t\t<div class=\"elementor-widget-container\">\n\t\t\t\t\t\t\t\t\t\t\t\t\t\t\t<img loading=\"lazy\" decoding=\"async\" width=\"800\" height=\"450\" src=\"https:\/\/nederlandsetempeliers.nl\/wp-content\/uploads\/Rugwerk-7-1024x576.jpeg\" class=\"attachment-large size-large wp-image-12992\" alt=\"Fotograf\u00eda en color del positivo de espalda del \u00f3rgano Hillen, con las puertas pintadas abiertas a ambos lados y, en el centro, los tubos ricamente decorados en verde, azul y dorado.\" srcset=\"https:\/\/nederlandsetempeliers.nl\/wp-content\/uploads\/Rugwerk-7-1024x576.jpeg 1024w, https:\/\/nederlandsetempeliers.nl\/wp-content\/uploads\/Rugwerk-7-300x169.jpeg 300w, https:\/\/nederlandsetempeliers.nl\/wp-content\/uploads\/Rugwerk-7-768x432.jpeg 768w, https:\/\/nederlandsetempeliers.nl\/wp-content\/uploads\/Rugwerk-7-1536x864.jpeg 1536w, https:\/\/nederlandsetempeliers.nl\/wp-content\/uploads\/Rugwerk-7.jpeg 1600w\" sizes=\"(max-width: 800px) 100vw, 800px\" \/>\t\t\t\t\t\t\t\t\t\t\t\t\t\t\t<\/div>\n\t\t\t\t<\/div>\n\t\t\t\t<\/div>\n\t\t<div class=\"elementor-element elementor-element-6e30da5 e-con-full e-flex e-con e-child\" data-id=\"6e30da5\" data-element_type=\"container\" data-e-type=\"container\">\n\t\t\t\t<\/div>\n\t\t\t\t\t<\/div>\n\t\t\t\t<\/div>\n\t\t<div class=\"elementor-element elementor-element-212b0f6 e-flex e-con-boxed e-con e-parent\" data-id=\"212b0f6\" data-element_type=\"container\" data-e-type=\"container\">\n\t\t\t\t\t<div class=\"e-con-inner\">\n\t\t<div class=\"elementor-element elementor-element-e476c54 e-con-full e-flex e-con e-child\" data-id=\"e476c54\" data-element_type=\"container\" data-e-type=\"container\">\n\t\t\t\t<\/div>\n\t\t<div class=\"elementor-element elementor-element-f41b54c e-con-full e-flex e-con e-child\" data-id=\"f41b54c\" data-element_type=\"container\" data-e-type=\"container\">\n\t\t\t\t<div class=\"elementor-element elementor-element-47b8de9 elementor-widget elementor-widget-image\" data-id=\"47b8de9\" data-element_type=\"widget\" data-e-type=\"widget\" data-widget_type=\"image.default\">\n\t\t\t\t<div class=\"elementor-widget-container\">\n\t\t\t\t\t\t\t\t\t\t\t\t\t\t\t<img loading=\"lazy\" decoding=\"async\" width=\"679\" height=\"888\" src=\"https:\/\/nederlandsetempeliers.nl\/wp-content\/uploads\/met-koning-Saul.jpeg\" class=\"attachment-large size-large wp-image-12993\" alt=\"Detalle de una puerta pintada del positivo de espalda, con el rey Sa\u00fal llevando turbante entre soldados y espectadores; contempla el cortejo posterior a la victoria de David sobre Goliat.\" srcset=\"https:\/\/nederlandsetempeliers.nl\/wp-content\/uploads\/met-koning-Saul.jpeg 679w, https:\/\/nederlandsetempeliers.nl\/wp-content\/uploads\/met-koning-Saul-229x300.jpeg 229w\" sizes=\"(max-width: 679px) 100vw, 679px\" \/>\t\t\t\t\t\t\t\t\t\t\t\t\t\t\t<\/div>\n\t\t\t\t<\/div>\n\t\t\t\t<\/div>\n\t\t<div class=\"elementor-element elementor-element-6d5aa54 e-con-full e-flex e-con e-child\" data-id=\"6d5aa54\" data-element_type=\"container\" data-e-type=\"container\">\n\t\t\t\t<div class=\"elementor-element elementor-element-6839573 elementor-widget elementor-widget-image\" data-id=\"6839573\" data-element_type=\"widget\" data-e-type=\"widget\" data-widget_type=\"image.default\">\n\t\t\t\t<div class=\"elementor-widget-container\">\n\t\t\t\t\t\t\t\t\t\t\t\t\t\t\t<img loading=\"lazy\" decoding=\"async\" width=\"768\" height=\"1024\" src=\"https:\/\/nederlandsetempeliers.nl\/wp-content\/uploads\/27-1-768x1024.jpeg\" class=\"attachment-large size-large wp-image-12994\" alt=\"Detalle de una puerta pintada del positivo de espalda, donde se muestra la cabeza a\u00fan ensangrentada de Goliat como parte del cortejo triunfal de David.\" srcset=\"https:\/\/nederlandsetempeliers.nl\/wp-content\/uploads\/27-1-768x1024.jpeg 768w, https:\/\/nederlandsetempeliers.nl\/wp-content\/uploads\/27-1-225x300.jpeg 225w, https:\/\/nederlandsetempeliers.nl\/wp-content\/uploads\/27-1-1152x1536.jpeg 1152w, https:\/\/nederlandsetempeliers.nl\/wp-content\/uploads\/27-1.jpeg 1200w\" sizes=\"(max-width: 768px) 100vw, 768px\" \/>\t\t\t\t\t\t\t\t\t\t\t\t\t\t\t<\/div>\n\t\t\t\t<\/div>\n\t\t\t\t<\/div>\n\t\t<div class=\"elementor-element elementor-element-195074c e-con-full e-flex e-con e-child\" data-id=\"195074c\" data-element_type=\"container\" data-e-type=\"container\">\n\t\t\t\t<div class=\"elementor-element elementor-element-5d604af elementor-widget elementor-widget-image\" data-id=\"5d604af\" data-element_type=\"widget\" data-e-type=\"widget\" data-widget_type=\"image.default\">\n\t\t\t\t<div class=\"elementor-widget-container\">\n\t\t\t\t\t\t\t\t\t\t\t\t\t\t\t<img loading=\"lazy\" decoding=\"async\" width=\"676\" height=\"880\" src=\"https:\/\/nederlandsetempeliers.nl\/wp-content\/uploads\/intocht-met-David.jpeg\" class=\"attachment-large size-large wp-image-12995\" alt=\"Detalle de una puerta pintada del positivo de espalda, con David triunfante, rodeado de espectadores y m\u00fasicos despu\u00e9s de su victoria sobre Goliat.\" srcset=\"https:\/\/nederlandsetempeliers.nl\/wp-content\/uploads\/intocht-met-David.jpeg 676w, https:\/\/nederlandsetempeliers.nl\/wp-content\/uploads\/intocht-met-David-230x300.jpeg 230w\" sizes=\"(max-width: 676px) 100vw, 676px\" \/>\t\t\t\t\t\t\t\t\t\t\t\t\t\t\t<\/div>\n\t\t\t\t<\/div>\n\t\t\t\t<\/div>\n\t\t\t\t\t<\/div>\n\t\t\t\t<\/div>\n\t\t<div class=\"elementor-element elementor-element-184ddca e-flex e-con-boxed e-con e-parent\" data-id=\"184ddca\" data-element_type=\"container\" data-e-type=\"container\">\n\t\t\t\t\t<div class=\"e-con-inner\">\n\t\t\t\t<div class=\"elementor-element elementor-element-3a38e6f elementor-widget elementor-widget-text-editor\" data-id=\"3a38e6f\" data-element_type=\"widget\" data-e-type=\"widget\" data-widget_type=\"text-editor.default\">\n\t\t\t\t<div class=\"elementor-widget-container\">\n\t\t\t\t\t\t\t\t\t<p>David ocupa el lugar central en las pinturas y, como suele ser habitual, est\u00e1 representado con un arpa.<\/p><p>Se eligi\u00f3 a David por su relaci\u00f3n con la m\u00fasica, porque un gran n\u00famero de Salmos de la Biblia fueron atribuidos al rey David.<\/p><p>A la izquierda \u2014 en el lado norte de la iglesia \u2014 David aparece triunfante y camina al frente del cortejo hacia nosotros, los espectadores.<\/p><p>A su derecha, m\u00fasicos con cuernos celebran la victoria con un homenaje sonoro.<br \/>Las lanzas y el estandarte recuerdan la batalla que ha tenido lugar.<br \/>David lleva consigo su trofeo de guerra:<br \/>la cabeza todav\u00eda ensangrentada de Goliat.<br \/>A la derecha de Goliat aparece el rey Sa\u00fal con turbante, mirando sorprendido y celoso.<br \/>Porque no es \u00e9l, sino el sencillo pastor David, quien es celebrado y recibe todos los honores, ya que David ha derrotado al gran enemigo del pueblo de Israel: los filisteos.<br \/>A la derecha \u2014 en el lado sur de la iglesia \u2014 volvemos a ver a David en el centro.<br \/>Toca un arpa, simbolizando que es un salmista \u2014 poeta y autor de cantos religiosos.<br \/>David lleva una corona despu\u00e9s de haberse convertido en rey de Israel.<br \/>Aqu\u00ed vemos el alegre cortejo en el que David lleva el Arca de la Alianza a Jerusal\u00e9n.<br \/>Jerusal\u00e9n adquiri\u00f3 as\u00ed una posici\u00f3n destacada como centro religioso y la ciudad incluso lleg\u00f3 a representarse como el centro del mundo en algunos mappae mundi medievales.<br \/>El Arca representa la presencia de Dios y Su contacto con Su pueblo.<br \/>Y alrededor de todo ello se encuentra el \u00f3rgano: el instrumento que sostiene el canto de alabanza dentro de la iglesia.<br \/>Esto enlaza con el Salmo 150, que invita a alabar a Dios con toda clase de instrumentos musicales.<br \/>As\u00ed la Iglesia une a las personas con Dios:<br \/>David tocando el arpa, los Salmos siendo cantados y el culto acompa\u00f1ado por la m\u00fasica del \u00f3rgano.<\/p><p>Durante el invierno y las heladas, los paneles permanec\u00edan cerrados en la Edad Media.<br \/>Tambi\u00e9n durante los periodos de luto y ayuno no se deb\u00eda tocar el \u00f3rgano.<br \/>Esto era una se\u00f1al de sobriedad y no deb\u00eda expresarse alegr\u00eda.<br \/>Lit\u00fargicamente, el \u00f3rgano tambi\u00e9n conoc\u00eda periodos de silencio.<br \/>Durante la Cuaresma su uso ya se reduc\u00eda considerablemente.<br \/>El Jueves Santo, durante el Gloria, las campanas suenan festivamente una \u00faltima vez.<br \/>Despu\u00e9s permanecen en silencio hasta el Gloria de la Vigilia Pascual.<br \/>Tambi\u00e9n el \u00f3rgano se retira considerablemente durante estos d\u00edas.<br \/>La iglesia se vuelve sobria: no hay m\u00fasica exuberante ni repique de campanas.<br \/>Seg\u00fan una antigua tradici\u00f3n popular, \u00ablas campanas vuelan a Roma\u00bb.<br \/>Solo durante la Vigilia Pascual, en el Gloria, regresan festivamente las campanas y la m\u00fasica.<br \/>V\u00e9ase: Fiestas cristianas &gt; Jueves Santo.<br \/>Cuando las puertas est\u00e1n cerradas, se ve la parte posterior.<br \/>All\u00ed aparece un cielo cubierto de nubes bajo cortinas de luto.<\/p><p>Hoy las puertas permanecen abiertas de forma permanente.<br \/>Actualmente la iglesia tiene calefacci\u00f3n e incluso calefacci\u00f3n por suelo radiante, instalada en 1996.<br \/>Y afortunadamente \u2014 porque gracias a ello, cuatro siglos despu\u00e9s, todav\u00eda podemos contemplar la misma historia pintada.<br \/>Y detr\u00e1s de una fachada tan magn\u00edfica se encuentran cientos de tubos \u2014 3.780 en este \u00f3rgano.<br \/>Como los tubos del \u00f3rgano son sensibles a la temperatura y se dilatan y contraen, el \u00f3rgano se revisa y se afina antes de cada concierto.<br \/>En un \u00f3rgano de 23 metros de altura eso significa tambi\u00e9n que hay que subir bastante.<br \/>As\u00ed que aqu\u00ed no hay lugar para el miedo a las alturas\u2026..<\/p>\t\t\t\t\t\t\t\t<\/div>\n\t\t\t\t<\/div>\n\t\t\t\t\t<\/div>\n\t\t\t\t<\/div>\n\t\t<div class=\"elementor-element elementor-element-51f490f e-flex e-con-boxed e-con e-parent\" data-id=\"51f490f\" data-element_type=\"container\" data-e-type=\"container\">\n\t\t\t\t\t<div class=\"e-con-inner\">\n\t\t<div class=\"elementor-element elementor-element-2156852 e-con-full e-flex e-con e-child\" data-id=\"2156852\" data-element_type=\"container\" data-e-type=\"container\">\n\t\t\t\t<div class=\"elementor-element elementor-element-72704a8 elementor-widget elementor-widget-image\" data-id=\"72704a8\" data-element_type=\"widget\" data-e-type=\"widget\" data-widget_type=\"image.default\">\n\t\t\t\t<div class=\"elementor-widget-container\">\n\t\t\t\t\t\t\t\t\t\t\t\t\t\t\t<img loading=\"lazy\" decoding=\"async\" width=\"440\" height=\"1024\" src=\"https:\/\/nederlandsetempeliers.nl\/wp-content\/uploads\/David-GKB-440x1024.jpeg\" class=\"attachment-large size-large wp-image-12996\" alt=\"El rey David con arpa \u2013 estatua de madera de tama\u00f1o natural procedente de la Grote Kerk de Breda. David lleva una corona y toca el arpa, en referencia a los Salmos y a la alabanza de Dios.\" srcset=\"https:\/\/nederlandsetempeliers.nl\/wp-content\/uploads\/David-GKB-440x1024.jpeg 440w, https:\/\/nederlandsetempeliers.nl\/wp-content\/uploads\/David-GKB-129x300.jpeg 129w, https:\/\/nederlandsetempeliers.nl\/wp-content\/uploads\/David-GKB-660x1536.jpeg 660w, https:\/\/nederlandsetempeliers.nl\/wp-content\/uploads\/David-GKB.jpeg 687w\" sizes=\"(max-width: 440px) 100vw, 440px\" \/>\t\t\t\t\t\t\t\t\t\t\t\t\t\t\t<\/div>\n\t\t\t\t<\/div>\n\t\t\t\t<\/div>\n\t\t<div class=\"elementor-element elementor-element-4ebce20 e-con-full e-flex e-con e-child\" data-id=\"4ebce20\" data-element_type=\"container\" data-e-type=\"container\">\n\t\t\t\t<div class=\"elementor-element elementor-element-0c8a848 elementor-widget elementor-widget-text-editor\" data-id=\"0c8a848\" data-element_type=\"widget\" data-e-type=\"widget\" data-widget_type=\"text-editor.default\">\n\t\t\t\t<div class=\"elementor-widget-container\">\n\t\t\t\t\t\t\t\t\t<p>David y santa Cecilia \u2013 m\u00fasica en honor de Dios<\/p><p>La estatua de madera de la izquierda representa al rey David con su arpa.<\/p><p>Antiguamente se encontraba sobre el \u00f3rgano de la Grote Kerk de Breda, antes de la restauraci\u00f3n realizada por Flentrop en 1969.<\/p><p>A la derecha se encuentra santa Cecilia, con un peque\u00f1o \u00f3rgano en los brazos y una palma como s\u00edmbolo de su martirio.<br \/>Cecilia fue una m\u00e1rtir de los primeros tiempos del cristianismo y, en los siglos posteriores, se convirti\u00f3 en patrona de la m\u00fasica y especialmente de la m\u00fasica religiosa.<br \/>Por eso aparece a menudo representada en las iglesias con un \u00f3rgano.<br \/>As\u00ed se encuentran aqu\u00ed, uno junto al otro, dos s\u00edmbolos centenarios de la m\u00fasica eclesi\u00e1stica:<br \/>David con su arpa y santa Cecilia con el \u00f3rgano \u2014 ambos relacionados con la m\u00fasica como alabanza a Dios.<\/p>\t\t\t\t\t\t\t\t<\/div>\n\t\t\t\t<\/div>\n\t\t\t\t<\/div>\n\t\t<div class=\"elementor-element elementor-element-bf7e59d e-con-full e-flex e-con e-child\" data-id=\"bf7e59d\" data-element_type=\"container\" data-e-type=\"container\">\n\t\t\t\t<div class=\"elementor-element elementor-element-5b13b6c elementor-widget elementor-widget-image\" data-id=\"5b13b6c\" data-element_type=\"widget\" data-e-type=\"widget\" data-widget_type=\"image.default\">\n\t\t\t\t<div class=\"elementor-widget-container\">\n\t\t\t\t\t\t\t\t\t\t\t\t\t\t\t<img loading=\"lazy\" decoding=\"async\" width=\"387\" height=\"1024\" src=\"https:\/\/nederlandsetempeliers.nl\/wp-content\/uploads\/Sint-Cecilia-387x1024.jpeg\" class=\"attachment-large size-large wp-image-12997\" alt=\"Estatua de tama\u00f1o natural de santa Cecilia procedente de la Notre Dame en Breda, Pa\u00edses Bajos. Lleva una corona y sostiene un peque\u00f1o \u00f3rgano port\u00e1til. En la tradici\u00f3n cristiana, santa Cecilia es la patrona de la m\u00fasica religiosa.\" srcset=\"https:\/\/nederlandsetempeliers.nl\/wp-content\/uploads\/Sint-Cecilia-387x1024.jpeg 387w, https:\/\/nederlandsetempeliers.nl\/wp-content\/uploads\/Sint-Cecilia-113x300.jpeg 113w, https:\/\/nederlandsetempeliers.nl\/wp-content\/uploads\/Sint-Cecilia-581x1536.jpeg 581w, https:\/\/nederlandsetempeliers.nl\/wp-content\/uploads\/Sint-Cecilia.jpeg 605w\" sizes=\"(max-width: 387px) 100vw, 387px\" \/>\t\t\t\t\t\t\t\t\t\t\t\t\t\t\t<\/div>\n\t\t\t\t<\/div>\n\t\t\t\t<\/div>\n\t\t\t\t\t<\/div>\n\t\t\t\t<\/div>\n\t\t<div class=\"elementor-element elementor-element-3906ddb e-flex e-con-boxed e-con e-parent\" data-id=\"3906ddb\" data-element_type=\"container\" data-e-type=\"container\">\n\t\t\t\t\t<div class=\"e-con-inner\">\n\t\t\t\t<div class=\"elementor-element elementor-element-13a1c38 elementor-widget elementor-widget-text-editor\" data-id=\"13a1c38\" data-element_type=\"widget\" data-e-type=\"widget\" data-widget_type=\"text-editor.default\">\n\t\t\t\t<div class=\"elementor-widget-container\">\n\t\t\t\t\t\t\t\t\t<p><br>EL FUNCIONAMIENTO<br \/>Un tubo de \u00f3rgano necesita aire para producir un sonido.<br \/>Adem\u00e1s de la diferencia entre tubos de madera y tubos met\u00e1licos \u2014 fabricados con una aleaci\u00f3n de esta\u00f1o y plomo \u2014 existen, a grandes rasgos, dos tipos de tubos:<br \/>tubos de leng\u00fceta y tubos labiales.<br \/>Los tubos labiales o tubos de boca son los m\u00e1s conocidos.<br \/>El sonido se produce cuando el aire pasa por un borde afilado \u2014 el labio \u2014, de forma parecida a una flauta dulce.<br \/>Un tubo de leng\u00fceta tiene en la parte inferior una fina leng\u00fceta met\u00e1lica que vibra por efecto del aire.<br \/>Esto produce un sonido m\u00e1s marcado, a veces m\u00e1s agudo o m\u00e1s parecido al de otros instrumentos, como la Trompeta, el Oboe, el Dulci\u00e1n, el Fagot, etc.<br \/>La leng\u00fceta met\u00e1lica vibrante est\u00e1 escondida en el pie del tubo y no puede verse desde el exterior.<br \/>Los tubos de leng\u00fceta suelen reconocerse por sus resonadores en forma de copa o embudo. <\/p>\t\t\t\t\t\t\t\t<\/div>\n\t\t\t\t<\/div>\n\t\t\t\t\t<\/div>\n\t\t\t\t<\/div>\n\t\t<div class=\"elementor-element elementor-element-b938cfb e-flex e-con-boxed e-con e-parent\" data-id=\"b938cfb\" data-element_type=\"container\" data-e-type=\"container\">\n\t\t\t\t\t<div class=\"e-con-inner\">\n\t\t<div class=\"elementor-element elementor-element-5fc7e13 e-con-full e-flex e-con e-child\" data-id=\"5fc7e13\" data-element_type=\"container\" data-e-type=\"container\">\n\t\t\t\t<\/div>\n\t\t<div class=\"elementor-element elementor-element-0937e6d e-con-full e-flex e-con e-child\" data-id=\"0937e6d\" data-element_type=\"container\" data-e-type=\"container\">\n\t\t\t\t<div class=\"elementor-element elementor-element-9bebe8b elementor-widget__width-initial elementor-widget elementor-widget-image\" data-id=\"9bebe8b\" data-element_type=\"widget\" data-e-type=\"widget\" data-widget_type=\"image.default\">\n\t\t\t\t<div class=\"elementor-widget-container\">\n\t\t\t\t\t\t\t\t\t\t\t\t\t\t\t<img loading=\"lazy\" decoding=\"async\" width=\"800\" height=\"823\" src=\"https:\/\/nederlandsetempeliers.nl\/wp-content\/uploads\/schema-orgelpijp-995x1024.png\" class=\"attachment-large size-large wp-image-12998\" alt=\"Esquema t\u00e9cnico de tubos de \u00f3rgano de metal y madera, con diferentes partes numeradas, como el pie, el labio inferior, la boca, el labio superior, el cuerpo y la abertura superior\" srcset=\"https:\/\/nederlandsetempeliers.nl\/wp-content\/uploads\/schema-orgelpijp-995x1024.png 995w, https:\/\/nederlandsetempeliers.nl\/wp-content\/uploads\/schema-orgelpijp-292x300.png 292w, https:\/\/nederlandsetempeliers.nl\/wp-content\/uploads\/schema-orgelpijp-768x790.png 768w, https:\/\/nederlandsetempeliers.nl\/wp-content\/uploads\/schema-orgelpijp.png 1236w\" sizes=\"(max-width: 800px) 100vw, 800px\" \/>\t\t\t\t\t\t\t\t\t\t\t\t\t\t\t<\/div>\n\t\t\t\t<\/div>\n\t\t\t\t<\/div>\n\t\t<div class=\"elementor-element elementor-element-045077f e-con-full e-flex e-con e-child\" data-id=\"045077f\" data-element_type=\"container\" data-e-type=\"container\">\n\t\t\t\t<div class=\"elementor-element elementor-element-97772bc elementor-widget elementor-widget-image\" data-id=\"97772bc\" data-element_type=\"widget\" data-e-type=\"widget\" data-widget_type=\"image.default\">\n\t\t\t\t<div class=\"elementor-widget-container\">\n\t\t\t\t\t\t\t\t\t\t\t\t\t\t\t<img loading=\"lazy\" decoding=\"async\" width=\"480\" height=\"640\" src=\"https:\/\/nederlandsetempeliers.nl\/wp-content\/uploads\/Grote-orgelpijpen-links-rotated.jpg\" class=\"attachment-large size-large wp-image-12999\" alt=\"Detalle de los grandes tubos situados en el lado izquierdo del \u00f3rgano, con altos tubos labiales met\u00e1licos y ornamentos dorados del mueble del \u00f3rgano.\" srcset=\"https:\/\/nederlandsetempeliers.nl\/wp-content\/uploads\/Grote-orgelpijpen-links-rotated.jpg 480w, https:\/\/nederlandsetempeliers.nl\/wp-content\/uploads\/Grote-orgelpijpen-links-225x300.jpg 225w\" sizes=\"(max-width: 480px) 100vw, 480px\" \/>\t\t\t\t\t\t\t\t\t\t\t\t\t\t\t<\/div>\n\t\t\t\t<\/div>\n\t\t\t\t<\/div>\n\t\t<div class=\"elementor-element elementor-element-9778a65 e-con-full e-flex e-con e-child\" data-id=\"9778a65\" data-element_type=\"container\" data-e-type=\"container\">\n\t\t\t\t<div class=\"elementor-element elementor-element-8fd977f elementor-widget elementor-widget-image\" data-id=\"8fd977f\" data-element_type=\"widget\" data-e-type=\"widget\" data-widget_type=\"image.default\">\n\t\t\t\t<div class=\"elementor-widget-container\">\n\t\t\t\t\t\t\t\t\t\t\t\t\t\t\t<img loading=\"lazy\" decoding=\"async\" width=\"273\" height=\"370\" src=\"https:\/\/nederlandsetempeliers.nl\/wp-content\/uploads\/orgel-tongpijpen-2.jpeg\" class=\"attachment-large size-large wp-image-13000\" alt=\"Detalle de tubos de leng\u00fceta de \u00f3rgano, reconocibles por sus resonadores en forma de copa o embudo, instalados sobre pies de madera en el interior del \u00f3rgano.\" srcset=\"https:\/\/nederlandsetempeliers.nl\/wp-content\/uploads\/orgel-tongpijpen-2.jpeg 273w, https:\/\/nederlandsetempeliers.nl\/wp-content\/uploads\/orgel-tongpijpen-2-221x300.jpeg 221w\" sizes=\"(max-width: 273px) 100vw, 273px\" \/>\t\t\t\t\t\t\t\t\t\t\t\t\t\t\t<\/div>\n\t\t\t\t<\/div>\n\t\t\t\t<\/div>\n\t\t\t\t\t<\/div>\n\t\t\t\t<\/div>\n\t\t<div class=\"elementor-element elementor-element-26425b9 e-flex e-con-boxed e-con e-parent\" data-id=\"26425b9\" data-element_type=\"container\" data-e-type=\"container\">\n\t\t\t\t\t<div class=\"e-con-inner\">\n\t\t\t\t<div class=\"elementor-element elementor-element-04f1f17 elementor-widget elementor-widget-text-editor\" data-id=\"04f1f17\" data-element_type=\"widget\" data-e-type=\"widget\" data-widget_type=\"text-editor.default\">\n\t\t\t\t<div class=\"elementor-widget-container\">\n\t\t\t\t\t\t\t\t\t<p>\ud83d\udc46\ud83c\udffb 1 = pie \u2013 2 = labio inferior \u2013 3 = boca \u2013 4 = labio superior \u2013 5 = cuerpo \u2013 6 = abertura<\/p><p>\ud83d\udc46\ud83c\udffb\ud83d\udc46\ud83c\udffb Grandes tubos labiales \u2014 aqu\u00ed los tubos de pedal de 5 metros de altura<\/p><p>\ud83d\udc46\ud83c\udffb\ud83d\udc46\ud83c\udffb\ud83d\udc46\ud83c\udffb tubos de leng\u00fceta<\/p><p>El \u00f3rgano recibe aire por medio de los fuelles, que antiguamente eran accionados por sopladores de \u00f3rgano.<br \/>Hoy esta tarea la realizan m\u00e1quinas: una m\u00e1quina de viento.<br \/>El viento del \u00f3rgano pasa por tubos flexibles hasta el secreto o caja de viento (1).<br \/>Estos tubos flexibles (2 \u2014 estos son tubos modernos) antiguamente se fabricaban con piel de oveja.<br \/>Naturalmente, este material se deteriora con el paso de los siglos.<br \/>Los secretos pueden imaginarse como una especie de tablas o como largas cajas de cerillas con piezas deslizantes, llamadas correderas, que tienen agujeros.<br \/>Cuando el organista saca un registro, una de estas correderas se abre y el aire puede llegar a un determinado grupo de tubos.<br \/>De esta manera, el organista decide qu\u00e9 timbre participa en el sonido.<br \/>Con las teclas de los manuales y con el pedal, el organista decide despu\u00e9s qu\u00e9 nota debe sonar.<br \/>Ese movimiento se transmite por medio de peque\u00f1as varillas de madera y alambres \u2014 la transmisi\u00f3n mec\u00e1nica (3) \u2014 hasta una v\u00e1lvula situada en el secreto.<br \/>La v\u00e1lvula se abre, el aire fluye hacia el tubo elegido y:<br \/>\u00a1sonido! \ud83c\udfb6<br \/>registro = qu\u00e9 timbre<br \/>tecla\/pedal = qu\u00e9 nota<\/p>\t\t\t\t\t\t\t\t<\/div>\n\t\t\t\t<\/div>\n\t\t\t\t\t<\/div>\n\t\t\t\t<\/div>\n\t\t<div class=\"elementor-element elementor-element-a509a36 e-flex e-con-boxed e-con e-parent\" data-id=\"a509a36\" data-element_type=\"container\" data-e-type=\"container\">\n\t\t\t\t\t<div class=\"e-con-inner\">\n\t\t<div class=\"elementor-element elementor-element-a14198b e-con-full e-flex e-con e-child\" data-id=\"a14198b\" data-element_type=\"container\" data-e-type=\"container\">\n\t\t\t\t<\/div>\n\t\t<div class=\"elementor-element elementor-element-b429541 e-con-full e-flex e-con e-child\" data-id=\"b429541\" data-element_type=\"container\" data-e-type=\"container\">\n\t\t\t\t<div class=\"elementor-element elementor-element-79ef23e elementor-widget elementor-widget-image\" data-id=\"79ef23e\" data-element_type=\"widget\" data-e-type=\"widget\" data-widget_type=\"image.default\">\n\t\t\t\t<div class=\"elementor-widget-container\">\n\t\t\t\t\t\t\t\t\t\t\t\t\t\t\t<img loading=\"lazy\" decoding=\"async\" width=\"590\" height=\"262\" src=\"https:\/\/nederlandsetempeliers.nl\/wp-content\/uploads\/windlades.jpeg\" class=\"attachment-large size-large wp-image-13001\" alt=\"Parte de madera de un cofre de viento de \u00f3rgano con filas de aberturas por las que se dirige la bobina del \u00f3rgano hacia diferentes tubos.\" srcset=\"https:\/\/nederlandsetempeliers.nl\/wp-content\/uploads\/windlades.jpeg 590w, https:\/\/nederlandsetempeliers.nl\/wp-content\/uploads\/windlades-300x133.jpeg 300w\" sizes=\"(max-width: 590px) 100vw, 590px\" \/>\t\t\t\t\t\t\t\t\t\t\t\t\t\t\t<\/div>\n\t\t\t\t<\/div>\n\t\t\t\t<\/div>\n\t\t<div class=\"elementor-element elementor-element-af4828c e-con-full e-flex e-con e-child\" data-id=\"af4828c\" data-element_type=\"container\" data-e-type=\"container\">\n\t\t\t\t<div class=\"elementor-element elementor-element-846eb73 elementor-widget elementor-widget-image\" data-id=\"846eb73\" data-element_type=\"widget\" data-e-type=\"widget\" data-widget_type=\"image.default\">\n\t\t\t\t<div class=\"elementor-widget-container\">\n\t\t\t\t\t\t\t\t\t\t\t\t\t\t\t<img loading=\"lazy\" decoding=\"async\" width=\"800\" height=\"600\" src=\"https:\/\/nederlandsetempeliers.nl\/wp-content\/uploads\/slangetjes-1024x768.jpeg\" class=\"attachment-large size-large wp-image-13002\" alt=\"Conjunto de tubos flexibles en el interior del \u00f3rgano que conducen el aire desde el sistema de alimentaci\u00f3n hasta distintas partes del instrumento.\" srcset=\"https:\/\/nederlandsetempeliers.nl\/wp-content\/uploads\/slangetjes-1024x768.jpeg 1024w, https:\/\/nederlandsetempeliers.nl\/wp-content\/uploads\/slangetjes-300x225.jpeg 300w, https:\/\/nederlandsetempeliers.nl\/wp-content\/uploads\/slangetjes-768x576.jpeg 768w, https:\/\/nederlandsetempeliers.nl\/wp-content\/uploads\/slangetjes-1536x1152.jpeg 1536w, https:\/\/nederlandsetempeliers.nl\/wp-content\/uploads\/slangetjes.jpeg 1600w\" sizes=\"(max-width: 800px) 100vw, 800px\" \/>\t\t\t\t\t\t\t\t\t\t\t\t\t\t\t<\/div>\n\t\t\t\t<\/div>\n\t\t\t\t<\/div>\n\t\t<div class=\"elementor-element elementor-element-85cd3bf e-con-full e-flex e-con e-child\" data-id=\"85cd3bf\" data-element_type=\"container\" data-e-type=\"container\">\n\t\t\t\t<div class=\"elementor-element elementor-element-34fa910 elementor-widget elementor-widget-image\" data-id=\"34fa910\" data-element_type=\"widget\" data-e-type=\"widget\" data-widget_type=\"image.default\">\n\t\t\t\t<div class=\"elementor-widget-container\">\n\t\t\t\t\t\t\t\t\t\t\t\t\t\t\t<img loading=\"lazy\" decoding=\"async\" width=\"800\" height=\"600\" src=\"https:\/\/nederlandsetempeliers.nl\/wp-content\/uploads\/tractuur-1024x768.jpeg\" class=\"attachment-large size-large wp-image-13003\" alt=\"Parte mec\u00e1nica de la transmisi\u00f3n del \u00f3rgano, con largas varillas de madera y finas conexiones met\u00e1licas que transmiten el movimiento de una tecla o del pedal hasta las v\u00e1lvulas del \u00f3rgano.\" srcset=\"https:\/\/nederlandsetempeliers.nl\/wp-content\/uploads\/tractuur-1024x768.jpeg 1024w, https:\/\/nederlandsetempeliers.nl\/wp-content\/uploads\/tractuur-300x225.jpeg 300w, https:\/\/nederlandsetempeliers.nl\/wp-content\/uploads\/tractuur-768x576.jpeg 768w, https:\/\/nederlandsetempeliers.nl\/wp-content\/uploads\/tractuur-1536x1152.jpeg 1536w, https:\/\/nederlandsetempeliers.nl\/wp-content\/uploads\/tractuur.jpeg 1600w\" sizes=\"(max-width: 800px) 100vw, 800px\" \/>\t\t\t\t\t\t\t\t\t\t\t\t\t\t\t<\/div>\n\t\t\t\t<\/div>\n\t\t\t\t<\/div>\n\t\t\t\t\t<\/div>\n\t\t\t\t<\/div>\n\t\t<div class=\"elementor-element elementor-element-3babcbd e-flex e-con-boxed e-con e-parent\" data-id=\"3babcbd\" data-element_type=\"container\" data-e-type=\"container\">\n\t\t\t\t\t<div class=\"e-con-inner\">\n\t\t\t\t<div class=\"elementor-element elementor-element-18c9c84 elementor-widget elementor-widget-text-editor\" data-id=\"18c9c84\" data-element_type=\"widget\" data-e-type=\"widget\" data-widget_type=\"text-editor.default\">\n\t\t\t\t<div class=\"elementor-widget-container\">\n\t\t\t\t\t\t\t\t\t<p>EL ORGANISTA<br \/>Y si dices \u00f3rgano \u2014 organista \u2014 dices Bach.<br \/>EL organista m\u00e1s famoso de todos los tiempos.<br \/>La m\u00fasica comienza y termina con Johann Sebastian Bach.<br \/>(\u2736 31 de marzo de 1685 \u2013 \u271d\ufe0e 28 de julio de 1750)<br \/>No solo fue compositor, sino tambi\u00e9n un organista excepcional, y ya en su propia \u00e9poca era famoso precisamente por su interpretaci\u00f3n y por sus fenomenales improvisaciones.<br \/>Pod\u00edan darle un tema en el momento y era capaz de construir a partir de \u00e9l una fuga completa o una elaboraci\u00f3n coral.<\/p>\t\t\t\t\t\t\t\t<\/div>\n\t\t\t\t<\/div>\n\t\t\t\t\t<\/div>\n\t\t\t\t<\/div>\n\t\t<div class=\"elementor-element elementor-element-0c0f378 e-flex e-con-boxed e-con e-parent\" data-id=\"0c0f378\" data-element_type=\"container\" data-e-type=\"container\">\n\t\t\t\t\t<div class=\"e-con-inner\">\n\t\t<div class=\"elementor-element elementor-element-d05ad94 e-con-full e-flex e-con e-child\" data-id=\"d05ad94\" data-element_type=\"container\" data-e-type=\"container\">\n\t\t\t\t<div class=\"elementor-element elementor-element-b5c28b7 elementor-widget elementor-widget-text-editor\" data-id=\"b5c28b7\" data-element_type=\"widget\" data-e-type=\"widget\" data-widget_type=\"text-editor.default\">\n\t\t\t\t<div class=\"elementor-widget-container\">\n\t\t\t\t\t\t\t\t\t<p> <\/p><p>Cuando examinaba \u00f3rganos, Bach disfrutaba probando las notas m\u00e1s graves del pedal y los registros m\u00e1s potentes \u2014 as\u00ed que no precisamente con delicadeza.<\/p><p>Quer\u00eda saber si un \u00f3rgano realmente ten\u00eda potencia y capacidad sonora.<\/p><p>En su \u00e9poca era, por as\u00ed decirlo, una especie de inspector t\u00e9cnico de \u00f3rganos.<br \/>Su t\u00e9cnica de pies era famosa.<br \/>En Bach, el pedal no es simplemente \u00abel bajo\u00bb; puede interpretar una l\u00ednea mel\u00f3dica completa mientras ambas manos tocan simult\u00e1neamente algo distinto.<br \/>Existen relatos seg\u00fan los cuales los oyentes se sorprend\u00edan de que una sola persona pudiera sacar tantas voces independientes de un \u00f3rgano.<br \/>Con Bach, los pies no eran un acompa\u00f1amiento.<br \/>Simplemente eran una tercera mano.<br \/>Si Bach hubiera visitado Breda durante su vida, podr\u00eda haber escuchado tocar un \u00f3rgano all\u00ed.<br \/>Esta iglesia, la catedral de Notre Dame de Breda en los Pa\u00edses Bajos, ya ten\u00eda un \u00f3rgano en 1411.<\/p>\t\t\t\t\t\t\t\t<\/div>\n\t\t\t\t<\/div>\n\t\t\t\t<\/div>\n\t\t\t\t<div class=\"elementor-element elementor-element-d64d4cb elementor-widget elementor-widget-image\" data-id=\"d64d4cb\" data-element_type=\"widget\" data-e-type=\"widget\" data-widget_type=\"image.default\">\n\t\t\t\t<div class=\"elementor-widget-container\">\n\t\t\t\t\t\t\t\t\t\t\t\t\t\t\t<img loading=\"lazy\" decoding=\"async\" width=\"683\" height=\"1024\" src=\"https:\/\/nederlandsetempeliers.nl\/wp-content\/uploads\/Bach-683x1024.jpeg\" class=\"attachment-large size-large wp-image-13004\" alt=\"Retrato de Johann Sebastian Bach sentado ante un \u00f3rgano, con ambas manos sobre el teclado y, al fondo, tubos de \u00f3rgano y un atril iluminado con partituras.\" srcset=\"https:\/\/nederlandsetempeliers.nl\/wp-content\/uploads\/Bach-683x1024.jpeg 683w, https:\/\/nederlandsetempeliers.nl\/wp-content\/uploads\/Bach-200x300.jpeg 200w, https:\/\/nederlandsetempeliers.nl\/wp-content\/uploads\/Bach-768x1152.jpeg 768w, https:\/\/nederlandsetempeliers.nl\/wp-content\/uploads\/Bach.jpeg 1024w\" sizes=\"(max-width: 683px) 100vw, 683px\" \/>\t\t\t\t\t\t\t\t\t\t\t\t\t\t\t<\/div>\n\t\t\t\t<\/div>\n\t\t\t\t\t<\/div>\n\t\t\t\t<\/div>\n\t\t<div class=\"elementor-element elementor-element-946557c e-flex e-con-boxed e-con e-parent\" data-id=\"946557c\" data-element_type=\"container\" data-e-type=\"container\">\n\t\t\t\t\t<div class=\"e-con-inner\">\n\t\t\t\t<div class=\"elementor-element elementor-element-2c46243 elementor-widget elementor-widget-text-editor\" data-id=\"2c46243\" data-element_type=\"widget\" data-e-type=\"widget\" data-widget_type=\"text-editor.default\">\n\t\t\t\t<div class=\"elementor-widget-container\">\n\t\t\t\t\t\t\t\t\t<p> <\/p><p>Como ya hemos dicho, un \u00f3rgano es pr\u00e1cticamente una orquesta sinf\u00f3nica completa en un solo instrumento.<br \/>Un organista toca simult\u00e1neamente con dos manos y dos pies.<br \/>F\u00edsicamente, tocar el \u00f3rgano es casi una especie de coreograf\u00eda: los cuatro miembros trabajan al mismo tiempo.<br \/>Los organistas desarrollan a menudo una especie de \u00abmemoria de los pies\u00bb.<br \/>Sin mirar constantemente hacia abajo, saben d\u00f3nde se encuentran las teclas del pedal \u2014 mientras al mismo tiempo tienen que pensar casi como un director de orquesta.<br>Tambi\u00e9n hay que planificar con anticipaci\u00f3n:<br \/>\u00bfQu\u00e9 registros saco y cu\u00e1ndo?<br \/>\u00bfQu\u00e9 manuales acoplo?<br \/>\u00bfCu\u00e1ndo cambio de timbre?<br \/>En grandes \u00f3rganos como este, el organista puede recibir ayuda de registrantes.<br \/>Son personas que accionan los registros correctos en el momento adecuado para el organista.<br \/>Y recordemos que en la Edad Media tambi\u00e9n estaban los calcantes.<br \/>Por tanto, tocar el \u00f3rgano no siempre es una tarea de una sola persona. <br>Como los tubos pueden encontrarse a bastante distancia de la consola \u2014 especialmente en iglesias grandes \u2014 el organista puede experimentar a veces un ligero retraso entre pulsar una tecla y escuchar el sonido.<br \/>Por tanto, tambi\u00e9n hay que aprender a tocar con la ac\u00fastica.<\/p><p>Quien crea que tocar el \u00f3rgano consiste simplemente en sentarse y pulsar teclas se equivoca.<br \/>En grandes obras puede parecerse a un deporte de alto nivel:<br \/>las manos y los pies se mueven de forma independiente, los registros cambian constantemente y, cuando se acoplan varios manuales, el mecanismo puede volverse pesado.<br \/>Despu\u00e9s de una obra intensa, no es raro ver al organista sudando detr\u00e1s de la consola.<br \/>Las manos, la cara e incluso los teclados a veces deben secarse antes de comenzar la siguiente pieza.<br \/>Como oyente, normalmente no se percibe nada de esto.<br \/>As\u00ed que no es que el organista simplemente est\u00e9 esperando mucho tiempo entre una obra y otra. <\/p>\t\t\t\t\t\t\t\t<\/div>\n\t\t\t\t<\/div>\n\t\t\t\t\t<\/div>\n\t\t\t\t<\/div>\n\t\t<div class=\"elementor-element elementor-element-8444935 e-flex e-con-boxed e-con e-parent\" data-id=\"8444935\" data-element_type=\"container\" data-e-type=\"container\">\n\t\t\t\t\t<div class=\"e-con-inner\">\n\t\t<div class=\"elementor-element elementor-element-dfc4bfc e-con-full e-flex e-con e-child\" data-id=\"dfc4bfc\" data-element_type=\"container\" data-e-type=\"container\">\n\t\t\t\t<\/div>\n\t\t<div class=\"elementor-element elementor-element-f1e5b82 e-con-full e-flex e-con e-child\" data-id=\"f1e5b82\" data-element_type=\"container\" data-e-type=\"container\">\n\t\t\t\t<div class=\"elementor-element elementor-element-b2b9dd8 elementor-widget elementor-widget-image\" data-id=\"b2b9dd8\" data-element_type=\"widget\" data-e-type=\"widget\" data-widget_type=\"image.default\">\n\t\t\t\t<div class=\"elementor-widget-container\">\n\t\t\t\t\t\t\t\t\t\t\t\t\t\t\t<img loading=\"lazy\" decoding=\"async\" width=\"401\" height=\"572\" src=\"https:\/\/nederlandsetempeliers.nl\/wp-content\/uploads\/Oudste-bespeelbare-orgeltje-ter-wereld-in-Sion-Zwitserland.jpeg\" class=\"attachment-large size-large wp-image-13005\" alt=\"\u00d3rgano del siglo XV en la Basilique de Val\u00e8re de Sion, colocado en alto contra el muro de la iglesia, con una estructura inferior de madera, caja g\u00f3tica de \u00f3rgano, tubos verticales y puertas pintadas abiertas con escenas religiosas.\" srcset=\"https:\/\/nederlandsetempeliers.nl\/wp-content\/uploads\/Oudste-bespeelbare-orgeltje-ter-wereld-in-Sion-Zwitserland.jpeg 401w, https:\/\/nederlandsetempeliers.nl\/wp-content\/uploads\/Oudste-bespeelbare-orgeltje-ter-wereld-in-Sion-Zwitserland-210x300.jpeg 210w\" sizes=\"(max-width: 401px) 100vw, 401px\" \/>\t\t\t\t\t\t\t\t\t\t\t\t\t\t\t<\/div>\n\t\t\t\t<\/div>\n\t\t\t\t<\/div>\n\t\t<div class=\"elementor-element elementor-element-3469ed9 e-con-full e-flex e-con e-child\" data-id=\"3469ed9\" data-element_type=\"container\" data-e-type=\"container\">\n\t\t\t\t<div class=\"elementor-element elementor-element-064cc19 elementor-widget elementor-widget-image\" data-id=\"064cc19\" data-element_type=\"widget\" data-e-type=\"widget\" data-widget_type=\"image.default\">\n\t\t\t\t<div class=\"elementor-widget-container\">\n\t\t\t\t\t\t\t\t\t\t\t\t\t\t\t<img loading=\"lazy\" decoding=\"async\" width=\"364\" height=\"579\" src=\"https:\/\/nederlandsetempeliers.nl\/wp-content\/uploads\/oudste-NL-orgeltje-in-Middelburg.jpeg\" class=\"attachment-large size-large wp-image-13006\" alt=\"Caja del \u00f3rgano del siglo XV del \u00f3rgano Peter Gerritsz, situada en lo alto del muro de la iglesia en Middelburg, con una delgada caja g\u00f3tica de madera, varios campos verticales de tubos y arcos apuntados y pin\u00e1culos ricamente tallados.\" srcset=\"https:\/\/nederlandsetempeliers.nl\/wp-content\/uploads\/oudste-NL-orgeltje-in-Middelburg.jpeg 364w, https:\/\/nederlandsetempeliers.nl\/wp-content\/uploads\/oudste-NL-orgeltje-in-Middelburg-189x300.jpeg 189w\" sizes=\"(max-width: 364px) 100vw, 364px\" \/>\t\t\t\t\t\t\t\t\t\t\t\t\t\t\t<\/div>\n\t\t\t\t<\/div>\n\t\t\t\t<\/div>\n\t\t<div class=\"elementor-element elementor-element-10bd93d e-con-full e-flex e-con e-child\" data-id=\"10bd93d\" data-element_type=\"container\" data-e-type=\"container\">\n\t\t\t\t<\/div>\n\t\t\t\t\t<\/div>\n\t\t\t\t<\/div>\n\t\t<div class=\"elementor-element elementor-element-b9c05a9 e-flex e-con-boxed e-con e-parent\" data-id=\"b9c05a9\" data-element_type=\"container\" data-e-type=\"container\">\n\t\t\t\t\t<div class=\"e-con-inner\">\n\t\t\t\t<div class=\"elementor-element elementor-element-07cb31d elementor-widget elementor-widget-text-editor\" data-id=\"07cb31d\" data-element_type=\"widget\" data-e-type=\"widget\" data-widget_type=\"text-editor.default\">\n\t\t\t\t<div class=\"elementor-widget-container\">\n\t\t\t\t\t\t\t\t\t<p>Y como postre \ud83e\uddc1 \u2013 otros dos peque\u00f1os \u00f3rganos antiguos especialmente encantadores<\/p><p>Verdaderas joyas.<br \/>El primero se encuentra en la Basilique de Notre-Dame-de-Val\u00e8re (Burgkirche) de Sion, Suiza.<br \/>Es el peque\u00f1o \u00f3rgano m\u00e1s antiguo del mundo que todav\u00eda se puede tocar y data de 1435.<br \/>Tiene 376 tubos, de los cuales 180 todav\u00eda pertenecen al siglo XV.<br \/>La caja g\u00f3tica del \u00f3rgano est\u00e1 decorada con coloridas pinturas de Mar\u00eda con el Ni\u00f1o Jes\u00fas y varios santos.<br \/>Su dise\u00f1o recuerda a una fortaleza medieval \u2014 f\u00edjate en las almenas de la parte superior de la caja, a izquierda y derecha.<br \/>Fue construido como un Blockwerk, lo que significa que todav\u00eda no ten\u00eda registros separados.<br \/>Esa es la raz\u00f3n por la que los organistas tienen que practicar bastante para poder tocar este peque\u00f1o \u00f3rgano.<br \/>En \u00e9l, varios tubos correspondientes a una misma nota suenan conjuntamente.<\/p><p><br>El segundo peque\u00f1o \u00f3rgano es el \u00f3rgano m\u00e1s antiguo de los Pa\u00edses Bajos.<br \/>Fue construido originalmente hacia 1479 para la Nicola\u00efkerk de Utrecht.<br \/>Desde la d\u00e9cada de 1950, su caja se encuentra colgada en Middelburg.<br \/>Actualmente no puede tocarse porque no contiene su mecanismo interior.<br \/>Tanto la caja medieval original como el mecanismo interior todav\u00eda existen y actualmente se conservan en el CollectieCentrum Nederland (CC NL) de Amersfoort.<br \/>All\u00ed se quiere investigar, conservar y estudiar c\u00f3mo podr\u00edan volver a reunirse y regresar a la Nicola\u00efkerk de Utrecht.<br \/>Esta peque\u00f1a joya tambi\u00e9n es anterior al a\u00f1o 1500 y tambi\u00e9n es un peque\u00f1o \u00f3rgano de tipo Blockwerk.<br \/>(\u00a1Eso va a requerir pr\u00e1ctica!)<br \/>El Rijksdienst neerland\u00e9s incluso lo describe, hasta donde se sabe, como el \u00f3rgano m\u00e1s antiguo del mundo del que todav\u00eda existen ambas partes.<\/p>\t\t\t\t\t\t\t\t<\/div>\n\t\t\t\t<\/div>\n\t\t\t\t\t<\/div>\n\t\t\t\t<\/div>\n\t\t\t\t<\/div>\n\t\t","protected":false},"excerpt":{"rendered":"<p>el \u00f3rgano El \u00f3rgano tiene un lugar fijo en una iglesia. Casi todas las iglesias tienen uno, o incluso varios \u00f3rganos. \u00bfC\u00f3mo es eso? \u00bfPor qu\u00e9 no tiene cada iglesia [&hellip;]<\/p>\n","protected":false},"author":4,"featured_media":0,"parent":0,"menu_order":0,"comment_status":"closed","ping_status":"closed","template":"","meta":{"footnotes":""},"class_list":["post-13008","page","type-page","status-publish","hentry"],"yoast_head":"<!-- This site is optimized with the Yoast SEO plugin v28.3 - https:\/\/yoast.com\/product\/yoast-seo-wordpress\/ -->\n<title>el \u00f3rgano - Nederlandse Tempeliers<\/title>\n<meta name=\"robots\" content=\"index, follow, max-snippet:-1, max-image-preview:large, max-video-preview:-1\" \/>\n<link rel=\"canonical\" href=\"https:\/\/nederlandsetempeliers.nl\/es\/el-organo\/\" \/>\n<meta property=\"og:locale\" content=\"es_ES\" \/>\n<meta property=\"og:type\" content=\"article\" \/>\n<meta property=\"og:title\" content=\"el \u00f3rgano - Nederlandse Tempeliers\" \/>\n<meta property=\"og:description\" content=\"el \u00f3rgano El \u00f3rgano tiene un lugar fijo en una iglesia. Casi todas las iglesias tienen uno, o incluso varios \u00f3rganos. \u00bfC\u00f3mo es eso? \u00bfPor qu\u00e9 no tiene cada iglesia [&hellip;]\" \/>\n<meta property=\"og:url\" content=\"https:\/\/nederlandsetempeliers.nl\/es\/el-organo\/\" \/>\n<meta property=\"og:site_name\" content=\"Nederlandse Tempeliers\" \/>\n<meta property=\"article:modified_time\" content=\"2026-08-31T13:25:16+00:00\" \/>\n<meta property=\"og:image\" content=\"https:\/\/nederlandsetempeliers.nl\/wp-content\/uploads\/Orgel-met-engel-header-.jpeg\" \/>\n\t<meta property=\"og:image:width\" content=\"1600\" \/>\n\t<meta property=\"og:image:height\" content=\"900\" \/>\n\t<meta property=\"og:image:type\" content=\"image\/jpeg\" \/>\n<meta name=\"twitter:card\" content=\"summary_large_image\" \/>\n<meta name=\"twitter:label1\" content=\"Tiempo de lectura\" \/>\n\t<meta name=\"twitter:data1\" content=\"31 minutos\" \/>\n<script type=\"application\/ld+json\" class=\"yoast-schema-graph\">{\"@context\":\"https:\\\/\\\/schema.org\",\"@graph\":[{\"@type\":\"WebPage\",\"@id\":\"https:\\\/\\\/nederlandsetempeliers.nl\\\/es\\\/el-organo\\\/\",\"url\":\"https:\\\/\\\/nederlandsetempeliers.nl\\\/es\\\/el-organo\\\/\",\"name\":\"el \u00f3rgano - Nederlandse Tempeliers\",\"isPartOf\":{\"@id\":\"https:\\\/\\\/nederlandsetempeliers.nl\\\/es\\\/#website\"},\"primaryImageOfPage\":{\"@id\":\"https:\\\/\\\/nederlandsetempeliers.nl\\\/es\\\/el-organo\\\/#primaryimage\"},\"image\":{\"@id\":\"https:\\\/\\\/nederlandsetempeliers.nl\\\/es\\\/el-organo\\\/#primaryimage\"},\"thumbnailUrl\":\"https:\\\/\\\/nederlandsetempeliers.nl\\\/wp-content\\\/uploads\\\/Orgel-met-engel-header--1024x576.jpeg\",\"datePublished\":\"2026-07-24T10:55:20+00:00\",\"dateModified\":\"2026-08-31T13:25:16+00:00\",\"breadcrumb\":{\"@id\":\"https:\\\/\\\/nederlandsetempeliers.nl\\\/es\\\/el-organo\\\/#breadcrumb\"},\"inLanguage\":\"es\",\"potentialAction\":[{\"@type\":\"ReadAction\",\"target\":[\"https:\\\/\\\/nederlandsetempeliers.nl\\\/es\\\/el-organo\\\/\"]}]},{\"@type\":\"ImageObject\",\"inLanguage\":\"es\",\"@id\":\"https:\\\/\\\/nederlandsetempeliers.nl\\\/es\\\/el-organo\\\/#primaryimage\",\"url\":\"https:\\\/\\\/nederlandsetempeliers.nl\\\/wp-content\\\/uploads\\\/Orgel-met-engel-header--1024x576.jpeg\",\"contentUrl\":\"https:\\\/\\\/nederlandsetempeliers.nl\\\/wp-content\\\/uploads\\\/Orgel-met-engel-header--1024x576.jpeg\"},{\"@type\":\"BreadcrumbList\",\"@id\":\"https:\\\/\\\/nederlandsetempeliers.nl\\\/es\\\/el-organo\\\/#breadcrumb\",\"itemListElement\":[{\"@type\":\"ListItem\",\"position\":1,\"name\":\"Home\",\"item\":\"https:\\\/\\\/nederlandsetempeliers.nl\\\/es\\\/\"},{\"@type\":\"ListItem\",\"position\":2,\"name\":\"el \u00f3rgano\"}]},{\"@type\":\"WebSite\",\"@id\":\"https:\\\/\\\/nederlandsetempeliers.nl\\\/es\\\/#website\",\"url\":\"https:\\\/\\\/nederlandsetempeliers.nl\\\/es\\\/\",\"name\":\"Nederlandse Tempeliers\",\"description\":\"The Black Knights Templars of Solomon\",\"publisher\":{\"@id\":\"https:\\\/\\\/nederlandsetempeliers.nl\\\/es\\\/#organization\"},\"potentialAction\":[{\"@type\":\"SearchAction\",\"target\":{\"@type\":\"EntryPoint\",\"urlTemplate\":\"https:\\\/\\\/nederlandsetempeliers.nl\\\/es\\\/?s={search_term_string}\"},\"query-input\":{\"@type\":\"PropertyValueSpecification\",\"valueRequired\":true,\"valueName\":\"search_term_string\"}}],\"inLanguage\":\"es\"},{\"@type\":\"Organization\",\"@id\":\"https:\\\/\\\/nederlandsetempeliers.nl\\\/es\\\/#organization\",\"name\":\"Nederlandse Tempeliers\",\"url\":\"https:\\\/\\\/nederlandsetempeliers.nl\\\/es\\\/\",\"logo\":{\"@type\":\"ImageObject\",\"inLanguage\":\"es\",\"@id\":\"https:\\\/\\\/nederlandsetempeliers.nl\\\/es\\\/#\\\/schema\\\/logo\\\/image\\\/\",\"url\":\"https:\\\/\\\/nederlandsetempeliers.nl\\\/wp-content\\\/uploads\\\/Dutch-order-v2.png\",\"contentUrl\":\"https:\\\/\\\/nederlandsetempeliers.nl\\\/wp-content\\\/uploads\\\/Dutch-order-v2.png\",\"width\":687,\"height\":686,\"caption\":\"Nederlandse Tempeliers\"},\"image\":{\"@id\":\"https:\\\/\\\/nederlandsetempeliers.nl\\\/es\\\/#\\\/schema\\\/logo\\\/image\\\/\"}}]}<\/script>\n<!-- \/ Yoast SEO plugin. -->","yoast_head_json":{"title":"el \u00f3rgano - Nederlandse Tempeliers","robots":{"index":"index","follow":"follow","max-snippet":"max-snippet:-1","max-image-preview":"max-image-preview:large","max-video-preview":"max-video-preview:-1"},"canonical":"https:\/\/nederlandsetempeliers.nl\/es\/el-organo\/","og_locale":"es_ES","og_type":"article","og_title":"el \u00f3rgano - Nederlandse Tempeliers","og_description":"el \u00f3rgano El \u00f3rgano tiene un lugar fijo en una iglesia. Casi todas las iglesias tienen uno, o incluso varios \u00f3rganos. \u00bfC\u00f3mo es eso? \u00bfPor qu\u00e9 no tiene cada iglesia [&hellip;]","og_url":"https:\/\/nederlandsetempeliers.nl\/es\/el-organo\/","og_site_name":"Nederlandse Tempeliers","article_modified_time":"2026-08-31T13:25:16+00:00","og_image":[{"width":1600,"height":900,"url":"https:\/\/nederlandsetempeliers.nl\/wp-content\/uploads\/Orgel-met-engel-header-.jpeg","type":"image\/jpeg"}],"twitter_card":"summary_large_image","twitter_misc":{"Tiempo de lectura":"31 minutos"},"schema":{"@context":"https:\/\/schema.org","@graph":[{"@type":"WebPage","@id":"https:\/\/nederlandsetempeliers.nl\/es\/el-organo\/","url":"https:\/\/nederlandsetempeliers.nl\/es\/el-organo\/","name":"el \u00f3rgano - Nederlandse Tempeliers","isPartOf":{"@id":"https:\/\/nederlandsetempeliers.nl\/es\/#website"},"primaryImageOfPage":{"@id":"https:\/\/nederlandsetempeliers.nl\/es\/el-organo\/#primaryimage"},"image":{"@id":"https:\/\/nederlandsetempeliers.nl\/es\/el-organo\/#primaryimage"},"thumbnailUrl":"https:\/\/nederlandsetempeliers.nl\/wp-content\/uploads\/Orgel-met-engel-header--1024x576.jpeg","datePublished":"2026-07-24T10:55:20+00:00","dateModified":"2026-08-31T13:25:16+00:00","breadcrumb":{"@id":"https:\/\/nederlandsetempeliers.nl\/es\/el-organo\/#breadcrumb"},"inLanguage":"es","potentialAction":[{"@type":"ReadAction","target":["https:\/\/nederlandsetempeliers.nl\/es\/el-organo\/"]}]},{"@type":"ImageObject","inLanguage":"es","@id":"https:\/\/nederlandsetempeliers.nl\/es\/el-organo\/#primaryimage","url":"https:\/\/nederlandsetempeliers.nl\/wp-content\/uploads\/Orgel-met-engel-header--1024x576.jpeg","contentUrl":"https:\/\/nederlandsetempeliers.nl\/wp-content\/uploads\/Orgel-met-engel-header--1024x576.jpeg"},{"@type":"BreadcrumbList","@id":"https:\/\/nederlandsetempeliers.nl\/es\/el-organo\/#breadcrumb","itemListElement":[{"@type":"ListItem","position":1,"name":"Home","item":"https:\/\/nederlandsetempeliers.nl\/es\/"},{"@type":"ListItem","position":2,"name":"el \u00f3rgano"}]},{"@type":"WebSite","@id":"https:\/\/nederlandsetempeliers.nl\/es\/#website","url":"https:\/\/nederlandsetempeliers.nl\/es\/","name":"Nederlandse Tempeliers","description":"The Black Knights Templars of Solomon","publisher":{"@id":"https:\/\/nederlandsetempeliers.nl\/es\/#organization"},"potentialAction":[{"@type":"SearchAction","target":{"@type":"EntryPoint","urlTemplate":"https:\/\/nederlandsetempeliers.nl\/es\/?s={search_term_string}"},"query-input":{"@type":"PropertyValueSpecification","valueRequired":true,"valueName":"search_term_string"}}],"inLanguage":"es"},{"@type":"Organization","@id":"https:\/\/nederlandsetempeliers.nl\/es\/#organization","name":"Nederlandse Tempeliers","url":"https:\/\/nederlandsetempeliers.nl\/es\/","logo":{"@type":"ImageObject","inLanguage":"es","@id":"https:\/\/nederlandsetempeliers.nl\/es\/#\/schema\/logo\/image\/","url":"https:\/\/nederlandsetempeliers.nl\/wp-content\/uploads\/Dutch-order-v2.png","contentUrl":"https:\/\/nederlandsetempeliers.nl\/wp-content\/uploads\/Dutch-order-v2.png","width":687,"height":686,"caption":"Nederlandse Tempeliers"},"image":{"@id":"https:\/\/nederlandsetempeliers.nl\/es\/#\/schema\/logo\/image\/"}}]}},"_links":{"self":[{"href":"https:\/\/nederlandsetempeliers.nl\/es\/wp-json\/wp\/v2\/pages\/13008","targetHints":{"allow":["GET"]}}],"collection":[{"href":"https:\/\/nederlandsetempeliers.nl\/es\/wp-json\/wp\/v2\/pages"}],"about":[{"href":"https:\/\/nederlandsetempeliers.nl\/es\/wp-json\/wp\/v2\/types\/page"}],"author":[{"embeddable":true,"href":"https:\/\/nederlandsetempeliers.nl\/es\/wp-json\/wp\/v2\/users\/4"}],"replies":[{"embeddable":true,"href":"https:\/\/nederlandsetempeliers.nl\/es\/wp-json\/wp\/v2\/comments?post=13008"}],"version-history":[{"count":4,"href":"https:\/\/nederlandsetempeliers.nl\/es\/wp-json\/wp\/v2\/pages\/13008\/revisions"}],"predecessor-version":[{"id":13018,"href":"https:\/\/nederlandsetempeliers.nl\/es\/wp-json\/wp\/v2\/pages\/13008\/revisions\/13018"}],"wp:attachment":[{"href":"https:\/\/nederlandsetempeliers.nl\/es\/wp-json\/wp\/v2\/media?parent=13008"}],"curies":[{"name":"wp","href":"https:\/\/api.w.org\/{rel}","templated":true}]}}