{"id":7475,"date":"2026-04-10T21:40:10","date_gmt":"2026-04-10T19:40:10","guid":{"rendered":"https:\/\/nederlandsetempeliers.nl\/sin-orden\/"},"modified":"2026-08-27T21:58:05","modified_gmt":"2026-08-27T19:58:05","slug":"sin-orden","status":"publish","type":"page","link":"https:\/\/nederlandsetempeliers.nl\/es\/sin-orden\/","title":{"rendered":"sin orden"},"content":{"rendered":"\t\t<div data-elementor-type=\"wp-page\" data-elementor-id=\"7475\" class=\"elementor elementor-7475 elementor-7378\" data-elementor-post-type=\"page\">\n\t\t\t\t<div class=\"elementor-element elementor-element-8618475 e-flex e-con-boxed e-con e-parent\" data-id=\"8618475\" data-element_type=\"container\" data-e-type=\"container\">\n\t\t\t\t\t<div class=\"e-con-inner\">\n\t\t\t\t<div class=\"elementor-element elementor-element-1499b46 elementor-widget elementor-widget-image\" data-id=\"1499b46\" data-element_type=\"widget\" data-e-type=\"widget\" data-widget_type=\"image.default\">\n\t\t\t\t<div class=\"elementor-widget-container\">\n\t\t\t\t\t\t\t\t\t\t\t\t\t\t\t<img fetchpriority=\"high\" decoding=\"async\" width=\"800\" height=\"450\" src=\"https:\/\/nederlandsetempeliers.nl\/wp-content\/uploads\/Frans-handschrift-\u2013-Eerste-Kruistocht-ca.-1705-1024x576.jpeg\" class=\"attachment-large size-large wp-image-7470\" alt=\"Manuscrito franc\u00e9s del siglo XVIII abierto sobre la Primera Cruzada, fotografiado sobre una mesa de madera.\" srcset=\"https:\/\/nederlandsetempeliers.nl\/wp-content\/uploads\/Frans-handschrift-\u2013-Eerste-Kruistocht-ca.-1705-1024x576.jpeg 1024w, https:\/\/nederlandsetempeliers.nl\/wp-content\/uploads\/Frans-handschrift-\u2013-Eerste-Kruistocht-ca.-1705-300x169.jpeg 300w, https:\/\/nederlandsetempeliers.nl\/wp-content\/uploads\/Frans-handschrift-\u2013-Eerste-Kruistocht-ca.-1705-768x432.jpeg 768w, https:\/\/nederlandsetempeliers.nl\/wp-content\/uploads\/Frans-handschrift-\u2013-Eerste-Kruistocht-ca.-1705-1536x864.jpeg 1536w, https:\/\/nederlandsetempeliers.nl\/wp-content\/uploads\/Frans-handschrift-\u2013-Eerste-Kruistocht-ca.-1705.jpeg 2048w\" sizes=\"(max-width: 800px) 100vw, 800px\" \/>\t\t\t\t\t\t\t\t\t\t\t\t\t\t\t<\/div>\n\t\t\t\t<\/div>\n\t\t\t\t\t<\/div>\n\t\t\t\t<\/div>\n\t\t<div class=\"elementor-element elementor-element-0f13204 e-flex e-con-boxed e-con e-parent\" data-id=\"0f13204\" data-element_type=\"container\" data-e-type=\"container\">\n\t\t\t\t\t<div class=\"e-con-inner\">\n\t\t\t\t<div class=\"elementor-element elementor-element-46898c8 elementor-widget elementor-widget-heading\" data-id=\"46898c8\" data-element_type=\"widget\" data-e-type=\"widget\" data-widget_type=\"heading.default\">\n\t\t\t\t<div class=\"elementor-widget-container\">\n\t\t\t\t\t<h2 class=\"elementor-heading-title elementor-size-default\">sin orden<\/h2>\t\t\t\t<\/div>\n\t\t\t\t<\/div>\n\t\t\t\t\t<\/div>\n\t\t\t\t<\/div>\n\t\t<div class=\"elementor-element elementor-element-27a0d61 e-flex e-con-boxed e-con e-parent\" data-id=\"27a0d61\" data-element_type=\"container\" data-e-type=\"container\">\n\t\t\t\t\t<div class=\"e-con-inner\">\n\t\t\t\t<div class=\"elementor-element elementor-element-747b3cf elementor-widget elementor-widget-text-editor\" data-id=\"747b3cf\" data-element_type=\"widget\" data-e-type=\"widget\" data-widget_type=\"text-editor.default\">\n\t\t\t\t<div class=\"elementor-widget-container\">\n\t\t\t\t\t\t\t\t\t<p><strong>Cuando a\u00fan no exist\u00eda ni orden ni Regla\u2026<\/strong><br><br>Este peque\u00f1o cuaderno de caligraf\u00eda, escrito a comienzos del siglo XVIII, mira hacia la Primera Cruzada.<br>Un tiempo en el que muchos partieron, impulsados por la fe, pero sin unidad, sin direcci\u00f3n. <\/p><p>En estas p\u00e1ginas no leemos un relato heroico, sino aquello que lo precede:<br>confusi\u00f3n, divisi\u00f3n y la ausencia de estructura.<br>P\u00e1gina tras p\u00e1gina se revela aqu\u00ed la imagen de un mundo en b\u00fasqueda \u2014<br>de direcci\u00f3n, de autoridad\u2026 de orden. <\/p><p>Lo que usted ve aqu\u00ed no es una p\u00e1gina explicativa com\u00fan.<br>Ante usted se encuentra un manuscrito franc\u00e9s de 1705, en el que un autor desconocido \u2014probablemente un monje\u2014 describe, desde los inicios de la Primera Cruzada hasta\u2026<br>Un peque\u00f1o manuscrito \u2014 con una gran historia.<br>En esta p\u00e1gina, el manuscrito se desvela paso a paso. <\/p><p>En cada p\u00e1gina encontrar\u00e1:<br>\u2013 a la izquierda: la transcripci\u00f3n del texto original en antiguo franc\u00e9s<br>\u2013 a la derecha: la traducci\u00f3n al neerland\u00e9s actual<br>\u2013 debajo: una breve explicaci\u00f3n y comentario<\/p><p>El texto completo no se presenta de una sola vez, sino que se despliega en partes de cinco p\u00e1ginas.<br>Entre estas partes encontrar\u00e1 referencias temporales, que permiten seguir el desarrollo del relato.<br>El cuaderno consta de un total de 126 p\u00e1ginas.<br>El texto completo no se publicar\u00e1 de una sola vez, sino que crecer\u00e1 con el tiempo \u2014 p\u00e1gina tras p\u00e1gina.<br> <\/p><p>Cada viernes continuamos el camino de la Primera Cruzada,<br>con Godofredo, con Pedro el Ermita\u00f1o, escuchamos al Papa Urbano II,<br>viajamos a Constantinopla, al emperador Alejo\u2026 y as\u00ed sucesivamente, hasta llegar a nuestro destino. <br>La historia seguir\u00e1 despleg\u00e1ndose para quien regrese.<\/p><p><strong>Camina con nosotros, en la Primera Cruzada\u2026<\/strong><\/p>\t\t\t\t\t\t\t\t<\/div>\n\t\t\t\t<\/div>\n\t\t\t\t\t<\/div>\n\t\t\t\t<\/div>\n\t\t<div class=\"elementor-element elementor-element-8b36d10 e-flex e-con-boxed e-con e-parent\" data-id=\"8b36d10\" data-element_type=\"container\" data-e-type=\"container\">\n\t\t\t\t\t<div class=\"e-con-inner\">\n\t\t\t\t<div class=\"elementor-element elementor-element-f09be68 elementor-widget elementor-widget-image\" data-id=\"f09be68\" data-element_type=\"widget\" data-e-type=\"widget\" data-widget_type=\"image.default\">\n\t\t\t\t<div class=\"elementor-widget-container\">\n\t\t\t\t\t\t\t\t\t\t\t\t\t\t\t<img decoding=\"async\" width=\"577\" height=\"234\" src=\"https:\/\/nederlandsetempeliers.nl\/wp-content\/uploads\/Pieter-de-Kluizenaar.jpeg\" class=\"attachment-large size-large wp-image-7471\" alt=\"Procesi\u00f3n medieval de peregrinos con caballeros a caballo y Pedro el Ermita\u00f1o al frente durante la Primera Cruzada\" srcset=\"https:\/\/nederlandsetempeliers.nl\/wp-content\/uploads\/Pieter-de-Kluizenaar.jpeg 577w, https:\/\/nederlandsetempeliers.nl\/wp-content\/uploads\/Pieter-de-Kluizenaar-300x122.jpeg 300w\" sizes=\"(max-width: 577px) 100vw, 577px\" \/>\t\t\t\t\t\t\t\t\t\t\t\t\t\t\t<\/div>\n\t\t\t\t<\/div>\n\t\t\t\t\t<\/div>\n\t\t\t\t<\/div>\n\t\t<div class=\"elementor-element elementor-element-27de48a e-flex e-con-boxed e-con e-parent\" data-id=\"27de48a\" data-element_type=\"container\" data-e-type=\"container\">\n\t\t\t\t\t<div class=\"e-con-inner\">\n\t\t\t\t<div class=\"elementor-element elementor-element-83dce93 elementor-widget elementor-widget-text-editor\" data-id=\"83dce93\" data-element_type=\"widget\" data-e-type=\"widget\" data-widget_type=\"text-editor.default\">\n\t\t\t\t<div class=\"elementor-widget-container\">\n\t\t\t\t\t\t\t\t\t<p>Nota del autor: breve resumen de la historia de la Guerra Santa.<br>Este es el inicio de la cruzada: c\u00f3mo Godofredo de Bouill\u00f3n tom\u00f3 Jerusal\u00e9n y fue proclamado rey, pero lo rechaz\u00f3.<br>El 15 de julio del a\u00f1o de Jesucristo 1099, un viernes,<br>a la misma hora en que Jesucristo entreg\u00f3 su esp\u00edritu.  <br>Despu\u00e9s de esto, el reino fue gobernado por nueve reyes, todos de origen franc\u00e9s.<\/p>\t\t\t\t\t\t\t\t<\/div>\n\t\t\t\t<\/div>\n\t\t\t\t\t<\/div>\n\t\t\t\t<\/div>\n\t\t\t\t<section class=\"elementor-section elementor-top-section elementor-element elementor-element-2008ff48 elementor-section-boxed elementor-section-height-default elementor-section-height-default\" data-id=\"2008ff48\" data-element_type=\"section\" data-e-type=\"section\" data-settings=\"{&quot;background_background&quot;:&quot;classic&quot;,&quot;shape_divider_top&quot;:&quot;triangle&quot;,&quot;shape_divider_top_negative&quot;:&quot;yes&quot;,&quot;shape_divider_bottom&quot;:&quot;triangle&quot;,&quot;shape_divider_bottom_negative&quot;:&quot;yes&quot;}\">\n\t\t\t\t\t<div class=\"elementor-shape elementor-shape-top\" aria-hidden=\"true\" data-negative=\"true\">\n\t\t\t<svg xmlns=\"http:\/\/www.w3.org\/2000\/svg\" viewBox=\"0 0 1000 100\" preserveAspectRatio=\"none\">\n\t<path class=\"elementor-shape-fill\" d=\"M500.2,94.7L0,0v100h1000V0L500.2,94.7z\"\/>\n<\/svg>\t\t<\/div>\n\t\t\t\t<div class=\"elementor-shape elementor-shape-bottom\" aria-hidden=\"true\" data-negative=\"true\">\n\t\t\t<svg xmlns=\"http:\/\/www.w3.org\/2000\/svg\" viewBox=\"0 0 1000 100\" preserveAspectRatio=\"none\">\n\t<path class=\"elementor-shape-fill\" d=\"M500.2,94.7L0,0v100h1000V0L500.2,94.7z\"\/>\n<\/svg>\t\t<\/div>\n\t\t\t\t\t<div class=\"elementor-container elementor-column-gap-default\">\n\t\t\t\t\t<div class=\"elementor-column elementor-col-100 elementor-top-column elementor-element elementor-element-75b11a08\" data-id=\"75b11a08\" data-element_type=\"column\" data-e-type=\"column\">\n\t\t\t<div class=\"elementor-widget-wrap elementor-element-populated\">\n\t\t\t\t\t\t<div class=\"elementor-element elementor-element-e43e945 elementor-widget__width-auto elementor-view-default elementor-widget elementor-widget-icon\" data-id=\"e43e945\" data-element_type=\"widget\" data-e-type=\"widget\" data-widget_type=\"icon.default\">\n\t\t\t\t<div class=\"elementor-widget-container\">\n\t\t\t\t\t\t\t<div class=\"elementor-icon-wrapper\">\n\t\t\t<div class=\"elementor-icon\">\n\t\t\t<i aria-hidden=\"true\" class=\"fas fa-grip-lines\"><\/i>\t\t\t<\/div>\n\t\t<\/div>\n\t\t\t\t\t\t<\/div>\n\t\t\t\t<\/div>\n\t\t\t\t<div class=\"elementor-element elementor-element-6cf08909 elementor-widget__width-auto elementor-widget elementor-widget-heading\" data-id=\"6cf08909\" data-element_type=\"widget\" data-e-type=\"widget\" data-widget_type=\"heading.default\">\n\t\t\t\t<div class=\"elementor-widget-container\">\n\t\t\t\t\t<h2 class=\"elementor-heading-title elementor-size-default\">ca. 1080<\/h2>\t\t\t\t<\/div>\n\t\t\t\t<\/div>\n\t\t\t\t<div class=\"elementor-element elementor-element-1f8507b3 elementor-widget__width-auto elementor-view-default elementor-widget elementor-widget-icon\" data-id=\"1f8507b3\" data-element_type=\"widget\" data-e-type=\"widget\" data-widget_type=\"icon.default\">\n\t\t\t\t<div class=\"elementor-widget-container\">\n\t\t\t\t\t\t\t<div class=\"elementor-icon-wrapper\">\n\t\t\t<div class=\"elementor-icon\">\n\t\t\t<i aria-hidden=\"true\" class=\"fas fa-grip-lines\"><\/i>\t\t\t<\/div>\n\t\t<\/div>\n\t\t\t\t\t\t<\/div>\n\t\t\t\t<\/div>\n\t\t\t\t\t<\/div>\n\t\t<\/div>\n\t\t\t\t\t<\/div>\n\t\t<\/section>\n\t\t<div class=\"elementor-element elementor-element-c9f8226 e-con-full e-flex e-con e-parent\" data-id=\"c9f8226\" data-element_type=\"container\" data-e-type=\"container\">\n\t\t<div class=\"elementor-element elementor-element-7372577 e-con-full e-flex e-con e-child\" data-id=\"7372577\" data-element_type=\"container\" data-e-type=\"container\">\n\t\t\t\t<div class=\"elementor-element elementor-element-766375a elementor-widget__width-initial elementor-widget elementor-widget-text-editor\" data-id=\"766375a\" data-element_type=\"widget\" data-e-type=\"widget\" data-widget_type=\"text-editor.default\">\n\t\t\t\t<div class=\"elementor-widget-container\">\n\t\t\t\t\t\t\t\t\t<p>Page 1. <br>L\u2019origine des Turcs les Turcs \u00e9toient une nations qui habitoit ci devant<br>dans une isle, qui se nomoit<br>Sarmadia Assiatica. Est de l\u00e0 ils se sont retirez dans un endroit qui se nome la Mar\u00e9e Caspium, o\u00f9 cette<br>endroit porte encore le Nom aujourd\u2019huy Turquestan, l\u00e0 ces peuples s\u2019entretenoient seulement de ce qu\u2019ils y eslioient. Sur tout quand ils se fesoit quelque desordre<br>dans\u2026  <\/p>\t\t\t\t\t\t\t\t<\/div>\n\t\t\t\t<\/div>\n\t\t\t\t<\/div>\n\t\t<div class=\"elementor-element elementor-element-cb3fd7b e-con-full e-flex e-con e-child\" data-id=\"cb3fd7b\" data-element_type=\"container\" data-e-type=\"container\">\n\t\t\t\t<div class=\"elementor-element elementor-element-39e3639 elementor-widget__width-initial elementor-widget elementor-widget-image\" data-id=\"39e3639\" data-element_type=\"widget\" data-e-type=\"widget\" data-widget_type=\"image.default\">\n\t\t\t\t<div class=\"elementor-widget-container\">\n\t\t\t\t\t\t\t\t\t\t\t\t\t\t\t<img decoding=\"async\" width=\"493\" height=\"1024\" src=\"https:\/\/nederlandsetempeliers.nl\/wp-content\/uploads\/Turkse-man-493x1024.jpeg\" class=\"attachment-large size-large wp-image-7472\" alt=\"Hombre turco\" srcset=\"https:\/\/nederlandsetempeliers.nl\/wp-content\/uploads\/Turkse-man-493x1024.jpeg 493w, https:\/\/nederlandsetempeliers.nl\/wp-content\/uploads\/Turkse-man-144x300.jpeg 144w, https:\/\/nederlandsetempeliers.nl\/wp-content\/uploads\/Turkse-man.jpeg 524w\" sizes=\"(max-width: 493px) 100vw, 493px\" \/>\t\t\t\t\t\t\t\t\t\t\t\t\t\t\t<\/div>\n\t\t\t\t<\/div>\n\t\t\t\t<\/div>\n\t\t<div class=\"elementor-element elementor-element-321a0d8 e-con-full e-flex e-con e-child\" data-id=\"321a0d8\" data-element_type=\"container\" data-e-type=\"container\">\n\t\t\t\t<div class=\"elementor-element elementor-element-be5785c elementor-widget__width-initial elementor-widget elementor-widget-text-editor\" data-id=\"be5785c\" data-element_type=\"widget\" data-e-type=\"widget\" data-widget_type=\"text-editor.default\">\n\t\t\t\t<div class=\"elementor-widget-container\">\n\t\t\t\t\t\t\t\t\t<p>p\u00e1gina 1<br>Los turcos eran un pueblo que antiguamente habitaba en una isla llamada Sarmadia Asiatica.<br>Desde all\u00ed se retiraron hacia una regi\u00f3n conocida como el mar Caspio,<br>donde ese territorio a\u00fan hoy conserva el nombre de Turquest\u00e1n.<br>All\u00ed, este pueblo se ocupaba \u00fanicamente de lo que produc\u00eda en su propia tierra.<br>Especialmente cuando surg\u00eda alg\u00fan desorden<br>en\u2026 <\/p>\t\t\t\t\t\t\t\t<\/div>\n\t\t\t\t<\/div>\n\t\t\t\t<\/div>\n\t\t\t\t<\/div>\n\t\t<div class=\"elementor-element elementor-element-d98c53a e-flex e-con-boxed e-con e-parent\" data-id=\"d98c53a\" data-element_type=\"container\" data-e-type=\"container\">\n\t\t\t\t\t<div class=\"e-con-inner\">\n\t\t\t\t<div class=\"elementor-element elementor-element-53568d4 elementor-widget elementor-widget-text-editor\" data-id=\"53568d4\" data-element_type=\"widget\" data-e-type=\"widget\" data-widget_type=\"text-editor.default\">\n\t\t\t\t<div class=\"elementor-widget-container\">\n\t\t\t\t\t\t\t\t\t<p><em>Nota: La traducci\u00f3n neerlandesa es fiel en contenido,<br>pero est\u00e1 formulada de manera m\u00e1s fuerte a nivel sem\u00e1ntico,<br>lo que hace que se pierda una sutileza presente en el texto original.<\/em><\/p>\t\t\t\t\t\t\t\t<\/div>\n\t\t\t\t<\/div>\n\t\t\t\t\t<\/div>\n\t\t\t\t<\/div>\n\t\t<div class=\"elementor-element elementor-element-f56f661 e-flex e-con-boxed e-con e-parent\" data-id=\"f56f661\" data-element_type=\"container\" data-e-type=\"container\">\n\t\t\t\t\t<div class=\"e-con-inner\">\n\t\t\t\t<div class=\"elementor-element elementor-element-21b002a elementor-widget elementor-widget-image\" data-id=\"21b002a\" data-element_type=\"widget\" data-e-type=\"widget\" data-widget_type=\"image.default\">\n\t\t\t\t<div class=\"elementor-widget-container\">\n\t\t\t\t\t\t\t\t\t\t\t\t\t\t\t<img loading=\"lazy\" decoding=\"async\" width=\"300\" height=\"55\" src=\"https:\/\/nederlandsetempeliers.nl\/wp-content\/uploads\/guirlande-300x55.jpeg\" class=\"attachment-medium size-medium wp-image-7474\" alt=\"Guirnalda\" srcset=\"https:\/\/nederlandsetempeliers.nl\/wp-content\/uploads\/guirlande-300x55.jpeg 300w, https:\/\/nederlandsetempeliers.nl\/wp-content\/uploads\/guirlande-1024x189.jpeg 1024w, https:\/\/nederlandsetempeliers.nl\/wp-content\/uploads\/guirlande-768x142.jpeg 768w, https:\/\/nederlandsetempeliers.nl\/wp-content\/uploads\/guirlande.jpeg 1534w\" sizes=\"(max-width: 300px) 100vw, 300px\" \/>\t\t\t\t\t\t\t\t\t\t\t\t\t\t\t<\/div>\n\t\t\t\t<\/div>\n\t\t\t\t\t<\/div>\n\t\t\t\t<\/div>\n\t\t<div class=\"elementor-element elementor-element-fa140fc e-flex e-con-boxed e-con e-parent\" data-id=\"fa140fc\" data-element_type=\"container\" data-e-type=\"container\">\n\t\t\t\t\t<div class=\"e-con-inner\">\n\t\t<div class=\"elementor-element elementor-element-704344d e-con-full e-flex e-con e-child\" data-id=\"704344d\" data-element_type=\"container\" data-e-type=\"container\">\n\t\t\t\t<div class=\"elementor-element elementor-element-8862dd9 elementor-widget__width-initial elementor-widget elementor-widget-text-editor\" data-id=\"8862dd9\" data-element_type=\"widget\" data-e-type=\"widget\" data-widget_type=\"text-editor.default\">\n\t\t\t\t<div class=\"elementor-widget-container\">\n\t\t\t\t\t\t\t\t\t<p>Page 2. <br>\u2026dans les Royaumes voisins<br>Ils prenoient le parti de servir en qualit\u00e9 de Soldats. Ils s\u2019entretenoient seulement<br>du pillage qu\u2019ils rapportoient dans leur territoire. Dans le tems de l\u2019Empereur Otto 3. ce peuple ont est\u00e9 pris \u00e0 la solde par Mahomel, qui \u00e9toit Sultan Sarasin dans la Perse, dont l\u2019on \u00e9toit en guerre contre les Babyl- loniens, qui les appella<br>\u00e0 son secours. Sur la fin de\u2026    <\/p>\t\t\t\t\t\t\t\t<\/div>\n\t\t\t\t<\/div>\n\t\t\t\t<\/div>\n\t\t<div class=\"elementor-element elementor-element-86d6c3e e-con-full e-flex e-con e-child\" data-id=\"86d6c3e\" data-element_type=\"container\" data-e-type=\"container\">\n\t\t\t\t<div class=\"elementor-element elementor-element-98a7dfd elementor-widget__width-initial elementor-widget elementor-widget-image\" data-id=\"98a7dfd\" data-element_type=\"widget\" data-e-type=\"widget\" data-widget_type=\"image.default\">\n\t\t\t\t<div class=\"elementor-widget-container\">\n\t\t\t\t\t\t\t\t\t\t\t\t\t\t\t<img loading=\"lazy\" decoding=\"async\" width=\"120\" height=\"300\" src=\"https:\/\/nederlandsetempeliers.nl\/wp-content\/uploads\/sultan-120x300.jpeg\" class=\"attachment-medium size-medium wp-image-7473\" alt=\"sult\u00e1n\" srcset=\"https:\/\/nederlandsetempeliers.nl\/wp-content\/uploads\/sultan-120x300.jpeg 120w, https:\/\/nederlandsetempeliers.nl\/wp-content\/uploads\/sultan-411x1024.jpeg 411w, https:\/\/nederlandsetempeliers.nl\/wp-content\/uploads\/sultan.jpeg 489w\" sizes=\"(max-width: 120px) 100vw, 120px\" \/>\t\t\t\t\t\t\t\t\t\t\t\t\t\t\t<\/div>\n\t\t\t\t<\/div>\n\t\t\t\t<\/div>\n\t\t<div class=\"elementor-element elementor-element-c0bb0e6 e-con-full e-flex e-con e-child\" data-id=\"c0bb0e6\" data-element_type=\"container\" data-e-type=\"container\">\n\t\t\t\t<div class=\"elementor-element elementor-element-231298f elementor-widget__width-initial elementor-widget elementor-widget-text-editor\" data-id=\"231298f\" data-element_type=\"widget\" data-e-type=\"widget\" data-widget_type=\"text-editor.default\">\n\t\t\t\t<div class=\"elementor-widget-container\">\n\t\t\t\t\t\t\t\t\t<p>p\u00e1gina 2<br>\u2026en los reinos vecinos,<br>tomaban la decisi\u00f3n de servir como soldados.<br>Viv\u00edan \u00fanicamente del bot\u00edn<br>que llevaban de regreso a su territorio.<br>En tiempos del emperador Ot\u00f3n III,<br>este pueblo fue tomado al servicio de Mahomel<br>(probablemente Mahomet \/ Mahoma),<br>quien era sult\u00e1n sarraceno en Persia,<br>donde se estaba en guerra contra los babilonios,<br>quienes lo llamaron en su ayuda.<br>Hacia el final de\u2026  <\/p>\t\t\t\t\t\t\t\t<\/div>\n\t\t\t\t<\/div>\n\t\t\t\t<\/div>\n\t\t\t\t\t<\/div>\n\t\t\t\t<\/div>\n\t\t<div class=\"elementor-element elementor-element-887b597 e-flex e-con-boxed e-con e-parent\" data-id=\"887b597\" data-element_type=\"container\" data-e-type=\"container\">\n\t\t\t\t\t<div class=\"e-con-inner\">\n\t\t\t\t<div class=\"elementor-element elementor-element-e2311fb elementor-widget elementor-widget-text-editor\" data-id=\"e2311fb\" data-element_type=\"widget\" data-e-type=\"widget\" data-widget_type=\"text-editor.default\">\n\t\t\t\t<div class=\"elementor-widget-container\">\n\t\t\t\t\t\t\t\t\t<p>p\u00e1gina 2 \u2013 \u201cMahomel\u201d es probablemente una forma antigua de \u201cMahomet\u201d (Mahoma)<br>\u2013 Ot\u00f3n III rein\u00f3 entre 983 y 1002, antes de las cruzadas<br>\u2013 El autor parece describir aqu\u00ed un origen temprano de tropas turcas al servicio de Persia<br>\u2013 \u201cBabilonios\u201d se usa aqu\u00ed probablemente como t\u00e9rmino general para pueblos al este del Levante<\/p>\t\t\t\t\t\t\t\t<\/div>\n\t\t\t\t<\/div>\n\t\t\t\t\t<\/div>\n\t\t\t\t<\/div>\n\t\t<div class=\"elementor-element elementor-element-60c68c3 e-flex e-con-boxed e-con e-parent\" data-id=\"60c68c3\" data-element_type=\"container\" data-e-type=\"container\">\n\t\t\t\t\t<div class=\"e-con-inner\">\n\t\t\t\t<div class=\"elementor-element elementor-element-c91646c elementor-widget elementor-widget-image\" data-id=\"c91646c\" data-element_type=\"widget\" data-e-type=\"widget\" data-widget_type=\"image.default\">\n\t\t\t\t<div class=\"elementor-widget-container\">\n\t\t\t\t\t\t\t\t\t\t\t\t\t\t\t<img loading=\"lazy\" decoding=\"async\" width=\"300\" height=\"55\" src=\"https:\/\/nederlandsetempeliers.nl\/wp-content\/uploads\/guirlande-300x55.jpeg\" class=\"attachment-medium size-medium wp-image-7474\" alt=\"Guirnalda\" srcset=\"https:\/\/nederlandsetempeliers.nl\/wp-content\/uploads\/guirlande-300x55.jpeg 300w, https:\/\/nederlandsetempeliers.nl\/wp-content\/uploads\/guirlande-1024x189.jpeg 1024w, https:\/\/nederlandsetempeliers.nl\/wp-content\/uploads\/guirlande-768x142.jpeg 768w, https:\/\/nederlandsetempeliers.nl\/wp-content\/uploads\/guirlande.jpeg 1534w\" sizes=\"(max-width: 300px) 100vw, 300px\" \/>\t\t\t\t\t\t\t\t\t\t\t\t\t\t\t<\/div>\n\t\t\t\t<\/div>\n\t\t\t\t\t<\/div>\n\t\t\t\t<\/div>\n\t\t<div class=\"elementor-element elementor-element-d817b13 e-flex e-con-boxed e-con e-parent\" data-id=\"d817b13\" data-element_type=\"container\" data-e-type=\"container\">\n\t\t\t\t\t<div class=\"e-con-inner\">\n\t\t<div class=\"elementor-element elementor-element-38df317 e-con-full e-flex e-con e-child\" data-id=\"38df317\" data-element_type=\"container\" data-e-type=\"container\">\n\t\t\t\t<div class=\"elementor-element elementor-element-5aef929 elementor-widget__width-initial elementor-widget elementor-widget-text-editor\" data-id=\"5aef929\" data-element_type=\"widget\" data-e-type=\"widget\" data-widget_type=\"text-editor.default\">\n\t\t\t\t<div class=\"elementor-widget-container\">\n\t\t\t\t\t\t\t\t\t<p>Page 3<br \/>\u2026de la Campagne ils n\u2019ont point voulu cesser ny retourner dans leur isle d\u2019o\u00f9 ils \u00e9toit venu, tant que cette nation \u00e9toient esfarouch\u00e9s et alter\u00e9s du sang humain et la guerre ne cessa qu\u2019aux<br \/>que le Roi de Perse et le Sultan de Babylone fut vaincu dont ils ont in-<br \/>corpor\u00e9 ces deux Royaumes la Perse et Babilone, dans la Syrie et la Palestine dont Jerusalem \u00e9toit de la d\u00e9pen-<br \/>dance, se voyant aussi puissant\u2026<\/p>\t\t\t\t\t\t\t\t<\/div>\n\t\t\t\t<\/div>\n\t\t\t\t<\/div>\n\t\t<div class=\"elementor-element elementor-element-3e1aabe e-con-full e-flex e-con e-child\" data-id=\"3e1aabe\" data-element_type=\"container\" data-e-type=\"container\">\n\t\t\t\t<div class=\"elementor-element elementor-element-1a5c8fd elementor-widget__width-initial elementor-widget elementor-widget-text-editor\" data-id=\"1a5c8fd\" data-element_type=\"widget\" data-e-type=\"widget\" data-widget_type=\"text-editor.default\">\n\t\t\t\t<div class=\"elementor-widget-container\">\n\t\t\t\t\t\t\t\t\t<p><img loading=\"lazy\" decoding=\"async\" class=\"size-medium wp-image-7755\" src=\"https:\/\/nederlandsetempeliers.nl\/wp-content\/uploads\/Jeruzalem-kruis-4-287x300.jpeg\" alt=\"Escudo medieval con cruz de Jerusal\u00e9n\" width=\"287\" height=\"300\" srcset=\"https:\/\/nederlandsetempeliers.nl\/wp-content\/uploads\/Jeruzalem-kruis-4-287x300.jpeg 287w, https:\/\/nederlandsetempeliers.nl\/wp-content\/uploads\/Jeruzalem-kruis-4.jpeg 398w\" sizes=\"(max-width: 287px) 100vw, 287px\" \/><\/p>\t\t\t\t\t\t\t\t<\/div>\n\t\t\t\t<\/div>\n\t\t\t\t<\/div>\n\t\t<div class=\"elementor-element elementor-element-34e8945 e-con-full e-flex e-con e-child\" data-id=\"34e8945\" data-element_type=\"container\" data-e-type=\"container\">\n\t\t\t\t<div class=\"elementor-element elementor-element-f7c3121 elementor-widget__width-initial elementor-widget elementor-widget-text-editor\" data-id=\"f7c3121\" data-element_type=\"widget\" data-e-type=\"widget\" data-widget_type=\"text-editor.default\">\n\t\t\t\t<div class=\"elementor-widget-container\">\n\t\t\t\t\t\t\t\t\t<p>P\u00e1gina 3<br \/>\u2026despu\u00e9s de la campa\u00f1a no quisieron cesar ni regresar a la isla de donde hab\u00edan venido, porque este pueblo se hab\u00eda vuelto tan salvaje y sediento de sangre humana. La guerra solo termin\u00f3 cuando el rey de Persia y el sult\u00e1n de Babilonia fueron derrotados, tras lo cual incorporaron estos dos reinos, Persia y Babilonia, a Siria y Palestina, de las cuales Jerusal\u00e9n depend\u00eda.<br \/>Vi\u00e9ndose ahora a s\u00ed mismos como tan poderosos\u2026<\/p>\t\t\t\t\t\t\t\t<\/div>\n\t\t\t\t<\/div>\n\t\t\t\t<\/div>\n\t\t\t\t\t<\/div>\n\t\t\t\t<\/div>\n\t\t<div class=\"elementor-element elementor-element-e5aa5ea e-flex e-con-boxed e-con e-parent\" data-id=\"e5aa5ea\" data-element_type=\"container\" data-e-type=\"container\">\n\t\t\t\t\t<div class=\"e-con-inner\">\n\t\t\t\t<div class=\"elementor-element elementor-element-37d89df elementor-widget elementor-widget-text-editor\" data-id=\"37d89df\" data-element_type=\"widget\" data-e-type=\"widget\" data-widget_type=\"text-editor.default\">\n\t\t\t\t<div class=\"elementor-widget-container\">\n\t\t\t\t\t\t\t\t\t<p>P\u00e1gina 3: El autor sigue aqu\u00ed una historia de origen (legendaria) de los turcos, en la que parten de una \u00ab isla asi\u00e1tica \u00bb \u2192 se trasladan a la regi\u00f3n del mar Caspio \u2192 luego luchan como mercenarios \u2192 y finalmente conquistan Persia y Babilonia, extendi\u00e9ndose hacia Siria y Palestina.<br \/>Esto, por supuesto, no es una reconstrucci\u00f3n hist\u00f3ricamente correcta, sino la conocida tradici\u00f3n europea de los siglos XVII\u2013XVIII de relatos sobre el \u00ab origen turco \u00bb.<\/p>\t\t\t\t\t\t\t\t<\/div>\n\t\t\t\t<\/div>\n\t\t\t\t\t<\/div>\n\t\t\t\t<\/div>\n\t\t<div class=\"elementor-element elementor-element-2ffdf4a e-flex e-con-boxed e-con e-parent\" data-id=\"2ffdf4a\" data-element_type=\"container\" data-e-type=\"container\">\n\t\t\t\t\t<div class=\"e-con-inner\">\n\t\t\t\t<div class=\"elementor-element elementor-element-d24bbcc elementor-widget elementor-widget-image\" data-id=\"d24bbcc\" data-element_type=\"widget\" data-e-type=\"widget\" data-widget_type=\"image.default\">\n\t\t\t\t<div class=\"elementor-widget-container\">\n\t\t\t\t\t\t\t\t\t\t\t\t\t\t\t<img loading=\"lazy\" decoding=\"async\" width=\"300\" height=\"55\" src=\"https:\/\/nederlandsetempeliers.nl\/wp-content\/uploads\/guirlande-300x55.jpeg\" class=\"attachment-medium size-medium wp-image-7474\" alt=\"Guirnalda\" srcset=\"https:\/\/nederlandsetempeliers.nl\/wp-content\/uploads\/guirlande-300x55.jpeg 300w, https:\/\/nederlandsetempeliers.nl\/wp-content\/uploads\/guirlande-1024x189.jpeg 1024w, https:\/\/nederlandsetempeliers.nl\/wp-content\/uploads\/guirlande-768x142.jpeg 768w, https:\/\/nederlandsetempeliers.nl\/wp-content\/uploads\/guirlande.jpeg 1534w\" sizes=\"(max-width: 300px) 100vw, 300px\" \/>\t\t\t\t\t\t\t\t\t\t\t\t\t\t\t<\/div>\n\t\t\t\t<\/div>\n\t\t\t\t\t<\/div>\n\t\t\t\t<\/div>\n\t\t<div class=\"elementor-element elementor-element-e760bfb e-flex e-con-boxed e-con e-parent\" data-id=\"e760bfb\" data-element_type=\"container\" data-e-type=\"container\">\n\t\t\t\t\t<div class=\"e-con-inner\">\n\t\t<div class=\"elementor-element elementor-element-5e1c8a1 e-con-full e-flex e-con e-child\" data-id=\"5e1c8a1\" data-element_type=\"container\" data-e-type=\"container\">\n\t\t\t\t<div class=\"elementor-element elementor-element-3b21355 elementor-widget__width-initial elementor-widget elementor-widget-text-editor\" data-id=\"3b21355\" data-element_type=\"widget\" data-e-type=\"widget\" data-widget_type=\"text-editor.default\">\n\t\t\t\t<div class=\"elementor-widget-container\">\n\t\t\t\t\t\t\t\t\t<p>P\u00e1gina 4<br \/>Puissants ils ne se sont pas contants de cette belle conqu\u00eate, ils ont encore envahi, per, dans la petite Asie, o\u00f9<br \/>estoit le grand et renomm\u00e9 Sultan Solimans, ils lui ont pris le Royaume<br \/>de Pontume, auquel ils ont donn\u00e9 le nom d\u2019Turcomanian, et la Capadoc, la Bithiniem et firent la guerre jusqu\u2019au<br \/>regne de l\u2019Empereur Henri. 4. et firent leur residence \u00e0 Nicea l\u2019ann\u00e9e 1081<\/p>\t\t\t\t\t\t\t\t<\/div>\n\t\t\t\t<\/div>\n\t\t\t\t<\/div>\n\t\t<div class=\"elementor-element elementor-element-a8a99b3 e-con-full e-flex e-con e-child\" data-id=\"a8a99b3\" data-element_type=\"container\" data-e-type=\"container\">\n\t\t\t\t<div class=\"elementor-element elementor-element-f99b9d6 elementor-widget__width-initial elementor-widget elementor-widget-image\" data-id=\"f99b9d6\" data-element_type=\"widget\" data-e-type=\"widget\" data-widget_type=\"image.default\">\n\t\t\t\t<div class=\"elementor-widget-container\">\n\t\t\t\t\t\t\t\t\t\t\t\t\t\t\t<img loading=\"lazy\" decoding=\"async\" width=\"296\" height=\"512\" src=\"https:\/\/nederlandsetempeliers.nl\/wp-content\/uploads\/WhatsApp-Image-2026-04-15-at-21.26.31-3.jpeg\" class=\"attachment-large size-large wp-image-7786\" alt=\"Hendrique IV\" srcset=\"https:\/\/nederlandsetempeliers.nl\/wp-content\/uploads\/WhatsApp-Image-2026-04-15-at-21.26.31-3.jpeg 296w, https:\/\/nederlandsetempeliers.nl\/wp-content\/uploads\/WhatsApp-Image-2026-04-15-at-21.26.31-3-173x300.jpeg 173w\" sizes=\"(max-width: 296px) 100vw, 296px\" \/>\t\t\t\t\t\t\t\t\t\t\t\t\t\t\t<\/div>\n\t\t\t\t<\/div>\n\t\t\t\t<\/div>\n\t\t<div class=\"elementor-element elementor-element-9d2228b e-con-full e-flex e-con e-child\" data-id=\"9d2228b\" data-element_type=\"container\" data-e-type=\"container\">\n\t\t\t\t<div class=\"elementor-element elementor-element-4955de6 elementor-widget__width-initial elementor-widget elementor-widget-text-editor\" data-id=\"4955de6\" data-element_type=\"widget\" data-e-type=\"widget\" data-widget_type=\"text-editor.default\">\n\t\t\t\t<div class=\"elementor-widget-container\">\n\t\t\t\t\t\t\t\t\t<p>P\u00e1gina 4<br \/>Poderosos como eran, no se contentaron con esta gran conquista; avanzaron hacia Asia Menor, donde reinaba el gran y renombrado sult\u00e1n Solim\u00e1n; le arrebataron el reino de Ponto, al que dieron el nombre de Turcomania, as\u00ed como Capadocia y Bitinia, y continuaron la guerra hasta el tiempo del emperador Enrique IV, estableciendo su residencia en Nicea en el a\u00f1o 1081.<\/p>\t\t\t\t\t\t\t\t<\/div>\n\t\t\t\t<\/div>\n\t\t\t\t<\/div>\n\t\t\t\t\t<\/div>\n\t\t\t\t<\/div>\n\t\t<div class=\"elementor-element elementor-element-2c36ced e-flex e-con-boxed e-con e-parent\" data-id=\"2c36ced\" data-element_type=\"container\" data-e-type=\"container\">\n\t\t\t\t\t<div class=\"e-con-inner\">\n\t\t\t\t<div class=\"elementor-element elementor-element-4e82f86 elementor-widget elementor-widget-text-editor\" data-id=\"4e82f86\" data-element_type=\"widget\" data-e-type=\"widget\" data-widget_type=\"text-editor.default\">\n\t\t\t\t<div class=\"elementor-widget-container\">\n\t\t\t\t\t\t\t\t\t<p>P\u00e1gina 4: <strong>Solim\u00e1n \/ Solimanes<\/strong><br \/>Se trata de Suleiman ibn Qutulmish \u2192 m\u00e1s conocido como Solim\u00e1n I de R\u00fbm, fundador del sultanato sely\u00facida de R\u00fbm.<br \/>Hist\u00f3ricamente esto es correcto: conquist\u00f3 en Asia Menor, entre otros lugares, Nicea.<br \/><strong>Nicea (Nicaea \/ Iznik)<\/strong><br \/>Se convirti\u00f3 en capital turca en 1081 \u2192 correctamente fechado.<br \/><strong>Enrique IV (Heinrich IV)<\/strong><br \/>Emperador del Sacro Imperio Romano Germ\u00e1nico (1056\u20131105).<br \/>El autor lo utiliza como referencia temporal \u2192 poco antes de la Primera Cruzada.<br \/><strong>Ponto \/ Capadocia \/ Bitinia<\/strong><br \/>Regiones hist\u00f3ricas de Asia Menor.<br \/><strong>Turcomanian \u2192 Turcomania<\/strong><br \/>T\u00e9rmino utilizado en fuentes europeas antiguas para referirse a las regiones donde se establecieron los n\u00f3madas turcos (turcomanos).<br \/>Esta p\u00e1gina describe c\u00f3mo los turcos \u2014 tras sus conquistas en Persia\/Mesopotamia \u2014 avanzaron hacia Asia Menor bajo Suleim\u00e1n, estableciendo Nicea como su capital.<br \/>Esto conduce hist\u00f3ricamente a la situaci\u00f3n justo antes de la Cruzada de 1096\u20131099.<\/p>\t\t\t\t\t\t\t\t<\/div>\n\t\t\t\t<\/div>\n\t\t\t\t\t<\/div>\n\t\t\t\t<\/div>\n\t\t<div class=\"elementor-element elementor-element-9a0e54f e-flex e-con-boxed e-con e-parent\" data-id=\"9a0e54f\" data-element_type=\"container\" data-e-type=\"container\">\n\t\t\t\t\t<div class=\"e-con-inner\">\n\t\t\t\t<div class=\"elementor-element elementor-element-78c3748 elementor-widget elementor-widget-image\" data-id=\"78c3748\" data-element_type=\"widget\" data-e-type=\"widget\" data-widget_type=\"image.default\">\n\t\t\t\t<div class=\"elementor-widget-container\">\n\t\t\t\t\t\t\t\t\t\t\t\t\t\t\t<img loading=\"lazy\" decoding=\"async\" width=\"300\" height=\"55\" src=\"https:\/\/nederlandsetempeliers.nl\/wp-content\/uploads\/guirlande-300x55.jpeg\" class=\"attachment-medium size-medium wp-image-7474\" alt=\"Guirnalda\" srcset=\"https:\/\/nederlandsetempeliers.nl\/wp-content\/uploads\/guirlande-300x55.jpeg 300w, https:\/\/nederlandsetempeliers.nl\/wp-content\/uploads\/guirlande-1024x189.jpeg 1024w, https:\/\/nederlandsetempeliers.nl\/wp-content\/uploads\/guirlande-768x142.jpeg 768w, https:\/\/nederlandsetempeliers.nl\/wp-content\/uploads\/guirlande.jpeg 1534w\" sizes=\"(max-width: 300px) 100vw, 300px\" \/>\t\t\t\t\t\t\t\t\t\t\t\t\t\t\t<\/div>\n\t\t\t\t<\/div>\n\t\t\t\t\t<\/div>\n\t\t\t\t<\/div>\n\t\t<div class=\"elementor-element elementor-element-3c5a2ac e-flex e-con-boxed e-con e-parent\" data-id=\"3c5a2ac\" data-element_type=\"container\" data-e-type=\"container\">\n\t\t\t\t\t<div class=\"e-con-inner\">\n\t\t<div class=\"elementor-element elementor-element-dd3f212 e-con-full e-flex e-con e-child\" data-id=\"dd3f212\" data-element_type=\"container\" data-e-type=\"container\">\n\t\t\t\t<div class=\"elementor-element elementor-element-589cec4 elementor-widget elementor-widget-text-editor\" data-id=\"589cec4\" data-element_type=\"widget\" data-e-type=\"widget\" data-widget_type=\"text-editor.default\">\n\t\t\t\t<div class=\"elementor-widget-container\">\n\t\t\t\t\t\t\t\t\t<p>P\u00e1gina 5<br \/>C\u2019est l\u00e0 o\u00f9 Mahomet a \u00e9tabl une Loi \u00e0 son nom, qui subsiste encore aujourd\u2019huy et a quitt\u00e9 celle de Sarasin ou Greque, mais ils n\u2019ont pas quitt\u00e9 leurs mauvaises inclinations Barbare et Tyranne, c\u2019est pourquoi que les Chr\u00e9tiens qui \u00e9toient<br \/>sous leurs Domination avoient beaucoup \u00e0 Souffrir, bien plus que quand ils \u00e9toient<br \/>Sarasin.<br \/>Dans ce tems l\u00e0 il arriva que dans la quantit\u00e9 de Pelerins qui viaggioit journellement\u2026<\/p>\t\t\t\t\t\t\t\t<\/div>\n\t\t\t\t<\/div>\n\t\t\t\t<\/div>\n\t\t<div class=\"elementor-element elementor-element-32ff4b5 e-con-full e-flex e-con e-child\" data-id=\"32ff4b5\" data-element_type=\"container\" data-e-type=\"container\">\n\t\t\t\t<div class=\"elementor-element elementor-element-8bb073d elementor-widget elementor-widget-image\" data-id=\"8bb073d\" data-element_type=\"widget\" data-e-type=\"widget\" data-widget_type=\"image.default\">\n\t\t\t\t<div class=\"elementor-widget-container\">\n\t\t\t\t\t\t\t\t\t\t\t\t\t\t\t<img loading=\"lazy\" decoding=\"async\" width=\"499\" height=\"1024\" src=\"https:\/\/nederlandsetempeliers.nl\/wp-content\/uploads\/Pelgrim-4-499x1024.jpeg\" class=\"attachment-large size-large wp-image-8343\" alt=\"peregrino\" srcset=\"https:\/\/nederlandsetempeliers.nl\/wp-content\/uploads\/Pelgrim-4-499x1024.jpeg 499w, https:\/\/nederlandsetempeliers.nl\/wp-content\/uploads\/Pelgrim-4-146x300.jpeg 146w, https:\/\/nederlandsetempeliers.nl\/wp-content\/uploads\/Pelgrim-4.jpeg 684w\" sizes=\"(max-width: 499px) 100vw, 499px\" \/>\t\t\t\t\t\t\t\t\t\t\t\t\t\t\t<\/div>\n\t\t\t\t<\/div>\n\t\t\t\t<\/div>\n\t\t<div class=\"elementor-element elementor-element-51d4780 e-con-full e-flex e-con e-child\" data-id=\"51d4780\" data-element_type=\"container\" data-e-type=\"container\">\n\t\t\t\t<div class=\"elementor-element elementor-element-783a55a elementor-widget__width-initial elementor-widget elementor-widget-text-editor\" data-id=\"783a55a\" data-element_type=\"widget\" data-e-type=\"widget\" data-widget_type=\"text-editor.default\">\n\t\t\t\t<div class=\"elementor-widget-container\">\n\t\t\t\t\t\t\t\t\t<p>P\u00e1gina 5<br \/>Fue all\u00ed donde Mahoma estableci\u00f3 una ley en su nombre, que a\u00fan hoy sigue existiendo, y por la cual abandonaron la antigua ley de los sarracenos o de los griegos.<br \/>Pero no abandonaron sus malas, b\u00e1rbaras y tir\u00e1nicas inclinaciones;<br \/>por ello, los cristianos que viv\u00edan bajo su dominio sufrieron mucho \u2014 incluso m\u00e1s que cuando a\u00fan eran sarracenos.<br \/>En aquel tiempo ocurri\u00f3 que, entre el gran n\u00famero de peregrinos que viajaban diariamente\u2026<\/p>\t\t\t\t\t\t\t\t<\/div>\n\t\t\t\t<\/div>\n\t\t\t\t<\/div>\n\t\t\t\t\t<\/div>\n\t\t\t\t<\/div>\n\t\t<div class=\"elementor-element elementor-element-b3c1540 e-flex e-con-boxed e-con e-parent\" data-id=\"b3c1540\" data-element_type=\"container\" data-e-type=\"container\">\n\t\t\t\t\t<div class=\"e-con-inner\">\n\t\t\t\t<div class=\"elementor-element elementor-element-80a7568 elementor-widget elementor-widget-text-editor\" data-id=\"80a7568\" data-element_type=\"widget\" data-e-type=\"widget\" data-widget_type=\"text-editor.default\">\n\t\t\t\t<div class=\"elementor-widget-container\">\n\t\t\t\t\t\t\t\t\t<p>P\u00e1gina 5 \u2013 Mahomet \/ Mohammed<br \/><br \/>El autor establece una distinci\u00f3n \u2192 antes: \u201csarazin ou greque\u201d (es decir: religiones\/culturas orientales anteriores) \u2192 despu\u00e9s: ley isl\u00e1mica (\u201cLoi \u00e0 son nom\u201d).<br \/>Describir el islam como \u201cestablecido por Mahoma\u201d es caracter\u00edstico del pensamiento preilustrado:<br \/>\u2192 el islam = una innovaci\u00f3n que divide \u2192 alejamiento del antiguo orden del mundo<br \/>Preludio a los peregrinos \u2192 Pierre l\u2019Hermite \u2192 Cruzada<br \/>La frase termina con:<br \/>\u201centre el gran n\u00famero de peregrinos que viajaban diariamente\u2026\u201d<br \/>Una introducci\u00f3n a:<br \/>\u2192 los peregrinos son maltratados \u2192 Europa reacciona \u2192 Cruzada<br \/>Nos encontramos ahora, en cuanto al contenido, justo antes de la Primera Cruzada (1096).<\/p>\t\t\t\t\t\t\t\t<\/div>\n\t\t\t\t<\/div>\n\t\t\t\t\t<\/div>\n\t\t\t\t<\/div>\n\t\t\t\t<section class=\"elementor-section elementor-top-section elementor-element elementor-element-1faf3b30 elementor-section-boxed elementor-section-height-default elementor-section-height-default\" data-id=\"1faf3b30\" data-element_type=\"section\" data-e-type=\"section\" data-settings=\"{&quot;background_background&quot;:&quot;classic&quot;,&quot;shape_divider_top&quot;:&quot;triangle&quot;,&quot;shape_divider_top_negative&quot;:&quot;yes&quot;,&quot;shape_divider_bottom&quot;:&quot;triangle&quot;,&quot;shape_divider_bottom_negative&quot;:&quot;yes&quot;}\">\n\t\t\t\t\t<div class=\"elementor-shape elementor-shape-top\" aria-hidden=\"true\" data-negative=\"true\">\n\t\t\t<svg xmlns=\"http:\/\/www.w3.org\/2000\/svg\" viewBox=\"0 0 1000 100\" preserveAspectRatio=\"none\">\n\t<path class=\"elementor-shape-fill\" d=\"M500.2,94.7L0,0v100h1000V0L500.2,94.7z\"\/>\n<\/svg>\t\t<\/div>\n\t\t\t\t<div class=\"elementor-shape elementor-shape-bottom\" aria-hidden=\"true\" data-negative=\"true\">\n\t\t\t<svg xmlns=\"http:\/\/www.w3.org\/2000\/svg\" viewBox=\"0 0 1000 100\" preserveAspectRatio=\"none\">\n\t<path class=\"elementor-shape-fill\" d=\"M500.2,94.7L0,0v100h1000V0L500.2,94.7z\"\/>\n<\/svg>\t\t<\/div>\n\t\t\t\t\t<div class=\"elementor-container elementor-column-gap-default\">\n\t\t\t\t\t<div class=\"elementor-column elementor-col-100 elementor-top-column elementor-element elementor-element-641582b2\" data-id=\"641582b2\" data-element_type=\"column\" data-e-type=\"column\">\n\t\t\t<div class=\"elementor-widget-wrap elementor-element-populated\">\n\t\t\t\t\t\t<div class=\"elementor-element elementor-element-44fb98d3 elementor-widget__width-auto elementor-view-default elementor-widget elementor-widget-icon\" data-id=\"44fb98d3\" data-element_type=\"widget\" data-e-type=\"widget\" data-widget_type=\"icon.default\">\n\t\t\t\t<div class=\"elementor-widget-container\">\n\t\t\t\t\t\t\t<div class=\"elementor-icon-wrapper\">\n\t\t\t<div class=\"elementor-icon\">\n\t\t\t<i aria-hidden=\"true\" class=\"fas fa-grip-lines\"><\/i>\t\t\t<\/div>\n\t\t<\/div>\n\t\t\t\t\t\t<\/div>\n\t\t\t\t<\/div>\n\t\t\t\t<div class=\"elementor-element elementor-element-9673c92 elementor-widget__width-auto elementor-widget elementor-widget-heading\" data-id=\"9673c92\" data-element_type=\"widget\" data-e-type=\"widget\" data-widget_type=\"heading.default\">\n\t\t\t\t<div class=\"elementor-widget-container\">\n\t\t\t\t\t<h2 class=\"elementor-heading-title elementor-size-default\">1095<\/h2>\t\t\t\t<\/div>\n\t\t\t\t<\/div>\n\t\t\t\t<div class=\"elementor-element elementor-element-66bbc6c2 elementor-widget__width-auto elementor-view-default elementor-widget elementor-widget-icon\" data-id=\"66bbc6c2\" data-element_type=\"widget\" data-e-type=\"widget\" data-widget_type=\"icon.default\">\n\t\t\t\t<div class=\"elementor-widget-container\">\n\t\t\t\t\t\t\t<div class=\"elementor-icon-wrapper\">\n\t\t\t<div class=\"elementor-icon\">\n\t\t\t<i aria-hidden=\"true\" class=\"fas fa-grip-lines\"><\/i>\t\t\t<\/div>\n\t\t<\/div>\n\t\t\t\t\t\t<\/div>\n\t\t\t\t<\/div>\n\t\t\t\t\t<\/div>\n\t\t<\/div>\n\t\t\t\t\t<\/div>\n\t\t<\/section>\n\t\t<div class=\"elementor-element elementor-element-9946a8a e-flex e-con-boxed e-con e-parent\" data-id=\"9946a8a\" data-element_type=\"container\" data-e-type=\"container\">\n\t\t\t\t\t<div class=\"e-con-inner\">\n\t\t<div class=\"elementor-element elementor-element-25bd5f0 e-con-full e-flex e-con e-child\" data-id=\"25bd5f0\" data-element_type=\"container\" data-e-type=\"container\">\n\t\t\t\t<div class=\"elementor-element elementor-element-a78edaa elementor-widget__width-initial elementor-widget elementor-widget-text-editor\" data-id=\"a78edaa\" data-element_type=\"widget\" data-e-type=\"widget\" data-widget_type=\"text-editor.default\">\n\t\t\t\t<div class=\"elementor-widget-container\">\n\t\t\t\t\t\t\t\t\t<p>P\u00e1gina 6.<br \/>d\u2019Occident \u00e0 la terre Sainte<br \/>dont entre autre il s\u2019y trouva un Religieux qui se nomoit Pierre l\u2019Hermite, il \u00e9toit l\u2019ermite d\u2019Amiens, qui fit plusieurs fois le voyage de la<br \/>terre Sainte dont il vit la miserable situation o\u00f9 les Chr\u00e9tiens \u00e9toient, entre les mains de ces Barbares. Il prit l\u2019occasion d\u2019en parler \u00e0 Simon<br \/>Patriarche de Jerusalem et ils en tinrent une Conference, et il le pria d\u2019avoir la bont\u00e9 de lui prester la main dans cette\u2026<\/p>\t\t\t\t\t\t\t\t<\/div>\n\t\t\t\t<\/div>\n\t\t\t\t<\/div>\n\t\t<div class=\"elementor-element elementor-element-749bbbd e-con-full e-flex e-con e-child\" data-id=\"749bbbd\" data-element_type=\"container\" data-e-type=\"container\">\n\t\t\t\t<div class=\"elementor-element elementor-element-c6e714c elementor-widget elementor-widget-image\" data-id=\"c6e714c\" data-element_type=\"widget\" data-e-type=\"widget\" data-widget_type=\"image.default\">\n\t\t\t\t<div class=\"elementor-widget-container\">\n\t\t\t\t\t\t\t\t\t\t\t\t\t\t\t<img loading=\"lazy\" decoding=\"async\" width=\"542\" height=\"864\" src=\"https:\/\/nederlandsetempeliers.nl\/wp-content\/uploads\/Pieter-de-Kluizenaar-4.jpeg\" class=\"attachment-large size-large wp-image-8344\" alt=\"Pedro el ermita\u00f1o\" srcset=\"https:\/\/nederlandsetempeliers.nl\/wp-content\/uploads\/Pieter-de-Kluizenaar-4.jpeg 542w, https:\/\/nederlandsetempeliers.nl\/wp-content\/uploads\/Pieter-de-Kluizenaar-4-188x300.jpeg 188w\" sizes=\"(max-width: 542px) 100vw, 542px\" \/>\t\t\t\t\t\t\t\t\t\t\t\t\t\t\t<\/div>\n\t\t\t\t<\/div>\n\t\t\t\t<\/div>\n\t\t<div class=\"elementor-element elementor-element-0f82cca e-con-full e-flex e-con e-child\" data-id=\"0f82cca\" data-element_type=\"container\" data-e-type=\"container\">\n\t\t\t\t<div class=\"elementor-element elementor-element-e85267d elementor-widget__width-initial elementor-widget elementor-widget-text-editor\" data-id=\"e85267d\" data-element_type=\"widget\" data-e-type=\"widget\" data-widget_type=\"text-editor.default\">\n\t\t\t\t<div class=\"elementor-widget-container\">\n\t\t\t\t\t\t\t\t\t<p>P\u00e1gina 6<br \/>\u2026desde Occidente hacia la Tierra Santa. Entre ellos se encontraba un hombre religioso llamado Pedro el Ermita\u00f1o; era el ermita\u00f1o de Amiens y realiz\u00f3 varios viajes a la Tierra Santa.<br \/>All\u00ed vio la miserable situaci\u00f3n en la que viv\u00edan los cristianos, en manos de estos b\u00e1rbaros.<br \/>Aprovech\u00f3 la ocasi\u00f3n para hablar de ello con Sim\u00f3n, el Patriarca de Jerusal\u00e9n, y mantuvieron una conversaci\u00f3n; en la que le pidi\u00f3 que tuviera la bondad de ayudarle en esto\u2026<\/p>\t\t\t\t\t\t\t\t<\/div>\n\t\t\t\t<\/div>\n\t\t\t\t<\/div>\n\t\t\t\t\t<\/div>\n\t\t\t\t<\/div>\n\t\t<div class=\"elementor-element elementor-element-5ca2726 e-flex e-con-boxed e-con e-parent\" data-id=\"5ca2726\" data-element_type=\"container\" data-e-type=\"container\">\n\t\t\t\t\t<div class=\"e-con-inner\">\n\t\t\t\t<div class=\"elementor-element elementor-element-d1d6707 elementor-widget elementor-widget-text-editor\" data-id=\"d1d6707\" data-element_type=\"widget\" data-e-type=\"widget\" data-widget_type=\"text-editor.default\">\n\t\t\t\t<div class=\"elementor-widget-container\">\n\t\t\t\t\t\t\t\t\t<p>P\u00e1gina 6 \u2013 Preludio a la Primera Cruzada<\/p><p><br \/>1. Pierre l\u2019Hermite (Peter the Hermit)<br \/>Seg\u00fan la tradici\u00f3n medieval, desempe\u00f1\u00f3 un papel importante en:<br \/>\u2013 ver la miseria en Tierra Santa<br \/>\u2013 despertar el esp\u00edritu de cruzada en Europa<br \/>\u2192 iniciador de la Cruzada<br \/><br \/>\u2022 \u2192 La situaci\u00f3n es grave \u2192 cristianos = sufrientes, inocentes<br \/>\u2192 musulmanes = crueles, b\u00e1rbaros (nota: esto refleja la perspectiva de la fuente medieval)<br \/>\u2192 Un hombre santo ve esto<br \/>\u2192 No puede permanecer en silencio<br \/>\u2192 Act\u00faa \u2192 contacto \u2192 consulta \u2192 acci\u00f3n<br \/><br \/>2. \u201cPatriarca de Jerusal\u00e9n\u201d Aqu\u00ed: Sim\u00f3n \u2014 el apoyo espiritual de la Cruzada. <\/p>\t\t\t\t\t\t\t\t<\/div>\n\t\t\t\t<\/div>\n\t\t\t\t\t<\/div>\n\t\t\t\t<\/div>\n\t\t<div class=\"elementor-element elementor-element-472b856 e-flex e-con-boxed e-con e-parent\" data-id=\"472b856\" data-element_type=\"container\" data-e-type=\"container\">\n\t\t\t\t\t<div class=\"e-con-inner\">\n\t\t\t\t<div class=\"elementor-element elementor-element-76903cb elementor-widget elementor-widget-image\" data-id=\"76903cb\" data-element_type=\"widget\" data-e-type=\"widget\" data-widget_type=\"image.default\">\n\t\t\t\t<div class=\"elementor-widget-container\">\n\t\t\t\t\t\t\t\t\t\t\t\t\t\t\t<img loading=\"lazy\" decoding=\"async\" width=\"300\" height=\"55\" src=\"https:\/\/nederlandsetempeliers.nl\/wp-content\/uploads\/guirlande-300x55.jpeg\" class=\"attachment-medium size-medium wp-image-7474\" alt=\"Guirnalda\" srcset=\"https:\/\/nederlandsetempeliers.nl\/wp-content\/uploads\/guirlande-300x55.jpeg 300w, https:\/\/nederlandsetempeliers.nl\/wp-content\/uploads\/guirlande-1024x189.jpeg 1024w, https:\/\/nederlandsetempeliers.nl\/wp-content\/uploads\/guirlande-768x142.jpeg 768w, https:\/\/nederlandsetempeliers.nl\/wp-content\/uploads\/guirlande.jpeg 1534w\" sizes=\"(max-width: 300px) 100vw, 300px\" \/>\t\t\t\t\t\t\t\t\t\t\t\t\t\t\t<\/div>\n\t\t\t\t<\/div>\n\t\t\t\t\t<\/div>\n\t\t\t\t<\/div>\n\t\t<div class=\"elementor-element elementor-element-b78f260 e-flex e-con-boxed e-con e-parent\" data-id=\"b78f260\" data-element_type=\"container\" data-e-type=\"container\">\n\t\t\t\t\t<div class=\"e-con-inner\">\n\t\t<div class=\"elementor-element elementor-element-0172e09 e-con-full e-flex e-con e-child\" data-id=\"0172e09\" data-element_type=\"container\" data-e-type=\"container\">\n\t\t\t\t<div class=\"elementor-element elementor-element-ba5cc16 elementor-widget elementor-widget-text-editor\" data-id=\"ba5cc16\" data-element_type=\"widget\" data-e-type=\"widget\" data-widget_type=\"text-editor.default\">\n\t\t\t\t<div class=\"elementor-widget-container\">\n\t\t\t\t\t\t\t\t\t<p>P\u00e1gina 7<br \/>cette affaire, qu\u2019il eut seulement la bont\u00e9 d\u2019en \u00e9crire au Pape, de le faire \u00e0 savoir aux Princes de l\u2019Europe que pour lui de son c\u00f4t\u00e9 il se portoit fort d\u2019exciter les Courones de l\u2019Occident<br \/>et de faire une exp\u00e9dition contre les Turcs et de conqu\u00e9rir la terre Sainte.<br \/><br \/>Le Pape Urbain II se signala de tenir un Congr\u00e9 \u00e0 Piacenza par l\u2019avis de<br \/>l\u2019Empereur Henri IV l\u00e0 o\u00f9 tous les Embassadeurs de l\u2019Europe, m\u00eame ceux de\u2026<\/p>\t\t\t\t\t\t\t\t<\/div>\n\t\t\t\t<\/div>\n\t\t\t\t<\/div>\n\t\t<div class=\"elementor-element elementor-element-c149cb0 e-con-full e-flex e-con e-child\" data-id=\"c149cb0\" data-element_type=\"container\" data-e-type=\"container\">\n\t\t\t\t<div class=\"elementor-element elementor-element-4ea6eb1 elementor-widget elementor-widget-image\" data-id=\"4ea6eb1\" data-element_type=\"widget\" data-e-type=\"widget\" data-widget_type=\"image.default\">\n\t\t\t\t<div class=\"elementor-widget-container\">\n\t\t\t\t\t\t\t\t\t\t\t\t\t\t\t<img loading=\"lazy\" decoding=\"async\" width=\"280\" height=\"498\" src=\"https:\/\/nederlandsetempeliers.nl\/wp-content\/uploads\/Paus-Urbanus-II-4.jpeg\" class=\"attachment-large size-large wp-image-9176\" alt=\"Paus Urbanus II\" srcset=\"https:\/\/nederlandsetempeliers.nl\/wp-content\/uploads\/Paus-Urbanus-II-4.jpeg 280w, https:\/\/nederlandsetempeliers.nl\/wp-content\/uploads\/Paus-Urbanus-II-4-169x300.jpeg 169w\" sizes=\"(max-width: 280px) 100vw, 280px\" \/>\t\t\t\t\t\t\t\t\t\t\t\t\t\t\t<\/div>\n\t\t\t\t<\/div>\n\t\t\t\t<\/div>\n\t\t<div class=\"elementor-element elementor-element-49dee8f e-con-full e-flex e-con e-child\" data-id=\"49dee8f\" data-element_type=\"container\" data-e-type=\"container\">\n\t\t\t\t<div class=\"elementor-element elementor-element-b40267b elementor-widget elementor-widget-text-editor\" data-id=\"b40267b\" data-element_type=\"widget\" data-e-type=\"widget\" data-widget_type=\"text-editor.default\">\n\t\t\t\t<div class=\"elementor-widget-container\">\n\t\t\t\t\t\t\t\t\t<p>P\u00e1gina <br \/>En este asunto\u2026 de modo que solo tuvo<br \/>la bondad de escribir sobre ello al Papa,<br \/>de informarle, y a los pr\u00edncipes de Europa,<br \/>que por su parte estaba dispuesto a convocar a las coronas de Occidente<br \/>para emprender una expedici\u00f3n contra los turcos y conquistar la Tierra Santa.<\/p><p>El Papa Urbano II se dispuso a celebrar una asamblea en Piacenza, por consejo del emperador Enrique IV, a la cual acudieron todos los embajadores<br \/>de Europa, incluso los de\u2026<\/p>\t\t\t\t\t\t\t\t<\/div>\n\t\t\t\t<\/div>\n\t\t\t\t<\/div>\n\t\t\t\t\t<\/div>\n\t\t\t\t<\/div>\n\t\t<div class=\"elementor-element elementor-element-ce46a8a e-flex e-con-boxed e-con e-parent\" data-id=\"ce46a8a\" data-element_type=\"container\" data-e-type=\"container\">\n\t\t\t\t\t<div class=\"e-con-inner\">\n\t\t\t\t<div class=\"elementor-element elementor-element-1972c9f elementor-widget elementor-widget-text-editor\" data-id=\"1972c9f\" data-element_type=\"widget\" data-e-type=\"widget\" data-widget_type=\"text-editor.default\">\n\t\t\t\t<div class=\"elementor-widget-container\">\n\t\t\t\t\t\t\t\t\t<p>Nos encontramos ahora en una importante transici\u00f3n hist\u00f3rica:<br \/><br \/>\u2192 de Pedro el Ermita\u00f1o \u2192 al Papa Urbano II<br \/>\u2192 el paso de una se\u00f1al espiritual \u2192 a una acci\u00f3n pol\u00edtica<br \/><br \/>\u2705 1. Urbano II y el Concilio de Piacenza (marzo de 1095)<br \/>\u00b7 la situaci\u00f3n de los cristianos en Oriente,<br \/>\u00b7 la petici\u00f3n del emperador bizantino Alejo I de ayuda contra los turcos.<br \/>El siguiente concilio \u2014 Clermont \u2014<br \/>se convirti\u00f3 en el momento en que la cruzada fue proclamada oficialmente.<br \/><br \/>Leemos:<br \/>\u00b7 La \u201cbont\u00e9\u201d \u2192 la humildad de Pedro el Ermita\u00f1o<br \/>\u00b7 Que sigui\u00f3 el camino correcto: Papa \u2192 pr\u00edncipes<br \/>\u00b7 Que el Papa actu\u00f3 de inmediato<br \/><br \/>\u2705 3. Las coronas de Occidente \u2014 el t\u00e9rmino subraya que el proyecto:<br \/>\u2192 era europeo y cristiano \u2192 no solo franc\u00e9s, alem\u00e1n, etc.<br \/>El valor simb\u00f3lico de la cruzada: \u2192 una sola cristiandad, un solo objetivo.<\/p>\t\t\t\t\t\t\t\t<\/div>\n\t\t\t\t<\/div>\n\t\t\t\t\t<\/div>\n\t\t\t\t<\/div>\n\t\t<div class=\"elementor-element elementor-element-b53c3f5 e-flex e-con-boxed e-con e-parent\" data-id=\"b53c3f5\" data-element_type=\"container\" data-e-type=\"container\">\n\t\t\t\t\t<div class=\"e-con-inner\">\n\t\t\t\t<div class=\"elementor-element elementor-element-e1e93eb elementor-widget elementor-widget-image\" data-id=\"e1e93eb\" data-element_type=\"widget\" data-e-type=\"widget\" data-widget_type=\"image.default\">\n\t\t\t\t<div class=\"elementor-widget-container\">\n\t\t\t\t\t\t\t\t\t\t\t\t\t\t\t<img loading=\"lazy\" decoding=\"async\" width=\"300\" height=\"55\" src=\"https:\/\/nederlandsetempeliers.nl\/wp-content\/uploads\/guirlande-300x55.jpeg\" class=\"attachment-medium size-medium wp-image-7474\" alt=\"Guirnalda\" srcset=\"https:\/\/nederlandsetempeliers.nl\/wp-content\/uploads\/guirlande-300x55.jpeg 300w, https:\/\/nederlandsetempeliers.nl\/wp-content\/uploads\/guirlande-1024x189.jpeg 1024w, https:\/\/nederlandsetempeliers.nl\/wp-content\/uploads\/guirlande-768x142.jpeg 768w, https:\/\/nederlandsetempeliers.nl\/wp-content\/uploads\/guirlande.jpeg 1534w\" sizes=\"(max-width: 300px) 100vw, 300px\" \/>\t\t\t\t\t\t\t\t\t\t\t\t\t\t\t<\/div>\n\t\t\t\t<\/div>\n\t\t\t\t\t<\/div>\n\t\t\t\t<\/div>\n\t\t<div class=\"elementor-element elementor-element-141a158 e-flex e-con-boxed e-con e-parent\" data-id=\"141a158\" data-element_type=\"container\" data-e-type=\"container\">\n\t\t\t\t\t<div class=\"e-con-inner\">\n\t\t<div class=\"elementor-element elementor-element-614531f e-con-full e-flex e-con e-child\" data-id=\"614531f\" data-element_type=\"container\" data-e-type=\"container\">\n\t\t\t\t<div class=\"elementor-element elementor-element-4d6b258 elementor-widget elementor-widget-text-editor\" data-id=\"4d6b258\" data-element_type=\"widget\" data-e-type=\"widget\" data-widget_type=\"text-editor.default\">\n\t\t\t\t<div class=\"elementor-widget-container\">\n\t\t\t\t\t\t\t\t\t<p>P\u00e1gine 8<br \/>de Constantinople y ont paru,et par apr\u00e8s \u00e0 Clermont enAuvergne, l\u00e0 o\u00f9 on y tintdeux Conseils tant pour tout<br \/>l\u2019\u00c9glise, que pour bien des autres chose, mais sur tout au sujet de la guerre contre ces Barbares, pour retirer la terre Sainte de leur mains.<br \/><br \/>L\u2019on a conclu d\u2019accorder une<br \/>indulgence plenierre \u00e0 tous ceux qui s\u2019offroient \u00e0 cette entreprise, mais encore tous leurs biens et leurs personnes m\u00eame sous la protection du\u2026<\/p>\t\t\t\t\t\t\t\t<\/div>\n\t\t\t\t<\/div>\n\t\t\t\t<\/div>\n\t\t<div class=\"elementor-element elementor-element-0dc75f7 e-con-full e-flex e-con e-child\" data-id=\"0dc75f7\" data-element_type=\"container\" data-e-type=\"container\">\n\t\t\t\t<div class=\"elementor-element elementor-element-308c515 elementor-widget elementor-widget-image\" data-id=\"308c515\" data-element_type=\"widget\" data-e-type=\"widget\" data-widget_type=\"image.default\">\n\t\t\t\t<div class=\"elementor-widget-container\">\n\t\t\t\t\t\t\t\t\t\t\t\t\t\t\t<img loading=\"lazy\" decoding=\"async\" width=\"800\" height=\"649\" src=\"https:\/\/nederlandsetempeliers.nl\/wp-content\/uploads\/Aflaat-Paus-Urbanus-II-4-1024x831.jpeg\" class=\"attachment-large size-large wp-image-9177\" alt=\"Aflaat Paus Urbanus II\" srcset=\"https:\/\/nederlandsetempeliers.nl\/wp-content\/uploads\/Aflaat-Paus-Urbanus-II-4-1024x831.jpeg 1024w, https:\/\/nederlandsetempeliers.nl\/wp-content\/uploads\/Aflaat-Paus-Urbanus-II-4-300x244.jpeg 300w, https:\/\/nederlandsetempeliers.nl\/wp-content\/uploads\/Aflaat-Paus-Urbanus-II-4-768x623.jpeg 768w, https:\/\/nederlandsetempeliers.nl\/wp-content\/uploads\/Aflaat-Paus-Urbanus-II-4.jpeg 1392w\" sizes=\"(max-width: 800px) 100vw, 800px\" \/>\t\t\t\t\t\t\t\t\t\t\t\t\t\t\t<\/div>\n\t\t\t\t<\/div>\n\t\t\t\t<\/div>\n\t\t<div class=\"elementor-element elementor-element-5041d2b e-con-full e-flex e-con e-child\" data-id=\"5041d2b\" data-element_type=\"container\" data-e-type=\"container\">\n\t\t\t\t<div class=\"elementor-element elementor-element-fb7711c elementor-widget elementor-widget-text-editor\" data-id=\"fb7711c\" data-element_type=\"widget\" data-e-type=\"widget\" data-widget_type=\"text-editor.default\">\n\t\t\t\t<div class=\"elementor-widget-container\">\n\t\t\t\t\t\t\t\t\t<p>P\u00e1gina 8<br \/>\u2026de Constantinopla acudieron all\u00ed,<br \/>y despu\u00e9s a Clermont en Auvernia, donde se celebraron dos concilios,<br \/>tanto para toda la Iglesia, como para muchos otros asuntos, pero sobre todo<br \/>en lo relativo a la guerra contra estos b\u00e1rbaros, para liberar la Tierra Santa<br \/>de sus manos.<br \/>Se decidi\u00f3 conceder una indulgencia plena a todos aquellos que se ofrecieran<br \/>para esta empresa, y adem\u00e1s poner<br \/>sus bienes y sus personas bajo la protecci\u00f3n de\u2026<\/p>\t\t\t\t\t\t\t\t<\/div>\n\t\t\t\t<\/div>\n\t\t\t\t<\/div>\n\t\t\t\t\t<\/div>\n\t\t\t\t<\/div>\n\t\t<div class=\"elementor-element elementor-element-f9fcf0e e-flex e-con-boxed e-con e-parent\" data-id=\"f9fcf0e\" data-element_type=\"container\" data-e-type=\"container\">\n\t\t\t\t\t<div class=\"e-con-inner\">\n\t\t\t\t<div class=\"elementor-element elementor-element-957492a elementor-widget elementor-widget-text-editor\" data-id=\"957492a\" data-element_type=\"widget\" data-e-type=\"widget\" data-widget_type=\"text-editor.default\">\n\t\t\t\t<div class=\"elementor-widget-container\">\n\t\t\t\t\t\t\t\t\t<p>2 concilios:<br \/><br \/>1: marzo de 1095 en Piacenza<br \/>2: Clermont, noviembre de 1095<br \/><br \/>El momento en que el Papa Urbano II proclam\u00f3 oficialmente la Cruzada. Indulgencia plenaria:<br \/>Quien participaba para liberar Jerusal\u00e9n<br \/><br \/>\u21d2 recib\u00eda el perd\u00f3n de todos sus pecados<br \/>Esto requer\u00eda:<br \/>\u2192 ir con intenci\u00f3n pura<br \/>\u2192 y luchar por el Santo Sepulcro<\/p><p>Si alguien iba a la cruzada \u2192<br \/>su familia y sus bienes quedaban bajo la protecci\u00f3n de la Iglesia<br \/><br \/>Esto ten\u00eda como objetivo evitar:<br \/>\u2192 que las familias quedaran vulnerables<br \/>\u2192 que sus bienes fueran confiscados<\/p>\t\t\t\t\t\t\t\t<\/div>\n\t\t\t\t<\/div>\n\t\t\t\t\t<\/div>\n\t\t\t\t<\/div>\n\t\t<div class=\"elementor-element elementor-element-89f1a81 e-flex e-con-boxed e-con e-parent\" data-id=\"89f1a81\" data-element_type=\"container\" data-e-type=\"container\">\n\t\t\t\t\t<div class=\"e-con-inner\">\n\t\t\t\t<div class=\"elementor-element elementor-element-79b930a elementor-widget elementor-widget-image\" data-id=\"79b930a\" data-element_type=\"widget\" data-e-type=\"widget\" data-widget_type=\"image.default\">\n\t\t\t\t<div class=\"elementor-widget-container\">\n\t\t\t\t\t\t\t\t\t\t\t\t\t\t\t<img loading=\"lazy\" decoding=\"async\" width=\"300\" height=\"55\" src=\"https:\/\/nederlandsetempeliers.nl\/wp-content\/uploads\/guirlande-300x55.jpeg\" class=\"attachment-medium size-medium wp-image-7474\" alt=\"Guirnalda\" srcset=\"https:\/\/nederlandsetempeliers.nl\/wp-content\/uploads\/guirlande-300x55.jpeg 300w, https:\/\/nederlandsetempeliers.nl\/wp-content\/uploads\/guirlande-1024x189.jpeg 1024w, https:\/\/nederlandsetempeliers.nl\/wp-content\/uploads\/guirlande-768x142.jpeg 768w, https:\/\/nederlandsetempeliers.nl\/wp-content\/uploads\/guirlande.jpeg 1534w\" sizes=\"(max-width: 300px) 100vw, 300px\" \/>\t\t\t\t\t\t\t\t\t\t\t\t\t\t\t<\/div>\n\t\t\t\t<\/div>\n\t\t\t\t\t<\/div>\n\t\t\t\t<\/div>\n\t\t<div class=\"elementor-element elementor-element-840bebd e-flex e-con-boxed e-con e-parent\" data-id=\"840bebd\" data-element_type=\"container\" data-e-type=\"container\">\n\t\t\t\t\t<div class=\"e-con-inner\">\n\t\t<div class=\"elementor-element elementor-element-b565188 e-con-full e-flex e-con e-child\" data-id=\"b565188\" data-element_type=\"container\" data-e-type=\"container\">\n\t\t\t\t<div class=\"elementor-element elementor-element-1dfe056 elementor-widget elementor-widget-text-editor\" data-id=\"1dfe056\" data-element_type=\"widget\" data-e-type=\"widget\" data-widget_type=\"text-editor.default\">\n\t\t\t\t<div class=\"elementor-widget-container\">\n\t\t\t\t\t\t\t\t\t<p>P\u00e1gine 9<br \/>du Pape et de l\u2019\u00c9glise, et tous ceux qui \u00e9toient homme de guerre ou qui savoient manier les armes, refuseroient de mettre l\u2019\u00e9p\u00e9e \u00e0 la main seroient bannie de l\u2019\u00c9glise et m\u00eame<br \/>excommuni\u00e9.<br \/>L\u2019on donna ordre \u00e0 tous les \u00c9v\u00eaques de donner de pr\u00eacher dans tous les<br \/>endroits de leur Dioc\u00e8se, afin<br \/>d\u2019animer le peuple \u00e0 cette entreprise, et tous ceux qui auront pris la resolution de cette exp\u00e9dition fussent marqu\u00e9 d\u2019une Croix rouge qu\u2019on leurs\u2026<\/p>\t\t\t\t\t\t\t\t<\/div>\n\t\t\t\t<\/div>\n\t\t\t\t<\/div>\n\t\t<div class=\"elementor-element elementor-element-77e97f4 e-con-full e-flex e-con e-child\" data-id=\"77e97f4\" data-element_type=\"container\" data-e-type=\"container\">\n\t\t\t\t<div class=\"elementor-element elementor-element-60eac2e elementor-widget elementor-widget-image\" data-id=\"60eac2e\" data-element_type=\"widget\" data-e-type=\"widget\" data-widget_type=\"image.default\">\n\t\t\t\t<div class=\"elementor-widget-container\">\n\t\t\t\t\t\t\t\t\t\t\t\t\t\t\t<img loading=\"lazy\" decoding=\"async\" width=\"320\" height=\"323\" src=\"https:\/\/nederlandsetempeliers.nl\/wp-content\/uploads\/erfg3-1.jpg\" class=\"attachment-large size-large wp-image-9915\" alt=\"Iglesia Breda 1550\" srcset=\"https:\/\/nederlandsetempeliers.nl\/wp-content\/uploads\/erfg3-1.jpg 320w, https:\/\/nederlandsetempeliers.nl\/wp-content\/uploads\/erfg3-1-297x300.jpg 297w, https:\/\/nederlandsetempeliers.nl\/wp-content\/uploads\/erfg3-1-150x150.jpg 150w\" sizes=\"(max-width: 320px) 100vw, 320px\" \/>\t\t\t\t\t\t\t\t\t\t\t\t\t\t\t<\/div>\n\t\t\t\t<\/div>\n\t\t\t\t<\/div>\n\t\t<div class=\"elementor-element elementor-element-a6c1ba1 e-con-full e-flex e-con e-child\" data-id=\"a6c1ba1\" data-element_type=\"container\" data-e-type=\"container\">\n\t\t\t\t<div class=\"elementor-element elementor-element-afcf598 elementor-widget elementor-widget-text-editor\" data-id=\"afcf598\" data-element_type=\"widget\" data-e-type=\"widget\" data-widget_type=\"text-editor.default\">\n\t\t\t\t<div class=\"elementor-widget-container\">\n\t\t\t\t\t\t\t\t\t<p>P\u00e1gina 9<\/p><p>\u2026del Papa y de la Iglesia; y todos aquellos que fueran hombres de guerra o supieran manejar las armas y se negaran a tomar la espada, ser\u00edan expulsados de la Iglesia e incluso excomulgados.<\/p><p data-start=\"193\" data-end=\"321\">Se dio a todos los obispos la orden de predicar en todos los lugares de su di\u00f3cesis, para as\u00ed animar al pueblo a esta empresa.<\/p><p data-start=\"323\" data-end=\"440\" data-is-last-node=\"\" data-is-only-node=\"\">Y todos aquellos que tomaban la decisi\u00f3n de participar en esta expedici\u00f3n eran marcados con una cruz roja que se les\u2026<\/p>\t\t\t\t\t\t\t\t<\/div>\n\t\t\t\t<\/div>\n\t\t\t\t<\/div>\n\t\t\t\t\t<\/div>\n\t\t\t\t<\/div>\n\t\t<div class=\"elementor-element elementor-element-994a1af e-flex e-con-boxed e-con e-parent\" data-id=\"994a1af\" data-element_type=\"container\" data-e-type=\"container\">\n\t\t\t\t\t<div class=\"e-con-inner\">\n\t\t\t\t<div class=\"elementor-element elementor-element-74c09a4 elementor-widget elementor-widget-text-editor\" data-id=\"74c09a4\" data-element_type=\"widget\" data-e-type=\"widget\" data-widget_type=\"text-editor.default\">\n\t\t\t\t<div class=\"elementor-widget-container\">\n\t\t\t\t\t\t\t\t\t<p>P\u00e1gina 9<br \/>La ret\u00f3rica es la siguiente: el Santo Sepulcro es tan importante que quien puede combatir pero se niega a hacerlo, act\u00faa contra Dios mismo.<br \/><br \/>La predicaci\u00f3n se difundi\u00f3 por toda la di\u00f3cesis. Esto se realiz\u00f3 por medio de obispos, sacerdotes y predicadores populares, como Pierre l\u2019Hermite.<br \/><br \/><strong>LA CRUZ ROJA l<\/strong>os participantes de la cruzada recib\u00edan una cruz roja sobre: la vestimenta, el manto y\/o el hombro.<br \/>Este era el signo original y \u00fanico oficial del cruzado \u2192 crucesignatus = \u00abmarcado con la cruz\u00bb.<br \/>Aqu\u00ed nace la identidad de la cruzada. Esta cruz roja es tambi\u00e9n el origen de la palabra \u00abcruzado\u00bb.<br \/>Nota: este era el conocimiento existente en 1705. M\u00e1s tarde se descubri\u00f3 que la cruz roja no fue concedida oficialmente por el papa hasta entre 1144 y 1147.<br \/><br \/>Asimismo, en tiempos de las propias cruzadas, no las llamaban todav\u00eda \u00abcruzadas\u00bb. Ese nombre les fue dado mucho m\u00e1s tarde. El papa Urbano II hablaba de: Iter Hierosolymitanum \u2014 el viaje hacia Jerusal\u00e9n.<br \/><br \/>Lorem ipsum dolor sit amet, consectetur adipiscing elit. Ut elit tellus, luctus nec ullamcorper mattis, pulvinar dapibus leo.<\/p>\t\t\t\t\t\t\t\t<\/div>\n\t\t\t\t<\/div>\n\t\t\t\t\t<\/div>\n\t\t\t\t<\/div>\n\t\t\t\t<section class=\"elementor-section elementor-top-section elementor-element elementor-element-4a1f32e elementor-section-boxed elementor-section-height-default elementor-section-height-default\" data-id=\"4a1f32e\" data-element_type=\"section\" data-e-type=\"section\" data-settings=\"{&quot;background_background&quot;:&quot;classic&quot;,&quot;shape_divider_top&quot;:&quot;triangle&quot;,&quot;shape_divider_top_negative&quot;:&quot;yes&quot;,&quot;shape_divider_bottom&quot;:&quot;triangle&quot;,&quot;shape_divider_bottom_negative&quot;:&quot;yes&quot;}\">\n\t\t\t\t\t<div class=\"elementor-shape elementor-shape-top\" aria-hidden=\"true\" data-negative=\"true\">\n\t\t\t<svg xmlns=\"http:\/\/www.w3.org\/2000\/svg\" viewBox=\"0 0 1000 100\" preserveAspectRatio=\"none\">\n\t<path class=\"elementor-shape-fill\" d=\"M500.2,94.7L0,0v100h1000V0L500.2,94.7z\"\/>\n<\/svg>\t\t<\/div>\n\t\t\t\t<div class=\"elementor-shape elementor-shape-bottom\" aria-hidden=\"true\" data-negative=\"true\">\n\t\t\t<svg xmlns=\"http:\/\/www.w3.org\/2000\/svg\" viewBox=\"0 0 1000 100\" preserveAspectRatio=\"none\">\n\t<path class=\"elementor-shape-fill\" d=\"M500.2,94.7L0,0v100h1000V0L500.2,94.7z\"\/>\n<\/svg>\t\t<\/div>\n\t\t\t\t\t<div class=\"elementor-container elementor-column-gap-default\">\n\t\t\t\t\t<div class=\"elementor-column elementor-col-100 elementor-top-column elementor-element elementor-element-31814331\" data-id=\"31814331\" data-element_type=\"column\" data-e-type=\"column\">\n\t\t\t<div class=\"elementor-widget-wrap elementor-element-populated\">\n\t\t\t\t\t\t<div class=\"elementor-element elementor-element-53b84202 elementor-widget__width-auto elementor-view-default elementor-widget elementor-widget-icon\" data-id=\"53b84202\" data-element_type=\"widget\" data-e-type=\"widget\" data-widget_type=\"icon.default\">\n\t\t\t\t<div class=\"elementor-widget-container\">\n\t\t\t\t\t\t\t<div class=\"elementor-icon-wrapper\">\n\t\t\t<div class=\"elementor-icon\">\n\t\t\t<i aria-hidden=\"true\" class=\"fas fa-grip-lines\"><\/i>\t\t\t<\/div>\n\t\t<\/div>\n\t\t\t\t\t\t<\/div>\n\t\t\t\t<\/div>\n\t\t\t\t<div class=\"elementor-element elementor-element-2e706318 elementor-widget__width-auto elementor-widget elementor-widget-heading\" data-id=\"2e706318\" data-element_type=\"widget\" data-e-type=\"widget\" data-widget_type=\"heading.default\">\n\t\t\t\t<div class=\"elementor-widget-container\">\n\t\t\t\t\t<h2 class=\"elementor-heading-title elementor-size-default\">1096<\/h2>\t\t\t\t<\/div>\n\t\t\t\t<\/div>\n\t\t\t\t<div class=\"elementor-element elementor-element-21e81ea1 elementor-widget__width-auto elementor-view-default elementor-widget elementor-widget-icon\" data-id=\"21e81ea1\" data-element_type=\"widget\" data-e-type=\"widget\" data-widget_type=\"icon.default\">\n\t\t\t\t<div class=\"elementor-widget-container\">\n\t\t\t\t\t\t\t<div class=\"elementor-icon-wrapper\">\n\t\t\t<div class=\"elementor-icon\">\n\t\t\t<i aria-hidden=\"true\" class=\"fas fa-grip-lines\"><\/i>\t\t\t<\/div>\n\t\t<\/div>\n\t\t\t\t\t\t<\/div>\n\t\t\t\t<\/div>\n\t\t\t\t\t<\/div>\n\t\t<\/div>\n\t\t\t\t\t<\/div>\n\t\t<\/section>\n\t\t<div class=\"elementor-element elementor-element-3d882a0 e-flex e-con-boxed e-con e-parent\" data-id=\"3d882a0\" data-element_type=\"container\" data-e-type=\"container\">\n\t\t\t\t\t<div class=\"e-con-inner\">\n\t\t<div class=\"elementor-element elementor-element-946d69a e-con-full e-flex e-con e-child\" data-id=\"946d69a\" data-element_type=\"container\" data-e-type=\"container\">\n\t\t\t\t<div class=\"elementor-element elementor-element-dd83db0 elementor-widget elementor-widget-text-editor\" data-id=\"dd83db0\" data-element_type=\"widget\" data-e-type=\"widget\" data-widget_type=\"text-editor.default\">\n\t\t\t\t<div class=\"elementor-widget-container\">\n\t\t\t\t\t\t\t\t\t<p>P\u00e1gina 10<br \/>&#8230;attach\u00e9e sur l\u2019\u00e9paule, c\u2019est par l\u00e0 qu\u2019est devenu le nom de la Croissade.<br \/>L\u2019on ne peut exprimer l\u2019effet que ces pr\u00e9dicateurs ont op\u00e9r\u00e9 dans si peu de<br \/>tems de tous les Royaumes<br \/>d\u2019Occident le peuple y accourut \u00e0 grande foule, et receurent la marque de la croix, quelqu\u2019un d\u2019un vrai zele de voir et d\u2019adorer le vrai sepulchre de Jesus Christ, et de le retirer des mains des infidelles\u2026<\/p>\t\t\t\t\t\t\t\t<\/div>\n\t\t\t\t<\/div>\n\t\t\t\t<\/div>\n\t\t<div class=\"elementor-element elementor-element-b3d8c75 e-con-full e-flex e-con e-child\" data-id=\"b3d8c75\" data-element_type=\"container\" data-e-type=\"container\">\n\t\t\t\t<div class=\"elementor-element elementor-element-6e83581 elementor-widget elementor-widget-image\" data-id=\"6e83581\" data-element_type=\"widget\" data-e-type=\"widget\" data-widget_type=\"image.default\">\n\t\t\t\t<div class=\"elementor-widget-container\">\n\t\t\t\t\t\t\t\t\t\t\t\t\t\t\t<img loading=\"lazy\" decoding=\"async\" width=\"232\" height=\"348\" src=\"https:\/\/nederlandsetempeliers.nl\/wp-content\/uploads\/qsef3rg3-1.jpg\" class=\"attachment-large size-large wp-image-9916\" alt=\"Cruz del Templario\" srcset=\"https:\/\/nederlandsetempeliers.nl\/wp-content\/uploads\/qsef3rg3-1.jpg 232w, https:\/\/nederlandsetempeliers.nl\/wp-content\/uploads\/qsef3rg3-1-200x300.jpg 200w\" sizes=\"(max-width: 232px) 100vw, 232px\" \/>\t\t\t\t\t\t\t\t\t\t\t\t\t\t\t<\/div>\n\t\t\t\t<\/div>\n\t\t\t\t<\/div>\n\t\t<div class=\"elementor-element elementor-element-9a454d1 e-con-full e-flex e-con e-child\" data-id=\"9a454d1\" data-element_type=\"container\" data-e-type=\"container\">\n\t\t\t\t<div class=\"elementor-element elementor-element-6676ef5 elementor-widget elementor-widget-text-editor\" data-id=\"6676ef5\" data-element_type=\"widget\" data-e-type=\"widget\" data-widget_type=\"text-editor.default\">\n\t\t\t\t<div class=\"elementor-widget-container\">\n\t\t\t\t\t\t\t\t\t<p>P\u00e1gina 10<br \/>\u2026cosida sobre el hombro; de ah\u00ed proviene el nombre de \u00ab cruzada \u00bb. No se puede describir el efecto que estos predicadores provocaron en tan poco tiempo en todos los reinos de Occidente: el pueblo acud\u00eda en grandes multitudes y recib\u00eda el signo de la cruz.<br \/><span style=\"font-family: -apple-system, BlinkMacSystemFont, 'Segoe UI', Roboto, 'Helvetica Neue', Arial, 'Noto Sans', sans-serif, 'Apple Color Emoji', 'Segoe UI Emoji', 'Segoe UI Symbol', 'Noto Color Emoji';\">Movidos por un verdadero fuego y un profundo deseo <\/span>de ver y venerar el verdadero sepulcro de Jesucristo<br \/>y de liberarlo de las manos de los infieles\u2026<\/p>\t\t\t\t\t\t\t\t<\/div>\n\t\t\t\t<\/div>\n\t\t\t\t<\/div>\n\t\t\t\t\t<\/div>\n\t\t\t\t<\/div>\n\t\t<div class=\"elementor-element elementor-element-7960885 e-flex e-con-boxed e-con e-parent\" data-id=\"7960885\" data-element_type=\"container\" data-e-type=\"container\">\n\t\t\t\t\t<div class=\"e-con-inner\">\n\t\t\t\t<div class=\"elementor-element elementor-element-d57471c elementor-widget elementor-widget-text-editor\" data-id=\"d57471c\" data-element_type=\"widget\" data-e-type=\"widget\" data-widget_type=\"text-editor.default\">\n\t\t\t\t<div class=\"elementor-widget-container\">\n\t\t\t\t\t\t\t\t\t<p>P\u00e1gina 10<br \/>C\u2019est par l\u00e0 qu\u2019est devenu le nom la Croisade.<br \/>\u2192 Esto hace referencia al signo de la cruz roja.<br \/>\u2192 La palabra francesa \u00ab croisade \u00bb proviene de \u00ab croix \u00bb (cruz).<br \/>\u2192 El portador del signo se convierte en el \u00ab crois\u00e9 \u00bb (cruzado).<br \/><br \/>Le peuple y accourut \u00e0 grande foule<br \/>\u2192 El llamado de Urbano II desencaden\u00f3 un verdadero movimiento de masas.<br \/><br \/>Una vez m\u00e1s: en 1097 no se hablaba de ello de esta manera; esta terminolog\u00eda apareci\u00f3 realmente reci\u00e9n en el siglo XIII.<br \/><br \/><\/p>\t\t\t\t\t\t\t\t<\/div>\n\t\t\t\t<\/div>\n\t\t\t\t\t<\/div>\n\t\t\t\t<\/div>\n\t\t<div class=\"elementor-element elementor-element-fa30774 e-flex e-con-boxed e-con e-parent\" data-id=\"fa30774\" data-element_type=\"container\" data-e-type=\"container\">\n\t\t\t\t\t<div class=\"e-con-inner\">\n\t\t\t\t<div class=\"elementor-element elementor-element-fd25917 elementor-widget elementor-widget-image\" data-id=\"fd25917\" data-element_type=\"widget\" data-e-type=\"widget\" data-widget_type=\"image.default\">\n\t\t\t\t<div class=\"elementor-widget-container\">\n\t\t\t\t\t\t\t\t\t\t\t\t\t\t\t<img loading=\"lazy\" decoding=\"async\" width=\"300\" height=\"55\" src=\"https:\/\/nederlandsetempeliers.nl\/wp-content\/uploads\/guirlande-300x55.jpeg\" class=\"attachment-medium size-medium wp-image-7474\" alt=\"Guirnalda\" srcset=\"https:\/\/nederlandsetempeliers.nl\/wp-content\/uploads\/guirlande-300x55.jpeg 300w, https:\/\/nederlandsetempeliers.nl\/wp-content\/uploads\/guirlande-1024x189.jpeg 1024w, https:\/\/nederlandsetempeliers.nl\/wp-content\/uploads\/guirlande-768x142.jpeg 768w, https:\/\/nederlandsetempeliers.nl\/wp-content\/uploads\/guirlande.jpeg 1534w\" sizes=\"(max-width: 300px) 100vw, 300px\" \/>\t\t\t\t\t\t\t\t\t\t\t\t\t\t\t<\/div>\n\t\t\t\t<\/div>\n\t\t\t\t\t<\/div>\n\t\t\t\t<\/div>\n\t\t<div class=\"elementor-element elementor-element-62b9613 e-flex e-con-boxed e-con e-parent\" data-id=\"62b9613\" data-element_type=\"container\" data-e-type=\"container\">\n\t\t\t\t\t<div class=\"e-con-inner\">\n\t\t<div class=\"elementor-element elementor-element-e3067c1 e-con-full e-flex e-con e-child\" data-id=\"e3067c1\" data-element_type=\"container\" data-e-type=\"container\">\n\t\t\t\t<div class=\"elementor-element elementor-element-7e43fd3 elementor-widget elementor-widget-text-editor\" data-id=\"7e43fd3\" data-element_type=\"widget\" data-e-type=\"widget\" data-widget_type=\"text-editor.default\">\n\t\t\t\t<div class=\"elementor-widget-container\">\n\t\t\t\t\t\t\t\t\t<p>P\u00e1gina 11<br \/>&#8230; d\u2019autres par curiosit\u00e9, d\u2019autres par s\u00e9culantise, et de paresse pour \u00eatre exanter du travail et de paier leur dettes qu\u2019ils avoit fait dans leur libertinage et debauche, c\u2019est l\u00e0 ils prenoient leur pr\u00e9tes-<br \/>te jus\u2019qua aux femmes et les enfans qu\u2019ils ne voulurent pas \u00eatre exempt de ce voyage<br \/>et hors du nombre de la croisade. Enfin que l\u2019arm\u00e9e qui s\u2019avoit assembl\u00e9 de tous l\u2019occident comme dit de grand historiens, Wilhelin Malmesburg<\/p>\t\t\t\t\t\t\t\t<\/div>\n\t\t\t\t<\/div>\n\t\t\t\t<\/div>\n\t\t<div class=\"elementor-element elementor-element-3d24d69 e-con-full e-flex e-con e-child\" data-id=\"3d24d69\" data-element_type=\"container\" data-e-type=\"container\">\n\t\t\t\t<div class=\"elementor-element elementor-element-82e72de elementor-widget elementor-widget-image\" data-id=\"82e72de\" data-element_type=\"widget\" data-e-type=\"widget\" data-widget_type=\"image.default\">\n\t\t\t\t<div class=\"elementor-widget-container\">\n\t\t\t\t\t\t\t\t\t\t\t\t\t\t\t<img loading=\"lazy\" decoding=\"async\" width=\"424\" height=\"1024\" src=\"https:\/\/nederlandsetempeliers.nl\/wp-content\/uploads\/Willem-van-Malmesbury-4-424x1024.jpeg\" class=\"attachment-large size-large wp-image-10080\" alt=\"\" srcset=\"https:\/\/nederlandsetempeliers.nl\/wp-content\/uploads\/Willem-van-Malmesbury-4-424x1024.jpeg 424w, https:\/\/nederlandsetempeliers.nl\/wp-content\/uploads\/Willem-van-Malmesbury-4-124x300.jpeg 124w, https:\/\/nederlandsetempeliers.nl\/wp-content\/uploads\/Willem-van-Malmesbury-4-636x1536.jpeg 636w, https:\/\/nederlandsetempeliers.nl\/wp-content\/uploads\/Willem-van-Malmesbury-4.jpeg 662w\" sizes=\"(max-width: 424px) 100vw, 424px\" \/>\t\t\t\t\t\t\t\t\t\t\t\t\t\t\t<\/div>\n\t\t\t\t<\/div>\n\t\t\t\t<\/div>\n\t\t<div class=\"elementor-element elementor-element-846e98d e-con-full e-flex e-con e-child\" data-id=\"846e98d\" data-element_type=\"container\" data-e-type=\"container\">\n\t\t\t\t<div class=\"elementor-element elementor-element-64c2e30 elementor-widget elementor-widget-text-editor\" data-id=\"64c2e30\" data-element_type=\"widget\" data-e-type=\"widget\" data-widget_type=\"text-editor.default\">\n\t\t\t\t<div class=\"elementor-widget-container\">\n\t\t\t\t\t\t\t\t\t<p>P\u00e1gina 11<br \/>\u2026otros por curiosidad, otros por mundanidad, o por pereza, para quedar exentos del trabajo, y para escapar de las deudas que hab\u00edan acumulado en su libertinaje y excesos. Aprovechaban cualquier pretexto, hasta el punto de no querer siquiera dejar fuera de este viaje a mujeres y ni\u00f1os, sino contarlos entre el n\u00famero de la cruzada.<br \/>En resumen, el ej\u00e9rcito que se reuni\u00f3 de todo Occidente, como dicen los grandes historiadores,<br \/>entre ellos Guillermo de Malmesbury\u2026<\/p>\t\t\t\t\t\t\t\t<\/div>\n\t\t\t\t<\/div>\n\t\t\t\t<\/div>\n\t\t\t\t\t<\/div>\n\t\t\t\t<\/div>\n\t\t<div class=\"elementor-element elementor-element-f585cc3 e-flex e-con-boxed e-con e-parent\" data-id=\"f585cc3\" data-element_type=\"container\" data-e-type=\"container\">\n\t\t\t\t\t<div class=\"e-con-inner\">\n\t\t\t\t<div class=\"elementor-element elementor-element-6bf2425 elementor-widget elementor-widget-text-editor\" data-id=\"6bf2425\" data-element_type=\"widget\" data-e-type=\"widget\" data-widget_type=\"text-editor.default\">\n\t\t\t\t<div class=\"elementor-widget-container\">\n\t\t\t\t\t\t\t\t\t<p>P\u00e1gina 11 <br \/>Guillermo de Malmesbury \u2192 \u00e9l (\u2020 ca. 1143) fue un importante cronista ingl\u00e9s. Su obra es una de las grandes fuentes latinas que describen las Cruzadas.<\/p><p>El hecho de que el escritor lo mencione<br \/>\u2192 demuestra que basa su relato en una tradici\u00f3n respetada<br \/>\u2192 o al menos que desea otorgarle autoridad.<\/p><p>Nota:<br \/>\u00a1Es excepcional que un manuscrito escolar\/semi-mon\u00e1stico cite expl\u00edcitamente a un historiador concreto!<\/p><p>Eso significa que el escritor no era un repetidor irreflexivo, sino alguien que comprend\u00eda que la autoridad escrita tiene valor.<\/p>\t\t\t\t\t\t\t\t<\/div>\n\t\t\t\t<\/div>\n\t\t\t\t\t<\/div>\n\t\t\t\t<\/div>\n\t\t<div class=\"elementor-element elementor-element-8ad1e62 e-flex e-con-boxed e-con e-parent\" data-id=\"8ad1e62\" data-element_type=\"container\" data-e-type=\"container\">\n\t\t\t\t\t<div class=\"e-con-inner\">\n\t\t\t\t<div class=\"elementor-element elementor-element-367fd2e elementor-widget elementor-widget-image\" data-id=\"367fd2e\" data-element_type=\"widget\" data-e-type=\"widget\" data-widget_type=\"image.default\">\n\t\t\t\t<div class=\"elementor-widget-container\">\n\t\t\t\t\t\t\t\t\t\t\t\t\t\t\t<img loading=\"lazy\" decoding=\"async\" width=\"300\" height=\"55\" src=\"https:\/\/nederlandsetempeliers.nl\/wp-content\/uploads\/guirlande-300x55.jpeg\" class=\"attachment-medium size-medium wp-image-7474\" alt=\"Guirnalda\" srcset=\"https:\/\/nederlandsetempeliers.nl\/wp-content\/uploads\/guirlande-300x55.jpeg 300w, https:\/\/nederlandsetempeliers.nl\/wp-content\/uploads\/guirlande-1024x189.jpeg 1024w, https:\/\/nederlandsetempeliers.nl\/wp-content\/uploads\/guirlande-768x142.jpeg 768w, https:\/\/nederlandsetempeliers.nl\/wp-content\/uploads\/guirlande.jpeg 1534w\" sizes=\"(max-width: 300px) 100vw, 300px\" \/>\t\t\t\t\t\t\t\t\t\t\t\t\t\t\t<\/div>\n\t\t\t\t<\/div>\n\t\t\t\t\t<\/div>\n\t\t\t\t<\/div>\n\t\t<div class=\"elementor-element elementor-element-cbab387 e-flex e-con-boxed e-con e-parent\" data-id=\"cbab387\" data-element_type=\"container\" data-e-type=\"container\">\n\t\t\t\t\t<div class=\"e-con-inner\">\n\t\t<div class=\"elementor-element elementor-element-cfbdbbd e-con-full e-flex e-con e-child\" data-id=\"cfbdbbd\" data-element_type=\"container\" data-e-type=\"container\">\n\t\t\t\t<div class=\"elementor-element elementor-element-6640cfb elementor-widget elementor-widget-text-editor\" data-id=\"6640cfb\" data-element_type=\"widget\" data-e-type=\"widget\" data-widget_type=\"text-editor.default\">\n\t\t\t\t<div class=\"elementor-widget-container\">\n\t\t\t\t\t\t\t\t\t<p>P\u00e1gina 12<br \/>Malmesbourg qui l\u2019a vu et qui \u00e9toit de ce tems l\u00e0 fait le nombre de 5 millions d\u2019\u00e2mes<br \/>\u00e0 porter les Armes. Mais le malheur \u00e9toit qu\u2019<br \/>il y avoit un tr\u00e8s grand d\u00e9sordre dans tous ces diff\u00e9rentes nations, chacun vouloit \u00eatre<br \/>ma\u00eetre.<br \/>1\u00ba qu\u2019il n\u2019y avoit personne pour commander l\u2019arm\u00e9e en chef, chaque seigneur qui<br \/>avoit pris la marque de la croix \u00e9toit pour lui seul et faisoit avec ses gens tout ce\u2026<\/p>\t\t\t\t\t\t\t\t<\/div>\n\t\t\t\t<\/div>\n\t\t\t\t<\/div>\n\t\t<div class=\"elementor-element elementor-element-ff96360 e-con-full e-flex e-con e-child\" data-id=\"ff96360\" data-element_type=\"container\" data-e-type=\"container\">\n\t\t\t\t<div class=\"elementor-element elementor-element-75b288c elementor-widget elementor-widget-image\" data-id=\"75b288c\" data-element_type=\"widget\" data-e-type=\"widget\" data-widget_type=\"image.default\">\n\t\t\t\t<div class=\"elementor-widget-container\">\n\t\t\t\t\t\t\t\t\t\t\t\t\t\t\t<img loading=\"lazy\" decoding=\"async\" width=\"684\" height=\"1024\" src=\"https:\/\/nederlandsetempeliers.nl\/wp-content\/uploads\/O-Sanctie-Zwaard-4-684x1024.jpeg\" class=\"attachment-large size-large wp-image-10081\" alt=\"\" srcset=\"https:\/\/nederlandsetempeliers.nl\/wp-content\/uploads\/O-Sanctie-Zwaard-4-684x1024.jpeg 684w, https:\/\/nederlandsetempeliers.nl\/wp-content\/uploads\/O-Sanctie-Zwaard-4-200x300.jpeg 200w, https:\/\/nederlandsetempeliers.nl\/wp-content\/uploads\/O-Sanctie-Zwaard-4-768x1151.jpeg 768w, https:\/\/nederlandsetempeliers.nl\/wp-content\/uploads\/O-Sanctie-Zwaard-4-1025x1536.jpeg 1025w, https:\/\/nederlandsetempeliers.nl\/wp-content\/uploads\/O-Sanctie-Zwaard-4.jpeg 1068w\" sizes=\"(max-width: 684px) 100vw, 684px\" \/>\t\t\t\t\t\t\t\t\t\t\t\t\t\t\t<\/div>\n\t\t\t\t<\/div>\n\t\t\t\t<\/div>\n\t\t<div class=\"elementor-element elementor-element-dcca7ca e-con-full e-flex e-con e-child\" data-id=\"dcca7ca\" data-element_type=\"container\" data-e-type=\"container\">\n\t\t\t\t<div class=\"elementor-element elementor-element-d2b1e0e elementor-widget elementor-widget-text-editor\" data-id=\"d2b1e0e\" data-element_type=\"widget\" data-e-type=\"widget\" data-widget_type=\"text-editor.default\">\n\t\t\t\t<div class=\"elementor-widget-container\">\n\t\t\t\t\t\t\t\t\t<p>P\u00e1gina 12. Guillermo de Malmesbury, que lo vio y que pertenec\u00eda a aquella \u00e9poca, dice que el n\u00famero de cinco millones de almas pod\u00eda portar armas. Pero la desgracia fue que exist\u00eda un gran<br \/>desorden entre todas estas diferentes naciones, pues cada uno quer\u00eda ser se\u00f1or.<br \/>1\u00ba No hab\u00eda nadie que dirigiera el ej\u00e9rcito en su totalidad; cada se\u00f1or que hab\u00eda tomado la cruz<br \/>actuaba por s\u00ed mismo y hac\u00eda con sus hombres<br \/>lo que \u00e9l quer\u00eda\u2026<\/p>\t\t\t\t\t\t\t\t<\/div>\n\t\t\t\t<\/div>\n\t\t\t\t<\/div>\n\t\t\t\t\t<\/div>\n\t\t\t\t<\/div>\n\t\t<div class=\"elementor-element elementor-element-bdaf848 e-flex e-con-boxed e-con e-parent\" data-id=\"bdaf848\" data-element_type=\"container\" data-e-type=\"container\">\n\t\t\t\t\t<div class=\"e-con-inner\">\n\t\t\t\t<div class=\"elementor-element elementor-element-490f774 elementor-widget elementor-widget-text-editor\" data-id=\"490f774\" data-element_type=\"widget\" data-e-type=\"widget\" data-widget_type=\"text-editor.default\">\n\t\t\t\t<div class=\"elementor-widget-container\">\n\t\t\t\t\t\t\t\t\t<p>P\u00e1gina 12. <br \/>Durante la temprana Primera Cruzada, no exist\u00eda un comandante supremo, sino varios l\u00edderes:<br \/>\u2022 Godofredo de Bouill\u00f3n<br \/>\u2022 Raimundo de Tolosa<br \/>\u2022 Bohemundo<br \/>\u2022 Tancredo<br \/>\u2022 Roberto de Normand\u00eda<br \/>etc.<br \/>\u2192 cada uno ten\u00eda sus propias tropas<br \/>\u2192 no exist\u00eda un mando central<br \/>Esto otorga al manuscrito una notable precisi\u00f3n hist\u00f3rica.<\/p>\t\t\t\t\t\t\t\t<\/div>\n\t\t\t\t<\/div>\n\t\t\t\t\t<\/div>\n\t\t\t\t<\/div>\n\t\t<div class=\"elementor-element elementor-element-8e4d1bf e-flex e-con-boxed e-con e-parent\" data-id=\"8e4d1bf\" data-element_type=\"container\" data-e-type=\"container\">\n\t\t\t\t\t<div class=\"e-con-inner\">\n\t\t\t\t<div class=\"elementor-element elementor-element-3eba680 elementor-widget elementor-widget-image\" data-id=\"3eba680\" data-element_type=\"widget\" data-e-type=\"widget\" data-widget_type=\"image.default\">\n\t\t\t\t<div class=\"elementor-widget-container\">\n\t\t\t\t\t\t\t\t\t\t\t\t\t\t\t<img loading=\"lazy\" decoding=\"async\" width=\"300\" height=\"55\" src=\"https:\/\/nederlandsetempeliers.nl\/wp-content\/uploads\/guirlande-300x55.jpeg\" class=\"attachment-medium size-medium wp-image-7474\" alt=\"Guirnalda\" srcset=\"https:\/\/nederlandsetempeliers.nl\/wp-content\/uploads\/guirlande-300x55.jpeg 300w, https:\/\/nederlandsetempeliers.nl\/wp-content\/uploads\/guirlande-1024x189.jpeg 1024w, https:\/\/nederlandsetempeliers.nl\/wp-content\/uploads\/guirlande-768x142.jpeg 768w, https:\/\/nederlandsetempeliers.nl\/wp-content\/uploads\/guirlande.jpeg 1534w\" sizes=\"(max-width: 300px) 100vw, 300px\" \/>\t\t\t\t\t\t\t\t\t\t\t\t\t\t\t<\/div>\n\t\t\t\t<\/div>\n\t\t\t\t\t<\/div>\n\t\t\t\t<\/div>\n\t\t<div class=\"elementor-element elementor-element-69fa4f5 e-flex e-con-boxed e-con e-parent\" data-id=\"69fa4f5\" data-element_type=\"container\" data-e-type=\"container\">\n\t\t\t\t\t<div class=\"e-con-inner\">\n\t\t<div class=\"elementor-element elementor-element-a3165e3 e-con-full e-flex e-con e-child\" data-id=\"a3165e3\" data-element_type=\"container\" data-e-type=\"container\">\n\t\t\t\t<div class=\"elementor-element elementor-element-9d3702d elementor-widget elementor-widget-text-editor\" data-id=\"9d3702d\" data-element_type=\"widget\" data-e-type=\"widget\" data-widget_type=\"text-editor.default\">\n\t\t\t\t<div class=\"elementor-widget-container\">\n\t\t\t\t\t\t\t\t\t<p>P\u00e1gina 13<br \/>ce qu\u2019il jugeo\u00eet \u00e0 propos, quoique la plus grande autorit\u00e9 avoit \u00e9t\u00e9 donn\u00e9e en<br \/>mains de GottFroi de Bouillon,<br \/>mais il n\u2019avoit pas le commandement en Chef, mais seulement comme premier Conseiller de guerre.<br \/>2\u00bame \u00e9toit que l\u2019on ne s\u2019entreparloit pas l\u2019un et l\u2019autre comment ou quand l\u2019on<br \/>commencerout la guerre contre les Turcs, mais chacun faisoit comme bon lui sem-<br \/>bloit \u00e0 la garde de Dieu.\u00ab<\/p>\t\t\t\t\t\t\t\t<\/div>\n\t\t\t\t<\/div>\n\t\t\t\t<\/div>\n\t\t<div class=\"elementor-element elementor-element-f764f9b e-con-full e-flex e-con e-child\" data-id=\"f764f9b\" data-element_type=\"container\" data-e-type=\"container\">\n\t\t\t\t<div class=\"elementor-element elementor-element-b38465e elementor-widget elementor-widget-image\" data-id=\"b38465e\" data-element_type=\"widget\" data-e-type=\"widget\" data-widget_type=\"image.default\">\n\t\t\t\t<div class=\"elementor-widget-container\">\n\t\t\t\t\t\t\t\t\t\t\t\t\t\t\t<img loading=\"lazy\" decoding=\"async\" width=\"303\" height=\"471\" src=\"https:\/\/nederlandsetempeliers.nl\/wp-content\/uploads\/Godfried-4.jpeg\" class=\"attachment-large size-large wp-image-10255\" alt=\"Godofredo\" srcset=\"https:\/\/nederlandsetempeliers.nl\/wp-content\/uploads\/Godfried-4.jpeg 303w, https:\/\/nederlandsetempeliers.nl\/wp-content\/uploads\/Godfried-4-193x300.jpeg 193w\" sizes=\"(max-width: 303px) 100vw, 303px\" \/>\t\t\t\t\t\t\t\t\t\t\t\t\t\t\t<\/div>\n\t\t\t\t<\/div>\n\t\t\t\t<\/div>\n\t\t<div class=\"elementor-element elementor-element-51d2200 e-con-full e-flex e-con e-child\" data-id=\"51d2200\" data-element_type=\"container\" data-e-type=\"container\">\n\t\t\t\t<div class=\"elementor-element elementor-element-dbafdd0 elementor-widget elementor-widget-text-editor\" data-id=\"dbafdd0\" data-element_type=\"widget\" data-e-type=\"widget\" data-widget_type=\"text-editor.default\">\n\t\t\t\t<div class=\"elementor-widget-container\">\n\t\t\t\t\t\t\t\t\t<p>P\u00e1gina 13<br \/>\u201c\u2026lo que \u00e9l consideraba correcto, aunque la mayor autoridad hab\u00eda sido puesta en manos de Godofredo de Bouill\u00f3n, \u00e9l no ten\u00eda el mando supremo; solamente era considerado como el primer consejero de guerra.<br \/>Lo segundo era que no consultaban entre s\u00ed c\u00f3mo o cu\u00e1ndo deb\u00edan comenzar la guerra<br \/>contra los turcos; sino que cada uno<br \/>hac\u00eda lo que le parec\u00eda bien, bajo la protecci\u00f3n de Dios.\u201d<\/p>\t\t\t\t\t\t\t\t<\/div>\n\t\t\t\t<\/div>\n\t\t\t\t<\/div>\n\t\t\t\t\t<\/div>\n\t\t\t\t<\/div>\n\t\t<div class=\"elementor-element elementor-element-a4aa287 e-flex e-con-boxed e-con e-parent\" data-id=\"a4aa287\" data-element_type=\"container\" data-e-type=\"container\">\n\t\t\t\t\t<div class=\"e-con-inner\">\n\t\t\t\t<div class=\"elementor-element elementor-element-4b5a401 elementor-widget elementor-widget-text-editor\" data-id=\"4b5a401\" data-element_type=\"widget\" data-e-type=\"widget\" data-widget_type=\"text-editor.default\">\n\t\t\t\t<div class=\"elementor-widget-container\">\n\t\t\t\t\t\t\t\t\t<p>P\u00e1gina 13<br \/>Aqu\u00ed se dice algo muy interesante \u2192 \u00c9l pose\u00eda la m\u00e1xima autoridad, pero no el mando supremo. <span style=\"font-family: -apple-system, BlinkMacSystemFont, 'Segoe UI', Roboto, 'Helvetica Neue', Arial, 'Noto Sans', sans-serif, 'Apple Color Emoji', 'Segoe UI Emoji', 'Segoe UI Symbol', 'Noto Color Emoji';\">Hist\u00f3ricamente, esto es correcto: no exist\u00eda un comandante supremo oficial. Godofredo era considerado <\/span><em style=\"font-family: -apple-system, BlinkMacSystemFont, 'Segoe UI', Roboto, 'Helvetica Neue', Arial, 'Noto Sans', sans-serif, 'Apple Color Emoji', 'Segoe UI Emoji', 'Segoe UI Symbol', 'Noto Color Emoji';\" data-start=\"619\" data-end=\"639\">primus inter pares<\/em><span style=\"font-family: -apple-system, BlinkMacSystemFont, 'Segoe UI', Roboto, 'Helvetica Neue', Arial, 'Noto Sans', sans-serif, 'Apple Color Emoji', 'Segoe UI Emoji', 'Segoe UI Symbol', 'Noto Color Emoji';\"> \u2014 \u201cel primero entre iguales\u201d. <\/span>Su prestigio era enorme, pero no pose\u00eda poder absoluto.<br \/>Aqu\u00ed es llamado <em data-start=\"744\" data-end=\"774\">premier Conseiller de guerre<\/em> = primer consejero de guerra. Por lo tanto, es presentado como:<br \/>\u2192 un l\u00edder moral<br data-start=\"857\" data-end=\"860\" \/>\u2192 y no un dictador militar.<br \/>En otras palabras, Godofredo aparece como humilde, piadoso y servidor. Las cr\u00f3nicas posteriores casi lo convirtieron en una figura santa, y este manuscrito encaja perfectamente dentro de esa tradici\u00f3n.<\/p><p data-start=\"1093\" data-end=\"1201\">\u201c\u2026no hablaban entre s\u00ed sobre c\u00f3mo o cu\u00e1ndo comenzar\u2026\u201d<br data-start=\"1146\" data-end=\"1149\" \/>\u2192 una descripci\u00f3n muy precisa de la primera cruzada.<\/p><p data-start=\"1203\" data-end=\"1376\">\u2192 los l\u00edderes eran rivales<br data-start=\"1229\" data-end=\"1232\" \/>\u2192 faltaba planificaci\u00f3n<br data-start=\"1255\" data-end=\"1258\" \/>\u2192 la fe &gt; la log\u00edstica<br data-start=\"1280\" data-end=\"1283\" \/>\u2192 aun as\u00ed, todo avanzaba \u201cbajo la protecci\u00f3n de Dios\u201d<br data-start=\"1336\" data-end=\"1339\" \/>\u2192 a pesar de las debilidades humanas.<\/p><p data-start=\"1378\" data-end=\"1449\">Asimismo: <em data-start=\"1388\" data-end=\"1449\">\u201cchacun faisoit comme bon lui sembloit \u00e0 la garde de Dieu.\u201d<br \/><\/em>\u2192 cada uno hac\u00eda lo que consideraba correcto<br data-start=\"1495\" data-end=\"1498\" \/>\u2192 confiando en Dios<br data-start=\"1517\" data-end=\"1520\" \/>\u2192 actuando con libertad, pero bajo la protecci\u00f3n divina.<\/p>\t\t\t\t\t\t\t\t<\/div>\n\t\t\t\t<\/div>\n\t\t\t\t\t<\/div>\n\t\t\t\t<\/div>\n\t\t<div class=\"elementor-element elementor-element-d1760b8 e-flex e-con-boxed e-con e-parent\" data-id=\"d1760b8\" data-element_type=\"container\" data-e-type=\"container\">\n\t\t\t\t\t<div class=\"e-con-inner\">\n\t\t\t\t<div class=\"elementor-element elementor-element-ba9702b elementor-widget elementor-widget-image\" data-id=\"ba9702b\" data-element_type=\"widget\" data-e-type=\"widget\" data-widget_type=\"image.default\">\n\t\t\t\t<div class=\"elementor-widget-container\">\n\t\t\t\t\t\t\t\t\t\t\t\t\t\t\t<img loading=\"lazy\" decoding=\"async\" width=\"300\" height=\"55\" src=\"https:\/\/nederlandsetempeliers.nl\/wp-content\/uploads\/guirlande-300x55.jpeg\" class=\"attachment-medium size-medium wp-image-7474\" alt=\"Guirnalda\" srcset=\"https:\/\/nederlandsetempeliers.nl\/wp-content\/uploads\/guirlande-300x55.jpeg 300w, https:\/\/nederlandsetempeliers.nl\/wp-content\/uploads\/guirlande-1024x189.jpeg 1024w, https:\/\/nederlandsetempeliers.nl\/wp-content\/uploads\/guirlande-768x142.jpeg 768w, https:\/\/nederlandsetempeliers.nl\/wp-content\/uploads\/guirlande.jpeg 1534w\" sizes=\"(max-width: 300px) 100vw, 300px\" \/>\t\t\t\t\t\t\t\t\t\t\t\t\t\t\t<\/div>\n\t\t\t\t<\/div>\n\t\t\t\t\t<\/div>\n\t\t\t\t<\/div>\n\t\t<div class=\"elementor-element elementor-element-517adb7 e-flex e-con-boxed e-con e-parent\" data-id=\"517adb7\" data-element_type=\"container\" data-e-type=\"container\">\n\t\t\t\t\t<div class=\"e-con-inner\">\n\t\t<div class=\"elementor-element elementor-element-4f913a8 e-con-full e-flex e-con e-child\" data-id=\"4f913a8\" data-element_type=\"container\" data-e-type=\"container\">\n\t\t\t\t<div class=\"elementor-element elementor-element-ebd67b5 elementor-widget elementor-widget-text-editor\" data-id=\"ebd67b5\" data-element_type=\"widget\" data-e-type=\"widget\" data-widget_type=\"text-editor.default\">\n\t\t\t\t<div class=\"elementor-widget-container\">\n\t\t\t\t\t\t\t\t\t<p>P\u00e1gina 14<br \/>Sans savoir ce qu\u2019il avoit de soin de faire, ou de s\u2019allier avec les autres. 5\u1d49\u1d50\u1d49. Ils savoient qu\u2019ils seroient obligez de passer sur le territoire \u00e9tranger, et que l\u2019on ne s\u2019\u00e9toit pas pr\u00e9caution\u00e9 comme, et o\u00f9 l\u2019on pourroit avoir des vivres, pour l\u2019entretien des troupes: mais ils ont laiss\u00e9 venir les affaires jusqu\u2019\u00e0 la derni\u00e8re extr\u00e9mit\u00e9.<br \/>C\u2019\u00e9toit une tr\u00e8s grande faute qui a caus\u00e9 une si mauvaise cons\u00e9quence. Avant que de<\/p>\t\t\t\t\t\t\t\t<\/div>\n\t\t\t\t<\/div>\n\t\t\t\t<\/div>\n\t\t<div class=\"elementor-element elementor-element-02143df e-con-full e-flex e-con e-child\" data-id=\"02143df\" data-element_type=\"container\" data-e-type=\"container\">\n\t\t\t\t<div class=\"elementor-element elementor-element-24d825f elementor-widget elementor-widget-image\" data-id=\"24d825f\" data-element_type=\"widget\" data-e-type=\"widget\" data-widget_type=\"image.default\">\n\t\t\t\t<div class=\"elementor-widget-container\">\n\t\t\t\t\t\t\t\t\t\t\t\t\t\t\t<img loading=\"lazy\" decoding=\"async\" width=\"800\" height=\"707\" src=\"https:\/\/nederlandsetempeliers.nl\/wp-content\/uploads\/eten-4-1024x905.jpeg\" class=\"attachment-large size-large wp-image-10257\" alt=\"comer\" srcset=\"https:\/\/nederlandsetempeliers.nl\/wp-content\/uploads\/eten-4-1024x905.jpeg 1024w, https:\/\/nederlandsetempeliers.nl\/wp-content\/uploads\/eten-4-300x265.jpeg 300w, https:\/\/nederlandsetempeliers.nl\/wp-content\/uploads\/eten-4-768x679.jpeg 768w, https:\/\/nederlandsetempeliers.nl\/wp-content\/uploads\/eten-4.jpeg 1334w\" sizes=\"(max-width: 800px) 100vw, 800px\" \/>\t\t\t\t\t\t\t\t\t\t\t\t\t\t\t<\/div>\n\t\t\t\t<\/div>\n\t\t\t\t<\/div>\n\t\t<div class=\"elementor-element elementor-element-1aa0172 e-con-full e-flex e-con e-child\" data-id=\"1aa0172\" data-element_type=\"container\" data-e-type=\"container\">\n\t\t\t\t<div class=\"elementor-element elementor-element-ac7e5de elementor-widget elementor-widget-text-editor\" data-id=\"ac7e5de\" data-element_type=\"widget\" data-e-type=\"widget\" data-widget_type=\"text-editor.default\">\n\t\t\t\t<div class=\"elementor-widget-container\">\n\t\t\t\t\t\t\t\t\t<p>P\u00e1gina 14<br \/>Sin saber qu\u00e9 deb\u00edan hacer, ni c\u00f3mo deb\u00edan unirse con los dem\u00e1s. 5\u00ba. Sab\u00edan que se ver\u00edan obligados a atravesar tierras extranjeras y que no se hab\u00eda previsto c\u00f3mo ni d\u00f3nde podr\u00edan obtener provisiones para el mantenimiento de las tropas; pero dejaron que las cosas llegaran al extremo.<\/p><p>Esto fue un error muy grande, que tuvo consecuencias muy graves. Antes de que\u2026<\/p>\t\t\t\t\t\t\t\t<\/div>\n\t\t\t\t<\/div>\n\t\t\t\t<\/div>\n\t\t\t\t\t<\/div>\n\t\t\t\t<\/div>\n\t\t<div class=\"elementor-element elementor-element-9b0f787 e-flex e-con-boxed e-con e-parent\" data-id=\"9b0f787\" data-element_type=\"container\" data-e-type=\"container\">\n\t\t\t\t\t<div class=\"e-con-inner\">\n\t\t\t\t<div class=\"elementor-element elementor-element-7631aee elementor-widget elementor-widget-text-editor\" data-id=\"7631aee\" data-element_type=\"widget\" data-e-type=\"widget\" data-widget_type=\"text-editor.default\">\n\t\t\t\t<div class=\"elementor-widget-container\">\n\t\t\t\t\t\t\t\t\t<p>P\u00e1gina 14<br \/>Aqu\u00ed se explica que apenas se hab\u00edan tomado medidas de precauci\u00f3n, debido a la falta de experiencia. Esta fue la Primera Cruzada. Atravesaban territorios desconocidos \u2014 por primera vez. En otras palabras: la piedad no es suficiente; tambi\u00e9n se necesita sabidur\u00eda y previsi\u00f3n.<\/p><p>Es una advertencia:<br \/>Dios te gu\u00eda \u2014 pero no cocina tu comida por ti \u2192 Los objetivos sagrados tambi\u00e9n requieren sabidur\u00eda terrenal.<\/p>\t\t\t\t\t\t\t\t<\/div>\n\t\t\t\t<\/div>\n\t\t\t\t\t<\/div>\n\t\t\t\t<\/div>\n\t\t<div class=\"elementor-element elementor-element-31b7e96 e-flex e-con-boxed e-con e-parent\" data-id=\"31b7e96\" data-element_type=\"container\" data-e-type=\"container\">\n\t\t\t\t\t<div class=\"e-con-inner\">\n\t\t\t\t<div class=\"elementor-element elementor-element-92fef05 elementor-widget elementor-widget-image\" data-id=\"92fef05\" data-element_type=\"widget\" data-e-type=\"widget\" data-widget_type=\"image.default\">\n\t\t\t\t<div class=\"elementor-widget-container\">\n\t\t\t\t\t\t\t\t\t\t\t\t\t\t\t<img loading=\"lazy\" decoding=\"async\" width=\"300\" height=\"55\" src=\"https:\/\/nederlandsetempeliers.nl\/wp-content\/uploads\/guirlande-300x55.jpeg\" class=\"attachment-medium size-medium wp-image-7474\" alt=\"Guirnalda\" srcset=\"https:\/\/nederlandsetempeliers.nl\/wp-content\/uploads\/guirlande-300x55.jpeg 300w, https:\/\/nederlandsetempeliers.nl\/wp-content\/uploads\/guirlande-1024x189.jpeg 1024w, https:\/\/nederlandsetempeliers.nl\/wp-content\/uploads\/guirlande-768x142.jpeg 768w, https:\/\/nederlandsetempeliers.nl\/wp-content\/uploads\/guirlande.jpeg 1534w\" sizes=\"(max-width: 300px) 100vw, 300px\" \/>\t\t\t\t\t\t\t\t\t\t\t\t\t\t\t<\/div>\n\t\t\t\t<\/div>\n\t\t\t\t\t<\/div>\n\t\t\t\t<\/div>\n\t\t<div class=\"elementor-element elementor-element-c3e57c3 e-flex e-con-boxed e-con e-parent\" data-id=\"c3e57c3\" data-element_type=\"container\" data-e-type=\"container\">\n\t\t\t\t\t<div class=\"e-con-inner\">\n\t\t<div class=\"elementor-element elementor-element-fc51c98 e-con-full e-flex e-con e-child\" data-id=\"fc51c98\" data-element_type=\"container\" data-e-type=\"container\">\n\t\t\t\t<div class=\"elementor-element elementor-element-477c8ae elementor-widget elementor-widget-text-editor\" data-id=\"477c8ae\" data-element_type=\"widget\" data-e-type=\"widget\" data-widget_type=\"text-editor.default\">\n\t\t\t\t<div class=\"elementor-widget-container\">\n\t\t\t\t\t\t\t\t\t<p>P\u00e1gina 15<br \/>et parler de cette affaire nous ferons le d\u00e9tail comme les troupes se sont partag\u00e9.<br \/>Le 1\u1d49\u02b3 Convoi, et l\u2019auteur<br \/>de cette entreprise qui se nom- ma Pierre l\u2019hermite, qui voulut \u00eatre Pr\u00eatre et General en m\u00eame tems, mais comme les troupes \u00e9toient<br \/>trop puissante ils donna 100000 hommes tous bon guerriers a un Gentil home<br \/>fran\u00e7ois nomm\u00e9 Gualtaro qui veut dire en fran\u00e7ois. Sans avoir. Car ils \u00e9toient tres<\/p>\t\t\t\t\t\t\t\t<\/div>\n\t\t\t\t<\/div>\n\t\t\t\t<\/div>\n\t\t<div class=\"elementor-element elementor-element-fbb9a08 e-con-full e-flex e-con e-child\" data-id=\"fbb9a08\" data-element_type=\"container\" data-e-type=\"container\">\n\t\t\t\t<div class=\"elementor-element elementor-element-af925ee elementor-widget elementor-widget-image\" data-id=\"af925ee\" data-element_type=\"widget\" data-e-type=\"widget\" data-widget_type=\"image.default\">\n\t\t\t\t<div class=\"elementor-widget-container\">\n\t\t\t\t\t\t\t\t\t\t\t\t\t\t\t<img loading=\"lazy\" decoding=\"async\" width=\"190\" height=\"179\" src=\"https:\/\/nederlandsetempeliers.nl\/wp-content\/uploads\/100.000-4.jpeg\" class=\"attachment-large size-large wp-image-10433\" alt=\"100.000\" \/>\t\t\t\t\t\t\t\t\t\t\t\t\t\t\t<\/div>\n\t\t\t\t<\/div>\n\t\t\t\t<\/div>\n\t\t<div class=\"elementor-element elementor-element-ae4cd29 e-con-full e-flex e-con e-child\" data-id=\"ae4cd29\" data-element_type=\"container\" data-e-type=\"container\">\n\t\t\t\t<div class=\"elementor-element elementor-element-ea08316 elementor-widget elementor-widget-text-editor\" data-id=\"ea08316\" data-element_type=\"widget\" data-e-type=\"widget\" data-widget_type=\"text-editor.default\">\n\t\t\t\t<div class=\"elementor-widget-container\">\n\t\t\t\t\t\t\t\t\t<p>P\u00e1gina 15<br \/>Y para hablar de este asunto, explicaremos c\u00f3mo las tropas fueron divididas.<br \/>La primera columna, y el instigador de esta empresa, que se llamaba Pedro el Ermita\u00f1o,<br \/>quer\u00eda ser tanto sacerdote como general al mismo tiempo; pero como las tropas eran demasiado numerosas, entreg\u00f3 100.000 hombres, todos buenos combatientes, a un<br \/>gentilhombre (noble) de origen franc\u00e9s, llamado Gualtaro, lo cual en franc\u00e9s significar\u00eda \u201cSin posesiones \/ Sin tener\u201d. Porque eran muy \u2026<\/p>\t\t\t\t\t\t\t\t<\/div>\n\t\t\t\t<\/div>\n\t\t\t\t<\/div>\n\t\t\t\t\t<\/div>\n\t\t\t\t<\/div>\n\t\t<div class=\"elementor-element elementor-element-6b0638d e-flex e-con-boxed e-con e-parent\" data-id=\"6b0638d\" data-element_type=\"container\" data-e-type=\"container\">\n\t\t\t\t\t<div class=\"e-con-inner\">\n\t\t\t\t<div class=\"elementor-element elementor-element-7644e9a elementor-widget elementor-widget-text-editor\" data-id=\"7644e9a\" data-element_type=\"widget\" data-e-type=\"widget\" data-widget_type=\"text-editor.default\">\n\t\t\t\t<div class=\"elementor-widget-container\">\n\t\t\t\t\t\t\t\t\t<p>P\u00e1gina 15<br \/>Aqu\u00ed el manuscrito vuelve sobre la Cruzada Popular. Esta fue la cruzada anterior a la Primera Cruzada. Era desorganizada. Su iniciador fue Pierre l\u2019Hermite = Pedro el Ermita\u00f1o. Sus seguidores estaban divididos en varios grupos\/columnas. Sus fuerzas eran enormes: 100.000 guerreros. Un sacerdote no est\u00e1 entrenado para comandar 100.000 hombres en una guerra, por muy piadosas que sean sus intenciones. La ambici\u00f3n de Pedro era grande. Quer\u00eda ser sacerdote <strong>y<\/strong> l\u00edder militar al mismo tiempo.<\/p><p><strong>De aqu\u00ed surge un punto de inflexi\u00f3n muy importante. A trav\u00e9s de errores y sufrimiento se comprendi\u00f3 que las Cruzadas deb\u00edan desarrollarse bajo direcci\u00f3n militar =&gt; Aqu\u00ed qued\u00f3 claro que eran necesarios monjes-caballeros. Fe unida a disciplina militar = una Santa fuerza de combate. El nacimiento de los Templarios.<\/strong><\/p>\t\t\t\t\t\t\t\t<\/div>\n\t\t\t\t<\/div>\n\t\t\t\t\t<\/div>\n\t\t\t\t<\/div>\n\t\t\t\t<section class=\"elementor-section elementor-top-section elementor-element elementor-element-7cf6fce6 elementor-section-boxed elementor-section-height-default elementor-section-height-default\" data-id=\"7cf6fce6\" data-element_type=\"section\" data-e-type=\"section\" data-settings=\"{&quot;background_background&quot;:&quot;classic&quot;,&quot;shape_divider_top&quot;:&quot;triangle&quot;,&quot;shape_divider_top_negative&quot;:&quot;yes&quot;,&quot;shape_divider_bottom&quot;:&quot;triangle&quot;,&quot;shape_divider_bottom_negative&quot;:&quot;yes&quot;}\">\n\t\t\t\t\t<div class=\"elementor-shape elementor-shape-top\" aria-hidden=\"true\" data-negative=\"true\">\n\t\t\t<svg xmlns=\"http:\/\/www.w3.org\/2000\/svg\" viewBox=\"0 0 1000 100\" preserveAspectRatio=\"none\">\n\t<path class=\"elementor-shape-fill\" d=\"M500.2,94.7L0,0v100h1000V0L500.2,94.7z\"\/>\n<\/svg>\t\t<\/div>\n\t\t\t\t<div class=\"elementor-shape elementor-shape-bottom\" aria-hidden=\"true\" data-negative=\"true\">\n\t\t\t<svg xmlns=\"http:\/\/www.w3.org\/2000\/svg\" viewBox=\"0 0 1000 100\" preserveAspectRatio=\"none\">\n\t<path class=\"elementor-shape-fill\" d=\"M500.2,94.7L0,0v100h1000V0L500.2,94.7z\"\/>\n<\/svg>\t\t<\/div>\n\t\t\t\t\t<div class=\"elementor-container elementor-column-gap-default\">\n\t\t\t\t\t<div class=\"elementor-column elementor-col-100 elementor-top-column elementor-element elementor-element-6cd0efc3\" data-id=\"6cd0efc3\" data-element_type=\"column\" data-e-type=\"column\">\n\t\t\t<div class=\"elementor-widget-wrap elementor-element-populated\">\n\t\t\t\t\t\t<div class=\"elementor-element elementor-element-6467c8a0 elementor-widget__width-auto elementor-view-default elementor-widget elementor-widget-icon\" data-id=\"6467c8a0\" data-element_type=\"widget\" data-e-type=\"widget\" data-widget_type=\"icon.default\">\n\t\t\t\t<div class=\"elementor-widget-container\">\n\t\t\t\t\t\t\t<div class=\"elementor-icon-wrapper\">\n\t\t\t<div class=\"elementor-icon\">\n\t\t\t<i aria-hidden=\"true\" class=\"fas fa-grip-lines\"><\/i>\t\t\t<\/div>\n\t\t<\/div>\n\t\t\t\t\t\t<\/div>\n\t\t\t\t<\/div>\n\t\t\t\t<div class=\"elementor-element elementor-element-63c3e81e elementor-widget__width-auto elementor-widget elementor-widget-heading\" data-id=\"63c3e81e\" data-element_type=\"widget\" data-e-type=\"widget\" data-widget_type=\"heading.default\">\n\t\t\t\t<div class=\"elementor-widget-container\">\n\t\t\t\t\t<h2 class=\"elementor-heading-title elementor-size-default\">1097<\/h2>\t\t\t\t<\/div>\n\t\t\t\t<\/div>\n\t\t\t\t<div class=\"elementor-element elementor-element-7254fc8d elementor-widget__width-auto elementor-view-default elementor-widget elementor-widget-icon\" data-id=\"7254fc8d\" data-element_type=\"widget\" data-e-type=\"widget\" data-widget_type=\"icon.default\">\n\t\t\t\t<div class=\"elementor-widget-container\">\n\t\t\t\t\t\t\t<div class=\"elementor-icon-wrapper\">\n\t\t\t<div class=\"elementor-icon\">\n\t\t\t<i aria-hidden=\"true\" class=\"fas fa-grip-lines\"><\/i>\t\t\t<\/div>\n\t\t<\/div>\n\t\t\t\t\t\t<\/div>\n\t\t\t\t<\/div>\n\t\t\t\t\t<\/div>\n\t\t<\/div>\n\t\t\t\t\t<\/div>\n\t\t<\/section>\n\t\t<div class=\"elementor-element elementor-element-df8f9b0 e-flex e-con-boxed e-con e-parent\" data-id=\"df8f9b0\" data-element_type=\"container\" data-e-type=\"container\">\n\t\t\t\t\t<div class=\"e-con-inner\">\n\t\t<div class=\"elementor-element elementor-element-d46b1be e-con-full e-flex e-con e-child\" data-id=\"d46b1be\" data-element_type=\"container\" data-e-type=\"container\">\n\t\t\t\t<div class=\"elementor-element elementor-element-067741f elementor-widget elementor-widget-text-editor\" data-id=\"067741f\" data-element_type=\"widget\" data-e-type=\"widget\" data-widget_type=\"text-editor.default\">\n\t\t\t\t<div class=\"elementor-widget-container\">\n\t\t\t\t\t\t\t\t\t<p>P\u00e1gina 16<br \/>tr\u00e8s pauvres, il marchoit avec ses troupes qui \u00e9toient compos\u00e9e que de 800 Cavaliers et 6000 hommes de pied. Tel \u00e9toit les pr\u00e9parations. Ils pass\u00e8rent par l\u2019Allemagne,<br \/>et la Hongrie en paix. Mais comme l\u2019argent commen\u00e7oit \u00e0 manquer, et qu\u2019ils avoient<br \/>presque tous depens\u00e9 ce qu\u2019 ils avoient pris avec eux, et lors qu\u2019ils furent arrivez dans la Servie et de l\u00e0 dans la Bulgarie, les troupes se mirent \u00e0 piller et \u00e0 ravager.<\/p>\t\t\t\t\t\t\t\t<\/div>\n\t\t\t\t<\/div>\n\t\t\t\t<\/div>\n\t\t<div class=\"elementor-element elementor-element-935253c e-con-full e-flex e-con e-child\" data-id=\"935253c\" data-element_type=\"container\" data-e-type=\"container\">\n\t\t\t\t<div class=\"elementor-element elementor-element-b2ef7ee elementor-widget elementor-widget-image\" data-id=\"b2ef7ee\" data-element_type=\"widget\" data-e-type=\"widget\" data-widget_type=\"image.default\">\n\t\t\t\t<div class=\"elementor-widget-container\">\n\t\t\t\t\t\t\t\t\t\t\t\t\t\t\t<img loading=\"lazy\" decoding=\"async\" width=\"273\" height=\"430\" src=\"https:\/\/nederlandsetempeliers.nl\/wp-content\/uploads\/Scherm\u00adafbeelding-2026-05-28-om-19.40.38-4.png\" class=\"attachment-large size-large wp-image-10435\" alt=\"Bulgaria\" srcset=\"https:\/\/nederlandsetempeliers.nl\/wp-content\/uploads\/Scherm\u00adafbeelding-2026-05-28-om-19.40.38-4.png 273w, https:\/\/nederlandsetempeliers.nl\/wp-content\/uploads\/Scherm\u00adafbeelding-2026-05-28-om-19.40.38-4-190x300.png 190w\" sizes=\"(max-width: 273px) 100vw, 273px\" \/>\t\t\t\t\t\t\t\t\t\t\t\t\t\t\t<\/div>\n\t\t\t\t<\/div>\n\t\t\t\t<\/div>\n\t\t<div class=\"elementor-element elementor-element-d7e90e3 e-con-full e-flex e-con e-child\" data-id=\"d7e90e3\" data-element_type=\"container\" data-e-type=\"container\">\n\t\t\t\t<div class=\"elementor-element elementor-element-d546b18 elementor-widget elementor-widget-text-editor\" data-id=\"d546b18\" data-element_type=\"widget\" data-e-type=\"widget\" data-widget_type=\"text-editor.default\">\n\t\t\t\t<div class=\"elementor-widget-container\">\n\t\t\t\t\t\t\t\t\t<p>P\u00e1gina 16<br \/>Muy pobre, march\u00f3 con sus tropas, que solamente consist\u00edan en 800 jinetes y 6000 hombres a pie. Tales eran los preparativos.<br \/>Atravesaron pac\u00edficamente Alemania y Hungr\u00eda. Pero tan pronto como el dinero<br \/>comenz\u00f3 a agotarse, y casi hab\u00edan gastado todo lo que hab\u00edan llevado consigo, y cuando llegaron a Serbia y desde all\u00ed a Bulgaria,<br \/>las tropas comenzaron a saquear y destruir.<\/p>\t\t\t\t\t\t\t\t<\/div>\n\t\t\t\t<\/div>\n\t\t\t\t<\/div>\n\t\t\t\t\t<\/div>\n\t\t\t\t<\/div>\n\t\t<div class=\"elementor-element elementor-element-61adb42 e-flex e-con-boxed e-con e-parent\" data-id=\"61adb42\" data-element_type=\"container\" data-e-type=\"container\">\n\t\t\t\t\t<div class=\"e-con-inner\">\n\t\t\t\t<div class=\"elementor-element elementor-element-6f63e1f elementor-widget elementor-widget-text-editor\" data-id=\"6f63e1f\" data-element_type=\"widget\" data-e-type=\"widget\" data-widget_type=\"text-editor.default\">\n\t\t\t\t<div class=\"elementor-widget-container\">\n\t\t\t\t\t\t\t\t\t<p>P\u00e1gina 16<br \/>La Cruzada Popular era pobre y estaba mal organizada. Al principio las tropas avanzaron pac\u00edficamente. Pero cuando el dinero se agot\u00f3, cayeron en el saqueo.<br \/>Su misi\u00f3n piadosa perdi\u00f3 su santidad porque la falta humana de orden y disciplina llev\u00f3 a un deterioro moral.<br \/>Esto se convirti\u00f3 en una lecci\u00f3n para la siguiente Cruzada.<br \/><br \/><\/p>\t\t\t\t\t\t\t\t<\/div>\n\t\t\t\t<\/div>\n\t\t\t\t\t<\/div>\n\t\t\t\t<\/div>\n\t\t<div class=\"elementor-element elementor-element-07ae0e4 e-flex e-con-boxed e-con e-parent\" data-id=\"07ae0e4\" data-element_type=\"container\" data-e-type=\"container\">\n\t\t\t\t\t<div class=\"e-con-inner\">\n\t\t\t\t<div class=\"elementor-element elementor-element-199cff9 elementor-widget elementor-widget-image\" data-id=\"199cff9\" data-element_type=\"widget\" data-e-type=\"widget\" data-widget_type=\"image.default\">\n\t\t\t\t<div class=\"elementor-widget-container\">\n\t\t\t\t\t\t\t\t\t\t\t\t\t\t\t<img loading=\"lazy\" decoding=\"async\" width=\"300\" height=\"55\" src=\"https:\/\/nederlandsetempeliers.nl\/wp-content\/uploads\/guirlande-300x55.jpeg\" class=\"attachment-medium size-medium wp-image-7474\" alt=\"Guirnalda\" srcset=\"https:\/\/nederlandsetempeliers.nl\/wp-content\/uploads\/guirlande-300x55.jpeg 300w, https:\/\/nederlandsetempeliers.nl\/wp-content\/uploads\/guirlande-1024x189.jpeg 1024w, https:\/\/nederlandsetempeliers.nl\/wp-content\/uploads\/guirlande-768x142.jpeg 768w, https:\/\/nederlandsetempeliers.nl\/wp-content\/uploads\/guirlande.jpeg 1534w\" sizes=\"(max-width: 300px) 100vw, 300px\" \/>\t\t\t\t\t\t\t\t\t\t\t\t\t\t\t<\/div>\n\t\t\t\t<\/div>\n\t\t\t\t\t<\/div>\n\t\t\t\t<\/div>\n\t\t<div class=\"elementor-element elementor-element-7382f04 e-flex e-con-boxed e-con e-parent\" data-id=\"7382f04\" data-element_type=\"container\" data-e-type=\"container\">\n\t\t\t\t\t<div class=\"e-con-inner\">\n\t\t<div class=\"elementor-element elementor-element-925a2f4 e-con-full e-flex e-con e-child\" data-id=\"925a2f4\" data-element_type=\"container\" data-e-type=\"container\">\n\t\t\t\t<div class=\"elementor-element elementor-element-877ca9d elementor-widget elementor-widget-text-editor\" data-id=\"877ca9d\" data-element_type=\"widget\" data-e-type=\"widget\" data-widget_type=\"text-editor.default\">\n\t\t\t\t<div class=\"elementor-widget-container\">\n\t\t\t\t\t\t\t\t\t<p>P\u00e1gina 17<br \/>&#8230;.pour avoir dequoi \u00e0 vivre. Les habitants de la Bulgarie se sont assembl\u00e9e, et ont masacr\u00e9 la plus grande partie des fr\u00e8res de la croisade. Les ont poursuitt jusqu\u2019\u00e0 dans les bois et for\u00eats sauvages, l\u00e0 o\u00f9<br \/>ils ont souffert la faim et la mis\u00e8re, jusques\u2019ils sont arriv\u00e9 \u00e0 Constantinople, l\u00e0 o\u00f9 l\u2019Empereur Alexius leurs a fournie des vivres pour les rafraichir et continuer leur<br \/>route, mais ils camperent longtems hors de la ville,<\/p>\t\t\t\t\t\t\t\t<\/div>\n\t\t\t\t<\/div>\n\t\t\t\t<\/div>\n\t\t<div class=\"elementor-element elementor-element-f6a407b e-con-full e-flex e-con e-child\" data-id=\"f6a407b\" data-element_type=\"container\" data-e-type=\"container\">\n\t\t\t\t<div class=\"elementor-element elementor-element-cf394bd elementor-widget elementor-widget-image\" data-id=\"cf394bd\" data-element_type=\"widget\" data-e-type=\"widget\" data-widget_type=\"image.default\">\n\t\t\t\t<div class=\"elementor-widget-container\">\n\t\t\t\t\t\t\t\t\t\t\t\t\t\t\t<img loading=\"lazy\" decoding=\"async\" width=\"800\" height=\"505\" src=\"https:\/\/nederlandsetempeliers.nl\/wp-content\/uploads\/Hagia-Sophia-1096-4-1024x646.jpeg\" class=\"attachment-large size-large wp-image-10635\" alt=\"Hagia Sophia 1096\" srcset=\"https:\/\/nederlandsetempeliers.nl\/wp-content\/uploads\/Hagia-Sophia-1096-4-1024x646.jpeg 1024w, https:\/\/nederlandsetempeliers.nl\/wp-content\/uploads\/Hagia-Sophia-1096-4-300x189.jpeg 300w, https:\/\/nederlandsetempeliers.nl\/wp-content\/uploads\/Hagia-Sophia-1096-4-768x484.jpeg 768w, https:\/\/nederlandsetempeliers.nl\/wp-content\/uploads\/Hagia-Sophia-1096-4-1536x969.jpeg 1536w, https:\/\/nederlandsetempeliers.nl\/wp-content\/uploads\/Hagia-Sophia-1096-4.jpeg 1579w\" sizes=\"(max-width: 800px) 100vw, 800px\" \/>\t\t\t\t\t\t\t\t\t\t\t\t\t\t\t<\/div>\n\t\t\t\t<\/div>\n\t\t\t\t<\/div>\n\t\t<div class=\"elementor-element elementor-element-15e8bc7 e-con-full e-flex e-con e-child\" data-id=\"15e8bc7\" data-element_type=\"container\" data-e-type=\"container\">\n\t\t\t\t<div class=\"elementor-element elementor-element-3e5dbbc elementor-widget elementor-widget-text-editor\" data-id=\"3e5dbbc\" data-element_type=\"widget\" data-e-type=\"widget\" data-widget_type=\"text-editor.default\">\n\t\t\t\t<div class=\"elementor-widget-container\">\n\t\t\t\t\t\t\t\t\t<p>P\u00e1gina 17 <br \/>Para conseguir alimento, los habitantes de Bulgaria se reunieron y dieron muerte a la mayor parte de los hermanos de la cruzada. Los persiguieron hasta lo m\u00e1s profundo de los bosques y parajes salvajes, donde sufrieron hambre y miseria, hasta llegar a Constantinopla. All\u00ed el emperador Alejo les proporcion\u00f3 alimentos para que recuperaran fuerzas y continuaran su viaje, pero permanecieron durante mucho tiempo fuera de la ciudad.<\/p>\t\t\t\t\t\t\t\t<\/div>\n\t\t\t\t<\/div>\n\t\t\t\t<\/div>\n\t\t\t\t\t<\/div>\n\t\t\t\t<\/div>\n\t\t<div class=\"elementor-element elementor-element-c301f7e e-flex e-con-boxed e-con e-parent\" data-id=\"c301f7e\" data-element_type=\"container\" data-e-type=\"container\">\n\t\t\t\t\t<div class=\"e-con-inner\">\n\t\t\t\t<div class=\"elementor-element elementor-element-dd93e73 elementor-widget elementor-widget-text-editor\" data-id=\"dd93e73\" data-element_type=\"widget\" data-e-type=\"widget\" data-widget_type=\"text-editor.default\">\n\t\t\t\t<div class=\"elementor-widget-container\">\n\t\t\t\t\t\t\t\t\t<p>P\u00e1gina 17<br \/>Entraron en conflicto con la poblaci\u00f3n b\u00falgara, que se levant\u00f3 contra ellos, oblig\u00e1ndolos a huir hacia los bosques. Solo una peque\u00f1a parte logr\u00f3 llegar agotada a Constantinopla. All\u00ed el emperador Alejo les proporcion\u00f3 alimento y descanso, PERO les hizo acampar fuera de las murallas de la ciudad. La ense\u00f1anza es clara: quien no pone orden en su fe termina convirti\u00e9ndose \u00e9l mismo en la causa del caos.<\/p>\t\t\t\t\t\t\t\t<\/div>\n\t\t\t\t<\/div>\n\t\t\t\t\t<\/div>\n\t\t\t\t<\/div>\n\t\t<div class=\"elementor-element elementor-element-dba3078 e-flex e-con-boxed e-con e-parent\" data-id=\"dba3078\" data-element_type=\"container\" data-e-type=\"container\">\n\t\t\t\t\t<div class=\"e-con-inner\">\n\t\t\t\t<div class=\"elementor-element elementor-element-472f1f6 elementor-widget elementor-widget-image\" data-id=\"472f1f6\" data-element_type=\"widget\" data-e-type=\"widget\" data-widget_type=\"image.default\">\n\t\t\t\t<div class=\"elementor-widget-container\">\n\t\t\t\t\t\t\t\t\t\t\t\t\t\t\t<img loading=\"lazy\" decoding=\"async\" width=\"300\" height=\"55\" src=\"https:\/\/nederlandsetempeliers.nl\/wp-content\/uploads\/guirlande-300x55.jpeg\" class=\"attachment-medium size-medium wp-image-7474\" alt=\"Guirnalda\" srcset=\"https:\/\/nederlandsetempeliers.nl\/wp-content\/uploads\/guirlande-300x55.jpeg 300w, https:\/\/nederlandsetempeliers.nl\/wp-content\/uploads\/guirlande-1024x189.jpeg 1024w, https:\/\/nederlandsetempeliers.nl\/wp-content\/uploads\/guirlande-768x142.jpeg 768w, https:\/\/nederlandsetempeliers.nl\/wp-content\/uploads\/guirlande.jpeg 1534w\" sizes=\"(max-width: 300px) 100vw, 300px\" \/>\t\t\t\t\t\t\t\t\t\t\t\t\t\t\t<\/div>\n\t\t\t\t<\/div>\n\t\t\t\t\t<\/div>\n\t\t\t\t<\/div>\n\t\t<div class=\"elementor-element elementor-element-df458b3 e-flex e-con-boxed e-con e-parent\" data-id=\"df458b3\" data-element_type=\"container\" data-e-type=\"container\">\n\t\t\t\t\t<div class=\"e-con-inner\">\n\t\t<div class=\"elementor-element elementor-element-9935dbf e-con-full e-flex e-con e-child\" data-id=\"9935dbf\" data-element_type=\"container\" data-e-type=\"container\">\n\t\t\t\t<div class=\"elementor-element elementor-element-f8de955 elementor-widget elementor-widget-text-editor\" data-id=\"f8de955\" data-element_type=\"widget\" data-e-type=\"widget\" data-widget_type=\"text-editor.default\">\n\t\t\t\t<div class=\"elementor-widget-container\">\n\t\t\t\t\t\t\t\t\t<p>P\u00e1gina 18<br \/>parce qu\u2019ils furent obligez d\u2019attendre leurs commandement, qui \u00e9toit dispers\u00e9<br \/>aussi bien qu\u2019eux.<br \/>2\u1d48\u1d49\u1d50\u1d49 Convois de 4000 Soldats,<br \/>la plus grande partie des Lorrains, Bavarois et Moraviens, avec les Autrichiens, la plus grande partie \u00e9toient<br \/>des Brigands que conduisoit Pierre l\u2019hermite, que l\u2019on tenoit dans ce tems l\u00e0 pour un grand Proph\u00e8te et un Saint tr\u00e8s particulier, avec la Croix \u00e0 la main, mais il&#8230;&#8230;<\/p>\t\t\t\t\t\t\t\t<\/div>\n\t\t\t\t<\/div>\n\t\t\t\t<\/div>\n\t\t<div class=\"elementor-element elementor-element-750a008 e-con-full e-flex e-con e-child\" data-id=\"750a008\" data-element_type=\"container\" data-e-type=\"container\">\n\t\t\t\t<div class=\"elementor-element elementor-element-2b8a0aa elementor-widget elementor-widget-image\" data-id=\"2b8a0aa\" data-element_type=\"widget\" data-e-type=\"widget\" data-widget_type=\"image.default\">\n\t\t\t\t<div class=\"elementor-widget-container\">\n\t\t\t\t\t\t\t\t\t\t\t\t\t\t\t<img loading=\"lazy\" decoding=\"async\" width=\"146\" height=\"165\" src=\"https:\/\/nederlandsetempeliers.nl\/wp-content\/uploads\/pelgrims-4.jpg\" class=\"attachment-large size-large wp-image-10636\" alt=\"peregrino\" \/>\t\t\t\t\t\t\t\t\t\t\t\t\t\t\t<\/div>\n\t\t\t\t<\/div>\n\t\t\t\t<\/div>\n\t\t<div class=\"elementor-element elementor-element-f8e9d9b e-con-full e-flex e-con e-child\" data-id=\"f8e9d9b\" data-element_type=\"container\" data-e-type=\"container\">\n\t\t\t\t<div class=\"elementor-element elementor-element-da7219e elementor-widget elementor-widget-text-editor\" data-id=\"da7219e\" data-element_type=\"widget\" data-e-type=\"widget\" data-widget_type=\"text-editor.default\">\n\t\t\t\t<div class=\"elementor-widget-container\">\n\t\t\t\t\t\t\t\t\t<p>P\u00e1gina 18.<br \/>&#8230;porque estaban obligados a esperar a sus jefes, que se hallaban tan dispersos como ellos mismos.<br \/>La segunda columna estaba formada por 4.000 soldados, principalmente procedentes de Lorena, Baviera y Moravia, junto con algunos austr\u00edacos. La mayor\u00eda de ellos eran saqueadores y bandidos, bajo el mando de Pedro el Ermita\u00f1o, a quien en aquella \u00e9poca se consideraba un gran profeta y un hombre de extraordinaria santidad, llevando la Cruz en la mano, pero \u00e9l&#8230;<\/p>\t\t\t\t\t\t\t\t<\/div>\n\t\t\t\t<\/div>\n\t\t\t\t<\/div>\n\t\t\t\t\t<\/div>\n\t\t\t\t<\/div>\n\t\t<div class=\"elementor-element elementor-element-e45e45f e-flex e-con-boxed e-con e-parent\" data-id=\"e45e45f\" data-element_type=\"container\" data-e-type=\"container\">\n\t\t\t\t\t<div class=\"e-con-inner\">\n\t\t\t\t<div class=\"elementor-element elementor-element-5292a46 elementor-widget elementor-widget-text-editor\" data-id=\"5292a46\" data-element_type=\"widget\" data-e-type=\"widget\" data-widget_type=\"text-editor.default\">\n\t\t\t\t<div class=\"elementor-widget-container\">\n\t\t\t\t\t\t\t\t\t<p>P\u00e1gina 18<br \/>La segunda columna estaba compuesta por 4.000 hombres de Europa Central. La mayor\u00eda eran saqueadores, dirigidos por Pedro el Ermita\u00f1o, quien era visto por el pueblo como un profeta y un hombre santo, con la Cruz en la mano&#8230;<\/p>\t\t\t\t\t\t\t\t<\/div>\n\t\t\t\t<\/div>\n\t\t\t\t\t<\/div>\n\t\t\t\t<\/div>\n\t\t<div class=\"elementor-element elementor-element-f4e2630 e-flex e-con-boxed e-con e-parent\" data-id=\"f4e2630\" data-element_type=\"container\" data-e-type=\"container\">\n\t\t\t\t\t<div class=\"e-con-inner\">\n\t\t\t\t<div class=\"elementor-element elementor-element-8e1267d elementor-widget elementor-widget-image\" data-id=\"8e1267d\" data-element_type=\"widget\" data-e-type=\"widget\" data-widget_type=\"image.default\">\n\t\t\t\t<div class=\"elementor-widget-container\">\n\t\t\t\t\t\t\t\t\t\t\t\t\t\t\t<img loading=\"lazy\" decoding=\"async\" width=\"300\" height=\"55\" src=\"https:\/\/nederlandsetempeliers.nl\/wp-content\/uploads\/guirlande-300x55.jpeg\" class=\"attachment-medium size-medium wp-image-7474\" alt=\"Guirnalda\" srcset=\"https:\/\/nederlandsetempeliers.nl\/wp-content\/uploads\/guirlande-300x55.jpeg 300w, https:\/\/nederlandsetempeliers.nl\/wp-content\/uploads\/guirlande-1024x189.jpeg 1024w, https:\/\/nederlandsetempeliers.nl\/wp-content\/uploads\/guirlande-768x142.jpeg 768w, https:\/\/nederlandsetempeliers.nl\/wp-content\/uploads\/guirlande.jpeg 1534w\" sizes=\"(max-width: 300px) 100vw, 300px\" \/>\t\t\t\t\t\t\t\t\t\t\t\t\t\t\t<\/div>\n\t\t\t\t<\/div>\n\t\t\t\t\t<\/div>\n\t\t\t\t<\/div>\n\t\t<div class=\"elementor-element elementor-element-7ba96f2 e-flex e-con-boxed e-con e-parent\" data-id=\"7ba96f2\" data-element_type=\"container\" data-e-type=\"container\">\n\t\t\t\t\t<div class=\"e-con-inner\">\n\t\t<div class=\"elementor-element elementor-element-e810891 e-con-full e-flex e-con e-child\" data-id=\"e810891\" data-element_type=\"container\" data-e-type=\"container\">\n\t\t\t\t<div class=\"elementor-element elementor-element-6c11d4a elementor-widget elementor-widget-text-editor\" data-id=\"6c11d4a\" data-element_type=\"widget\" data-e-type=\"widget\" data-widget_type=\"text-editor.default\">\n\t\t\t\t<div class=\"elementor-widget-container\">\n\t\t\t\t\t\t\t\t\t<p>P\u00e1gina 19<br \/>Ses troupes qui n\u2019\u00e9toient pas de son commandement de piller tout ce qu\u2019ils y pourroient trouver. Sur cela, comme de<br \/>raison, ils furent attaquez des Hongrois et qui ont tomber sur eux et en ont tu\u00e9 1000, et les autres mis en desordre.<br \/>Leurs or et leurs argent et bagages furent pillez, que le reste qui avoit pris la<br \/>fuite furent oblig\u00e9 de mendier leur pain en chemin jusque \u00e0 Constantinople.<br \/>Comme ceux-ci furent arriv\u00e9\u2026<\/p>\t\t\t\t\t\t\t\t<\/div>\n\t\t\t\t<\/div>\n\t\t\t\t<\/div>\n\t\t<div class=\"elementor-element elementor-element-3924708 e-con-full e-flex e-con e-child\" data-id=\"3924708\" data-element_type=\"container\" data-e-type=\"container\">\n\t\t\t\t<div class=\"elementor-element elementor-element-09b5ef6 elementor-widget elementor-widget-image\" data-id=\"09b5ef6\" data-element_type=\"widget\" data-e-type=\"widget\" data-widget_type=\"image.default\">\n\t\t\t\t<div class=\"elementor-widget-container\">\n\t\t\t\t\t\t\t\t\t\t\t\t\t\t\t<img loading=\"lazy\" decoding=\"async\" width=\"800\" height=\"480\" src=\"https:\/\/nederlandsetempeliers.nl\/wp-content\/uploads\/map-4-1024x614.jpeg\" class=\"attachment-large size-large wp-image-11193\" alt=\"Europa\" srcset=\"https:\/\/nederlandsetempeliers.nl\/wp-content\/uploads\/map-4-1024x614.jpeg 1024w, https:\/\/nederlandsetempeliers.nl\/wp-content\/uploads\/map-4-300x180.jpeg 300w, https:\/\/nederlandsetempeliers.nl\/wp-content\/uploads\/map-4-768x460.jpeg 768w, https:\/\/nederlandsetempeliers.nl\/wp-content\/uploads\/map-4-1536x921.jpeg 1536w, https:\/\/nederlandsetempeliers.nl\/wp-content\/uploads\/map-4.jpeg 1600w\" sizes=\"(max-width: 800px) 100vw, 800px\" \/>\t\t\t\t\t\t\t\t\t\t\t\t\t\t\t<\/div>\n\t\t\t\t<\/div>\n\t\t\t\t<\/div>\n\t\t<div class=\"elementor-element elementor-element-6e81ada e-con-full e-flex e-con e-child\" data-id=\"6e81ada\" data-element_type=\"container\" data-e-type=\"container\">\n\t\t\t\t<div class=\"elementor-element elementor-element-6ff405e elementor-widget elementor-widget-text-editor\" data-id=\"6ff405e\" data-element_type=\"widget\" data-e-type=\"widget\" data-widget_type=\"text-editor.default\">\n\t\t\t\t<div class=\"elementor-widget-container\">\n\t\t\t\t\t\t\t\t\t<p>P\u00e1gina 19.<br \/>&#8230;no ten\u00eda conocimientos de estrategia militar,<br \/>por lo que sus tropas cerca de Nicea fueron derrotadas por los turcos. Casi todos murieron,<br \/>y \u00e9l mismo huy\u00f3 con unos pocos supervivientes<br \/>hacia Constantinopla.<br \/>Mientras tanto, los pr\u00edncipes de Europa<br \/>comenzaron a poner en marcha sus ej\u00e9rcitos bien equipados y disciplinados, de los cuales hablaremos m\u00e1s adelante.<\/p>\t\t\t\t\t\t\t\t<\/div>\n\t\t\t\t<\/div>\n\t\t\t\t<\/div>\n\t\t\t\t\t<\/div>\n\t\t\t\t<\/div>\n\t\t<div class=\"elementor-element elementor-element-4ae60fc e-flex e-con-boxed e-con e-parent\" data-id=\"4ae60fc\" data-element_type=\"container\" data-e-type=\"container\">\n\t\t\t\t\t<div class=\"e-con-inner\">\n\t\t\t\t<div class=\"elementor-element elementor-element-fc72f49 elementor-widget elementor-widget-text-editor\" data-id=\"fc72f49\" data-element_type=\"widget\" data-e-type=\"widget\" data-widget_type=\"text-editor.default\">\n\t\t\t\t<div class=\"elementor-widget-container\">\n\t\t\t\t\t\t\t\t\t<p>P\u00e1gina 19. <br \/>La batalla cerca de Nicea (Nicea es la actual \u0130znik, en Turqu\u00eda.) Las tropas desorganizadas de Pedro el Ermita\u00f1o fueron masacradas por completo por los turcos bajo el mando del sult\u00e1n Kilij Arslan. S\u00f3lo un peque\u00f1o grupo de supervivientes, junto con Pedro el Ermita\u00f1o, logr\u00f3 regresar a Constantinopla.<br \/>As\u00ed termin\u00f3 la Cruzada Popular en una tragedia.<br \/><br \/><strong>Los reyes y nobles de Europa lo vieron \u2014 pero m\u00e1s a\u00fan el Papa ! AQU\u00cd se encuentra la semilla del ideal templario. <\/strong>Porque lo que sigue en la historia es una generaci\u00f3n de caballeros que aprende:<br \/><br \/><strong>\u00abLucharemos por Dios, pero con conocimiento, orden y disciplina.\u00bb<br \/><\/strong><br \/>Nacidos para ORDENAR LA FUERZA SAGRADA, para que no se desv\u00ede ni caiga en el mal.<\/p>\t\t\t\t\t\t\t\t<\/div>\n\t\t\t\t<\/div>\n\t\t\t\t\t<\/div>\n\t\t\t\t<\/div>\n\t\t\t\t<section class=\"elementor-section elementor-top-section elementor-element elementor-element-48d3ee22 elementor-section-boxed elementor-section-height-default elementor-section-height-default\" data-id=\"48d3ee22\" data-element_type=\"section\" data-e-type=\"section\" data-settings=\"{&quot;background_background&quot;:&quot;classic&quot;,&quot;shape_divider_top&quot;:&quot;triangle&quot;,&quot;shape_divider_top_negative&quot;:&quot;yes&quot;,&quot;shape_divider_bottom&quot;:&quot;triangle&quot;,&quot;shape_divider_bottom_negative&quot;:&quot;yes&quot;}\">\n\t\t\t\t\t<div class=\"elementor-shape elementor-shape-top\" aria-hidden=\"true\" data-negative=\"true\">\n\t\t\t<svg xmlns=\"http:\/\/www.w3.org\/2000\/svg\" viewBox=\"0 0 1000 100\" preserveAspectRatio=\"none\">\n\t<path class=\"elementor-shape-fill\" d=\"M500.2,94.7L0,0v100h1000V0L500.2,94.7z\"\/>\n<\/svg>\t\t<\/div>\n\t\t\t\t<div class=\"elementor-shape elementor-shape-bottom\" aria-hidden=\"true\" data-negative=\"true\">\n\t\t\t<svg xmlns=\"http:\/\/www.w3.org\/2000\/svg\" viewBox=\"0 0 1000 100\" preserveAspectRatio=\"none\">\n\t<path class=\"elementor-shape-fill\" d=\"M500.2,94.7L0,0v100h1000V0L500.2,94.7z\"\/>\n<\/svg>\t\t<\/div>\n\t\t\t\t\t<div class=\"elementor-container elementor-column-gap-default\">\n\t\t\t\t\t<div class=\"elementor-column elementor-col-100 elementor-top-column elementor-element elementor-element-1e475f7c\" data-id=\"1e475f7c\" data-element_type=\"column\" data-e-type=\"column\">\n\t\t\t<div class=\"elementor-widget-wrap elementor-element-populated\">\n\t\t\t\t\t\t<div class=\"elementor-element elementor-element-55c19d2f elementor-widget__width-auto elementor-view-default elementor-widget elementor-widget-icon\" data-id=\"55c19d2f\" data-element_type=\"widget\" data-e-type=\"widget\" data-widget_type=\"icon.default\">\n\t\t\t\t<div class=\"elementor-widget-container\">\n\t\t\t\t\t\t\t<div class=\"elementor-icon-wrapper\">\n\t\t\t<div class=\"elementor-icon\">\n\t\t\t<i aria-hidden=\"true\" class=\"fas fa-grip-lines\"><\/i>\t\t\t<\/div>\n\t\t<\/div>\n\t\t\t\t\t\t<\/div>\n\t\t\t\t<\/div>\n\t\t\t\t<div class=\"elementor-element elementor-element-cfd76a5 elementor-widget__width-auto elementor-widget elementor-widget-heading\" data-id=\"cfd76a5\" data-element_type=\"widget\" data-e-type=\"widget\" data-widget_type=\"heading.default\">\n\t\t\t\t<div class=\"elementor-widget-container\">\n\t\t\t\t\t<h2 class=\"elementor-heading-title elementor-size-default\">1097<\/h2>\t\t\t\t<\/div>\n\t\t\t\t<\/div>\n\t\t\t\t<div class=\"elementor-element elementor-element-5ea9d59b elementor-widget__width-auto elementor-view-default elementor-widget elementor-widget-icon\" data-id=\"5ea9d59b\" data-element_type=\"widget\" data-e-type=\"widget\" data-widget_type=\"icon.default\">\n\t\t\t\t<div class=\"elementor-widget-container\">\n\t\t\t\t\t\t\t<div class=\"elementor-icon-wrapper\">\n\t\t\t<div class=\"elementor-icon\">\n\t\t\t<i aria-hidden=\"true\" class=\"fas fa-grip-lines\"><\/i>\t\t\t<\/div>\n\t\t<\/div>\n\t\t\t\t\t\t<\/div>\n\t\t\t\t<\/div>\n\t\t\t\t\t<\/div>\n\t\t<\/div>\n\t\t\t\t\t<\/div>\n\t\t<\/section>\n\t\t<div class=\"elementor-element elementor-element-1f97f88 e-flex e-con-boxed e-con e-parent\" data-id=\"1f97f88\" data-element_type=\"container\" data-e-type=\"container\">\n\t\t\t\t\t<div class=\"e-con-inner\">\n\t\t<div class=\"elementor-element elementor-element-1c2e18f e-con-full e-flex e-con e-child\" data-id=\"1c2e18f\" data-element_type=\"container\" data-e-type=\"container\">\n\t\t\t\t<div class=\"elementor-element elementor-element-2e28048 elementor-widget elementor-widget-text-editor\" data-id=\"2e28048\" data-element_type=\"widget\" data-e-type=\"widget\" data-widget_type=\"text-editor.default\">\n\t\t\t\t<div class=\"elementor-widget-container\">\n\t\t\t\t\t\t\t\t\t<p>P\u00e1gina 20<br \/>Ses troupes qui n\u2019\u00e9toient pas de son commandement de piller tout ce qu\u2019ils y pourroient trouver. Sur cela, comme de<br \/>raison, ils furent attaquez des Hongrois et qui ont tomber sur eux et en ont tu\u00e9 1000, et les autres mis en desordre.<br \/>Leurs or et leurs argent et bagages furent pillez, que le reste qui avoit pris la fuite furent oblig\u00e9 de mendier leur pain en chemin jusque \u00e0 Constantinople.<br \/>Comme ceux-ci furent arriv\u00e9\u2026<\/p>\t\t\t\t\t\t\t\t<\/div>\n\t\t\t\t<\/div>\n\t\t\t\t<\/div>\n\t\t<div class=\"elementor-element elementor-element-b7a9559 e-con-full e-flex e-con e-child\" data-id=\"b7a9559\" data-element_type=\"container\" data-e-type=\"container\">\n\t\t\t\t<div class=\"elementor-element elementor-element-b8b6d79 elementor-widget elementor-widget-image\" data-id=\"b8b6d79\" data-element_type=\"widget\" data-e-type=\"widget\" data-widget_type=\"image.default\">\n\t\t\t\t<div class=\"elementor-widget-container\">\n\t\t\t\t\t\t\t\t\t\t\t\t\t\t\t<img loading=\"lazy\" decoding=\"async\" width=\"800\" height=\"534\" src=\"https:\/\/nederlandsetempeliers.nl\/wp-content\/uploads\/brood-4-1024x683.jpeg\" class=\"attachment-large size-large wp-image-11194\" alt=\"Pan\" srcset=\"https:\/\/nederlandsetempeliers.nl\/wp-content\/uploads\/brood-4-1024x683.jpeg 1024w, https:\/\/nederlandsetempeliers.nl\/wp-content\/uploads\/brood-4-300x200.jpeg 300w, https:\/\/nederlandsetempeliers.nl\/wp-content\/uploads\/brood-4-768x512.jpeg 768w, https:\/\/nederlandsetempeliers.nl\/wp-content\/uploads\/brood-4.jpeg 1536w\" sizes=\"(max-width: 800px) 100vw, 800px\" \/>\t\t\t\t\t\t\t\t\t\t\t\t\t\t\t<\/div>\n\t\t\t\t<\/div>\n\t\t\t\t<\/div>\n\t\t<div class=\"elementor-element elementor-element-639ac85 e-con-full e-flex e-con e-child\" data-id=\"639ac85\" data-element_type=\"container\" data-e-type=\"container\">\n\t\t\t\t<div class=\"elementor-element elementor-element-c2da802 elementor-widget elementor-widget-text-editor\" data-id=\"c2da802\" data-element_type=\"widget\" data-e-type=\"widget\" data-widget_type=\"text-editor.default\">\n\t\t\t\t<div class=\"elementor-widget-container\">\n\t\t\t\t\t\t\t\t\t<p>P\u00e1gina 20<br \/>Sus tropas, que no estaban bajo su mando directo,<br \/>comenzaron a saquear todo lo que pod\u00edan encontrar.<br \/>Por ello, y con raz\u00f3n, fueron atacadas por los h\u00fangaros,<br \/>que cayeron sobre ellas y mataron a mil hombres,<br \/>mientras los dem\u00e1s ca\u00edan en el desorden.<br \/>Su oro, su plata y su equipaje fueron saqueados,<br \/>y los supervivientes, que huyeron para salvar la vida,<br \/>se vieron obligados a mendigar pan en su camino hacia Constantinopla.<br \/>Cuando finalmente llegaron all\u00ed&#8230;<\/p>\t\t\t\t\t\t\t\t<\/div>\n\t\t\t\t<\/div>\n\t\t\t\t<\/div>\n\t\t\t\t\t<\/div>\n\t\t\t\t<\/div>\n\t\t<div class=\"elementor-element elementor-element-e56e803 e-flex e-con-boxed e-con e-parent\" data-id=\"e56e803\" data-element_type=\"container\" data-e-type=\"container\">\n\t\t\t\t\t<div class=\"e-con-inner\">\n\t\t\t\t<div class=\"elementor-element elementor-element-41f29bb elementor-widget elementor-widget-text-editor\" data-id=\"41f29bb\" data-element_type=\"widget\" data-e-type=\"widget\" data-widget_type=\"text-editor.default\">\n\t\t\t\t<div class=\"elementor-widget-container\">\n\t\t\t\t\t\t\t\t\t<p>P\u00e1gina 20.<br \/><span style=\"font-family: -apple-system, BlinkMacSystemFont, 'Segoe UI', Roboto, 'Helvetica Neue', Arial, 'Noto Sans', sans-serif, 'Apple Color Emoji', 'Segoe UI Emoji', 'Segoe UI Symbol', 'Noto Color Emoji';\">Eco hist\u00f3rico, l<\/span>a Cruzada Popular de Gualterio Sin Haber y Pedro el Ermita\u00f1o atraves\u00f3 Hungr\u00eda y Bulgaria, donde choc\u00f3 repetidamente con las poblaciones locales, que los consideraban saqueadores.<br \/>Miles fueron masacrados cerca de Belgrado y Ni\u0161.<br \/><br \/>Este es el punto m\u00e1s bajo del caos humano: el momento en que una multitud piadosa queda reducida a mendigos.<br \/>Sin embargo, \u00e9ste no es el final, sino el momento de purificaci\u00f3n de la historia &#8211;\u00a0 la humillaci\u00f3n necesaria antes de la reconstrucci\u00f3n.<br \/>Porque de aqu\u00ed nace la convicci\u00f3n de que una lucha santa s\u00f3lo es posible con:<br \/>\u2022 orden<br \/>\u2022 obediencia<br \/>\u2022 disciplina<br \/>\u2022 liderazgo<\/p><p><br \/>\u00c9ste es el momento en que el ideal del caballero mon\u00e1stico surge por necesidad.<br \/>Lo que sigue es el aliento del silencio despu\u00e9s de la tormenta: el momento en que la lecci\u00f3n finalmente se comprende:<br \/>\u00a1NUNCA M\u00c1S AS\u00cd!<\/p>\t\t\t\t\t\t\t\t<\/div>\n\t\t\t\t<\/div>\n\t\t\t\t\t<\/div>\n\t\t\t\t<\/div>\n\t\t<div class=\"elementor-element elementor-element-4289eb3 e-flex e-con-boxed e-con e-parent\" data-id=\"4289eb3\" data-element_type=\"container\" data-e-type=\"container\">\n\t\t\t\t\t<div class=\"e-con-inner\">\n\t\t\t\t<div class=\"elementor-element elementor-element-5a01c20 elementor-widget elementor-widget-image\" data-id=\"5a01c20\" data-element_type=\"widget\" data-e-type=\"widget\" data-widget_type=\"image.default\">\n\t\t\t\t<div class=\"elementor-widget-container\">\n\t\t\t\t\t\t\t\t\t\t\t\t\t\t\t<img loading=\"lazy\" decoding=\"async\" width=\"300\" height=\"55\" src=\"https:\/\/nederlandsetempeliers.nl\/wp-content\/uploads\/guirlande-300x55.jpeg\" class=\"attachment-medium size-medium wp-image-7474\" alt=\"Guirnalda\" srcset=\"https:\/\/nederlandsetempeliers.nl\/wp-content\/uploads\/guirlande-300x55.jpeg 300w, https:\/\/nederlandsetempeliers.nl\/wp-content\/uploads\/guirlande-1024x189.jpeg 1024w, https:\/\/nederlandsetempeliers.nl\/wp-content\/uploads\/guirlande-768x142.jpeg 768w, https:\/\/nederlandsetempeliers.nl\/wp-content\/uploads\/guirlande.jpeg 1534w\" sizes=\"(max-width: 300px) 100vw, 300px\" \/>\t\t\t\t\t\t\t\t\t\t\t\t\t\t\t<\/div>\n\t\t\t\t<\/div>\n\t\t\t\t\t<\/div>\n\t\t\t\t<\/div>\n\t\t<div class=\"elementor-element elementor-element-5389388 e-flex e-con-boxed e-con e-parent\" data-id=\"5389388\" data-element_type=\"container\" data-e-type=\"container\">\n\t\t\t\t\t<div class=\"e-con-inner\">\n\t\t<div class=\"elementor-element elementor-element-76ba4f5 e-con-full e-flex e-con e-child\" data-id=\"76ba4f5\" data-element_type=\"container\" data-e-type=\"container\">\n\t\t\t\t<div class=\"elementor-element elementor-element-81d5c95 elementor-widget elementor-widget-text-editor\" data-id=\"81d5c95\" data-element_type=\"widget\" data-e-type=\"widget\" data-widget_type=\"text-editor.default\">\n\t\t\t\t<div class=\"elementor-widget-container\">\n\t\t\t\t\t\t\t\t\t<p>P\u00e1gina 21<br \/>Blz 21. L\u2019Empereur Alexius leurs de-<br \/>manda de se joindre avec les autres troupes de Sansavoir qui \u00e9toient<br \/>arriv\u00e9es avant eux, et de se reposer, d\u2019attendre leurs autres camarades; mais comme ils \u00e9toient repos\u00e9 ils se mirent comme auparavant \u00e0 voler<br \/>et \u00e0 ravager. Alors Alexius ne les voulut pas souffrir davantage, et les obligea de partir pour l\u2019Asie, et d\u2019aller<br \/>trouver leurs ennemis. \u00c9tant arriv\u00e9s en Asie, il s\u2019y assembla toute sorte de nations, et\u2026<\/p>\t\t\t\t\t\t\t\t<\/div>\n\t\t\t\t<\/div>\n\t\t\t\t<\/div>\n\t\t<div class=\"elementor-element elementor-element-c1e552b e-con-full e-flex e-con e-child\" data-id=\"c1e552b\" data-element_type=\"container\" data-e-type=\"container\">\n\t\t\t\t<div class=\"elementor-element elementor-element-3d5e353 elementor-widget elementor-widget-image\" data-id=\"3d5e353\" data-element_type=\"widget\" data-e-type=\"widget\" data-widget_type=\"image.default\">\n\t\t\t\t<div class=\"elementor-widget-container\">\n\t\t\t\t\t\t\t\t\t\t\t\t\t\t\t<img loading=\"lazy\" decoding=\"async\" width=\"800\" height=\"930\" src=\"https:\/\/nederlandsetempeliers.nl\/wp-content\/uploads\/Ridder-met-waakhond-4-881x1024.jpeg\" class=\"attachment-large size-large wp-image-11429\" alt=\"Caballero con perro guardi\u00e1n\" srcset=\"https:\/\/nederlandsetempeliers.nl\/wp-content\/uploads\/Ridder-met-waakhond-4-881x1024.jpeg 881w, https:\/\/nederlandsetempeliers.nl\/wp-content\/uploads\/Ridder-met-waakhond-4-258x300.jpeg 258w, https:\/\/nederlandsetempeliers.nl\/wp-content\/uploads\/Ridder-met-waakhond-4-768x893.jpeg 768w, https:\/\/nederlandsetempeliers.nl\/wp-content\/uploads\/Ridder-met-waakhond-4.jpeg 1163w\" sizes=\"(max-width: 800px) 100vw, 800px\" \/>\t\t\t\t\t\t\t\t\t\t\t\t\t\t\t<\/div>\n\t\t\t\t<\/div>\n\t\t\t\t<\/div>\n\t\t<div class=\"elementor-element elementor-element-5c5ca5e e-con-full e-flex e-con e-child\" data-id=\"5c5ca5e\" data-element_type=\"container\" data-e-type=\"container\">\n\t\t\t\t<div class=\"elementor-element elementor-element-e57b858 elementor-widget elementor-widget-text-editor\" data-id=\"e57b858\" data-element_type=\"widget\" data-e-type=\"widget\" data-widget_type=\"text-editor.default\">\n\t\t\t\t<div class=\"elementor-widget-container\">\n\t\t\t\t\t\t\t\t\t<p>P\u00e1gina 21<br \/>El emperador Alejo les pidi\u00f3 que se unieran a las dem\u00e1s tropas de Sansavoir, que hab\u00edan llegado antes que ellos, que descansaran y esperaran a sus dem\u00e1s compa\u00f1eros. Pero en cuanto recuperaron las fuerzas, comenzaron de nuevo a robar y saquear. Entonces Alejo ya no quiso tolerarlo m\u00e1s y los oblig\u00f3 a partir hacia Asia para ir en busca de sus enemigos. Una vez en Asia, comenzaron a reunirse all\u00ed pueblos de toda clase y&#8230;<\/p>\t\t\t\t\t\t\t\t<\/div>\n\t\t\t\t<\/div>\n\t\t\t\t<\/div>\n\t\t\t\t\t<\/div>\n\t\t\t\t<\/div>\n\t\t<div class=\"elementor-element elementor-element-c5e7169 e-flex e-con-boxed e-con e-parent\" data-id=\"c5e7169\" data-element_type=\"container\" data-e-type=\"container\">\n\t\t\t\t\t<div class=\"e-con-inner\">\n\t\t\t\t<div class=\"elementor-element elementor-element-2f976b0 elementor-widget elementor-widget-text-editor\" data-id=\"2f976b0\" data-element_type=\"widget\" data-e-type=\"widget\" data-widget_type=\"text-editor.default\">\n\t\t\t\t<div class=\"elementor-widget-container\">\n\t\t\t\t\t\t\t\t\t<p>P\u00e1gina 21<br \/>La paciencia del emperador Alejo I Comneno lleg\u00f3 a su fin. Los supervivientes de la Cruzada Popular (aquellos que hab\u00edan logrado llegar a Constantinopla) fueron recibidos cordialmente por Alejo. <br \/>Les aconsej\u00f3 descansar un tiempo y esperar al resto de sus tropas. Sin embargo, tan pronto como recuperaron sus fuerzas, volvieron a sus antiguas costumbres: saquear y robar, incluso dentro del territorio del emperador. <br \/>Alejo tuvo suficiente y los expuls\u00f3 de la ciudad. Los oblig\u00f3 a cruzar el B\u00f3sforo hacia Asia Menor, directamente al territorio enemigo de los turcos.<br \/>El emperador era sabio y paciente, pero tambi\u00e9n realista. Sab\u00eda que aquellas personas acabar\u00edan destruy\u00e9ndose a s\u00ed mismas. <br \/><br \/>Una vez m\u00e1s se confirma el contraste entre el orden y el caos: no una devoci\u00f3n descontrolada, sino una entrega disciplinada y ordenada.<\/p>\t\t\t\t\t\t\t\t<\/div>\n\t\t\t\t<\/div>\n\t\t\t\t\t<\/div>\n\t\t\t\t<\/div>\n\t\t<div class=\"elementor-element elementor-element-ae312bb e-flex e-con-boxed e-con e-parent\" data-id=\"ae312bb\" data-element_type=\"container\" data-e-type=\"container\">\n\t\t\t\t\t<div class=\"e-con-inner\">\n\t\t\t\t<div class=\"elementor-element elementor-element-1b3dfcd elementor-widget elementor-widget-image\" data-id=\"1b3dfcd\" data-element_type=\"widget\" data-e-type=\"widget\" data-widget_type=\"image.default\">\n\t\t\t\t<div class=\"elementor-widget-container\">\n\t\t\t\t\t\t\t\t\t\t\t\t\t\t\t<img loading=\"lazy\" decoding=\"async\" width=\"300\" height=\"55\" src=\"https:\/\/nederlandsetempeliers.nl\/wp-content\/uploads\/guirlande-300x55.jpeg\" class=\"attachment-medium size-medium wp-image-7474\" alt=\"Guirnalda\" srcset=\"https:\/\/nederlandsetempeliers.nl\/wp-content\/uploads\/guirlande-300x55.jpeg 300w, https:\/\/nederlandsetempeliers.nl\/wp-content\/uploads\/guirlande-1024x189.jpeg 1024w, https:\/\/nederlandsetempeliers.nl\/wp-content\/uploads\/guirlande-768x142.jpeg 768w, https:\/\/nederlandsetempeliers.nl\/wp-content\/uploads\/guirlande.jpeg 1534w\" sizes=\"(max-width: 300px) 100vw, 300px\" \/>\t\t\t\t\t\t\t\t\t\t\t\t\t\t\t<\/div>\n\t\t\t\t<\/div>\n\t\t\t\t\t<\/div>\n\t\t\t\t<\/div>\n\t\t<div class=\"elementor-element elementor-element-c15235b e-flex e-con-boxed e-con e-parent\" data-id=\"c15235b\" data-element_type=\"container\" data-e-type=\"container\">\n\t\t\t\t\t<div class=\"e-con-inner\">\n\t\t<div class=\"elementor-element elementor-element-d580729 e-con-full e-flex e-con e-child\" data-id=\"d580729\" data-element_type=\"container\" data-e-type=\"container\">\n\t\t\t\t<div class=\"elementor-element elementor-element-4834599 elementor-widget elementor-widget-text-editor\" data-id=\"4834599\" data-element_type=\"widget\" data-e-type=\"widget\" data-widget_type=\"text-editor.default\">\n\t\t\t\t<div class=\"elementor-widget-container\">\n\t\t\t\t\t\t\t\t\t<p>P\u00e1gina 22<br \/>comme ils \u00e9toient oblig\u00e9 de vivre \u00e0 leur d\u00e9pens, et leur arm\u00e9e s\u2019augmenta de jour<br \/>en jour de toute sorte de gens, les vivres vinrent \u00e0 manquer, alors il s\u2019\u00e9leva une r\u00e9volte; les Allemands et les Italiens se s\u00e9par\u00e8rent de l\u2019hermite et ils reconnurent pour Chef un nomm\u00e9 Renaldrum. L\u2019hermite ne se fioit plus de rester au- pr\u00e8s de tous ces gens-l\u00e0, il se retira \u00e0 Constantinople pour t\u00e2cher d\u2019avoir des vivres.<br \/>Pendant ce tems-l\u00e0 Solimans\u2026<\/p>\t\t\t\t\t\t\t\t<\/div>\n\t\t\t\t<\/div>\n\t\t\t\t<\/div>\n\t\t<div class=\"elementor-element elementor-element-eaa693a e-con-full e-flex e-con e-child\" data-id=\"eaa693a\" data-element_type=\"container\" data-e-type=\"container\">\n\t\t\t\t<div class=\"elementor-element elementor-element-6ed3c64 elementor-widget elementor-widget-image\" data-id=\"6ed3c64\" data-element_type=\"widget\" data-e-type=\"widget\" data-widget_type=\"image.default\">\n\t\t\t\t<div class=\"elementor-widget-container\">\n\t\t\t\t\t\t\t\t\t\t\t\t\t\t\t<img loading=\"lazy\" decoding=\"async\" width=\"773\" height=\"1024\" src=\"https:\/\/nederlandsetempeliers.nl\/wp-content\/uploads\/schild-en-zwaard-4-773x1024.jpeg\" class=\"attachment-large size-large wp-image-11431\" alt=\"Escudo y espada\" srcset=\"https:\/\/nederlandsetempeliers.nl\/wp-content\/uploads\/schild-en-zwaard-4-773x1024.jpeg 773w, https:\/\/nederlandsetempeliers.nl\/wp-content\/uploads\/schild-en-zwaard-4-227x300.jpeg 227w, https:\/\/nederlandsetempeliers.nl\/wp-content\/uploads\/schild-en-zwaard-4-768x1017.jpeg 768w, https:\/\/nederlandsetempeliers.nl\/wp-content\/uploads\/schild-en-zwaard-4.jpeg 829w\" sizes=\"(max-width: 773px) 100vw, 773px\" \/>\t\t\t\t\t\t\t\t\t\t\t\t\t\t\t<\/div>\n\t\t\t\t<\/div>\n\t\t\t\t<\/div>\n\t\t<div class=\"elementor-element elementor-element-0e60843 e-con-full e-flex e-con e-child\" data-id=\"0e60843\" data-element_type=\"container\" data-e-type=\"container\">\n\t\t\t\t<div class=\"elementor-element elementor-element-5bdfa59 elementor-widget elementor-widget-text-editor\" data-id=\"5bdfa59\" data-element_type=\"widget\" data-e-type=\"widget\" data-widget_type=\"text-editor.default\">\n\t\t\t\t<div class=\"elementor-widget-container\">\n\t\t\t\t\t\t\t\t\t<p>P\u00e1gina 22 <br \/>Como estaban obligados a mantenerse por sus propios medios y su ej\u00e9rcito aumentaba cada d\u00eda con toda clase de personas, las provisiones comenzaron a agotarse. Entonces estall\u00f3 una revuelta: los alemanes y los italianos se separaron del Ermita\u00f1o y reconocieron como su jefe a un hombre llamado Renaldrum.<br \/>El Ermita\u00f1o ya no se atrev\u00eda a permanecer entre aquella multitud y regres\u00f3 a Constantinopla para intentar conseguir v\u00edveres.<br \/>Mientras tanto, Solim\u00e1n comenz\u00f3&#8230;<\/p>\t\t\t\t\t\t\t\t<\/div>\n\t\t\t\t<\/div>\n\t\t\t\t<\/div>\n\t\t\t\t\t<\/div>\n\t\t\t\t<\/div>\n\t\t<div class=\"elementor-element elementor-element-0bf56aa e-flex e-con-boxed e-con e-parent\" data-id=\"0bf56aa\" data-element_type=\"container\" data-e-type=\"container\">\n\t\t\t\t\t<div class=\"e-con-inner\">\n\t\t\t\t<div class=\"elementor-element elementor-element-fb6d71e elementor-widget elementor-widget-text-editor\" data-id=\"fb6d71e\" data-element_type=\"widget\" data-e-type=\"widget\" data-widget_type=\"text-editor.default\">\n\t\t\t\t<div class=\"elementor-widget-container\">\n\t\t\t\t\t\t\t\t\t<p>P\u00e1gina 22 <br \/>La divisi\u00f3n y el desorden contin\u00faan. La rebeli\u00f3n, la desesperaci\u00f3n y el hambre aumentan el caos, y la divisi\u00f3n es la consecuencia. (Divide y vencer\u00e1s). Un grupo elige a otro dirigente: Renaldrum. Mientras tanto, Pedro el Ermita\u00f1o huye a Constantinopla.<\/p><p>As\u00ed pues, Pedro abandona a su propio pueblo.<\/p>\t\t\t\t\t\t\t\t<\/div>\n\t\t\t\t<\/div>\n\t\t\t\t\t<\/div>\n\t\t\t\t<\/div>\n\t\t<div class=\"elementor-element elementor-element-ec7919f e-flex e-con-boxed e-con e-parent\" data-id=\"ec7919f\" data-element_type=\"container\" data-e-type=\"container\">\n\t\t\t\t\t<div class=\"e-con-inner\">\n\t\t\t\t<div class=\"elementor-element elementor-element-ad24931 elementor-widget elementor-widget-image\" data-id=\"ad24931\" data-element_type=\"widget\" data-e-type=\"widget\" data-widget_type=\"image.default\">\n\t\t\t\t<div class=\"elementor-widget-container\">\n\t\t\t\t\t\t\t\t\t\t\t\t\t\t\t<img loading=\"lazy\" decoding=\"async\" width=\"300\" height=\"55\" src=\"https:\/\/nederlandsetempeliers.nl\/wp-content\/uploads\/guirlande-300x55.jpeg\" class=\"attachment-medium size-medium wp-image-7474\" alt=\"Guirnalda\" srcset=\"https:\/\/nederlandsetempeliers.nl\/wp-content\/uploads\/guirlande-300x55.jpeg 300w, https:\/\/nederlandsetempeliers.nl\/wp-content\/uploads\/guirlande-1024x189.jpeg 1024w, https:\/\/nederlandsetempeliers.nl\/wp-content\/uploads\/guirlande-768x142.jpeg 768w, https:\/\/nederlandsetempeliers.nl\/wp-content\/uploads\/guirlande.jpeg 1534w\" sizes=\"(max-width: 300px) 100vw, 300px\" \/>\t\t\t\t\t\t\t\t\t\t\t\t\t\t\t<\/div>\n\t\t\t\t<\/div>\n\t\t\t\t\t<\/div>\n\t\t\t\t<\/div>\n\t\t<div class=\"elementor-element elementor-element-ac6c8bd e-flex e-con-boxed e-con e-parent\" data-id=\"ac6c8bd\" data-element_type=\"container\" data-e-type=\"container\">\n\t\t\t\t\t<div class=\"e-con-inner\">\n\t\t<div class=\"elementor-element elementor-element-a7d2697 e-con-full e-flex e-con e-child\" data-id=\"a7d2697\" data-element_type=\"container\" data-e-type=\"container\">\n\t\t\t\t<div class=\"elementor-element elementor-element-f223838 elementor-widget elementor-widget-text-editor\" data-id=\"f223838\" data-element_type=\"widget\" data-e-type=\"widget\" data-widget_type=\"text-editor.default\">\n\t\t\t\t<div class=\"elementor-widget-container\">\n\t\t\t\t\t\t\t\t\t<p>P\u00e1gina 24<br \/>Et ce grand nombre d\u2019hommes plus de 100000 fut detruit, jusqu\u2019au nombre de 3000. Tous bons guerriers qui s\u2019\u00e9c-<br \/>chapperent et s\u2019en retourn\u00e8rent \u00e0 Constantinople, voil\u00e0 la suite de la premi\u00e8re Exp\u00e9dition.<br \/>Le 3\u1d49 Convoi, Godescalcus, un Pr\u00eatre allemand en fut le conducteur, et il suivit l\u2019exemple de Pierre l\u2019hermite et pr\u00eacha la Croisade dans l\u2019allemagne, et il assembla<br \/>le nombre de 15000 hommes,<\/p>\t\t\t\t\t\t\t\t<\/div>\n\t\t\t\t<\/div>\n\t\t\t\t<\/div>\n\t\t<div class=\"elementor-element elementor-element-44832c8 e-con-full e-flex e-con e-child\" data-id=\"44832c8\" data-element_type=\"container\" data-e-type=\"container\">\n\t\t\t\t<div class=\"elementor-element elementor-element-ebf68ad elementor-widget elementor-widget-image\" data-id=\"ebf68ad\" data-element_type=\"widget\" data-e-type=\"widget\" data-widget_type=\"image.default\">\n\t\t\t\t<div class=\"elementor-widget-container\">\n\t\t\t\t\t\t\t\t\t\t\t\t\t\t\t<img loading=\"lazy\" decoding=\"async\" width=\"393\" height=\"1024\" src=\"https:\/\/nederlandsetempeliers.nl\/wp-content\/uploads\/Turk-4-393x1024.jpeg\" class=\"attachment-large size-large wp-image-11571\" alt=\"turco\" srcset=\"https:\/\/nederlandsetempeliers.nl\/wp-content\/uploads\/Turk-4-393x1024.jpeg 393w, https:\/\/nederlandsetempeliers.nl\/wp-content\/uploads\/Turk-4-115x300.jpeg 115w, https:\/\/nederlandsetempeliers.nl\/wp-content\/uploads\/Turk-4.jpeg 552w\" sizes=\"(max-width: 393px) 100vw, 393px\" \/>\t\t\t\t\t\t\t\t\t\t\t\t\t\t\t<\/div>\n\t\t\t\t<\/div>\n\t\t\t\t<\/div>\n\t\t<div class=\"elementor-element elementor-element-6936998 e-con-full e-flex e-con e-child\" data-id=\"6936998\" data-element_type=\"container\" data-e-type=\"container\">\n\t\t\t\t<div class=\"elementor-element elementor-element-bc78666 elementor-widget elementor-widget-text-editor\" data-id=\"bc78666\" data-element_type=\"widget\" data-e-type=\"widget\" data-widget_type=\"text-editor.default\">\n\t\t\t\t<div class=\"elementor-widget-container\">\n\t\t\t\t\t\t\t\t\t<p>P\u00e1gina 23<br \/>El famoso rey de los turcos lleg\u00f3 con sus tropas regulares. Puede imaginarse en qu\u00e9 situaci\u00f3n tan desesperada se encontraba entonces aquel peque\u00f1o grupo de soldados mal dirigidos. En un estado tan triste y lamentable, despu\u00e9s de haber tomado dos o tres peque\u00f1as ciudades, los atac\u00f3. Lleno de una terrible furia, llev\u00f3 a cabo una gran matanza y tom\u00f3 prisioneros a todos los supervivientes, junto con su comandante Renaldos, de los cuales la mayor\u00eda acept\u00f3 la ley de Mahoma.<\/p>\t\t\t\t\t\t\t\t<\/div>\n\t\t\t\t<\/div>\n\t\t\t\t<\/div>\n\t\t\t\t\t<\/div>\n\t\t\t\t<\/div>\n\t\t<div class=\"elementor-element elementor-element-4d1e72f e-flex e-con-boxed e-con e-parent\" data-id=\"4d1e72f\" data-element_type=\"container\" data-e-type=\"container\">\n\t\t\t\t\t<div class=\"e-con-inner\">\n\t\t\t\t<div class=\"elementor-element elementor-element-260b40b elementor-widget elementor-widget-text-editor\" data-id=\"260b40b\" data-element_type=\"widget\" data-e-type=\"widget\" data-widget_type=\"text-editor.default\">\n\t\t\t\t<div class=\"elementor-widget-container\">\n\t\t\t\t\t\t\t\t\t<p>P\u00e1gina 23<br \/>El \u00abrey de los turcos\u00bb es el sult\u00e1n Solim\u00e1n (en realidad Kilij Arslan), soberano del sultanato sely\u00facida de Asia Menor. Dispon\u00eda de un aut\u00e9ntico ej\u00e9rcito bien entrenado, en marcado contraste con la multitud inexperta de seguidores de Pedro el Ermita\u00f1o. Los derrot\u00f3 completamente y los masacr\u00f3. Los supervivientes, junto con su jefe, se convirtieron al islam por temor a perder la vida.<\/p>\t\t\t\t\t\t\t\t<\/div>\n\t\t\t\t<\/div>\n\t\t\t\t\t<\/div>\n\t\t\t\t<\/div>\n\t\t<div class=\"elementor-element elementor-element-2371af7 e-flex e-con-boxed e-con e-parent\" data-id=\"2371af7\" data-element_type=\"container\" data-e-type=\"container\">\n\t\t\t\t\t<div class=\"e-con-inner\">\n\t\t\t\t<div class=\"elementor-element elementor-element-2e4c507 elementor-widget elementor-widget-image\" data-id=\"2e4c507\" data-element_type=\"widget\" data-e-type=\"widget\" data-widget_type=\"image.default\">\n\t\t\t\t<div class=\"elementor-widget-container\">\n\t\t\t\t\t\t\t\t\t\t\t\t\t\t\t<img loading=\"lazy\" decoding=\"async\" width=\"300\" height=\"55\" src=\"https:\/\/nederlandsetempeliers.nl\/wp-content\/uploads\/guirlande-300x55.jpeg\" class=\"attachment-medium size-medium wp-image-7474\" alt=\"Guirnalda\" srcset=\"https:\/\/nederlandsetempeliers.nl\/wp-content\/uploads\/guirlande-300x55.jpeg 300w, https:\/\/nederlandsetempeliers.nl\/wp-content\/uploads\/guirlande-1024x189.jpeg 1024w, https:\/\/nederlandsetempeliers.nl\/wp-content\/uploads\/guirlande-768x142.jpeg 768w, https:\/\/nederlandsetempeliers.nl\/wp-content\/uploads\/guirlande.jpeg 1534w\" sizes=\"(max-width: 300px) 100vw, 300px\" \/>\t\t\t\t\t\t\t\t\t\t\t\t\t\t\t<\/div>\n\t\t\t\t<\/div>\n\t\t\t\t\t<\/div>\n\t\t\t\t<\/div>\n\t\t<div class=\"elementor-element elementor-element-8bdd19a e-flex e-con-boxed e-con e-parent\" data-id=\"8bdd19a\" data-element_type=\"container\" data-e-type=\"container\">\n\t\t\t\t\t<div class=\"e-con-inner\">\n\t\t<div class=\"elementor-element elementor-element-36fcba3 e-con-full e-flex e-con e-child\" data-id=\"36fcba3\" data-element_type=\"container\" data-e-type=\"container\">\n\t\t\t\t<div class=\"elementor-element elementor-element-3b01b47 elementor-widget elementor-widget-text-editor\" data-id=\"3b01b47\" data-element_type=\"widget\" data-e-type=\"widget\" data-widget_type=\"text-editor.default\">\n\t\t\t\t<div class=\"elementor-widget-container\">\n\t\t\t\t\t\t\t\t\t<p>P\u00e1gina 24<br \/>Et ce grand nombre d\u2019hommes plus de 100000 fut detruit, jusqu\u2019au nombre de 3000. Tous bons guerriers qui s\u2019\u00e9c chapperent et s\u2019en retourn\u00e8rent \u00e0 Constantinople, voil\u00e0 la suite de la premi\u00e8re Exp\u00e9dition.<br \/>Le 3\u1d49 Convoi, Godescalcus, un Pr\u00eatre allemand en fut le conducteur, et il suivit l\u2019exemple de Pierre l\u2019hermite et pr\u00eacha la Croisade dans l\u2019allemagne, et il assembla le nombre de 15000 hommes,<\/p><p>\u00a0<\/p>\t\t\t\t\t\t\t\t<\/div>\n\t\t\t\t<\/div>\n\t\t\t\t<\/div>\n\t\t<div class=\"elementor-element elementor-element-d6e4c6c e-con-full e-flex e-con e-child\" data-id=\"d6e4c6c\" data-element_type=\"container\" data-e-type=\"container\">\n\t\t\t\t<div class=\"elementor-element elementor-element-2db2fbd elementor-widget elementor-widget-image\" data-id=\"2db2fbd\" data-element_type=\"widget\" data-e-type=\"widget\" data-widget_type=\"image.default\">\n\t\t\t\t<div class=\"elementor-widget-container\">\n\t\t\t\t\t\t\t\t\t\t\t\t\t\t\t<img loading=\"lazy\" decoding=\"async\" width=\"486\" height=\"440\" src=\"https:\/\/nederlandsetempeliers.nl\/wp-content\/uploads\/leger-4.jpeg\" class=\"attachment-large size-large wp-image-11573\" alt=\"ej\u00e9rcito medieval\" srcset=\"https:\/\/nederlandsetempeliers.nl\/wp-content\/uploads\/leger-4.jpeg 486w, https:\/\/nederlandsetempeliers.nl\/wp-content\/uploads\/leger-4-300x272.jpeg 300w\" sizes=\"(max-width: 486px) 100vw, 486px\" \/>\t\t\t\t\t\t\t\t\t\t\t\t\t\t\t<\/div>\n\t\t\t\t<\/div>\n\t\t\t\t<\/div>\n\t\t<div class=\"elementor-element elementor-element-3bd8a72 e-con-full e-flex e-con e-child\" data-id=\"3bd8a72\" data-element_type=\"container\" data-e-type=\"container\">\n\t\t\t\t<div class=\"elementor-element elementor-element-920b15a elementor-widget elementor-widget-text-editor\" data-id=\"920b15a\" data-element_type=\"widget\" data-e-type=\"widget\" data-widget_type=\"text-editor.default\">\n\t\t\t\t<div class=\"elementor-widget-container\">\n\t\t\t\t\t\t\t\t\t<p>P\u00e1gina 24<br \/>Y aquella inmensa multitud de m\u00e1s de 100.000 personas fue destruida, hasta que solamente quedaron 3.000 supervivientes. Todos ellos eran buenos guerreros que consiguieron escapar y regresar a Constantinopla.<br \/>Esta es la continuaci\u00f3n de la primera expedici\u00f3n. La tercera columna estaba dirigida por Godescalcus, un sacerdote alem\u00e1n. Sigui\u00f3 el ejemplo de Pedro el Ermita\u00f1o y predic\u00f3 la Cruzada en Alemania. Reuni\u00f3 un ej\u00e9rcito de unos 15.000 hombres&#8230;<\/p>\t\t\t\t\t\t\t\t<\/div>\n\t\t\t\t<\/div>\n\t\t\t\t<\/div>\n\t\t\t\t\t<\/div>\n\t\t\t\t<\/div>\n\t\t<div class=\"elementor-element elementor-element-9583632 e-flex e-con-boxed e-con e-parent\" data-id=\"9583632\" data-element_type=\"container\" data-e-type=\"container\">\n\t\t\t\t\t<div class=\"e-con-inner\">\n\t\t\t\t<div class=\"elementor-element elementor-element-1a8cccd elementor-widget elementor-widget-text-editor\" data-id=\"1a8cccd\" data-element_type=\"widget\" data-e-type=\"widget\" data-widget_type=\"text-editor.default\">\n\t\t\t\t<div class=\"elementor-widget-container\">\n\t\t\t\t\t\t\t\t\t<p>P\u00e1gina 24<br \/>Godescalcus (Gottschalk) es un personaje hist\u00f3rico bien conocido. Fue un sacerdote alem\u00e1n que, hacia el a\u00f1o 1096, dirigi\u00f3 su propia Cruzada Popular, poco despu\u00e9s de Pedro el Ermita\u00f1o. Sus tropas estaban formadas principalmente por campesinos alemanes; en parte fan\u00e1ticos, en parte oportunistas y con muy pocos soldados profesionales. Atravesaron Bohemia y Austria, donde llevaron a cabo importantes saqueos, hasta que finalmente fueron destruidos en gran parte cerca de Viena o en Hungr\u00eda.<\/p><p>Aqu\u00ed leemos una visi\u00f3n general de los movimientos europeos anteriores a la Primera Cruzada.<\/p><p>\u2705 El hecho de que siguiera el ejemplo de Pedro el Ermita\u00f1o es fundamental. El manuscrito presenta tres oleadas anteriores a la Cruzada oficial:<br \/>1. Gualtiero Sansavoir<br \/>2. Pedro el Ermita\u00f1o<br \/>3. Godescalcus<br \/>Los tres eran:<br \/>* profundamente piadosos;<br \/>* carism\u00e1ticos;<br \/>* no eran l\u00edderes militares;<br \/>* provocaron desorden y matanzas.<br \/>El mensaje impl\u00edcito es totalmente claro: la Guerra Santa no puede sostenerse \u00fanicamente con fervor religioso. <strong>Dios tambi\u00e9n exige orden.<\/strong><\/p><p>Por ello surgir\u00e1n posteriormente las \u00f3rdenes militares mon\u00e1sticas.<br \/>\u2705 La frase \u00abReuni\u00f3 un ej\u00e9rcito de 15.000 hombres\u00bb coincide con las fuentes medievales: el ej\u00e9rcito de Gottschalk suele estimarse entre 10.000 y 15.000 hombres.<br \/>\u2714 Aqu\u00ed comienza la participaci\u00f3n alemana en la Cruzada.<br \/>\u2714 Aqu\u00ed empieza a formarse la identidad caballeresca alemana,<br \/>\u2192 que finalmente dar\u00e1 origen, entre otras instituciones, a la Orden Teut\u00f3nica.<\/p><p>Por ello, la p\u00e1gina 24 constituye el primer momento en que Alemania, la espiritualidad cruzada y la necesidad militar convergen en el relato.<\/p>\t\t\t\t\t\t\t\t<\/div>\n\t\t\t\t<\/div>\n\t\t\t\t\t<\/div>\n\t\t\t\t<\/div>\n\t\t\t\t<section class=\"elementor-section elementor-top-section elementor-element elementor-element-4af1ab3 elementor-section-boxed elementor-section-height-default elementor-section-height-default\" data-id=\"4af1ab3\" data-element_type=\"section\" data-e-type=\"section\" data-settings=\"{&quot;background_background&quot;:&quot;classic&quot;,&quot;shape_divider_top&quot;:&quot;triangle&quot;,&quot;shape_divider_top_negative&quot;:&quot;yes&quot;,&quot;shape_divider_bottom&quot;:&quot;triangle&quot;,&quot;shape_divider_bottom_negative&quot;:&quot;yes&quot;}\">\n\t\t\t\t\t<div class=\"elementor-shape elementor-shape-top\" aria-hidden=\"true\" data-negative=\"true\">\n\t\t\t<svg xmlns=\"http:\/\/www.w3.org\/2000\/svg\" viewBox=\"0 0 1000 100\" preserveAspectRatio=\"none\">\n\t<path class=\"elementor-shape-fill\" d=\"M500.2,94.7L0,0v100h1000V0L500.2,94.7z\"\/>\n<\/svg>\t\t<\/div>\n\t\t\t\t<div class=\"elementor-shape elementor-shape-bottom\" aria-hidden=\"true\" data-negative=\"true\">\n\t\t\t<svg xmlns=\"http:\/\/www.w3.org\/2000\/svg\" viewBox=\"0 0 1000 100\" preserveAspectRatio=\"none\">\n\t<path class=\"elementor-shape-fill\" d=\"M500.2,94.7L0,0v100h1000V0L500.2,94.7z\"\/>\n<\/svg>\t\t<\/div>\n\t\t\t\t\t<div class=\"elementor-container elementor-column-gap-default\">\n\t\t\t\t\t<div class=\"elementor-column elementor-col-100 elementor-top-column elementor-element elementor-element-6d507bfd\" data-id=\"6d507bfd\" data-element_type=\"column\" data-e-type=\"column\">\n\t\t\t<div class=\"elementor-widget-wrap elementor-element-populated\">\n\t\t\t\t\t\t<div class=\"elementor-element elementor-element-5432b116 elementor-widget__width-auto elementor-view-default elementor-widget elementor-widget-icon\" data-id=\"5432b116\" data-element_type=\"widget\" data-e-type=\"widget\" data-widget_type=\"icon.default\">\n\t\t\t\t<div class=\"elementor-widget-container\">\n\t\t\t\t\t\t\t<div class=\"elementor-icon-wrapper\">\n\t\t\t<div class=\"elementor-icon\">\n\t\t\t<i aria-hidden=\"true\" class=\"fas fa-grip-lines\"><\/i>\t\t\t<\/div>\n\t\t<\/div>\n\t\t\t\t\t\t<\/div>\n\t\t\t\t<\/div>\n\t\t\t\t<div class=\"elementor-element elementor-element-7e70adc0 elementor-widget__width-auto elementor-widget elementor-widget-heading\" data-id=\"7e70adc0\" data-element_type=\"widget\" data-e-type=\"widget\" data-widget_type=\"heading.default\">\n\t\t\t\t<div class=\"elementor-widget-container\">\n\t\t\t\t\t<h2 class=\"elementor-heading-title elementor-size-default\">Del Tesoro de la Orden<\/h2>\t\t\t\t<\/div>\n\t\t\t\t<\/div>\n\t\t\t\t<div class=\"elementor-element elementor-element-2355fa03 elementor-widget__width-auto elementor-view-default elementor-widget elementor-widget-icon\" data-id=\"2355fa03\" data-element_type=\"widget\" data-e-type=\"widget\" data-widget_type=\"icon.default\">\n\t\t\t\t<div class=\"elementor-widget-container\">\n\t\t\t\t\t\t\t<div class=\"elementor-icon-wrapper\">\n\t\t\t<div class=\"elementor-icon\">\n\t\t\t<i aria-hidden=\"true\" class=\"fas fa-grip-lines\"><\/i>\t\t\t<\/div>\n\t\t<\/div>\n\t\t\t\t\t\t<\/div>\n\t\t\t\t<\/div>\n\t\t\t\t\t<\/div>\n\t\t<\/div>\n\t\t\t\t\t<\/div>\n\t\t<\/section>\n\t\t<div class=\"elementor-element elementor-element-7744d0e e-flex e-con-boxed e-con e-parent\" data-id=\"7744d0e\" data-element_type=\"container\" data-e-type=\"container\">\n\t\t\t\t\t<div class=\"e-con-inner\">\n\t\t\t\t<div class=\"elementor-element elementor-element-7094a7a elementor-widget elementor-widget-text-editor\" data-id=\"7094a7a\" data-element_type=\"widget\" data-e-type=\"widget\" data-widget_type=\"text-editor.default\">\n\t\t\t\t<div class=\"elementor-widget-container\">\n\t\t\t\t\t\t\t\t\t<p>Entre batallas, peregrinaciones y grandes acontecimientos, son a menudo los peque\u00f1os objetos los que mejor cuentan la historia. Cada veinticinco p\u00e1ginas abrimos el Tesoro de la Orden para hacer una breve pausa en nuestro recorrido, antes de continuar con el hermoso manuscrito caligrafiado de nuestro monje de 1705.<\/p><p>En esta ocasi\u00f3n presentamos uno de los s\u00edmbolos m\u00e1s conocidos de la Orden: el Sello de los Templarios.<\/p>\t\t\t\t\t\t\t\t<\/div>\n\t\t\t\t<\/div>\n\t\t\t\t\t<\/div>\n\t\t\t\t<\/div>\n\t\t<div class=\"elementor-element elementor-element-a2a6860 e-flex e-con-boxed e-con e-parent\" data-id=\"a2a6860\" data-element_type=\"container\" data-e-type=\"container\">\n\t\t\t\t\t<div class=\"e-con-inner\">\n\t\t\t\t<div class=\"elementor-element elementor-element-dcc7c3d elementor-widget elementor-widget-image\" data-id=\"dcc7c3d\" data-element_type=\"widget\" data-e-type=\"widget\" data-widget_type=\"image.default\">\n\t\t\t\t<div class=\"elementor-widget-container\">\n\t\t\t\t\t\t\t\t\t\t\t\t\t\t\t<img loading=\"lazy\" decoding=\"async\" width=\"800\" height=\"404\" src=\"https:\/\/nederlandsetempeliers.nl\/wp-content\/uploads\/WhatsApp-Image-2026-03-19-at-19.56.46-e1773946989530-1024x517.jpeg\" class=\"attachment-large size-large wp-image-6292\" alt=\"Primer plano de un sello templario en cera roja con dos caballeros sobre un mismo caballo, junto a una matriz de sello met\u00e1lica.\" srcset=\"https:\/\/nederlandsetempeliers.nl\/wp-content\/uploads\/WhatsApp-Image-2026-03-19-at-19.56.46-e1773946989530-1024x517.jpeg 1024w, https:\/\/nederlandsetempeliers.nl\/wp-content\/uploads\/WhatsApp-Image-2026-03-19-at-19.56.46-e1773946989530-300x152.jpeg 300w, https:\/\/nederlandsetempeliers.nl\/wp-content\/uploads\/WhatsApp-Image-2026-03-19-at-19.56.46-e1773946989530-768x388.jpeg 768w, https:\/\/nederlandsetempeliers.nl\/wp-content\/uploads\/WhatsApp-Image-2026-03-19-at-19.56.46-e1773946989530-1536x776.jpeg 1536w, https:\/\/nederlandsetempeliers.nl\/wp-content\/uploads\/WhatsApp-Image-2026-03-19-at-19.56.46-e1773946989530.jpeg 1600w\" sizes=\"(max-width: 800px) 100vw, 800px\" \/>\t\t\t\t\t\t\t\t\t\t\t\t\t\t\t<\/div>\n\t\t\t\t<\/div>\n\t\t\t\t\t<\/div>\n\t\t\t\t<\/div>\n\t\t<div class=\"elementor-element elementor-element-cb71a48 e-flex e-con-boxed e-con e-parent\" data-id=\"cb71a48\" data-element_type=\"container\" data-e-type=\"container\">\n\t\t\t\t\t<div class=\"e-con-inner\">\n\t\t\t\t<div class=\"elementor-element elementor-element-c4147b8 elementor-widget elementor-widget-text-editor\" data-id=\"c4147b8\" data-element_type=\"widget\" data-e-type=\"widget\" data-widget_type=\"text-editor.default\">\n\t\t\t\t<div class=\"elementor-widget-container\">\n\t\t\t\t\t\t\t\t\t<p>El famoso sello de los Templarios muestra a dos caballeros montando un mismo caballo. Durante siglos se interpret\u00f3 como un s\u00edmbolo de la pobreza de los primeros templarios. Hoy en d\u00eda, muchos historiadores consideran que encierra un significado m\u00e1s profundo. Probablemente tambi\u00e9n representa la estrecha hermandad que un\u00eda a los miembros de la Orden y su doble vocaci\u00f3n: caballero y monje.<\/p><p>Pero el sello ten\u00eda adem\u00e1s otra funci\u00f3n muy pr\u00e1ctica. No era un simple adorno, sino un medio oficial para autenticar documentos. En la Edad Media, un sello era s\u00edmbolo de autoridad, autenticidad y confianza.<\/p><p>\u2720 \u00bfDesea conocer toda la historia? Desc\u00fabrala en la ficha El Sello de los Templarios, donde profundizamos en el simbolismo, el uso y la historia de este extraordinario sello. \u2720<\/p>\t\t\t\t\t\t\t\t<\/div>\n\t\t\t\t<\/div>\n\t\t\t\t\t<\/div>\n\t\t\t\t<\/div>\n\t\t\t\t<section class=\"elementor-section elementor-top-section elementor-element elementor-element-3fed8053 elementor-section-boxed elementor-section-height-default elementor-section-height-default\" data-id=\"3fed8053\" data-element_type=\"section\" data-e-type=\"section\" data-settings=\"{&quot;background_background&quot;:&quot;classic&quot;,&quot;shape_divider_top&quot;:&quot;triangle&quot;,&quot;shape_divider_top_negative&quot;:&quot;yes&quot;,&quot;shape_divider_bottom&quot;:&quot;triangle&quot;,&quot;shape_divider_bottom_negative&quot;:&quot;yes&quot;}\">\n\t\t\t\t\t<div class=\"elementor-shape elementor-shape-top\" aria-hidden=\"true\" data-negative=\"true\">\n\t\t\t<svg xmlns=\"http:\/\/www.w3.org\/2000\/svg\" viewBox=\"0 0 1000 100\" preserveAspectRatio=\"none\">\n\t<path class=\"elementor-shape-fill\" d=\"M500.2,94.7L0,0v100h1000V0L500.2,94.7z\"\/>\n<\/svg>\t\t<\/div>\n\t\t\t\t<div class=\"elementor-shape elementor-shape-bottom\" aria-hidden=\"true\" data-negative=\"true\">\n\t\t\t<svg xmlns=\"http:\/\/www.w3.org\/2000\/svg\" viewBox=\"0 0 1000 100\" preserveAspectRatio=\"none\">\n\t<path class=\"elementor-shape-fill\" d=\"M500.2,94.7L0,0v100h1000V0L500.2,94.7z\"\/>\n<\/svg>\t\t<\/div>\n\t\t\t\t\t<div class=\"elementor-container elementor-column-gap-default\">\n\t\t\t\t\t<div class=\"elementor-column elementor-col-100 elementor-top-column elementor-element elementor-element-43d0c28\" data-id=\"43d0c28\" data-element_type=\"column\" data-e-type=\"column\">\n\t\t\t<div class=\"elementor-widget-wrap elementor-element-populated\">\n\t\t\t\t\t\t<div class=\"elementor-element elementor-element-604d9d36 elementor-widget__width-auto elementor-view-default elementor-widget elementor-widget-icon\" data-id=\"604d9d36\" data-element_type=\"widget\" data-e-type=\"widget\" data-widget_type=\"icon.default\">\n\t\t\t\t<div class=\"elementor-widget-container\">\n\t\t\t\t\t\t\t<div class=\"elementor-icon-wrapper\">\n\t\t\t<div class=\"elementor-icon\">\n\t\t\t<i aria-hidden=\"true\" class=\"fas fa-grip-lines\"><\/i>\t\t\t<\/div>\n\t\t<\/div>\n\t\t\t\t\t\t<\/div>\n\t\t\t\t<\/div>\n\t\t\t\t<div class=\"elementor-element elementor-element-6a5b20a0 elementor-widget__width-auto elementor-widget elementor-widget-heading\" data-id=\"6a5b20a0\" data-element_type=\"widget\" data-e-type=\"widget\" data-widget_type=\"heading.default\">\n\t\t\t\t<div class=\"elementor-widget-container\">\n\t\t\t\t\t<h2 class=\"elementor-heading-title elementor-size-default\">1097<\/h2>\t\t\t\t<\/div>\n\t\t\t\t<\/div>\n\t\t\t\t<div class=\"elementor-element elementor-element-9ab42fb elementor-widget__width-auto elementor-view-default elementor-widget elementor-widget-icon\" data-id=\"9ab42fb\" data-element_type=\"widget\" data-e-type=\"widget\" data-widget_type=\"icon.default\">\n\t\t\t\t<div class=\"elementor-widget-container\">\n\t\t\t\t\t\t\t<div class=\"elementor-icon-wrapper\">\n\t\t\t<div class=\"elementor-icon\">\n\t\t\t<i aria-hidden=\"true\" class=\"fas fa-grip-lines\"><\/i>\t\t\t<\/div>\n\t\t<\/div>\n\t\t\t\t\t\t<\/div>\n\t\t\t\t<\/div>\n\t\t\t\t\t<\/div>\n\t\t<\/div>\n\t\t\t\t\t<\/div>\n\t\t<\/section>\n\t\t<div class=\"elementor-element elementor-element-9708dd4 e-flex e-con-boxed e-con e-parent\" data-id=\"9708dd4\" data-element_type=\"container\" data-e-type=\"container\">\n\t\t\t\t\t<div class=\"e-con-inner\">\n\t\t<div class=\"elementor-element elementor-element-b6c0d20 e-con-full e-flex e-con e-child\" data-id=\"b6c0d20\" data-element_type=\"container\" data-e-type=\"container\">\n\t\t\t\t<div class=\"elementor-element elementor-element-181dec3 elementor-widget elementor-widget-text-editor\" data-id=\"181dec3\" data-element_type=\"widget\" data-e-type=\"widget\" data-widget_type=\"text-editor.default\">\n\t\t\t\t<div class=\"elementor-widget-container\">\n\t\t\t\t\t\t\t\t\t<p>P\u00e1gina 25<br \/>mais ceux ci trouverent bien t\u00f4t leur sepulture dans la Hongrie : car ils ne furent pas sit\u00f4t arrivez dans ce pa\u00efs qu\u2019ils commencerent une vie barbare, ils voulurent mettre les Hongrois dans le harnois mais ils ont bientot eu d\u00e9truit ce petit monceau de troupes, une partie de tu\u00e9, et les autres mis \u00e0 la fuite, et la pluspart assomm\u00e9 en route.4\u1d49 Convois. il y avoit aussi un Comte en Allemagne nomm\u00e9 Emico, qui avoit aussi\u2026<\/p>\t\t\t\t\t\t\t\t<\/div>\n\t\t\t\t<\/div>\n\t\t\t\t<\/div>\n\t\t<div class=\"elementor-element elementor-element-e598fb4 e-con-full e-flex e-con e-child\" data-id=\"e598fb4\" data-element_type=\"container\" data-e-type=\"container\">\n\t\t\t\t<div class=\"elementor-element elementor-element-b80315b elementor-widget elementor-widget-image\" data-id=\"b80315b\" data-element_type=\"widget\" data-e-type=\"widget\" data-widget_type=\"image.default\">\n\t\t\t\t<div class=\"elementor-widget-container\">\n\t\t\t\t\t\t\t\t\t\t\t\t\t\t\t<img loading=\"lazy\" decoding=\"async\" width=\"539\" height=\"630\" src=\"https:\/\/nederlandsetempeliers.nl\/wp-content\/uploads\/Tempeliersgraf-getekend-4.jpeg\" class=\"attachment-large size-large wp-image-11751\" alt=\"Dibujo de una tumba templaria\" srcset=\"https:\/\/nederlandsetempeliers.nl\/wp-content\/uploads\/Tempeliersgraf-getekend-4.jpeg 539w, https:\/\/nederlandsetempeliers.nl\/wp-content\/uploads\/Tempeliersgraf-getekend-4-257x300.jpeg 257w\" sizes=\"(max-width: 539px) 100vw, 539px\" \/>\t\t\t\t\t\t\t\t\t\t\t\t\t\t\t<\/div>\n\t\t\t\t<\/div>\n\t\t\t\t<\/div>\n\t\t<div class=\"elementor-element elementor-element-39b84f6 e-con-full e-flex e-con e-child\" data-id=\"39b84f6\" data-element_type=\"container\" data-e-type=\"container\">\n\t\t\t\t<div class=\"elementor-element elementor-element-5347ae0 elementor-widget elementor-widget-text-editor\" data-id=\"5347ae0\" data-element_type=\"widget\" data-e-type=\"widget\" data-widget_type=\"text-editor.default\">\n\t\t\t\t<div class=\"elementor-widget-container\">\n\t\t\t\t\t\t\t\t\t<p>P\u00e1gina 25<br \/>Pero \u00e9stos pronto encontraron su tumba en Hungr\u00eda, pues apenas hab\u00edan llegado a aquel pa\u00eds cuando comenzaron a llevar una vida b\u00e1rbara. Intentaron someter a los h\u00fangaros, pero \u00e9stos destruyeron r\u00e1pidamente a aquel peque\u00f1o contingente. Algunos murieron, otros huyeron y la mayor\u00eda fue abatida durante la retirada. Cuarto convoy. Tambi\u00e9n hab\u00eda en Alemania un conde llamado Emico, quien igualmente..<\/p>\t\t\t\t\t\t\t\t<\/div>\n\t\t\t\t<\/div>\n\t\t\t\t<\/div>\n\t\t\t\t\t<\/div>\n\t\t\t\t<\/div>\n\t\t<div class=\"elementor-element elementor-element-90f3030 e-flex e-con-boxed e-con e-parent\" data-id=\"90f3030\" data-element_type=\"container\" data-e-type=\"container\">\n\t\t\t\t\t<div class=\"e-con-inner\">\n\t\t\t\t<div class=\"elementor-element elementor-element-0121f61 elementor-widget elementor-widget-text-editor\" data-id=\"0121f61\" data-element_type=\"widget\" data-e-type=\"widget\" data-widget_type=\"text-editor.default\">\n\t\t\t\t<div class=\"elementor-widget-container\">\n\t\t\t\t\t\t\t\t\t<p>P\u00e1gina 25<br \/>Introducci\u00f3n al conde Emico de Leiningen. El conde Emico de Leiningen fue una figura tristemente c\u00e9lebre de la Cruzada Popular. Afirmaba haber sido llamado por Dios, reuni\u00f3 a miles de seguidores y fue responsable de masacres contra las comunidades jud\u00edas a lo largo de su recorrido, especialmente en Worms y Maguncia (Mainz)<\/p>\t\t\t\t\t\t\t\t<\/div>\n\t\t\t\t<\/div>\n\t\t\t\t\t<\/div>\n\t\t\t\t<\/div>\n\t\t<div class=\"elementor-element elementor-element-c20129c e-flex e-con-boxed e-con e-parent\" data-id=\"c20129c\" data-element_type=\"container\" data-e-type=\"container\">\n\t\t\t\t\t<div class=\"e-con-inner\">\n\t\t\t\t<div class=\"elementor-element elementor-element-f77d761 elementor-widget elementor-widget-image\" data-id=\"f77d761\" data-element_type=\"widget\" data-e-type=\"widget\" data-widget_type=\"image.default\">\n\t\t\t\t<div class=\"elementor-widget-container\">\n\t\t\t\t\t\t\t\t\t\t\t\t\t\t\t<img loading=\"lazy\" decoding=\"async\" width=\"300\" height=\"55\" src=\"https:\/\/nederlandsetempeliers.nl\/wp-content\/uploads\/guirlande-300x55.jpeg\" class=\"attachment-medium size-medium wp-image-7474\" alt=\"Guirnalda\" srcset=\"https:\/\/nederlandsetempeliers.nl\/wp-content\/uploads\/guirlande-300x55.jpeg 300w, https:\/\/nederlandsetempeliers.nl\/wp-content\/uploads\/guirlande-1024x189.jpeg 1024w, https:\/\/nederlandsetempeliers.nl\/wp-content\/uploads\/guirlande-768x142.jpeg 768w, https:\/\/nederlandsetempeliers.nl\/wp-content\/uploads\/guirlande.jpeg 1534w\" sizes=\"(max-width: 300px) 100vw, 300px\" \/>\t\t\t\t\t\t\t\t\t\t\t\t\t\t\t<\/div>\n\t\t\t\t<\/div>\n\t\t\t\t\t<\/div>\n\t\t\t\t<\/div>\n\t\t<div class=\"elementor-element elementor-element-bc84091 e-flex e-con-boxed e-con e-parent\" data-id=\"bc84091\" data-element_type=\"container\" data-e-type=\"container\">\n\t\t\t\t\t<div class=\"e-con-inner\">\n\t\t<div class=\"elementor-element elementor-element-3ca4e38 e-con-full e-flex e-con e-child\" data-id=\"3ca4e38\" data-element_type=\"container\" data-e-type=\"container\">\n\t\t\t\t<div class=\"elementor-element elementor-element-1bf236f elementor-widget__width-initial elementor-widget elementor-widget-text-editor\" data-id=\"1bf236f\" data-element_type=\"widget\" data-e-type=\"widget\" data-widget_type=\"text-editor.default\">\n\t\t\t\t<div class=\"elementor-widget-container\">\n\t\t\t\t\t\t\t\t\t<p>P\u00e1gina 26<br \/>asembl\u00e9 une petite arm\u00e9e de freve de la Croisade, il s\u2019aseambl\u00e0 aussi des Lorrains et des Anglois, et d\u2019autre part du cost\u00e9 du Rhin, ainsi qu\u2019il est devenu Seigneur de 20000 hommes \u00e0 pied, et 3000 \u00e0 cheval. Le nombre des valets et des femmes et enfans n\u2019\u00e9toit pas \u00e0 nombrer, ceux ci descharg\u00e8rent leur rage sur les ennemis de J\u00e9sus Christ. Ils masacr\u00e8rent les juifs d\u2019Allemagne dans les villes o\u00f9 ils passerent, comme Cologne<\/p>\t\t\t\t\t\t\t\t<\/div>\n\t\t\t\t<\/div>\n\t\t\t\t<\/div>\n\t\t<div class=\"elementor-element elementor-element-69d0af0 e-con-full e-flex e-con e-child\" data-id=\"69d0af0\" data-element_type=\"container\" data-e-type=\"container\">\n\t\t\t\t<div class=\"elementor-element elementor-element-955e34f elementor-widget elementor-widget-image\" data-id=\"955e34f\" data-element_type=\"widget\" data-e-type=\"widget\" data-widget_type=\"image.default\">\n\t\t\t\t<div class=\"elementor-widget-container\">\n\t\t\t\t\t\t\t\t\t\t\t\t\t\t\t<img loading=\"lazy\" decoding=\"async\" width=\"800\" height=\"958\" src=\"https:\/\/nederlandsetempeliers.nl\/wp-content\/uploads\/WhatsApp-Image-2026-07-16-at-16.25.50-855x1024.jpeg\" class=\"attachment-large size-large wp-image-11887\" alt=\"le\u00f3n ingl\u00e9s\" srcset=\"https:\/\/nederlandsetempeliers.nl\/wp-content\/uploads\/WhatsApp-Image-2026-07-16-at-16.25.50-855x1024.jpeg 855w, https:\/\/nederlandsetempeliers.nl\/wp-content\/uploads\/WhatsApp-Image-2026-07-16-at-16.25.50-250x300.jpeg 250w, https:\/\/nederlandsetempeliers.nl\/wp-content\/uploads\/WhatsApp-Image-2026-07-16-at-16.25.50-768x920.jpeg 768w, https:\/\/nederlandsetempeliers.nl\/wp-content\/uploads\/WhatsApp-Image-2026-07-16-at-16.25.50.jpeg 1146w\" sizes=\"(max-width: 800px) 100vw, 800px\" \/>\t\t\t\t\t\t\t\t\t\t\t\t\t\t\t<\/div>\n\t\t\t\t<\/div>\n\t\t\t\t<\/div>\n\t\t<div class=\"elementor-element elementor-element-6511fb2 e-con-full e-flex e-con e-child\" data-id=\"6511fb2\" data-element_type=\"container\" data-e-type=\"container\">\n\t\t\t\t<div class=\"elementor-element elementor-element-b2e0086 elementor-widget elementor-widget-text-editor\" data-id=\"b2e0086\" data-element_type=\"widget\" data-e-type=\"widget\" data-widget_type=\"text-editor.default\">\n\t\t\t\t<div class=\"elementor-widget-container\">\n\t\t\t\t\t\t\t\t\t<p>P\u00e1gina 26<br \/><span style=\"font-family: -apple-system, BlinkMacSystemFont, 'Segoe UI', Roboto, 'Helvetica Neue', Arial, 'Noto Sans', sans-serif, 'Apple Color Emoji', 'Segoe UI Emoji', 'Segoe UI Symbol', 'Noto Color Emoji';\">Reuni\u00f3 un peque\u00f1o ej\u00e9rcito de cruzados. Tambi\u00e9n se unieron a \u00e9l loreneses, ingleses y otros hombres procedentes de la regi\u00f3n del Rin, de modo que lleg\u00f3 a estar al mando de 20.000 hombres a pie y 3.000 jinetes.<br \/><\/span>El n\u00famero de sirvientes, mujeres y ni\u00f1os era incalculable. Estos \u00faltimos descargaron su furia contra los enemigos de Jesucristo.<br \/>Asesinaron a los jud\u00edos de Alemania en las ciudades por las que pasaron, como Colonia\u2026<\/p>\t\t\t\t\t\t\t\t<\/div>\n\t\t\t\t<\/div>\n\t\t\t\t<\/div>\n\t\t\t\t\t<\/div>\n\t\t\t\t<\/div>\n\t\t<div class=\"elementor-element elementor-element-cf6ace1 e-flex e-con-boxed e-con e-parent\" data-id=\"cf6ace1\" data-element_type=\"container\" data-e-type=\"container\">\n\t\t\t\t\t<div class=\"e-con-inner\">\n\t\t\t\t<div class=\"elementor-element elementor-element-6f66af2 elementor-widget elementor-widget-text-editor\" data-id=\"6f66af2\" data-element_type=\"widget\" data-e-type=\"widget\" data-widget_type=\"text-editor.default\">\n\t\t\t\t<div class=\"elementor-widget-container\">\n\t\t\t\t\t\t\t\t\t<p>P\u00e1gina 26 <br \/>Un peque\u00f1o ej\u00e9rcito \u27a3 que de inmediato cuenta con 23.000 combatientes. Lo que comienza como una \u00abpeque\u00f1a tropa\u00bb crece de manera explosiva en cuanto se unen grupos procedentes de Lorena, Inglaterra y la regi\u00f3n del Rin.<br \/>Aqu\u00ed se observa la din\u00e1mica t\u00edpica de los movimientos religiosos populares: un l\u00edder carism\u00e1tico + un llamamiento religioso = una afluencia masiva de personas.<\/p>\t\t\t\t\t\t\t\t<\/div>\n\t\t\t\t<\/div>\n\t\t\t\t\t<\/div>\n\t\t\t\t<\/div>\n\t\t<div class=\"elementor-element elementor-element-7255681 e-flex e-con-boxed e-con e-parent\" data-id=\"7255681\" data-element_type=\"container\" data-e-type=\"container\">\n\t\t\t\t\t<div class=\"e-con-inner\">\n\t\t\t\t<div class=\"elementor-element elementor-element-f7a8abe elementor-widget elementor-widget-image\" data-id=\"f7a8abe\" data-element_type=\"widget\" data-e-type=\"widget\" data-widget_type=\"image.default\">\n\t\t\t\t<div class=\"elementor-widget-container\">\n\t\t\t\t\t\t\t\t\t\t\t\t\t\t\t<img loading=\"lazy\" decoding=\"async\" width=\"300\" height=\"55\" src=\"https:\/\/nederlandsetempeliers.nl\/wp-content\/uploads\/guirlande-300x55.jpeg\" class=\"attachment-medium size-medium wp-image-7474\" alt=\"Guirnalda\" srcset=\"https:\/\/nederlandsetempeliers.nl\/wp-content\/uploads\/guirlande-300x55.jpeg 300w, https:\/\/nederlandsetempeliers.nl\/wp-content\/uploads\/guirlande-1024x189.jpeg 1024w, https:\/\/nederlandsetempeliers.nl\/wp-content\/uploads\/guirlande-768x142.jpeg 768w, https:\/\/nederlandsetempeliers.nl\/wp-content\/uploads\/guirlande.jpeg 1534w\" sizes=\"(max-width: 300px) 100vw, 300px\" \/>\t\t\t\t\t\t\t\t\t\t\t\t\t\t\t<\/div>\n\t\t\t\t<\/div>\n\t\t\t\t\t<\/div>\n\t\t\t\t<\/div>\n\t\t<div class=\"elementor-element elementor-element-55c993d e-flex e-con-boxed e-con e-parent\" data-id=\"55c993d\" data-element_type=\"container\" data-e-type=\"container\">\n\t\t\t\t\t<div class=\"e-con-inner\">\n\t\t<div class=\"elementor-element elementor-element-63e2855 e-con-full e-flex e-con e-child\" data-id=\"63e2855\" data-element_type=\"container\" data-e-type=\"container\">\n\t\t\t\t<div class=\"elementor-element elementor-element-42dd9d9 elementor-widget elementor-widget-text-editor\" data-id=\"42dd9d9\" data-element_type=\"widget\" data-e-type=\"widget\" data-widget_type=\"text-editor.default\">\n\t\t\t\t<div class=\"elementor-widget-container\">\n\t\t\t\t\t\t\t\t\t<p>P\u00e1gina 27<br \/>Mayence, Worms, et autres villes plus de 12000 ils pillerient tous leurs butins et les mirent par leur procedure dans un tel desespoir qu\u2019ils se tuerent eux memes avec femmes et enfans, ainsi ils<br \/>poursuivirent leur chemin dans la Hongrie, et come ils y furent arriv\u00e9, les hongrois se ressouvirent des autres qui<br \/>avoit pass\u00e9 avant eux, ils leurs refuserent le passage, alors ils se mirent \u00e0 assieger la ville de Mersbourg qui est<\/p>\t\t\t\t\t\t\t\t<\/div>\n\t\t\t\t<\/div>\n\t\t\t\t<\/div>\n\t\t<div class=\"elementor-element elementor-element-e9d0ad1 e-con-full e-flex e-con e-child\" data-id=\"e9d0ad1\" data-element_type=\"container\" data-e-type=\"container\">\n\t\t\t\t<div class=\"elementor-element elementor-element-3f2d132 elementor-widget elementor-widget-image\" data-id=\"3f2d132\" data-element_type=\"widget\" data-e-type=\"widget\" data-widget_type=\"image.default\">\n\t\t\t\t<div class=\"elementor-widget-container\">\n\t\t\t\t\t\t\t\t\t\t\t\t\t\t\t<img loading=\"lazy\" decoding=\"async\" width=\"683\" height=\"1024\" src=\"https:\/\/nederlandsetempeliers.nl\/wp-content\/uploads\/fakkel-4-683x1024.jpeg\" class=\"attachment-large size-large wp-image-11888\" alt=\"antorcha\" srcset=\"https:\/\/nederlandsetempeliers.nl\/wp-content\/uploads\/fakkel-4-683x1024.jpeg 683w, https:\/\/nederlandsetempeliers.nl\/wp-content\/uploads\/fakkel-4-200x300.jpeg 200w, https:\/\/nederlandsetempeliers.nl\/wp-content\/uploads\/fakkel-4-768x1152.jpeg 768w, https:\/\/nederlandsetempeliers.nl\/wp-content\/uploads\/fakkel-4.jpeg 1024w\" sizes=\"(max-width: 683px) 100vw, 683px\" \/>\t\t\t\t\t\t\t\t\t\t\t\t\t\t\t<\/div>\n\t\t\t\t<\/div>\n\t\t\t\t<\/div>\n\t\t<div class=\"elementor-element elementor-element-96b523c e-con-full e-flex e-con e-child\" data-id=\"96b523c\" data-element_type=\"container\" data-e-type=\"container\">\n\t\t\t\t<div class=\"elementor-element elementor-element-e9dcd77 elementor-widget elementor-widget-text-editor\" data-id=\"e9dcd77\" data-element_type=\"widget\" data-e-type=\"widget\" data-widget_type=\"text-editor.default\">\n\t\t\t\t<div class=\"elementor-widget-container\">\n\t\t\t\t\t\t\t\t\t<p>P\u00e1gina 27<br \/>Maguncia, Worms y otras ciudades. Saquearon a m\u00e1s de 12.000 personas, las despojaron de todos sus bienes y, con su conducta, las llevaron a tal desesperaci\u00f3n que se quitaron la vida, junto con sus mujeres y sus hijos. Despu\u00e9s continuaron su camino por Hungr\u00eda. Cuando llegaron all\u00ed, los h\u00fangaros recordaron a los que hab\u00edan pasado antes que ellos y se negaron a permitirles el paso.<br \/>Entonces comenzaron a sitiar la ciudad de Mersbourg, que es\u2026<\/p>\t\t\t\t\t\t\t\t<\/div>\n\t\t\t\t<\/div>\n\t\t\t\t<\/div>\n\t\t\t\t\t<\/div>\n\t\t\t\t<\/div>\n\t\t<div class=\"elementor-element elementor-element-d164ca0 e-flex e-con-boxed e-con e-parent\" data-id=\"d164ca0\" data-element_type=\"container\" data-e-type=\"container\">\n\t\t\t\t\t<div class=\"e-con-inner\">\n\t\t\t\t<div class=\"elementor-element elementor-element-fe6d661 elementor-widget elementor-widget-text-editor\" data-id=\"fe6d661\" data-element_type=\"widget\" data-e-type=\"widget\" data-widget_type=\"text-editor.default\">\n\t\t\t\t<div class=\"elementor-widget-container\">\n\t\t\t\t\t\t\t\t\t<p>P\u00e1gina 27 <br \/>\u2022 Mayence = Maguncia, Worms<br \/>Estas son precisamente las ciudades en las que el conde Emicho y sus seguidores perpetraron en 1096 los tristemente c\u00e9lebres pogromos contra los jud\u00edos. El manuscrito los menciona de forma expl\u00edcita, sin tratar de justificarlos.<\/p><p>\u2022 \u00abm\u00e1s de 12.000\u00bb<br \/>La cifra probablemente est\u00e1 exagerada, algo frecuente en aquella \u00e9poca, pero indica una violencia masiva y una desorganizaci\u00f3n total.<\/p><p>\u2022 \u00abse quitaron la vida junto con sus mujeres y sus hijos\u00bb<br \/>Este pasaje remite a relatos hist\u00f3ricos seg\u00fan los cuales algunas comunidades jud\u00edas cometieron suicidios colectivos para escapar de las conversiones forzosas y de la violencia. Esta es una de las p\u00e1ginas m\u00e1s oscuras de la Cruzada Popular.<\/p><p>\u2022 El tono del autor es condenatorio, no triunfalista.<br \/>Muestra as\u00ed lo que puede provocar una religiosidad desordenada y fuera de control.<\/p><p>\u2022 El paso hacia Hungr\u00eda marca una vez m\u00e1s:<\/p><p>\u2192 la desconfianza<br \/>\u2192 el cierre de las fronteras<br \/>\u2192 la escalada<br \/>\u2192 el asedio<\/p>\t\t\t\t\t\t\t\t<\/div>\n\t\t\t\t<\/div>\n\t\t\t\t\t<\/div>\n\t\t\t\t<\/div>\n\t\t<div class=\"elementor-element elementor-element-724d31b e-flex e-con-boxed e-con e-parent\" data-id=\"724d31b\" data-element_type=\"container\" data-e-type=\"container\">\n\t\t\t\t\t<div class=\"e-con-inner\">\n\t\t\t\t<div class=\"elementor-element elementor-element-71689ca elementor-widget elementor-widget-image\" data-id=\"71689ca\" data-element_type=\"widget\" data-e-type=\"widget\" data-widget_type=\"image.default\">\n\t\t\t\t<div class=\"elementor-widget-container\">\n\t\t\t\t\t\t\t\t\t\t\t\t\t\t\t<img loading=\"lazy\" decoding=\"async\" width=\"300\" height=\"55\" src=\"https:\/\/nederlandsetempeliers.nl\/wp-content\/uploads\/guirlande-300x55.jpeg\" class=\"attachment-medium size-medium wp-image-7474\" alt=\"Guirnalda\" srcset=\"https:\/\/nederlandsetempeliers.nl\/wp-content\/uploads\/guirlande-300x55.jpeg 300w, https:\/\/nederlandsetempeliers.nl\/wp-content\/uploads\/guirlande-1024x189.jpeg 1024w, https:\/\/nederlandsetempeliers.nl\/wp-content\/uploads\/guirlande-768x142.jpeg 768w, https:\/\/nederlandsetempeliers.nl\/wp-content\/uploads\/guirlande.jpeg 1534w\" sizes=\"(max-width: 300px) 100vw, 300px\" \/>\t\t\t\t\t\t\t\t\t\t\t\t\t\t\t<\/div>\n\t\t\t\t<\/div>\n\t\t\t\t\t<\/div>\n\t\t\t\t<\/div>\n\t\t<div class=\"elementor-element elementor-element-034cd31 e-flex e-con-boxed e-con e-parent\" data-id=\"034cd31\" data-element_type=\"container\" data-e-type=\"container\">\n\t\t\t\t\t<div class=\"e-con-inner\">\n\t\t<div class=\"elementor-element elementor-element-a986376 e-con-full e-flex e-con e-child\" data-id=\"a986376\" data-element_type=\"container\" data-e-type=\"container\">\n\t\t\t\t<div class=\"elementor-element elementor-element-5c77e9b elementor-widget elementor-widget-text-editor\" data-id=\"5c77e9b\" data-element_type=\"widget\" data-e-type=\"widget\" data-widget_type=\"text-editor.default\">\n\t\t\t\t<div class=\"elementor-widget-container\">\n\t\t\t\t\t\t\t\t\t<p>P\u00e1gina 28<br \/>Sur les frontieres de la Hongrie, mais pendant le siege, ils leurs vint une si grande et terrible frayeur qu\u2019ils prirent tous la fuite, la plus grande partie<br \/>furent no\u00ef\u00e9 dans la Frai et \u00e9touff\u00e9 dans les marets, les autres furent tu\u00e9 des paisans hongrois, enfin il n\u2019en revint<br \/>que fort peu.<br \/>Second convoi qui etoit tres bien regl\u00e9 et command\u00e9 par Robert Duc de la Normandie, et Etienne Comte de Chartre<br \/>et Eustasie Comte de Boulogne<\/p>\t\t\t\t\t\t\t\t<\/div>\n\t\t\t\t<\/div>\n\t\t\t\t<\/div>\n\t\t<div class=\"elementor-element elementor-element-2bf6dde e-con-full e-flex e-con e-child\" data-id=\"2bf6dde\" data-element_type=\"container\" data-e-type=\"container\">\n\t\t\t\t<div class=\"elementor-element elementor-element-229e98b elementor-widget elementor-widget-image\" data-id=\"229e98b\" data-element_type=\"widget\" data-e-type=\"widget\" data-widget_type=\"image.default\">\n\t\t\t\t<div class=\"elementor-widget-container\">\n\t\t\t\t\t\t\t\t\t\t\t\t\t\t\t<img loading=\"lazy\" decoding=\"async\" width=\"800\" height=\"562\" src=\"https:\/\/nederlandsetempeliers.nl\/wp-content\/uploads\/overstroming-incunabele-4-1024x719.jpeg\" class=\"attachment-large size-large wp-image-12217\" alt=\"inundaci\u00f3n\" srcset=\"https:\/\/nederlandsetempeliers.nl\/wp-content\/uploads\/overstroming-incunabele-4-1024x719.jpeg 1024w, https:\/\/nederlandsetempeliers.nl\/wp-content\/uploads\/overstroming-incunabele-4-300x211.jpeg 300w, https:\/\/nederlandsetempeliers.nl\/wp-content\/uploads\/overstroming-incunabele-4-768x540.jpeg 768w, https:\/\/nederlandsetempeliers.nl\/wp-content\/uploads\/overstroming-incunabele-4-1536x1079.jpeg 1536w, https:\/\/nederlandsetempeliers.nl\/wp-content\/uploads\/overstroming-incunabele-4.jpeg 1600w\" sizes=\"(max-width: 800px) 100vw, 800px\" \/>\t\t\t\t\t\t\t\t\t\t\t\t\t\t\t<\/div>\n\t\t\t\t<\/div>\n\t\t\t\t<\/div>\n\t\t<div class=\"elementor-element elementor-element-389d201 e-con-full e-flex e-con e-child\" data-id=\"389d201\" data-element_type=\"container\" data-e-type=\"container\">\n\t\t\t\t<div class=\"elementor-element elementor-element-b7f768c elementor-widget elementor-widget-text-editor\" data-id=\"b7f768c\" data-element_type=\"widget\" data-e-type=\"widget\" data-widget_type=\"text-editor.default\">\n\t\t\t\t<div class=\"elementor-widget-container\">\n\t\t\t\t\t\t\t\t\t<p>P\u00e1gina 28<br \/>En las fronteras de Hungr\u00eda, durante el asedio, fueron presa de un miedo tan grande y terrible que todos huyeron. La mayor parte se ahog\u00f3 en el r\u00edo Frait y pereci\u00f3 en los pantanos; los dem\u00e1s fueron asesinados por campesinos h\u00fangaros. Finalmente, muy pocos lograron regresar.<br \/>La segunda columna, muy bien organizada, estaba dirigida por Roberto, duque de Normand\u00eda, Esteban, conde de Chartres, y Eustaquio, conde de Boulogne.<\/p>\t\t\t\t\t\t\t\t<\/div>\n\t\t\t\t<\/div>\n\t\t\t\t<\/div>\n\t\t\t\t\t<\/div>\n\t\t\t\t<\/div>\n\t\t<div class=\"elementor-element elementor-element-847c957 e-flex e-con-boxed e-con e-parent\" data-id=\"847c957\" data-element_type=\"container\" data-e-type=\"container\">\n\t\t\t\t\t<div class=\"e-con-inner\">\n\t\t\t\t<div class=\"elementor-element elementor-element-2646c78 elementor-widget elementor-widget-text-editor\" data-id=\"2646c78\" data-element_type=\"widget\" data-e-type=\"widget\" data-widget_type=\"text-editor.default\">\n\t\t\t\t<div class=\"elementor-widget-container\">\n\t\t\t\t\t\t\t\t\t<p>P\u00e1gina 28\u00a0<br \/>1\ufe0f\u20e3 La destrucci\u00f3n total del grupo de Emicho. Esta p\u00e1gina pone fin a la historia del conde Emicho y de su ej\u00e9rcito popular.<br \/>* p\u00e1nico<br \/>* huida<br \/>* ahogamiento<br \/>* muerte en los pantanos<br \/>* muerte a manos de campesinos (\u00a1no de soldados!) \u00abmuy pocos regresaron\u00bb: casi nadie sobrevivi\u00f3.<br \/>El autor no presenta un acto heroico, sino una desintegraci\u00f3n moral que desemboca en el caos y en la destrucci\u00f3n total.<\/p><p>2\ufe0f\u20e3 Un trasfondo teol\u00f3gico sutil pero evidente. El orden de los acontecimientos es significativo:<br \/>* violencia contra inocentes<br \/>* soberbia<br \/>* falta de disciplina<br \/>\u2192 desaparece la protecci\u00f3n de Dios.<br \/>\u2192 el miedo toma el control.<br \/>No se trata de un serm\u00f3n expl\u00edcito, sino de una relaci\u00f3n moral de causa y efecto.<\/p><p>3\ufe0f\u20e3 Una transici\u00f3n decisiva: la segunda columna. Con una sola frase todo cambia.<br \/>Despu\u00e9s del caos llega el orden.<br \/>Despu\u00e9s de Emicho aparecen los verdaderos nobles.<br \/>Despu\u00e9s del furor popular llega la caballer\u00eda organizada.<br \/>El autor establece deliberadamente el contraste entre: <br \/>la Cruzada Popular \u2194 la segunda columna<br \/>el desorden \u2194 una organizaci\u00f3n ejemplar<br \/>el fervor descontrolado \u2194 la disciplina<br \/>dirigentes carism\u00e1ticos \u2194 l\u00edderes nobles<br \/>la destrucci\u00f3n \u2194 la esperanza.<br \/><br \/>4\ufe0f\u20e3 Los tres personajes<br \/>* Roberto, duque de Normand\u00eda<br \/>\u2192 hijo de Guillermo el Conquistador<br \/>\u2192 experimentado jefe militar\u00a0<br \/>* Esteban, conde de Chartres<br \/>\u2192 cruzado bien documentado<br \/>\u2192 m\u00e1s adelante fracasar\u00e1 y regresar\u00e1, creando un interesante contraste.<br \/>* Eustaquio, conde de Boulogne<br \/>\u2192hermano de Godofredo de Bouill\u00f3n<br \/>\u2192v\u00ednculo directo con la conquista de Jerusal\u00e9n.<br \/>\u27a1\ufe0f Aqu\u00ed comienza verdaderamente la Primera Cruzada.<\/p><p>\ud83d\udd11 Importancia para el conjunto<br \/>Este manuscrito sigue una l\u00ednea muy clara: primero muestra todo lo que sale mal y, despu\u00e9s, ense\u00f1a que una guerra santa requiere orden, obediencia y un liderazgo firme.<br \/><strong>Precisamente en ese terreno echar\u00e1n ra\u00edces m\u00e1s tarde los Caballeros Templarios.<\/strong><\/p>\t\t\t\t\t\t\t\t<\/div>\n\t\t\t\t<\/div>\n\t\t\t\t\t<\/div>\n\t\t\t\t<\/div>\n\t\t<div class=\"elementor-element elementor-element-a3602c9 e-flex e-con-boxed e-con e-parent\" data-id=\"a3602c9\" data-element_type=\"container\" data-e-type=\"container\">\n\t\t\t\t\t<div class=\"e-con-inner\">\n\t\t\t\t<div class=\"elementor-element elementor-element-25147d8 elementor-widget elementor-widget-image\" data-id=\"25147d8\" data-element_type=\"widget\" data-e-type=\"widget\" data-widget_type=\"image.default\">\n\t\t\t\t<div class=\"elementor-widget-container\">\n\t\t\t\t\t\t\t\t\t\t\t\t\t\t\t<img loading=\"lazy\" decoding=\"async\" width=\"300\" height=\"55\" src=\"https:\/\/nederlandsetempeliers.nl\/wp-content\/uploads\/guirlande-300x55.jpeg\" class=\"attachment-medium size-medium wp-image-7474\" alt=\"Guirnalda\" srcset=\"https:\/\/nederlandsetempeliers.nl\/wp-content\/uploads\/guirlande-300x55.jpeg 300w, https:\/\/nederlandsetempeliers.nl\/wp-content\/uploads\/guirlande-1024x189.jpeg 1024w, https:\/\/nederlandsetempeliers.nl\/wp-content\/uploads\/guirlande-768x142.jpeg 768w, https:\/\/nederlandsetempeliers.nl\/wp-content\/uploads\/guirlande.jpeg 1534w\" sizes=\"(max-width: 300px) 100vw, 300px\" \/>\t\t\t\t\t\t\t\t\t\t\t\t\t\t\t<\/div>\n\t\t\t\t<\/div>\n\t\t\t\t\t<\/div>\n\t\t\t\t<\/div>\n\t\t<div class=\"elementor-element elementor-element-e8da5a8 e-flex e-con-boxed e-con e-parent\" data-id=\"e8da5a8\" data-element_type=\"container\" data-e-type=\"container\">\n\t\t\t\t\t<div class=\"e-con-inner\">\n\t\t<div class=\"elementor-element elementor-element-03070ae e-con-full e-flex e-con e-child\" data-id=\"03070ae\" data-element_type=\"container\" data-e-type=\"container\">\n\t\t\t\t<div class=\"elementor-element elementor-element-605bd2b elementor-widget elementor-widget-text-editor\" data-id=\"605bd2b\" data-element_type=\"widget\" data-e-type=\"widget\" data-widget_type=\"text-editor.default\">\n\t\t\t\t<div class=\"elementor-widget-container\">\n\t\t\t\t\t\t\t\t\t<p>P\u00e1gina 29<br \/>avec Robert Comte de Flandre marcherent sous la conduite de Hugo frere de Philippe Roi de France, ils prirent leur route par l\u2019Italie et s\u2019embarquerent en Orient, mais comme l\u2019hiver les surpris, ils furent oblig\u00e9 de<br \/>passer le Quartier d\u2019hiver dans la Calabrie le Prince Hugues qui \u00e9toit fort jeune trouva le tems long, il voulu partir pour Constantinople, et y vouloir faire des preparations pour l\u2019arriv\u00e9e<\/p>\t\t\t\t\t\t\t\t<\/div>\n\t\t\t\t<\/div>\n\t\t\t\t<\/div>\n\t\t<div class=\"elementor-element elementor-element-d9f1f2b e-con-full e-flex e-con e-child\" data-id=\"d9f1f2b\" data-element_type=\"container\" data-e-type=\"container\">\n\t\t\t\t<div class=\"elementor-element elementor-element-ee966b2 elementor-widget elementor-widget-image\" data-id=\"ee966b2\" data-element_type=\"widget\" data-e-type=\"widget\" data-widget_type=\"image.default\">\n\t\t\t\t<div class=\"elementor-widget-container\">\n\t\t\t\t\t\t\t\t\t\t\t\t\t\t\t<img loading=\"lazy\" decoding=\"async\" width=\"462\" height=\"368\" src=\"https:\/\/nederlandsetempeliers.nl\/wp-content\/uploads\/Schip-4.jpeg\" class=\"attachment-large size-large wp-image-12218\" alt=\"barco\" srcset=\"https:\/\/nederlandsetempeliers.nl\/wp-content\/uploads\/Schip-4.jpeg 462w, https:\/\/nederlandsetempeliers.nl\/wp-content\/uploads\/Schip-4-300x239.jpeg 300w\" sizes=\"(max-width: 462px) 100vw, 462px\" \/>\t\t\t\t\t\t\t\t\t\t\t\t\t\t\t<\/div>\n\t\t\t\t<\/div>\n\t\t\t\t<\/div>\n\t\t<div class=\"elementor-element elementor-element-6d5e67b e-con-full e-flex e-con e-child\" data-id=\"6d5e67b\" data-element_type=\"container\" data-e-type=\"container\">\n\t\t\t\t<div class=\"elementor-element elementor-element-880a3c8 elementor-widget elementor-widget-text-editor\" data-id=\"880a3c8\" data-element_type=\"widget\" data-e-type=\"widget\" data-widget_type=\"text-editor.default\">\n\t\t\t\t<div class=\"elementor-widget-container\">\n\t\t\t\t\t\t\t\t\t<p>P\u00e1gina 29<br \/>Junto con Roberto, conde de Flandes, emprendieron la marcha bajo el mando de Hugo, hermano de Felipe, rey de Francia. Eligieron la ruta por Italia y embarcaron hacia Oriente. Pero el invierno los sorprendi\u00f3, y se vieron obligados a pasar el invierno en Calabria. El pr\u00edncipe Hugo, todav\u00eda muy joven, encontraba demasiado larga la espera y quiso partir hacia Constantinopla para preparar all\u00ed la llegada de los dem\u00e1s&#8230;<\/p>\t\t\t\t\t\t\t\t<\/div>\n\t\t\t\t<\/div>\n\t\t\t\t<\/div>\n\t\t\t\t\t<\/div>\n\t\t\t\t<\/div>\n\t\t<div class=\"elementor-element elementor-element-fd95296 e-flex e-con-boxed e-con e-parent\" data-id=\"fd95296\" data-element_type=\"container\" data-e-type=\"container\">\n\t\t\t\t\t<div class=\"e-con-inner\">\n\t\t\t\t<div class=\"elementor-element elementor-element-ec7b5d8 elementor-widget elementor-widget-text-editor\" data-id=\"ec7b5d8\" data-element_type=\"widget\" data-e-type=\"widget\" data-widget_type=\"text-editor.default\">\n\t\t\t\t<div class=\"elementor-widget-container\">\n\t\t\t\t\t\t\t\t\t<p>P\u00e1gina 29<br \/>Aqu\u00ed encontramos otro tipo de dirigente: alguien que organiza, prev\u00e9, anticipa y planifica. Por eso eligen una ruta diferente. No por orgullo, sino por sentido pr\u00e1ctico y por mantener el orden. En esta etapa ya se est\u00e1 preparando la llegada de Godofredo de Bouill\u00f3n.<\/p><p>Se trata de Roberto, conde de Flandes, y de Hugo, el joven hermano del rey Felipe I de Francia. En lugar de recorrer una larga e incierta ruta terrestre, optan por viajar por mar a trav\u00e9s de Italia. Cuando el invierno los sorprende, deciden prudentemente pasar la estaci\u00f3n en Calabria.<\/p><p>Hugo, joven e impaciente, encuentra dif\u00edcil la espera y decide adelantarse a Constantinopla para preparar lo que est\u00e1 por venir. Constantinopla era la puerta entre Oriente y Occidente, la residencia del emperador Alejo, un importante centro diplom\u00e1tico y un eje log\u00edstico fundamental. Gracias a esta preparaci\u00f3n se evita el caos: la llegada queda organizada y la autoridad es reconocida. <br \/>Se trata de preparar la llegada de los grandes ej\u00e9rcitos occidentales, entre ellos Godofredo de Bouill\u00f3n y sus hermanos.<\/p>\t\t\t\t\t\t\t\t<\/div>\n\t\t\t\t<\/div>\n\t\t\t\t\t<\/div>\n\t\t\t\t<\/div>\n\t\t<div class=\"elementor-element elementor-element-c34a333 e-flex e-con-boxed e-con e-parent\" data-id=\"c34a333\" data-element_type=\"container\" data-e-type=\"container\">\n\t\t\t\t\t<div class=\"e-con-inner\">\n\t\t\t\t<div class=\"elementor-element elementor-element-5554f20 elementor-widget elementor-widget-image\" data-id=\"5554f20\" data-element_type=\"widget\" data-e-type=\"widget\" data-widget_type=\"image.default\">\n\t\t\t\t<div class=\"elementor-widget-container\">\n\t\t\t\t\t\t\t\t\t\t\t\t\t\t\t<img loading=\"lazy\" decoding=\"async\" width=\"300\" height=\"55\" src=\"https:\/\/nederlandsetempeliers.nl\/wp-content\/uploads\/guirlande-300x55.jpeg\" class=\"attachment-medium size-medium wp-image-7474\" alt=\"Guirnalda\" srcset=\"https:\/\/nederlandsetempeliers.nl\/wp-content\/uploads\/guirlande-300x55.jpeg 300w, https:\/\/nederlandsetempeliers.nl\/wp-content\/uploads\/guirlande-1024x189.jpeg 1024w, https:\/\/nederlandsetempeliers.nl\/wp-content\/uploads\/guirlande-768x142.jpeg 768w, https:\/\/nederlandsetempeliers.nl\/wp-content\/uploads\/guirlande.jpeg 1534w\" sizes=\"(max-width: 300px) 100vw, 300px\" \/>\t\t\t\t\t\t\t\t\t\t\t\t\t\t\t<\/div>\n\t\t\t\t<\/div>\n\t\t\t\t\t<\/div>\n\t\t\t\t<\/div>\n\t\t\t\t<section class=\"elementor-section elementor-top-section elementor-element elementor-element-3ff9b533 elementor-section-boxed elementor-section-height-default elementor-section-height-default\" data-id=\"3ff9b533\" data-element_type=\"section\" data-e-type=\"section\" data-settings=\"{&quot;background_background&quot;:&quot;classic&quot;,&quot;shape_divider_top&quot;:&quot;triangle&quot;,&quot;shape_divider_top_negative&quot;:&quot;yes&quot;,&quot;shape_divider_bottom&quot;:&quot;triangle&quot;,&quot;shape_divider_bottom_negative&quot;:&quot;yes&quot;}\">\n\t\t\t\t\t<div class=\"elementor-shape elementor-shape-top\" aria-hidden=\"true\" data-negative=\"true\">\n\t\t\t<svg xmlns=\"http:\/\/www.w3.org\/2000\/svg\" viewBox=\"0 0 1000 100\" preserveAspectRatio=\"none\">\n\t<path class=\"elementor-shape-fill\" d=\"M500.2,94.7L0,0v100h1000V0L500.2,94.7z\"\/>\n<\/svg>\t\t<\/div>\n\t\t\t\t<div class=\"elementor-shape elementor-shape-bottom\" aria-hidden=\"true\" data-negative=\"true\">\n\t\t\t<svg xmlns=\"http:\/\/www.w3.org\/2000\/svg\" viewBox=\"0 0 1000 100\" preserveAspectRatio=\"none\">\n\t<path class=\"elementor-shape-fill\" d=\"M500.2,94.7L0,0v100h1000V0L500.2,94.7z\"\/>\n<\/svg>\t\t<\/div>\n\t\t\t\t\t<div class=\"elementor-container elementor-column-gap-default\">\n\t\t\t\t\t<div class=\"elementor-column elementor-col-100 elementor-top-column elementor-element elementor-element-679ed05e\" data-id=\"679ed05e\" data-element_type=\"column\" data-e-type=\"column\">\n\t\t\t<div class=\"elementor-widget-wrap elementor-element-populated\">\n\t\t\t\t\t\t<div class=\"elementor-element elementor-element-3a1750cf elementor-widget__width-auto elementor-view-default elementor-widget elementor-widget-icon\" data-id=\"3a1750cf\" data-element_type=\"widget\" data-e-type=\"widget\" data-widget_type=\"icon.default\">\n\t\t\t\t<div class=\"elementor-widget-container\">\n\t\t\t\t\t\t\t<div class=\"elementor-icon-wrapper\">\n\t\t\t<div class=\"elementor-icon\">\n\t\t\t<i aria-hidden=\"true\" class=\"fas fa-grip-lines\"><\/i>\t\t\t<\/div>\n\t\t<\/div>\n\t\t\t\t\t\t<\/div>\n\t\t\t\t<\/div>\n\t\t\t\t<div class=\"elementor-element elementor-element-66edbe7 elementor-widget__width-auto elementor-widget elementor-widget-heading\" data-id=\"66edbe7\" data-element_type=\"widget\" data-e-type=\"widget\" data-widget_type=\"heading.default\">\n\t\t\t\t<div class=\"elementor-widget-container\">\n\t\t\t\t\t<h2 class=\"elementor-heading-title elementor-size-default\">1097<\/h2>\t\t\t\t<\/div>\n\t\t\t\t<\/div>\n\t\t\t\t<div class=\"elementor-element elementor-element-24100809 elementor-widget__width-auto elementor-view-default elementor-widget elementor-widget-icon\" data-id=\"24100809\" data-element_type=\"widget\" data-e-type=\"widget\" data-widget_type=\"icon.default\">\n\t\t\t\t<div class=\"elementor-widget-container\">\n\t\t\t\t\t\t\t<div class=\"elementor-icon-wrapper\">\n\t\t\t<div class=\"elementor-icon\">\n\t\t\t<i aria-hidden=\"true\" class=\"fas fa-grip-lines\"><\/i>\t\t\t<\/div>\n\t\t<\/div>\n\t\t\t\t\t\t<\/div>\n\t\t\t\t<\/div>\n\t\t\t\t\t<\/div>\n\t\t<\/div>\n\t\t\t\t\t<\/div>\n\t\t<\/section>\n\t\t<div class=\"elementor-element elementor-element-79008c5 e-flex e-con-boxed e-con e-parent\" data-id=\"79008c5\" data-element_type=\"container\" data-e-type=\"container\">\n\t\t\t\t\t<div class=\"e-con-inner\">\n\t\t<div class=\"elementor-element elementor-element-0d7b531 e-con-full e-flex e-con e-child\" data-id=\"0d7b531\" data-element_type=\"container\" data-e-type=\"container\">\n\t\t\t\t<div class=\"elementor-element elementor-element-82a65b8 elementor-widget elementor-widget-text-editor\" data-id=\"82a65b8\" data-element_type=\"widget\" data-e-type=\"widget\" data-widget_type=\"text-editor.default\">\n\t\t\t\t<div class=\"elementor-widget-container\">\n\t\t\t\t\t\t\t\t\t<p>P\u00e1gina 30<br \/>de ses troupes, l\u2019Empereur Alexius le receu, mais il le regarda comme un disciple pour lui, il le fit mettre aux arets avec toute sa suite. On voiois qui \u00e9toit le conducteur que Dieu avoit<br \/>destinez Goffroi de Bouillon, \u00e0 qui l\u2019Empereur Henri peu de tems avant lui avoit donn\u00e9 la base Lorraine,<br \/>qui \u00e9toit du cot\u00e9 du Brabant pour le defraier dans ce voiage et il avoit<br \/>vendu la Comt\u00e9 de Bouillionne<\/p>\t\t\t\t\t\t\t\t<\/div>\n\t\t\t\t<\/div>\n\t\t\t\t<\/div>\n\t\t<div class=\"elementor-element elementor-element-456b64e e-con-full e-flex e-con e-child\" data-id=\"456b64e\" data-element_type=\"container\" data-e-type=\"container\">\n\t\t\t\t<div class=\"elementor-element elementor-element-1c2e8af elementor-widget elementor-widget-image\" data-id=\"1c2e8af\" data-element_type=\"widget\" data-e-type=\"widget\" data-widget_type=\"image.default\">\n\t\t\t\t<div class=\"elementor-widget-container\">\n\t\t\t\t\t\t\t\t\t\t\t\t\t\t\t<img loading=\"lazy\" decoding=\"async\" width=\"120\" height=\"132\" src=\"https:\/\/nederlandsetempeliers.nl\/wp-content\/uploads\/Vlag-4.jpeg\" class=\"attachment-large size-large wp-image-12306\" alt=\"Bandera\" \/>\t\t\t\t\t\t\t\t\t\t\t\t\t\t\t<\/div>\n\t\t\t\t<\/div>\n\t\t\t\t<\/div>\n\t\t<div class=\"elementor-element elementor-element-a55a777 e-con-full e-flex e-con e-child\" data-id=\"a55a777\" data-element_type=\"container\" data-e-type=\"container\">\n\t\t\t\t<div class=\"elementor-element elementor-element-20faeef elementor-widget elementor-widget-text-editor\" data-id=\"20faeef\" data-element_type=\"widget\" data-e-type=\"widget\" data-widget_type=\"text-editor.default\">\n\t\t\t\t<div class=\"elementor-widget-container\">\n\t\t\t\t\t\t\t\t\t<p>P\u00e1gina 30<br \/>Con sus tropas fue recibido por el emperador Alejo; pero este lo consider\u00f3 un subordinado y, por ello, lo mantuvo bajo vigilancia junto con todo su s\u00e9quito. Entonces qued\u00f3 claro qui\u00e9n era el l\u00edder que Dios hab\u00eda destinado: Godofredo de Bouill\u00f3n, a quien el emperador Enrique hab\u00eda concedido tiempo antes el ducado de Lotaringia, fronterizo con Brabante, para que pudiera sufragar los gastos de este viaje; adem\u00e1s, hab\u00eda vendido el condado de Bouill\u00f3n.<\/p>\t\t\t\t\t\t\t\t<\/div>\n\t\t\t\t<\/div>\n\t\t\t\t<\/div>\n\t\t\t\t\t<\/div>\n\t\t\t\t<\/div>\n\t\t<div class=\"elementor-element elementor-element-63c10e2 e-flex e-con-boxed e-con e-parent\" data-id=\"63c10e2\" data-element_type=\"container\" data-e-type=\"container\">\n\t\t\t\t\t<div class=\"e-con-inner\">\n\t\t\t\t<div class=\"elementor-element elementor-element-f5bc3c7 elementor-widget elementor-widget-text-editor\" data-id=\"f5bc3c7\" data-element_type=\"widget\" data-e-type=\"widget\" data-widget_type=\"text-editor.default\">\n\t\t\t\t<div class=\"elementor-widget-container\">\n\t\t\t\t\t\t\t\t\t<p>P\u00e1gina 30<br \/>Aqu\u00ed el joven Hugo, hermano del rey, es tratado por el emperador Alejo como un subordinado y permanece bajo vigilancia junto con su s\u00e9quito. Al mismo tiempo, el emperador reconoce que Godofredo de Bouill\u00f3n posee una misi\u00f3n especial dada por Dios \u27a4 La nobleza y el rango no son lo mismo que el verdadero liderazgo. Godofredo dispon\u00eda de tierras, riquezas y prestigio, pero vendi\u00f3 su propio condado de Bouill\u00f3n para dedicarlo a Dios y a esta Cruzada. Lo hizo sin ninguna garant\u00eda y sin una red de seguridad <strong>\u27a4 Eso es una entrega radical.<\/strong><\/p>\t\t\t\t\t\t\t\t<\/div>\n\t\t\t\t<\/div>\n\t\t\t\t\t<\/div>\n\t\t\t\t<\/div>\n\t\t<div class=\"elementor-element elementor-element-6c5464f e-flex e-con-boxed e-con e-parent\" data-id=\"6c5464f\" data-element_type=\"container\" data-e-type=\"container\">\n\t\t\t\t\t<div class=\"e-con-inner\">\n\t\t\t\t<div class=\"elementor-element elementor-element-390c867 elementor-widget elementor-widget-image\" data-id=\"390c867\" data-element_type=\"widget\" data-e-type=\"widget\" data-widget_type=\"image.default\">\n\t\t\t\t<div class=\"elementor-widget-container\">\n\t\t\t\t\t\t\t\t\t\t\t\t\t\t\t<img loading=\"lazy\" decoding=\"async\" width=\"454\" height=\"397\" src=\"https:\/\/nederlandsetempeliers.nl\/wp-content\/uploads\/eed-van-trouw-van-Godfried-van-Bouillon-aan-de-Byzantijnse-keizer-Alexios-I-1-4.jpeg\" class=\"attachment-large size-large wp-image-12307\" alt=\"Juramento de lealtad de Godofredo de Bouillon al emperador bizantino Alejo I\" srcset=\"https:\/\/nederlandsetempeliers.nl\/wp-content\/uploads\/eed-van-trouw-van-Godfried-van-Bouillon-aan-de-Byzantijnse-keizer-Alexios-I-1-4.jpeg 454w, https:\/\/nederlandsetempeliers.nl\/wp-content\/uploads\/eed-van-trouw-van-Godfried-van-Bouillon-aan-de-Byzantijnse-keizer-Alexios-I-1-4-300x262.jpeg 300w\" sizes=\"(max-width: 454px) 100vw, 454px\" \/>\t\t\t\t\t\t\t\t\t\t\t\t\t\t\t<\/div>\n\t\t\t\t<\/div>\n\t\t\t\t\t<\/div>\n\t\t\t\t<\/div>\n\t\t<div class=\"elementor-element elementor-element-571b035 e-con-full e-flex e-con e-parent\" data-id=\"571b035\" data-element_type=\"container\" data-e-type=\"container\">\n\t\t\t\t<div class=\"elementor-element elementor-element-f507250 elementor-widget elementor-widget-text-editor\" data-id=\"f507250\" data-element_type=\"widget\" data-e-type=\"widget\" data-widget_type=\"text-editor.default\">\n\t\t\t\t<div class=\"elementor-widget-container\">\n\t\t\t\t\t\t\t\t\t<pre>\ud83d\udc46\ud83c\udffb La imagen representa el juramento de fidelidad de Godofredo de Bouill\u00f3n al emperador bizantino Alejo I Comneno en Constantinopla (1097), pintado por Alexandre Hesse en 1842.<\/pre>\t\t\t\t\t\t\t\t<\/div>\n\t\t\t\t<\/div>\n\t\t\t\t<\/div>\n\t\t<div class=\"elementor-element elementor-element-e820089 e-flex e-con-boxed e-con e-parent\" data-id=\"e820089\" data-element_type=\"container\" data-e-type=\"container\">\n\t\t\t\t\t<div class=\"e-con-inner\">\n\t\t\t\t<div class=\"elementor-element elementor-element-409634f elementor-widget elementor-widget-image\" data-id=\"409634f\" data-element_type=\"widget\" data-e-type=\"widget\" data-widget_type=\"image.default\">\n\t\t\t\t<div class=\"elementor-widget-container\">\n\t\t\t\t\t\t\t\t\t\t\t\t\t\t\t<img loading=\"lazy\" decoding=\"async\" width=\"300\" height=\"55\" src=\"https:\/\/nederlandsetempeliers.nl\/wp-content\/uploads\/guirlande-300x55.jpeg\" class=\"attachment-medium size-medium wp-image-7474\" alt=\"Guirnalda\" srcset=\"https:\/\/nederlandsetempeliers.nl\/wp-content\/uploads\/guirlande-300x55.jpeg 300w, https:\/\/nederlandsetempeliers.nl\/wp-content\/uploads\/guirlande-1024x189.jpeg 1024w, https:\/\/nederlandsetempeliers.nl\/wp-content\/uploads\/guirlande-768x142.jpeg 768w, https:\/\/nederlandsetempeliers.nl\/wp-content\/uploads\/guirlande.jpeg 1534w\" sizes=\"(max-width: 300px) 100vw, 300px\" \/>\t\t\t\t\t\t\t\t\t\t\t\t\t\t\t<\/div>\n\t\t\t\t<\/div>\n\t\t\t\t\t<\/div>\n\t\t\t\t<\/div>\n\t\t<div class=\"elementor-element elementor-element-21063ed e-flex e-con-boxed e-con e-parent\" data-id=\"21063ed\" data-element_type=\"container\" data-e-type=\"container\">\n\t\t\t\t\t<div class=\"e-con-inner\">\n\t\t<div class=\"elementor-element elementor-element-6496df0 e-con-full e-flex e-con e-child\" data-id=\"6496df0\" data-element_type=\"container\" data-e-type=\"container\">\n\t\t\t\t<div class=\"elementor-element elementor-element-74fc29b elementor-widget elementor-widget-text-editor\" data-id=\"74fc29b\" data-element_type=\"widget\" data-e-type=\"widget\" data-widget_type=\"text-editor.default\">\n\t\t\t\t<div class=\"elementor-widget-container\">\n\t\t\t\t\t\t\t\t\t<p>P\u00e1gina 31<br \/>Bouillonne \u00e0 l\u2019Evesque de Lutich et son Duch\u00e9 au Duc de Limbourg, et comme il \u00e9toit un homme de grand esprit on lui confia toutes la Noblesse et les plus braves troupes de la France et de la Flandre, ainsi<br \/>que son arm\u00e9e \u00e9toit du nombre de 70000 \u00e0 pied et 10000 \u00e0 cheval, et peu de libertins il<br \/>passa partout parce qu\u2019il marchoit en bon ordre et payoit tout pour l\u2019argent, il passa la<br \/>Hongrie et la Bulgarie sans accident jus qu\u2019\u00e0 la fronti\u00e8re<\/p>\t\t\t\t\t\t\t\t<\/div>\n\t\t\t\t<\/div>\n\t\t\t\t<\/div>\n\t\t<div class=\"elementor-element elementor-element-9a985c8 e-con-full e-flex e-con e-child\" data-id=\"9a985c8\" data-element_type=\"container\" data-e-type=\"container\">\n\t\t\t\t<div class=\"elementor-element elementor-element-21f3625 elementor-widget elementor-widget-image\" data-id=\"21f3625\" data-element_type=\"widget\" data-e-type=\"widget\" data-widget_type=\"image.default\">\n\t\t\t\t<div class=\"elementor-widget-container\">\n\t\t\t\t\t\t\t\t\t\t\t\t\t\t\t<img loading=\"lazy\" decoding=\"async\" width=\"585\" height=\"825\" src=\"https:\/\/nederlandsetempeliers.nl\/wp-content\/uploads\/Fort-Bouillon-4.jpeg\" class=\"attachment-large size-large wp-image-12308\" alt=\"Fuerte Bouillon\" srcset=\"https:\/\/nederlandsetempeliers.nl\/wp-content\/uploads\/Fort-Bouillon-4.jpeg 585w, https:\/\/nederlandsetempeliers.nl\/wp-content\/uploads\/Fort-Bouillon-4-213x300.jpeg 213w\" sizes=\"(max-width: 585px) 100vw, 585px\" \/>\t\t\t\t\t\t\t\t\t\t\t\t\t\t\t<\/div>\n\t\t\t\t<\/div>\n\t\t\t\t<\/div>\n\t\t<div class=\"elementor-element elementor-element-b6a17e7 e-con-full e-flex e-con e-child\" data-id=\"b6a17e7\" data-element_type=\"container\" data-e-type=\"container\">\n\t\t\t\t<div class=\"elementor-element elementor-element-83b5148 elementor-widget elementor-widget-text-editor\" data-id=\"83b5148\" data-element_type=\"widget\" data-e-type=\"widget\" data-widget_type=\"text-editor.default\">\n\t\t\t\t<div class=\"elementor-widget-container\">\n\t\t\t\t\t\t\t\t\t<p>P\u00e1gina 31\u00a0<br \/>Bouill\u00f3n entreg\u00f3 el condado al obispo de Lieja y su ducado al duque de Limburgo. Y como era un hombre de gran sabidur\u00eda, se le confi\u00f3 toda la nobleza y las tropas m\u00e1s valientes de Francia y Flandes. Su ej\u00e9rcito contaba con 70.000 soldados de infanter\u00eda y 10.000 de caballer\u00eda. Hab\u00eda muy pocos hombres indisciplinados. Pod\u00eda atravesar todos los territorios porque marchaba con buen orden y pagaba todo con dinero. As\u00ed cruz\u00f3 Hungr\u00eda y Bulgaria sin incidentes, hasta llegar a la frontera.<\/p>\t\t\t\t\t\t\t\t<\/div>\n\t\t\t\t<\/div>\n\t\t\t\t<\/div>\n\t\t\t\t\t<\/div>\n\t\t\t\t<\/div>\n\t\t<div class=\"elementor-element elementor-element-906fc88 e-flex e-con-boxed e-con e-parent\" data-id=\"906fc88\" data-element_type=\"container\" data-e-type=\"container\">\n\t\t\t\t\t<div class=\"e-con-inner\">\n\t\t\t\t<div class=\"elementor-element elementor-element-44e4544 elementor-widget elementor-widget-text-editor\" data-id=\"44e4544\" data-element_type=\"widget\" data-e-type=\"widget\" data-widget_type=\"text-editor.default\">\n\t\t\t\t<div class=\"elementor-widget-container\">\n\t\t\t\t\t\t\t\t\t<p>P\u00e1gina 31\u00a0<br \/>Aqu\u00ed nuestro monje presenta deliberadamente a Godofredo de Bouill\u00f3n como:<br \/>\u2022 \u00abUn hombre de gran sabidur\u00eda\u00bb, no solamente valiente.<br \/>\u2022 Un l\u00edder en quien la nobleza y las mejores tropas depositan su confianza.<br \/>\u2022 No un caudillo brutal, sino una fuerza que establece el orden.<br \/>Esto contrasta perfectamente con las anteriores Cruzadas Populares: \u2192 caos \u2192 saqueos \u2192 destrucci\u00f3n.<\/p><p>Frente a ello: orden \u2192 disciplina \u2192 paso seguro. Las dos frases m\u00e1s importantes son: \u00abMarchaba con buen orden.\u00bb y \u00abPagaba todo con dinero\u00bb. No es un simple detalle, sino una declaraci\u00f3n moral. No saquea. Respeta los territorios ajenos. Mantiene a sus hombres bajo disciplina. Por eso pudo pasar por todas partes sin conflictos ni derramamiento de sangre. Esta es exactamente la lecci\u00f3n aprendida de la Cruzada Popular.<\/p><p>La palabra libertins se refiere aqu\u00ed a personas indisciplinadas, oportunistas y moralmente poco fiables. El cronista subraya que hab\u00eda muy pocos de ellos. El ej\u00e9rcito de Godofredo era disciplinado, cuidadosamente seleccionado y bien organizado.<\/p><p>Las cifras (70.000 infantes y 10.000 jinetes) no pretenden solamente indicar el tama\u00f1o del ej\u00e9rcito, sino presentar una fuerza digna, leg\u00edtima y guiada por Dios, en contraste con los excesos anteriores. Dios no acompa\u00f1a necesariamente a la multitud m\u00e1s grande, sino al ej\u00e9rcito m\u00e1s fiel y mejor ordenado. Aqu\u00ed ya se vislumbra el esp\u00edritu que m\u00e1s tarde caracterizar\u00e1 a las \u00f3rdenes militares: la disciplina mon\u00e1stica +\u00a0 la obediencia caballeresca +\u00a0 y el nacimiento de una orden sagrada \u27a4 del desorden a la dignidad \u27a4 De la multitud al verdadero liderazgo <strong>\u27a4 del caos al orden sagrado.<\/strong><\/p>\t\t\t\t\t\t\t\t<\/div>\n\t\t\t\t<\/div>\n\t\t\t\t\t<\/div>\n\t\t\t\t<\/div>\n\t\t<div class=\"elementor-element elementor-element-f256da2 e-flex e-con-boxed e-con e-parent\" data-id=\"f256da2\" data-element_type=\"container\" data-e-type=\"container\">\n\t\t\t\t\t<div class=\"e-con-inner\">\n\t\t\t\t<div class=\"elementor-element elementor-element-91cb94c elementor-widget elementor-widget-image\" data-id=\"91cb94c\" data-element_type=\"widget\" data-e-type=\"widget\" data-widget_type=\"image.default\">\n\t\t\t\t<div class=\"elementor-widget-container\">\n\t\t\t\t\t\t\t\t\t\t\t\t\t\t\t<img loading=\"lazy\" decoding=\"async\" width=\"800\" height=\"654\" src=\"https:\/\/nederlandsetempeliers.nl\/wp-content\/uploads\/Verkoop-Fort-Bouillon-4-1024x837.jpeg\" class=\"attachment-large size-large wp-image-12309\" alt=\"Venta del Fuerte Bouillon\" srcset=\"https:\/\/nederlandsetempeliers.nl\/wp-content\/uploads\/Verkoop-Fort-Bouillon-4-1024x837.jpeg 1024w, https:\/\/nederlandsetempeliers.nl\/wp-content\/uploads\/Verkoop-Fort-Bouillon-4-300x245.jpeg 300w, https:\/\/nederlandsetempeliers.nl\/wp-content\/uploads\/Verkoop-Fort-Bouillon-4-768x628.jpeg 768w, https:\/\/nederlandsetempeliers.nl\/wp-content\/uploads\/Verkoop-Fort-Bouillon-4.jpeg 1387w\" sizes=\"(max-width: 800px) 100vw, 800px\" \/>\t\t\t\t\t\t\t\t\t\t\t\t\t\t\t<\/div>\n\t\t\t\t<\/div>\n\t\t\t\t\t<\/div>\n\t\t\t\t<\/div>\n\t\t<div class=\"elementor-element elementor-element-7d74b29 e-con-full e-flex e-con e-parent\" data-id=\"7d74b29\" data-element_type=\"container\" data-e-type=\"container\">\n\t\t\t\t<div class=\"elementor-element elementor-element-273255b elementor-widget elementor-widget-text-editor\" data-id=\"273255b\" data-element_type=\"widget\" data-e-type=\"widget\" data-widget_type=\"text-editor.default\">\n\t\t\t\t<div class=\"elementor-widget-container\">\n\t\t\t\t\t\t\t\t\t<pre>\ud83d\udc46\ud83c\udffbLa pintura representa la venta del castillo de Bouill\u00f3n al obispo de Lieja y se conserva actualmente en el propio castillo de Bouill\u00f3n<\/pre>\t\t\t\t\t\t\t\t<\/div>\n\t\t\t\t<\/div>\n\t\t\t\t<\/div>\n\t\t<div class=\"elementor-element elementor-element-f0fb11f e-flex e-con-boxed e-con e-parent\" data-id=\"f0fb11f\" data-element_type=\"container\" data-e-type=\"container\">\n\t\t\t\t\t<div class=\"e-con-inner\">\n\t\t\t\t<div class=\"elementor-element elementor-element-de1e26f elementor-widget elementor-widget-image\" data-id=\"de1e26f\" data-element_type=\"widget\" data-e-type=\"widget\" data-widget_type=\"image.default\">\n\t\t\t\t<div class=\"elementor-widget-container\">\n\t\t\t\t\t\t\t\t\t\t\t\t\t\t\t<img loading=\"lazy\" decoding=\"async\" width=\"300\" height=\"55\" src=\"https:\/\/nederlandsetempeliers.nl\/wp-content\/uploads\/guirlande-300x55.jpeg\" class=\"attachment-medium size-medium wp-image-7474\" alt=\"Guirnalda\" srcset=\"https:\/\/nederlandsetempeliers.nl\/wp-content\/uploads\/guirlande-300x55.jpeg 300w, https:\/\/nederlandsetempeliers.nl\/wp-content\/uploads\/guirlande-1024x189.jpeg 1024w, https:\/\/nederlandsetempeliers.nl\/wp-content\/uploads\/guirlande-768x142.jpeg 768w, https:\/\/nederlandsetempeliers.nl\/wp-content\/uploads\/guirlande.jpeg 1534w\" sizes=\"(max-width: 300px) 100vw, 300px\" \/>\t\t\t\t\t\t\t\t\t\t\t\t\t\t\t<\/div>\n\t\t\t\t<\/div>\n\t\t\t\t\t<\/div>\n\t\t\t\t<\/div>\n\t\t<div class=\"elementor-element elementor-element-438b6d2 e-flex e-con-boxed e-con e-parent\" data-id=\"438b6d2\" data-element_type=\"container\" data-e-type=\"container\">\n\t\t\t\t\t<div class=\"e-con-inner\">\n\t\t<div class=\"elementor-element elementor-element-47d736b e-con-full e-flex e-con e-child\" data-id=\"47d736b\" data-element_type=\"container\" data-e-type=\"container\">\n\t\t\t\t<div class=\"elementor-element elementor-element-254d168 elementor-widget elementor-widget-text-editor\" data-id=\"254d168\" data-element_type=\"widget\" data-e-type=\"widget\" data-widget_type=\"text-editor.default\">\n\t\t\t\t<div class=\"elementor-widget-container\">\n\t\t\t\t\t\t\t\t\t<p>P\u00e1gina 32<br \/>de l\u2019Empereur Grec, c\u2019est l\u00e0 o\u00f9 il apris la triste nouvelle, que le Prince Hugue<br \/>etoit aux arets, alors il se resolut de piller les fauxbourgs de Constantinoples et de<br \/>mettre le siege devant la ville, l\u2019Empereur Allexius se sentant press\u00e9 de pres il<br \/>remis le Prince hugue en libert\u00e9.<br \/>7\u1d49 Convois comand\u00e9 par Rocmundus Duc de Normandie de Tarento, avec ses <br \/>Italiens et Normans qui estoit du nombre de 10000 \u00e0<\/p>\t\t\t\t\t\t\t\t<\/div>\n\t\t\t\t<\/div>\n\t\t\t\t<\/div>\n\t\t<div class=\"elementor-element elementor-element-7ea71d3 e-con-full e-flex e-con e-child\" data-id=\"7ea71d3\" data-element_type=\"container\" data-e-type=\"container\">\n\t\t\t\t<div class=\"elementor-element elementor-element-351707d elementor-widget elementor-widget-image\" data-id=\"351707d\" data-element_type=\"widget\" data-e-type=\"widget\" data-widget_type=\"image.default\">\n\t\t\t\t<div class=\"elementor-widget-container\">\n\t\t\t\t\t\t\t\t\t\t\t\t\t\t\t<img loading=\"lazy\" decoding=\"async\" width=\"800\" height=\"827\" src=\"https:\/\/nederlandsetempeliers.nl\/wp-content\/uploads\/gevangenen-4.jpeg\" class=\"attachment-large size-large wp-image-12407\" alt=\"Prisioneros\" srcset=\"https:\/\/nederlandsetempeliers.nl\/wp-content\/uploads\/gevangenen-4.jpeg 809w, https:\/\/nederlandsetempeliers.nl\/wp-content\/uploads\/gevangenen-4-290x300.jpeg 290w, https:\/\/nederlandsetempeliers.nl\/wp-content\/uploads\/gevangenen-4-768x794.jpeg 768w\" sizes=\"(max-width: 800px) 100vw, 800px\" \/>\t\t\t\t\t\t\t\t\t\t\t\t\t\t\t<\/div>\n\t\t\t\t<\/div>\n\t\t\t\t<\/div>\n\t\t<div class=\"elementor-element elementor-element-1429a18 e-con-full e-flex e-con e-child\" data-id=\"1429a18\" data-element_type=\"container\" data-e-type=\"container\">\n\t\t\t\t<div class=\"elementor-element elementor-element-9c05dda elementor-widget elementor-widget-text-editor\" data-id=\"9c05dda\" data-element_type=\"widget\" data-e-type=\"widget\" data-widget_type=\"text-editor.default\">\n\t\t\t\t<div class=\"elementor-widget-container\">\n\t\t\t\t\t\t\t\t\t<p>P\u00e1gina 32<br \/>Junto al emperador griego recibi\u00f3 la triste noticia de que el pr\u00edncipe Hugo hab\u00eda sido encarcelado. Entonces decidi\u00f3 saquear los suburbios de Constantinopla y sitiar la ciudad. El emperador Alejo, sinti\u00e9ndose directamente amenazado, orden\u00f3 que el pr\u00edncipe Hugo fuera puesto en libertad.<br \/>S\u00e9ptima columna, dirigida por Rocmundus, duque de Normand\u00eda y de Tarento, con sus italianos y normandos, que sumaban<br \/>10.000\u2026<\/p>\t\t\t\t\t\t\t\t<\/div>\n\t\t\t\t<\/div>\n\t\t\t\t<\/div>\n\t\t\t\t\t<\/div>\n\t\t\t\t<\/div>\n\t\t<div class=\"elementor-element elementor-element-aa9aa86 e-flex e-con-boxed e-con e-parent\" data-id=\"aa9aa86\" data-element_type=\"container\" data-e-type=\"container\">\n\t\t\t\t\t<div class=\"e-con-inner\">\n\t\t\t\t<div class=\"elementor-element elementor-element-8fc061c elementor-widget elementor-widget-text-editor\" data-id=\"8fc061c\" data-element_type=\"widget\" data-e-type=\"widget\" data-widget_type=\"text-editor.default\">\n\t\t\t\t<div class=\"elementor-widget-container\">\n\t\t\t\t\t\t\t\t\t<p>P\u00e1gina 32<br \/>Tensiones entre Occidente y Oriente: la alianza entre los cruzados y Bizancio es fr\u00e1gil. Godofredo se entera de que Hugo est\u00e1 prisionero. (As\u00ed aparece en la traducci\u00f3n, aunque en realidad se trata m\u00e1s bien de estar bajo vigilancia.) Esto se interpreta como una traici\u00f3n, un abuso de poder y una injusticia cometida contra un pr\u00edncipe cristiano. La reacci\u00f3n de Godofredo es amenazante: saquear los suburbios y sitiar Constantinopla. Es una medida extrema \u2014 se trata de una ciudad cristiana.<br \/>El pragmatismo de Alejo: el emperador Alejo I Comneno aparece aqu\u00ed como perspicaz, pol\u00edticamente realista y dispuesto a evitar el conflicto cuando es necesario. Percibe que la amenaza est\u00e1 muy cerca \u2192 La amenaza es real \u2192 La situaci\u00f3n puede intensificarse. Su soluci\u00f3n no es militar, sino diplom\u00e1tica: Hugo es liberado. Esto es caracter\u00edstico del arte de gobernar bizantino: ni cuesti\u00f3n de honor ni orgullo caballeresco \u2014 la estabilidad est\u00e1 por encima de todo.<\/p><p>Godofredo como guardi\u00e1n de los l\u00edmites: amenaza, pero no llega a saquear realmente la ciudad. Godofredo protege a los suyos, pero no cruza el l\u00edmite sagrado \u2192 Hace valer la justicia \u2192 Sin causar da\u00f1os irreparables. As\u00ed aparece aqu\u00ed Godofredo: como un dirigente justo, no como un se\u00f1or de la guerra temerario.<\/p><p>El \u00ab7.\u00ba convoy\u00bb vuelve a cambiar el tono: de la diplomacia, las amenazas y la tensi\u00f3n imperial pasamos a una estructura militar, nuevos dirigentes y ej\u00e9rcitos claramente definidos. Rocmundus, duque de Normand\u00eda y de Tarento, se refiere aqu\u00ed a Bohemundo de Tarento, hijo de Roberto Guiscardo. Es uno de los dirigentes militares m\u00e1s experimentados de la cruzada. Su aparici\u00f3n anuncia: \u2192 la profesionalizaci\u00f3n de la guerra \u2192 verdaderas batallas \u2192 pensamiento estrat\u00e9gico. Italianos + normandos \u2192 normandos del sur de Italia \u2192 curtidos en la guerra. En una frase: tensiones entre potencias cristianas + autoridad moral de Godofredo + diplomacia bizantina + llegada de Bohemundo. Todo est\u00e1 ahora preparado para la verdadera fase militar de la cruzada.<\/p>\t\t\t\t\t\t\t\t<\/div>\n\t\t\t\t<\/div>\n\t\t\t\t\t<\/div>\n\t\t\t\t<\/div>\n\t\t<div class=\"elementor-element elementor-element-151776d e-flex e-con-boxed e-con e-parent\" data-id=\"151776d\" data-element_type=\"container\" data-e-type=\"container\">\n\t\t\t\t\t<div class=\"e-con-inner\">\n\t\t\t\t<div class=\"elementor-element elementor-element-b64049c elementor-widget elementor-widget-image\" data-id=\"b64049c\" data-element_type=\"widget\" data-e-type=\"widget\" data-widget_type=\"image.default\">\n\t\t\t\t<div class=\"elementor-widget-container\">\n\t\t\t\t\t\t\t\t\t\t\t\t\t\t\t<img loading=\"lazy\" decoding=\"async\" width=\"300\" height=\"55\" src=\"https:\/\/nederlandsetempeliers.nl\/wp-content\/uploads\/guirlande-300x55.jpeg\" class=\"attachment-medium size-medium wp-image-7474\" alt=\"Guirnalda\" srcset=\"https:\/\/nederlandsetempeliers.nl\/wp-content\/uploads\/guirlande-300x55.jpeg 300w, https:\/\/nederlandsetempeliers.nl\/wp-content\/uploads\/guirlande-1024x189.jpeg 1024w, https:\/\/nederlandsetempeliers.nl\/wp-content\/uploads\/guirlande-768x142.jpeg 768w, https:\/\/nederlandsetempeliers.nl\/wp-content\/uploads\/guirlande.jpeg 1534w\" sizes=\"(max-width: 300px) 100vw, 300px\" \/>\t\t\t\t\t\t\t\t\t\t\t\t\t\t\t<\/div>\n\t\t\t\t<\/div>\n\t\t\t\t\t<\/div>\n\t\t\t\t<\/div>\n\t\t<div class=\"elementor-element elementor-element-83d01f6 e-flex e-con-boxed e-con e-parent\" data-id=\"83d01f6\" data-element_type=\"container\" data-e-type=\"container\">\n\t\t\t\t\t<div class=\"e-con-inner\">\n\t\t<div class=\"elementor-element elementor-element-b014096 e-con-full e-flex e-con e-child\" data-id=\"b014096\" data-element_type=\"container\" data-e-type=\"container\">\n\t\t\t\t<div class=\"elementor-element elementor-element-661f392 elementor-widget elementor-widget-text-editor\" data-id=\"661f392\" data-element_type=\"widget\" data-e-type=\"widget\" data-widget_type=\"text-editor.default\">\n\t\t\t\t<div class=\"elementor-widget-container\">\n\t\t\t\t\t\t\t\t\t<p>P\u00e1gina 33<br \/><span style=\"font-family: -apple-system, BlinkMacSystemFont, 'Segoe UI', Roboto, 'Helvetica Neue', Arial, 'Noto Sans', sans-serif, 'Apple Color Emoji', 'Segoe UI Emoji', 'Segoe UI Symbol', 'Noto Color Emoji';\">cheval, et 15000 \u00e0 pied il <\/span>partirent par eaux dans le pa\u00efs de grecs. 8\u1d49 Convois par Raimond Comte de Toulouse qui avoit<br \/>des troupes de la Lombardie Gascogne, et de la Toulouse avec des Espagnols plus de 100000 hommes et il prit son chemin par la Lombardie et la Dalmatie.<br \/>9\u1d49 et dernier convoi \u00e9toit compos\u00e9 de la Noblesse fran\u00e7oise qui \u00e9toit pour la <br \/>conduite du Prince Hugue en<\/p>\t\t\t\t\t\t\t\t<\/div>\n\t\t\t\t<\/div>\n\t\t\t\t<\/div>\n\t\t<div class=\"elementor-element elementor-element-d9e82fd e-con-full e-flex e-con e-child\" data-id=\"d9e82fd\" data-element_type=\"container\" data-e-type=\"container\">\n\t\t\t\t<div class=\"elementor-element elementor-element-5481522 elementor-widget elementor-widget-image\" data-id=\"5481522\" data-element_type=\"widget\" data-e-type=\"widget\" data-widget_type=\"image.default\">\n\t\t\t\t<div class=\"elementor-widget-container\">\n\t\t\t\t\t\t\t\t\t\t\t\t\t\t\t<img loading=\"lazy\" decoding=\"async\" width=\"200\" height=\"194\" src=\"https:\/\/nederlandsetempeliers.nl\/wp-content\/uploads\/schip-op-zee-4.jpeg\" class=\"attachment-large size-large wp-image-12409\" alt=\"Barco en el mar\" \/>\t\t\t\t\t\t\t\t\t\t\t\t\t\t\t<\/div>\n\t\t\t\t<\/div>\n\t\t\t\t<\/div>\n\t\t<div class=\"elementor-element elementor-element-53ced2d e-con-full e-flex e-con e-child\" data-id=\"53ced2d\" data-element_type=\"container\" data-e-type=\"container\">\n\t\t\t\t<div class=\"elementor-element elementor-element-8c93079 elementor-widget elementor-widget-text-editor\" data-id=\"8c93079\" data-element_type=\"widget\" data-e-type=\"widget\" data-widget_type=\"text-editor.default\">\n\t\t\t\t<div class=\"elementor-widget-container\">\n\t\t\t\t\t\t\t\t\t<p>P\u00e1gina 33<br \/>a caballo, y 15.000 a pie; partieron por mar hacia las tierras de los griegos. Octava columna, bajo el mando de Raimundo, conde de Tolosa, que contaba con tropas procedentes de Lombard\u00eda, Gascu\u00f1a y Tolosa, junto con espa\u00f1oles \u2014 m\u00e1s de 100.000 hombres. Tom\u00f3 su ruta por Lombard\u00eda y Dalmacia. La novena y \u00faltima columna estaba compuesta por la nobleza francesa, destinada a quedar bajo el mando del pr\u00edncipe Hugo\u2026<\/p>\t\t\t\t\t\t\t\t<\/div>\n\t\t\t\t<\/div>\n\t\t\t\t<\/div>\n\t\t\t\t\t<\/div>\n\t\t\t\t<\/div>\n\t\t<div class=\"elementor-element elementor-element-0a116b9 e-flex e-con-boxed e-con e-parent\" data-id=\"0a116b9\" data-element_type=\"container\" data-e-type=\"container\">\n\t\t\t\t\t<div class=\"e-con-inner\">\n\t\t\t\t<div class=\"elementor-element elementor-element-3b7071e elementor-widget elementor-widget-text-editor\" data-id=\"3b7071e\" data-element_type=\"widget\" data-e-type=\"widget\" data-widget_type=\"text-editor.default\">\n\t\t\t\t<div class=\"elementor-widget-container\">\n\t\t\t\t\t\t\t\t\t<p>P\u00e1gina 33<br \/>Log\u00edstica: se eligi\u00f3 deliberadamente la ruta mar\u00edtima. La vez anterior, el viaje por tierra hab\u00eda sido catastr\u00f3fico. Tanto los hombres a caballo como los que iban a pie se dirigieron por mar hacia territorio bizantino. Fue una decisi\u00f3n consciente para repartir los riesgos y aprender de los errores anteriores: la ruta terrestre hab\u00eda provocado hambre y saqueos. Esto ya no es una procesi\u00f3n piadosa, sino un desplazamiento organizado.<\/p><p>Raimundo de Tolosa, el contrapeso meridional, aparece aqu\u00ed como dirigente de las fuerzas del sur de Europa: Lombard\u00eda \u2013 Gascu\u00f1a \u2013 Tolosa \u2013 Espa\u00f1a. Se trata, por tanto, de un ej\u00e9rcito de composici\u00f3n internacional. Importante: Raimundo era mayor, experimentado, pol\u00edticamente influyente y profundamente religioso, pero menos idealista que Godofredo. Representa la firmeza y la fuerza del n\u00famero.<br \/>La ruta: Lombard\u00eda y Dalmacia \u2192 pasos seguros y conocidos \u2192 abastecimiento controlable \u2192 apoyo mar\u00edtimo. Es exactamente lo contrario de la Cruzada Popular: ya no hay impulso, sino planificaci\u00f3n.<br \/>La 9.\u00aa columna: la nobleza francesa y el pr\u00edncipe Hugo. El pasaje es muy sutil e importante:<br \/>\u00abcompuesta por la nobleza francesa\u00bb.<br \/>Esto significa: \u2192 no un ej\u00e9rcito popular \u2192 no una multitud religiosa \u2192 sino una \u00e9lite concentrada. El hecho de que esta columna est\u00e9 vinculada al pr\u00edncipe Hugo restaura su honor despu\u00e9s del incidente anterior y vuelve a hacerlo visible como dirigente. Pero ahora dentro de un colectivo de nobles, no como una figura aislada. Hugo est\u00e1 sostenido por una estructura, no por el impulso. Todas las columnas han sido ya nombradas. Cada regi\u00f3n tiene su dirigente. Cada ruta ha sido meditada. Cada error anterior ha sido corregido.<\/p><p><strong>Ahora nos encontramos en el umbral de: \ud83d\udc49 la verdadera Primera Cruzada como realidad militar.<\/strong><\/p>\t\t\t\t\t\t\t\t<\/div>\n\t\t\t\t<\/div>\n\t\t\t\t\t<\/div>\n\t\t\t\t<\/div>\n\t\t<div class=\"elementor-element elementor-element-d47dae2 e-flex e-con-boxed e-con e-parent\" data-id=\"d47dae2\" data-element_type=\"container\" data-e-type=\"container\">\n\t\t\t\t\t<div class=\"e-con-inner\">\n\t\t\t\t<div class=\"elementor-element elementor-element-376e06a elementor-widget elementor-widget-image\" data-id=\"376e06a\" data-element_type=\"widget\" data-e-type=\"widget\" data-widget_type=\"image.default\">\n\t\t\t\t<div class=\"elementor-widget-container\">\n\t\t\t\t\t\t\t\t\t\t\t\t\t\t\t<img loading=\"lazy\" decoding=\"async\" width=\"300\" height=\"55\" src=\"https:\/\/nederlandsetempeliers.nl\/wp-content\/uploads\/guirlande-300x55.jpeg\" class=\"attachment-medium size-medium wp-image-7474\" alt=\"Guirnalda\" srcset=\"https:\/\/nederlandsetempeliers.nl\/wp-content\/uploads\/guirlande-300x55.jpeg 300w, https:\/\/nederlandsetempeliers.nl\/wp-content\/uploads\/guirlande-1024x189.jpeg 1024w, https:\/\/nederlandsetempeliers.nl\/wp-content\/uploads\/guirlande-768x142.jpeg 768w, https:\/\/nederlandsetempeliers.nl\/wp-content\/uploads\/guirlande.jpeg 1534w\" sizes=\"(max-width: 300px) 100vw, 300px\" \/>\t\t\t\t\t\t\t\t\t\t\t\t\t\t\t<\/div>\n\t\t\t\t<\/div>\n\t\t\t\t\t<\/div>\n\t\t\t\t<\/div>\n\t\t<div class=\"elementor-element elementor-element-00fbe4f e-con-full e-flex e-con e-parent\" data-id=\"00fbe4f\" data-element_type=\"container\" data-e-type=\"container\">\n\t\t<div class=\"elementor-element elementor-element-33d1f21 e-con-full e-flex e-con e-child\" data-id=\"33d1f21\" data-element_type=\"container\" data-e-type=\"container\">\n\t\t\t\t<div class=\"elementor-element elementor-element-a7e7526 elementor-widget elementor-widget-text-editor\" data-id=\"a7e7526\" data-element_type=\"widget\" data-e-type=\"widget\" data-widget_type=\"text-editor.default\">\n\t\t\t\t<div class=\"elementor-widget-container\">\n\t\t\t\t\t\t\t\t\t<p>P\u00e1gina 34<br \/>Italie en quartier d\u2019hyver qui furent command\u00e9 par Robert Duc de Normandie, poursuivirent leur chemin droite \u00e0 Constantinople, et comme ils y furent arriv\u00e9, alors Goffroi fit l\u2019accomodement avec l\u2019Empereur Alexis en lui proposant qu\u2019il n\u2019avoit pas de la canaille dans ses troupes comme Pierre l\u2019hermite, et que c\u2019\u00e9toit tous des braves gens qu\u2019il conduisoit,<br \/>alors l\u2019Empereur Alexius qui \u00e9toit bien embarrass\u00e9 de voir une si formidable arm\u00e9e de<\/p>\t\t\t\t\t\t\t\t<\/div>\n\t\t\t\t<\/div>\n\t\t\t\t<\/div>\n\t\t<div class=\"elementor-element elementor-element-cc4ce50 e-con-full e-flex e-con e-child\" data-id=\"cc4ce50\" data-element_type=\"container\" data-e-type=\"container\">\n\t\t\t\t<div class=\"elementor-element elementor-element-6a47b05 elementor-widget elementor-widget-image\" data-id=\"6a47b05\" data-element_type=\"widget\" data-e-type=\"widget\" data-widget_type=\"image.default\">\n\t\t\t\t<div class=\"elementor-widget-container\">\n\t\t\t\t\t\t\t\t\t\t\t\t\t\t\t<img loading=\"lazy\" decoding=\"async\" width=\"384\" height=\"480\" src=\"https:\/\/nederlandsetempeliers.nl\/wp-content\/uploads\/Godfried-van-Bouiilon-standbeeld-in-Brussel-4.jpeg\" class=\"attachment-large size-large wp-image-12449\" alt=\"Estatua de Godofredo de Bouillon en Bruselas\" srcset=\"https:\/\/nederlandsetempeliers.nl\/wp-content\/uploads\/Godfried-van-Bouiilon-standbeeld-in-Brussel-4.jpeg 384w, https:\/\/nederlandsetempeliers.nl\/wp-content\/uploads\/Godfried-van-Bouiilon-standbeeld-in-Brussel-4-240x300.jpeg 240w\" sizes=\"(max-width: 384px) 100vw, 384px\" \/>\t\t\t\t\t\t\t\t\t\t\t\t\t\t\t<\/div>\n\t\t\t\t<\/div>\n\t\t\t\t<\/div>\n\t\t<div class=\"elementor-element elementor-element-8c19520 e-con-full e-flex e-con e-child\" data-id=\"8c19520\" data-element_type=\"container\" data-e-type=\"container\">\n\t\t\t\t<div class=\"elementor-element elementor-element-12835b6 elementor-widget elementor-widget-text-editor\" data-id=\"12835b6\" data-element_type=\"widget\" data-e-type=\"widget\" data-widget_type=\"text-editor.default\">\n\t\t\t\t<div class=\"elementor-widget-container\">\n\t\t\t\t\t\t\t\t\t<p>P\u00e1gina 34<br \/>En Italia establecieron sus cuarteles de invierno; estaban bajo el mando de Roberto, duque de Normand\u00eda. Despu\u00e9s continuaron directamente su camino hacia Constantinopla. Cuando llegaron all\u00ed, Godofredo lleg\u00f3 a un acuerdo con el emperador Alejo, haci\u00e9ndole saber que entre sus tropas no hab\u00eda gentuza, como hab\u00eda ocurrido con Pedro el Ermita\u00f1o, sino que mandaba \u00fanicamente a hombres valientes. Ante ello, el emperador Alejo, muy preocupado al contemplar un ej\u00e9rcito tan formidable de\u2026<\/p>\t\t\t\t\t\t\t\t<\/div>\n\t\t\t\t<\/div>\n\t\t\t\t<\/div>\n\t\t\t\t<\/div>\n\t\t<div class=\"elementor-element elementor-element-1766ec5 e-flex e-con-boxed e-con e-parent\" data-id=\"1766ec5\" data-element_type=\"container\" data-e-type=\"container\">\n\t\t\t\t\t<div class=\"e-con-inner\">\n\t\t\t\t<div class=\"elementor-element elementor-element-695d003 elementor-widget elementor-widget-text-editor\" data-id=\"695d003\" data-element_type=\"widget\" data-e-type=\"widget\" data-widget_type=\"text-editor.default\">\n\t\t\t\t<div class=\"elementor-widget-container\">\n\t\t\t\t\t\t\t\t\t<p>p\u00e1gina 34<br \/>Cuarteles de invierno = arte militar maduro. Evitan el agotamiento, preservan la disciplina y demuestran paciencia estrat\u00e9gica. Esto es liderazgo profesional, no prisa piadosa.<\/p><p>Godofredo como diplom\u00e1tico. \u00ab Goffroi fit l\u2019accomodement avec l\u2019Empereur Alexis \u00bb. Godofredo: elige la negociaci\u00f3n, no la coacci\u00f3n; se\u00f1ala expl\u00edcitamente la diferencia con Pedro el Ermita\u00f1o; defiende la calidad moral de su ej\u00e9rcito. Esto es ret\u00f3rica, pero tambi\u00e9n verdad: ninguna multitud descontrolada ning\u00fan desenfreno<br \/>ning\u00fan frenes\u00ed religioso \u2192 Esto es orden, honor y disciplina.<\/p><p>\u00ab Pas de la canaille \u00bb \u2192 Godofredo se distancia aqu\u00ed conscientemente de: los fracasos anteriores; las cruzadas que se hab\u00edan desviado moralmente. En realidad, Godofredo est\u00e1 diciendo: \u00ab No traigo caos, sino responsabilidad. \u00bb<br \/>El emperador Alejo est\u00e1 \u00ab bien embarrass\u00e9 \u00bb. No est\u00e1 enfadado. No es hostil. Pero est\u00e1 inquieto. Ve: un poder inmenso; bien organizado; motivado religiosamente; que no est\u00e1 bajo su control. Eso convierte este momento en algo hist\u00f3ricamente explosivo.<br \/>Godofredo es la figura central. Re\u00fane: autoridad militar; superioridad moral; dominio diplom\u00e1tico. Este es el tipo de liderazgo del que m\u00e1s tarde surgir\u00eda la orden militar mon\u00e1stica: los Templarios.<\/p>\t\t\t\t\t\t\t\t<\/div>\n\t\t\t\t<\/div>\n\t\t\t\t\t<\/div>\n\t\t\t\t<\/div>\n\t\t<div class=\"elementor-element elementor-element-e664c51 e-flex e-con-boxed e-con e-parent\" data-id=\"e664c51\" data-element_type=\"container\" data-e-type=\"container\">\n\t\t\t\t\t<div class=\"e-con-inner\">\n\t\t\t\t<div class=\"elementor-element elementor-element-e2d8eed elementor-widget elementor-widget-image\" data-id=\"e2d8eed\" data-element_type=\"widget\" data-e-type=\"widget\" data-widget_type=\"image.default\">\n\t\t\t\t<div class=\"elementor-widget-container\">\n\t\t\t\t\t\t\t\t\t\t\t\t\t\t\t<img loading=\"lazy\" decoding=\"async\" width=\"300\" height=\"55\" src=\"https:\/\/nederlandsetempeliers.nl\/wp-content\/uploads\/guirlande-300x55.jpeg\" class=\"attachment-medium size-medium wp-image-7474\" alt=\"Guirnalda\" srcset=\"https:\/\/nederlandsetempeliers.nl\/wp-content\/uploads\/guirlande-300x55.jpeg 300w, https:\/\/nederlandsetempeliers.nl\/wp-content\/uploads\/guirlande-1024x189.jpeg 1024w, https:\/\/nederlandsetempeliers.nl\/wp-content\/uploads\/guirlande-768x142.jpeg 768w, https:\/\/nederlandsetempeliers.nl\/wp-content\/uploads\/guirlande.jpeg 1534w\" sizes=\"(max-width: 300px) 100vw, 300px\" \/>\t\t\t\t\t\t\t\t\t\t\t\t\t\t\t<\/div>\n\t\t\t\t<\/div>\n\t\t\t\t\t<\/div>\n\t\t\t\t<\/div>\n\t\t<div class=\"elementor-element elementor-element-3a6e7ab e-flex e-con-boxed e-con e-parent\" data-id=\"3a6e7ab\" data-element_type=\"container\" data-e-type=\"container\">\n\t\t\t\t\t<div class=\"e-con-inner\">\n\t\t<div class=\"elementor-element elementor-element-e5b2dab e-con-full e-flex e-con e-child\" data-id=\"e5b2dab\" data-element_type=\"container\" data-e-type=\"container\">\n\t\t\t\t<div class=\"elementor-element elementor-element-1daed1a elementor-widget elementor-widget-text-editor\" data-id=\"1daed1a\" data-element_type=\"widget\" data-e-type=\"widget\" data-widget_type=\"text-editor.default\">\n\t\t\t\t<div class=\"elementor-widget-container\">\n\t\t\t\t\t\t\t\t\t<p>P\u00e1gina 35<br \/>devant la porte de la ville, et quie la craignoit bien plus que celle du grand Turc il fit une alliance autant qu\u2019il put avec Goffroi de bouillon et lui promis de lui<br \/>fournir des provisions de bouche autant qu\u2019il en pourroit fournir afin qu\u2019il arrive heureusement \u00e0 leur sainte entreprise et de plus qu\u2019il assembleroit une arm\u00e9e et qu\u2019il la conduiroit lui m\u00eame en personne, et qu\u2019il les iroit rejoindre pour les assister \u00e0 reprendre les Villes qui sont sous la puissance des Turques<\/p>\t\t\t\t\t\t\t\t<\/div>\n\t\t\t\t<\/div>\n\t\t\t\t<\/div>\n\t\t<div class=\"elementor-element elementor-element-0005e12 e-con-full e-flex e-con e-child\" data-id=\"0005e12\" data-element_type=\"container\" data-e-type=\"container\">\n\t\t\t\t<div class=\"elementor-element elementor-element-bac9315 elementor-widget elementor-widget-image\" data-id=\"bac9315\" data-element_type=\"widget\" data-e-type=\"widget\" data-widget_type=\"image.default\">\n\t\t\t\t<div class=\"elementor-widget-container\">\n\t\t\t\t\t\t\t\t\t\t\t\t\t\t\t<img loading=\"lazy\" decoding=\"async\" width=\"240\" height=\"311\" src=\"https:\/\/nederlandsetempeliers.nl\/wp-content\/uploads\/Stadspoort-Constantinopel-4.jpeg\" class=\"attachment-large size-large wp-image-12451\" alt=\"Puerta de la Ciudad de Constantinopla\" srcset=\"https:\/\/nederlandsetempeliers.nl\/wp-content\/uploads\/Stadspoort-Constantinopel-4.jpeg 240w, https:\/\/nederlandsetempeliers.nl\/wp-content\/uploads\/Stadspoort-Constantinopel-4-232x300.jpeg 232w\" sizes=\"(max-width: 240px) 100vw, 240px\" \/>\t\t\t\t\t\t\t\t\t\t\t\t\t\t\t<\/div>\n\t\t\t\t<\/div>\n\t\t\t\t<\/div>\n\t\t<div class=\"elementor-element elementor-element-bd88a16 e-con-full e-flex e-con e-child\" data-id=\"bd88a16\" data-element_type=\"container\" data-e-type=\"container\">\n\t\t\t\t<div class=\"elementor-element elementor-element-27b754e elementor-widget elementor-widget-text-editor\" data-id=\"27b754e\" data-element_type=\"widget\" data-e-type=\"widget\" data-widget_type=\"text-editor.default\">\n\t\t\t\t<div class=\"elementor-widget-container\">\n\t\t\t\t\t\t\t\t\t<p>P\u00e1gina 35<br \/>Ante las puertas de la ciudad; y como tem\u00eda a este poder m\u00e1s que al del Gran Turco, estableci\u00f3, en la medida de lo posible, una alianza con Godofredo de Bouillon, y le prometi\u00f3 proporcionarle v\u00edveres, tantos como pudiera suministrar, para que pudiera llegar felizmente a su santa empresa. Adem\u00e1s, prometi\u00f3 reunir un ej\u00e9rcito, dirigirlo personalmente y unirse a ellos para ayudarles a recuperar las ciudades que se encontraban bajo el poder de los turcos.<\/p>\t\t\t\t\t\t\t\t<\/div>\n\t\t\t\t<\/div>\n\t\t\t\t<\/div>\n\t\t\t\t\t<\/div>\n\t\t\t\t<\/div>\n\t\t<div class=\"elementor-element elementor-element-92c6224 e-flex e-con-boxed e-con e-parent\" data-id=\"92c6224\" data-element_type=\"container\" data-e-type=\"container\">\n\t\t\t\t\t<div class=\"e-con-inner\">\n\t\t\t\t<div class=\"elementor-element elementor-element-e38d68b elementor-widget elementor-widget-text-editor\" data-id=\"e38d68b\" data-element_type=\"widget\" data-e-type=\"widget\" data-widget_type=\"text-editor.default\">\n\t\t\t\t<div class=\"elementor-widget-container\">\n\t\t\t\t\t\t\t\t\t<p>P\u00e1gina 35<br \/>El emperador Alejo conoce a los turcos: su fe musulmana; sus t\u00e1cticas; sus guerras; sus fronteras. Ve el ej\u00e9rcito de Godofredo: es cristiano, occidental, enorme, extremadamente disciplinado, Y est\u00e1 ante las puertas de su ciudad. PERO no se trata de un ej\u00e9rcito cualquiera. No solo por las cualidades que acabamos de mencionar, sino tambi\u00e9n porque este ej\u00e9rcito es m\u00e1s bien un socio en pie de igualdad, en cuanto a objetivos y devoci\u00f3n: restablecer el poder cristiano en los territorios conquistados por los musulmanes.<\/p><p>Por eso, el emperador Alejo establece una alianza con Godofredo. Lo hace mediante tres cosas:<br \/>1. Abastece a Godofredo<br \/>\u2192 alimento = poder<br \/>\u2192 quien alimenta, influye<\/p><p>2. Lo vincula a un objetivo com\u00fan<br \/>\u2192 \u00ab su santa empresa \u00bb<br \/>\u2192 Jerusal\u00e9n, no Constantinopla<\/p><p>3. Promete participar personalmente<br \/>\u2192 no se limita a enviar tropas<br \/>\u2192 compromete su honor imperial<\/p><p>Esto es diplomacia al m\u00e1s alto nivel.<\/p><p>\u00bfY por qu\u00e9 con Godofredo y no con los dem\u00e1s? \u2192 Godofredo no es un saqueador. \u2192 Mantiene el orden \u2192 Escucha \u2192 Negocia \u2192 Posee autoridad moral. El emperador Alejo comprende: si hay alguien en quien puedo confiar, es \u00e9l. Pero tambi\u00e9n: si hay alguien a quien debo vincular a m\u00ed, es \u00e9l.<br \/><strong>Precisamente por eso, Godofredo.<\/strong><\/p>\t\t\t\t\t\t\t\t<\/div>\n\t\t\t\t<\/div>\n\t\t\t\t\t<\/div>\n\t\t\t\t<\/div>\n\t\t<div class=\"elementor-element elementor-element-f01135d e-flex e-con-boxed e-con e-parent\" data-id=\"f01135d\" data-element_type=\"container\" data-e-type=\"container\">\n\t\t\t\t\t<div class=\"e-con-inner\">\n\t\t\t\t<div class=\"elementor-element elementor-element-742c58a elementor-widget elementor-widget-image\" data-id=\"742c58a\" data-element_type=\"widget\" data-e-type=\"widget\" data-widget_type=\"image.default\">\n\t\t\t\t<div class=\"elementor-widget-container\">\n\t\t\t\t\t\t\t\t\t\t\t\t\t\t\t<img loading=\"lazy\" decoding=\"async\" width=\"300\" height=\"55\" src=\"https:\/\/nederlandsetempeliers.nl\/wp-content\/uploads\/guirlande-300x55.jpeg\" class=\"attachment-medium size-medium wp-image-7474\" alt=\"Guirnalda\" srcset=\"https:\/\/nederlandsetempeliers.nl\/wp-content\/uploads\/guirlande-300x55.jpeg 300w, https:\/\/nederlandsetempeliers.nl\/wp-content\/uploads\/guirlande-1024x189.jpeg 1024w, https:\/\/nederlandsetempeliers.nl\/wp-content\/uploads\/guirlande-768x142.jpeg 768w, https:\/\/nederlandsetempeliers.nl\/wp-content\/uploads\/guirlande.jpeg 1534w\" sizes=\"(max-width: 300px) 100vw, 300px\" \/>\t\t\t\t\t\t\t\t\t\t\t\t\t\t\t<\/div>\n\t\t\t\t<\/div>\n\t\t\t\t\t<\/div>\n\t\t\t\t<\/div>\n\t\t<div class=\"elementor-element elementor-element-39773bd e-flex e-con-boxed e-con e-parent\" data-id=\"39773bd\" data-element_type=\"container\" data-e-type=\"container\">\n\t\t\t\t\t<div class=\"e-con-inner\">\n\t\t<div class=\"elementor-element elementor-element-c26f344 e-con-full e-flex e-con e-child\" data-id=\"c26f344\" data-element_type=\"container\" data-e-type=\"container\">\n\t\t\t\t<div class=\"elementor-element elementor-element-3319430 elementor-widget elementor-widget-text-editor\" data-id=\"3319430\" data-element_type=\"widget\" data-e-type=\"widget\" data-widget_type=\"text-editor.default\">\n\t\t\t\t<div class=\"elementor-widget-container\">\n\t\t\t\t\t\t\t\t\t<p>P\u00e1gina 36<br \/>qui appartiennent au Royaume me de Jerusalem au benefice de la Croisade mesme il en fit serment, mais le Comte Raimond de Toulouse ne voulut pas ajouter foi \u00e0 ce serment c\u2019est pourquoi l\u2019Empereur Alexius tomba de nuit dans son Camp et ruina ses troupes mais les troupes de Raimond<br \/>se sont si bien tenu qu\u2019ils ont repousser les grecs.<br \/>l\u2019an 1097 l\u2019on fit la premiere entreprise, et c\u2019\u00e9toit presque tous des fran\u00e7ois, il mit le<\/p>\t\t\t\t\t\t\t\t<\/div>\n\t\t\t\t<\/div>\n\t\t\t\t<\/div>\n\t\t<div class=\"elementor-element elementor-element-17e5361 e-con-full e-flex e-con e-child\" data-id=\"17e5361\" data-element_type=\"container\" data-e-type=\"container\">\n\t\t\t\t<div class=\"elementor-element elementor-element-0cd62b4 elementor-widget elementor-widget-image\" data-id=\"0cd62b4\" data-element_type=\"widget\" data-e-type=\"widget\" data-widget_type=\"image.default\">\n\t\t\t\t<div class=\"elementor-widget-container\">\n\t\t\t\t\t\t\t\t\t\t\t\t\t\t\t<img loading=\"lazy\" decoding=\"async\" width=\"285\" height=\"320\" src=\"https:\/\/nederlandsetempeliers.nl\/wp-content\/uploads\/Jeruzalem-zegel-8.jpg\" class=\"attachment-large size-large wp-image-12500\" alt=\"Sello de Jerusal\u00e9n\" srcset=\"https:\/\/nederlandsetempeliers.nl\/wp-content\/uploads\/Jeruzalem-zegel-8.jpg 285w, https:\/\/nederlandsetempeliers.nl\/wp-content\/uploads\/Jeruzalem-zegel-8-267x300.jpg 267w\" sizes=\"(max-width: 285px) 100vw, 285px\" \/>\t\t\t\t\t\t\t\t\t\t\t\t\t\t\t<\/div>\n\t\t\t\t<\/div>\n\t\t\t\t<\/div>\n\t\t<div class=\"elementor-element elementor-element-8089bed e-con-full e-flex e-con e-child\" data-id=\"8089bed\" data-element_type=\"container\" data-e-type=\"container\">\n\t\t\t\t<div class=\"elementor-element elementor-element-7d247a6 elementor-widget elementor-widget-text-editor\" data-id=\"7d247a6\" data-element_type=\"widget\" data-e-type=\"widget\" data-widget_type=\"text-editor.default\">\n\t\t\t\t<div class=\"elementor-widget-container\">\n\t\t\t\t\t\t\t\t\t<p>P\u00e1gina 36<br \/>Estos pertenecer\u00edan al Reino de Jerusal\u00e9n, en beneficio de la Cruzada; incluso prest\u00f3 juramento sobre ello. Pero el conde Raimundo de Toulouse no quiso confiar en este juramento. Por ello, el emperador Alejo atac\u00f3 su campamento durante la noche y dispers\u00f3 a sus tropas. Pero las tropas de Raimundo resistieron tan bien que lograron rechazar a los griegos. En el a\u00f1o 1097 comenz\u00f3 la primera empresa, y casi todos eran franceses; \u00e9l coloc\u00f3 a los\u2026<\/p>\t\t\t\t\t\t\t\t<\/div>\n\t\t\t\t<\/div>\n\t\t\t\t<\/div>\n\t\t\t\t\t<\/div>\n\t\t\t\t<\/div>\n\t\t<div class=\"elementor-element elementor-element-9448d2a e-flex e-con-boxed e-con e-parent\" data-id=\"9448d2a\" data-element_type=\"container\" data-e-type=\"container\">\n\t\t\t\t\t<div class=\"e-con-inner\">\n\t\t\t\t<div class=\"elementor-element elementor-element-6fee512 elementor-widget elementor-widget-text-editor\" data-id=\"6fee512\" data-element_type=\"widget\" data-e-type=\"widget\" data-widget_type=\"text-editor.default\">\n\t\t\t\t<div class=\"elementor-widget-container\">\n\t\t\t\t\t\t\t\t\t<p>P\u00e1gina 36<br \/>Los jefes cruzados \u2013 Godofredo, Bohemundo de Tarento, Roberto de Normand\u00eda, Esteban de Blois y Raimundo de Toulouse \u2013 deb\u00edan prestar juramento al emperador Alejo de que, si se reconquistaban territorios que anteriormente hab\u00edan pertenecido a Bizancio, estos volver\u00edan a quedar bajo dominio bizantino. Esto se aplicaba, por ejemplo, a Nicea, a ciudades de Asia Menor y a antiguas provincias bizantinas. Raimundo de Toulouse prest\u00f3 el juramento solo parcialmente y con reservas. Desconfiaba de Alejo.<br \/>El emperador Alejo llev\u00f3 a cabo un ataque nocturno contra el campamento de Raimundo para presionarlo. Fue una demostraci\u00f3n de poder y una advertencia. Pero Raimundo mantuvo la disciplina, no dej\u00f3 que la situaci\u00f3n se agravara, conserv\u00f3 el orden entre sus tropas y rechaz\u00f3 a los griegos.<\/p><p>Aqu\u00ed vemos claramente la tensi\u00f3n entre: * Oriente y Occidente * Roma y Bizancio * Juramento y conciencia * Orden y manipulaci\u00f3n pol\u00edtica<\/p><p>Lo que aprendemos: no todo poder cristiano act\u00faa con justicia, y no toda negativa es desobediencia.<\/p>\t\t\t\t\t\t\t\t<\/div>\n\t\t\t\t<\/div>\n\t\t\t\t\t<\/div>\n\t\t\t\t<\/div>\n\t\t<div class=\"elementor-element elementor-element-847a213 e-flex e-con-boxed e-con e-parent\" data-id=\"847a213\" data-element_type=\"container\" data-e-type=\"container\">\n\t\t\t\t\t<div class=\"e-con-inner\">\n\t\t\t\t<div class=\"elementor-element elementor-element-364914c elementor-widget elementor-widget-image\" data-id=\"364914c\" data-element_type=\"widget\" data-e-type=\"widget\" data-widget_type=\"image.default\">\n\t\t\t\t<div class=\"elementor-widget-container\">\n\t\t\t\t\t\t\t\t\t\t\t\t\t\t\t<img loading=\"lazy\" decoding=\"async\" width=\"300\" height=\"55\" src=\"https:\/\/nederlandsetempeliers.nl\/wp-content\/uploads\/guirlande-300x55.jpeg\" class=\"attachment-medium size-medium wp-image-7474\" alt=\"Guirnalda\" srcset=\"https:\/\/nederlandsetempeliers.nl\/wp-content\/uploads\/guirlande-300x55.jpeg 300w, https:\/\/nederlandsetempeliers.nl\/wp-content\/uploads\/guirlande-1024x189.jpeg 1024w, https:\/\/nederlandsetempeliers.nl\/wp-content\/uploads\/guirlande-768x142.jpeg 768w, https:\/\/nederlandsetempeliers.nl\/wp-content\/uploads\/guirlande.jpeg 1534w\" sizes=\"(max-width: 300px) 100vw, 300px\" \/>\t\t\t\t\t\t\t\t\t\t\t\t\t\t\t<\/div>\n\t\t\t\t<\/div>\n\t\t\t\t\t<\/div>\n\t\t\t\t<\/div>\n\t\t<div class=\"elementor-element elementor-element-7424cfa e-flex e-con-boxed e-con e-parent\" data-id=\"7424cfa\" data-element_type=\"container\" data-e-type=\"container\">\n\t\t\t\t\t<div class=\"e-con-inner\">\n\t\t<div class=\"elementor-element elementor-element-e31e299 e-con-full e-flex e-con e-child\" data-id=\"e31e299\" data-element_type=\"container\" data-e-type=\"container\">\n\t\t\t\t<div class=\"elementor-element elementor-element-2f3ccfc elementor-widget elementor-widget-text-editor\" data-id=\"2f3ccfc\" data-element_type=\"widget\" data-e-type=\"widget\" data-widget_type=\"text-editor.default\">\n\t\t\t\t<div class=\"elementor-widget-container\">\n\t\t\t\t\t\t\t\t\t<p>P\u00e1gina 37<br \/>Si\u00e8ge devant Nic\u00e9e, Ville Capitale des Turcs qui est en Bithanie, c\u2019est l\u00e0 o\u00f9 la plus grande partie de l\u2019arm\u00e9e s\u2019assembla, et elle \u00e9toit du nombre de 60000 hommes \u00e0 pied, et 10000 \u00e0 cheval, s\u2019en<br \/>compter femmes et enfants et voleurs, coquins, pr\u00eatres et valets. Cette Ville se d\u00e9fendit <br \/>vigoureu- sement pendant 52 jours, l\u2019Empereur Soliment junior y voulut aussi mettre une garnison de 40000 hommes mais il fut repouss\u00e9 avec\u2026<\/p>\t\t\t\t\t\t\t\t<\/div>\n\t\t\t\t<\/div>\n\t\t\t\t<\/div>\n\t\t<div class=\"elementor-element elementor-element-23e1ba2 e-con-full e-flex e-con e-child\" data-id=\"23e1ba2\" data-element_type=\"container\" data-e-type=\"container\">\n\t\t\t\t<div class=\"elementor-element elementor-element-45363bd elementor-widget elementor-widget-image\" data-id=\"45363bd\" data-element_type=\"widget\" data-e-type=\"widget\" data-widget_type=\"image.default\">\n\t\t\t\t<div class=\"elementor-widget-container\">\n\t\t\t\t\t\t\t\t\t\t\t\t\t\t\t<img loading=\"lazy\" decoding=\"async\" width=\"116\" height=\"117\" src=\"https:\/\/nederlandsetempeliers.nl\/wp-content\/uploads\/Scherm\u00adafbeelding-2026-08-19-om-07.27.18-4.png\" class=\"attachment-large size-large wp-image-12502\" alt=\"Cruz Templaria\" \/>\t\t\t\t\t\t\t\t\t\t\t\t\t\t\t<\/div>\n\t\t\t\t<\/div>\n\t\t\t\t<\/div>\n\t\t<div class=\"elementor-element elementor-element-771ecc4 e-con-full e-flex e-con e-child\" data-id=\"771ecc4\" data-element_type=\"container\" data-e-type=\"container\">\n\t\t\t\t<div class=\"elementor-element elementor-element-180a9c3 elementor-widget elementor-widget-text-editor\" data-id=\"180a9c3\" data-element_type=\"widget\" data-e-type=\"widget\" data-widget_type=\"text-editor.default\">\n\t\t\t\t<div class=\"elementor-widget-container\">\n\t\t\t\t\t\t\t\t\t<p>P\u00e1gina 37<br \/>Sitio de Nicea, capital de los turcos, situada en Bitinia.<\/p><p>All\u00ed se reuni\u00f3 la mayor parte del ej\u00e9rcito, que contaba con unos 60.000 hombres a pie y 10.000 a caballo, sin contar a las mujeres y los ni\u00f1os, ni a los ladrones, bribones, sacerdotes y sirvientes.<\/p><p>Esta ciudad se defendi\u00f3 vigorosamente durante 52 d\u00edas.<\/p><p>El emperador Solim\u00e1n el Joven quiso asimismo introducir en ella una guarnici\u00f3n de 40.000 hombres, pero fue rechazado con\u2026<\/p>\t\t\t\t\t\t\t\t<\/div>\n\t\t\t\t<\/div>\n\t\t\t\t<\/div>\n\t\t\t\t\t<\/div>\n\t\t\t\t<\/div>\n\t\t<div class=\"elementor-element elementor-element-5695c79 e-flex e-con-boxed e-con e-parent\" data-id=\"5695c79\" data-element_type=\"container\" data-e-type=\"container\">\n\t\t\t\t\t<div class=\"e-con-inner\">\n\t\t\t\t<div class=\"elementor-element elementor-element-33149eb elementor-widget elementor-widget-image\" data-id=\"33149eb\" data-element_type=\"widget\" data-e-type=\"widget\" data-widget_type=\"image.default\">\n\t\t\t\t<div class=\"elementor-widget-container\">\n\t\t\t\t\t\t\t\t\t\t\t\t\t\t\t<img loading=\"lazy\" decoding=\"async\" width=\"800\" height=\"988\" src=\"https:\/\/nederlandsetempeliers.nl\/wp-content\/uploads\/Slag-bij-Nicea-1097-4-829x1024.jpg\" class=\"attachment-large size-large wp-image-12503\" alt=\"\" srcset=\"https:\/\/nederlandsetempeliers.nl\/wp-content\/uploads\/Slag-bij-Nicea-1097-4-829x1024.jpg 829w, https:\/\/nederlandsetempeliers.nl\/wp-content\/uploads\/Slag-bij-Nicea-1097-4-243x300.jpg 243w, https:\/\/nederlandsetempeliers.nl\/wp-content\/uploads\/Slag-bij-Nicea-1097-4-768x949.jpg 768w, https:\/\/nederlandsetempeliers.nl\/wp-content\/uploads\/Slag-bij-Nicea-1097-4.jpg 1020w\" sizes=\"(max-width: 800px) 100vw, 800px\" \/>\t\t\t\t\t\t\t\t\t\t\t\t\t\t\t<\/div>\n\t\t\t\t<\/div>\n\t\t\t\t\t<\/div>\n\t\t\t\t<\/div>\n\t\t<div class=\"elementor-element elementor-element-22804f9 e-flex e-con-boxed e-con e-parent\" data-id=\"22804f9\" data-element_type=\"container\" data-e-type=\"container\">\n\t\t\t\t\t<div class=\"e-con-inner\">\n\t\t\t\t<div class=\"elementor-element elementor-element-641b641 elementor-widget elementor-widget-text-editor\" data-id=\"641b641\" data-element_type=\"widget\" data-e-type=\"widget\" data-widget_type=\"text-editor.default\">\n\t\t\t\t<div class=\"elementor-widget-container\">\n\t\t\t\t\t\t\t\t\t<pre>\ud83d\udc46\ud83c\udffb Batalla de Nicea, de mayo a junio de 1097.<\/pre>\t\t\t\t\t\t\t\t<\/div>\n\t\t\t\t<\/div>\n\t\t\t\t\t<\/div>\n\t\t\t\t<\/div>\n\t\t<div class=\"elementor-element elementor-element-32c8d8e e-flex e-con-boxed e-con e-parent\" data-id=\"32c8d8e\" data-element_type=\"container\" data-e-type=\"container\">\n\t\t\t\t\t<div class=\"e-con-inner\">\n\t\t\t\t<div class=\"elementor-element elementor-element-dde94e3 elementor-widget elementor-widget-text-editor\" data-id=\"dde94e3\" data-element_type=\"widget\" data-e-type=\"widget\" data-widget_type=\"text-editor.default\">\n\t\t\t\t<div class=\"elementor-widget-container\">\n\t\t\t\t\t\t\t\t\t<p>P\u00e1gina 37<br \/>Nicea \u2013 la actual \u0130znik \u2013 marca el verdadero comienzo de la Primera Cruzada. Nicea era la capital de los turcos sely\u00facidas. Desde 1081, la ciudad se encontraba en manos de los turcos. Para el emperador Alejo ten\u00eda, por tanto, una importancia simb\u00f3lica, estrat\u00e9gica y existencial. Nicea fue la primera gran operaci\u00f3n conjunta entre Bizancio y los cruzados occidentales: el emperador Alejo junto con Godofredo y los dem\u00e1s jefes. El ej\u00e9rcito contaba con 60.000 soldados de infanter\u00eda y 10.000 jinetes.<\/p><p>El sitio dur\u00f3 52 d\u00edas, de mayo a junio de 1097, aproximadamente siete semanas. Nicea ten\u00eda fuertes murallas, se encontraba junto a un lago y pod\u00eda ser abastecida por agua. Por eso consigui\u00f3 resistir durante tanto tiempo. El sult\u00e1n Kilij Arslan intent\u00f3 socorrer Nicea e introducir refuerzos en la ciudad, pero fracas\u00f3 y fue rechazado.<\/p><p>Esta fue la primera gran victoria de la Primera Cruzada.<\/p>\t\t\t\t\t\t\t\t<\/div>\n\t\t\t\t<\/div>\n\t\t\t\t\t<\/div>\n\t\t\t\t<\/div>\n\t\t<div class=\"elementor-element elementor-element-2bfed70 e-flex e-con-boxed e-con e-parent\" data-id=\"2bfed70\" data-element_type=\"container\" data-e-type=\"container\">\n\t\t\t\t\t<div class=\"e-con-inner\">\n\t\t\t\t<div class=\"elementor-element elementor-element-04ad492 elementor-widget elementor-widget-image\" data-id=\"04ad492\" data-element_type=\"widget\" data-e-type=\"widget\" data-widget_type=\"image.default\">\n\t\t\t\t<div class=\"elementor-widget-container\">\n\t\t\t\t\t\t\t\t\t\t\t\t\t\t\t<img loading=\"lazy\" decoding=\"async\" width=\"300\" height=\"55\" src=\"https:\/\/nederlandsetempeliers.nl\/wp-content\/uploads\/guirlande-300x55.jpeg\" class=\"attachment-medium size-medium wp-image-7474\" alt=\"Guirnalda\" srcset=\"https:\/\/nederlandsetempeliers.nl\/wp-content\/uploads\/guirlande-300x55.jpeg 300w, https:\/\/nederlandsetempeliers.nl\/wp-content\/uploads\/guirlande-1024x189.jpeg 1024w, https:\/\/nederlandsetempeliers.nl\/wp-content\/uploads\/guirlande-768x142.jpeg 768w, https:\/\/nederlandsetempeliers.nl\/wp-content\/uploads\/guirlande.jpeg 1534w\" sizes=\"(max-width: 300px) 100vw, 300px\" \/>\t\t\t\t\t\t\t\t\t\t\t\t\t\t\t<\/div>\n\t\t\t\t<\/div>\n\t\t\t\t\t<\/div>\n\t\t\t\t<\/div>\n\t\t<div class=\"elementor-element elementor-element-10e5f02 e-flex e-con-boxed e-con e-parent\" data-id=\"10e5f02\" data-element_type=\"container\" data-e-type=\"container\">\n\t\t\t\t\t<div class=\"e-con-inner\">\n\t\t<div class=\"elementor-element elementor-element-a8fdd18 e-con-full e-flex e-con e-child\" data-id=\"a8fdd18\" data-element_type=\"container\" data-e-type=\"container\">\n\t\t\t\t<div class=\"elementor-element elementor-element-cd791d4 elementor-widget elementor-widget-text-editor\" data-id=\"cd791d4\" data-element_type=\"widget\" data-e-type=\"widget\" data-widget_type=\"text-editor.default\">\n\t\t\t\t<div class=\"elementor-widget-container\">\n\t\t\t\t\t\t\t\t\t<p>P\u00e0gina 38<br \/>Vaincus par plusieurs reprises et il perdit d\u2019une attaque 4000 hommes, donc l\u2019on jetta les t\u00eates de ces Barbares dans la Ville pour effraier les habitans, apr\u00e8s avoir fait breche la Ville se rendit, et toute la garnison, mais l\u2019\u00e9pouse de Soliman et ses enfants furent mis en discretion non pas aux fran\u00e7ois, mais \u00e0 l\u2019Empereur Alexius qui s\u2019i avoit trouv\u00e9 en personne.<br \/>Apr\u00e8s la prise de la Ville de\u2026<\/p>\t\t\t\t\t\t\t\t<\/div>\n\t\t\t\t<\/div>\n\t\t\t\t<\/div>\n\t\t<div class=\"elementor-element elementor-element-afddb04 e-con-full e-flex e-con e-child\" data-id=\"afddb04\" data-element_type=\"container\" data-e-type=\"container\">\n\t\t\t\t<div class=\"elementor-element elementor-element-5c26598 elementor-widget elementor-widget-image\" data-id=\"5c26598\" data-element_type=\"widget\" data-e-type=\"widget\" data-widget_type=\"image.default\">\n\t\t\t\t<div class=\"elementor-widget-container\">\n\t\t\t\t\t\t\t\t\t\t\t\t\t\t\t<img loading=\"lazy\" decoding=\"async\" width=\"533\" height=\"643\" src=\"https:\/\/nederlandsetempeliers.nl\/wp-content\/uploads\/WhatsApp-Image-2026-08-20-at-21.09.46.jpeg\" class=\"attachment-large size-large wp-image-12627\" alt=\"veldslag bij Nicea\" srcset=\"https:\/\/nederlandsetempeliers.nl\/wp-content\/uploads\/WhatsApp-Image-2026-08-20-at-21.09.46.jpeg 533w, https:\/\/nederlandsetempeliers.nl\/wp-content\/uploads\/WhatsApp-Image-2026-08-20-at-21.09.46-249x300.jpeg 249w\" sizes=\"(max-width: 533px) 100vw, 533px\" \/>\t\t\t\t\t\t\t\t\t\t\t\t\t\t\t<\/div>\n\t\t\t\t<\/div>\n\t\t\t\t<\/div>\n\t\t<div class=\"elementor-element elementor-element-c5100a4 e-con-full e-flex e-con e-child\" data-id=\"c5100a4\" data-element_type=\"container\" data-e-type=\"container\">\n\t\t\t\t<div class=\"elementor-element elementor-element-2ebb87c elementor-widget elementor-widget-text-editor\" data-id=\"2ebb87c\" data-element_type=\"widget\" data-e-type=\"widget\" data-widget_type=\"text-editor.default\">\n\t\t\t\t<div class=\"elementor-widget-container\">\n\t\t\t\t\t\t\t\t\t<p class=\"PDq2pG_selectionAnchorContainer\" data-start=\"391\" data-end=\"405\">P\u00e1gina 38<br \/>Derrotado en varias ocasiones, perdi\u00f3 4.000 hombres en un ataque. Por ello, arrojaron las cabezas de estos b\u00e1rbaros al interior de la ciudad para atemorizar a sus habitantes. Despu\u00e9s de abrir una brecha, la ciudad se rindi\u00f3, al igual que toda la guarnici\u00f3n. Pero la esposa de Solim\u00e1n y sus hijos fueron puestos bajo la protecci\u00f3n \u2014 no de los franceses, sino del emperador Alejo, que se encontraba all\u00ed personalmente. Despu\u00e9s de la toma de la ciudad de\u2026<\/p>\t\t\t\t\t\t\t\t<\/div>\n\t\t\t\t<\/div>\n\t\t\t\t<\/div>\n\t\t\t\t\t<\/div>\n\t\t\t\t<\/div>\n\t\t<div class=\"elementor-element elementor-element-bde46f4 e-flex e-con-boxed e-con e-parent\" data-id=\"bde46f4\" data-element_type=\"container\" data-e-type=\"container\">\n\t\t\t\t\t<div class=\"e-con-inner\">\n\t\t\t\t<div class=\"elementor-element elementor-element-c3cba43 elementor-widget elementor-widget-text-editor\" data-id=\"c3cba43\" data-element_type=\"widget\" data-e-type=\"widget\" data-widget_type=\"text-editor.default\">\n\t\t\t\t<div class=\"elementor-widget-container\">\n\t\t\t\t\t\t\t\t\t<p><span style=\"color: #800000;\">\u2720 El asedio de Nicea en 1097 fue la primera gran operaci\u00f3n militar conjunta de la Primera Cruzada \u2720<\/span><br \/><span style=\"color: #800000;\">\u2720 Este asedio se explica en Batallas, dentro de la secci\u00f3n Historia \u2720<\/span><\/p>\t\t\t\t\t\t\t\t<\/div>\n\t\t\t\t<\/div>\n\t\t\t\t\t<\/div>\n\t\t\t\t<\/div>\n\t\t<div class=\"elementor-element elementor-element-bb1ae53 e-flex e-con-boxed e-con e-parent\" data-id=\"bb1ae53\" data-element_type=\"container\" data-e-type=\"container\">\n\t\t\t\t\t<div class=\"e-con-inner\">\n\t\t\t\t<div class=\"elementor-element elementor-element-4829b5e elementor-widget elementor-widget-text-editor\" data-id=\"4829b5e\" data-element_type=\"widget\" data-e-type=\"widget\" data-widget_type=\"text-editor.default\">\n\t\t\t\t<div class=\"elementor-widget-container\">\n\t\t\t\t\t\t\t\t\t<p>P\u00e1gina 38<br \/>Un punto importante de esta p\u00e1gina: la familia de Solim\u00e1n fue puesta bajo la protecci\u00f3n del emperador Alejo \u27a4 Nicea es conquistada mediante un esfuerzo militar conjunto, pero el emperador Alejo se asegura personalmente, mediante acuerdos alcanzados a puerta cerrada, de que la ciudad pase a manos de Bizancio \u2014 algo que en Europa occidental se percibe como una profunda ruptura de la confianza \u27a4 los franceses quedan excluidos, y eso basta para justificar su desconfianza.<\/p><p>Raimundo de Tolosa ve confirmada su desconfianza.<\/p>\t\t\t\t\t\t\t\t<\/div>\n\t\t\t\t<\/div>\n\t\t\t\t\t<\/div>\n\t\t\t\t<\/div>\n\t\t<div class=\"elementor-element elementor-element-5ee8e65 e-flex e-con-boxed e-con e-parent\" data-id=\"5ee8e65\" data-element_type=\"container\" data-e-type=\"container\">\n\t\t\t\t\t<div class=\"e-con-inner\">\n\t\t\t\t<div class=\"elementor-element elementor-element-7c9dc0a elementor-widget elementor-widget-image\" data-id=\"7c9dc0a\" data-element_type=\"widget\" data-e-type=\"widget\" data-widget_type=\"image.default\">\n\t\t\t\t<div class=\"elementor-widget-container\">\n\t\t\t\t\t\t\t\t\t\t\t\t\t\t\t<img loading=\"lazy\" decoding=\"async\" width=\"300\" height=\"55\" src=\"https:\/\/nederlandsetempeliers.nl\/wp-content\/uploads\/guirlande-300x55.jpeg\" class=\"attachment-medium size-medium wp-image-7474\" alt=\"Guirnalda\" srcset=\"https:\/\/nederlandsetempeliers.nl\/wp-content\/uploads\/guirlande-300x55.jpeg 300w, https:\/\/nederlandsetempeliers.nl\/wp-content\/uploads\/guirlande-1024x189.jpeg 1024w, https:\/\/nederlandsetempeliers.nl\/wp-content\/uploads\/guirlande-768x142.jpeg 768w, https:\/\/nederlandsetempeliers.nl\/wp-content\/uploads\/guirlande.jpeg 1534w\" sizes=\"(max-width: 300px) 100vw, 300px\" \/>\t\t\t\t\t\t\t\t\t\t\t\t\t\t\t<\/div>\n\t\t\t\t<\/div>\n\t\t\t\t\t<\/div>\n\t\t\t\t<\/div>\n\t\t<div class=\"elementor-element elementor-element-fdde76b e-flex e-con-boxed e-con e-parent\" data-id=\"fdde76b\" data-element_type=\"container\" data-e-type=\"container\">\n\t\t\t\t\t<div class=\"e-con-inner\">\n\t\t<div class=\"elementor-element elementor-element-17a02bd e-con-full e-flex e-con e-child\" data-id=\"17a02bd\" data-element_type=\"container\" data-e-type=\"container\">\n\t\t\t\t<div class=\"elementor-element elementor-element-e6f35f1 elementor-widget elementor-widget-text-editor\" data-id=\"e6f35f1\" data-element_type=\"widget\" data-e-type=\"widget\" data-widget_type=\"text-editor.default\">\n\t\t\t\t<div class=\"elementor-widget-container\">\n\t\t\t\t\t\t\t\t\t<p>P\u00e1gina 39<br \/>Nis\u00e9e ils continu\u00e8rent leur route du c\u00f4t\u00e9 de la Syrie, mais comme l\u2019arm\u00e9e \u00e9toit trop grande ils furent oblig\u00e9 de se s\u00e9parer en deux Corps d\u2019arm\u00e9e,<br \/>l\u2019un command\u00e9 Goffroi et l\u2019autre Boemundus qui soutenoient la droite et l\u2019autre la gauche en chemin Boemund dus fut attaqu\u00e9 des turcs, dans la vall\u00e9e de Gorgonie et comme les turcs \u00e9toient plus<br \/>puissant en Cavaleries que l\u2019arm\u00e9e de la Croisade ils<\/p>\t\t\t\t\t\t\t\t<\/div>\n\t\t\t\t<\/div>\n\t\t\t\t<\/div>\n\t\t<div class=\"elementor-element elementor-element-7b4858a e-con-full e-flex e-con e-child\" data-id=\"7b4858a\" data-element_type=\"container\" data-e-type=\"container\">\n\t\t\t\t<div class=\"elementor-element elementor-element-be59c26 elementor-widget elementor-widget-image\" data-id=\"be59c26\" data-element_type=\"widget\" data-e-type=\"widget\" data-widget_type=\"image.default\">\n\t\t\t\t<div class=\"elementor-widget-container\">\n\t\t\t\t\t\t\t\t\t\t\t\t\t\t\t<img loading=\"lazy\" decoding=\"async\" width=\"166\" height=\"236\" src=\"https:\/\/nederlandsetempeliers.nl\/wp-content\/uploads\/2-Tempeliersruiters-4.jpeg\" class=\"attachment-large size-large wp-image-12723\" alt=\"2 jinetes templarios\" \/>\t\t\t\t\t\t\t\t\t\t\t\t\t\t\t<\/div>\n\t\t\t\t<\/div>\n\t\t\t\t<\/div>\n\t\t<div class=\"elementor-element elementor-element-7f53e75 e-con-full e-flex e-con e-child\" data-id=\"7f53e75\" data-element_type=\"container\" data-e-type=\"container\">\n\t\t\t\t<div class=\"elementor-element elementor-element-d3c46c3 elementor-widget elementor-widget-text-editor\" data-id=\"d3c46c3\" data-element_type=\"widget\" data-e-type=\"widget\" data-widget_type=\"text-editor.default\">\n\t\t\t\t<div class=\"elementor-widget-container\">\n\t\t\t\t\t\t\t\t\t<p>P\u00e1gina 39.<br \/>Despu\u00e9s de Nicea, continuaron su camino en direcci\u00f3n a Siria. Pero como el ej\u00e9rcito era demasiado grande, se vieron obligados a dividirse en dos cuerpos de ej\u00e9rcito: uno bajo el mando de Godofredo y el otro bajo el de Bohemundo, manteni\u00e9ndose uno en el lado derecho de la marcha y el otro en el izquierdo. Durante el camino, Bohemundo fue atacado por los turcos en el valle de Gorgonie. Y como los turcos eran superiores en caballer\u00eda al ej\u00e9rcito de la Cruzada, ellos\u2026<\/p>\t\t\t\t\t\t\t\t<\/div>\n\t\t\t\t<\/div>\n\t\t\t\t<\/div>\n\t\t\t\t\t<\/div>\n\t\t\t\t<\/div>\n\t\t<div class=\"elementor-element elementor-element-6832da3 e-flex e-con-boxed e-con e-parent\" data-id=\"6832da3\" data-element_type=\"container\" data-e-type=\"container\">\n\t\t\t\t\t<div class=\"e-con-inner\">\n\t\t\t\t<div class=\"elementor-element elementor-element-11774ff elementor-widget elementor-widget-text-editor\" data-id=\"11774ff\" data-element_type=\"widget\" data-e-type=\"widget\" data-widget_type=\"text-editor.default\">\n\t\t\t\t<div class=\"elementor-widget-container\">\n\t\t\t\t\t\t\t\t\t<p>P\u00e1gina 39.<br \/>Nis\u00e9e = Nicea (graf\u00eda antigua)<br \/>Boemundus = Bohemundo de Tarento<br \/>Gorgonie = Dorilea (nombre anticuado\/confundido en este manuscrito)<\/p><p>Nicea queda atr\u00e1s. La alianza con el emperador Alejo llega a su fin; \u00e9l regresa. Los cruzados contin\u00faan por su cuenta, en direcci\u00f3n a Siria, hacia Jerusal\u00e9n.<br \/>El ej\u00e9rcito se divide debido a su gran tama\u00f1o. Se trata de una necesidad militar: necesidad y orden. Una fuerza queda bajo el mando de Godofredo: organizador, sustentador y estabilizador. La otra queda bajo el mando de Bohemundo: ofensivo, militarmente astuto y acostumbrado a combatir contra los turcos. Bohemundo marcha en cabeza y es atacado por los turcos\/sely\u00facidas, con su r\u00e1pida caballer\u00eda, sus maniobras de cerco, sus t\u00e1cticas de ataque y retirada (hit-and-run) y su destreza.<\/p>\t\t\t\t\t\t\t\t<\/div>\n\t\t\t\t<\/div>\n\t\t\t\t\t<\/div>\n\t\t\t\t<\/div>\n\t\t<div class=\"elementor-element elementor-element-836fb1d e-flex e-con-boxed e-con e-parent\" data-id=\"836fb1d\" data-element_type=\"container\" data-e-type=\"container\">\n\t\t\t\t\t<div class=\"e-con-inner\">\n\t\t\t\t<div class=\"elementor-element elementor-element-29254af elementor-widget elementor-widget-image\" data-id=\"29254af\" data-element_type=\"widget\" data-e-type=\"widget\" data-widget_type=\"image.default\">\n\t\t\t\t<div class=\"elementor-widget-container\">\n\t\t\t\t\t\t\t\t\t\t\t\t\t\t\t<img loading=\"lazy\" decoding=\"async\" width=\"300\" height=\"55\" src=\"https:\/\/nederlandsetempeliers.nl\/wp-content\/uploads\/guirlande-300x55.jpeg\" class=\"attachment-medium size-medium wp-image-7474\" alt=\"Guirnalda\" srcset=\"https:\/\/nederlandsetempeliers.nl\/wp-content\/uploads\/guirlande-300x55.jpeg 300w, https:\/\/nederlandsetempeliers.nl\/wp-content\/uploads\/guirlande-1024x189.jpeg 1024w, https:\/\/nederlandsetempeliers.nl\/wp-content\/uploads\/guirlande-768x142.jpeg 768w, https:\/\/nederlandsetempeliers.nl\/wp-content\/uploads\/guirlande.jpeg 1534w\" sizes=\"(max-width: 300px) 100vw, 300px\" \/>\t\t\t\t\t\t\t\t\t\t\t\t\t\t\t<\/div>\n\t\t\t\t<\/div>\n\t\t\t\t\t<\/div>\n\t\t\t\t<\/div>\n\t\t\t\t<\/div>\n\t\t","protected":false},"excerpt":{"rendered":"<p>sin orden Cuando a\u00fan no exist\u00eda ni orden ni Regla\u2026 Este peque\u00f1o cuaderno de caligraf\u00eda, escrito a comienzos del siglo XVIII, mira hacia la Primera Cruzada.Un tiempo en el que [&hellip;]<\/p>\n","protected":false},"author":4,"featured_media":0,"parent":0,"menu_order":0,"comment_status":"closed","ping_status":"closed","template":"","meta":{"footnotes":""},"class_list":["post-7475","page","type-page","status-publish","hentry"],"yoast_head":"<!-- This site is optimized with the Yoast SEO plugin v28.3 - https:\/\/yoast.com\/product\/yoast-seo-wordpress\/ -->\n<title>sin orden - Nederlandse Tempeliers<\/title>\n<meta name=\"robots\" content=\"index, follow, max-snippet:-1, max-image-preview:large, max-video-preview:-1\" \/>\n<link rel=\"canonical\" href=\"https:\/\/nederlandsetempeliers.nl\/es\/sin-orden\/\" \/>\n<meta property=\"og:locale\" content=\"es_ES\" \/>\n<meta property=\"og:type\" content=\"article\" \/>\n<meta property=\"og:title\" content=\"sin orden - Nederlandse Tempeliers\" \/>\n<meta property=\"og:description\" content=\"sin orden Cuando a\u00fan no exist\u00eda ni orden ni Regla\u2026 Este peque\u00f1o cuaderno de caligraf\u00eda, escrito a comienzos del siglo XVIII, mira hacia la Primera Cruzada.Un tiempo en el que [&hellip;]\" \/>\n<meta property=\"og:url\" content=\"https:\/\/nederlandsetempeliers.nl\/es\/sin-orden\/\" \/>\n<meta property=\"og:site_name\" content=\"Nederlandse Tempeliers\" \/>\n<meta property=\"article:modified_time\" content=\"2026-08-27T19:58:05+00:00\" \/>\n<meta property=\"og:image\" content=\"https:\/\/nederlandsetempeliers.nl\/wp-content\/uploads\/Pieter-de-Kluizenaar.jpeg\" \/>\n<meta name=\"twitter:card\" content=\"summary_large_image\" \/>\n<meta name=\"twitter:label1\" content=\"Tiempo de lectura\" \/>\n\t<meta name=\"twitter:data1\" content=\"70 minutos\" \/>\n<script type=\"application\/ld+json\" class=\"yoast-schema-graph\">{\"@context\":\"https:\\\/\\\/schema.org\",\"@graph\":[{\"@type\":\"WebPage\",\"@id\":\"https:\\\/\\\/nederlandsetempeliers.nl\\\/es\\\/sin-orden\\\/\",\"url\":\"https:\\\/\\\/nederlandsetempeliers.nl\\\/es\\\/sin-orden\\\/\",\"name\":\"sin orden - Nederlandse Tempeliers\",\"isPartOf\":{\"@id\":\"https:\\\/\\\/nederlandsetempeliers.nl\\\/es\\\/#website\"},\"primaryImageOfPage\":{\"@id\":\"https:\\\/\\\/nederlandsetempeliers.nl\\\/es\\\/sin-orden\\\/#primaryimage\"},\"image\":{\"@id\":\"https:\\\/\\\/nederlandsetempeliers.nl\\\/es\\\/sin-orden\\\/#primaryimage\"},\"thumbnailUrl\":\"https:\\\/\\\/nederlandsetempeliers.nl\\\/wp-content\\\/uploads\\\/Pieter-de-Kluizenaar.jpeg\",\"datePublished\":\"2026-04-10T19:40:10+00:00\",\"dateModified\":\"2026-08-27T19:58:05+00:00\",\"breadcrumb\":{\"@id\":\"https:\\\/\\\/nederlandsetempeliers.nl\\\/es\\\/sin-orden\\\/#breadcrumb\"},\"inLanguage\":\"es\",\"potentialAction\":[{\"@type\":\"ReadAction\",\"target\":[\"https:\\\/\\\/nederlandsetempeliers.nl\\\/es\\\/sin-orden\\\/\"]}]},{\"@type\":\"ImageObject\",\"inLanguage\":\"es\",\"@id\":\"https:\\\/\\\/nederlandsetempeliers.nl\\\/es\\\/sin-orden\\\/#primaryimage\",\"url\":\"https:\\\/\\\/nederlandsetempeliers.nl\\\/wp-content\\\/uploads\\\/Pieter-de-Kluizenaar.jpeg\",\"contentUrl\":\"https:\\\/\\\/nederlandsetempeliers.nl\\\/wp-content\\\/uploads\\\/Pieter-de-Kluizenaar.jpeg\"},{\"@type\":\"BreadcrumbList\",\"@id\":\"https:\\\/\\\/nederlandsetempeliers.nl\\\/es\\\/sin-orden\\\/#breadcrumb\",\"itemListElement\":[{\"@type\":\"ListItem\",\"position\":1,\"name\":\"Home\",\"item\":\"https:\\\/\\\/nederlandsetempeliers.nl\\\/es\\\/\"},{\"@type\":\"ListItem\",\"position\":2,\"name\":\"sin orden\"}]},{\"@type\":\"WebSite\",\"@id\":\"https:\\\/\\\/nederlandsetempeliers.nl\\\/es\\\/#website\",\"url\":\"https:\\\/\\\/nederlandsetempeliers.nl\\\/es\\\/\",\"name\":\"Nederlandse Tempeliers\",\"description\":\"The Black Knights Templars of Solomon\",\"publisher\":{\"@id\":\"https:\\\/\\\/nederlandsetempeliers.nl\\\/es\\\/#organization\"},\"potentialAction\":[{\"@type\":\"SearchAction\",\"target\":{\"@type\":\"EntryPoint\",\"urlTemplate\":\"https:\\\/\\\/nederlandsetempeliers.nl\\\/es\\\/?s={search_term_string}\"},\"query-input\":{\"@type\":\"PropertyValueSpecification\",\"valueRequired\":true,\"valueName\":\"search_term_string\"}}],\"inLanguage\":\"es\"},{\"@type\":\"Organization\",\"@id\":\"https:\\\/\\\/nederlandsetempeliers.nl\\\/es\\\/#organization\",\"name\":\"Nederlandse Tempeliers\",\"url\":\"https:\\\/\\\/nederlandsetempeliers.nl\\\/es\\\/\",\"logo\":{\"@type\":\"ImageObject\",\"inLanguage\":\"es\",\"@id\":\"https:\\\/\\\/nederlandsetempeliers.nl\\\/es\\\/#\\\/schema\\\/logo\\\/image\\\/\",\"url\":\"https:\\\/\\\/nederlandsetempeliers.nl\\\/wp-content\\\/uploads\\\/Dutch-order-v2.png\",\"contentUrl\":\"https:\\\/\\\/nederlandsetempeliers.nl\\\/wp-content\\\/uploads\\\/Dutch-order-v2.png\",\"width\":687,\"height\":686,\"caption\":\"Nederlandse Tempeliers\"},\"image\":{\"@id\":\"https:\\\/\\\/nederlandsetempeliers.nl\\\/es\\\/#\\\/schema\\\/logo\\\/image\\\/\"}}]}<\/script>\n<!-- \/ Yoast SEO plugin. -->","yoast_head_json":{"title":"sin orden - Nederlandse Tempeliers","robots":{"index":"index","follow":"follow","max-snippet":"max-snippet:-1","max-image-preview":"max-image-preview:large","max-video-preview":"max-video-preview:-1"},"canonical":"https:\/\/nederlandsetempeliers.nl\/es\/sin-orden\/","og_locale":"es_ES","og_type":"article","og_title":"sin orden - Nederlandse Tempeliers","og_description":"sin orden Cuando a\u00fan no exist\u00eda ni orden ni Regla\u2026 Este peque\u00f1o cuaderno de caligraf\u00eda, escrito a comienzos del siglo XVIII, mira hacia la Primera Cruzada.Un tiempo en el que [&hellip;]","og_url":"https:\/\/nederlandsetempeliers.nl\/es\/sin-orden\/","og_site_name":"Nederlandse Tempeliers","article_modified_time":"2026-08-27T19:58:05+00:00","og_image":[{"url":"https:\/\/nederlandsetempeliers.nl\/wp-content\/uploads\/Pieter-de-Kluizenaar.jpeg","type":"","width":"","height":""}],"twitter_card":"summary_large_image","twitter_misc":{"Tiempo de lectura":"70 minutos"},"schema":{"@context":"https:\/\/schema.org","@graph":[{"@type":"WebPage","@id":"https:\/\/nederlandsetempeliers.nl\/es\/sin-orden\/","url":"https:\/\/nederlandsetempeliers.nl\/es\/sin-orden\/","name":"sin orden - Nederlandse Tempeliers","isPartOf":{"@id":"https:\/\/nederlandsetempeliers.nl\/es\/#website"},"primaryImageOfPage":{"@id":"https:\/\/nederlandsetempeliers.nl\/es\/sin-orden\/#primaryimage"},"image":{"@id":"https:\/\/nederlandsetempeliers.nl\/es\/sin-orden\/#primaryimage"},"thumbnailUrl":"https:\/\/nederlandsetempeliers.nl\/wp-content\/uploads\/Pieter-de-Kluizenaar.jpeg","datePublished":"2026-04-10T19:40:10+00:00","dateModified":"2026-08-27T19:58:05+00:00","breadcrumb":{"@id":"https:\/\/nederlandsetempeliers.nl\/es\/sin-orden\/#breadcrumb"},"inLanguage":"es","potentialAction":[{"@type":"ReadAction","target":["https:\/\/nederlandsetempeliers.nl\/es\/sin-orden\/"]}]},{"@type":"ImageObject","inLanguage":"es","@id":"https:\/\/nederlandsetempeliers.nl\/es\/sin-orden\/#primaryimage","url":"https:\/\/nederlandsetempeliers.nl\/wp-content\/uploads\/Pieter-de-Kluizenaar.jpeg","contentUrl":"https:\/\/nederlandsetempeliers.nl\/wp-content\/uploads\/Pieter-de-Kluizenaar.jpeg"},{"@type":"BreadcrumbList","@id":"https:\/\/nederlandsetempeliers.nl\/es\/sin-orden\/#breadcrumb","itemListElement":[{"@type":"ListItem","position":1,"name":"Home","item":"https:\/\/nederlandsetempeliers.nl\/es\/"},{"@type":"ListItem","position":2,"name":"sin orden"}]},{"@type":"WebSite","@id":"https:\/\/nederlandsetempeliers.nl\/es\/#website","url":"https:\/\/nederlandsetempeliers.nl\/es\/","name":"Nederlandse Tempeliers","description":"The Black Knights Templars of Solomon","publisher":{"@id":"https:\/\/nederlandsetempeliers.nl\/es\/#organization"},"potentialAction":[{"@type":"SearchAction","target":{"@type":"EntryPoint","urlTemplate":"https:\/\/nederlandsetempeliers.nl\/es\/?s={search_term_string}"},"query-input":{"@type":"PropertyValueSpecification","valueRequired":true,"valueName":"search_term_string"}}],"inLanguage":"es"},{"@type":"Organization","@id":"https:\/\/nederlandsetempeliers.nl\/es\/#organization","name":"Nederlandse Tempeliers","url":"https:\/\/nederlandsetempeliers.nl\/es\/","logo":{"@type":"ImageObject","inLanguage":"es","@id":"https:\/\/nederlandsetempeliers.nl\/es\/#\/schema\/logo\/image\/","url":"https:\/\/nederlandsetempeliers.nl\/wp-content\/uploads\/Dutch-order-v2.png","contentUrl":"https:\/\/nederlandsetempeliers.nl\/wp-content\/uploads\/Dutch-order-v2.png","width":687,"height":686,"caption":"Nederlandse Tempeliers"},"image":{"@id":"https:\/\/nederlandsetempeliers.nl\/es\/#\/schema\/logo\/image\/"}}]}},"_links":{"self":[{"href":"https:\/\/nederlandsetempeliers.nl\/es\/wp-json\/wp\/v2\/pages\/7475","targetHints":{"allow":["GET"]}}],"collection":[{"href":"https:\/\/nederlandsetempeliers.nl\/es\/wp-json\/wp\/v2\/pages"}],"about":[{"href":"https:\/\/nederlandsetempeliers.nl\/es\/wp-json\/wp\/v2\/types\/page"}],"author":[{"embeddable":true,"href":"https:\/\/nederlandsetempeliers.nl\/es\/wp-json\/wp\/v2\/users\/4"}],"replies":[{"embeddable":true,"href":"https:\/\/nederlandsetempeliers.nl\/es\/wp-json\/wp\/v2\/comments?post=7475"}],"version-history":[{"count":73,"href":"https:\/\/nederlandsetempeliers.nl\/es\/wp-json\/wp\/v2\/pages\/7475\/revisions"}],"predecessor-version":[{"id":12727,"href":"https:\/\/nederlandsetempeliers.nl\/es\/wp-json\/wp\/v2\/pages\/7475\/revisions\/12727"}],"wp:attachment":[{"href":"https:\/\/nederlandsetempeliers.nl\/es\/wp-json\/wp\/v2\/media?parent=7475"}],"curies":[{"name":"wp","href":"https:\/\/api.w.org\/{rel}","templated":true}]}}