{"id":12605,"date":"2026-08-21T06:50:17","date_gmt":"2026-08-21T04:50:17","guid":{"rendered":"https:\/\/nederlandsetempeliers.nl\/bataille-de-nicee\/"},"modified":"2026-08-21T22:10:50","modified_gmt":"2026-08-21T20:10:50","slug":"bataille-de-nicee","status":"publish","type":"page","link":"https:\/\/nederlandsetempeliers.nl\/fr\/bataille-de-nicee\/","title":{"rendered":"Bataille de Nic\u00e9e"},"content":{"rendered":"\t\t<div data-elementor-type=\"wp-page\" data-elementor-id=\"12605\" class=\"elementor elementor-12605 elementor-12519\" data-elementor-post-type=\"page\">\n\t\t\t\t<div class=\"elementor-element elementor-element-2bf55ce e-flex e-con-boxed e-con e-parent\" data-id=\"2bf55ce\" data-element_type=\"container\" data-e-type=\"container\">\n\t\t\t\t\t<div class=\"e-con-inner\">\n\t\t\t\t<div class=\"elementor-element elementor-element-26187b6 elementor-widget elementor-widget-image\" data-id=\"26187b6\" data-element_type=\"widget\" data-e-type=\"widget\" data-widget_type=\"image.default\">\n\t\t\t\t<div class=\"elementor-widget-container\">\n\t\t\t\t\t\t\t\t\t\t\t\t\t\t\t<img fetchpriority=\"high\" decoding=\"async\" width=\"800\" height=\"450\" src=\"https:\/\/nederlandsetempeliers.nl\/wp-content\/uploads\/header-slag-bij-Nicea-1024x576.jpeg\" class=\"attachment-large size-large wp-image-12596\" alt=\"header Si\u00e8ge de Nic\u00e9e\" srcset=\"https:\/\/nederlandsetempeliers.nl\/wp-content\/uploads\/header-slag-bij-Nicea-1024x576.jpeg 1024w, https:\/\/nederlandsetempeliers.nl\/wp-content\/uploads\/header-slag-bij-Nicea-300x169.jpeg 300w, https:\/\/nederlandsetempeliers.nl\/wp-content\/uploads\/header-slag-bij-Nicea-768x432.jpeg 768w, https:\/\/nederlandsetempeliers.nl\/wp-content\/uploads\/header-slag-bij-Nicea.jpeg 1280w\" sizes=\"(max-width: 800px) 100vw, 800px\" \/>\t\t\t\t\t\t\t\t\t\t\t\t\t\t\t<\/div>\n\t\t\t\t<\/div>\n\t\t\t\t<div class=\"elementor-element elementor-element-5fe1517 elementor-widget elementor-widget-heading\" data-id=\"5fe1517\" data-element_type=\"widget\" data-e-type=\"widget\" data-widget_type=\"heading.default\">\n\t\t\t\t<div class=\"elementor-widget-container\">\n\t\t\t\t\t<h2 class=\"elementor-heading-title elementor-size-default\">Bataille de Nic\u00e9e<\/h2>\t\t\t\t<\/div>\n\t\t\t\t<\/div>\n\t\t\t\t<div class=\"elementor-element elementor-element-d6aafdd elementor-widget elementor-widget-text-editor\" data-id=\"d6aafdd\" data-element_type=\"widget\" data-e-type=\"widget\" data-widget_type=\"text-editor.default\">\n\t\t\t\t<div class=\"elementor-widget-container\">\n\t\t\t\t\t\t\t\t\t<p> <\/p><p>Bataille de Nic\u00e9e, de mai \u00e0 juin 1097<\/p><p>Il serait en r\u00e9alit\u00e9 plus juste de parler ici d\u2019un si\u00e8ge plut\u00f4t que d\u2019une bataille.<br\/>La diff\u00e9rence entre un si\u00e8ge et une bataille est la suivante :<br\/>Une bataille est un affrontement important entre deux arm\u00e9es ou forces militaires, g\u00e9n\u00e9ralement sur ou autour d\u2019un terrain d\u00e9termin\u00e9. Pensez \u00e0 Doryl\u00e9e : deux arm\u00e9es se rencontrent et tentent de se vaincre militairement.<br\/>Un si\u00e8ge est diff\u00e9rent : une arm\u00e9e encercle alors une place fortifi\u00e9e \u2014 une ville, un ch\u00e2teau ou une forteresse \u2014 dans le but de la contraindre \u00e0 se rendre ou de s\u2019en emparer. Cela peut se faire en coupant l\u2019approvisionnement en nourriture, en endommageant les murailles, en lan\u00e7ant des attaques, en creusant des tunnels, etc. Nic\u00e9e en est un bon exemple.<br\/><\/p><p>Autrement dit : Doryl\u00e9e, le 1er juillet 1097, fut en r\u00e9alit\u00e9 la premi\u00e8re grande bataille en terrain ouvert. Dans l\u2019ensemble, Nic\u00e9e fut la premi\u00e8re grande op\u00e9ration militaire, qui se solda \u00e9galement par une victoire importante.<br\/>Petite parenth\u00e8se : mai + juin \u00e0 Nic\u00e9e \u2013 1er juillet \u00e0 Doryl\u00e9e\u2026 145 km \u2013 avec tout l\u2019\u00e9quipement = pas vraiment une semaine de bien-\u00eatre non plus\u2026..<br\/><\/p><p>Revenons au si\u00e8ge de Nic\u00e9e.<br\/>Nic\u00e9e, l\u2019actuelle \u0130znik en Turquie, \u00e9tait en 1097 la capitale du sultanat seldjoukide de Roum et se trouvait en Bithynie, en Asie Mineure. La ville avait autrefois appartenu \u00e0 l\u2019Empire byzantin et rev\u00eatait donc une grande importance pour l\u2019empereur Alexis Ier de Byzance. Pour lui, la reconqu\u00eate de Nic\u00e9e n\u2019\u00e9tait pas seulement importante sur le plan strat\u00e9gique : elle signifiait \u00e9galement la r\u00e9cup\u00e9ration d\u2019un ancien territoire byzantin.<br\/>Lorsque les arm\u00e9es de la Premi\u00e8re Croisade atteignirent Constantinople, une coop\u00e9ration difficile s\u2019instaura entre les crois\u00e9s et l\u2019empereur Alexis. Les chefs crois\u00e9s durent promettre que les territoires qui avaient autrefois appartenu \u00e0 Byzance et qui seraient reconquis au cours de la croisade seraient replac\u00e9s sous l\u2019autorit\u00e9 byzantine.<br\/><\/p><p>Nic\u00e9e devint alors le premier grand objectif commun.<br\/>La majeure partie de l\u2019arm\u00e9e crois\u00e9e se rassembla devant la ville. Selon l\u2019ancienne source utilis\u00e9e dans le feuilleton, l\u2019arm\u00e9e comptait environ 60 000 hommes \u00e0 pied et 10 000 cavaliers, sans compter les femmes, les enfants, les pr\u00eatres, les serviteurs et les autres personnes qui les accompagnaient. <br\/><\/p>\t\t\t\t\t\t\t\t<\/div>\n\t\t\t\t<\/div>\n\t\t\t\t\t<\/div>\n\t\t\t\t<\/div>\n\t\t<div class=\"elementor-element elementor-element-f6ed607 e-con-full e-flex e-con e-parent\" data-id=\"f6ed607\" data-element_type=\"container\" data-e-type=\"container\">\n\t\t<div class=\"elementor-element elementor-element-6eedeb9 e-con-full e-flex e-con e-child\" data-id=\"6eedeb9\" data-element_type=\"container\" data-e-type=\"container\">\n\t\t\t\t<div class=\"elementor-element elementor-element-89b4e3a elementor-widget elementor-widget-image\" data-id=\"89b4e3a\" data-element_type=\"widget\" data-e-type=\"widget\" data-widget_type=\"image.default\">\n\t\t\t\t<div class=\"elementor-widget-container\">\n\t\t\t\t\t\t\t\t\t\t\t\t\t\t\t<img decoding=\"async\" width=\"800\" height=\"606\" src=\"https:\/\/nederlandsetempeliers.nl\/wp-content\/uploads\/kaart-Byzantie.jpeg\" class=\"attachment-large size-large wp-image-12597\" alt=\"Carte de l\u2019Empire byzantin\" srcset=\"https:\/\/nederlandsetempeliers.nl\/wp-content\/uploads\/kaart-Byzantie.jpeg 816w, https:\/\/nederlandsetempeliers.nl\/wp-content\/uploads\/kaart-Byzantie-300x227.jpeg 300w, https:\/\/nederlandsetempeliers.nl\/wp-content\/uploads\/kaart-Byzantie-768x582.jpeg 768w\" sizes=\"(max-width: 800px) 100vw, 800px\" \/>\t\t\t\t\t\t\t\t\t\t\t\t\t\t\t<\/div>\n\t\t\t\t<\/div>\n\t\t\t\t<\/div>\n\t\t<div class=\"elementor-element elementor-element-365ddbf e-con-full e-flex e-con e-child\" data-id=\"365ddbf\" data-element_type=\"container\" data-e-type=\"container\">\n\t\t\t\t<div class=\"elementor-element elementor-element-317487c elementor-widget elementor-widget-image\" data-id=\"317487c\" data-element_type=\"widget\" data-e-type=\"widget\" data-widget_type=\"image.default\">\n\t\t\t\t<div class=\"elementor-widget-container\">\n\t\t\t\t\t\t\t\t\t\t\t\t\t\t\t<img decoding=\"async\" width=\"754\" height=\"689\" src=\"https:\/\/nederlandsetempeliers.nl\/wp-content\/uploads\/detail-kaart-Byzanie.jpeg\" class=\"attachment-large size-large wp-image-12598\" alt=\"Carte d\u00e9taill\u00e9e de l\u2019Empire byzantin\" srcset=\"https:\/\/nederlandsetempeliers.nl\/wp-content\/uploads\/detail-kaart-Byzanie.jpeg 754w, https:\/\/nederlandsetempeliers.nl\/wp-content\/uploads\/detail-kaart-Byzanie-300x274.jpeg 300w\" sizes=\"(max-width: 754px) 100vw, 754px\" \/>\t\t\t\t\t\t\t\t\t\t\t\t\t\t\t<\/div>\n\t\t\t\t<\/div>\n\t\t\t\t<\/div>\n\t\t\t\t<\/div>\n\t\t<div class=\"elementor-element elementor-element-30b7baa e-con-full e-flex e-con e-parent\" data-id=\"30b7baa\" data-element_type=\"container\" data-e-type=\"container\">\n\t\t<div class=\"elementor-element elementor-element-89b7990 e-con-full e-flex e-con e-child\" data-id=\"89b7990\" data-element_type=\"container\" data-e-type=\"container\">\n\t\t\t\t<div class=\"elementor-element elementor-element-9ecfd63 elementor-widget elementor-widget-image\" data-id=\"9ecfd63\" data-element_type=\"widget\" data-e-type=\"widget\" data-widget_type=\"image.default\">\n\t\t\t\t<div class=\"elementor-widget-container\">\n\t\t\t\t\t\t\t\t\t\t\t\t\t\t\t<img loading=\"lazy\" decoding=\"async\" width=\"675\" height=\"891\" src=\"https:\/\/nederlandsetempeliers.nl\/wp-content\/uploads\/the-siege-of-niceae-and-the-turkish-attack-of-16-may-1097-from-victory-in-the-east-by-j-france.png\" class=\"attachment-large size-large wp-image-12599\" alt=\"Si\u00e8ge de Nic\u00e9e\" srcset=\"https:\/\/nederlandsetempeliers.nl\/wp-content\/uploads\/the-siege-of-niceae-and-the-turkish-attack-of-16-may-1097-from-victory-in-the-east-by-j-france.png 675w, https:\/\/nederlandsetempeliers.nl\/wp-content\/uploads\/the-siege-of-niceae-and-the-turkish-attack-of-16-may-1097-from-victory-in-the-east-by-j-france-227x300.png 227w\" sizes=\"(max-width: 675px) 100vw, 675px\" \/>\t\t\t\t\t\t\t\t\t\t\t\t\t\t\t<\/div>\n\t\t\t\t<\/div>\n\t\t\t\t<\/div>\n\t\t<div class=\"elementor-element elementor-element-af076d9 e-con-full e-flex e-con e-child\" data-id=\"af076d9\" data-element_type=\"container\" data-e-type=\"container\">\n\t\t\t\t<div class=\"elementor-element elementor-element-09a6290 elementor-widget elementor-widget-image\" data-id=\"09a6290\" data-element_type=\"widget\" data-e-type=\"widget\" data-widget_type=\"image.default\">\n\t\t\t\t<div class=\"elementor-widget-container\">\n\t\t\t\t\t\t\t\t\t\t\t\t\t\t\t<img loading=\"lazy\" decoding=\"async\" width=\"760\" height=\"414\" src=\"https:\/\/nederlandsetempeliers.nl\/wp-content\/uploads\/Nicea-civitas.jpeg\" class=\"attachment-large size-large wp-image-12600\" alt=\"\" srcset=\"https:\/\/nederlandsetempeliers.nl\/wp-content\/uploads\/Nicea-civitas.jpeg 760w, https:\/\/nederlandsetempeliers.nl\/wp-content\/uploads\/Nicea-civitas-300x163.jpeg 300w\" sizes=\"(max-width: 760px) 100vw, 760px\" \/>\t\t\t\t\t\t\t\t\t\t\t\t\t\t\t<\/div>\n\t\t\t\t<\/div>\n\t\t\t\t<\/div>\n\t\t\t\t<\/div>\n\t\t<div class=\"elementor-element elementor-element-a7ce6d1 e-flex e-con-boxed e-con e-parent\" data-id=\"a7ce6d1\" data-element_type=\"container\" data-e-type=\"container\">\n\t\t\t\t\t<div class=\"e-con-inner\">\n\t\t\t\t<div class=\"elementor-element elementor-element-5f3945d elementor-widget elementor-widget-text-editor\" data-id=\"5f3945d\" data-element_type=\"widget\" data-e-type=\"widget\" data-widget_type=\"text-editor.default\">\n\t\t\t\t<div class=\"elementor-widget-container\">\n\t\t\t\t\t\t\t\t\t<p>Le si\u00e8ge dura 52 jours, de mai \u00e0 juin 1097.<\/p><p>Nic\u00e9e \u00e9tait difficile \u00e0 prendre. La ville poss\u00e9dait de solides murailles d\u00e9fensives et se trouvait au bord d\u2019un lac. Elle pouvait encore \u00eatre ravitaill\u00e9e par voie d\u2019eau, ce qui permit aux d\u00e9fenseurs de r\u00e9sister longtemps.<\/p><p>Le sultan Kilij Arslan tenta de secourir Nic\u00e9e. Il marcha vers la ville avec ses troupes et affronta les crois\u00e9s \u00e0 l\u2019ext\u00e9rieur des murailles. Sa tentative \u00e9choua et il fut repouss\u00e9.<br\/>Apr\u00e8s cela, les t\u00eates tranch\u00e9es de combattants turcs tu\u00e9s furent expos\u00e9es bien en vue et, selon les sources relatives aux croisades, \u00e9galement lanc\u00e9es par-dessus les murailles de Nic\u00e9e. Les crois\u00e9s voulaient ainsi montrer aux d\u00e9fenseurs que l\u2019arm\u00e9e de secours avait \u00e9t\u00e9 vaincue et les effrayer.<br\/>(voir l\u2019image d\u2019en-t\u00eate et l\u2019explication en bas de page)<br\/><\/p>\t\t\t\t\t\t\t\t<\/div>\n\t\t\t\t<\/div>\n\t\t\t\t\t<\/div>\n\t\t\t\t<\/div>\n\t\t<div class=\"elementor-element elementor-element-ea9ac6b e-con-full e-flex e-con e-parent\" data-id=\"ea9ac6b\" data-element_type=\"container\" data-e-type=\"container\">\n\t\t<div class=\"elementor-element elementor-element-7b24599 e-con-full e-flex e-con e-child\" data-id=\"7b24599\" data-element_type=\"container\" data-e-type=\"container\">\n\t\t\t\t<div class=\"elementor-element elementor-element-8640084 elementor-widget elementor-widget-image\" data-id=\"8640084\" data-element_type=\"widget\" data-e-type=\"widget\" data-widget_type=\"image.default\">\n\t\t\t\t<div class=\"elementor-widget-container\">\n\t\t\t\t\t\t\t\t\t\t\t\t\t\t\t<img loading=\"lazy\" decoding=\"async\" width=\"317\" height=\"550\" src=\"https:\/\/nederlandsetempeliers.nl\/wp-content\/uploads\/Scherm\u00adafbeelding-2026-08-20-om-19.56.20.png\" class=\"attachment-large size-large wp-image-12601\" alt=\"Empereur Alexis Ier\" srcset=\"https:\/\/nederlandsetempeliers.nl\/wp-content\/uploads\/Scherm\u00adafbeelding-2026-08-20-om-19.56.20.png 317w, https:\/\/nederlandsetempeliers.nl\/wp-content\/uploads\/Scherm\u00adafbeelding-2026-08-20-om-19.56.20-173x300.png 173w\" sizes=\"(max-width: 317px) 100vw, 317px\" \/>\t\t\t\t\t\t\t\t\t\t\t\t\t\t\t<\/div>\n\t\t\t\t<\/div>\n\t\t\t\t<\/div>\n\t\t<div class=\"elementor-element elementor-element-300ec1c e-con-full e-flex e-con e-child\" data-id=\"300ec1c\" data-element_type=\"container\" data-e-type=\"container\">\n\t\t\t\t<div class=\"elementor-element elementor-element-6861430 elementor-widget elementor-widget-text-editor\" data-id=\"6861430\" data-element_type=\"widget\" data-e-type=\"widget\" data-widget_type=\"text-editor.default\">\n\t\t\t\t<div class=\"elementor-widget-container\">\n\t\t\t\t\t\t\t\t\t<p>La ville est prise sous le nez des crois\u00e9s<\/p><p>\ud83d\udc48\ud83c\udffb Pendant ce temps, l\u2019empereur Alexis jouait cependant son propre jeu \u00e9go\u00efste.<br\/>Les crois\u00e9s assi\u00e9geaient Nic\u00e9e depuis la terre ferme, mais la ville pouvait encore \u00eatre ravitaill\u00e9e par le lac. Alexis fit donc transporter des navires byzantins par voie terrestre jusqu\u2019au lac. Lorsque ces navires apparurent sur l\u2019eau, la derni\u00e8re voie de ravitaillement fut elle aussi coup\u00e9e. <br\/><\/p>\t\t\t\t\t\t\t\t<\/div>\n\t\t\t\t<\/div>\n\t\t\t\t<\/div>\n\t\t\t\t<\/div>\n\t\t<div class=\"elementor-element elementor-element-e591bc9 e-flex e-con-boxed e-con e-parent\" data-id=\"e591bc9\" data-element_type=\"container\" data-e-type=\"container\">\n\t\t\t\t\t<div class=\"e-con-inner\">\n\t\t\t\t<div class=\"elementor-element elementor-element-6aad670 elementor-widget elementor-widget-text-editor\" data-id=\"6aad670\" data-element_type=\"widget\" data-e-type=\"widget\" data-widget_type=\"text-editor.default\">\n\t\t\t\t<div class=\"elementor-widget-container\">\n\t\t\t\t\t\t\t\t\t<p>Dans le m\u00eame temps, Alexis fit secr\u00e8tement n\u00e9gocier avec les d\u00e9fenseurs turcs de Nic\u00e9e.<br\/>Son repr\u00e9sentant, Manuel Boutoumit\u00e8s, leur proposa des conditions favorables s\u2019ils remettaient la ville non pas aux crois\u00e9s, mais directement aux Byzantins. Ils obtinrent une protection et des promesses furent faites quant \u00e0 la mani\u00e8re dont ils seraient trait\u00e9s.<br\/>Pour les d\u00e9fenseurs, cette proposition \u00e9tait attrayante. Si les crois\u00e9s prenaient la ville par la force, pillages et effusion de sang pouvaient s\u2019ensuivre. Se rendre \u00e0 Byzance offrait une issue beaucoup plus s\u00fbre.<br\/>Les Byzantins et les d\u00e9fenseurs conclurent donc un accord s\u00e9par\u00e9.<br\/>Le matin o\u00f9 les crois\u00e9s lanc\u00e8rent une nouvelle attaque contre les murailles, ils d\u00e9couvrirent soudain que les troupes byzantines avaient d\u00e9j\u00e0 pris possession de la ville. Les \u00e9tendards imp\u00e9riaux byzantins apparurent sur les murailles.<br\/>Nic\u00e9e \u00e9tait tomb\u00e9e \u2014 mais pas entre les mains des crois\u00e9s. <br\/><\/p>\t\t\t\t\t\t\t\t<\/div>\n\t\t\t\t<\/div>\n\t\t\t\t\t<\/div>\n\t\t\t\t<\/div>\n\t\t<div class=\"elementor-element elementor-element-1561bf2 e-flex e-con-boxed e-con e-parent\" data-id=\"1561bf2\" data-element_type=\"container\" data-e-type=\"container\">\n\t\t\t\t\t<div class=\"e-con-inner\">\n\t\t\t\t<div class=\"elementor-element elementor-element-3bc11bc elementor-widget elementor-widget-image\" data-id=\"3bc11bc\" data-element_type=\"widget\" data-e-type=\"widget\" data-widget_type=\"image.default\">\n\t\t\t\t<div class=\"elementor-widget-container\">\n\t\t\t\t\t\t\t\t\t\t\t\t\t\t\t<img loading=\"lazy\" decoding=\"async\" width=\"800\" height=\"988\" src=\"https:\/\/nederlandsetempeliers.nl\/wp-content\/uploads\/Slag-bij-Nicea-1097-5-829x1024.jpg\" class=\"attachment-large size-large wp-image-12602\" alt=\"\" srcset=\"https:\/\/nederlandsetempeliers.nl\/wp-content\/uploads\/Slag-bij-Nicea-1097-5-829x1024.jpg 829w, https:\/\/nederlandsetempeliers.nl\/wp-content\/uploads\/Slag-bij-Nicea-1097-5-243x300.jpg 243w, https:\/\/nederlandsetempeliers.nl\/wp-content\/uploads\/Slag-bij-Nicea-1097-5-768x949.jpg 768w, https:\/\/nederlandsetempeliers.nl\/wp-content\/uploads\/Slag-bij-Nicea-1097-5.jpg 1020w\" sizes=\"(max-width: 800px) 100vw, 800px\" \/>\t\t\t\t\t\t\t\t\t\t\t\t\t\t\t<\/div>\n\t\t\t\t<\/div>\n\t\t\t\t\t<\/div>\n\t\t\t\t<\/div>\n\t\t<div class=\"elementor-element elementor-element-876a79a e-con-full e-flex e-con e-parent\" data-id=\"876a79a\" data-element_type=\"container\" data-e-type=\"container\">\n\t\t\t\t<div class=\"elementor-element elementor-element-3a3707b elementor-widget__width-initial elementor-widget elementor-widget-text-editor\" data-id=\"3a3707b\" data-element_type=\"widget\" data-e-type=\"widget\" data-widget_type=\"text-editor.default\">\n\t\t\t\t<div class=\"elementor-widget-container\">\n\t\t\t\t\t\t\t\t\t<pre> \ud83d\udc46\ud83c\udffb La bataille de Nic\u00e9e en 1097, par Gustave Dor\u00e9, 1877<br>Et cette procession c\u00e9leste au-dessus du champ de bataille est typique de Dor\u00e9 : une sc\u00e8ne presque visionnaire et religieuse.<br>Une puissance c\u00e9leste lumineuse \u2014 tout \u00e0 l\u2019avant se trouve un cavalier arm\u00e9 portant un bouclier, avec cet immense crucifix dress\u00e9 tr\u00e8s haut au-dessus de lui. Derri\u00e8re lui suivent des dizaines de figures lumineuses.<br\/>Il ne s\u2019agit donc pas seulement d\u2019un ange \u2014 Dor\u00e9 en fait v\u00e9ritablement une arm\u00e9e c\u00e9leste de crois\u00e9s.<br\/> <br>Le contraste est en r\u00e9alit\u00e9 brillant : en bas, les crois\u00e9s terrestres plong\u00e9s dans leur terrible combat terrestre \u2014 morts, chevaux, armes, chaos.<br\/>Au-dessus d\u2019eux se trouve leur pendant c\u00e9leste : la bataille est plac\u00e9e sous le signe de la Croix et la victoire est confirm\u00e9e depuis le ciel. <br\/><\/pre>\t\t\t\t\t\t\t\t<\/div>\n\t\t\t\t<\/div>\n\t\t\t\t<\/div>\n\t\t<div class=\"elementor-element elementor-element-90e610c e-flex e-con-boxed e-con e-parent\" data-id=\"90e610c\" data-element_type=\"container\" data-e-type=\"container\">\n\t\t\t\t\t<div class=\"e-con-inner\">\n\t\t\t\t<div class=\"elementor-element elementor-element-49cec31 elementor-widget elementor-widget-text-editor\" data-id=\"49cec31\" data-element_type=\"widget\" data-e-type=\"widget\" data-widget_type=\"text-editor.default\">\n\t\t\t\t<div class=\"elementor-widget-container\">\n\t\t\t\t\t\t\t\t\t<p>Les crois\u00e9s avaient combattu pendant des semaines et subi des pertes, mais ils n\u2019eurent pas la possibilit\u00e9 d\u2019entrer eux-m\u00eames dans la ville et de la piller. Pour eux, c\u2019\u00e9tait comme si Alexis leur avait arrach\u00e9 la victoire sous le nez au tout dernier moment.<br>Du point de vue byzantin, la situation \u00e9tait toutefois diff\u00e9rente. Nic\u00e9e avait autrefois \u00e9t\u00e9 un territoire byzantin et les chefs crois\u00e9s avaient promis de restituer de tels territoires \u00e0 Alexis.<br\/>De plus, cet accord \u00e9vita probablement un assaut sanglant contre la ville.<br\/><br>C\u2019est pr\u00e9cis\u00e9ment ici que l\u2019on voit \u00e0 quel point les int\u00e9r\u00eats des deux alli\u00e9s \u00e9taient diff\u00e9rents. Ils combattaient le m\u00eame ennemi, mais pas exactement pour les m\u00eames raisons.<br>L\u2019\u00e9pouse et les enfants du sultan Kilij Arslan tomb\u00e8rent \u00e9galement aux mains des Byzantins et furent prot\u00e9g\u00e9s. Ils ne furent pas livr\u00e9s aux crois\u00e9s.<br>La prise de Nic\u00e9e devint ainsi la premi\u00e8re grande victoire de la Premi\u00e8re Croisade.<br>Le si\u00e8ge montre en m\u00eame temps \u00e0 quel point la coop\u00e9ration entre Byzance et les crois\u00e9s occidentaux \u00e9tait complexe. \u00c0 ce moment-l\u00e0, ils combattaient le m\u00eame ennemi, mais leurs int\u00e9r\u00eats n\u2019\u00e9taient pas enti\u00e8rement identiques. Les crois\u00e9s voulaient poursuivre leur voyage vers la Terre sainte ; l\u2019empereur Alexis voulait avant tout r\u00e9cup\u00e9rer les anciens territoires byzantins.<\/p><p>Le cahier de calligraphie de 1705 constitue lui aussi une source int\u00e9ressante pour cet \u00e9pisode. Aux pages 35 \u00e0 38 est d\u00e9crit le si\u00e8ge de Nic\u00e9e. La transcription, la traduction et l\u2019explication de ces pages sont \u00e0 retrouver dans le feuilleton publi\u00e9 sur le site.<br\/>Nic\u00e9e ne fut donc pas seulement une victoire militaire, mais \u00e9galement une premi\u00e8re v\u00e9ritable mise \u00e0 l\u2019\u00e9preuve de la coop\u00e9ration entre l\u2019Orient et l\u2019Occident pendant la Premi\u00e8re Croisade.<br\/>Elle montre \u00e9galement comment la diplomatie, la politique, les n\u00e9gociations et l\u2019int\u00e9r\u00eat personnel (ici celui de l\u2019empereur Alexis) jou\u00e8rent d\u00e8s le d\u00e9but un r\u00f4le important au sein de la Premi\u00e8re Croisade.<br\/>Voir la fiche &lt; Sans l\u2019Ordre&gt;<\/p>\t\t\t\t\t\t\t\t<\/div>\n\t\t\t\t<\/div>\n\t\t\t\t\t<\/div>\n\t\t\t\t<\/div>\n\t\t<div class=\"elementor-element elementor-element-bf1fb64 e-flex e-con-boxed e-con e-parent\" data-id=\"bf1fb64\" data-element_type=\"container\" data-e-type=\"container\">\n\t\t\t\t\t<div class=\"e-con-inner\">\n\t\t\t\t<div class=\"elementor-element elementor-element-ff2a759 elementor-widget elementor-widget-image\" data-id=\"ff2a759\" data-element_type=\"widget\" data-e-type=\"widget\" data-widget_type=\"image.default\">\n\t\t\t\t<div class=\"elementor-widget-container\">\n\t\t\t\t\t\t\t\t\t\t\t\t\t\t\t<img loading=\"lazy\" decoding=\"async\" width=\"800\" height=\"600\" src=\"https:\/\/nederlandsetempeliers.nl\/wp-content\/uploads\/schoonschrift-schriftje-uit-1705-1024x768.jpeg\" class=\"attachment-large size-large wp-image-12603\" alt=\"Cahier de calligraphie de 1705\" srcset=\"https:\/\/nederlandsetempeliers.nl\/wp-content\/uploads\/schoonschrift-schriftje-uit-1705-1024x768.jpeg 1024w, https:\/\/nederlandsetempeliers.nl\/wp-content\/uploads\/schoonschrift-schriftje-uit-1705-300x225.jpeg 300w, https:\/\/nederlandsetempeliers.nl\/wp-content\/uploads\/schoonschrift-schriftje-uit-1705-768x576.jpeg 768w, https:\/\/nederlandsetempeliers.nl\/wp-content\/uploads\/schoonschrift-schriftje-uit-1705-1536x1152.jpeg 1536w, https:\/\/nederlandsetempeliers.nl\/wp-content\/uploads\/schoonschrift-schriftje-uit-1705.jpeg 1600w\" sizes=\"(max-width: 800px) 100vw, 800px\" \/>\t\t\t\t\t\t\t\t\t\t\t\t\t\t\t<\/div>\n\t\t\t\t<\/div>\n\t\t\t\t\t<\/div>\n\t\t\t\t<\/div>\n\t\t<div class=\"elementor-element elementor-element-956a8f3 e-flex e-con-boxed e-con e-parent\" data-id=\"956a8f3\" data-element_type=\"container\" data-e-type=\"container\">\n\t\t\t\t\t<div class=\"e-con-inner\">\n\t\t\t\t<div class=\"elementor-element elementor-element-c32d538 elementor-widget elementor-widget-text-editor\" data-id=\"c32d538\" data-element_type=\"widget\" data-e-type=\"widget\" data-widget_type=\"text-editor.default\">\n\t\t\t\t<div class=\"elementor-widget-container\">\n\t\t\t\t\t\t\t\t\t<p>Apr\u00e8s Nic\u00e9e, ils poursuivirent leur route en direction de la Syrie, vers Doryl\u00e9e.<\/p><p>Un aper\u00e7u de la bataille de Doryl\u00e9e, de son importance et de l\u2019enseignement essentiel qu\u2019elle apporta :<\/p><p>Apr\u00e8s Nic\u00e9e, les crois\u00e9s avanc\u00e8rent plus profond\u00e9ment en Anatolie. L\u2019arm\u00e9e progressait en plusieurs colonnes et, \u00e0 Doryl\u00e9e, ce fut principalement le groupe de t\u00eate \u2014 comprenant notamment Boh\u00e9mond \u2014 qui se heurta aux Seldjoukides de Kilij Arslan.<\/p><p>Ceux-ci attaquaient rapidement et avec une grande mobilit\u00e9, notamment \u00e0 l\u2019aide d\u2019archers \u00e0 cheval. Pour les chevaliers et fantassins d\u2019Europe occidentale, c\u2019\u00e9tait une mani\u00e8re de faire la guerre tr\u00e8s diff\u00e9rente de celle \u00e0 laquelle ils \u00e9taient habitu\u00e9s.<\/p><p>Les crois\u00e9s furent d\u2019abord soumis \u00e0 une tr\u00e8s forte pression. Ils \u00e9tablirent une position d\u00e9fensive autour de leur camp et durent tenir pendant plusieurs heures.<\/p><p>Et c\u2019est pr\u00e9cis\u00e9ment cela qui est important : ils ne c\u00e9d\u00e8rent pas. Ils maintinrent leurs lignes suffisamment resserr\u00e9es pour ne pas \u00eatre compl\u00e8tement disloqu\u00e9s.<\/p><p>Puis d\u2019autres contingents crois\u00e9s \u2014 notamment ceux de Godefroy et de Raymond \u2014 atteignirent le champ de bataille. La situation changea alors.<br\/>Les Seldjoukides ne se retrouv\u00e8rent soudain plus face \u00e0 un seul groupe isol\u00e9, mais devant une force r\u00e9unie beaucoup plus importante. Ils furent finalement repouss\u00e9s.<br\/>Pourquoi Doryl\u00e9e fut importante :<br\/>\u2022ce fut la premi\u00e8re grande bataille en terrain ouvert de la Premi\u00e8re Croisade ; <br\/>\u2022les crois\u00e9s prouv\u00e8rent qu\u2019ils \u00e9taient capables non seulement d\u2019assi\u00e9ger des villes, mais aussi de r\u00e9sister \u00e0 un ennemi mobile en terrain d\u00e9couvert ; <br\/>\u2022la bataille leur donna \u00e9norm\u00e9ment de confiance ; <br\/>\u2022apr\u00e8s Doryl\u00e9e, la route \u00e0 travers l\u2019Anatolie \u00e9tait beaucoup plus ouverte. <br\/>Et cette bataille contient \u00e9galement une belle le\u00e7on militaire : ils ne gagn\u00e8rent pas parce que tout s\u2019\u00e9tait parfaitement d\u00e9roul\u00e9. Bien au contraire.<br\/>L\u2019avant-garde se trouva d\u2019abord en s\u00e9rieuse difficult\u00e9. Ils finirent par gagner parce qu\u2019ils tinrent bon jusqu\u2019\u00e0 l\u2019arriv\u00e9e des renforts.<br\/>Vous pourrez lire cela en d\u00e9tail dans la bataille de Doryl\u00e9e. <br\/><\/p><p>En r\u00e9sum\u00e9 :<br\/>Nic\u00e9e = premi\u00e8re grande op\u00e9ration militaire chr\u00e9tienne commune et premi\u00e8re grande victoire<br\/>Doryl\u00e9e = premi\u00e8re grande bataille en terrain ouvert<br\/><\/p>\t\t\t\t\t\t\t\t<\/div>\n\t\t\t\t<\/div>\n\t\t\t\t\t<\/div>\n\t\t\t\t<\/div>\n\t\t<div class=\"elementor-element elementor-element-ebfe9d4 e-flex e-con-boxed e-con e-parent\" data-id=\"ebfe9d4\" data-element_type=\"container\" data-e-type=\"container\">\n\t\t\t\t\t<div class=\"e-con-inner\">\n\t\t<div class=\"elementor-element elementor-element-41344a3 e-con-full e-flex e-con e-child\" data-id=\"41344a3\" data-element_type=\"container\" data-e-type=\"container\">\n\t\t\t\t<div class=\"elementor-element elementor-element-550f709 elementor-widget elementor-widget-image\" data-id=\"550f709\" data-element_type=\"widget\" data-e-type=\"widget\" data-widget_type=\"image.default\">\n\t\t\t\t<div class=\"elementor-widget-container\">\n\t\t\t\t\t\t\t\t\t\t\t\t\t\t\t<img loading=\"lazy\" decoding=\"async\" width=\"593\" height=\"806\" src=\"https:\/\/nederlandsetempeliers.nl\/wp-content\/uploads\/afgehakte-hoofden-.jpeg\" class=\"attachment-large size-large wp-image-12604\" alt=\"Miniature du si\u00e8ge de Nic\u00e9e\" srcset=\"https:\/\/nederlandsetempeliers.nl\/wp-content\/uploads\/afgehakte-hoofden-.jpeg 593w, https:\/\/nederlandsetempeliers.nl\/wp-content\/uploads\/afgehakte-hoofden--221x300.jpeg 221w\" sizes=\"(max-width: 593px) 100vw, 593px\" \/>\t\t\t\t\t\t\t\t\t\t\t\t\t\t\t<\/div>\n\t\t\t\t<\/div>\n\t\t\t\t<\/div>\n\t\t<div class=\"elementor-element elementor-element-b992c7b e-con-full e-flex e-con e-child\" data-id=\"b992c7b\" data-element_type=\"container\" data-e-type=\"container\">\n\t\t\t\t<div class=\"elementor-element elementor-element-c84c7f5 elementor-widget elementor-widget-text-editor\" data-id=\"c84c7f5\" data-element_type=\"widget\" data-e-type=\"widget\" data-widget_type=\"text-editor.default\">\n\t\t\t\t<div class=\"elementor-widget-container\">\n\t\t\t\t\t\t\t\t\t<p>\ud83d\udc48\ud83c\udffb Le si\u00e8ge de Nic\u00e9e et le lancement de t\u00eates tranch\u00e9es<\/p><p>Cette miniature fut r\u00e9alis\u00e9e au XIIIe si\u00e8cle par un enlumineur anonyme, comme illustration de la tradition en ancien fran\u00e7ais de la chronique de Guillaume de Tyr.<\/p><p>Guillaume de Tyr \u00e9tait le c\u00e9l\u00e8bre chroniqueur et archev\u00eaque de Tyr. Il fut \u00e9troitement li\u00e9 \u00e0 Baudouin IV, le roi l\u00e9preux de J\u00e9rusalem, notamment en tant que pr\u00e9cepteur durant sa jeunesse. <\/p><p>Au-dessus, il est \u00e9crit :<br\/>Mout furent en grant volente trestuit des estraines de leur guerre bien emploier; et mout desirroient si hautement emprendre leur premier fet que toutes autres genz les en doutassent.<br\/>Traduction en fran\u00e7ais moderne :<br\/>Les crois\u00e9s voulaient, d\u00e8s leur premi\u00e8re action militaire commune, agir avec une telle force et produire une impression si grande que les autres peuples \u00e9prouveraient d\u00e9sormais \u00e0 leur \u00e9gard respect et crainte.<br\/><\/p>\t\t\t\t\t\t\t\t<\/div>\n\t\t\t\t<\/div>\n\t\t\t\t<\/div>\n\t\t\t\t\t<\/div>\n\t\t\t\t<\/div>\n\t\t<div class=\"elementor-element elementor-element-ce41610 e-flex e-con-boxed e-con e-parent\" data-id=\"ce41610\" data-element_type=\"container\" data-e-type=\"container\">\n\t\t\t\t\t<div class=\"e-con-inner\">\n\t\t\t\t<div class=\"elementor-element elementor-element-c964676 elementor-widget elementor-widget-text-editor\" data-id=\"c964676\" data-element_type=\"widget\" data-e-type=\"widget\" data-widget_type=\"text-editor.default\">\n\t\t\t\t<div class=\"elementor-widget-container\">\n\t\t\t\t\t\t\t\t\t<p>En dessous, il est \u00e9crit :<br\/>De la cite de Nique sachiez quele fu desouz larceveschie de Nicomede; mes li Empereres Costantins la fist oster du pooir a cel arcevesque et fu exemte por enneur de ce que li primerains des quatre granz conciles avoit iluec sis.<br\/>Traduction en fran\u00e7ais moderne :<br\/>Quant \u00e0 la ville de Nic\u00e9e, sachez qu\u2019elle relevait de l\u2019archev\u00each\u00e9 de Nicom\u00e9die. Mais l\u2019empereur Constantin la retira de l\u2019autorit\u00e9 de cet archev\u00eaque et lui accorda un statut particulier, en l\u2019honneur du fait que le premier des quatre grands conciles s\u2019y \u00e9tait tenu.<br\/>Guillaume de Tyr poursuit ensuite avec le concile de Nic\u00e9e, Arius et les 318 responsables eccl\u00e9siastiques qui s\u2019y r\u00e9unirent.<br\/>Pour lui, Nic\u00e9e n\u2019\u00e9tait donc pas seulement importante sur le plan militaire ; il interrompt un instant le r\u00e9cit de la guerre afin d\u2019expliquer l\u2019histoire chr\u00e9tienne de la ville. <br\/><\/p>\t\t\t\t\t\t\t\t<\/div>\n\t\t\t\t<\/div>\n\t\t\t\t\t<\/div>\n\t\t\t\t<\/div>\n\t\t\t\t<\/div>\n\t\t","protected":false},"excerpt":{"rendered":"<p>Bataille de Nic\u00e9e Bataille de Nic\u00e9e, de mai \u00e0 juin 1097 Il serait en r\u00e9alit\u00e9 plus juste de parler ici d\u2019un si\u00e8ge plut\u00f4t que d\u2019une bataille.La diff\u00e9rence entre un si\u00e8ge [&hellip;]<\/p>\n","protected":false},"author":4,"featured_media":0,"parent":0,"menu_order":0,"comment_status":"closed","ping_status":"closed","template":"","meta":{"footnotes":""},"class_list":["post-12605","page","type-page","status-publish","hentry"],"yoast_head":"<!-- This site is optimized with the Yoast SEO plugin v28.3 - https:\/\/yoast.com\/product\/yoast-seo-wordpress\/ -->\n<title>Bataille de Nic\u00e9e - Nederlandse Tempeliers<\/title>\n<meta name=\"robots\" content=\"index, follow, max-snippet:-1, max-image-preview:large, max-video-preview:-1\" \/>\n<link rel=\"canonical\" href=\"https:\/\/nederlandsetempeliers.nl\/fr\/bataille-de-nicee\/\" \/>\n<meta property=\"og:locale\" content=\"fr_FR\" \/>\n<meta property=\"og:type\" content=\"article\" \/>\n<meta property=\"og:title\" content=\"Bataille de Nic\u00e9e - Nederlandse Tempeliers\" \/>\n<meta property=\"og:description\" content=\"Bataille de Nic\u00e9e Bataille de Nic\u00e9e, de mai \u00e0 juin 1097 Il serait en r\u00e9alit\u00e9 plus juste de parler ici d\u2019un si\u00e8ge plut\u00f4t que d\u2019une bataille.La diff\u00e9rence entre un si\u00e8ge [&hellip;]\" \/>\n<meta property=\"og:url\" content=\"https:\/\/nederlandsetempeliers.nl\/fr\/bataille-de-nicee\/\" \/>\n<meta property=\"og:site_name\" content=\"Nederlandse Tempeliers\" \/>\n<meta property=\"article:modified_time\" content=\"2026-08-21T20:10:50+00:00\" \/>\n<meta property=\"og:image\" content=\"https:\/\/nederlandsetempeliers.nl\/wp-content\/uploads\/header-slag-bij-Nicea.jpeg\" \/>\n\t<meta property=\"og:image:width\" content=\"1280\" \/>\n\t<meta property=\"og:image:height\" content=\"720\" \/>\n\t<meta property=\"og:image:type\" content=\"image\/jpeg\" \/>\n<meta name=\"twitter:card\" content=\"summary_large_image\" \/>\n<meta name=\"twitter:label1\" content=\"Dur\u00e9e de lecture estim\u00e9e\" \/>\n\t<meta name=\"twitter:data1\" content=\"10 minutes\" \/>\n<script type=\"application\/ld+json\" class=\"yoast-schema-graph\">{\"@context\":\"https:\\\/\\\/schema.org\",\"@graph\":[{\"@type\":\"WebPage\",\"@id\":\"https:\\\/\\\/nederlandsetempeliers.nl\\\/fr\\\/bataille-de-nicee\\\/\",\"url\":\"https:\\\/\\\/nederlandsetempeliers.nl\\\/fr\\\/bataille-de-nicee\\\/\",\"name\":\"Bataille de Nic\u00e9e - Nederlandse Tempeliers\",\"isPartOf\":{\"@id\":\"https:\\\/\\\/nederlandsetempeliers.nl\\\/fr\\\/#website\"},\"primaryImageOfPage\":{\"@id\":\"https:\\\/\\\/nederlandsetempeliers.nl\\\/fr\\\/bataille-de-nicee\\\/#primaryimage\"},\"image\":{\"@id\":\"https:\\\/\\\/nederlandsetempeliers.nl\\\/fr\\\/bataille-de-nicee\\\/#primaryimage\"},\"thumbnailUrl\":\"https:\\\/\\\/nederlandsetempeliers.nl\\\/wp-content\\\/uploads\\\/header-slag-bij-Nicea-1024x576.jpeg\",\"datePublished\":\"2026-08-21T04:50:17+00:00\",\"dateModified\":\"2026-08-21T20:10:50+00:00\",\"breadcrumb\":{\"@id\":\"https:\\\/\\\/nederlandsetempeliers.nl\\\/fr\\\/bataille-de-nicee\\\/#breadcrumb\"},\"inLanguage\":\"fr-FR\",\"potentialAction\":[{\"@type\":\"ReadAction\",\"target\":[\"https:\\\/\\\/nederlandsetempeliers.nl\\\/fr\\\/bataille-de-nicee\\\/\"]}]},{\"@type\":\"ImageObject\",\"inLanguage\":\"fr-FR\",\"@id\":\"https:\\\/\\\/nederlandsetempeliers.nl\\\/fr\\\/bataille-de-nicee\\\/#primaryimage\",\"url\":\"https:\\\/\\\/nederlandsetempeliers.nl\\\/wp-content\\\/uploads\\\/header-slag-bij-Nicea-1024x576.jpeg\",\"contentUrl\":\"https:\\\/\\\/nederlandsetempeliers.nl\\\/wp-content\\\/uploads\\\/header-slag-bij-Nicea-1024x576.jpeg\"},{\"@type\":\"BreadcrumbList\",\"@id\":\"https:\\\/\\\/nederlandsetempeliers.nl\\\/fr\\\/bataille-de-nicee\\\/#breadcrumb\",\"itemListElement\":[{\"@type\":\"ListItem\",\"position\":1,\"name\":\"Home\",\"item\":\"https:\\\/\\\/nederlandsetempeliers.nl\\\/fr\\\/\"},{\"@type\":\"ListItem\",\"position\":2,\"name\":\"Bataille de Nic\u00e9e\"}]},{\"@type\":\"WebSite\",\"@id\":\"https:\\\/\\\/nederlandsetempeliers.nl\\\/fr\\\/#website\",\"url\":\"https:\\\/\\\/nederlandsetempeliers.nl\\\/fr\\\/\",\"name\":\"Nederlandse Tempeliers\",\"description\":\"The Black Knights Templars of Solomon\",\"publisher\":{\"@id\":\"https:\\\/\\\/nederlandsetempeliers.nl\\\/fr\\\/#organization\"},\"potentialAction\":[{\"@type\":\"SearchAction\",\"target\":{\"@type\":\"EntryPoint\",\"urlTemplate\":\"https:\\\/\\\/nederlandsetempeliers.nl\\\/fr\\\/?s={search_term_string}\"},\"query-input\":{\"@type\":\"PropertyValueSpecification\",\"valueRequired\":true,\"valueName\":\"search_term_string\"}}],\"inLanguage\":\"fr-FR\"},{\"@type\":\"Organization\",\"@id\":\"https:\\\/\\\/nederlandsetempeliers.nl\\\/fr\\\/#organization\",\"name\":\"Nederlandse Tempeliers\",\"url\":\"https:\\\/\\\/nederlandsetempeliers.nl\\\/fr\\\/\",\"logo\":{\"@type\":\"ImageObject\",\"inLanguage\":\"fr-FR\",\"@id\":\"https:\\\/\\\/nederlandsetempeliers.nl\\\/fr\\\/#\\\/schema\\\/logo\\\/image\\\/\",\"url\":\"https:\\\/\\\/nederlandsetempeliers.nl\\\/wp-content\\\/uploads\\\/Dutch-order-v2.png\",\"contentUrl\":\"https:\\\/\\\/nederlandsetempeliers.nl\\\/wp-content\\\/uploads\\\/Dutch-order-v2.png\",\"width\":687,\"height\":686,\"caption\":\"Nederlandse Tempeliers\"},\"image\":{\"@id\":\"https:\\\/\\\/nederlandsetempeliers.nl\\\/fr\\\/#\\\/schema\\\/logo\\\/image\\\/\"}}]}<\/script>\n<!-- \/ Yoast SEO plugin. -->","yoast_head_json":{"title":"Bataille de Nic\u00e9e - Nederlandse Tempeliers","robots":{"index":"index","follow":"follow","max-snippet":"max-snippet:-1","max-image-preview":"max-image-preview:large","max-video-preview":"max-video-preview:-1"},"canonical":"https:\/\/nederlandsetempeliers.nl\/fr\/bataille-de-nicee\/","og_locale":"fr_FR","og_type":"article","og_title":"Bataille de Nic\u00e9e - Nederlandse Tempeliers","og_description":"Bataille de Nic\u00e9e Bataille de Nic\u00e9e, de mai \u00e0 juin 1097 Il serait en r\u00e9alit\u00e9 plus juste de parler ici d\u2019un si\u00e8ge plut\u00f4t que d\u2019une bataille.La diff\u00e9rence entre un si\u00e8ge [&hellip;]","og_url":"https:\/\/nederlandsetempeliers.nl\/fr\/bataille-de-nicee\/","og_site_name":"Nederlandse Tempeliers","article_modified_time":"2026-08-21T20:10:50+00:00","og_image":[{"width":1280,"height":720,"url":"https:\/\/nederlandsetempeliers.nl\/wp-content\/uploads\/header-slag-bij-Nicea.jpeg","type":"image\/jpeg"}],"twitter_card":"summary_large_image","twitter_misc":{"Dur\u00e9e de lecture estim\u00e9e":"10 minutes"},"schema":{"@context":"https:\/\/schema.org","@graph":[{"@type":"WebPage","@id":"https:\/\/nederlandsetempeliers.nl\/fr\/bataille-de-nicee\/","url":"https:\/\/nederlandsetempeliers.nl\/fr\/bataille-de-nicee\/","name":"Bataille de Nic\u00e9e - Nederlandse Tempeliers","isPartOf":{"@id":"https:\/\/nederlandsetempeliers.nl\/fr\/#website"},"primaryImageOfPage":{"@id":"https:\/\/nederlandsetempeliers.nl\/fr\/bataille-de-nicee\/#primaryimage"},"image":{"@id":"https:\/\/nederlandsetempeliers.nl\/fr\/bataille-de-nicee\/#primaryimage"},"thumbnailUrl":"https:\/\/nederlandsetempeliers.nl\/wp-content\/uploads\/header-slag-bij-Nicea-1024x576.jpeg","datePublished":"2026-08-21T04:50:17+00:00","dateModified":"2026-08-21T20:10:50+00:00","breadcrumb":{"@id":"https:\/\/nederlandsetempeliers.nl\/fr\/bataille-de-nicee\/#breadcrumb"},"inLanguage":"fr-FR","potentialAction":[{"@type":"ReadAction","target":["https:\/\/nederlandsetempeliers.nl\/fr\/bataille-de-nicee\/"]}]},{"@type":"ImageObject","inLanguage":"fr-FR","@id":"https:\/\/nederlandsetempeliers.nl\/fr\/bataille-de-nicee\/#primaryimage","url":"https:\/\/nederlandsetempeliers.nl\/wp-content\/uploads\/header-slag-bij-Nicea-1024x576.jpeg","contentUrl":"https:\/\/nederlandsetempeliers.nl\/wp-content\/uploads\/header-slag-bij-Nicea-1024x576.jpeg"},{"@type":"BreadcrumbList","@id":"https:\/\/nederlandsetempeliers.nl\/fr\/bataille-de-nicee\/#breadcrumb","itemListElement":[{"@type":"ListItem","position":1,"name":"Home","item":"https:\/\/nederlandsetempeliers.nl\/fr\/"},{"@type":"ListItem","position":2,"name":"Bataille de Nic\u00e9e"}]},{"@type":"WebSite","@id":"https:\/\/nederlandsetempeliers.nl\/fr\/#website","url":"https:\/\/nederlandsetempeliers.nl\/fr\/","name":"Nederlandse Tempeliers","description":"The Black Knights Templars of Solomon","publisher":{"@id":"https:\/\/nederlandsetempeliers.nl\/fr\/#organization"},"potentialAction":[{"@type":"SearchAction","target":{"@type":"EntryPoint","urlTemplate":"https:\/\/nederlandsetempeliers.nl\/fr\/?s={search_term_string}"},"query-input":{"@type":"PropertyValueSpecification","valueRequired":true,"valueName":"search_term_string"}}],"inLanguage":"fr-FR"},{"@type":"Organization","@id":"https:\/\/nederlandsetempeliers.nl\/fr\/#organization","name":"Nederlandse Tempeliers","url":"https:\/\/nederlandsetempeliers.nl\/fr\/","logo":{"@type":"ImageObject","inLanguage":"fr-FR","@id":"https:\/\/nederlandsetempeliers.nl\/fr\/#\/schema\/logo\/image\/","url":"https:\/\/nederlandsetempeliers.nl\/wp-content\/uploads\/Dutch-order-v2.png","contentUrl":"https:\/\/nederlandsetempeliers.nl\/wp-content\/uploads\/Dutch-order-v2.png","width":687,"height":686,"caption":"Nederlandse Tempeliers"},"image":{"@id":"https:\/\/nederlandsetempeliers.nl\/fr\/#\/schema\/logo\/image\/"}}]}},"_links":{"self":[{"href":"https:\/\/nederlandsetempeliers.nl\/fr\/wp-json\/wp\/v2\/pages\/12605","targetHints":{"allow":["GET"]}}],"collection":[{"href":"https:\/\/nederlandsetempeliers.nl\/fr\/wp-json\/wp\/v2\/pages"}],"about":[{"href":"https:\/\/nederlandsetempeliers.nl\/fr\/wp-json\/wp\/v2\/types\/page"}],"author":[{"embeddable":true,"href":"https:\/\/nederlandsetempeliers.nl\/fr\/wp-json\/wp\/v2\/users\/4"}],"replies":[{"embeddable":true,"href":"https:\/\/nederlandsetempeliers.nl\/fr\/wp-json\/wp\/v2\/comments?post=12605"}],"version-history":[{"count":2,"href":"https:\/\/nederlandsetempeliers.nl\/fr\/wp-json\/wp\/v2\/pages\/12605\/revisions"}],"predecessor-version":[{"id":12607,"href":"https:\/\/nederlandsetempeliers.nl\/fr\/wp-json\/wp\/v2\/pages\/12605\/revisions\/12607"}],"wp:attachment":[{"href":"https:\/\/nederlandsetempeliers.nl\/fr\/wp-json\/wp\/v2\/media?parent=12605"}],"curies":[{"name":"wp","href":"https:\/\/api.w.org\/{rel}","templated":true}]}}