{"id":7460,"date":"2026-04-10T21:40:10","date_gmt":"2026-04-10T19:40:10","guid":{"rendered":"https:\/\/nederlandsetempeliers.nl\/sans-ordre\/"},"modified":"2026-08-27T16:25:01","modified_gmt":"2026-08-27T14:25:01","slug":"sans-ordre","status":"publish","type":"page","link":"https:\/\/nederlandsetempeliers.nl\/fr\/sans-ordre\/","title":{"rendered":"Sans ordre"},"content":{"rendered":"\t\t<div data-elementor-type=\"wp-page\" data-elementor-id=\"7460\" class=\"elementor elementor-7460 elementor-7378\" data-elementor-post-type=\"page\">\n\t\t\t\t<div class=\"elementor-element elementor-element-8618475 e-flex e-con-boxed e-con e-parent\" data-id=\"8618475\" data-element_type=\"container\" data-e-type=\"container\">\n\t\t\t\t\t<div class=\"e-con-inner\">\n\t\t\t\t<div class=\"elementor-element elementor-element-1499b46 elementor-widget elementor-widget-image\" data-id=\"1499b46\" data-element_type=\"widget\" data-e-type=\"widget\" data-widget_type=\"image.default\">\n\t\t\t\t<div class=\"elementor-widget-container\">\n\t\t\t\t\t\t\t\t\t\t\t\t\t\t\t<img fetchpriority=\"high\" decoding=\"async\" width=\"800\" height=\"450\" src=\"https:\/\/nederlandsetempeliers.nl\/wp-content\/uploads\/Frans-handschrift-\u2013-Eerste-Kruistocht-ca.-1705-1024x576.jpeg\" class=\"attachment-large size-large wp-image-7455\" alt=\"Manuscrit fran\u00e7ais du XVIIIe si\u00e8cle ouvert, portant sur la Premi\u00e8re Croisade, photographi\u00e9 sur une table en bois.\" srcset=\"https:\/\/nederlandsetempeliers.nl\/wp-content\/uploads\/Frans-handschrift-\u2013-Eerste-Kruistocht-ca.-1705-1024x576.jpeg 1024w, https:\/\/nederlandsetempeliers.nl\/wp-content\/uploads\/Frans-handschrift-\u2013-Eerste-Kruistocht-ca.-1705-300x169.jpeg 300w, https:\/\/nederlandsetempeliers.nl\/wp-content\/uploads\/Frans-handschrift-\u2013-Eerste-Kruistocht-ca.-1705-768x432.jpeg 768w, https:\/\/nederlandsetempeliers.nl\/wp-content\/uploads\/Frans-handschrift-\u2013-Eerste-Kruistocht-ca.-1705-1536x864.jpeg 1536w, https:\/\/nederlandsetempeliers.nl\/wp-content\/uploads\/Frans-handschrift-\u2013-Eerste-Kruistocht-ca.-1705.jpeg 2048w\" sizes=\"(max-width: 800px) 100vw, 800px\" \/>\t\t\t\t\t\t\t\t\t\t\t\t\t\t\t<\/div>\n\t\t\t\t<\/div>\n\t\t\t\t\t<\/div>\n\t\t\t\t<\/div>\n\t\t<div class=\"elementor-element elementor-element-0f13204 e-flex e-con-boxed e-con e-parent\" data-id=\"0f13204\" data-element_type=\"container\" data-e-type=\"container\">\n\t\t\t\t\t<div class=\"e-con-inner\">\n\t\t\t\t<div class=\"elementor-element elementor-element-46898c8 elementor-widget elementor-widget-heading\" data-id=\"46898c8\" data-element_type=\"widget\" data-e-type=\"widget\" data-widget_type=\"heading.default\">\n\t\t\t\t<div class=\"elementor-widget-container\">\n\t\t\t\t\t<h2 class=\"elementor-heading-title elementor-size-default\">Sans ordre<\/h2>\t\t\t\t<\/div>\n\t\t\t\t<\/div>\n\t\t\t\t\t<\/div>\n\t\t\t\t<\/div>\n\t\t<div class=\"elementor-element elementor-element-27a0d61 e-flex e-con-boxed e-con e-parent\" data-id=\"27a0d61\" data-element_type=\"container\" data-e-type=\"container\">\n\t\t\t\t\t<div class=\"e-con-inner\">\n\t\t\t\t<div class=\"elementor-element elementor-element-747b3cf elementor-widget elementor-widget-text-editor\" data-id=\"747b3cf\" data-element_type=\"widget\" data-e-type=\"widget\" data-widget_type=\"text-editor.default\">\n\t\t\t\t<div class=\"elementor-widget-container\">\n\t\t\t\t\t\t\t\t\t<p><strong>Quand il n\u2019y avait ni ordre, ni r\u00e8gle\u2026<\/strong><br><br>Ce petit cahier de belle \u00e9criture, r\u00e9dig\u00e9 au d\u00e9but du XVIIIe si\u00e8cle, se penche sur la Premi\u00e8re Croisade. Une \u00e9poque o\u00f9 beaucoup se mirent en route, anim\u00e9s d\u2019une foi ardente, mais sans unit\u00e9, sans direction. <\/p><p>Sur ces pages, nous ne lisons pas un r\u00e9cit h\u00e9ro\u00efque, mais ce qui le pr\u00e9c\u00e8de : confusion, divisions, et absence de structure. Page apr\u00e8s page se d\u00e9voile ici l\u2019image d\u2019un monde en qu\u00eate \u2014 de direction, d\u2019autorit\u00e9\u2026 d\u2019ordre. <\/p><p>Ce que vous voyez ici n\u2019est pas une page explicative ordinaire.<br>Devant vous se trouve un manuscrit fran\u00e7ais datant de 1705, dans lequel l\u2019auteur inconnu \u2014 que nous pensons \u00eatre un moine \u2014 d\u00e9crit, depuis les pr\u00e9mices de la Premi\u00e8re Croisade jusqu\u2019\u00e0\u2026 Un petit manuscrit \u2014 portant une grande histoire.<br>Sur cette page, le manuscrit est d\u00e9voil\u00e9 pas \u00e0 pas. <\/p><p>Texte<br>Pour chaque page, vous trouverez :<br>\u2013 \u00e0 gauche : la transcription du texte original en ancien fran\u00e7ais<br>\u2013 \u00e0 droite : la traduction en n\u00e9erlandais contemporain<br>\u2013 en dessous : une br\u00e8ve explication et interpr\u00e9tation<\/p><p>Le texte complet n\u2019est pas pr\u00e9sent\u00e9 en une seule fois, mais se d\u00e9ploie par parties de cinq pages.<br>Entre ces parties, vous trouverez des rep\u00e8res temporels, permettant de suivre l\u2019\u00e9volution du r\u00e9cit.<br>Le manuscrit compte au total 126 pages. Le texte int\u00e9gral ne sera pas publi\u00e9 d\u2019un seul coup,<br>mais se d\u00e9veloppera dans le temps \u2014 page apr\u00e8s page. <\/p><p>Chaque vendredi, nous poursuivons le chemin de la Premi\u00e8re Croisade, avec Godefroy, avec Pierre l\u2019Ermite, nous entendons le pape Urbain II, nous nous rendons \u00e0 Constantinople, aupr\u00e8s de l\u2019empereur Alexis, et ainsi de suite\u2026 jusqu\u2019\u00e0 notre destination. <br>L\u2019histoire continuera de se d\u00e9voiler \u00e0 ceux qui reviendront.<\/p><p><strong>Marchez avec nous, sur le chemin de la Premi\u00e8re Croisade\u2026<\/strong><\/p>\t\t\t\t\t\t\t\t<\/div>\n\t\t\t\t<\/div>\n\t\t\t\t\t<\/div>\n\t\t\t\t<\/div>\n\t\t<div class=\"elementor-element elementor-element-8b36d10 e-flex e-con-boxed e-con e-parent\" data-id=\"8b36d10\" data-element_type=\"container\" data-e-type=\"container\">\n\t\t\t\t\t<div class=\"e-con-inner\">\n\t\t\t\t<div class=\"elementor-element elementor-element-f09be68 elementor-widget elementor-widget-image\" data-id=\"f09be68\" data-element_type=\"widget\" data-e-type=\"widget\" data-widget_type=\"image.default\">\n\t\t\t\t<div class=\"elementor-widget-container\">\n\t\t\t\t\t\t\t\t\t\t\t\t\t\t\t<img decoding=\"async\" width=\"577\" height=\"234\" src=\"https:\/\/nederlandsetempeliers.nl\/wp-content\/uploads\/Pieter-de-Kluizenaar.jpeg\" class=\"attachment-large size-large wp-image-7456\" alt=\"Procession m\u00e9di\u00e9vale de p\u00e8lerins avec des chevaliers \u00e0 cheval et Pierre l\u2019Ermite en t\u00eate, lors de la Premi\u00e8re Croisade.\" srcset=\"https:\/\/nederlandsetempeliers.nl\/wp-content\/uploads\/Pieter-de-Kluizenaar.jpeg 577w, https:\/\/nederlandsetempeliers.nl\/wp-content\/uploads\/Pieter-de-Kluizenaar-300x122.jpeg 300w\" sizes=\"(max-width: 577px) 100vw, 577px\" \/>\t\t\t\t\t\t\t\t\t\t\t\t\t\t\t<\/div>\n\t\t\t\t<\/div>\n\t\t\t\t\t<\/div>\n\t\t\t\t<\/div>\n\t\t<div class=\"elementor-element elementor-element-27de48a e-flex e-con-boxed e-con e-parent\" data-id=\"27de48a\" data-element_type=\"container\" data-e-type=\"container\">\n\t\t\t\t\t<div class=\"e-con-inner\">\n\t\t\t\t<div class=\"elementor-element elementor-element-83dce93 elementor-widget elementor-widget-text-editor\" data-id=\"83dce93\" data-element_type=\"widget\" data-e-type=\"widget\" data-widget_type=\"text-editor.default\">\n\t\t\t\t<div class=\"elementor-widget-container\">\n\t\t\t\t\t\t\t\t\t<p>Note de l\u2019auteur : bref r\u00e9sum\u00e9 de l\u2019histoire de la Guerre Sainte.<br>Voici le d\u00e9but de la croisade : comment Godefroy de Bouillon prit J\u00e9rusalem et fut proclam\u00e9 roi, mais refusa ce titre. Le 15 juillet de l\u2019an de J\u00e9sus-Christ 1099, un vendredi, \u00e0 la m\u00eame heure o\u00f9 J\u00e9sus-Christ rendit son esprit.  <br>Apr\u00e8s cela, le royaume fut gouvern\u00e9 par neuf rois, tous d\u2019origine fran\u00e7aise.<\/p>\t\t\t\t\t\t\t\t<\/div>\n\t\t\t\t<\/div>\n\t\t\t\t\t<\/div>\n\t\t\t\t<\/div>\n\t\t\t\t<section class=\"elementor-section elementor-top-section elementor-element elementor-element-2008ff48 elementor-section-boxed elementor-section-height-default elementor-section-height-default\" data-id=\"2008ff48\" data-element_type=\"section\" data-e-type=\"section\" data-settings=\"{&quot;background_background&quot;:&quot;classic&quot;,&quot;shape_divider_top&quot;:&quot;triangle&quot;,&quot;shape_divider_top_negative&quot;:&quot;yes&quot;,&quot;shape_divider_bottom&quot;:&quot;triangle&quot;,&quot;shape_divider_bottom_negative&quot;:&quot;yes&quot;}\">\n\t\t\t\t\t<div class=\"elementor-shape elementor-shape-top\" aria-hidden=\"true\" data-negative=\"true\">\n\t\t\t<svg xmlns=\"http:\/\/www.w3.org\/2000\/svg\" viewBox=\"0 0 1000 100\" preserveAspectRatio=\"none\">\n\t<path class=\"elementor-shape-fill\" d=\"M500.2,94.7L0,0v100h1000V0L500.2,94.7z\"\/>\n<\/svg>\t\t<\/div>\n\t\t\t\t<div class=\"elementor-shape elementor-shape-bottom\" aria-hidden=\"true\" data-negative=\"true\">\n\t\t\t<svg xmlns=\"http:\/\/www.w3.org\/2000\/svg\" viewBox=\"0 0 1000 100\" preserveAspectRatio=\"none\">\n\t<path class=\"elementor-shape-fill\" d=\"M500.2,94.7L0,0v100h1000V0L500.2,94.7z\"\/>\n<\/svg>\t\t<\/div>\n\t\t\t\t\t<div class=\"elementor-container elementor-column-gap-default\">\n\t\t\t\t\t<div class=\"elementor-column elementor-col-100 elementor-top-column elementor-element elementor-element-75b11a08\" data-id=\"75b11a08\" data-element_type=\"column\" data-e-type=\"column\">\n\t\t\t<div class=\"elementor-widget-wrap elementor-element-populated\">\n\t\t\t\t\t\t<div class=\"elementor-element elementor-element-e43e945 elementor-widget__width-auto elementor-view-default elementor-widget elementor-widget-icon\" data-id=\"e43e945\" data-element_type=\"widget\" data-e-type=\"widget\" data-widget_type=\"icon.default\">\n\t\t\t\t<div class=\"elementor-widget-container\">\n\t\t\t\t\t\t\t<div class=\"elementor-icon-wrapper\">\n\t\t\t<div class=\"elementor-icon\">\n\t\t\t<i aria-hidden=\"true\" class=\"fas fa-grip-lines\"><\/i>\t\t\t<\/div>\n\t\t<\/div>\n\t\t\t\t\t\t<\/div>\n\t\t\t\t<\/div>\n\t\t\t\t<div class=\"elementor-element elementor-element-6cf08909 elementor-widget__width-auto elementor-widget elementor-widget-heading\" data-id=\"6cf08909\" data-element_type=\"widget\" data-e-type=\"widget\" data-widget_type=\"heading.default\">\n\t\t\t\t<div class=\"elementor-widget-container\">\n\t\t\t\t\t<h2 class=\"elementor-heading-title elementor-size-default\">ca. 1080<\/h2>\t\t\t\t<\/div>\n\t\t\t\t<\/div>\n\t\t\t\t<div class=\"elementor-element elementor-element-1f8507b3 elementor-widget__width-auto elementor-view-default elementor-widget elementor-widget-icon\" data-id=\"1f8507b3\" data-element_type=\"widget\" data-e-type=\"widget\" data-widget_type=\"icon.default\">\n\t\t\t\t<div class=\"elementor-widget-container\">\n\t\t\t\t\t\t\t<div class=\"elementor-icon-wrapper\">\n\t\t\t<div class=\"elementor-icon\">\n\t\t\t<i aria-hidden=\"true\" class=\"fas fa-grip-lines\"><\/i>\t\t\t<\/div>\n\t\t<\/div>\n\t\t\t\t\t\t<\/div>\n\t\t\t\t<\/div>\n\t\t\t\t\t<\/div>\n\t\t<\/div>\n\t\t\t\t\t<\/div>\n\t\t<\/section>\n\t\t<div class=\"elementor-element elementor-element-c9f8226 e-con-full e-flex e-con e-parent\" data-id=\"c9f8226\" data-element_type=\"container\" data-e-type=\"container\">\n\t\t<div class=\"elementor-element elementor-element-7372577 e-con-full e-flex e-con e-child\" data-id=\"7372577\" data-element_type=\"container\" data-e-type=\"container\">\n\t\t\t\t<div class=\"elementor-element elementor-element-766375a elementor-widget__width-initial elementor-widget elementor-widget-text-editor\" data-id=\"766375a\" data-element_type=\"widget\" data-e-type=\"widget\" data-widget_type=\"text-editor.default\">\n\t\t\t\t<div class=\"elementor-widget-container\">\n\t\t\t\t\t\t\t\t\t<p>Page 1. <br>L\u2019origine des Turcs les Turcs \u00e9toient une nations qui habitoit ci devant<br>dans une isle, qui se nomoit<br>Sarmadia Assiatica. Est de l\u00e0 ils se sont retirez dans un endroit qui se nome la Mar\u00e9e Caspium, o\u00f9 cette<br>endroit porte encore le Nom aujourd\u2019huy Turquestan, l\u00e0 ces peuples s\u2019entretenoient seulement de ce qu\u2019ils y eslioient. Sur tout quand ils se fesoit quelque desordre<br>dans\u2026  <\/p>\t\t\t\t\t\t\t\t<\/div>\n\t\t\t\t<\/div>\n\t\t\t\t<\/div>\n\t\t<div class=\"elementor-element elementor-element-cb3fd7b e-con-full e-flex e-con e-child\" data-id=\"cb3fd7b\" data-element_type=\"container\" data-e-type=\"container\">\n\t\t\t\t<div class=\"elementor-element elementor-element-39e3639 elementor-widget__width-initial elementor-widget elementor-widget-image\" data-id=\"39e3639\" data-element_type=\"widget\" data-e-type=\"widget\" data-widget_type=\"image.default\">\n\t\t\t\t<div class=\"elementor-widget-container\">\n\t\t\t\t\t\t\t\t\t\t\t\t\t\t\t<img decoding=\"async\" width=\"493\" height=\"1024\" src=\"https:\/\/nederlandsetempeliers.nl\/wp-content\/uploads\/Turkse-man-493x1024.jpeg\" class=\"attachment-large size-large wp-image-7457\" alt=\"homme turc\" srcset=\"https:\/\/nederlandsetempeliers.nl\/wp-content\/uploads\/Turkse-man-493x1024.jpeg 493w, https:\/\/nederlandsetempeliers.nl\/wp-content\/uploads\/Turkse-man-144x300.jpeg 144w, https:\/\/nederlandsetempeliers.nl\/wp-content\/uploads\/Turkse-man.jpeg 524w\" sizes=\"(max-width: 493px) 100vw, 493px\" \/>\t\t\t\t\t\t\t\t\t\t\t\t\t\t\t<\/div>\n\t\t\t\t<\/div>\n\t\t\t\t<\/div>\n\t\t<div class=\"elementor-element elementor-element-321a0d8 e-con-full e-flex e-con e-child\" data-id=\"321a0d8\" data-element_type=\"container\" data-e-type=\"container\">\n\t\t\t\t<div class=\"elementor-element elementor-element-be5785c elementor-widget__width-initial elementor-widget elementor-widget-text-editor\" data-id=\"be5785c\" data-element_type=\"widget\" data-e-type=\"widget\" data-widget_type=\"text-editor.default\">\n\t\t\t\t<div class=\"elementor-widget-container\">\n\t\t\t\t\t\t\t\t\t<p>Page 1.<br>Les Turcs \u00e9taient une nation qui habitait autrefois<br>dans une \u00eele appel\u00e9e Sarmadia Asiatica.<br>De l\u00e0, ils se retir\u00e8rent vers une r\u00e9gion appel\u00e9e la mer Caspienne,<br>dont le territoire porte encore aujourd\u2019hui le nom de Turkestan.<br>L\u00e0, ces peuples ne vivaient que de ce qu\u2019ils produisaient sur place,<br>notamment de leurs cultures.<br>Surtout lorsqu\u2019il survenait quelque trouble<br>dans\u2026 <\/p>\t\t\t\t\t\t\t\t<\/div>\n\t\t\t\t<\/div>\n\t\t\t\t<\/div>\n\t\t\t\t<\/div>\n\t\t<div class=\"elementor-element elementor-element-d98c53a e-flex e-con-boxed e-con e-parent\" data-id=\"d98c53a\" data-element_type=\"container\" data-e-type=\"container\">\n\t\t\t\t\t<div class=\"e-con-inner\">\n\t\t\t\t<div class=\"elementor-element elementor-element-53568d4 elementor-widget elementor-widget-text-editor\" data-id=\"53568d4\" data-element_type=\"widget\" data-e-type=\"widget\" data-widget_type=\"text-editor.default\">\n\t\t\t\t<div class=\"elementor-widget-container\">\n\t\t\t\t\t\t\t\t\t<p><em>Remarque :<br>La traduction n\u00e9erlandaise est fid\u00e8le au contenu,<br>mais formul\u00e9e de mani\u00e8re plus fluide et plus forte sur le plan s\u00e9mantique,<br>ce qui fait perdre certaines nuances pr\u00e9sentes dans le texte original.<\/em><\/p>\t\t\t\t\t\t\t\t<\/div>\n\t\t\t\t<\/div>\n\t\t\t\t\t<\/div>\n\t\t\t\t<\/div>\n\t\t<div class=\"elementor-element elementor-element-f56f661 e-flex e-con-boxed e-con e-parent\" data-id=\"f56f661\" data-element_type=\"container\" data-e-type=\"container\">\n\t\t\t\t\t<div class=\"e-con-inner\">\n\t\t\t\t<div class=\"elementor-element elementor-element-21b002a elementor-widget elementor-widget-image\" data-id=\"21b002a\" data-element_type=\"widget\" data-e-type=\"widget\" data-widget_type=\"image.default\">\n\t\t\t\t<div class=\"elementor-widget-container\">\n\t\t\t\t\t\t\t\t\t\t\t\t\t\t\t<img loading=\"lazy\" decoding=\"async\" width=\"300\" height=\"55\" src=\"https:\/\/nederlandsetempeliers.nl\/wp-content\/uploads\/guirlande-300x55.jpeg\" class=\"attachment-medium size-medium wp-image-7459\" alt=\"guirlande\" srcset=\"https:\/\/nederlandsetempeliers.nl\/wp-content\/uploads\/guirlande-300x55.jpeg 300w, https:\/\/nederlandsetempeliers.nl\/wp-content\/uploads\/guirlande-1024x189.jpeg 1024w, https:\/\/nederlandsetempeliers.nl\/wp-content\/uploads\/guirlande-768x142.jpeg 768w, https:\/\/nederlandsetempeliers.nl\/wp-content\/uploads\/guirlande.jpeg 1534w\" sizes=\"(max-width: 300px) 100vw, 300px\" \/>\t\t\t\t\t\t\t\t\t\t\t\t\t\t\t<\/div>\n\t\t\t\t<\/div>\n\t\t\t\t\t<\/div>\n\t\t\t\t<\/div>\n\t\t<div class=\"elementor-element elementor-element-fa140fc e-flex e-con-boxed e-con e-parent\" data-id=\"fa140fc\" data-element_type=\"container\" data-e-type=\"container\">\n\t\t\t\t\t<div class=\"e-con-inner\">\n\t\t<div class=\"elementor-element elementor-element-704344d e-con-full e-flex e-con e-child\" data-id=\"704344d\" data-element_type=\"container\" data-e-type=\"container\">\n\t\t\t\t<div class=\"elementor-element elementor-element-8862dd9 elementor-widget__width-initial elementor-widget elementor-widget-text-editor\" data-id=\"8862dd9\" data-element_type=\"widget\" data-e-type=\"widget\" data-widget_type=\"text-editor.default\">\n\t\t\t\t<div class=\"elementor-widget-container\">\n\t\t\t\t\t\t\t\t\t<p>Page 2. <br>\u2026dans les Royaumes voisins<br>Ils prenoient le parti de servir en qualit\u00e9 de Soldats. Ils s\u2019entretenoient seulement<br>du pillage qu\u2019ils rapportoient dans leur territoire. Dans le tems de l\u2019Empereur Otto 3. ce peuple ont est\u00e9 pris \u00e0 la solde par Mahomel, qui \u00e9toit Sultan Sarasin dans la Perse, dont l\u2019on \u00e9toit en guerre contre les Babyl- loniens, qui les appella<br>\u00e0 son secours. Sur la fin de\u2026    <\/p>\t\t\t\t\t\t\t\t<\/div>\n\t\t\t\t<\/div>\n\t\t\t\t<\/div>\n\t\t<div class=\"elementor-element elementor-element-86d6c3e e-con-full e-flex e-con e-child\" data-id=\"86d6c3e\" data-element_type=\"container\" data-e-type=\"container\">\n\t\t\t\t<div class=\"elementor-element elementor-element-98a7dfd elementor-widget__width-initial elementor-widget elementor-widget-image\" data-id=\"98a7dfd\" data-element_type=\"widget\" data-e-type=\"widget\" data-widget_type=\"image.default\">\n\t\t\t\t<div class=\"elementor-widget-container\">\n\t\t\t\t\t\t\t\t\t\t\t\t\t\t\t<img loading=\"lazy\" decoding=\"async\" width=\"120\" height=\"300\" src=\"https:\/\/nederlandsetempeliers.nl\/wp-content\/uploads\/sultan-120x300.jpeg\" class=\"attachment-medium size-medium wp-image-7458\" alt=\"sultan\" srcset=\"https:\/\/nederlandsetempeliers.nl\/wp-content\/uploads\/sultan-120x300.jpeg 120w, https:\/\/nederlandsetempeliers.nl\/wp-content\/uploads\/sultan-411x1024.jpeg 411w, https:\/\/nederlandsetempeliers.nl\/wp-content\/uploads\/sultan.jpeg 489w\" sizes=\"(max-width: 120px) 100vw, 120px\" \/>\t\t\t\t\t\t\t\t\t\t\t\t\t\t\t<\/div>\n\t\t\t\t<\/div>\n\t\t\t\t<\/div>\n\t\t<div class=\"elementor-element elementor-element-c0bb0e6 e-con-full e-flex e-con e-child\" data-id=\"c0bb0e6\" data-element_type=\"container\" data-e-type=\"container\">\n\t\t\t\t<div class=\"elementor-element elementor-element-231298f elementor-widget__width-initial elementor-widget elementor-widget-text-editor\" data-id=\"231298f\" data-element_type=\"widget\" data-e-type=\"widget\" data-widget_type=\"text-editor.default\">\n\t\t\t\t<div class=\"elementor-widget-container\">\n\t\t\t\t\t\t\t\t\t<p>Page 2<br>\u2026dans les royaumes voisins, ils choisissaient de servir en qualit\u00e9 de soldats.<br>Ils ne vivaient alors que du pillage qu\u2019ils rapportaient sur leur territoire.<br>Au temps de l\u2019empereur Otton III, ce peuple fut engag\u00e9 \u00e0 la solde de Mahomel<br>(probablement Mahomet),<br>qui \u00e9tait sultan sarrasin en Perse, alors en guerre contre les Babyloniens, lesquels firent appel \u00e0 son aide.<br>Vers la fin de\u2026  <\/p>\t\t\t\t\t\t\t\t<\/div>\n\t\t\t\t<\/div>\n\t\t\t\t<\/div>\n\t\t\t\t\t<\/div>\n\t\t\t\t<\/div>\n\t\t<div class=\"elementor-element elementor-element-887b597 e-flex e-con-boxed e-con e-parent\" data-id=\"887b597\" data-element_type=\"container\" data-e-type=\"container\">\n\t\t\t\t\t<div class=\"e-con-inner\">\n\t\t\t\t<div class=\"elementor-element elementor-element-e2311fb elementor-widget elementor-widget-text-editor\" data-id=\"e2311fb\" data-element_type=\"widget\" data-e-type=\"widget\" data-widget_type=\"text-editor.default\">\n\t\t\t\t<div class=\"elementor-widget-container\">\n\t\t\t\t\t\t\t\t\t<p>Note :<br>\u2013 \u00ab Mahomel \u00bb est probablement une forme ancienne de \u00ab Mahomet \u00bb (Mohammed).<br>\u2013 L\u2019empereur Otton III r\u00e9gna de 983 \u00e0 1002, donc avant les croisades.<br>\u2013 L\u2019auteur semble ici d\u00e9crire une origine ancienne des troupes turques au service de la Perse.<br>\u2013 \u00ab Babyloniens \u00bb d\u00e9signe probablement, dans ce contexte, des peuples situ\u00e9s \u00e0 l\u2019est du Levant.<\/p>\t\t\t\t\t\t\t\t<\/div>\n\t\t\t\t<\/div>\n\t\t\t\t\t<\/div>\n\t\t\t\t<\/div>\n\t\t<div class=\"elementor-element elementor-element-60c68c3 e-flex e-con-boxed e-con e-parent\" data-id=\"60c68c3\" data-element_type=\"container\" data-e-type=\"container\">\n\t\t\t\t\t<div class=\"e-con-inner\">\n\t\t\t\t<div class=\"elementor-element elementor-element-c91646c elementor-widget elementor-widget-image\" data-id=\"c91646c\" data-element_type=\"widget\" data-e-type=\"widget\" data-widget_type=\"image.default\">\n\t\t\t\t<div class=\"elementor-widget-container\">\n\t\t\t\t\t\t\t\t\t\t\t\t\t\t\t<img loading=\"lazy\" decoding=\"async\" width=\"300\" height=\"55\" src=\"https:\/\/nederlandsetempeliers.nl\/wp-content\/uploads\/guirlande-300x55.jpeg\" class=\"attachment-medium size-medium wp-image-7459\" alt=\"guirlande\" srcset=\"https:\/\/nederlandsetempeliers.nl\/wp-content\/uploads\/guirlande-300x55.jpeg 300w, https:\/\/nederlandsetempeliers.nl\/wp-content\/uploads\/guirlande-1024x189.jpeg 1024w, https:\/\/nederlandsetempeliers.nl\/wp-content\/uploads\/guirlande-768x142.jpeg 768w, https:\/\/nederlandsetempeliers.nl\/wp-content\/uploads\/guirlande.jpeg 1534w\" sizes=\"(max-width: 300px) 100vw, 300px\" \/>\t\t\t\t\t\t\t\t\t\t\t\t\t\t\t<\/div>\n\t\t\t\t<\/div>\n\t\t\t\t\t<\/div>\n\t\t\t\t<\/div>\n\t\t<div class=\"elementor-element elementor-element-0460291 e-flex e-con-boxed e-con e-parent\" data-id=\"0460291\" data-element_type=\"container\" data-e-type=\"container\">\n\t\t\t\t\t<div class=\"e-con-inner\">\n\t\t<div class=\"elementor-element elementor-element-0a20c8e e-con-full e-flex e-con e-child\" data-id=\"0a20c8e\" data-element_type=\"container\" data-e-type=\"container\">\n\t\t\t\t<div class=\"elementor-element elementor-element-57b3092 elementor-widget elementor-widget-text-editor\" data-id=\"57b3092\" data-element_type=\"widget\" data-e-type=\"widget\" data-widget_type=\"text-editor.default\">\n\t\t\t\t<div class=\"elementor-widget-container\">\n\t\t\t\t\t\t\t\t\t<p>Page 3<br \/>\u2026de la Campagne ils n\u2019ont point voulu cesser ny retourner dans leur isle d\u2019o\u00f9 ils \u00e9toit venu, tant que cette nation \u00e9toient esfarouch\u00e9s et alter\u00e9s du sang humain et la guerre ne cessa qu\u2019aux<br \/>que le Roi de Perse et le Sultan de Babylone fut vaincu dont ils ont in-<br \/>corpor\u00e9 ces deux Royaumes la Perse et Babilone, dans la Syrie et la Palestine dont Jerusalem \u00e9toit de la d\u00e9pen-<br \/>dance, se voyant aussi puissant\u2026<\/p>\t\t\t\t\t\t\t\t<\/div>\n\t\t\t\t<\/div>\n\t\t\t\t<\/div>\n\t\t<div class=\"elementor-element elementor-element-5a44ceb e-con-full e-flex e-con e-child\" data-id=\"5a44ceb\" data-element_type=\"container\" data-e-type=\"container\">\n\t\t\t\t<div class=\"elementor-element elementor-element-1ec12df elementor-widget elementor-widget-image\" data-id=\"1ec12df\" data-element_type=\"widget\" data-e-type=\"widget\" data-widget_type=\"image.default\">\n\t\t\t\t<div class=\"elementor-widget-container\">\n\t\t\t\t\t\t\t\t\t\t\t\t\t\t\t<img loading=\"lazy\" decoding=\"async\" width=\"398\" height=\"416\" src=\"https:\/\/nederlandsetempeliers.nl\/wp-content\/uploads\/Jeruzalem-kruis-3.jpeg\" class=\"attachment-large size-large wp-image-7750\" alt=\"Bouclier m\u00e9di\u00e9val orn\u00e9 d&apos;une croix de J\u00e9rusalem\" srcset=\"https:\/\/nederlandsetempeliers.nl\/wp-content\/uploads\/Jeruzalem-kruis-3.jpeg 398w, https:\/\/nederlandsetempeliers.nl\/wp-content\/uploads\/Jeruzalem-kruis-3-287x300.jpeg 287w\" sizes=\"(max-width: 398px) 100vw, 398px\" \/>\t\t\t\t\t\t\t\t\t\t\t\t\t\t\t<\/div>\n\t\t\t\t<\/div>\n\t\t\t\t<\/div>\n\t\t<div class=\"elementor-element elementor-element-126b088 e-con-full e-flex e-con e-child\" data-id=\"126b088\" data-element_type=\"container\" data-e-type=\"container\">\n\t\t\t\t<div class=\"elementor-element elementor-element-58ba59a elementor-widget elementor-widget-text-editor\" data-id=\"58ba59a\" data-element_type=\"widget\" data-e-type=\"widget\" data-widget_type=\"text-editor.default\">\n\t\t\t\t<div class=\"elementor-widget-container\">\n\t\t\t\t\t\t\t\t\t<p>Page 3<br \/>\u2026apr\u00e8s la campagne, ils ne voulurent ni cesser ni retourner \u00e0 l\u2019\u00eele d\u2019o\u00f9 ils \u00e9taient venus, car ce peuple \u00e9tait devenu si sauvage et assoiff\u00e9 de sang humain. La guerre ne prit fin que lorsque le roi de Perse et le sultan de Babylone furent vaincus, apr\u00e8s quoi ils incorpor\u00e8rent ces deux royaumes, la Perse et la Babylone, en Syrie et en Palestine, dont J\u00e9rusalem d\u00e9pendait.<br \/>Se voyant d\u00e9sormais aussi puissants\u2026<\/p>\t\t\t\t\t\t\t\t<\/div>\n\t\t\t\t<\/div>\n\t\t\t\t<\/div>\n\t\t\t\t\t<\/div>\n\t\t\t\t<\/div>\n\t\t<div class=\"elementor-element elementor-element-7e8b0ae e-flex e-con-boxed e-con e-parent\" data-id=\"7e8b0ae\" data-element_type=\"container\" data-e-type=\"container\">\n\t\t\t\t\t<div class=\"e-con-inner\">\n\t\t\t\t<div class=\"elementor-element elementor-element-c4552e8 elementor-widget elementor-widget-text-editor\" data-id=\"c4552e8\" data-element_type=\"widget\" data-e-type=\"widget\" data-widget_type=\"text-editor.default\">\n\t\t\t\t<div class=\"elementor-widget-container\">\n\t\t\t\t\t\t\t\t\t<p>Page 3: L\u2019auteur suit ici un r\u00e9cit d\u2019origine (l\u00e9gendaire) des Turcs, dans lequel ils quittent une \u00ab \u00eele asiatique \u00bb \u2192 se d\u00e9placent vers la r\u00e9gion de la mer Caspienne \u2192 servent ensuite comme mercenaires \u2192 et finissent par conqu\u00e9rir la Perse et la Babylone, en s\u2019\u00e9tendant jusqu\u2019en Syrie et en Palestine.<br \/>Il ne s\u2019agit \u00e9videmment pas d\u2019une reconstruction historiquement exacte, mais de la tradition europ\u00e9enne bien connue des XVIIe\u2013XVIIIe si\u00e8cles des r\u00e9cits sur \u00ab l\u2019origine turque \u00bb.<\/p>\t\t\t\t\t\t\t\t<\/div>\n\t\t\t\t<\/div>\n\t\t\t\t\t<\/div>\n\t\t\t\t<\/div>\n\t\t<div class=\"elementor-element elementor-element-bb2b175 e-flex e-con-boxed e-con e-parent\" data-id=\"bb2b175\" data-element_type=\"container\" data-e-type=\"container\">\n\t\t\t\t\t<div class=\"e-con-inner\">\n\t\t\t\t<div class=\"elementor-element elementor-element-9d90d05 elementor-widget elementor-widget-image\" data-id=\"9d90d05\" data-element_type=\"widget\" data-e-type=\"widget\" data-widget_type=\"image.default\">\n\t\t\t\t<div class=\"elementor-widget-container\">\n\t\t\t\t\t\t\t\t\t\t\t\t\t\t\t<img loading=\"lazy\" decoding=\"async\" width=\"300\" height=\"55\" src=\"https:\/\/nederlandsetempeliers.nl\/wp-content\/uploads\/guirlande-300x55.jpeg\" class=\"attachment-medium size-medium wp-image-7459\" alt=\"guirlande\" srcset=\"https:\/\/nederlandsetempeliers.nl\/wp-content\/uploads\/guirlande-300x55.jpeg 300w, https:\/\/nederlandsetempeliers.nl\/wp-content\/uploads\/guirlande-1024x189.jpeg 1024w, https:\/\/nederlandsetempeliers.nl\/wp-content\/uploads\/guirlande-768x142.jpeg 768w, https:\/\/nederlandsetempeliers.nl\/wp-content\/uploads\/guirlande.jpeg 1534w\" sizes=\"(max-width: 300px) 100vw, 300px\" \/>\t\t\t\t\t\t\t\t\t\t\t\t\t\t\t<\/div>\n\t\t\t\t<\/div>\n\t\t\t\t\t<\/div>\n\t\t\t\t<\/div>\n\t\t<div class=\"elementor-element elementor-element-db38069 e-flex e-con-boxed e-con e-parent\" data-id=\"db38069\" data-element_type=\"container\" data-e-type=\"container\">\n\t\t\t\t\t<div class=\"e-con-inner\">\n\t\t<div class=\"elementor-element elementor-element-7daad0b e-con-full e-flex e-con e-child\" data-id=\"7daad0b\" data-element_type=\"container\" data-e-type=\"container\">\n\t\t\t\t<div class=\"elementor-element elementor-element-1922e57 elementor-widget elementor-widget-text-editor\" data-id=\"1922e57\" data-element_type=\"widget\" data-e-type=\"widget\" data-widget_type=\"text-editor.default\">\n\t\t\t\t<div class=\"elementor-widget-container\">\n\t\t\t\t\t\t\t\t\t<p>Page 4<br \/>Puissants ils ne se sont pas contants de cette belle conqu\u00eate, ils ont encore envahi, per, dans la petite Asie, o\u00f9<br \/>estoit le grand et renomm\u00e9 Sultan Solimans, ils lui ont pris le Royaume<br \/>de Pontume, auquel ils ont donn\u00e9 le nom d\u2019Turcomanian, et la Capadoc, la Bithiniem et firent la guerre jusqu\u2019au<br \/>regne de l\u2019Empereur Henri. 4. et firent leur residence \u00e0 Nicea l\u2019ann\u00e9e 1081<\/p>\t\t\t\t\t\t\t\t<\/div>\n\t\t\t\t<\/div>\n\t\t\t\t<\/div>\n\t\t<div class=\"elementor-element elementor-element-be8a25c e-con-full e-flex e-con e-child\" data-id=\"be8a25c\" data-element_type=\"container\" data-e-type=\"container\">\n\t\t\t\t<div class=\"elementor-element elementor-element-2d074f4 elementor-widget__width-initial elementor-widget elementor-widget-image\" data-id=\"2d074f4\" data-element_type=\"widget\" data-e-type=\"widget\" data-widget_type=\"image.default\">\n\t\t\t\t<div class=\"elementor-widget-container\">\n\t\t\t\t\t\t\t\t\t\t\t\t\t\t\t<img loading=\"lazy\" decoding=\"async\" width=\"296\" height=\"512\" src=\"https:\/\/nederlandsetempeliers.nl\/wp-content\/uploads\/WhatsApp-Image-2026-04-15-at-21.26.31-4.jpeg\" class=\"attachment-large size-large wp-image-7781\" alt=\"Henry IV\" srcset=\"https:\/\/nederlandsetempeliers.nl\/wp-content\/uploads\/WhatsApp-Image-2026-04-15-at-21.26.31-4.jpeg 296w, https:\/\/nederlandsetempeliers.nl\/wp-content\/uploads\/WhatsApp-Image-2026-04-15-at-21.26.31-4-173x300.jpeg 173w\" sizes=\"(max-width: 296px) 100vw, 296px\" \/>\t\t\t\t\t\t\t\t\t\t\t\t\t\t\t<\/div>\n\t\t\t\t<\/div>\n\t\t\t\t<\/div>\n\t\t\t\t<div class=\"elementor-element elementor-element-440bbfd elementor-widget elementor-widget-text-editor\" data-id=\"440bbfd\" data-element_type=\"widget\" data-e-type=\"widget\" data-widget_type=\"text-editor.default\">\n\t\t\t\t<div class=\"elementor-widget-container\">\n\t\t\t\t\t\t\t\t\t<p>Page 4<br \/>Puissants qu\u2019ils \u00e9taient, ils ne se content\u00e8rent pas de cette grande conqu\u00eate ; ils avanc\u00e8rent en Asie Mineure, o\u00f9 r\u00e9gnait le grand et renomm\u00e9 sultan Soliman ; ils lui prirent le royaume de Pont, auquel ils donn\u00e8rent le nom de Turkomanie, ainsi que la Cappadoce et la Bithynie, et firent la guerre jusqu\u2019au r\u00e8gne de l\u2019empereur Henri IV, \u00e9tablissant leur r\u00e9sidence \u00e0 Nic\u00e9e en l\u2019an 1081.<\/p>\t\t\t\t\t\t\t\t<\/div>\n\t\t\t\t<\/div>\n\t\t<div class=\"elementor-element elementor-element-00e4918 e-con-full e-flex e-con e-child\" data-id=\"00e4918\" data-element_type=\"container\" data-e-type=\"container\">\n\t\t\t\t<\/div>\n\t\t\t\t\t<\/div>\n\t\t\t\t<\/div>\n\t\t<div class=\"elementor-element elementor-element-221f090 e-flex e-con-boxed e-con e-parent\" data-id=\"221f090\" data-element_type=\"container\" data-e-type=\"container\">\n\t\t\t\t\t<div class=\"e-con-inner\">\n\t\t\t\t<div class=\"elementor-element elementor-element-b2476c8 elementor-widget elementor-widget-text-editor\" data-id=\"b2476c8\" data-element_type=\"widget\" data-e-type=\"widget\" data-widget_type=\"text-editor.default\">\n\t\t\t\t<div class=\"elementor-widget-container\">\n\t\t\t\t\t\t\t\t\t<p>Page 4: <strong>Soliman \/ Solimans<\/strong><br \/>Il s\u2019agit de Suleiman ibn Qutulmish \u2192 mieux connu sous le nom de Soliman I de R\u00fbm, fondateur du sultanat seldjoukide de R\u00fbm.<br \/>Historiquement, cela correspond : il conquit en Asie Mineure notamment Nic\u00e9e.<br \/><strong>Nic\u00e9e (Nicaea \/ Iznik)<\/strong><br \/>Devint en 1081 une capitale turque \u2192 datation correcte.<br \/><strong>Henri IV (Heinrich IV)<\/strong><br \/>Empereur du Saint-Empire romain germanique (1056\u20131105).<br \/>L\u2019auteur l\u2019utilise comme rep\u00e8re temporel \u2192 juste avant la Premi\u00e8re Croisade.<br \/><strong>Pont \/ Cappadoce \/ Bithynie<\/strong><br \/>R\u00e9gions historiques d\u2019Asie Mineure.<br \/><strong>Turcomanian \u2192 Turcomanie<\/strong><br \/>Terme utilis\u00e9 dans les anciennes sources europ\u00e9ennes pour d\u00e9signer les r\u00e9gions o\u00f9 se sont install\u00e9s des nomades turcs (Turkm\u00e8nes).<br \/>Cette page d\u00e9crit donc comment les Turcs \u2014 apr\u00e8s leurs conqu\u00eates en Perse\/M\u00e9sopotamie \u2014 avanc\u00e8rent vers l\u2019Asie Mineure sous Suleiman, faisant de Nic\u00e9e leur capitale.<br \/>Cela conduit historiquement \u00e0 la situation juste avant la croisade de 1096\u20131099.<\/p>\t\t\t\t\t\t\t\t<\/div>\n\t\t\t\t<\/div>\n\t\t\t\t\t<\/div>\n\t\t\t\t<\/div>\n\t\t<div class=\"elementor-element elementor-element-b63411b e-flex e-con-boxed e-con e-parent\" data-id=\"b63411b\" data-element_type=\"container\" data-e-type=\"container\">\n\t\t\t\t\t<div class=\"e-con-inner\">\n\t\t\t\t<div class=\"elementor-element elementor-element-f071d23 elementor-widget elementor-widget-image\" data-id=\"f071d23\" data-element_type=\"widget\" data-e-type=\"widget\" data-widget_type=\"image.default\">\n\t\t\t\t<div class=\"elementor-widget-container\">\n\t\t\t\t\t\t\t\t\t\t\t\t\t\t\t<img loading=\"lazy\" decoding=\"async\" width=\"300\" height=\"55\" src=\"https:\/\/nederlandsetempeliers.nl\/wp-content\/uploads\/guirlande-300x55.jpeg\" class=\"attachment-medium size-medium wp-image-7459\" alt=\"guirlande\" srcset=\"https:\/\/nederlandsetempeliers.nl\/wp-content\/uploads\/guirlande-300x55.jpeg 300w, https:\/\/nederlandsetempeliers.nl\/wp-content\/uploads\/guirlande-1024x189.jpeg 1024w, https:\/\/nederlandsetempeliers.nl\/wp-content\/uploads\/guirlande-768x142.jpeg 768w, https:\/\/nederlandsetempeliers.nl\/wp-content\/uploads\/guirlande.jpeg 1534w\" sizes=\"(max-width: 300px) 100vw, 300px\" \/>\t\t\t\t\t\t\t\t\t\t\t\t\t\t\t<\/div>\n\t\t\t\t<\/div>\n\t\t\t\t\t<\/div>\n\t\t\t\t<\/div>\n\t\t<div class=\"elementor-element elementor-element-f2f1ea6 e-flex e-con-boxed e-con e-parent\" data-id=\"f2f1ea6\" data-element_type=\"container\" data-e-type=\"container\">\n\t\t\t\t\t<div class=\"e-con-inner\">\n\t\t<div class=\"elementor-element elementor-element-56f8590 e-con-full e-flex e-con e-child\" data-id=\"56f8590\" data-element_type=\"container\" data-e-type=\"container\">\n\t\t\t\t<div class=\"elementor-element elementor-element-940a63e elementor-widget elementor-widget-text-editor\" data-id=\"940a63e\" data-element_type=\"widget\" data-e-type=\"widget\" data-widget_type=\"text-editor.default\">\n\t\t\t\t<div class=\"elementor-widget-container\">\n\t\t\t\t\t\t\t\t\t<p>Blz 5. <br \/>C\u2019est l\u00e0 o\u00f9 Mahomet a \u00e9tabli une Loi \u00e0 son nom, qui subsiste encore aujourd\u2019huy et a quitt\u00e9 celle de Sarasin ou Greque, mais ils n\u2019ont pas quitt\u00e9 leurs<br \/>mauvaises inclinations Barbare et Tyranne, c\u2019est pourquoi que les Chr\u00e9tiens qui \u00e9toient sous leurs Domination avoient<br \/>beaucoup \u00e0 Souffrir, bien plus que quand ils \u00e9toient Sarasin.<br \/>Dans ce tems l\u00e0 il arriva que dans la quantit\u00e9 de Pe- lerins qui viaggioit journellement\u2026<\/p>\t\t\t\t\t\t\t\t<\/div>\n\t\t\t\t<\/div>\n\t\t\t\t<\/div>\n\t\t<div class=\"elementor-element elementor-element-32c7af9 e-con-full e-flex e-con e-child\" data-id=\"32c7af9\" data-element_type=\"container\" data-e-type=\"container\">\n\t\t\t\t<div class=\"elementor-element elementor-element-9b1ebc3 elementor-widget elementor-widget-image\" data-id=\"9b1ebc3\" data-element_type=\"widget\" data-e-type=\"widget\" data-widget_type=\"image.default\">\n\t\t\t\t<div class=\"elementor-widget-container\">\n\t\t\t\t\t\t\t\t\t\t\t\t\t\t\t<img loading=\"lazy\" decoding=\"async\" width=\"499\" height=\"1024\" src=\"https:\/\/nederlandsetempeliers.nl\/wp-content\/uploads\/Pelgrim-5-499x1024.jpeg\" class=\"attachment-large size-large wp-image-8351\" alt=\"p\u00e8lerin\" srcset=\"https:\/\/nederlandsetempeliers.nl\/wp-content\/uploads\/Pelgrim-5-499x1024.jpeg 499w, https:\/\/nederlandsetempeliers.nl\/wp-content\/uploads\/Pelgrim-5-146x300.jpeg 146w, https:\/\/nederlandsetempeliers.nl\/wp-content\/uploads\/Pelgrim-5.jpeg 684w\" sizes=\"(max-width: 499px) 100vw, 499px\" \/>\t\t\t\t\t\t\t\t\t\t\t\t\t\t\t<\/div>\n\t\t\t\t<\/div>\n\t\t\t\t<\/div>\n\t\t<div class=\"elementor-element elementor-element-84d7694 e-con-full e-flex e-con e-child\" data-id=\"84d7694\" data-element_type=\"container\" data-e-type=\"container\">\n\t\t\t\t<div class=\"elementor-element elementor-element-7c99f7e elementor-widget elementor-widget-text-editor\" data-id=\"7c99f7e\" data-element_type=\"widget\" data-e-type=\"widget\" data-widget_type=\"text-editor.default\">\n\t\t\t\t<div class=\"elementor-widget-container\">\n\t\t\t\t\t\t\t\t\t<p>Page 5<br \/>C\u2019est l\u00e0 que Mahomet a \u00e9tabli une loi en son nom, qui subsiste encore aujourd\u2019hui, et par laquelle ils ont abandonn\u00e9 l\u2019ancienne loi des Sarrasins ou des Grecs. Mais ils n\u2019ont pas renonc\u00e9 \u00e0 leurs mauvaises, barbares et tyranniques inclinations; c\u2019est pourquoi les chr\u00e9tiens, qui vivaient sous leur domination, eurent beaucoup \u00e0 souffrir \u2014 plus encore que lorsqu\u2019ils \u00e9taient encore sarrasins.<br \/>En ce temps-l\u00e0, il arriva que, parmi le grand nombre de p\u00e8lerins qui voyageaient chaque jour\u2026<\/p>\t\t\t\t\t\t\t\t<\/div>\n\t\t\t\t<\/div>\n\t\t\t\t<\/div>\n\t\t\t\t\t<\/div>\n\t\t\t\t<\/div>\n\t\t<div class=\"elementor-element elementor-element-4eeeb24 e-flex e-con-boxed e-con e-parent\" data-id=\"4eeeb24\" data-element_type=\"container\" data-e-type=\"container\">\n\t\t\t\t\t<div class=\"e-con-inner\">\n\t\t\t\t<div class=\"elementor-element elementor-element-a0a771e elementor-widget elementor-widget-text-editor\" data-id=\"a0a771e\" data-element_type=\"widget\" data-e-type=\"widget\" data-widget_type=\"text-editor.default\">\n\t\t\t\t<div class=\"elementor-widget-container\">\n\t\t\t\t\t\t\t\t\t<p><strong>Page 5 \u2013 Mahomet \/ Mohammed<\/strong><\/p><p>L\u2019auteur \u00e9tablit une distinction \u2192 avant : <em>\u00ab sarazin ou greque \u00bb<\/em> (c\u2019est-\u00e0-dire : religions\/cultures orientales ant\u00e9rieures) \u2192 apr\u00e8s : loi islamique (<em>\u00ab Loi \u00e0 son nom \u00bb<\/em>).<\/p><p>D\u00e9crire l\u2019islam comme \u00ab \u00e9tabli par Mahomet \u00bb est typique de la pens\u00e9e pr\u00e9-Lumi\u00e8res :<br \/>\u2192 islam = une innovation qui divise \u2192 rupture avec l\u2019ancien ordre du monde<\/p><p>Pr\u00e9ambule aux p\u00e8lerins \u2192 Pierre l\u2019Hermite \u2192 Croisade<\/p><p>La phrase se termine par :<br \/>\u00ab parmi le grand nombre de p\u00e8lerins qui voyageaient chaque jour\u2026 \u00bb<br \/>Une introduction \u00e0 :<br \/>\u2192 les p\u00e8lerins sont maltrait\u00e9s \u2192 l\u2019Europe r\u00e9agit \u2192 Croisade<\/p><p>Nous nous trouvons maintenant, dans le contenu, juste avant la Premi\u00e8re Croisade (1096).<\/p>\t\t\t\t\t\t\t\t<\/div>\n\t\t\t\t<\/div>\n\t\t\t\t\t<\/div>\n\t\t\t\t<\/div>\n\t\t\t\t<section class=\"elementor-section elementor-top-section elementor-element elementor-element-5390d92a elementor-section-boxed elementor-section-height-default elementor-section-height-default\" data-id=\"5390d92a\" data-element_type=\"section\" data-e-type=\"section\" data-settings=\"{&quot;background_background&quot;:&quot;classic&quot;,&quot;shape_divider_top&quot;:&quot;triangle&quot;,&quot;shape_divider_top_negative&quot;:&quot;yes&quot;,&quot;shape_divider_bottom&quot;:&quot;triangle&quot;,&quot;shape_divider_bottom_negative&quot;:&quot;yes&quot;}\">\n\t\t\t\t\t<div class=\"elementor-shape elementor-shape-top\" aria-hidden=\"true\" data-negative=\"true\">\n\t\t\t<svg xmlns=\"http:\/\/www.w3.org\/2000\/svg\" viewBox=\"0 0 1000 100\" preserveAspectRatio=\"none\">\n\t<path class=\"elementor-shape-fill\" d=\"M500.2,94.7L0,0v100h1000V0L500.2,94.7z\"\/>\n<\/svg>\t\t<\/div>\n\t\t\t\t<div class=\"elementor-shape elementor-shape-bottom\" aria-hidden=\"true\" data-negative=\"true\">\n\t\t\t<svg xmlns=\"http:\/\/www.w3.org\/2000\/svg\" viewBox=\"0 0 1000 100\" preserveAspectRatio=\"none\">\n\t<path class=\"elementor-shape-fill\" d=\"M500.2,94.7L0,0v100h1000V0L500.2,94.7z\"\/>\n<\/svg>\t\t<\/div>\n\t\t\t\t\t<div class=\"elementor-container elementor-column-gap-default\">\n\t\t\t\t\t<div class=\"elementor-column elementor-col-100 elementor-top-column elementor-element elementor-element-290bb74d\" data-id=\"290bb74d\" data-element_type=\"column\" data-e-type=\"column\">\n\t\t\t<div class=\"elementor-widget-wrap elementor-element-populated\">\n\t\t\t\t\t\t<div class=\"elementor-element elementor-element-58aa1f5c elementor-widget__width-auto elementor-view-default elementor-widget elementor-widget-icon\" data-id=\"58aa1f5c\" data-element_type=\"widget\" data-e-type=\"widget\" data-widget_type=\"icon.default\">\n\t\t\t\t<div class=\"elementor-widget-container\">\n\t\t\t\t\t\t\t<div class=\"elementor-icon-wrapper\">\n\t\t\t<div class=\"elementor-icon\">\n\t\t\t<i aria-hidden=\"true\" class=\"fas fa-grip-lines\"><\/i>\t\t\t<\/div>\n\t\t<\/div>\n\t\t\t\t\t\t<\/div>\n\t\t\t\t<\/div>\n\t\t\t\t<div class=\"elementor-element elementor-element-636ec467 elementor-widget__width-auto elementor-widget elementor-widget-heading\" data-id=\"636ec467\" data-element_type=\"widget\" data-e-type=\"widget\" data-widget_type=\"heading.default\">\n\t\t\t\t<div class=\"elementor-widget-container\">\n\t\t\t\t\t<h2 class=\"elementor-heading-title elementor-size-default\">1095<\/h2>\t\t\t\t<\/div>\n\t\t\t\t<\/div>\n\t\t\t\t<div class=\"elementor-element elementor-element-71dd3dab elementor-widget__width-auto elementor-view-default elementor-widget elementor-widget-icon\" data-id=\"71dd3dab\" data-element_type=\"widget\" data-e-type=\"widget\" data-widget_type=\"icon.default\">\n\t\t\t\t<div class=\"elementor-widget-container\">\n\t\t\t\t\t\t\t<div class=\"elementor-icon-wrapper\">\n\t\t\t<div class=\"elementor-icon\">\n\t\t\t<i aria-hidden=\"true\" class=\"fas fa-grip-lines\"><\/i>\t\t\t<\/div>\n\t\t<\/div>\n\t\t\t\t\t\t<\/div>\n\t\t\t\t<\/div>\n\t\t\t\t\t<\/div>\n\t\t<\/div>\n\t\t\t\t\t<\/div>\n\t\t<\/section>\n\t\t<div class=\"elementor-element elementor-element-9bffe67 e-flex e-con-boxed e-con e-parent\" data-id=\"9bffe67\" data-element_type=\"container\" data-e-type=\"container\">\n\t\t\t\t\t<div class=\"e-con-inner\">\n\t\t<div class=\"elementor-element elementor-element-fd6d095 e-con-full e-flex e-con e-child\" data-id=\"fd6d095\" data-element_type=\"container\" data-e-type=\"container\">\n\t\t\t\t<div class=\"elementor-element elementor-element-c59b9c8 elementor-widget elementor-widget-text-editor\" data-id=\"c59b9c8\" data-element_type=\"widget\" data-e-type=\"widget\" data-widget_type=\"text-editor.default\">\n\t\t\t\t<div class=\"elementor-widget-container\">\n\t\t\t\t\t\t\t\t\t<p>Page 6<br \/>d\u2019Occident \u00e0 la terre Sainte<br \/>dont entre autre il s\u2019y trouva un Religieux qui se nomoit Pierre l\u2019Hermite, il \u00e9toit l\u2019ermite d\u2019Amiens, qui fit plusieurs fois le voyage de la<br \/>terre Sainte dont il vit la miserable situation o\u00f9 les Chr\u00e9tiens \u00e9toient, entre les mains de ces Barbares. Il prit l\u2019occasion d\u2019en parler \u00e0 Simon<br \/>Patriarche de Jerusalem et ils en tinrent une Conference, et il le pria d\u2019avoir la bont\u00e9 de lui prester la main dans cette\u2026<\/p>\t\t\t\t\t\t\t\t<\/div>\n\t\t\t\t<\/div>\n\t\t\t\t<\/div>\n\t\t<div class=\"elementor-element elementor-element-bb170f4 e-con-full e-flex e-con e-child\" data-id=\"bb170f4\" data-element_type=\"container\" data-e-type=\"container\">\n\t\t\t\t<div class=\"elementor-element elementor-element-6481322 elementor-widget elementor-widget-image\" data-id=\"6481322\" data-element_type=\"widget\" data-e-type=\"widget\" data-widget_type=\"image.default\">\n\t\t\t\t<div class=\"elementor-widget-container\">\n\t\t\t\t\t\t\t\t\t\t\t\t\t\t\t<img loading=\"lazy\" decoding=\"async\" width=\"542\" height=\"864\" src=\"https:\/\/nederlandsetempeliers.nl\/wp-content\/uploads\/Pieter-de-Kluizenaar-5.jpeg\" class=\"attachment-large size-large wp-image-8352\" alt=\"Pierre l&apos;ermite\" srcset=\"https:\/\/nederlandsetempeliers.nl\/wp-content\/uploads\/Pieter-de-Kluizenaar-5.jpeg 542w, https:\/\/nederlandsetempeliers.nl\/wp-content\/uploads\/Pieter-de-Kluizenaar-5-188x300.jpeg 188w\" sizes=\"(max-width: 542px) 100vw, 542px\" \/>\t\t\t\t\t\t\t\t\t\t\t\t\t\t\t<\/div>\n\t\t\t\t<\/div>\n\t\t\t\t<\/div>\n\t\t<div class=\"elementor-element elementor-element-3a27310 e-con-full e-flex e-con e-child\" data-id=\"3a27310\" data-element_type=\"container\" data-e-type=\"container\">\n\t\t\t\t<div class=\"elementor-element elementor-element-73e1dec elementor-widget elementor-widget-text-editor\" data-id=\"73e1dec\" data-element_type=\"widget\" data-e-type=\"widget\" data-widget_type=\"text-editor.default\">\n\t\t\t\t<div class=\"elementor-widget-container\">\n\t\t\t\t\t\t\t\t\t<p>Page 6<br \/>\u2026de l\u2019Occident vers la Terre Sainte. Parmi eux se trouvait un homme d\u2019\u00c9glise nomm\u00e9 Pierre l\u2019Hermite ; il \u00e9tait l\u2019ermite d\u2019Amiens et fit plusieurs voyages en Terre Sainte.<br \/>L\u00e0, il vit la mis\u00e9rable condition dans laquelle vivaient les chr\u00e9tiens, entre les mains de ces barbares.<br \/>Il saisit l\u2019occasion d\u2019en parler avec Simon, le patriarche de J\u00e9rusalem, et ils eurent un entretien ; au cours duquel il lui demanda d\u2019avoir la bont\u00e9 de l\u2019aider en cela\u2026<\/p>\t\t\t\t\t\t\t\t<\/div>\n\t\t\t\t<\/div>\n\t\t\t\t<\/div>\n\t\t\t\t\t<\/div>\n\t\t\t\t<\/div>\n\t\t<div class=\"elementor-element elementor-element-66c8cfc e-flex e-con-boxed e-con e-parent\" data-id=\"66c8cfc\" data-element_type=\"container\" data-e-type=\"container\">\n\t\t\t\t\t<div class=\"e-con-inner\">\n\t\t\t\t<div class=\"elementor-element elementor-element-335816f elementor-widget elementor-widget-text-editor\" data-id=\"335816f\" data-element_type=\"widget\" data-e-type=\"widget\" data-widget_type=\"text-editor.default\">\n\t\t\t\t<div class=\"elementor-widget-container\">\n\t\t\t\t\t\t\t\t\t<p>Page 6<br \/>\u2026de l\u2019Occident vers la Terre Sainte. Parmi eux se trouvait un homme d\u2019\u00c9glise nomm\u00e9 Pierre l\u2019Hermite ; il \u00e9tait l\u2019ermite d\u2019Amiens et fit plusieurs voyages en Terre Sainte.<br \/>L\u00e0, il vit la mis\u00e9rable condition dans laquelle vivaient les chr\u00e9tiens, entre les mains de ces barbares.<br \/>Il saisit l\u2019occasion d\u2019en parler avec Simon, le patriarche de J\u00e9rusalem, et ils eurent un entretien ; au cours duquel il lui demanda d\u2019avoir la bont\u00e9 de l\u2019aider en cela\u2026<br \/><br \/>Page 6 \u2013 Pr\u00e9lude \u00e0 la Premi\u00e8re Croisade<br \/>1. Pierre l\u2019Hermite (Peter the Hermit)<br \/>Selon la tradition m\u00e9di\u00e9vale, il joua un r\u00f4le important dans :<br \/>\u2013 voir la mis\u00e8re en Terre Sainte<br \/>\u2013 \u00e9veiller l\u2019esprit de croisade en Europe<br \/>\u2192 initiateur de la Croisade<br \/><br \/>\u2022 \u2192 La situation est grave \u2192 chr\u00e9tiens = souffrants, innocents<br \/>\u2192 musulmans = cruels, barbares (note : ceci refl\u00e8te le point de vue de la source m\u00e9di\u00e9vale)<br \/>\u2192 Un homme saint voit cela<br \/>\u2192 Il ne peut se taire<br \/>\u2192 Il agit \u2192 contact \u2192 concertation \u2192 action<br \/><br \/>2. \u00ab Patriarche de J\u00e9rusalem \u00bb Ici : Simon \u2014 le soutien spirituel de la Croisade. <\/p>\t\t\t\t\t\t\t\t<\/div>\n\t\t\t\t<\/div>\n\t\t\t\t\t<\/div>\n\t\t\t\t<\/div>\n\t\t<div class=\"elementor-element elementor-element-eaa2d82 e-flex e-con-boxed e-con e-parent\" data-id=\"eaa2d82\" data-element_type=\"container\" data-e-type=\"container\">\n\t\t\t\t\t<div class=\"e-con-inner\">\n\t\t\t\t<div class=\"elementor-element elementor-element-cc94798 elementor-widget elementor-widget-image\" data-id=\"cc94798\" data-element_type=\"widget\" data-e-type=\"widget\" data-widget_type=\"image.default\">\n\t\t\t\t<div class=\"elementor-widget-container\">\n\t\t\t\t\t\t\t\t\t\t\t\t\t\t\t<img loading=\"lazy\" decoding=\"async\" width=\"300\" height=\"55\" src=\"https:\/\/nederlandsetempeliers.nl\/wp-content\/uploads\/guirlande-300x55.jpeg\" class=\"attachment-medium size-medium wp-image-7459\" alt=\"guirlande\" srcset=\"https:\/\/nederlandsetempeliers.nl\/wp-content\/uploads\/guirlande-300x55.jpeg 300w, https:\/\/nederlandsetempeliers.nl\/wp-content\/uploads\/guirlande-1024x189.jpeg 1024w, https:\/\/nederlandsetempeliers.nl\/wp-content\/uploads\/guirlande-768x142.jpeg 768w, https:\/\/nederlandsetempeliers.nl\/wp-content\/uploads\/guirlande.jpeg 1534w\" sizes=\"(max-width: 300px) 100vw, 300px\" \/>\t\t\t\t\t\t\t\t\t\t\t\t\t\t\t<\/div>\n\t\t\t\t<\/div>\n\t\t\t\t\t<\/div>\n\t\t\t\t<\/div>\n\t\t<div class=\"elementor-element elementor-element-02e017b e-flex e-con-boxed e-con e-parent\" data-id=\"02e017b\" data-element_type=\"container\" data-e-type=\"container\">\n\t\t\t\t\t<div class=\"e-con-inner\">\n\t\t<div class=\"elementor-element elementor-element-c287b03 e-con-full e-flex e-con e-child\" data-id=\"c287b03\" data-element_type=\"container\" data-e-type=\"container\">\n\t\t\t\t<div class=\"elementor-element elementor-element-4f73e67 elementor-widget elementor-widget-text-editor\" data-id=\"4f73e67\" data-element_type=\"widget\" data-e-type=\"widget\" data-widget_type=\"text-editor.default\">\n\t\t\t\t<div class=\"elementor-widget-container\">\n\t\t\t\t\t\t\t\t\t<p>Page 7. cette affaire, qu\u2019il eut seulement la bont\u00e9 d\u2019en \u00e9crire au Pape, de le faire \u00e0 savoir aux Princes<br \/>de l\u2019Europe que pour lui de son c\u00f4t\u00e9 il se portoit fort d\u2019exciter les Courones de l\u2019Occident et de faire une exp\u00e9dition contre les Turcs et de conqu\u00e9rir la terre Sainte.<br \/>Le Pape Urbain 2 se<br \/>signala de tenir un Congr\u00e9 \u00e0 Piacenza par l\u2019avis de l\u2019Empereur Henri IV. l\u00e0 o\u00f9 tous les Embassadeurs de l\u2019Europe, m\u00eame ceux de\u2026<\/p>\t\t\t\t\t\t\t\t<\/div>\n\t\t\t\t<\/div>\n\t\t\t\t<\/div>\n\t\t<div class=\"elementor-element elementor-element-5867b8d e-con-full e-flex e-con e-child\" data-id=\"5867b8d\" data-element_type=\"container\" data-e-type=\"container\">\n\t\t\t\t<div class=\"elementor-element elementor-element-5a146ed elementor-widget elementor-widget-image\" data-id=\"5a146ed\" data-element_type=\"widget\" data-e-type=\"widget\" data-widget_type=\"image.default\">\n\t\t\t\t<div class=\"elementor-widget-container\">\n\t\t\t\t\t\t\t\t\t\t\t\t\t\t\t<img loading=\"lazy\" decoding=\"async\" width=\"280\" height=\"498\" src=\"https:\/\/nederlandsetempeliers.nl\/wp-content\/uploads\/Paus-Urbanus-II-3.jpeg\" class=\"attachment-large size-large wp-image-9169\" alt=\"Paus Urbanus II\" srcset=\"https:\/\/nederlandsetempeliers.nl\/wp-content\/uploads\/Paus-Urbanus-II-3.jpeg 280w, https:\/\/nederlandsetempeliers.nl\/wp-content\/uploads\/Paus-Urbanus-II-3-169x300.jpeg 169w\" sizes=\"(max-width: 280px) 100vw, 280px\" \/>\t\t\t\t\t\t\t\t\t\t\t\t\t\t\t<\/div>\n\t\t\t\t<\/div>\n\t\t\t\t<\/div>\n\t\t<div class=\"elementor-element elementor-element-574e5d7 e-con-full e-flex e-con e-child\" data-id=\"574e5d7\" data-element_type=\"container\" data-e-type=\"container\">\n\t\t\t\t<div class=\"elementor-element elementor-element-98e9561 elementor-widget elementor-widget-text-editor\" data-id=\"98e9561\" data-element_type=\"widget\" data-e-type=\"widget\" data-widget_type=\"text-editor.default\">\n\t\t\t\t<div class=\"elementor-widget-container\">\n\t\t\t\t\t\t\t\t\t<p>Page 7<br \/>Dans cette affaire\u2026 qu\u2019il eut seulement<br \/>la bont\u00e9 d\u2019en \u00e9crire au Pape,<br \/>de l\u2019en informer, et aux princes de l\u2019Europe, que, pour sa part, il \u00e9tait dispos\u00e9 \u00e0 appeler les couronnes de l\u2019Occident<br \/>\u00e0 entreprendre une exp\u00e9dition contre les Turcs et \u00e0 conqu\u00e9rir la Terre Sainte.<\/p><p>Le pape Urbain II se proposa de tenir une assembl\u00e9e \u00e0 Piacenza, sur l\u2019avis de l\u2019empereur Henri IV, o\u00f9 tous les ambassadeurs de l\u2019Europe vinrent,<br \/>m\u00eame ceux de\u2026<\/p>\t\t\t\t\t\t\t\t<\/div>\n\t\t\t\t<\/div>\n\t\t\t\t<\/div>\n\t\t\t\t\t<\/div>\n\t\t\t\t<\/div>\n\t\t<div class=\"elementor-element elementor-element-b1eccc5 e-flex e-con-boxed e-con e-parent\" data-id=\"b1eccc5\" data-element_type=\"container\" data-e-type=\"container\">\n\t\t\t\t\t<div class=\"e-con-inner\">\n\t\t\t\t<div class=\"elementor-element elementor-element-9486442 elementor-widget elementor-widget-text-editor\" data-id=\"9486442\" data-element_type=\"widget\" data-e-type=\"widget\" data-widget_type=\"text-editor.default\">\n\t\t\t\t<div class=\"elementor-widget-container\">\n\t\t\t\t\t\t\t\t\t<p>Nous nous trouvons maintenant \u00e0 un moment de transition historique important :<br \/><br \/>\u2192 de Pierre l\u2019Hermite \u2192 au pape Urbain II<br \/>\u2192 le passage du signal spirituel \u2192 \u00e0 l\u2019action politique<br \/><br \/>\u2705 1. Urbain II &amp; le concile de Plaisance (mars 1095)<br \/>\u00b7 la situation des chr\u00e9tiens en Orient,<br \/>\u00b7 l\u2019appel de l\u2019empereur byzantin Alexis Ier \u00e0 l\u2019aide contre les Turcs.<br \/>Le concile suivant \u2014 Clermont \u2014<br \/>devint le moment o\u00f9 la croisade fut officiellement proclam\u00e9e.<\/p><p>Nous lisons :<br \/>\u00b7 La \u00ab bont\u00e9 \u00bb \u2192 l\u2019humilit\u00e9 de Pierre l\u2019Hermite<br \/>\u00b7 Qu\u2019il a suivi la voie juste : Pape \u2192 princes<br \/>\u00b7 Que le pape a agi imm\u00e9diatement<\/p><p><br \/>\u2705 3. Les couronnes de l\u2019Occident \u2014 le terme souligne que le projet :<br \/>\u2192 \u00e9tait europ\u00e9en &amp; chr\u00e9tien \u2192 et non seulement fran\u00e7ais, allemand, etc.<br \/>La valeur symbolique de la croisade : \u2192 une seule chr\u00e9tient\u00e9, un seul but.<\/p>\t\t\t\t\t\t\t\t<\/div>\n\t\t\t\t<\/div>\n\t\t\t\t\t<\/div>\n\t\t\t\t<\/div>\n\t\t<div class=\"elementor-element elementor-element-d3f8686 e-flex e-con-boxed e-con e-parent\" data-id=\"d3f8686\" data-element_type=\"container\" data-e-type=\"container\">\n\t\t\t\t\t<div class=\"e-con-inner\">\n\t\t\t\t<div class=\"elementor-element elementor-element-ba9a98a elementor-widget elementor-widget-image\" data-id=\"ba9a98a\" data-element_type=\"widget\" data-e-type=\"widget\" data-widget_type=\"image.default\">\n\t\t\t\t<div class=\"elementor-widget-container\">\n\t\t\t\t\t\t\t\t\t\t\t\t\t\t\t<img loading=\"lazy\" decoding=\"async\" width=\"300\" height=\"55\" src=\"https:\/\/nederlandsetempeliers.nl\/wp-content\/uploads\/guirlande-300x55.jpeg\" class=\"attachment-medium size-medium wp-image-7459\" alt=\"guirlande\" srcset=\"https:\/\/nederlandsetempeliers.nl\/wp-content\/uploads\/guirlande-300x55.jpeg 300w, https:\/\/nederlandsetempeliers.nl\/wp-content\/uploads\/guirlande-1024x189.jpeg 1024w, https:\/\/nederlandsetempeliers.nl\/wp-content\/uploads\/guirlande-768x142.jpeg 768w, https:\/\/nederlandsetempeliers.nl\/wp-content\/uploads\/guirlande.jpeg 1534w\" sizes=\"(max-width: 300px) 100vw, 300px\" \/>\t\t\t\t\t\t\t\t\t\t\t\t\t\t\t<\/div>\n\t\t\t\t<\/div>\n\t\t\t\t\t<\/div>\n\t\t\t\t<\/div>\n\t\t<div class=\"elementor-element elementor-element-dbf1b2b e-flex e-con-boxed e-con e-parent\" data-id=\"dbf1b2b\" data-element_type=\"container\" data-e-type=\"container\">\n\t\t\t\t\t<div class=\"e-con-inner\">\n\t\t<div class=\"elementor-element elementor-element-b9418d7 e-con-full e-flex e-con e-child\" data-id=\"b9418d7\" data-element_type=\"container\" data-e-type=\"container\">\n\t\t\t\t<div class=\"elementor-element elementor-element-ade596b elementor-widget elementor-widget-text-editor\" data-id=\"ade596b\" data-element_type=\"widget\" data-e-type=\"widget\" data-widget_type=\"text-editor.default\">\n\t\t\t\t<div class=\"elementor-widget-container\">\n\t\t\t\t\t\t\t\t\t<p>Page 8<br \/>de Constantinople y ont paru, et par apr\u00e8s \u00e0 Clermont en Auvergne, l\u00e0 o\u00f9 on y tint deux Conseils tant pour tout<br \/>l\u2019\u00c9glise, que pour bien des autres chose, mais sur tout au sujet de la guerre contre ces Barbares, pour retirer<br \/>la terre Sainte de leur mains. L\u2019on a conclu d\u2019accorder une indulgence plenierre \u00e0 tous ceux qui s\u2019offroient \u00e0 cette entreprise, mais encore tous leurs biens et leurs personnes m\u00eame sous la protection du\u2026<\/p>\t\t\t\t\t\t\t\t<\/div>\n\t\t\t\t<\/div>\n\t\t\t\t<\/div>\n\t\t<div class=\"elementor-element elementor-element-bb3b9bc e-con-full e-flex e-con e-child\" data-id=\"bb3b9bc\" data-element_type=\"container\" data-e-type=\"container\">\n\t\t\t\t<div class=\"elementor-element elementor-element-290ba2d elementor-widget elementor-widget-image\" data-id=\"290ba2d\" data-element_type=\"widget\" data-e-type=\"widget\" data-widget_type=\"image.default\">\n\t\t\t\t<div class=\"elementor-widget-container\">\n\t\t\t\t\t\t\t\t\t\t\t\t\t\t\t<img loading=\"lazy\" decoding=\"async\" width=\"800\" height=\"649\" src=\"https:\/\/nederlandsetempeliers.nl\/wp-content\/uploads\/Aflaat-Paus-Urbanus-II-3-1024x831.jpeg\" class=\"attachment-large size-large wp-image-9170\" alt=\"Aflaat Paus Urbanus II\" srcset=\"https:\/\/nederlandsetempeliers.nl\/wp-content\/uploads\/Aflaat-Paus-Urbanus-II-3-1024x831.jpeg 1024w, https:\/\/nederlandsetempeliers.nl\/wp-content\/uploads\/Aflaat-Paus-Urbanus-II-3-300x244.jpeg 300w, https:\/\/nederlandsetempeliers.nl\/wp-content\/uploads\/Aflaat-Paus-Urbanus-II-3-768x623.jpeg 768w, https:\/\/nederlandsetempeliers.nl\/wp-content\/uploads\/Aflaat-Paus-Urbanus-II-3.jpeg 1392w\" sizes=\"(max-width: 800px) 100vw, 800px\" \/>\t\t\t\t\t\t\t\t\t\t\t\t\t\t\t<\/div>\n\t\t\t\t<\/div>\n\t\t\t\t<\/div>\n\t\t<div class=\"elementor-element elementor-element-0eb5601 e-con-full e-flex e-con e-child\" data-id=\"0eb5601\" data-element_type=\"container\" data-e-type=\"container\">\n\t\t\t\t<div class=\"elementor-element elementor-element-fd73139 elementor-widget elementor-widget-text-editor\" data-id=\"fd73139\" data-element_type=\"widget\" data-e-type=\"widget\" data-widget_type=\"text-editor.default\">\n\t\t\t\t<div class=\"elementor-widget-container\">\n\t\t\t\t\t\t\t\t\t<p>Page 8<br \/>\u2026de Constantinople y vinrent, et ensuite \u00e0 Clermont en Auvergne, o\u00f9 l\u2019on tint deux conciles, tant pour toute l\u2019\u00c9glise, que pour de nombreuses autres affaires,<br \/>mais surtout en ce qui concerne la guerre<br \/>contre ces Barbares, afin de d\u00e9livrer la Terre Sainte de leurs mains.<br \/>On d\u00e9cida d\u2019accorder une indulgence pl\u00e9ni\u00e8re \u00e0 tous ceux qui se pr\u00e9senteraient pour cette entreprise, et en outre de placer leurs biens et leurs personnes sous la protection de\u2026<\/p>\t\t\t\t\t\t\t\t<\/div>\n\t\t\t\t<\/div>\n\t\t\t\t<\/div>\n\t\t\t\t\t<\/div>\n\t\t\t\t<\/div>\n\t\t<div class=\"elementor-element elementor-element-6fc855a e-flex e-con-boxed e-con e-parent\" data-id=\"6fc855a\" data-element_type=\"container\" data-e-type=\"container\">\n\t\t\t\t\t<div class=\"e-con-inner\">\n\t\t\t\t<div class=\"elementor-element elementor-element-b3c6a8b elementor-widget elementor-widget-text-editor\" data-id=\"b3c6a8b\" data-element_type=\"widget\" data-e-type=\"widget\" data-widget_type=\"text-editor.default\">\n\t\t\t\t<div class=\"elementor-widget-container\">\n\t\t\t\t\t\t\t\t\t<p>2 conciles :<br \/><br \/>1 : mars 1095 \u00e0 Plaisance<br \/>2 : Clermont, novembre 1095<br \/><br \/>Le moment o\u00f9 le pape Urbain II proclama officiellement la croisade.<br \/>Indulgence pl\u00e9ni\u00e8re :<br \/>Quiconque partait pour lib\u00e9rer J\u00e9rusalem<br \/>\u21d2 recevait le pardon de tous ses p\u00e9ch\u00e9s<\/p><p>Cela exigeait :<br \/>\u2192 partir avec une intention pure<br \/>\u2192 et combattre pour le Saint-S\u00e9pulcre<br \/>Si quelqu\u2019un partait en croisade \u2192<br \/>sa famille &amp; ses biens \u00e9taient plac\u00e9s sous la protection de l\u2019\u00c9glise<br \/><br \/>Cela visait \u00e0 \u00e9viter :<br \/>\u2192 que les familles deviennent vuln\u00e9rables<br \/>\u2192 que les biens soient saisis<\/p>\t\t\t\t\t\t\t\t<\/div>\n\t\t\t\t<\/div>\n\t\t\t\t\t<\/div>\n\t\t\t\t<\/div>\n\t\t<div class=\"elementor-element elementor-element-ee81395 e-flex e-con-boxed e-con e-parent\" data-id=\"ee81395\" data-element_type=\"container\" data-e-type=\"container\">\n\t\t\t\t\t<div class=\"e-con-inner\">\n\t\t\t\t<div class=\"elementor-element elementor-element-0cf5073 elementor-widget elementor-widget-image\" data-id=\"0cf5073\" data-element_type=\"widget\" data-e-type=\"widget\" data-widget_type=\"image.default\">\n\t\t\t\t<div class=\"elementor-widget-container\">\n\t\t\t\t\t\t\t\t\t\t\t\t\t\t\t<img loading=\"lazy\" decoding=\"async\" width=\"300\" height=\"55\" src=\"https:\/\/nederlandsetempeliers.nl\/wp-content\/uploads\/guirlande-300x55.jpeg\" class=\"attachment-medium size-medium wp-image-7459\" alt=\"guirlande\" srcset=\"https:\/\/nederlandsetempeliers.nl\/wp-content\/uploads\/guirlande-300x55.jpeg 300w, https:\/\/nederlandsetempeliers.nl\/wp-content\/uploads\/guirlande-1024x189.jpeg 1024w, https:\/\/nederlandsetempeliers.nl\/wp-content\/uploads\/guirlande-768x142.jpeg 768w, https:\/\/nederlandsetempeliers.nl\/wp-content\/uploads\/guirlande.jpeg 1534w\" sizes=\"(max-width: 300px) 100vw, 300px\" \/>\t\t\t\t\t\t\t\t\t\t\t\t\t\t\t<\/div>\n\t\t\t\t<\/div>\n\t\t\t\t\t<\/div>\n\t\t\t\t<\/div>\n\t\t<div class=\"elementor-element elementor-element-3021123 e-flex e-con-boxed e-con e-parent\" data-id=\"3021123\" data-element_type=\"container\" data-e-type=\"container\">\n\t\t\t\t\t<div class=\"e-con-inner\">\n\t\t<div class=\"elementor-element elementor-element-00032cd e-con-full e-flex e-con e-child\" data-id=\"00032cd\" data-element_type=\"container\" data-e-type=\"container\">\n\t\t\t\t<div class=\"elementor-element elementor-element-1ad8834 elementor-widget elementor-widget-text-editor\" data-id=\"1ad8834\" data-element_type=\"widget\" data-e-type=\"widget\" data-widget_type=\"text-editor.default\">\n\t\t\t\t<div class=\"elementor-widget-container\">\n\t\t\t\t\t\t\t\t\t<p>Page 9<br \/>du Pape et de l\u2019\u00c9glise, et tous ceux qui \u00e9toient homme de guerre ou qui savoient manier les armes, refuseroient de mettre l\u2019\u00e9p\u00e9e \u00e0 la main seroient bannie de l\u2019\u00c9glise et m\u00eame<br \/>excommuni\u00e9.<br \/>L\u2019on donna ordre \u00e0 tous les \u00c9v\u00eaques de donner de pr\u00eacher dans tous les<br \/>endroits de leur Dioc\u00e8se, afin<br \/>d\u2019animer le peuple \u00e0 cette entreprise, et tous ceux qui auront pris la resolution de cette exp\u00e9dition fussent marqu\u00e9 d\u2019une Croix rouge qu\u2019on leurs\u2026<\/p>\t\t\t\t\t\t\t\t<\/div>\n\t\t\t\t<\/div>\n\t\t\t\t<\/div>\n\t\t<div class=\"elementor-element elementor-element-7add68a e-con-full e-flex e-con e-child\" data-id=\"7add68a\" data-element_type=\"container\" data-e-type=\"container\">\n\t\t\t\t<div class=\"elementor-element elementor-element-d8bc83d elementor-widget elementor-widget-image\" data-id=\"d8bc83d\" data-element_type=\"widget\" data-e-type=\"widget\" data-widget_type=\"image.default\">\n\t\t\t\t<div class=\"elementor-widget-container\">\n\t\t\t\t\t\t\t\t\t\t\t\t\t\t\t<img loading=\"lazy\" decoding=\"async\" width=\"320\" height=\"323\" src=\"https:\/\/nederlandsetempeliers.nl\/wp-content\/uploads\/erfg3.jpg\" class=\"attachment-large size-large wp-image-9907\" alt=\"\u00e9glise Breda 1550\" srcset=\"https:\/\/nederlandsetempeliers.nl\/wp-content\/uploads\/erfg3.jpg 320w, https:\/\/nederlandsetempeliers.nl\/wp-content\/uploads\/erfg3-297x300.jpg 297w, https:\/\/nederlandsetempeliers.nl\/wp-content\/uploads\/erfg3-150x150.jpg 150w\" sizes=\"(max-width: 320px) 100vw, 320px\" \/>\t\t\t\t\t\t\t\t\t\t\t\t\t\t\t<\/div>\n\t\t\t\t<\/div>\n\t\t\t\t<\/div>\n\t\t<div class=\"elementor-element elementor-element-b2cb379 e-con-full e-flex e-con e-child\" data-id=\"b2cb379\" data-element_type=\"container\" data-e-type=\"container\">\n\t\t\t\t<div class=\"elementor-element elementor-element-423817e elementor-widget elementor-widget-text-editor\" data-id=\"423817e\" data-element_type=\"widget\" data-e-type=\"widget\" data-widget_type=\"text-editor.default\">\n\t\t\t\t<div class=\"elementor-widget-container\">\n\t\t\t\t\t\t\t\t\t<p>Page 9<\/p><p>\u2026du Pape et de l\u2019\u00c9glise ; et tous ceux qui \u00e9taient hommes de guerre ou qui savaient manier les armes et refuseraient de prendre l\u2019\u00e9p\u00e9e seraient bannis de l\u2019\u00c9glise et m\u00eame excommuni\u00e9s.<\/p><p data-start=\"187\" data-end=\"320\">On donna \u00e0 tous les \u00e9v\u00eaques l\u2019ordre de pr\u00eacher dans tous les lieux de leur dioc\u00e8se, afin d\u2019encourager le peuple \u00e0 cette entreprise.<\/p><p data-start=\"322\" data-end=\"442\" data-is-last-node=\"\" data-is-only-node=\"\">Et tous ceux qui prenaient la d\u00e9cision de participer \u00e0 cette exp\u00e9dition \u00e9taient marqu\u00e9s d\u2019une croix rouge que l\u2019on leur\u2026<\/p>\t\t\t\t\t\t\t\t<\/div>\n\t\t\t\t<\/div>\n\t\t\t\t<\/div>\n\t\t\t\t\t<\/div>\n\t\t\t\t<\/div>\n\t\t<div class=\"elementor-element elementor-element-39bc4ff e-flex e-con-boxed e-con e-parent\" data-id=\"39bc4ff\" data-element_type=\"container\" data-e-type=\"container\">\n\t\t\t\t\t<div class=\"e-con-inner\">\n\t\t\t\t<div class=\"elementor-element elementor-element-1b035af elementor-widget elementor-widget-text-editor\" data-id=\"1b035af\" data-element_type=\"widget\" data-e-type=\"widget\" data-widget_type=\"text-editor.default\">\n\t\t\t\t<div class=\"elementor-widget-container\">\n\t\t\t\t\t\t\t\t\t<p>La rh\u00e9torique est la suivante : le Saint-S\u00e9pulcre est d\u2019une telle importance que celui qui peut combattre mais refuse de le faire, agit contre Dieu lui-m\u00eame.<br \/><br \/>La pr\u00e9dication fut diffus\u00e9e dans tout le dioc\u00e8se. Cela se fit par les \u00e9v\u00eaques, les pr\u00eatres et les pr\u00e9dicateurs populaires, tels que Pierre l\u2019Hermite.<br \/><br \/><strong>LA CROIX ROUGE<\/strong> les participants \u00e0 la croisade recevaient une croix rouge port\u00e9e sur : les v\u00eatements, le manteau et\/ou l\u2019\u00e9paule.<br \/><br \/>Il s\u2019agissait du signe originel et unique officiel du crois\u00e9 \u2192 crucesignatus = \u00ab marqu\u00e9 du signe de la croix \u00bb.<br \/>C\u2019est ici que na\u00eet l\u2019identit\u00e9 de la croisade. Cette croix rouge est \u00e9galement \u00e0 l\u2019origine du mot \u00ab crois\u00e9 \u00bb.<br \/>Nota : il s\u2019agissait l\u00e0 du savoir de 1705. Plus tard, il est apparu que la croix rouge ne fut officiellement attribu\u00e9e par le pape qu\u2019entre 1144 et 1147.<br \/><br \/>De m\u00eame, \u00e0 l\u2019\u00e9poque des croisades elles-m\u00eames, on ne parlait pas encore de \u00ab croisade \u00bb. Ce nom ne leur fut donn\u00e9 que bien plus tard. Le pape Urbain II parlait de : Iter Hierosolymitanum \u2014 le voyage vers J\u00e9rusalem.<\/p>\t\t\t\t\t\t\t\t<\/div>\n\t\t\t\t<\/div>\n\t\t\t\t\t<\/div>\n\t\t\t\t<\/div>\n\t\t\t\t<section class=\"elementor-section elementor-top-section elementor-element elementor-element-4f20c648 elementor-section-boxed elementor-section-height-default elementor-section-height-default\" data-id=\"4f20c648\" data-element_type=\"section\" data-e-type=\"section\" data-settings=\"{&quot;background_background&quot;:&quot;classic&quot;,&quot;shape_divider_top&quot;:&quot;triangle&quot;,&quot;shape_divider_top_negative&quot;:&quot;yes&quot;,&quot;shape_divider_bottom&quot;:&quot;triangle&quot;,&quot;shape_divider_bottom_negative&quot;:&quot;yes&quot;}\">\n\t\t\t\t\t<div class=\"elementor-shape elementor-shape-top\" aria-hidden=\"true\" data-negative=\"true\">\n\t\t\t<svg xmlns=\"http:\/\/www.w3.org\/2000\/svg\" viewBox=\"0 0 1000 100\" preserveAspectRatio=\"none\">\n\t<path class=\"elementor-shape-fill\" d=\"M500.2,94.7L0,0v100h1000V0L500.2,94.7z\"\/>\n<\/svg>\t\t<\/div>\n\t\t\t\t<div class=\"elementor-shape elementor-shape-bottom\" aria-hidden=\"true\" data-negative=\"true\">\n\t\t\t<svg xmlns=\"http:\/\/www.w3.org\/2000\/svg\" viewBox=\"0 0 1000 100\" preserveAspectRatio=\"none\">\n\t<path class=\"elementor-shape-fill\" d=\"M500.2,94.7L0,0v100h1000V0L500.2,94.7z\"\/>\n<\/svg>\t\t<\/div>\n\t\t\t\t\t<div class=\"elementor-container elementor-column-gap-default\">\n\t\t\t\t\t<div class=\"elementor-column elementor-col-100 elementor-top-column elementor-element elementor-element-200fbee8\" data-id=\"200fbee8\" data-element_type=\"column\" data-e-type=\"column\">\n\t\t\t<div class=\"elementor-widget-wrap elementor-element-populated\">\n\t\t\t\t\t\t<div class=\"elementor-element elementor-element-3aeb58fa elementor-widget__width-auto elementor-view-default elementor-widget elementor-widget-icon\" data-id=\"3aeb58fa\" data-element_type=\"widget\" data-e-type=\"widget\" data-widget_type=\"icon.default\">\n\t\t\t\t<div class=\"elementor-widget-container\">\n\t\t\t\t\t\t\t<div class=\"elementor-icon-wrapper\">\n\t\t\t<div class=\"elementor-icon\">\n\t\t\t<i aria-hidden=\"true\" class=\"fas fa-grip-lines\"><\/i>\t\t\t<\/div>\n\t\t<\/div>\n\t\t\t\t\t\t<\/div>\n\t\t\t\t<\/div>\n\t\t\t\t<div class=\"elementor-element elementor-element-5fa69539 elementor-widget__width-auto elementor-widget elementor-widget-heading\" data-id=\"5fa69539\" data-element_type=\"widget\" data-e-type=\"widget\" data-widget_type=\"heading.default\">\n\t\t\t\t<div class=\"elementor-widget-container\">\n\t\t\t\t\t<h2 class=\"elementor-heading-title elementor-size-default\">1096<\/h2>\t\t\t\t<\/div>\n\t\t\t\t<\/div>\n\t\t\t\t<div class=\"elementor-element elementor-element-60ee7de elementor-widget__width-auto elementor-view-default elementor-widget elementor-widget-icon\" data-id=\"60ee7de\" data-element_type=\"widget\" data-e-type=\"widget\" data-widget_type=\"icon.default\">\n\t\t\t\t<div class=\"elementor-widget-container\">\n\t\t\t\t\t\t\t<div class=\"elementor-icon-wrapper\">\n\t\t\t<div class=\"elementor-icon\">\n\t\t\t<i aria-hidden=\"true\" class=\"fas fa-grip-lines\"><\/i>\t\t\t<\/div>\n\t\t<\/div>\n\t\t\t\t\t\t<\/div>\n\t\t\t\t<\/div>\n\t\t\t\t\t<\/div>\n\t\t<\/div>\n\t\t\t\t\t<\/div>\n\t\t<\/section>\n\t\t<div class=\"elementor-element elementor-element-e42c4e7 e-flex e-con-boxed e-con e-parent\" data-id=\"e42c4e7\" data-element_type=\"container\" data-e-type=\"container\">\n\t\t\t\t\t<div class=\"e-con-inner\">\n\t\t<div class=\"elementor-element elementor-element-623411d e-con-full e-flex e-con e-child\" data-id=\"623411d\" data-element_type=\"container\" data-e-type=\"container\">\n\t\t\t\t<div class=\"elementor-element elementor-element-91183ab elementor-widget elementor-widget-text-editor\" data-id=\"91183ab\" data-element_type=\"widget\" data-e-type=\"widget\" data-widget_type=\"text-editor.default\">\n\t\t\t\t<div class=\"elementor-widget-container\">\n\t\t\t\t\t\t\t\t\t<p>Page 10<br \/>&#8230;attach\u00e9e sur l\u2019\u00e9paule, c\u2019est par l\u00e0 qu\u2019est devenu le nom de la Croissade.<br \/>L\u2019on ne peut exprimer l\u2019effet que ces pr\u00e9dicateurs ont op\u00e9r\u00e9 dans si peu de<br \/>tems de tous les Royaumes<br \/>d\u2019Occident le peuple y accourut \u00e0 grande foule, et receurent la marque de la croix, quelqu\u2019un d\u2019un vrai zele de voir et d\u2019adorer le vrai sepulchre de Jesus Christ, et de le retirer des mains des infidelles\u2026<\/p>\t\t\t\t\t\t\t\t<\/div>\n\t\t\t\t<\/div>\n\t\t\t\t<\/div>\n\t\t<div class=\"elementor-element elementor-element-367def8 e-con-full e-flex e-con e-child\" data-id=\"367def8\" data-element_type=\"container\" data-e-type=\"container\">\n\t\t\t\t<div class=\"elementor-element elementor-element-417ec3f elementor-widget elementor-widget-image\" data-id=\"417ec3f\" data-element_type=\"widget\" data-e-type=\"widget\" data-widget_type=\"image.default\">\n\t\t\t\t<div class=\"elementor-widget-container\">\n\t\t\t\t\t\t\t\t\t\t\t\t\t\t\t<img loading=\"lazy\" decoding=\"async\" width=\"232\" height=\"348\" src=\"https:\/\/nederlandsetempeliers.nl\/wp-content\/uploads\/qsef3rg3.jpg\" class=\"attachment-large size-large wp-image-9909\" alt=\"Croix des Templiers\" srcset=\"https:\/\/nederlandsetempeliers.nl\/wp-content\/uploads\/qsef3rg3.jpg 232w, https:\/\/nederlandsetempeliers.nl\/wp-content\/uploads\/qsef3rg3-200x300.jpg 200w\" sizes=\"(max-width: 232px) 100vw, 232px\" \/>\t\t\t\t\t\t\t\t\t\t\t\t\t\t\t<\/div>\n\t\t\t\t<\/div>\n\t\t\t\t<\/div>\n\t\t<div class=\"elementor-element elementor-element-ecf771e e-con-full e-flex e-con e-child\" data-id=\"ecf771e\" data-element_type=\"container\" data-e-type=\"container\">\n\t\t\t\t<div class=\"elementor-element elementor-element-9084975 elementor-widget elementor-widget-text-editor\" data-id=\"9084975\" data-element_type=\"widget\" data-e-type=\"widget\" data-widget_type=\"text-editor.default\">\n\t\t\t\t<div class=\"elementor-widget-container\">\n\t\t\t\t\t\t\t\t\t<p>Page 10<br \/>\u2026cousue sur l\u2019\u00e9paule ; c\u2019est de l\u00e0 que vient le nom de \u00ab croisade \u00bb. On ne peut d\u00e9crire l\u2019effet que ces pr\u00e9dicateurs provoqu\u00e8rent en si peu de temps dans tous les royaumes de l\u2019Occident : le peuple affluait en grand nombre et recevait le signe de la croix.<\/p><p>Anim\u00e9s d\u2019un v\u00e9ritable feu et d\u2019un profond d\u00e9sir<br \/>de voir et de v\u00e9n\u00e9rer le v\u00e9ritable tombeau de J\u00e9sus-Christ<br \/>et de le d\u00e9livrer des mains des infid\u00e8les\u2026<\/p>\t\t\t\t\t\t\t\t<\/div>\n\t\t\t\t<\/div>\n\t\t\t\t<\/div>\n\t\t\t\t\t<\/div>\n\t\t\t\t<\/div>\n\t\t<div class=\"elementor-element elementor-element-0dc88b2 e-flex e-con-boxed e-con e-parent\" data-id=\"0dc88b2\" data-element_type=\"container\" data-e-type=\"container\">\n\t\t\t\t\t<div class=\"e-con-inner\">\n\t\t\t\t<div class=\"elementor-element elementor-element-2d57f83 elementor-widget elementor-widget-text-editor\" data-id=\"2d57f83\" data-element_type=\"widget\" data-e-type=\"widget\" data-widget_type=\"text-editor.default\">\n\t\t\t\t<div class=\"elementor-widget-container\">\n\t\t\t\t\t\t\t\t\t<p>Page 10<br \/>C\u2019est par l\u00e0 qu\u2019est devenu le nom la Croisade.<br \/>\u2192 Cela fait r\u00e9f\u00e9rence au signe de la croix rouge.<br \/>\u2192 Le mot fran\u00e7ais \u00ab croisade \u00bb vient de \u00ab croix \u00bb.<br \/>\u2192 Le porteur du signe devient le \u00ab crois\u00e9 \u00bb.<br \/><br \/>Le peuple y accourut \u00e0 grande foule<br \/>\u2192 L\u2019appel d\u2019Urbain II d\u00e9clencha un v\u00e9ritable mouvement de masse.<br \/><br \/>Encore une fois : ce n\u2019est pas ainsi qu\u2019on en parlait en 1097 \u2014 cette terminologie n\u2019apparut r\u00e9ellement qu\u2019au XIIIe si\u00e8cle.<br \/><br \/><\/p>\t\t\t\t\t\t\t\t<\/div>\n\t\t\t\t<\/div>\n\t\t\t\t\t<\/div>\n\t\t\t\t<\/div>\n\t\t<div class=\"elementor-element elementor-element-b9168af e-flex e-con-boxed e-con e-parent\" data-id=\"b9168af\" data-element_type=\"container\" data-e-type=\"container\">\n\t\t\t\t\t<div class=\"e-con-inner\">\n\t\t\t\t<div class=\"elementor-element elementor-element-1fef6c2 elementor-widget elementor-widget-image\" data-id=\"1fef6c2\" data-element_type=\"widget\" data-e-type=\"widget\" data-widget_type=\"image.default\">\n\t\t\t\t<div class=\"elementor-widget-container\">\n\t\t\t\t\t\t\t\t\t\t\t\t\t\t\t<img loading=\"lazy\" decoding=\"async\" width=\"300\" height=\"55\" src=\"https:\/\/nederlandsetempeliers.nl\/wp-content\/uploads\/guirlande-300x55.jpeg\" class=\"attachment-medium size-medium wp-image-7459\" alt=\"guirlande\" srcset=\"https:\/\/nederlandsetempeliers.nl\/wp-content\/uploads\/guirlande-300x55.jpeg 300w, https:\/\/nederlandsetempeliers.nl\/wp-content\/uploads\/guirlande-1024x189.jpeg 1024w, https:\/\/nederlandsetempeliers.nl\/wp-content\/uploads\/guirlande-768x142.jpeg 768w, https:\/\/nederlandsetempeliers.nl\/wp-content\/uploads\/guirlande.jpeg 1534w\" sizes=\"(max-width: 300px) 100vw, 300px\" \/>\t\t\t\t\t\t\t\t\t\t\t\t\t\t\t<\/div>\n\t\t\t\t<\/div>\n\t\t\t\t\t<\/div>\n\t\t\t\t<\/div>\n\t\t<div class=\"elementor-element elementor-element-06f6771 e-flex e-con-boxed e-con e-parent\" data-id=\"06f6771\" data-element_type=\"container\" data-e-type=\"container\">\n\t\t\t\t\t<div class=\"e-con-inner\">\n\t\t<div class=\"elementor-element elementor-element-bc2fb89 e-con-full e-flex e-con e-child\" data-id=\"bc2fb89\" data-element_type=\"container\" data-e-type=\"container\">\n\t\t\t\t<div class=\"elementor-element elementor-element-aa4ebf0 elementor-widget elementor-widget-text-editor\" data-id=\"aa4ebf0\" data-element_type=\"widget\" data-e-type=\"widget\" data-widget_type=\"text-editor.default\">\n\t\t\t\t<div class=\"elementor-widget-container\">\n\t\t\t\t\t\t\t\t\t<p>Page 11<br \/>&#8230;.d\u2019autres par curiosit\u00e9, d\u2019autres par s\u00e9culantise, et de paresse pour \u00eatre exanter du travail et de paier leur dettes qu\u2019ils<br \/>avoit fait dans leur libertinage et debauche, c\u2019est l\u00e0 ils prenoient leur pr\u00e9teste jus\u2019qua aux femmes et les enfans qu\u2019ils ne voulurent<br \/>pas \u00eatre exempt de ce voyage et hors du nombre de la croisade. Enfin que l\u2019arm\u00e9e qui s\u2019avoit assembl\u00e9 de tous l\u2019occident comme dit de grand historiens, Wilhelin Malmesburg<\/p>\t\t\t\t\t\t\t\t<\/div>\n\t\t\t\t<\/div>\n\t\t\t\t<\/div>\n\t\t<div class=\"elementor-element elementor-element-c4d5b5e e-con-full e-flex e-con e-child\" data-id=\"c4d5b5e\" data-element_type=\"container\" data-e-type=\"container\">\n\t\t\t\t<div class=\"elementor-element elementor-element-dc390f0 elementor-widget elementor-widget-image\" data-id=\"dc390f0\" data-element_type=\"widget\" data-e-type=\"widget\" data-widget_type=\"image.default\">\n\t\t\t\t<div class=\"elementor-widget-container\">\n\t\t\t\t\t\t\t\t\t\t\t\t\t\t\t<img loading=\"lazy\" decoding=\"async\" width=\"424\" height=\"1024\" src=\"https:\/\/nederlandsetempeliers.nl\/wp-content\/uploads\/Willem-van-Malmesbury-3-424x1024.jpeg\" class=\"attachment-large size-large wp-image-10071\" alt=\"Willem van Malmesbury.\" srcset=\"https:\/\/nederlandsetempeliers.nl\/wp-content\/uploads\/Willem-van-Malmesbury-3-424x1024.jpeg 424w, https:\/\/nederlandsetempeliers.nl\/wp-content\/uploads\/Willem-van-Malmesbury-3-124x300.jpeg 124w, https:\/\/nederlandsetempeliers.nl\/wp-content\/uploads\/Willem-van-Malmesbury-3-636x1536.jpeg 636w, https:\/\/nederlandsetempeliers.nl\/wp-content\/uploads\/Willem-van-Malmesbury-3.jpeg 662w\" sizes=\"(max-width: 424px) 100vw, 424px\" \/>\t\t\t\t\t\t\t\t\t\t\t\t\t\t\t<\/div>\n\t\t\t\t<\/div>\n\t\t\t\t<\/div>\n\t\t<div class=\"elementor-element elementor-element-b827716 e-con-full e-flex e-con e-child\" data-id=\"b827716\" data-element_type=\"container\" data-e-type=\"container\">\n\t\t\t\t<div class=\"elementor-element elementor-element-defacc5 elementor-widget elementor-widget-text-editor\" data-id=\"defacc5\" data-element_type=\"widget\" data-e-type=\"widget\" data-widget_type=\"text-editor.default\">\n\t\t\t\t<div class=\"elementor-widget-container\">\n\t\t\t\t\t\t\t\t\t<p>Page 11<br \/>\u2026d\u2019autres par curiosit\u00e9, d\u2019autres par mondanit\u00e9,<br \/>ou par paresse, afin d\u2019\u00eatre dispens\u00e9s du travail,<br \/>et pour \u00e9chapper aux dettes qu\u2019ils avaient accumul\u00e9es dans leur d\u00e9bauche et leurs exc\u00e8s.<br \/>Ils saisirent tous les pr\u00e9textes possibles,<br \/>au point m\u00eame de ne pas vouloir laisser femmes et enfants en dehors de ce voyage, mais de les compter parmi le nombre de la croisade.<br \/>Bref, l\u2019arm\u00e9e qui se rassembla de tout l\u2019Occident, comme le disent les grands historiens, parmi lesquels Guillaume de Malmesbury\u2026<\/p>\t\t\t\t\t\t\t\t<\/div>\n\t\t\t\t<\/div>\n\t\t\t\t<\/div>\n\t\t\t\t\t<\/div>\n\t\t\t\t<\/div>\n\t\t<div class=\"elementor-element elementor-element-454fe1a e-flex e-con-boxed e-con e-parent\" data-id=\"454fe1a\" data-element_type=\"container\" data-e-type=\"container\">\n\t\t\t\t\t<div class=\"e-con-inner\">\n\t\t\t\t<div class=\"elementor-element elementor-element-ff70db3 elementor-widget elementor-widget-text-editor\" data-id=\"ff70db3\" data-element_type=\"widget\" data-e-type=\"widget\" data-widget_type=\"text-editor.default\">\n\t\t\t\t<div class=\"elementor-widget-container\">\n\t\t\t\t\t\t\t\t\t<p>Page 11. <br \/>Guillaume de Malmesbury \u2192 il (\u2020 vers 1143) fut un important chroniqueur anglais. Son \u0153uvre est l\u2019une des grandes sources latines d\u00e9crivant les croisades.<br \/>Le fait que l\u2019auteur le cite<br \/>\u2192 montre qu\u2019il fonde son r\u00e9cit sur une tradition respect\u00e9e<br \/>\u2192 ou qu\u2019il cherche au moins \u00e0 lui donner une autorit\u00e9 reconnue.<br \/><br \/>\u00c0 noter : Il est exceptionnel qu\u2019un manuscrit scolaire\/semi-monastique cite explicitement un historien pr\u00e9cis !<br \/>Cela signifie que l\u2019auteur n\u2019\u00e9tait pas un simple r\u00e9p\u00e9titeur sans r\u00e9flexion, mais quelqu\u2019un qui savait que l\u2019autorit\u00e9 \u00e9crite a de l\u2019importance. <\/p>\t\t\t\t\t\t\t\t<\/div>\n\t\t\t\t<\/div>\n\t\t\t\t\t<\/div>\n\t\t\t\t<\/div>\n\t\t<div class=\"elementor-element elementor-element-292a0d1 e-flex e-con-boxed e-con e-parent\" data-id=\"292a0d1\" data-element_type=\"container\" data-e-type=\"container\">\n\t\t\t\t\t<div class=\"e-con-inner\">\n\t\t\t\t<div class=\"elementor-element elementor-element-6285ce5 elementor-widget elementor-widget-image\" data-id=\"6285ce5\" data-element_type=\"widget\" data-e-type=\"widget\" data-widget_type=\"image.default\">\n\t\t\t\t<div class=\"elementor-widget-container\">\n\t\t\t\t\t\t\t\t\t\t\t\t\t\t\t<img loading=\"lazy\" decoding=\"async\" width=\"300\" height=\"55\" src=\"https:\/\/nederlandsetempeliers.nl\/wp-content\/uploads\/guirlande-300x55.jpeg\" class=\"attachment-medium size-medium wp-image-7459\" alt=\"guirlande\" srcset=\"https:\/\/nederlandsetempeliers.nl\/wp-content\/uploads\/guirlande-300x55.jpeg 300w, https:\/\/nederlandsetempeliers.nl\/wp-content\/uploads\/guirlande-1024x189.jpeg 1024w, https:\/\/nederlandsetempeliers.nl\/wp-content\/uploads\/guirlande-768x142.jpeg 768w, https:\/\/nederlandsetempeliers.nl\/wp-content\/uploads\/guirlande.jpeg 1534w\" sizes=\"(max-width: 300px) 100vw, 300px\" \/>\t\t\t\t\t\t\t\t\t\t\t\t\t\t\t<\/div>\n\t\t\t\t<\/div>\n\t\t\t\t\t<\/div>\n\t\t\t\t<\/div>\n\t\t<div class=\"elementor-element elementor-element-a4e52fc e-flex e-con-boxed e-con e-parent\" data-id=\"a4e52fc\" data-element_type=\"container\" data-e-type=\"container\">\n\t\t\t\t\t<div class=\"e-con-inner\">\n\t\t<div class=\"elementor-element elementor-element-de72cf3 e-con-full e-flex e-con e-child\" data-id=\"de72cf3\" data-element_type=\"container\" data-e-type=\"container\">\n\t\t\t\t<div class=\"elementor-element elementor-element-a7093d9 elementor-widget elementor-widget-text-editor\" data-id=\"a7093d9\" data-element_type=\"widget\" data-e-type=\"widget\" data-widget_type=\"text-editor.default\">\n\t\t\t\t<div class=\"elementor-widget-container\">\n\t\t\t\t\t\t\t\t\t<p>Page 12 <br \/>Malmesbourg qui l\u2019a vu et qui \u00e9toit de ce tems l\u00e0 fait le nombre de 5 millions d\u2019\u00e2mes<br \/>\u00e0 porter les Armes. Mais le malheur \u00e9toit qu\u2019 il y avoit un tr\u00e8s grand d\u00e9sordre dans tous ces diff\u00e9rentes nations, chacun vouloit \u00eatre ma\u00eetre.<br \/>1\u00ba qu\u2019il n\u2019y avoit personne pour commander l\u2019arm\u00e9e en chef, chaque seigneur qui avoit pris la marque de la<br \/>croix \u00e9toit pour lui seul et faisoit avec ses gens tout ce\u2026<\/p>\t\t\t\t\t\t\t\t<\/div>\n\t\t\t\t<\/div>\n\t\t\t\t<\/div>\n\t\t<div class=\"elementor-element elementor-element-b47fc70 e-con-full e-flex e-con e-child\" data-id=\"b47fc70\" data-element_type=\"container\" data-e-type=\"container\">\n\t\t\t\t<div class=\"elementor-element elementor-element-f53ab86 elementor-widget elementor-widget-image\" data-id=\"f53ab86\" data-element_type=\"widget\" data-e-type=\"widget\" data-widget_type=\"image.default\">\n\t\t\t\t<div class=\"elementor-widget-container\">\n\t\t\t\t\t\t\t\t\t\t\t\t\t\t\t<img loading=\"lazy\" decoding=\"async\" width=\"684\" height=\"1024\" src=\"https:\/\/nederlandsetempeliers.nl\/wp-content\/uploads\/O-Sanctie-Zwaard-3-684x1024.jpeg\" class=\"attachment-large size-large wp-image-10072\" alt=\"O Sanctie Zwaard\" srcset=\"https:\/\/nederlandsetempeliers.nl\/wp-content\/uploads\/O-Sanctie-Zwaard-3-684x1024.jpeg 684w, https:\/\/nederlandsetempeliers.nl\/wp-content\/uploads\/O-Sanctie-Zwaard-3-200x300.jpeg 200w, https:\/\/nederlandsetempeliers.nl\/wp-content\/uploads\/O-Sanctie-Zwaard-3-768x1151.jpeg 768w, https:\/\/nederlandsetempeliers.nl\/wp-content\/uploads\/O-Sanctie-Zwaard-3-1025x1536.jpeg 1025w, https:\/\/nederlandsetempeliers.nl\/wp-content\/uploads\/O-Sanctie-Zwaard-3.jpeg 1068w\" sizes=\"(max-width: 684px) 100vw, 684px\" \/>\t\t\t\t\t\t\t\t\t\t\t\t\t\t\t<\/div>\n\t\t\t\t<\/div>\n\t\t\t\t<\/div>\n\t\t<div class=\"elementor-element elementor-element-08e0b47 e-con-full e-flex e-con e-child\" data-id=\"08e0b47\" data-element_type=\"container\" data-e-type=\"container\">\n\t\t\t\t<div class=\"elementor-element elementor-element-740f334 elementor-widget elementor-widget-text-editor\" data-id=\"740f334\" data-element_type=\"widget\" data-e-type=\"widget\" data-widget_type=\"text-editor.default\">\n\t\t\t\t<div class=\"elementor-widget-container\">\n\t\t\t\t\t\t\t\t\t<p>Page 12. <br \/>Guillaume de Malmesbury, qui l\u2019a vu et qui appartenait \u00e0 cette \u00e9poque, dit que le nombre<br \/>de cinq millions d\u2019\u00e2mes pouvait porter les armes.<br \/>Mais le malheur fut qu\u2019un tr\u00e8s grand d\u00e9sordre r\u00e9gnait parmi toutes ces diff\u00e9rentes nations, car chacun voulait \u00eatre ma\u00eetre.<br \/>1\u00ba Il n\u2019y avait personne qui commandait l\u2019arm\u00e9e<br \/>dans son ensemble; chaque seigneur qui avait pris la croix agissait pour lui-m\u00eame et faisait avec ses hommes ce qu\u2019il voulait\u2026<\/p>\t\t\t\t\t\t\t\t<\/div>\n\t\t\t\t<\/div>\n\t\t\t\t<\/div>\n\t\t\t\t\t<\/div>\n\t\t\t\t<\/div>\n\t\t<div class=\"elementor-element elementor-element-ecf3997 e-flex e-con-boxed e-con e-parent\" data-id=\"ecf3997\" data-element_type=\"container\" data-e-type=\"container\">\n\t\t\t\t\t<div class=\"e-con-inner\">\n\t\t\t\t<div class=\"elementor-element elementor-element-e361402 elementor-widget elementor-widget-text-editor\" data-id=\"e361402\" data-element_type=\"widget\" data-e-type=\"widget\" data-widget_type=\"text-editor.default\">\n\t\t\t\t<div class=\"elementor-widget-container\">\n\t\t\t\t\t\t\t\t\t<p>Page 12. <br \/>Au d\u00e9but de la Premi\u00e8re Croisade, il n\u2019y avait pas de commandant supr\u00eame, mais plusieurs chefs :<br \/>\u2022 Godefroy de Bouillon<br \/>\u2022 Raymond de Toulouse<br \/>\u2022 Boh\u00e9mond<br \/>\u2022 Tancr\u00e8de<br \/>\u2022 Robert de Normandie<br \/>etc.<br \/>\u2192 chacun avait ses propres troupes<br \/>\u2192 il n\u2019existait aucun commandement central<br \/>Cela donne \u00e0 ce manuscrit une grande pr\u00e9cision historique.<\/p>\t\t\t\t\t\t\t\t<\/div>\n\t\t\t\t<\/div>\n\t\t\t\t\t<\/div>\n\t\t\t\t<\/div>\n\t\t<div class=\"elementor-element elementor-element-7055dcf e-flex e-con-boxed e-con e-parent\" data-id=\"7055dcf\" data-element_type=\"container\" data-e-type=\"container\">\n\t\t\t\t\t<div class=\"e-con-inner\">\n\t\t\t\t<div class=\"elementor-element elementor-element-0811f55 elementor-widget elementor-widget-image\" data-id=\"0811f55\" data-element_type=\"widget\" data-e-type=\"widget\" data-widget_type=\"image.default\">\n\t\t\t\t<div class=\"elementor-widget-container\">\n\t\t\t\t\t\t\t\t\t\t\t\t\t\t\t<img loading=\"lazy\" decoding=\"async\" width=\"300\" height=\"55\" src=\"https:\/\/nederlandsetempeliers.nl\/wp-content\/uploads\/guirlande-300x55.jpeg\" class=\"attachment-medium size-medium wp-image-7459\" alt=\"guirlande\" srcset=\"https:\/\/nederlandsetempeliers.nl\/wp-content\/uploads\/guirlande-300x55.jpeg 300w, https:\/\/nederlandsetempeliers.nl\/wp-content\/uploads\/guirlande-1024x189.jpeg 1024w, https:\/\/nederlandsetempeliers.nl\/wp-content\/uploads\/guirlande-768x142.jpeg 768w, https:\/\/nederlandsetempeliers.nl\/wp-content\/uploads\/guirlande.jpeg 1534w\" sizes=\"(max-width: 300px) 100vw, 300px\" \/>\t\t\t\t\t\t\t\t\t\t\t\t\t\t\t<\/div>\n\t\t\t\t<\/div>\n\t\t\t\t\t<\/div>\n\t\t\t\t<\/div>\n\t\t<div class=\"elementor-element elementor-element-dc5c3b5 e-flex e-con-boxed e-con e-parent\" data-id=\"dc5c3b5\" data-element_type=\"container\" data-e-type=\"container\">\n\t\t\t\t\t<div class=\"e-con-inner\">\n\t\t<div class=\"elementor-element elementor-element-03ffa85 e-con-full e-flex e-con e-child\" data-id=\"03ffa85\" data-element_type=\"container\" data-e-type=\"container\">\n\t\t\t\t<div class=\"elementor-element elementor-element-f7c4da8 elementor-widget elementor-widget-text-editor\" data-id=\"f7c4da8\" data-element_type=\"widget\" data-e-type=\"widget\" data-widget_type=\"text-editor.default\">\n\t\t\t\t<div class=\"elementor-widget-container\">\n\t\t\t\t\t\t\t\t\t<p>Page 13<br \/>ce qu\u2019il jugeo\u00eet \u00e0 propos, quoique la plus grande autorit\u00e9 avoit \u00e9t\u00e9 donn\u00e9e en<br \/>mains de GottFroi de Bouillon, mais il n\u2019avoit pas le commandement en Chef, mais seulement comme premier Con-<br \/>seiller de guerre.<br \/>2\u00bame \u00e9toit que l\u2019on ne s\u2019entreparloit pas l\u2019un et l\u2019autre comment ou quand l\u2019on<br \/>commencerout la guerre contre les Turcs, mais chacun faisoit comme bon lui sem-<br \/>bloit \u00e0 la garde de Dieu.\u00ab\u00a0<\/p>\t\t\t\t\t\t\t\t<\/div>\n\t\t\t\t<\/div>\n\t\t\t\t<\/div>\n\t\t<div class=\"elementor-element elementor-element-190371e e-con-full e-flex e-con e-child\" data-id=\"190371e\" data-element_type=\"container\" data-e-type=\"container\">\n\t\t\t\t<div class=\"elementor-element elementor-element-0208e6f elementor-widget elementor-widget-image\" data-id=\"0208e6f\" data-element_type=\"widget\" data-e-type=\"widget\" data-widget_type=\"image.default\">\n\t\t\t\t<div class=\"elementor-widget-container\">\n\t\t\t\t\t\t\t\t\t\t\t\t\t\t\t<img loading=\"lazy\" decoding=\"async\" width=\"303\" height=\"471\" src=\"https:\/\/nederlandsetempeliers.nl\/wp-content\/uploads\/Godfried-3.jpeg\" class=\"attachment-large size-large wp-image-10248\" alt=\"Godefroy de Bouillon\" srcset=\"https:\/\/nederlandsetempeliers.nl\/wp-content\/uploads\/Godfried-3.jpeg 303w, https:\/\/nederlandsetempeliers.nl\/wp-content\/uploads\/Godfried-3-193x300.jpeg 193w\" sizes=\"(max-width: 303px) 100vw, 303px\" \/>\t\t\t\t\t\t\t\t\t\t\t\t\t\t\t<\/div>\n\t\t\t\t<\/div>\n\t\t\t\t<\/div>\n\t\t<div class=\"elementor-element elementor-element-b478f24 e-con-full e-flex e-con e-child\" data-id=\"b478f24\" data-element_type=\"container\" data-e-type=\"container\">\n\t\t\t\t<div class=\"elementor-element elementor-element-b90d3b6 elementor-widget elementor-widget-text-editor\" data-id=\"b90d3b6\" data-element_type=\"widget\" data-e-type=\"widget\" data-widget_type=\"text-editor.default\">\n\t\t\t\t<div class=\"elementor-widget-container\">\n\t\t\t\t\t\t\t\t\t<p>Page 13<br \/>\u00ab \u2026ce qu\u2019il jugeait bon, bien que la plus grande autorit\u00e9 e\u00fbt \u00e9t\u00e9 donn\u00e9e entre les mains de Godefroy de Bouillon, il n\u2019avait cependant pas le commandement supr\u00eame ;<br \/>il n\u2019\u00e9tait consid\u00e9r\u00e9 que comme le premier<br \/>conseiller de guerre.<br \/>La seconde chose \u00e9tait que l\u2019on ne se consultait pas entre eux sur la mani\u00e8re ou le moment de commencer la guerre contre les Turcs ; mais chacun faisait ce qui lui semblait bon, sous la garde de Dieu. \u00bb<\/p>\t\t\t\t\t\t\t\t<\/div>\n\t\t\t\t<\/div>\n\t\t\t\t<\/div>\n\t\t\t\t\t<\/div>\n\t\t\t\t<\/div>\n\t\t<div class=\"elementor-element elementor-element-717f2b4 e-flex e-con-boxed e-con e-parent\" data-id=\"717f2b4\" data-element_type=\"container\" data-e-type=\"container\">\n\t\t\t\t\t<div class=\"e-con-inner\">\n\t\t\t\t<div class=\"elementor-element elementor-element-9ed9746 elementor-widget elementor-widget-text-editor\" data-id=\"9ed9746\" data-element_type=\"widget\" data-e-type=\"widget\" data-widget_type=\"text-editor.default\">\n\t\t\t\t<div class=\"elementor-widget-container\">\n\t\t\t\t\t\t\t\t\t<p>Ici, quelque chose de tr\u00e8s int\u00e9ressant est dit \u2192 Il poss\u00e9dait la plus haute autorit\u00e9, mais non le commandement supr\u00eame. <span style=\"font-family: -apple-system, BlinkMacSystemFont, 'Segoe UI', Roboto, 'Helvetica Neue', Arial, 'Noto Sans', sans-serif, 'Apple Color Emoji', 'Segoe UI Emoji', 'Segoe UI Symbol', 'Noto Color Emoji';\">Historiquement, cela est exact : il n\u2019existait aucun commandant supr\u00eame officiel. Godefroy \u00e9tait consid\u00e9r\u00e9 comme primus inter pares \u2014 \u00ab le premier parmi ses \u00e9gaux \u00bb. <\/span>Son prestige \u00e9tait immense, mais il ne d\u00e9tenait aucun pouvoir absolu.<br \/>Il est ici nomm\u00e9 premier Conseiller de guerre.<br \/>Il est donc pr\u00e9sent\u00e9 comme :<br \/>\u2192 un chef moral<br \/>\u2192 et non un dictateur militaire. <br \/>Autrement dit, Godefroy appara\u00eet comme humble, pieux et au service des autres. Les chroniques plus tardives le rendirent presque saint, et ce manuscrit s\u2019inscrit parfaitement dans cette tradition.<\/p><p>\u00ab \u2026on ne se consultait pas sur la mani\u00e8re ou le moment de commencer\u2026 \u00bb<br \/>\u2192 description tr\u00e8s fid\u00e8le de la premi\u00e8re croisade.<br \/>\u2192 les chefs \u00e9taient rivaux<br \/>\u2192 la planification faisait d\u00e9faut<br \/>\u2192 la foi &gt; la logistique<br \/>\u2192 pourtant tout avan\u00e7ait \u00ab sous la garde de Dieu \u00bb<br \/>\u2192 malgr\u00e9 les faiblesses humaines.<\/p><p>De m\u00eame : \u00ab chacun faisoit comme bon lui sembloit \u00e0 la garde de Dieu. \u00bb<br \/>\u2192 chacun faisait ce qu\u2019il voulait<br \/>\u2192 dans la confiance en Dieu<br \/>\u2192 agissant librement, mais sous la protection divine.<\/p>\t\t\t\t\t\t\t\t<\/div>\n\t\t\t\t<\/div>\n\t\t\t\t\t<\/div>\n\t\t\t\t<\/div>\n\t\t<div class=\"elementor-element elementor-element-f7e661e e-flex e-con-boxed e-con e-parent\" data-id=\"f7e661e\" data-element_type=\"container\" data-e-type=\"container\">\n\t\t\t\t\t<div class=\"e-con-inner\">\n\t\t\t\t<div class=\"elementor-element elementor-element-4ffa43d elementor-widget elementor-widget-image\" data-id=\"4ffa43d\" data-element_type=\"widget\" data-e-type=\"widget\" data-widget_type=\"image.default\">\n\t\t\t\t<div class=\"elementor-widget-container\">\n\t\t\t\t\t\t\t\t\t\t\t\t\t\t\t<img loading=\"lazy\" decoding=\"async\" width=\"300\" height=\"55\" src=\"https:\/\/nederlandsetempeliers.nl\/wp-content\/uploads\/guirlande-300x55.jpeg\" class=\"attachment-medium size-medium wp-image-7459\" alt=\"guirlande\" srcset=\"https:\/\/nederlandsetempeliers.nl\/wp-content\/uploads\/guirlande-300x55.jpeg 300w, https:\/\/nederlandsetempeliers.nl\/wp-content\/uploads\/guirlande-1024x189.jpeg 1024w, https:\/\/nederlandsetempeliers.nl\/wp-content\/uploads\/guirlande-768x142.jpeg 768w, https:\/\/nederlandsetempeliers.nl\/wp-content\/uploads\/guirlande.jpeg 1534w\" sizes=\"(max-width: 300px) 100vw, 300px\" \/>\t\t\t\t\t\t\t\t\t\t\t\t\t\t\t<\/div>\n\t\t\t\t<\/div>\n\t\t\t\t\t<\/div>\n\t\t\t\t<\/div>\n\t\t<div class=\"elementor-element elementor-element-f2d4bdd e-flex e-con-boxed e-con e-parent\" data-id=\"f2d4bdd\" data-element_type=\"container\" data-e-type=\"container\">\n\t\t\t\t\t<div class=\"e-con-inner\">\n\t\t<div class=\"elementor-element elementor-element-dab891b e-con-full e-flex e-con e-child\" data-id=\"dab891b\" data-element_type=\"container\" data-e-type=\"container\">\n\t\t\t\t<div class=\"elementor-element elementor-element-72939ab elementor-widget elementor-widget-text-editor\" data-id=\"72939ab\" data-element_type=\"widget\" data-e-type=\"widget\" data-widget_type=\"text-editor.default\">\n\t\t\t\t<div class=\"elementor-widget-container\">\n\t\t\t\t\t\t\t\t\t<p>Page 14<br \/>Sans savoir ce qu\u2019il avoit de soin de faire, ou de s\u2019allier avec les autres. 5\u1d49\u1d50\u1d49. Ils savoient qu\u2019ils seroient obligez de passer sur le territoire \u00e9tranger, et que l\u2019on ne s\u2019\u00e9toit pas pr\u00e9caution\u00e9 comme, et o\u00f9 l\u2019on pourroit avoir des vivres, pour l\u2019entretien des troupes: mais ils ont laiss\u00e9 venir les affaires jusqu\u2019\u00e0 la derni\u00e8re extr\u00e9mit\u00e9.<br \/>C\u2019\u00e9toit une tr\u00e8s grande faute qui a caus\u00e9 une si mauvaise cons\u00e9quence. Avant que de&#8230;<\/p>\t\t\t\t\t\t\t\t<\/div>\n\t\t\t\t<\/div>\n\t\t\t\t<\/div>\n\t\t<div class=\"elementor-element elementor-element-fc7cc84 e-con-full e-flex e-con e-child\" data-id=\"fc7cc84\" data-element_type=\"container\" data-e-type=\"container\">\n\t\t\t\t<div class=\"elementor-element elementor-element-5301dd6 elementor-widget elementor-widget-image\" data-id=\"5301dd6\" data-element_type=\"widget\" data-e-type=\"widget\" data-widget_type=\"image.default\">\n\t\t\t\t<div class=\"elementor-widget-container\">\n\t\t\t\t\t\t\t\t\t\t\t\t\t\t\t<img loading=\"lazy\" decoding=\"async\" width=\"800\" height=\"707\" src=\"https:\/\/nederlandsetempeliers.nl\/wp-content\/uploads\/eten-3-1024x905.jpeg\" class=\"attachment-large size-large wp-image-10249\" alt=\"manger\" srcset=\"https:\/\/nederlandsetempeliers.nl\/wp-content\/uploads\/eten-3-1024x905.jpeg 1024w, https:\/\/nederlandsetempeliers.nl\/wp-content\/uploads\/eten-3-300x265.jpeg 300w, https:\/\/nederlandsetempeliers.nl\/wp-content\/uploads\/eten-3-768x679.jpeg 768w, https:\/\/nederlandsetempeliers.nl\/wp-content\/uploads\/eten-3.jpeg 1334w\" sizes=\"(max-width: 800px) 100vw, 800px\" \/>\t\t\t\t\t\t\t\t\t\t\t\t\t\t\t<\/div>\n\t\t\t\t<\/div>\n\t\t\t\t<\/div>\n\t\t<div class=\"elementor-element elementor-element-c6194aa e-con-full e-flex e-con e-child\" data-id=\"c6194aa\" data-element_type=\"container\" data-e-type=\"container\">\n\t\t\t\t<div class=\"elementor-element elementor-element-d646844 elementor-widget elementor-widget-text-editor\" data-id=\"d646844\" data-element_type=\"widget\" data-e-type=\"widget\" data-widget_type=\"text-editor.default\">\n\t\t\t\t<div class=\"elementor-widget-container\">\n\t\t\t\t\t\t\t\t\t<p>Page 14<br \/>Sans savoir ce qu\u2019il fallait faire, ni comment il convenait de s\u2019unir aux autres. 5e. Ils savaient qu\u2019ils seraient contraints de traverser des terres \u00e9trang\u00e8res et que l\u2019on n\u2019avait pr\u00e9vu ni comment ni o\u00f9 l\u2019on pourrait obtenir des vivres pour l\u2019entretien des troupes ; mais on laissait les choses aller jusqu\u2019\u00e0 l\u2019extr\u00eame.<br \/>Ce fut une tr\u00e8s grande faute, qui eut de si mauvaises cons\u00e9quences. Avant que l\u2019on\u2026<\/p><p>.<\/p>\t\t\t\t\t\t\t\t<\/div>\n\t\t\t\t<\/div>\n\t\t\t\t<\/div>\n\t\t\t\t\t<\/div>\n\t\t\t\t<\/div>\n\t\t<div class=\"elementor-element elementor-element-ee41d97 e-flex e-con-boxed e-con e-parent\" data-id=\"ee41d97\" data-element_type=\"container\" data-e-type=\"container\">\n\t\t\t\t\t<div class=\"e-con-inner\">\n\t\t\t\t<div class=\"elementor-element elementor-element-2357bab elementor-widget elementor-widget-text-editor\" data-id=\"2357bab\" data-element_type=\"widget\" data-e-type=\"widget\" data-widget_type=\"text-editor.default\">\n\t\t\t\t<div class=\"elementor-widget-container\">\n\t\t\t\t\t\t\t\t\t<p>Page 14<br \/>Ici, il est expliqu\u00e9 que peu, voire aucune mesure de pr\u00e9caution n\u2019avait \u00e9t\u00e9 prise, par manque d\u2019exp\u00e9rience. C\u2019\u00e9tait la premi\u00e8re croisade. Ils traversaient des territoires inconnus \u2014 pour la premi\u00e8re fois. Autrement dit : la pi\u00e9t\u00e9 seule ne suffit pas ; il faut aussi faire preuve de sagesse et de pr\u00e9voyance.<\/p><p>C\u2019est un avertissement :<br \/>Dieu te guide \u2014 mais Il ne pr\u00e9pare pas ton repas \u00e0 ta place.\u2192 Les objectifs sacr\u00e9s demandent \u00e9galement une sagesse terrestre.<\/p>\t\t\t\t\t\t\t\t<\/div>\n\t\t\t\t<\/div>\n\t\t\t\t\t<\/div>\n\t\t\t\t<\/div>\n\t\t<div class=\"elementor-element elementor-element-6463499 e-flex e-con-boxed e-con e-parent\" data-id=\"6463499\" data-element_type=\"container\" data-e-type=\"container\">\n\t\t\t\t\t<div class=\"e-con-inner\">\n\t\t\t\t<div class=\"elementor-element elementor-element-2b3b182 elementor-widget elementor-widget-image\" data-id=\"2b3b182\" data-element_type=\"widget\" data-e-type=\"widget\" data-widget_type=\"image.default\">\n\t\t\t\t<div class=\"elementor-widget-container\">\n\t\t\t\t\t\t\t\t\t\t\t\t\t\t\t<img loading=\"lazy\" decoding=\"async\" width=\"300\" height=\"55\" src=\"https:\/\/nederlandsetempeliers.nl\/wp-content\/uploads\/guirlande-300x55.jpeg\" class=\"attachment-medium size-medium wp-image-7459\" alt=\"guirlande\" srcset=\"https:\/\/nederlandsetempeliers.nl\/wp-content\/uploads\/guirlande-300x55.jpeg 300w, https:\/\/nederlandsetempeliers.nl\/wp-content\/uploads\/guirlande-1024x189.jpeg 1024w, https:\/\/nederlandsetempeliers.nl\/wp-content\/uploads\/guirlande-768x142.jpeg 768w, https:\/\/nederlandsetempeliers.nl\/wp-content\/uploads\/guirlande.jpeg 1534w\" sizes=\"(max-width: 300px) 100vw, 300px\" \/>\t\t\t\t\t\t\t\t\t\t\t\t\t\t\t<\/div>\n\t\t\t\t<\/div>\n\t\t\t\t\t<\/div>\n\t\t\t\t<\/div>\n\t\t<div class=\"elementor-element elementor-element-9b111ba e-flex e-con-boxed e-con e-parent\" data-id=\"9b111ba\" data-element_type=\"container\" data-e-type=\"container\">\n\t\t\t\t\t<div class=\"e-con-inner\">\n\t\t<div class=\"elementor-element elementor-element-2805b26 e-con-full e-flex e-con e-child\" data-id=\"2805b26\" data-element_type=\"container\" data-e-type=\"container\">\n\t\t\t\t<div class=\"elementor-element elementor-element-f6a0d06 elementor-widget elementor-widget-text-editor\" data-id=\"f6a0d06\" data-element_type=\"widget\" data-e-type=\"widget\" data-widget_type=\"text-editor.default\">\n\t\t\t\t<div class=\"elementor-widget-container\">\n\t\t\t\t\t\t\t\t\t<p>Page 15<br \/>et parler de cette affaire nous ferons le d\u00e9tail comme les troupes se sont partag\u00e9.<br \/>Le 1\u1d49\u02b3 Convoi, et l\u2019auteur de cette entreprise qui se nomma Pierre l\u2019hermite, qui voulut \u00eatre Pr\u00eatre et General en m\u00eame tems, mais<br \/>comme les troupes \u00e9toient trop puissante ils donna 100000 hommes tous bon guerriers a un Gentil home fran\u00e7ois nomm\u00e9 Gualtaro<br \/>qui veut dire en fran\u00e7ois. Sans avoir. Car ils \u00e9toient tres<\/p>\t\t\t\t\t\t\t\t<\/div>\n\t\t\t\t<\/div>\n\t\t\t\t<\/div>\n\t\t<div class=\"elementor-element elementor-element-abae1e2 e-con-full e-flex e-con e-child\" data-id=\"abae1e2\" data-element_type=\"container\" data-e-type=\"container\">\n\t\t\t\t<div class=\"elementor-element elementor-element-b7ec6e6 elementor-widget elementor-widget-image\" data-id=\"b7ec6e6\" data-element_type=\"widget\" data-e-type=\"widget\" data-widget_type=\"image.default\">\n\t\t\t\t<div class=\"elementor-widget-container\">\n\t\t\t\t\t\t\t\t\t\t\t\t\t\t\t<img loading=\"lazy\" decoding=\"async\" width=\"190\" height=\"179\" src=\"https:\/\/nederlandsetempeliers.nl\/wp-content\/uploads\/100.000-3.jpeg\" class=\"attachment-large size-large wp-image-10426\" alt=\"100.000\" \/>\t\t\t\t\t\t\t\t\t\t\t\t\t\t\t<\/div>\n\t\t\t\t<\/div>\n\t\t\t\t<\/div>\n\t\t<div class=\"elementor-element elementor-element-609329b e-con-full e-flex e-con e-child\" data-id=\"609329b\" data-element_type=\"container\" data-e-type=\"container\">\n\t\t\t\t<div class=\"elementor-element elementor-element-5048724 elementor-widget elementor-widget-text-editor\" data-id=\"5048724\" data-element_type=\"widget\" data-e-type=\"widget\" data-widget_type=\"text-editor.default\">\n\t\t\t\t<div class=\"elementor-widget-container\">\n\t\t\t\t\t\t\t\t\t<p>Page 15<br \/>Et pour parler de cette affaire, nous expliquerons comment les troupes furent divis\u00e9es. La premi\u00e8re colonne, et l\u2019instigateur de cette entreprise, qui<br \/>s\u2019appelait Pierre l\u2019Hermite, voulait \u00eatre \u00e0 la fois pr\u00eatre et g\u00e9n\u00e9ral; mais comme les troupes<br \/>\u00e9taient trop nombreuses, il donna 100.000 hommes, tous de bons combattants, \u00e0 un<br \/>gentilhomme d\u2019origine fran\u00e7aise, nomm\u00e9 Gualtaro, ce qui en fran\u00e7ais signifierait<br \/>\u00ab Sans avoir \/ Sans possessions \u00bb. Car ils \u00e9taient tr\u00e8s \u2026<\/p>\t\t\t\t\t\t\t\t<\/div>\n\t\t\t\t<\/div>\n\t\t\t\t<\/div>\n\t\t\t\t\t<\/div>\n\t\t\t\t<\/div>\n\t\t<div class=\"elementor-element elementor-element-24e4b08 e-flex e-con-boxed e-con e-parent\" data-id=\"24e4b08\" data-element_type=\"container\" data-e-type=\"container\">\n\t\t\t\t\t<div class=\"e-con-inner\">\n\t\t\t\t<div class=\"elementor-element elementor-element-1176372 elementor-widget elementor-widget-text-editor\" data-id=\"1176372\" data-element_type=\"widget\" data-e-type=\"widget\" data-widget_type=\"text-editor.default\">\n\t\t\t\t<div class=\"elementor-widget-container\">\n\t\t\t\t\t\t\t\t\t<p>Page 15<br \/>Ici, le manuscrit revient sur la Croisade populaire. Il s\u2019agissait de la croisade pr\u00e9c\u00e9dant cette Premi\u00e8re Croisade. Elle \u00e9tait d\u00e9sorganis\u00e9e. Son initiateur \u00e9tait Pierre l\u2019Hermite = Pierre le Solitaire. Ses partisans \u00e9taient divis\u00e9s en plusieurs groupes\/colonnes. Ses forces \u00e9taient immenses : 100.000 combattants. Un pr\u00eatre n\u2019est pas form\u00e9 pour commander 100.000 hommes dans une guerre, aussi pieuses que puissent \u00eatre ses intentions. L\u2019ambition de Pierre \u00e9tait grande. Il voulait \u00eatre \u00e0 la fois pr\u00eatre <strong>et<\/strong> chef militaire.<br \/><br \/><strong>C\u2019est ici qu\u2019appara\u00eet un tournant tr\u00e8s important. Par les erreurs et les souffrances, on comprit que les croisades devaient \u00eatre men\u00e9es sous une direction militaire =&gt; Il devint clair qu\u2019il fallait des moines-chevaliers. La foi unie \u00e0 la discipline militaire = une Sainte force combattante. La naissance des Templiers.<\/strong><br \/><br \/><\/p>\t\t\t\t\t\t\t\t<\/div>\n\t\t\t\t<\/div>\n\t\t\t\t\t<\/div>\n\t\t\t\t<\/div>\n\t\t\t\t<section class=\"elementor-section elementor-top-section elementor-element elementor-element-5678f028 elementor-section-boxed elementor-section-height-default elementor-section-height-default\" data-id=\"5678f028\" data-element_type=\"section\" data-e-type=\"section\" data-settings=\"{&quot;background_background&quot;:&quot;classic&quot;,&quot;shape_divider_top&quot;:&quot;triangle&quot;,&quot;shape_divider_top_negative&quot;:&quot;yes&quot;,&quot;shape_divider_bottom&quot;:&quot;triangle&quot;,&quot;shape_divider_bottom_negative&quot;:&quot;yes&quot;}\">\n\t\t\t\t\t<div class=\"elementor-shape elementor-shape-top\" aria-hidden=\"true\" data-negative=\"true\">\n\t\t\t<svg xmlns=\"http:\/\/www.w3.org\/2000\/svg\" viewBox=\"0 0 1000 100\" preserveAspectRatio=\"none\">\n\t<path class=\"elementor-shape-fill\" d=\"M500.2,94.7L0,0v100h1000V0L500.2,94.7z\"\/>\n<\/svg>\t\t<\/div>\n\t\t\t\t<div class=\"elementor-shape elementor-shape-bottom\" aria-hidden=\"true\" data-negative=\"true\">\n\t\t\t<svg xmlns=\"http:\/\/www.w3.org\/2000\/svg\" viewBox=\"0 0 1000 100\" preserveAspectRatio=\"none\">\n\t<path class=\"elementor-shape-fill\" d=\"M500.2,94.7L0,0v100h1000V0L500.2,94.7z\"\/>\n<\/svg>\t\t<\/div>\n\t\t\t\t\t<div class=\"elementor-container elementor-column-gap-default\">\n\t\t\t\t\t<div class=\"elementor-column elementor-col-100 elementor-top-column elementor-element elementor-element-5548eeb8\" data-id=\"5548eeb8\" data-element_type=\"column\" data-e-type=\"column\">\n\t\t\t<div class=\"elementor-widget-wrap elementor-element-populated\">\n\t\t\t\t\t\t<div class=\"elementor-element elementor-element-48002217 elementor-widget__width-auto elementor-view-default elementor-widget elementor-widget-icon\" data-id=\"48002217\" data-element_type=\"widget\" data-e-type=\"widget\" data-widget_type=\"icon.default\">\n\t\t\t\t<div class=\"elementor-widget-container\">\n\t\t\t\t\t\t\t<div class=\"elementor-icon-wrapper\">\n\t\t\t<div class=\"elementor-icon\">\n\t\t\t<i aria-hidden=\"true\" class=\"fas fa-grip-lines\"><\/i>\t\t\t<\/div>\n\t\t<\/div>\n\t\t\t\t\t\t<\/div>\n\t\t\t\t<\/div>\n\t\t\t\t<div class=\"elementor-element elementor-element-25edd9de elementor-widget__width-auto elementor-widget elementor-widget-heading\" data-id=\"25edd9de\" data-element_type=\"widget\" data-e-type=\"widget\" data-widget_type=\"heading.default\">\n\t\t\t\t<div class=\"elementor-widget-container\">\n\t\t\t\t\t<h2 class=\"elementor-heading-title elementor-size-default\">1097<\/h2>\t\t\t\t<\/div>\n\t\t\t\t<\/div>\n\t\t\t\t<div class=\"elementor-element elementor-element-7f844ee2 elementor-widget__width-auto elementor-view-default elementor-widget elementor-widget-icon\" data-id=\"7f844ee2\" data-element_type=\"widget\" data-e-type=\"widget\" data-widget_type=\"icon.default\">\n\t\t\t\t<div class=\"elementor-widget-container\">\n\t\t\t\t\t\t\t<div class=\"elementor-icon-wrapper\">\n\t\t\t<div class=\"elementor-icon\">\n\t\t\t<i aria-hidden=\"true\" class=\"fas fa-grip-lines\"><\/i>\t\t\t<\/div>\n\t\t<\/div>\n\t\t\t\t\t\t<\/div>\n\t\t\t\t<\/div>\n\t\t\t\t\t<\/div>\n\t\t<\/div>\n\t\t\t\t\t<\/div>\n\t\t<\/section>\n\t\t<div class=\"elementor-element elementor-element-9cf2e69 e-flex e-con-boxed e-con e-parent\" data-id=\"9cf2e69\" data-element_type=\"container\" data-e-type=\"container\">\n\t\t\t\t\t<div class=\"e-con-inner\">\n\t\t<div class=\"elementor-element elementor-element-c96c449 e-con-full e-flex e-con e-child\" data-id=\"c96c449\" data-element_type=\"container\" data-e-type=\"container\">\n\t\t\t\t<div class=\"elementor-element elementor-element-f4ca640 elementor-widget elementor-widget-text-editor\" data-id=\"f4ca640\" data-element_type=\"widget\" data-e-type=\"widget\" data-widget_type=\"text-editor.default\">\n\t\t\t\t<div class=\"elementor-widget-container\">\n\t\t\t\t\t\t\t\t\t<p>Page 16<br \/>tr\u00e8s pauvres, il marchoit avec ses troupes qui \u00e9toient compos\u00e9e que de 800 Cavaliers et 6000 hommes de pied. Tel \u00e9toit les pr\u00e9parations. Ils pass\u00e8rent par l\u2019Allemagne,<br \/>et la Hongrie en paix. Mais comme l\u2019argent commen\u00e7oit \u00e0 manquer, et qu\u2019ils avoient<br \/>presque tous depens\u00e9 ce qu\u2019 ils avoient pris avec eux, et ors qu\u2019ils furent arrivez<br \/>dans la Servie et de l\u00e0 dans la Bulgarie, les troupes se mirent \u00e0 piller et \u00e0 ravager.<\/p>\t\t\t\t\t\t\t\t<\/div>\n\t\t\t\t<\/div>\n\t\t\t\t<\/div>\n\t\t<div class=\"elementor-element elementor-element-9c4abd2 e-con-full e-flex e-con e-child\" data-id=\"9c4abd2\" data-element_type=\"container\" data-e-type=\"container\">\n\t\t\t\t<div class=\"elementor-element elementor-element-d673708 elementor-widget elementor-widget-image\" data-id=\"d673708\" data-element_type=\"widget\" data-e-type=\"widget\" data-widget_type=\"image.default\">\n\t\t\t\t<div class=\"elementor-widget-container\">\n\t\t\t\t\t\t\t\t\t\t\t\t\t\t\t<img loading=\"lazy\" decoding=\"async\" width=\"273\" height=\"430\" src=\"https:\/\/nederlandsetempeliers.nl\/wp-content\/uploads\/Scherm\u00adafbeelding-2026-05-28-om-19.40.38-3.png\" class=\"attachment-large size-large wp-image-10427\" alt=\"Bulgarie\" srcset=\"https:\/\/nederlandsetempeliers.nl\/wp-content\/uploads\/Scherm\u00adafbeelding-2026-05-28-om-19.40.38-3.png 273w, https:\/\/nederlandsetempeliers.nl\/wp-content\/uploads\/Scherm\u00adafbeelding-2026-05-28-om-19.40.38-3-190x300.png 190w\" sizes=\"(max-width: 273px) 100vw, 273px\" \/>\t\t\t\t\t\t\t\t\t\t\t\t\t\t\t<\/div>\n\t\t\t\t<\/div>\n\t\t\t\t<\/div>\n\t\t<div class=\"elementor-element elementor-element-c59054e e-con-full e-flex e-con e-child\" data-id=\"c59054e\" data-element_type=\"container\" data-e-type=\"container\">\n\t\t\t\t<div class=\"elementor-element elementor-element-4069c6b elementor-widget elementor-widget-text-editor\" data-id=\"4069c6b\" data-element_type=\"widget\" data-e-type=\"widget\" data-widget_type=\"text-editor.default\">\n\t\t\t\t<div class=\"elementor-widget-container\">\n\t\t\t\t\t\t\t\t\t<p>Page 16<br \/>Tr\u00e8s pauvre, il marcha avec ses troupes, qui ne consistaient qu\u2019en 800 cavaliers et 6000 hommes \u00e0 pied. Telles \u00e9taient les pr\u00e9parations. Ils travers\u00e8rent paisiblement<br \/>l\u2019Allemagne et la Hongrie. Mais d\u00e8s que l\u2019argent commen\u00e7a \u00e0 manquer, et qu\u2019ils eurent d\u00e9pens\u00e9 presque tout ce qu\u2019ils avaient emport\u00e9 avec eux, et lorsqu\u2019ils furent arriv\u00e9s en Serbie puis de l\u00e0 en Bulgarie, les troupes commenc\u00e8rent \u00e0 piller et \u00e0 d\u00e9truire.<\/p>\t\t\t\t\t\t\t\t<\/div>\n\t\t\t\t<\/div>\n\t\t\t\t<\/div>\n\t\t\t\t\t<\/div>\n\t\t\t\t<\/div>\n\t\t<div class=\"elementor-element elementor-element-b401f08 e-flex e-con-boxed e-con e-parent\" data-id=\"b401f08\" data-element_type=\"container\" data-e-type=\"container\">\n\t\t\t\t\t<div class=\"e-con-inner\">\n\t\t\t\t<div class=\"elementor-element elementor-element-810bdd5 elementor-widget elementor-widget-text-editor\" data-id=\"810bdd5\" data-element_type=\"widget\" data-e-type=\"widget\" data-widget_type=\"text-editor.default\">\n\t\t\t\t<div class=\"elementor-widget-container\">\n\t\t\t\t\t\t\t\t\t<p>Page 16<br \/>La Croisade populaire \u00e9tait pauvre et mal organis\u00e9e. Les troupes avanc\u00e8rent d\u2019abord paisiblement. Mais lorsque l\u2019argent vint \u00e0 manquer, elles sombr\u00e8rent dans le pillage.<br \/>Leur mission pieuse perdit sa saintet\u00e9, car le manque humain d\u2019ordre et de discipline mena \u00e0 un d\u00e9clin moral.<br \/>Cela devint une le\u00e7on pour la croisade suivante.<br \/><br \/><\/p>\t\t\t\t\t\t\t\t<\/div>\n\t\t\t\t<\/div>\n\t\t\t\t\t<\/div>\n\t\t\t\t<\/div>\n\t\t<div class=\"elementor-element elementor-element-1d96955 e-flex e-con-boxed e-con e-parent\" data-id=\"1d96955\" data-element_type=\"container\" data-e-type=\"container\">\n\t\t\t\t\t<div class=\"e-con-inner\">\n\t\t\t\t<div class=\"elementor-element elementor-element-4913e65 elementor-widget elementor-widget-image\" data-id=\"4913e65\" data-element_type=\"widget\" data-e-type=\"widget\" data-widget_type=\"image.default\">\n\t\t\t\t<div class=\"elementor-widget-container\">\n\t\t\t\t\t\t\t\t\t\t\t\t\t\t\t<img loading=\"lazy\" decoding=\"async\" width=\"300\" height=\"55\" src=\"https:\/\/nederlandsetempeliers.nl\/wp-content\/uploads\/guirlande-300x55.jpeg\" class=\"attachment-medium size-medium wp-image-7459\" alt=\"guirlande\" srcset=\"https:\/\/nederlandsetempeliers.nl\/wp-content\/uploads\/guirlande-300x55.jpeg 300w, https:\/\/nederlandsetempeliers.nl\/wp-content\/uploads\/guirlande-1024x189.jpeg 1024w, https:\/\/nederlandsetempeliers.nl\/wp-content\/uploads\/guirlande-768x142.jpeg 768w, https:\/\/nederlandsetempeliers.nl\/wp-content\/uploads\/guirlande.jpeg 1534w\" sizes=\"(max-width: 300px) 100vw, 300px\" \/>\t\t\t\t\t\t\t\t\t\t\t\t\t\t\t<\/div>\n\t\t\t\t<\/div>\n\t\t\t\t\t<\/div>\n\t\t\t\t<\/div>\n\t\t<div class=\"elementor-element elementor-element-6701351 e-flex e-con-boxed e-con e-parent\" data-id=\"6701351\" data-element_type=\"container\" data-e-type=\"container\">\n\t\t\t\t\t<div class=\"e-con-inner\">\n\t\t<div class=\"elementor-element elementor-element-7779e09 e-con-full e-flex e-con e-child\" data-id=\"7779e09\" data-element_type=\"container\" data-e-type=\"container\">\n\t\t\t\t<div class=\"elementor-element elementor-element-5b685e0 elementor-widget elementor-widget-text-editor\" data-id=\"5b685e0\" data-element_type=\"widget\" data-e-type=\"widget\" data-widget_type=\"text-editor.default\">\n\t\t\t\t<div class=\"elementor-widget-container\">\n\t\t\t\t\t\t\t\t\t<p>Page 17<br \/>pour avoir dequoi \u00e0 vivre. Les habitants de la Bulgarie se sont assembl\u00e9e, et ont masacr\u00e9 la plus grande partie des fr\u00e8res de la croisade. Les ont poursuitt jusqu\u2019\u00e0 dans les bois et for\u00eats sauvages, l\u00e0 o\u00f9<br \/>ils ont souffert la faim et la mis\u00e8re, jusques\u2019ils sont arriv\u00e9 \u00e0 Constantinople, l\u00e0 o\u00f9 l\u2019Empereur Alexius leurs a fournie des vivres pour les rafraichir et continuer leur route, mais ils camperent longtems hors de la ville,<\/p>\t\t\t\t\t\t\t\t<\/div>\n\t\t\t\t<\/div>\n\t\t\t\t<\/div>\n\t\t<div class=\"elementor-element elementor-element-dfcca69 e-con-full e-flex e-con e-child\" data-id=\"dfcca69\" data-element_type=\"container\" data-e-type=\"container\">\n\t\t\t\t<div class=\"elementor-element elementor-element-f0beb28 elementor-widget elementor-widget-image\" data-id=\"f0beb28\" data-element_type=\"widget\" data-e-type=\"widget\" data-widget_type=\"image.default\">\n\t\t\t\t<div class=\"elementor-widget-container\">\n\t\t\t\t\t\t\t\t\t\t\t\t\t\t\t<img loading=\"lazy\" decoding=\"async\" width=\"800\" height=\"505\" src=\"https:\/\/nederlandsetempeliers.nl\/wp-content\/uploads\/Hagia-Sophia-1096-3-1024x646.jpeg\" class=\"attachment-large size-large wp-image-10628\" alt=\"Hagia Sophia 1096\" srcset=\"https:\/\/nederlandsetempeliers.nl\/wp-content\/uploads\/Hagia-Sophia-1096-3-1024x646.jpeg 1024w, https:\/\/nederlandsetempeliers.nl\/wp-content\/uploads\/Hagia-Sophia-1096-3-300x189.jpeg 300w, https:\/\/nederlandsetempeliers.nl\/wp-content\/uploads\/Hagia-Sophia-1096-3-768x484.jpeg 768w, https:\/\/nederlandsetempeliers.nl\/wp-content\/uploads\/Hagia-Sophia-1096-3-1536x969.jpeg 1536w, https:\/\/nederlandsetempeliers.nl\/wp-content\/uploads\/Hagia-Sophia-1096-3.jpeg 1579w\" sizes=\"(max-width: 800px) 100vw, 800px\" \/>\t\t\t\t\t\t\t\t\t\t\t\t\t\t\t<\/div>\n\t\t\t\t<\/div>\n\t\t\t\t<\/div>\n\t\t<div class=\"elementor-element elementor-element-e137cd0 e-con-full e-flex e-con e-child\" data-id=\"e137cd0\" data-element_type=\"container\" data-e-type=\"container\">\n\t\t\t\t<div class=\"elementor-element elementor-element-c107680 elementor-widget elementor-widget-text-editor\" data-id=\"c107680\" data-element_type=\"widget\" data-e-type=\"widget\" data-widget_type=\"text-editor.default\">\n\t\t\t\t<div class=\"elementor-widget-container\">\n\t\t\t\t\t\t\t\t\t<p><strong>Page 17<\/strong><br \/>Pour trouver de quoi se nourrir, les habitants de Bulgarie se rassembl\u00e8rent et massacr\u00e8rent la plus grande partie des fr\u00e8res de la croisade. Ils les poursuivirent profond\u00e9ment dans les for\u00eats et les terres sauvages, o\u00f9 ils souffrirent de la faim et de la mis\u00e8re, jusqu&rsquo;\u00e0 leur arriv\u00e9e \u00e0 Constantinople. L\u00e0, l&#8217;empereur Alexis leur fournit de la nourriture afin qu&rsquo;ils reprennent des forces et poursuivent leur route, mais ils demeur\u00e8rent longtemps \u00e0 l&rsquo;ext\u00e9rieur de la ville.<\/p>\t\t\t\t\t\t\t\t<\/div>\n\t\t\t\t<\/div>\n\t\t\t\t<\/div>\n\t\t\t\t\t<\/div>\n\t\t\t\t<\/div>\n\t\t<div class=\"elementor-element elementor-element-e6d3566 e-flex e-con-boxed e-con e-parent\" data-id=\"e6d3566\" data-element_type=\"container\" data-e-type=\"container\">\n\t\t\t\t\t<div class=\"e-con-inner\">\n\t\t\t\t<div class=\"elementor-element elementor-element-d35b667 elementor-widget elementor-widget-text-editor\" data-id=\"d35b667\" data-element_type=\"widget\" data-e-type=\"widget\" data-widget_type=\"text-editor.default\">\n\t\t\t\t<div class=\"elementor-widget-container\">\n\t\t\t\t\t\t\t\t\t<p>Page 17 <br \/>Ils entr\u00e8rent en conflit avec la population bulgare, qui se souleva contre eux, les obligeant \u00e0 fuir dans les for\u00eats. Seul un petit nombre atteignit Constantinople, \u00e9puis\u00e9. L&#8217;empereur Alexis leur accorda nourriture et repos, MAIS il les obligea \u00e0 camper hors des murs de la ville. La le\u00e7on est claire : celui qui ne met pas sa foi en ordre devient lui-m\u00eame la cause du chaos.<\/p>\t\t\t\t\t\t\t\t<\/div>\n\t\t\t\t<\/div>\n\t\t\t\t\t<\/div>\n\t\t\t\t<\/div>\n\t\t<div class=\"elementor-element elementor-element-0563692 e-flex e-con-boxed e-con e-parent\" data-id=\"0563692\" data-element_type=\"container\" data-e-type=\"container\">\n\t\t\t\t\t<div class=\"e-con-inner\">\n\t\t\t\t<div class=\"elementor-element elementor-element-b889d82 elementor-widget elementor-widget-image\" data-id=\"b889d82\" data-element_type=\"widget\" data-e-type=\"widget\" data-widget_type=\"image.default\">\n\t\t\t\t<div class=\"elementor-widget-container\">\n\t\t\t\t\t\t\t\t\t\t\t\t\t\t\t<img loading=\"lazy\" decoding=\"async\" width=\"300\" height=\"55\" src=\"https:\/\/nederlandsetempeliers.nl\/wp-content\/uploads\/guirlande-300x55.jpeg\" class=\"attachment-medium size-medium wp-image-7459\" alt=\"guirlande\" srcset=\"https:\/\/nederlandsetempeliers.nl\/wp-content\/uploads\/guirlande-300x55.jpeg 300w, https:\/\/nederlandsetempeliers.nl\/wp-content\/uploads\/guirlande-1024x189.jpeg 1024w, https:\/\/nederlandsetempeliers.nl\/wp-content\/uploads\/guirlande-768x142.jpeg 768w, https:\/\/nederlandsetempeliers.nl\/wp-content\/uploads\/guirlande.jpeg 1534w\" sizes=\"(max-width: 300px) 100vw, 300px\" \/>\t\t\t\t\t\t\t\t\t\t\t\t\t\t\t<\/div>\n\t\t\t\t<\/div>\n\t\t\t\t\t<\/div>\n\t\t\t\t<\/div>\n\t\t<div class=\"elementor-element elementor-element-84ee2f2 e-flex e-con-boxed e-con e-parent\" data-id=\"84ee2f2\" data-element_type=\"container\" data-e-type=\"container\">\n\t\t\t\t\t<div class=\"e-con-inner\">\n\t\t<div class=\"elementor-element elementor-element-83a43c9 e-con-full e-flex e-con e-child\" data-id=\"83a43c9\" data-element_type=\"container\" data-e-type=\"container\">\n\t\t\t\t<div class=\"elementor-element elementor-element-8fcbf7a elementor-widget elementor-widget-text-editor\" data-id=\"8fcbf7a\" data-element_type=\"widget\" data-e-type=\"widget\" data-widget_type=\"text-editor.default\">\n\t\t\t\t<div class=\"elementor-widget-container\">\n\t\t\t\t\t\t\t\t\t<p>Page 18<br \/>&#8230;.parce qu\u2019ils furent obligez<br \/>d\u2019attendre leurs commandement, qui \u00e9toit dispers\u00e9 aussi bien qu\u2019eux.<br \/>2\u1d48\u1d49\u1d50\u1d49 Convois de <strong>4000 Soldats<\/strong>,<br \/>la plus grande partie des Lorrains, Bavarois et Moraviens, avec les Autrichiens, la plus grande partie \u00e9toient des Brigands que conduisoit<br \/><strong>Pierre l\u2019hermite<\/strong>, que l\u2019on tenoit dans ce tems l\u00e0 pour un grand <strong>Proph\u00e8te<\/strong> et un Saint tr\u00e8s particulier, avec la Croix \u00e0 la main, mais il<\/p>\t\t\t\t\t\t\t\t<\/div>\n\t\t\t\t<\/div>\n\t\t\t\t<\/div>\n\t\t<div class=\"elementor-element elementor-element-ba901c7 e-con-full e-flex e-con e-child\" data-id=\"ba901c7\" data-element_type=\"container\" data-e-type=\"container\">\n\t\t\t\t<div class=\"elementor-element elementor-element-7f14914 elementor-widget elementor-widget-image\" data-id=\"7f14914\" data-element_type=\"widget\" data-e-type=\"widget\" data-widget_type=\"image.default\">\n\t\t\t\t<div class=\"elementor-widget-container\">\n\t\t\t\t\t\t\t\t\t\t\t\t\t\t\t<img loading=\"lazy\" decoding=\"async\" width=\"146\" height=\"165\" src=\"https:\/\/nederlandsetempeliers.nl\/wp-content\/uploads\/pelgrims-3.jpg\" class=\"attachment-large size-large wp-image-10629\" alt=\"p\u00e8lerins\" \/>\t\t\t\t\t\t\t\t\t\t\t\t\t\t\t<\/div>\n\t\t\t\t<\/div>\n\t\t\t\t<\/div>\n\t\t<div class=\"elementor-element elementor-element-70f7f6a e-con-full e-flex e-con e-child\" data-id=\"70f7f6a\" data-element_type=\"container\" data-e-type=\"container\">\n\t\t\t\t<div class=\"elementor-element elementor-element-3e1e15f elementor-widget elementor-widget-text-editor\" data-id=\"3e1e15f\" data-element_type=\"widget\" data-e-type=\"widget\" data-widget_type=\"text-editor.default\">\n\t\t\t\t<div class=\"elementor-widget-container\">\n\t\t\t\t\t\t\t\t\t<p>Page 18.<br \/>&#8230;car ils \u00e9taient contraints d&rsquo;attendre leurs chefs, qui \u00e9taient tout aussi dispers\u00e9s qu&rsquo;eux-m\u00eames.<br \/>La seconde colonne comptait 4 000 soldats, principalement originaires de Lorraine, de Bavi\u00e8re et de Moravie, ainsi que quelques Autrichiens. La plupart d&rsquo;entre eux \u00e9taient des pillards et des brigands, sous la conduite de Pierre l&rsquo;Ermite, que l&rsquo;on consid\u00e9rait alors comme un grand proph\u00e8te et un homme d&rsquo;une saintet\u00e9 exceptionnelle, portant la Croix \u00e0 la main, mais il&#8230;<\/p>\t\t\t\t\t\t\t\t<\/div>\n\t\t\t\t<\/div>\n\t\t\t\t<\/div>\n\t\t\t\t\t<\/div>\n\t\t\t\t<\/div>\n\t\t<div class=\"elementor-element elementor-element-bc7e623 e-flex e-con-boxed e-con e-parent\" data-id=\"bc7e623\" data-element_type=\"container\" data-e-type=\"container\">\n\t\t\t\t\t<div class=\"e-con-inner\">\n\t\t\t\t<div class=\"elementor-element elementor-element-19c35d6 elementor-widget elementor-widget-text-editor\" data-id=\"19c35d6\" data-element_type=\"widget\" data-e-type=\"widget\" data-widget_type=\"text-editor.default\">\n\t\t\t\t<div class=\"elementor-widget-container\">\n\t\t\t\t\t\t\t\t\t<p>Page 18<br \/>La seconde colonne \u00e9tait compos\u00e9e de 4 000 hommes venus d&rsquo;Europe centrale. La plupart \u00e9taient des pillards, dirig\u00e9s par Pierre l&rsquo;Ermite, qui \u00e9tait consid\u00e9r\u00e9 par le peuple comme un proph\u00e8te et un saint homme, la Croix \u00e0 la main&#8230;<\/p>\t\t\t\t\t\t\t\t<\/div>\n\t\t\t\t<\/div>\n\t\t\t\t\t<\/div>\n\t\t\t\t<\/div>\n\t\t<div class=\"elementor-element elementor-element-750acb5 e-flex e-con-boxed e-con e-parent\" data-id=\"750acb5\" data-element_type=\"container\" data-e-type=\"container\">\n\t\t\t\t\t<div class=\"e-con-inner\">\n\t\t\t\t<div class=\"elementor-element elementor-element-e32374a elementor-widget elementor-widget-image\" data-id=\"e32374a\" data-element_type=\"widget\" data-e-type=\"widget\" data-widget_type=\"image.default\">\n\t\t\t\t<div class=\"elementor-widget-container\">\n\t\t\t\t\t\t\t\t\t\t\t\t\t\t\t<img loading=\"lazy\" decoding=\"async\" width=\"300\" height=\"55\" src=\"https:\/\/nederlandsetempeliers.nl\/wp-content\/uploads\/guirlande-300x55.jpeg\" class=\"attachment-medium size-medium wp-image-7459\" alt=\"guirlande\" srcset=\"https:\/\/nederlandsetempeliers.nl\/wp-content\/uploads\/guirlande-300x55.jpeg 300w, https:\/\/nederlandsetempeliers.nl\/wp-content\/uploads\/guirlande-1024x189.jpeg 1024w, https:\/\/nederlandsetempeliers.nl\/wp-content\/uploads\/guirlande-768x142.jpeg 768w, https:\/\/nederlandsetempeliers.nl\/wp-content\/uploads\/guirlande.jpeg 1534w\" sizes=\"(max-width: 300px) 100vw, 300px\" \/>\t\t\t\t\t\t\t\t\t\t\t\t\t\t\t<\/div>\n\t\t\t\t<\/div>\n\t\t\t\t\t<\/div>\n\t\t\t\t<\/div>\n\t\t<div class=\"elementor-element elementor-element-6b2a01d e-flex e-con-boxed e-con e-parent\" data-id=\"6b2a01d\" data-element_type=\"container\" data-e-type=\"container\">\n\t\t\t\t\t<div class=\"e-con-inner\">\n\t\t<div class=\"elementor-element elementor-element-5bf14a5 e-con-full e-flex e-con e-child\" data-id=\"5bf14a5\" data-element_type=\"container\" data-e-type=\"container\">\n\t\t\t\t<div class=\"elementor-element elementor-element-7c8a22f elementor-widget elementor-widget-text-editor\" data-id=\"7c8a22f\" data-element_type=\"widget\" data-e-type=\"widget\" data-widget_type=\"text-editor.default\">\n\t\t\t\t<div class=\"elementor-widget-container\">\n\t\t\t\t\t\t\t\t\t<p>Page 19<br \/>n\u2019avoit pas la connoissance des affaires de la guerre, ce qui fit que ses troupes furent<br \/>d\u00e9faites \u00e0 Nicom\u00e9die par les Turcs, o\u00f9 presque tous furent tu\u00e9s, et lui avec quelques<br \/>uns s\u2019enfuirent \u00e0 C. pol.<br \/>Cependant les Princes de l\u2019Europe commen\u00e7oient \u00e0 s\u2019avancer avec leurs troupes bien \u00e9quip\u00e9es et en ordre, nous en parlerons cy-apr\u00e8s.<\/p>\t\t\t\t\t\t\t\t<\/div>\n\t\t\t\t<\/div>\n\t\t\t\t<\/div>\n\t\t<div class=\"elementor-element elementor-element-dbcc781 e-con-full e-flex e-con e-child\" data-id=\"dbcc781\" data-element_type=\"container\" data-e-type=\"container\">\n\t\t\t\t<div class=\"elementor-element elementor-element-59da130 elementor-widget elementor-widget-image\" data-id=\"59da130\" data-element_type=\"widget\" data-e-type=\"widget\" data-widget_type=\"image.default\">\n\t\t\t\t<div class=\"elementor-widget-container\">\n\t\t\t\t\t\t\t\t\t\t\t\t\t\t\t<img loading=\"lazy\" decoding=\"async\" width=\"800\" height=\"480\" src=\"https:\/\/nederlandsetempeliers.nl\/wp-content\/uploads\/map-3-1024x614.jpeg\" class=\"attachment-large size-large wp-image-11186\" alt=\"Europe\" srcset=\"https:\/\/nederlandsetempeliers.nl\/wp-content\/uploads\/map-3-1024x614.jpeg 1024w, https:\/\/nederlandsetempeliers.nl\/wp-content\/uploads\/map-3-300x180.jpeg 300w, https:\/\/nederlandsetempeliers.nl\/wp-content\/uploads\/map-3-768x460.jpeg 768w, https:\/\/nederlandsetempeliers.nl\/wp-content\/uploads\/map-3-1536x921.jpeg 1536w, https:\/\/nederlandsetempeliers.nl\/wp-content\/uploads\/map-3.jpeg 1600w\" sizes=\"(max-width: 800px) 100vw, 800px\" \/>\t\t\t\t\t\t\t\t\t\t\t\t\t\t\t<\/div>\n\t\t\t\t<\/div>\n\t\t\t\t<\/div>\n\t\t<div class=\"elementor-element elementor-element-60d0cdb e-con-full e-flex e-con e-child\" data-id=\"60d0cdb\" data-element_type=\"container\" data-e-type=\"container\">\n\t\t\t\t<div class=\"elementor-element elementor-element-6a7f648 elementor-widget elementor-widget-text-editor\" data-id=\"6a7f648\" data-element_type=\"widget\" data-e-type=\"widget\" data-widget_type=\"text-editor.default\">\n\t\t\t\t<div class=\"elementor-widget-container\">\n\t\t\t\t\t\t\t\t\t<p>Page 19.<br \/>&#8230;n&rsquo;avait aucune connaissance de l&rsquo;art de la guerre, ce qui entra\u00eena la d\u00e9faite de ses troupes<br \/>pr\u00e8s de Nic\u00e9e face aux Turcs.<br \/>Presque tous furent tu\u00e9s, et lui-m\u00eame s&rsquo;enfuit<br \/>avec quelques survivants vers Constantinople.<br \/>Pendant ce temps, les princes d&rsquo;Europe<br \/>commenc\u00e8rent \u00e0 mettre en marche leurs arm\u00e9es bien \u00e9quip\u00e9es et disciplin\u00e9es \u2014 dont nous parlerons plus tard.<\/p>\t\t\t\t\t\t\t\t<\/div>\n\t\t\t\t<\/div>\n\t\t\t\t<\/div>\n\t\t\t\t\t<\/div>\n\t\t\t\t<\/div>\n\t\t<div class=\"elementor-element elementor-element-63b421f e-flex e-con-boxed e-con e-parent\" data-id=\"63b421f\" data-element_type=\"container\" data-e-type=\"container\">\n\t\t\t\t\t<div class=\"e-con-inner\">\n\t\t\t\t<div class=\"elementor-element elementor-element-f225fae elementor-widget elementor-widget-text-editor\" data-id=\"f225fae\" data-element_type=\"widget\" data-e-type=\"widget\" data-widget_type=\"text-editor.default\">\n\t\t\t\t<div class=\"elementor-widget-container\">\n\t\t\t\t\t\t\t\t\t<p>Page 19. <br \/>La bataille pr\u00e8s de Nic\u00e9e (Nic\u00e9e est l&rsquo;actuelle \u0130znik en Turquie.) Les troupes d\u00e9sorganis\u00e9es de Pierre l&rsquo;Ermite furent totalement massacr\u00e9es par les Turcs sous le commandement du sultan Kilij Arslan. Seule une poign\u00e9e de survivants, accompagn\u00e9s de Pierre l&rsquo;Ermite, r\u00e9ussit \u00e0 regagner Constantinople.<br \/>Ainsi prit fin la Croisade populaire dans la catastrophe.<br \/><br \/><strong>Les rois et les nobles d&rsquo;Europe le virent \u2014 mais plus encore le Pape ! C&rsquo;est ICI que se trouve la graine de l&rsquo;id\u00e9al templier. <\/strong>Car ce qui suit dans l&rsquo;histoire est une g\u00e9n\u00e9ration de chevaliers qui apprennent :<br \/><br \/><strong>\u00ab\u00a0Nous combattrons pour Dieu \u2014 mais avec savoir, ordre et discipline.\u00a0\u00bb<br \/><\/strong><br \/>N\u00e9s pour ORDONNER LA FORCE SACR\u00c9E, afin qu&rsquo;elle ne sombre pas dans le chaos et le mal.<\/p>\t\t\t\t\t\t\t\t<\/div>\n\t\t\t\t<\/div>\n\t\t\t\t\t<\/div>\n\t\t\t\t<\/div>\n\t\t\t\t<section class=\"elementor-section elementor-top-section elementor-element elementor-element-7eb4e998 elementor-section-boxed elementor-section-height-default elementor-section-height-default\" data-id=\"7eb4e998\" data-element_type=\"section\" data-e-type=\"section\" data-settings=\"{&quot;background_background&quot;:&quot;classic&quot;,&quot;shape_divider_top&quot;:&quot;triangle&quot;,&quot;shape_divider_top_negative&quot;:&quot;yes&quot;,&quot;shape_divider_bottom&quot;:&quot;triangle&quot;,&quot;shape_divider_bottom_negative&quot;:&quot;yes&quot;}\">\n\t\t\t\t\t<div class=\"elementor-shape elementor-shape-top\" aria-hidden=\"true\" data-negative=\"true\">\n\t\t\t<svg xmlns=\"http:\/\/www.w3.org\/2000\/svg\" viewBox=\"0 0 1000 100\" preserveAspectRatio=\"none\">\n\t<path class=\"elementor-shape-fill\" d=\"M500.2,94.7L0,0v100h1000V0L500.2,94.7z\"\/>\n<\/svg>\t\t<\/div>\n\t\t\t\t<div class=\"elementor-shape elementor-shape-bottom\" aria-hidden=\"true\" data-negative=\"true\">\n\t\t\t<svg xmlns=\"http:\/\/www.w3.org\/2000\/svg\" viewBox=\"0 0 1000 100\" preserveAspectRatio=\"none\">\n\t<path class=\"elementor-shape-fill\" d=\"M500.2,94.7L0,0v100h1000V0L500.2,94.7z\"\/>\n<\/svg>\t\t<\/div>\n\t\t\t\t\t<div class=\"elementor-container elementor-column-gap-default\">\n\t\t\t\t\t<div class=\"elementor-column elementor-col-100 elementor-top-column elementor-element elementor-element-6aad376e\" data-id=\"6aad376e\" data-element_type=\"column\" data-e-type=\"column\">\n\t\t\t<div class=\"elementor-widget-wrap elementor-element-populated\">\n\t\t\t\t\t\t<div class=\"elementor-element elementor-element-252cb2c7 elementor-widget__width-auto elementor-view-default elementor-widget elementor-widget-icon\" data-id=\"252cb2c7\" data-element_type=\"widget\" data-e-type=\"widget\" data-widget_type=\"icon.default\">\n\t\t\t\t<div class=\"elementor-widget-container\">\n\t\t\t\t\t\t\t<div class=\"elementor-icon-wrapper\">\n\t\t\t<div class=\"elementor-icon\">\n\t\t\t<i aria-hidden=\"true\" class=\"fas fa-grip-lines\"><\/i>\t\t\t<\/div>\n\t\t<\/div>\n\t\t\t\t\t\t<\/div>\n\t\t\t\t<\/div>\n\t\t\t\t<div class=\"elementor-element elementor-element-1d4d2249 elementor-widget__width-auto elementor-widget elementor-widget-heading\" data-id=\"1d4d2249\" data-element_type=\"widget\" data-e-type=\"widget\" data-widget_type=\"heading.default\">\n\t\t\t\t<div class=\"elementor-widget-container\">\n\t\t\t\t\t<h2 class=\"elementor-heading-title elementor-size-default\">1097<\/h2>\t\t\t\t<\/div>\n\t\t\t\t<\/div>\n\t\t\t\t<div class=\"elementor-element elementor-element-3a928bfb elementor-widget__width-auto elementor-view-default elementor-widget elementor-widget-icon\" data-id=\"3a928bfb\" data-element_type=\"widget\" data-e-type=\"widget\" data-widget_type=\"icon.default\">\n\t\t\t\t<div class=\"elementor-widget-container\">\n\t\t\t\t\t\t\t<div class=\"elementor-icon-wrapper\">\n\t\t\t<div class=\"elementor-icon\">\n\t\t\t<i aria-hidden=\"true\" class=\"fas fa-grip-lines\"><\/i>\t\t\t<\/div>\n\t\t<\/div>\n\t\t\t\t\t\t<\/div>\n\t\t\t\t<\/div>\n\t\t\t\t\t<\/div>\n\t\t<\/div>\n\t\t\t\t\t<\/div>\n\t\t<\/section>\n\t\t<div class=\"elementor-element elementor-element-4f11a08 e-flex e-con-boxed e-con e-parent\" data-id=\"4f11a08\" data-element_type=\"container\" data-e-type=\"container\">\n\t\t\t\t\t<div class=\"e-con-inner\">\n\t\t<div class=\"elementor-element elementor-element-4a7b6c2 e-con-full e-flex e-con e-child\" data-id=\"4a7b6c2\" data-element_type=\"container\" data-e-type=\"container\">\n\t\t\t\t<div class=\"elementor-element elementor-element-0619880 elementor-widget elementor-widget-text-editor\" data-id=\"0619880\" data-element_type=\"widget\" data-e-type=\"widget\" data-widget_type=\"text-editor.default\">\n\t\t\t\t<div class=\"elementor-widget-container\">\n\t\t\t\t\t\t\t\t\t<p>Page 20<br \/>Ses troupes qui n\u2019\u00e9toient pas de son commandement de piller tout ce qu\u2019ils y pourroient trouver. Sur cela, comme de<br \/>raison, ils furent attaquez des Hongrois et qui ont tomber sur eux et en ont tu\u00e9 1000, et les autres mis en desordre.<br \/>Leurs or et leurs argent et bagages furent pillez, que le reste qui avoit pris la<br \/>fuite furent oblig\u00e9 de mendier leur pain en chemin jusque \u00e0 Constantinople.<br \/>Comme ceux-ci furent arriv\u00e9\u2026<\/p>\t\t\t\t\t\t\t\t<\/div>\n\t\t\t\t<\/div>\n\t\t\t\t<\/div>\n\t\t<div class=\"elementor-element elementor-element-1f3ae05 e-con-full e-flex e-con e-child\" data-id=\"1f3ae05\" data-element_type=\"container\" data-e-type=\"container\">\n\t\t\t\t<div class=\"elementor-element elementor-element-84bc8a8 elementor-widget elementor-widget-image\" data-id=\"84bc8a8\" data-element_type=\"widget\" data-e-type=\"widget\" data-widget_type=\"image.default\">\n\t\t\t\t<div class=\"elementor-widget-container\">\n\t\t\t\t\t\t\t\t\t\t\t\t\t\t\t<img loading=\"lazy\" decoding=\"async\" width=\"800\" height=\"534\" src=\"https:\/\/nederlandsetempeliers.nl\/wp-content\/uploads\/brood-3-1024x683.jpeg\" class=\"attachment-large size-large wp-image-11187\" alt=\"Pan\" srcset=\"https:\/\/nederlandsetempeliers.nl\/wp-content\/uploads\/brood-3-1024x683.jpeg 1024w, https:\/\/nederlandsetempeliers.nl\/wp-content\/uploads\/brood-3-300x200.jpeg 300w, https:\/\/nederlandsetempeliers.nl\/wp-content\/uploads\/brood-3-768x512.jpeg 768w, https:\/\/nederlandsetempeliers.nl\/wp-content\/uploads\/brood-3.jpeg 1536w\" sizes=\"(max-width: 800px) 100vw, 800px\" \/>\t\t\t\t\t\t\t\t\t\t\t\t\t\t\t<\/div>\n\t\t\t\t<\/div>\n\t\t\t\t<\/div>\n\t\t<div class=\"elementor-element elementor-element-c1413e3 e-con-full e-flex e-con e-child\" data-id=\"c1413e3\" data-element_type=\"container\" data-e-type=\"container\">\n\t\t\t\t<div class=\"elementor-element elementor-element-1f3c452 elementor-widget elementor-widget-text-editor\" data-id=\"1f3c452\" data-element_type=\"widget\" data-e-type=\"widget\" data-widget_type=\"text-editor.default\">\n\t\t\t\t<div class=\"elementor-widget-container\">\n\t\t\t\t\t\t\t\t\t<p>Page 20<br \/>Ses troupes, qui n&rsquo;\u00e9taient pas plac\u00e9es sous son commandement direct, commenc\u00e8rent \u00e0 piller tout<br \/>ce qu&rsquo;elles pouvaient trouver. C&rsquo;est pourquoi, et \u00e0 juste titre, elles furent attaqu\u00e9es par les Hongrois, qui les surprirent et en tu\u00e8rent un millier, tandis que les autres<br \/>tombaient dans le d\u00e9sordre. Leur or, leur argent et leurs bagages furent pill\u00e9s, et les survivants, qui avaient pris la fuite, furent contraints de mendier leur pain sur la route de Constantinople.<br \/>Lorsqu&rsquo;ils y arriv\u00e8rent enfin&#8230;<\/p>\t\t\t\t\t\t\t\t<\/div>\n\t\t\t\t<\/div>\n\t\t\t\t<\/div>\n\t\t\t\t\t<\/div>\n\t\t\t\t<\/div>\n\t\t<div class=\"elementor-element elementor-element-742f329 e-flex e-con-boxed e-con e-parent\" data-id=\"742f329\" data-element_type=\"container\" data-e-type=\"container\">\n\t\t\t\t\t<div class=\"e-con-inner\">\n\t\t\t\t<div class=\"elementor-element elementor-element-276c03a elementor-widget elementor-widget-text-editor\" data-id=\"276c03a\" data-element_type=\"widget\" data-e-type=\"widget\" data-widget_type=\"text-editor.default\">\n\t\t\t\t<div class=\"elementor-widget-container\">\n\t\t\t\t\t\t\t\t\t<p>Page 20. <br \/>\u00c9cho historique, la Croisade populaire de Gauthier Sans-Avoir et de Pierre l&rsquo;Ermite traversa la Hongrie et la Bulgarie, o\u00f9 elle entra \u00e0 plusieurs reprises en conflit avec les populations locales qui les consid\u00e9raient comme des pillards.<br \/>Des milliers d&rsquo;entre eux furent massacr\u00e9s pr\u00e8s de Belgrade et de Ni\u0161.<br \/><br \/>C&rsquo;est le point le plus bas du chaos humain : le moment o\u00f9 une foule pieuse est r\u00e9duite \u00e0 la mendicit\u00e9.<br \/>Pourtant, ce n&rsquo;est pas la fin, mais le moment de purification du r\u00e9cit \u2014 l&rsquo;humiliation n\u00e9cessaire avant la reconstruction.<br \/>Car de cette catastrophe na\u00eet la conviction qu&rsquo;une guerre sainte n&rsquo;est possible qu&rsquo;avec :<br \/>\u2022 l&rsquo;ordre<br \/>\u2022 l&rsquo;ob\u00e9issance<br \/>\u2022 la discipline<br \/>\u2022 le leadership<br \/><br \/>C&rsquo;est ici que l&rsquo;id\u00e9al du chevalier moine na\u00eet de la n\u00e9cessit\u00e9.<br \/>Ce qui suit est le souffle du silence apr\u00e8s la temp\u00eate : le moment o\u00f9 la le\u00e7on s&rsquo;imprime enfin : PLUS JAMAIS AINSI !<\/p>\t\t\t\t\t\t\t\t<\/div>\n\t\t\t\t<\/div>\n\t\t\t\t\t<\/div>\n\t\t\t\t<\/div>\n\t\t<div class=\"elementor-element elementor-element-8b7fd1c e-flex e-con-boxed e-con e-parent\" data-id=\"8b7fd1c\" data-element_type=\"container\" data-e-type=\"container\">\n\t\t\t\t\t<div class=\"e-con-inner\">\n\t\t\t\t<div class=\"elementor-element elementor-element-99d70d1 elementor-widget elementor-widget-image\" data-id=\"99d70d1\" data-element_type=\"widget\" data-e-type=\"widget\" data-widget_type=\"image.default\">\n\t\t\t\t<div class=\"elementor-widget-container\">\n\t\t\t\t\t\t\t\t\t\t\t\t\t\t\t<img loading=\"lazy\" decoding=\"async\" width=\"300\" height=\"55\" src=\"https:\/\/nederlandsetempeliers.nl\/wp-content\/uploads\/guirlande-300x55.jpeg\" class=\"attachment-medium size-medium wp-image-7459\" alt=\"guirlande\" srcset=\"https:\/\/nederlandsetempeliers.nl\/wp-content\/uploads\/guirlande-300x55.jpeg 300w, https:\/\/nederlandsetempeliers.nl\/wp-content\/uploads\/guirlande-1024x189.jpeg 1024w, https:\/\/nederlandsetempeliers.nl\/wp-content\/uploads\/guirlande-768x142.jpeg 768w, https:\/\/nederlandsetempeliers.nl\/wp-content\/uploads\/guirlande.jpeg 1534w\" sizes=\"(max-width: 300px) 100vw, 300px\" \/>\t\t\t\t\t\t\t\t\t\t\t\t\t\t\t<\/div>\n\t\t\t\t<\/div>\n\t\t\t\t\t<\/div>\n\t\t\t\t<\/div>\n\t\t<div class=\"elementor-element elementor-element-62059ae e-flex e-con-boxed e-con e-parent\" data-id=\"62059ae\" data-element_type=\"container\" data-e-type=\"container\">\n\t\t\t\t\t<div class=\"e-con-inner\">\n\t\t<div class=\"elementor-element elementor-element-75b7e70 e-con-full e-flex e-con e-child\" data-id=\"75b7e70\" data-element_type=\"container\" data-e-type=\"container\">\n\t\t\t\t<div class=\"elementor-element elementor-element-8ff32b9 elementor-widget elementor-widget-text-editor\" data-id=\"8ff32b9\" data-element_type=\"widget\" data-e-type=\"widget\" data-widget_type=\"text-editor.default\">\n\t\t\t\t<div class=\"elementor-widget-container\">\n\t\t\t\t\t\t\t\t\t<p>Page 21<br \/>L\u2019Empereur Alexius leurs demanda de se joindre avec les autres troupes de Sansavoir qui \u00e9toient arriv\u00e9es avant eux, et de se reposer, d\u2019attendre leurs autres<br \/>camarades; mais comme ils \u00e9toient repos\u00e9 ils se mirent comme auparavant \u00e0 voler et \u00e0 ravager. Alors Alexius ne les voulut pas souffrir davantage, et les obligea de partir pour l\u2019Asie, et d\u2019aller<br \/>trouver leurs ennemis. \u00c9tant arriv\u00e9s en Asie, il s\u2019y assembla<br \/>toute sorte de nations, et\u2026<\/p>\t\t\t\t\t\t\t\t<\/div>\n\t\t\t\t<\/div>\n\t\t\t\t<\/div>\n\t\t<div class=\"elementor-element elementor-element-117d99f e-con-full e-flex e-con e-child\" data-id=\"117d99f\" data-element_type=\"container\" data-e-type=\"container\">\n\t\t\t\t<div class=\"elementor-element elementor-element-ed3705b elementor-widget elementor-widget-image\" data-id=\"ed3705b\" data-element_type=\"widget\" data-e-type=\"widget\" data-widget_type=\"image.default\">\n\t\t\t\t<div class=\"elementor-widget-container\">\n\t\t\t\t\t\t\t\t\t\t\t\t\t\t\t<img loading=\"lazy\" decoding=\"async\" width=\"800\" height=\"930\" src=\"https:\/\/nederlandsetempeliers.nl\/wp-content\/uploads\/Ridder-met-waakhond-3-881x1024.jpeg\" class=\"attachment-large size-large wp-image-11420\" alt=\"Chevalier avec un chien de garde\" srcset=\"https:\/\/nederlandsetempeliers.nl\/wp-content\/uploads\/Ridder-met-waakhond-3-881x1024.jpeg 881w, https:\/\/nederlandsetempeliers.nl\/wp-content\/uploads\/Ridder-met-waakhond-3-258x300.jpeg 258w, https:\/\/nederlandsetempeliers.nl\/wp-content\/uploads\/Ridder-met-waakhond-3-768x893.jpeg 768w, https:\/\/nederlandsetempeliers.nl\/wp-content\/uploads\/Ridder-met-waakhond-3.jpeg 1163w\" sizes=\"(max-width: 800px) 100vw, 800px\" \/>\t\t\t\t\t\t\t\t\t\t\t\t\t\t\t<\/div>\n\t\t\t\t<\/div>\n\t\t\t\t<\/div>\n\t\t<div class=\"elementor-element elementor-element-448e92e e-con-full e-flex e-con e-child\" data-id=\"448e92e\" data-element_type=\"container\" data-e-type=\"container\">\n\t\t\t\t<div class=\"elementor-element elementor-element-df7b03b elementor-widget elementor-widget-text-editor\" data-id=\"df7b03b\" data-element_type=\"widget\" data-e-type=\"widget\" data-widget_type=\"text-editor.default\">\n\t\t\t\t<div class=\"elementor-widget-container\">\n\t\t\t\t\t\t\t\t\t<p>Page 21<br \/>L&#8217;empereur Alexis leur demanda de rejoindre les autres troupes de Sansavoir, qui \u00e9taient arriv\u00e9es avant eux, de s&rsquo;y reposer et d&rsquo;attendre leurs autres compagnons. Mais d\u00e8s qu&rsquo;ils eurent repris des forces, ils recommenc\u00e8rent \u00e0 voler et \u00e0 piller.<br \/>Alors Alexis ne voulut plus le tol\u00e9rer et les contraignit \u00e0 partir pour l&rsquo;Asie afin d&rsquo;y rechercher leurs ennemis.<\/p><p>Pendant ce temps, toutes sortes de peuples se rassembl\u00e8rent en Asie, et&#8230;<\/p>\t\t\t\t\t\t\t\t<\/div>\n\t\t\t\t<\/div>\n\t\t\t\t<\/div>\n\t\t\t\t\t<\/div>\n\t\t\t\t<\/div>\n\t\t<div class=\"elementor-element elementor-element-9e39125 e-flex e-con-boxed e-con e-parent\" data-id=\"9e39125\" data-element_type=\"container\" data-e-type=\"container\">\n\t\t\t\t\t<div class=\"e-con-inner\">\n\t\t\t\t<div class=\"elementor-element elementor-element-2d0fadc elementor-widget elementor-widget-text-editor\" data-id=\"2d0fadc\" data-element_type=\"widget\" data-e-type=\"widget\" data-widget_type=\"text-editor.default\">\n\t\t\t\t<div class=\"elementor-widget-container\">\n\t\t\t\t\t\t\t\t\t<p>Page 21<br \/>La patience de l&#8217;empereur Alexis I\u1d49\u02b3 Comn\u00e8ne est arriv\u00e9e \u00e0 son terme. Les survivants de la croisade populaire (ceux qui n&rsquo;avaient pas atteint Constantinople auparavant) avaient enfin \u00e9t\u00e9 re\u00e7us par Alexis. Il leur conseilla de se reposer quelque temps et d&rsquo;attendre le reste de leurs troupes. Mais d\u00e8s qu&rsquo;ils retrouv\u00e8rent leurs forces, ils retomb\u00e8rent dans leurs anciennes habitudes : ils se mirent de nouveau \u00e0 voler et \u00e0 piller. Alexis comprit alors que ce groupe \u00e9tait devenu un fardeau et les for\u00e7a \u00e0 quitter la ville.<br \/>Il les fit traverser le Bosphore afin de les envoyer vers l&rsquo;Asie Mineure, directement en territoire ennemi des Turcs.<\/p><p>L&#8217;empereur \u00e9tait sage et patient, mais aussi r\u00e9aliste : il savait que ces hommes finiraient par se perdre eux-m\u00eames. Cet \u00e9pisode confirme une fois de plus que l&rsquo;ordre l&#8217;emporte sur le chaos. Non pas une libert\u00e9 sans contr\u00f4le, mais une d\u00e9termination disciplin\u00e9e.<\/p>\t\t\t\t\t\t\t\t<\/div>\n\t\t\t\t<\/div>\n\t\t\t\t\t<\/div>\n\t\t\t\t<\/div>\n\t\t<div class=\"elementor-element elementor-element-dc17fa9 e-flex e-con-boxed e-con e-parent\" data-id=\"dc17fa9\" data-element_type=\"container\" data-e-type=\"container\">\n\t\t\t\t\t<div class=\"e-con-inner\">\n\t\t\t\t<div class=\"elementor-element elementor-element-c13ccff elementor-widget elementor-widget-image\" data-id=\"c13ccff\" data-element_type=\"widget\" data-e-type=\"widget\" data-widget_type=\"image.default\">\n\t\t\t\t<div class=\"elementor-widget-container\">\n\t\t\t\t\t\t\t\t\t\t\t\t\t\t\t<img loading=\"lazy\" decoding=\"async\" width=\"300\" height=\"55\" src=\"https:\/\/nederlandsetempeliers.nl\/wp-content\/uploads\/guirlande-300x55.jpeg\" class=\"attachment-medium size-medium wp-image-7459\" alt=\"guirlande\" srcset=\"https:\/\/nederlandsetempeliers.nl\/wp-content\/uploads\/guirlande-300x55.jpeg 300w, https:\/\/nederlandsetempeliers.nl\/wp-content\/uploads\/guirlande-1024x189.jpeg 1024w, https:\/\/nederlandsetempeliers.nl\/wp-content\/uploads\/guirlande-768x142.jpeg 768w, https:\/\/nederlandsetempeliers.nl\/wp-content\/uploads\/guirlande.jpeg 1534w\" sizes=\"(max-width: 300px) 100vw, 300px\" \/>\t\t\t\t\t\t\t\t\t\t\t\t\t\t\t<\/div>\n\t\t\t\t<\/div>\n\t\t\t\t\t<\/div>\n\t\t\t\t<\/div>\n\t\t<div class=\"elementor-element elementor-element-b1ed61e e-flex e-con-boxed e-con e-parent\" data-id=\"b1ed61e\" data-element_type=\"container\" data-e-type=\"container\">\n\t\t\t\t\t<div class=\"e-con-inner\">\n\t\t<div class=\"elementor-element elementor-element-86b5029 e-con-full e-flex e-con e-child\" data-id=\"86b5029\" data-element_type=\"container\" data-e-type=\"container\">\n\t\t\t\t<div class=\"elementor-element elementor-element-d8a0cc1 elementor-widget elementor-widget-text-editor\" data-id=\"d8a0cc1\" data-element_type=\"widget\" data-e-type=\"widget\" data-widget_type=\"text-editor.default\">\n\t\t\t\t<div class=\"elementor-widget-container\">\n\t\t\t\t\t\t\t\t\t<p>Page 22<br \/>comme ils \u00e9toient oblig\u00e9 de vivre \u00e0 leur d\u00e9pens, et leur arm\u00e9e s\u2019augmenta de jour<br \/>en jour de toute sorte de gens, les vivres vinrent \u00e0 manquer, alors il s\u2019\u00e9leva une r\u00e9volte; les Allemands et les Italiens<br \/>se s\u00e9par\u00e8rent de l\u2019hermite et ils reconnurent pour Chef un nomm\u00e9 Renaldrum. <br \/>L\u2019hermite ne se fioit plus de rester aupr\u00e8s de tous ces gens-l\u00e0, il se retira \u00e0 Constantinople pour t\u00e2cher d\u2019avoir des vivres.<br \/>Pendant ce tems-l\u00e0 Solimans\u2026<br \/><br \/><\/p>\t\t\t\t\t\t\t\t<\/div>\n\t\t\t\t<\/div>\n\t\t\t\t<\/div>\n\t\t<div class=\"elementor-element elementor-element-7ceaa49 e-con-full e-flex e-con e-child\" data-id=\"7ceaa49\" data-element_type=\"container\" data-e-type=\"container\">\n\t\t\t\t<div class=\"elementor-element elementor-element-33f5479 elementor-widget elementor-widget-image\" data-id=\"33f5479\" data-element_type=\"widget\" data-e-type=\"widget\" data-widget_type=\"image.default\">\n\t\t\t\t<div class=\"elementor-widget-container\">\n\t\t\t\t\t\t\t\t\t\t\t\t\t\t\t<img loading=\"lazy\" decoding=\"async\" width=\"773\" height=\"1024\" src=\"https:\/\/nederlandsetempeliers.nl\/wp-content\/uploads\/schild-en-zwaard-3-773x1024.jpeg\" class=\"attachment-large size-large wp-image-11421\" alt=\"bouclier et \u00e9p\u00e9e\" srcset=\"https:\/\/nederlandsetempeliers.nl\/wp-content\/uploads\/schild-en-zwaard-3-773x1024.jpeg 773w, https:\/\/nederlandsetempeliers.nl\/wp-content\/uploads\/schild-en-zwaard-3-227x300.jpeg 227w, https:\/\/nederlandsetempeliers.nl\/wp-content\/uploads\/schild-en-zwaard-3-768x1017.jpeg 768w, https:\/\/nederlandsetempeliers.nl\/wp-content\/uploads\/schild-en-zwaard-3.jpeg 829w\" sizes=\"(max-width: 773px) 100vw, 773px\" \/>\t\t\t\t\t\t\t\t\t\t\t\t\t\t\t<\/div>\n\t\t\t\t<\/div>\n\t\t\t\t<\/div>\n\t\t<div class=\"elementor-element elementor-element-e0be482 e-con-full e-flex e-con e-child\" data-id=\"e0be482\" data-element_type=\"container\" data-e-type=\"container\">\n\t\t\t\t<div class=\"elementor-element elementor-element-988185d elementor-widget elementor-widget-text-editor\" data-id=\"988185d\" data-element_type=\"widget\" data-e-type=\"widget\" data-widget_type=\"text-editor.default\">\n\t\t\t\t<div class=\"elementor-widget-container\">\n\t\t\t\t\t\t\t\t\t<p>Page 22<br \/>Comme ils \u00e9taient contraints de vivre de leurs propres ressources, et que leur arm\u00e9e grossissait chaque jour de toutes sortes de gens, les provisions finirent par s&rsquo;\u00e9puiser. Alors une r\u00e9volte \u00e9clata : les Allemands et les Italiens se s\u00e9par\u00e8rent de Pierre l&rsquo;Ermite et reconnurent pour chef un certain Renaud.<\/p><p>Pierre l&rsquo;Ermite n&rsquo;osa plus rester parmi cette foule ; il retourna \u00e0 Constantinople afin d&rsquo;essayer d&rsquo;y obtenir des vivres.<\/p><p>Pendant ce temps, Soliman commen\u00e7a&#8230;<\/p>\t\t\t\t\t\t\t\t<\/div>\n\t\t\t\t<\/div>\n\t\t\t\t<\/div>\n\t\t\t\t\t<\/div>\n\t\t\t\t<\/div>\n\t\t<div class=\"elementor-element elementor-element-2eb73ed e-flex e-con-boxed e-con e-parent\" data-id=\"2eb73ed\" data-element_type=\"container\" data-e-type=\"container\">\n\t\t\t\t\t<div class=\"e-con-inner\">\n\t\t\t\t<div class=\"elementor-element elementor-element-9982e58 elementor-widget elementor-widget-text-editor\" data-id=\"9982e58\" data-element_type=\"widget\" data-e-type=\"widget\" data-widget_type=\"text-editor.default\">\n\t\t\t\t<div class=\"elementor-widget-container\">\n\t\t\t\t\t\t\t\t\t<p>Page 22<br \/>La division et le d\u00e9sordre s&rsquo;aggravent. La r\u00e9volte, le d\u00e9sespoir et la faim plongent davantage encore l&rsquo;arm\u00e9e dans le chaos. Les divisions se multiplient : un groupe suit d\u00e9sormais un autre chef, Renaud.<\/p><p>Pierre l&rsquo;Ermite quitte alors son arm\u00e9e et s&rsquo;enfuit vers Constantinople pour tenter d&rsquo;obtenir des vivres.<\/p>\t\t\t\t\t\t\t\t<\/div>\n\t\t\t\t<\/div>\n\t\t\t\t\t<\/div>\n\t\t\t\t<\/div>\n\t\t<div class=\"elementor-element elementor-element-810bd04 e-flex e-con-boxed e-con e-parent\" data-id=\"810bd04\" data-element_type=\"container\" data-e-type=\"container\">\n\t\t\t\t\t<div class=\"e-con-inner\">\n\t\t\t\t<div class=\"elementor-element elementor-element-c8ff274 elementor-widget elementor-widget-image\" data-id=\"c8ff274\" data-element_type=\"widget\" data-e-type=\"widget\" data-widget_type=\"image.default\">\n\t\t\t\t<div class=\"elementor-widget-container\">\n\t\t\t\t\t\t\t\t\t\t\t\t\t\t\t<img loading=\"lazy\" decoding=\"async\" width=\"300\" height=\"55\" src=\"https:\/\/nederlandsetempeliers.nl\/wp-content\/uploads\/guirlande-300x55.jpeg\" class=\"attachment-medium size-medium wp-image-7459\" alt=\"guirlande\" srcset=\"https:\/\/nederlandsetempeliers.nl\/wp-content\/uploads\/guirlande-300x55.jpeg 300w, https:\/\/nederlandsetempeliers.nl\/wp-content\/uploads\/guirlande-1024x189.jpeg 1024w, https:\/\/nederlandsetempeliers.nl\/wp-content\/uploads\/guirlande-768x142.jpeg 768w, https:\/\/nederlandsetempeliers.nl\/wp-content\/uploads\/guirlande.jpeg 1534w\" sizes=\"(max-width: 300px) 100vw, 300px\" \/>\t\t\t\t\t\t\t\t\t\t\t\t\t\t\t<\/div>\n\t\t\t\t<\/div>\n\t\t\t\t\t<\/div>\n\t\t\t\t<\/div>\n\t\t<div class=\"elementor-element elementor-element-9f8229e e-flex e-con-boxed e-con e-parent\" data-id=\"9f8229e\" data-element_type=\"container\" data-e-type=\"container\">\n\t\t\t\t\t<div class=\"e-con-inner\">\n\t\t<div class=\"elementor-element elementor-element-59e471f e-con-full e-flex e-con e-child\" data-id=\"59e471f\" data-element_type=\"container\" data-e-type=\"container\">\n\t\t\t\t<div class=\"elementor-element elementor-element-1a64fdd elementor-widget elementor-widget-text-editor\" data-id=\"1a64fdd\" data-element_type=\"widget\" data-e-type=\"widget\" data-widget_type=\"text-editor.default\">\n\t\t\t\t<div class=\"elementor-widget-container\">\n\t\t\t\t\t\t\t\t\t<p>Page 23<br \/>le fameux Roi des Turcs arriva avec ses troupes reguliers, jugez, dans quelle d\u00e9tresse pouvoit \u00eatre ce petit monceau<br \/>de troupes mal command\u00e9es et dans une si triste et d\u00e9plorable situation, apr\u00e8s avoir pris deux ou trois petites villes, il tomba sur eux. D\u2019une terrible fureur il en fit une tuerie et prit tous ceux qui y avoient \u00e9chapp\u00e9 prisonnier, avec leur<br \/>Commandant Renaldos, dont ils embrass\u00e8rent la plus grande partie la loi Mahom\u00e9tane.<\/p>\t\t\t\t\t\t\t\t<\/div>\n\t\t\t\t<\/div>\n\t\t\t\t<\/div>\n\t\t<div class=\"elementor-element elementor-element-17eadcd e-con-full e-flex e-con e-child\" data-id=\"17eadcd\" data-element_type=\"container\" data-e-type=\"container\">\n\t\t\t\t<div class=\"elementor-element elementor-element-dc1fd2c elementor-widget elementor-widget-image\" data-id=\"dc1fd2c\" data-element_type=\"widget\" data-e-type=\"widget\" data-widget_type=\"image.default\">\n\t\t\t\t<div class=\"elementor-widget-container\">\n\t\t\t\t\t\t\t\t\t\t\t\t\t\t\t<img loading=\"lazy\" decoding=\"async\" width=\"393\" height=\"1024\" src=\"https:\/\/nederlandsetempeliers.nl\/wp-content\/uploads\/Turk-3-393x1024.jpeg\" class=\"attachment-large size-large wp-image-11563\" alt=\"Turc\" srcset=\"https:\/\/nederlandsetempeliers.nl\/wp-content\/uploads\/Turk-3-393x1024.jpeg 393w, https:\/\/nederlandsetempeliers.nl\/wp-content\/uploads\/Turk-3-115x300.jpeg 115w, https:\/\/nederlandsetempeliers.nl\/wp-content\/uploads\/Turk-3.jpeg 552w\" sizes=\"(max-width: 393px) 100vw, 393px\" \/>\t\t\t\t\t\t\t\t\t\t\t\t\t\t\t<\/div>\n\t\t\t\t<\/div>\n\t\t\t\t<\/div>\n\t\t<div class=\"elementor-element elementor-element-c0b6281 e-con-full e-flex e-con e-child\" data-id=\"c0b6281\" data-element_type=\"container\" data-e-type=\"container\">\n\t\t\t\t<div class=\"elementor-element elementor-element-8745e41 elementor-widget elementor-widget-text-editor\" data-id=\"8745e41\" data-element_type=\"widget\" data-e-type=\"widget\" data-widget_type=\"text-editor.default\">\n\t\t\t\t<div class=\"elementor-widget-container\">\n\t\t\t\t\t\t\t\t\t<p>Page 23<br \/>Le c\u00e9l\u00e8bre roi des Turcs arriva avec ses troupes r\u00e9guli\u00e8res. On peut imaginer dans quelle d\u00e9tresse se trouvait alors cette petite troupe de soldats mal dirig\u00e9s. Dans cet \u00e9tat si triste et si mis\u00e9rable, apr\u00e8s avoir pris deux ou trois petites villes, il les attaqua. Dans une terrible fureur, il provoqua un massacre et fit prisonniers tous ceux qui avaient surv\u00e9cu, ainsi que leur chef Renaldos, dont la plupart adopt\u00e8rent la loi de Mahomet.<\/p>\t\t\t\t\t\t\t\t<\/div>\n\t\t\t\t<\/div>\n\t\t\t\t<\/div>\n\t\t\t\t\t<\/div>\n\t\t\t\t<\/div>\n\t\t<div class=\"elementor-element elementor-element-3c0caff e-flex e-con-boxed e-con e-parent\" data-id=\"3c0caff\" data-element_type=\"container\" data-e-type=\"container\">\n\t\t\t\t\t<div class=\"e-con-inner\">\n\t\t\t\t<div class=\"elementor-element elementor-element-b57afe8 elementor-widget elementor-widget-text-editor\" data-id=\"b57afe8\" data-element_type=\"widget\" data-e-type=\"widget\" data-widget_type=\"text-editor.default\">\n\t\t\t\t<div class=\"elementor-widget-container\">\n\t\t\t\t\t\t\t\t\t<p>page 23<br \/>Le \u00ab roi des Turcs \u00bb d\u00e9signe le sultan Soliman (plus pr\u00e9cis\u00e9ment Kilij Arslan), souverain du sultanat seldjoukide d&rsquo;Asie Mineure. Il commandait une v\u00e9ritable arm\u00e9e, bien entra\u00een\u00e9e, en contraste frappant avec la foule inexp\u00e9riment\u00e9e des disciples de Pierre l&rsquo;Ermite. Il les \u00e9crasa et les massacra. Les survivants, ainsi que leur chef, se convertirent \u00e0 l&rsquo;islam par crainte pour leur vie.<\/p><p>\u00a0<\/p>\t\t\t\t\t\t\t\t<\/div>\n\t\t\t\t<\/div>\n\t\t\t\t\t<\/div>\n\t\t\t\t<\/div>\n\t\t<div class=\"elementor-element elementor-element-a0323bd e-flex e-con-boxed e-con e-parent\" data-id=\"a0323bd\" data-element_type=\"container\" data-e-type=\"container\">\n\t\t\t\t\t<div class=\"e-con-inner\">\n\t\t\t\t<div class=\"elementor-element elementor-element-d94951c elementor-widget elementor-widget-image\" data-id=\"d94951c\" data-element_type=\"widget\" data-e-type=\"widget\" data-widget_type=\"image.default\">\n\t\t\t\t<div class=\"elementor-widget-container\">\n\t\t\t\t\t\t\t\t\t\t\t\t\t\t\t<img loading=\"lazy\" decoding=\"async\" width=\"300\" height=\"55\" src=\"https:\/\/nederlandsetempeliers.nl\/wp-content\/uploads\/guirlande-300x55.jpeg\" class=\"attachment-medium size-medium wp-image-7459\" alt=\"guirlande\" srcset=\"https:\/\/nederlandsetempeliers.nl\/wp-content\/uploads\/guirlande-300x55.jpeg 300w, https:\/\/nederlandsetempeliers.nl\/wp-content\/uploads\/guirlande-1024x189.jpeg 1024w, https:\/\/nederlandsetempeliers.nl\/wp-content\/uploads\/guirlande-768x142.jpeg 768w, https:\/\/nederlandsetempeliers.nl\/wp-content\/uploads\/guirlande.jpeg 1534w\" sizes=\"(max-width: 300px) 100vw, 300px\" \/>\t\t\t\t\t\t\t\t\t\t\t\t\t\t\t<\/div>\n\t\t\t\t<\/div>\n\t\t\t\t\t<\/div>\n\t\t\t\t<\/div>\n\t\t<div class=\"elementor-element elementor-element-1be6f78 e-flex e-con-boxed e-con e-parent\" data-id=\"1be6f78\" data-element_type=\"container\" data-e-type=\"container\">\n\t\t\t\t\t<div class=\"e-con-inner\">\n\t\t<div class=\"elementor-element elementor-element-15abb4a e-con-full e-flex e-con e-child\" data-id=\"15abb4a\" data-element_type=\"container\" data-e-type=\"container\">\n\t\t\t\t<div class=\"elementor-element elementor-element-0cdf4c4 elementor-widget elementor-widget-text-editor\" data-id=\"0cdf4c4\" data-element_type=\"widget\" data-e-type=\"widget\" data-widget_type=\"text-editor.default\">\n\t\t\t\t<div class=\"elementor-widget-container\">\n\t\t\t\t\t\t\t\t\t<p>Page 24<br \/>Et ce grand nombre d\u2019hommes plus de 100000 fut detruit, jusqu\u2019au nombre de 3000. Tous bons guerriers qui <br \/>s\u2019\u00e9cchapperent et s\u2019en retourn\u00e8rent<br \/>\u00e0 Constantinople, voil\u00e0 la suite de la premi\u00e8re Exp\u00e9dition.<br \/>Le 3\u1d49 Convoi, Godescalcus, un Pr\u00eatre allemand en fut le conducteur, et il suivit l\u2019exemple de Pierre l\u2019hermite et pr\u00eacha la Croisade dans l\u2019allemagne, et il assembla le nombre de 15000 hommes,<\/p>\t\t\t\t\t\t\t\t<\/div>\n\t\t\t\t<\/div>\n\t\t\t\t<\/div>\n\t\t<div class=\"elementor-element elementor-element-b5fd0ee e-con-full e-flex e-con e-child\" data-id=\"b5fd0ee\" data-element_type=\"container\" data-e-type=\"container\">\n\t\t\t\t<div class=\"elementor-element elementor-element-edbc155 elementor-widget elementor-widget-image\" data-id=\"edbc155\" data-element_type=\"widget\" data-e-type=\"widget\" data-widget_type=\"image.default\">\n\t\t\t\t<div class=\"elementor-widget-container\">\n\t\t\t\t\t\t\t\t\t\t\t\t\t\t\t<img loading=\"lazy\" decoding=\"async\" width=\"486\" height=\"440\" src=\"https:\/\/nederlandsetempeliers.nl\/wp-content\/uploads\/leger-3.jpeg\" class=\"attachment-large size-large wp-image-11565\" alt=\"arm\u00e9e m\u00e9di\u00e9vale\" srcset=\"https:\/\/nederlandsetempeliers.nl\/wp-content\/uploads\/leger-3.jpeg 486w, https:\/\/nederlandsetempeliers.nl\/wp-content\/uploads\/leger-3-300x272.jpeg 300w\" sizes=\"(max-width: 486px) 100vw, 486px\" \/>\t\t\t\t\t\t\t\t\t\t\t\t\t\t\t<\/div>\n\t\t\t\t<\/div>\n\t\t\t\t<\/div>\n\t\t<div class=\"elementor-element elementor-element-d41eef5 e-con-full e-flex e-con e-child\" data-id=\"d41eef5\" data-element_type=\"container\" data-e-type=\"container\">\n\t\t\t\t<div class=\"elementor-element elementor-element-cc86dd2 elementor-widget elementor-widget-text-editor\" data-id=\"cc86dd2\" data-element_type=\"widget\" data-e-type=\"widget\" data-widget_type=\"text-editor.default\">\n\t\t\t\t<div class=\"elementor-widget-container\">\n\t\t\t\t\t\t\t\t\t<p>Page 24<br \/>Et cette immense multitude de plus de 100 000 personnes fut an\u00e9antie, jusqu&rsquo;\u00e0 ce qu&rsquo;il ne reste que 3 000 survivants. Tous \u00e9taient de valeureux combattants qui r\u00e9ussirent \u00e0 s&rsquo;\u00e9chapper et \u00e0 retourner \u00e0 Constantinople.<br \/>Ceci constitue la suite de la premi\u00e8re exp\u00e9dition.<br \/>La troisi\u00e8me colonne \u00e9tait conduite par Godescalcus, un pr\u00eatre allemand. Il suivit l&rsquo;exemple de Pierre l&rsquo;Ermite et pr\u00eacha la croisade en Allemagne. Il rassembla une arm\u00e9e d&rsquo;environ 15 000 hommes&#8230;<\/p><p>\u00a0<\/p>\t\t\t\t\t\t\t\t<\/div>\n\t\t\t\t<\/div>\n\t\t\t\t<\/div>\n\t\t\t\t\t<\/div>\n\t\t\t\t<\/div>\n\t\t<div class=\"elementor-element elementor-element-aed0514 e-flex e-con-boxed e-con e-parent\" data-id=\"aed0514\" data-element_type=\"container\" data-e-type=\"container\">\n\t\t\t\t\t<div class=\"e-con-inner\">\n\t\t\t\t<div class=\"elementor-element elementor-element-1d17e5f elementor-widget elementor-widget-text-editor\" data-id=\"1d17e5f\" data-element_type=\"widget\" data-e-type=\"widget\" data-widget_type=\"text-editor.default\">\n\t\t\t\t<div class=\"elementor-widget-container\">\n\t\t\t\t\t\t\t\t\t<p>Page 24<br \/>Godescalcus (Gottschalk) est un personnage historique bien connu. Pr\u00eatre allemand, il dirigea vers 1096 sa propre croisade populaire, quelque temps apr\u00e8s Pierre l&rsquo;Ermite. Ses troupes \u00e9taient compos\u00e9es principalement de paysans allemands \u2014 en partie des fanatiques, en partie des opportunistes \u2014 et de tr\u00e8s peu de v\u00e9ritables soldats. Ils travers\u00e8rent la Boh\u00eame et l&rsquo;Autriche, o\u00f9 ils se livr\u00e8rent \u00e0 d&rsquo;importants pillages, avant d&rsquo;\u00eatre en grande partie an\u00e9antis pr\u00e8s de Vienne ou en Hongrie.<\/p><p>Nous lisons ici une vue d&rsquo;ensemble des mouvements europ\u00e9ens qui pr\u00e9c\u00e9d\u00e8rent la Premi\u00e8re Croisade.<\/p><p>\u2705 Le fait qu&rsquo;il ait suivi l&rsquo;exemple de Pierre l&rsquo;Ermite est essentiel. Le manuscrit pr\u00e9sente trois vagues pr\u00e9c\u00e9dant la croisade officielle :<br \/>1. Gualtiero Sansavoir<br \/>2. Pierre l&rsquo;Ermite<br \/>3. Godescalcus<br \/>Tous les trois \u00e9taient :<br \/>* profond\u00e9ment pieux ;<br \/>* charismatiques ;<br \/>* non militaires ;<br \/>* responsables de d\u00e9sordre et de massacres.<br \/>Le message implicite est parfaitement clair : la Guerre Sainte ne peut \u00eatre port\u00e9e par le seul enthousiasme religieux. <strong>Dieu demande aussi l&rsquo;ordre.<\/strong><\/p><p>C&rsquo;est pourquoi les ordres religieux militaires appara\u00eetront par la suite.<br \/>\u2705 L&rsquo;expression \u00ab Il assembla 15.000 hommes \u00bb est conforme aux sources m\u00e9di\u00e9vales : l&rsquo;arm\u00e9e de Gottschalk est g\u00e9n\u00e9ralement estim\u00e9e entre 10 000 et 15 000 hommes.<br \/>\u2714 C&rsquo;est ici que d\u00e9bute la participation allemande au mouvement des croisades.<br \/>\u2714 C&rsquo;est \u00e9galement \u00e0 ce moment que commence \u00e0 se former l&rsquo;identit\u00e9 chevaleresque allemande,<br \/>\u2192 laquelle conduira notamment \u00e0 la naissance de l&rsquo;Ordre Teutonique.<\/p><p>La page 24 constitue donc le premier moment o\u00f9 l&rsquo;Allemagne, la ferveur des croisades et la n\u00e9cessit\u00e9 militaire se rejoignent dans le r\u00e9cit.<\/p>\t\t\t\t\t\t\t\t<\/div>\n\t\t\t\t<\/div>\n\t\t\t\t\t<\/div>\n\t\t\t\t<\/div>\n\t\t\t\t<section class=\"elementor-section elementor-top-section elementor-element elementor-element-4824c54a elementor-section-boxed elementor-section-height-default elementor-section-height-default\" data-id=\"4824c54a\" data-element_type=\"section\" data-e-type=\"section\" data-settings=\"{&quot;background_background&quot;:&quot;classic&quot;,&quot;shape_divider_top&quot;:&quot;triangle&quot;,&quot;shape_divider_top_negative&quot;:&quot;yes&quot;,&quot;shape_divider_bottom&quot;:&quot;triangle&quot;,&quot;shape_divider_bottom_negative&quot;:&quot;yes&quot;}\">\n\t\t\t\t\t<div class=\"elementor-shape elementor-shape-top\" aria-hidden=\"true\" data-negative=\"true\">\n\t\t\t<svg xmlns=\"http:\/\/www.w3.org\/2000\/svg\" viewBox=\"0 0 1000 100\" preserveAspectRatio=\"none\">\n\t<path class=\"elementor-shape-fill\" d=\"M500.2,94.7L0,0v100h1000V0L500.2,94.7z\"\/>\n<\/svg>\t\t<\/div>\n\t\t\t\t<div class=\"elementor-shape elementor-shape-bottom\" aria-hidden=\"true\" data-negative=\"true\">\n\t\t\t<svg xmlns=\"http:\/\/www.w3.org\/2000\/svg\" viewBox=\"0 0 1000 100\" preserveAspectRatio=\"none\">\n\t<path class=\"elementor-shape-fill\" d=\"M500.2,94.7L0,0v100h1000V0L500.2,94.7z\"\/>\n<\/svg>\t\t<\/div>\n\t\t\t\t\t<div class=\"elementor-container elementor-column-gap-default\">\n\t\t\t\t\t<div class=\"elementor-column elementor-col-100 elementor-top-column elementor-element elementor-element-4bca30da\" data-id=\"4bca30da\" data-element_type=\"column\" data-e-type=\"column\">\n\t\t\t<div class=\"elementor-widget-wrap elementor-element-populated\">\n\t\t\t\t\t\t<div class=\"elementor-element elementor-element-54cef74c elementor-widget__width-auto elementor-view-default elementor-widget elementor-widget-icon\" data-id=\"54cef74c\" data-element_type=\"widget\" data-e-type=\"widget\" data-widget_type=\"icon.default\">\n\t\t\t\t<div class=\"elementor-widget-container\">\n\t\t\t\t\t\t\t<div class=\"elementor-icon-wrapper\">\n\t\t\t<div class=\"elementor-icon\">\n\t\t\t<i aria-hidden=\"true\" class=\"fas fa-grip-lines\"><\/i>\t\t\t<\/div>\n\t\t<\/div>\n\t\t\t\t\t\t<\/div>\n\t\t\t\t<\/div>\n\t\t\t\t<div class=\"elementor-element elementor-element-418b74a3 elementor-widget__width-auto elementor-widget elementor-widget-heading\" data-id=\"418b74a3\" data-element_type=\"widget\" data-e-type=\"widget\" data-widget_type=\"heading.default\">\n\t\t\t\t<div class=\"elementor-widget-container\">\n\t\t\t\t\t<h2 class=\"elementor-heading-title elementor-size-default\">Le Tr\u00e9sor de l'Ordre<\/h2>\t\t\t\t<\/div>\n\t\t\t\t<\/div>\n\t\t\t\t<div class=\"elementor-element elementor-element-715e1e56 elementor-widget__width-auto elementor-view-default elementor-widget elementor-widget-icon\" data-id=\"715e1e56\" data-element_type=\"widget\" data-e-type=\"widget\" data-widget_type=\"icon.default\">\n\t\t\t\t<div class=\"elementor-widget-container\">\n\t\t\t\t\t\t\t<div class=\"elementor-icon-wrapper\">\n\t\t\t<div class=\"elementor-icon\">\n\t\t\t<i aria-hidden=\"true\" class=\"fas fa-grip-lines\"><\/i>\t\t\t<\/div>\n\t\t<\/div>\n\t\t\t\t\t\t<\/div>\n\t\t\t\t<\/div>\n\t\t\t\t\t<\/div>\n\t\t<\/div>\n\t\t\t\t\t<\/div>\n\t\t<\/section>\n\t\t<div class=\"elementor-element elementor-element-b57d6cb e-flex e-con-boxed e-con e-parent\" data-id=\"b57d6cb\" data-element_type=\"container\" data-e-type=\"container\">\n\t\t\t\t\t<div class=\"e-con-inner\">\n\t\t\t\t<div class=\"elementor-element elementor-element-10d7b13 elementor-widget elementor-widget-text-editor\" data-id=\"10d7b13\" data-element_type=\"widget\" data-e-type=\"widget\" data-widget_type=\"text-editor.default\">\n\t\t\t\t<div class=\"elementor-widget-container\">\n\t\t\t\t\t\t\t\t\t<p>Entre les batailles, les p\u00e8lerinages et les grands \u00e9v\u00e9nements, ce sont souvent les petits objets qui racontent les plus belles histoires. Toutes les vingt-cinq pages, nous ouvrons le Tr\u00e9sor de l&rsquo;Ordre pour une courte pause, avant de poursuivre la lecture du magnifique manuscrit calligraphi\u00e9 de notre moine de 1705.<\/p><p>Cette fois-ci, nous mettons \u00e0 l&rsquo;honneur l&rsquo;un des symboles les plus c\u00e9l\u00e8bres de l&rsquo;Ordre : le Sceau des Templiers.<\/p>\t\t\t\t\t\t\t\t<\/div>\n\t\t\t\t<\/div>\n\t\t\t\t\t<\/div>\n\t\t\t\t<\/div>\n\t\t<div class=\"elementor-element elementor-element-e0596ee e-flex e-con-boxed e-con e-parent\" data-id=\"e0596ee\" data-element_type=\"container\" data-e-type=\"container\">\n\t\t\t\t\t<div class=\"e-con-inner\">\n\t\t\t\t<div class=\"elementor-element elementor-element-71b5d58 elementor-widget elementor-widget-image\" data-id=\"71b5d58\" data-element_type=\"widget\" data-e-type=\"widget\" data-widget_type=\"image.default\">\n\t\t\t\t<div class=\"elementor-widget-container\">\n\t\t\t\t\t\t\t\t\t\t\t\t\t\t\t<img loading=\"lazy\" decoding=\"async\" width=\"800\" height=\"404\" src=\"https:\/\/nederlandsetempeliers.nl\/wp-content\/uploads\/WhatsApp-Image-2026-03-19-at-19.56.46-e1773946989530-1024x517.jpeg\" class=\"attachment-large size-large wp-image-6276\" alt=\"Gros plan d\u2019un sceau des Templiers en cire rouge repr\u00e9sentant deux chevaliers sur un m\u00eame cheval, \u00e0 c\u00f4t\u00e9 d\u2019une matrice de sceau en m\u00e9tal.\" srcset=\"https:\/\/nederlandsetempeliers.nl\/wp-content\/uploads\/WhatsApp-Image-2026-03-19-at-19.56.46-e1773946989530-1024x517.jpeg 1024w, https:\/\/nederlandsetempeliers.nl\/wp-content\/uploads\/WhatsApp-Image-2026-03-19-at-19.56.46-e1773946989530-300x152.jpeg 300w, https:\/\/nederlandsetempeliers.nl\/wp-content\/uploads\/WhatsApp-Image-2026-03-19-at-19.56.46-e1773946989530-768x388.jpeg 768w, https:\/\/nederlandsetempeliers.nl\/wp-content\/uploads\/WhatsApp-Image-2026-03-19-at-19.56.46-e1773946989530-1536x776.jpeg 1536w, https:\/\/nederlandsetempeliers.nl\/wp-content\/uploads\/WhatsApp-Image-2026-03-19-at-19.56.46-e1773946989530.jpeg 1600w\" sizes=\"(max-width: 800px) 100vw, 800px\" \/>\t\t\t\t\t\t\t\t\t\t\t\t\t\t\t<\/div>\n\t\t\t\t<\/div>\n\t\t\t\t\t<\/div>\n\t\t\t\t<\/div>\n\t\t<div class=\"elementor-element elementor-element-863dd2f e-flex e-con-boxed e-con e-parent\" data-id=\"863dd2f\" data-element_type=\"container\" data-e-type=\"container\">\n\t\t\t\t\t<div class=\"e-con-inner\">\n\t\t\t\t<div class=\"elementor-element elementor-element-7819545 elementor-widget elementor-widget-text-editor\" data-id=\"7819545\" data-element_type=\"widget\" data-e-type=\"widget\" data-widget_type=\"text-editor.default\">\n\t\t\t\t<div class=\"elementor-widget-container\">\n\t\t\t\t\t\t\t\t\t<p>Le c\u00e9l\u00e8bre sceau des Templiers repr\u00e9sente deux chevaliers mont\u00e9s sur un m\u00eame cheval. Pendant des si\u00e8cles, il a \u00e9t\u00e9 interpr\u00e9t\u00e9 comme le symbole de la pauvret\u00e9 des premiers Templiers. Aujourd&rsquo;hui, de nombreux historiens y voient une signification plus profonde. Le sceau \u00e9voque \u00e9galement la fraternit\u00e9 qui unissait les membres de l&rsquo;Ordre ainsi que leur double vocation : chevalier et moine.<\/p><p>Mais le sceau remplissait aussi une fonction tr\u00e8s pratique. Il ne constituait pas un simple ornement, mais un moyen officiel d&rsquo;authentifier les documents. Au Moyen \u00c2ge, un sceau \u00e9tait le symbole de l&rsquo;autorit\u00e9, de l&rsquo;authenticit\u00e9 et de la confiance.<\/p><p>\u2720 Vous souhaitez d\u00e9couvrir toute son histoire ? Retrouvez-la dans la fiche Le Sceau des Templiers, o\u00f9 nous explorons plus en d\u00e9tail la symbolique, l&rsquo;utilisation et l&rsquo;histoire de cet embl\u00e8me exceptionnel. \u2720<\/p>\t\t\t\t\t\t\t\t<\/div>\n\t\t\t\t<\/div>\n\t\t\t\t\t<\/div>\n\t\t\t\t<\/div>\n\t\t\t\t<section class=\"elementor-section elementor-top-section elementor-element elementor-element-17e2d474 elementor-section-boxed elementor-section-height-default elementor-section-height-default\" data-id=\"17e2d474\" data-element_type=\"section\" data-e-type=\"section\" data-settings=\"{&quot;background_background&quot;:&quot;classic&quot;,&quot;shape_divider_top&quot;:&quot;triangle&quot;,&quot;shape_divider_top_negative&quot;:&quot;yes&quot;,&quot;shape_divider_bottom&quot;:&quot;triangle&quot;,&quot;shape_divider_bottom_negative&quot;:&quot;yes&quot;}\">\n\t\t\t\t\t<div class=\"elementor-shape elementor-shape-top\" aria-hidden=\"true\" data-negative=\"true\">\n\t\t\t<svg xmlns=\"http:\/\/www.w3.org\/2000\/svg\" viewBox=\"0 0 1000 100\" preserveAspectRatio=\"none\">\n\t<path class=\"elementor-shape-fill\" d=\"M500.2,94.7L0,0v100h1000V0L500.2,94.7z\"\/>\n<\/svg>\t\t<\/div>\n\t\t\t\t<div class=\"elementor-shape elementor-shape-bottom\" aria-hidden=\"true\" data-negative=\"true\">\n\t\t\t<svg xmlns=\"http:\/\/www.w3.org\/2000\/svg\" viewBox=\"0 0 1000 100\" preserveAspectRatio=\"none\">\n\t<path class=\"elementor-shape-fill\" d=\"M500.2,94.7L0,0v100h1000V0L500.2,94.7z\"\/>\n<\/svg>\t\t<\/div>\n\t\t\t\t\t<div class=\"elementor-container elementor-column-gap-default\">\n\t\t\t\t\t<div class=\"elementor-column elementor-col-100 elementor-top-column elementor-element elementor-element-3fd2804d\" data-id=\"3fd2804d\" data-element_type=\"column\" data-e-type=\"column\">\n\t\t\t<div class=\"elementor-widget-wrap elementor-element-populated\">\n\t\t\t\t\t\t<div class=\"elementor-element elementor-element-4f47ceec elementor-widget__width-auto elementor-view-default elementor-widget elementor-widget-icon\" data-id=\"4f47ceec\" data-element_type=\"widget\" data-e-type=\"widget\" data-widget_type=\"icon.default\">\n\t\t\t\t<div class=\"elementor-widget-container\">\n\t\t\t\t\t\t\t<div class=\"elementor-icon-wrapper\">\n\t\t\t<div class=\"elementor-icon\">\n\t\t\t<i aria-hidden=\"true\" class=\"fas fa-grip-lines\"><\/i>\t\t\t<\/div>\n\t\t<\/div>\n\t\t\t\t\t\t<\/div>\n\t\t\t\t<\/div>\n\t\t\t\t<div class=\"elementor-element elementor-element-56f09e58 elementor-widget__width-auto elementor-widget elementor-widget-heading\" data-id=\"56f09e58\" data-element_type=\"widget\" data-e-type=\"widget\" data-widget_type=\"heading.default\">\n\t\t\t\t<div class=\"elementor-widget-container\">\n\t\t\t\t\t<h2 class=\"elementor-heading-title elementor-size-default\">1097<\/h2>\t\t\t\t<\/div>\n\t\t\t\t<\/div>\n\t\t\t\t<div class=\"elementor-element elementor-element-16dfb1be elementor-widget__width-auto elementor-view-default elementor-widget elementor-widget-icon\" data-id=\"16dfb1be\" data-element_type=\"widget\" data-e-type=\"widget\" data-widget_type=\"icon.default\">\n\t\t\t\t<div class=\"elementor-widget-container\">\n\t\t\t\t\t\t\t<div class=\"elementor-icon-wrapper\">\n\t\t\t<div class=\"elementor-icon\">\n\t\t\t<i aria-hidden=\"true\" class=\"fas fa-grip-lines\"><\/i>\t\t\t<\/div>\n\t\t<\/div>\n\t\t\t\t\t\t<\/div>\n\t\t\t\t<\/div>\n\t\t\t\t\t<\/div>\n\t\t<\/div>\n\t\t\t\t\t<\/div>\n\t\t<\/section>\n\t\t<div class=\"elementor-element elementor-element-f29ba57 e-flex e-con-boxed e-con e-parent\" data-id=\"f29ba57\" data-element_type=\"container\" data-e-type=\"container\">\n\t\t\t\t\t<div class=\"e-con-inner\">\n\t\t<div class=\"elementor-element elementor-element-0721205 e-con-full e-flex e-con e-child\" data-id=\"0721205\" data-element_type=\"container\" data-e-type=\"container\">\n\t\t\t\t<div class=\"elementor-element elementor-element-9e396af elementor-widget elementor-widget-text-editor\" data-id=\"9e396af\" data-element_type=\"widget\" data-e-type=\"widget\" data-widget_type=\"text-editor.default\">\n\t\t\t\t<div class=\"elementor-widget-container\">\n\t\t\t\t\t\t\t\t\t<p>Page 25<br \/>mais ceux ci trouverent bien t\u00f4t leur sepulture dans la Hongrie : car ils ne furent pas sit\u00f4t arrivez dans ce pa\u00efs qu\u2019ils commencerent une vie barbare, ils voulurent mettre les Hongrois dans le harnois mais ils ont bientot eu d\u00e9truit ce petit monceau de troupes, une partie de tu\u00e9, et les autres mis \u00e0 la fuite, et la pluspart assomm\u00e9 en route.4\u1d49 Convois. il y avoit aussi un Comte en Allemagne nomm\u00e9 Emico, qui avoit aussi\u2026<\/p>\t\t\t\t\t\t\t\t<\/div>\n\t\t\t\t<\/div>\n\t\t\t\t<\/div>\n\t\t<div class=\"elementor-element elementor-element-cb10e22 e-con-full e-flex e-con e-child\" data-id=\"cb10e22\" data-element_type=\"container\" data-e-type=\"container\">\n\t\t\t\t<div class=\"elementor-element elementor-element-c68d4cc elementor-widget elementor-widget-image\" data-id=\"c68d4cc\" data-element_type=\"widget\" data-e-type=\"widget\" data-widget_type=\"image.default\">\n\t\t\t\t<div class=\"elementor-widget-container\">\n\t\t\t\t\t\t\t\t\t\t\t\t\t\t\t<img loading=\"lazy\" decoding=\"async\" width=\"539\" height=\"630\" src=\"https:\/\/nederlandsetempeliers.nl\/wp-content\/uploads\/Tempeliersgraf-getekend-3.jpeg\" class=\"attachment-large size-large wp-image-11746\" alt=\"Tombeau des Templiers (dessin)\" srcset=\"https:\/\/nederlandsetempeliers.nl\/wp-content\/uploads\/Tempeliersgraf-getekend-3.jpeg 539w, https:\/\/nederlandsetempeliers.nl\/wp-content\/uploads\/Tempeliersgraf-getekend-3-257x300.jpeg 257w\" sizes=\"(max-width: 539px) 100vw, 539px\" \/>\t\t\t\t\t\t\t\t\t\t\t\t\t\t\t<\/div>\n\t\t\t\t<\/div>\n\t\t\t\t<\/div>\n\t\t<div class=\"elementor-element elementor-element-f0373e7 e-con-full e-flex e-con e-child\" data-id=\"f0373e7\" data-element_type=\"container\" data-e-type=\"container\">\n\t\t\t\t<div class=\"elementor-element elementor-element-cddbb65 elementor-widget elementor-widget-text-editor\" data-id=\"cddbb65\" data-element_type=\"widget\" data-e-type=\"widget\" data-widget_type=\"text-editor.default\">\n\t\t\t\t<div class=\"elementor-widget-container\">\n\t\t\t\t\t\t\t\t\t<p>Page 25<br \/>Mais ceux-ci trouv\u00e8rent bient\u00f4t leur tombe en Hongrie, car \u00e0 peine \u00e9taient-ils arriv\u00e9s dans ce pays qu&rsquo;ils commenc\u00e8rent \u00e0 mener une vie barbare. Ils voulurent soumettre les Hongrois, mais ceux-ci an\u00e9antirent rapidement cette petite troupe. Une partie fut tu\u00e9e, les autres prirent la fuite, et la plupart p\u00e9rirent au cours de leur retraite. Quatri\u00e8me convoi. Il y avait \u00e9galement en Allemagne un comte nomm\u00e9 Emico, qui lui aussi&#8230;<\/p>\t\t\t\t\t\t\t\t<\/div>\n\t\t\t\t<\/div>\n\t\t\t\t<\/div>\n\t\t\t\t\t<\/div>\n\t\t\t\t<\/div>\n\t\t<div class=\"elementor-element elementor-element-2d5933c e-flex e-con-boxed e-con e-parent\" data-id=\"2d5933c\" data-element_type=\"container\" data-e-type=\"container\">\n\t\t\t\t\t<div class=\"e-con-inner\">\n\t\t\t\t<div class=\"elementor-element elementor-element-599006d elementor-widget elementor-widget-text-editor\" data-id=\"599006d\" data-element_type=\"widget\" data-e-type=\"widget\" data-widget_type=\"text-editor.default\">\n\t\t\t\t<div class=\"elementor-widget-container\">\n\t\t\t\t\t\t\t\t\t<p>Page 25<br \/>Introduction du comte Emico de Leiningen. Le comte Emico de Leiningen est une figure tristement c\u00e9l\u00e8bre de la Croisade populaire. Pr\u00e9tendant avoir \u00e9t\u00e9 appel\u00e9 par Dieu, il rassembla des milliers de partisans et se rendit responsable de massacres de grande ampleur contre les communaut\u00e9s juives tout au long de son parcours, notamment \u00e0 Worms et Mayence<\/p>\t\t\t\t\t\t\t\t<\/div>\n\t\t\t\t<\/div>\n\t\t\t\t\t<\/div>\n\t\t\t\t<\/div>\n\t\t<div class=\"elementor-element elementor-element-065b44b e-flex e-con-boxed e-con e-parent\" data-id=\"065b44b\" data-element_type=\"container\" data-e-type=\"container\">\n\t\t\t\t\t<div class=\"e-con-inner\">\n\t\t\t\t<div class=\"elementor-element elementor-element-303ca5d elementor-widget elementor-widget-image\" data-id=\"303ca5d\" data-element_type=\"widget\" data-e-type=\"widget\" data-widget_type=\"image.default\">\n\t\t\t\t<div class=\"elementor-widget-container\">\n\t\t\t\t\t\t\t\t\t\t\t\t\t\t\t<img loading=\"lazy\" decoding=\"async\" width=\"300\" height=\"55\" src=\"https:\/\/nederlandsetempeliers.nl\/wp-content\/uploads\/guirlande-300x55.jpeg\" class=\"attachment-medium size-medium wp-image-7459\" alt=\"guirlande\" srcset=\"https:\/\/nederlandsetempeliers.nl\/wp-content\/uploads\/guirlande-300x55.jpeg 300w, https:\/\/nederlandsetempeliers.nl\/wp-content\/uploads\/guirlande-1024x189.jpeg 1024w, https:\/\/nederlandsetempeliers.nl\/wp-content\/uploads\/guirlande-768x142.jpeg 768w, https:\/\/nederlandsetempeliers.nl\/wp-content\/uploads\/guirlande.jpeg 1534w\" sizes=\"(max-width: 300px) 100vw, 300px\" \/>\t\t\t\t\t\t\t\t\t\t\t\t\t\t\t<\/div>\n\t\t\t\t<\/div>\n\t\t\t\t\t<\/div>\n\t\t\t\t<\/div>\n\t\t<div class=\"elementor-element elementor-element-0531f46 e-flex e-con-boxed e-con e-parent\" data-id=\"0531f46\" data-element_type=\"container\" data-e-type=\"container\">\n\t\t\t\t\t<div class=\"e-con-inner\">\n\t\t\t\t<div class=\"elementor-element elementor-element-af416a9 elementor-widget__width-initial elementor-widget elementor-widget-text-editor\" data-id=\"af416a9\" data-element_type=\"widget\" data-e-type=\"widget\" data-widget_type=\"text-editor.default\">\n\t\t\t\t<div class=\"elementor-widget-container\">\n\t\t\t\t\t\t\t\t\t<p>Page 26<br \/>asembl\u00e9 une petite arm\u00e9e de freve de la Croisade, il s\u2019aseambl\u00e0 aussi des Lorrains et des Anglois, et d\u2019autre part du cost\u00e9 du Rhin, ainsi qu\u2019il est devenu Seigneur de 20000 hommes \u00e0 pied, et 3000 \u00e0 cheval. Le nombre des valets et des femmes et enfans n\u2019\u00e9toit pas \u00e0 nombrer, ceux ci descharg\u00e8rent leur rage sur les ennemis de J\u00e9sus Christ.\u00a0 Ils masacr\u00e8rent les juifs d\u2019Allemagne dans les villes o\u00f9 ils passerent, comme Cologne\u2026<\/p>\t\t\t\t\t\t\t\t<\/div>\n\t\t\t\t<\/div>\n\t\t<div class=\"elementor-element elementor-element-66f2b0f e-con-full e-flex e-con e-child\" data-id=\"66f2b0f\" data-element_type=\"container\" data-e-type=\"container\">\n\t\t\t\t<div class=\"elementor-element elementor-element-285f5e6 elementor-widget elementor-widget-image\" data-id=\"285f5e6\" data-element_type=\"widget\" data-e-type=\"widget\" data-widget_type=\"image.default\">\n\t\t\t\t<div class=\"elementor-widget-container\">\n\t\t\t\t\t\t\t\t\t\t\t\t\t\t\t<img loading=\"lazy\" decoding=\"async\" width=\"800\" height=\"958\" src=\"https:\/\/nederlandsetempeliers.nl\/wp-content\/uploads\/Engelse-leeuw-3-855x1024.jpeg\" class=\"attachment-large size-large wp-image-11879\" alt=\"lion anglais\" srcset=\"https:\/\/nederlandsetempeliers.nl\/wp-content\/uploads\/Engelse-leeuw-3-855x1024.jpeg 855w, https:\/\/nederlandsetempeliers.nl\/wp-content\/uploads\/Engelse-leeuw-3-250x300.jpeg 250w, https:\/\/nederlandsetempeliers.nl\/wp-content\/uploads\/Engelse-leeuw-3-768x920.jpeg 768w, https:\/\/nederlandsetempeliers.nl\/wp-content\/uploads\/Engelse-leeuw-3.jpeg 1146w\" sizes=\"(max-width: 800px) 100vw, 800px\" \/>\t\t\t\t\t\t\t\t\t\t\t\t\t\t\t<\/div>\n\t\t\t\t<\/div>\n\t\t\t\t<\/div>\n\t\t<div class=\"elementor-element elementor-element-7507892 e-con-full e-flex e-con e-child\" data-id=\"7507892\" data-element_type=\"container\" data-e-type=\"container\">\n\t\t\t\t<div class=\"elementor-element elementor-element-8aecb0a elementor-widget__width-initial elementor-widget elementor-widget-text-editor\" data-id=\"8aecb0a\" data-element_type=\"widget\" data-e-type=\"widget\" data-widget_type=\"text-editor.default\">\n\t\t\t\t<div class=\"elementor-widget-container\">\n\t\t\t\t\t\t\t\t\t<p>Page 26<br \/>Il rassembla une petite arm\u00e9e de crois\u00e9s. Des Lorrains, des Anglais ainsi que d\u2019autres hommes venus de la r\u00e9gion du Rhin se joignirent \u00e9galement \u00e0 lui, de sorte qu\u2019il se retrouva \u00e0 la t\u00eate de 20 000 hommes \u00e0 pied et de 3 000 cavaliers. Le nombre de serviteurs, de femmes et d\u2019enfants \u00e9tait incalculable. Ces derniers d\u00e9cha\u00een\u00e8rent leur fureur contre les ennemis de J\u00e9sus-Christ.<br \/>Ils massacr\u00e8rent les Juifs d\u2019Allemagne dans les villes qu\u2019ils travers\u00e8rent, comme Cologne\u2026<\/p>\t\t\t\t\t\t\t\t<\/div>\n\t\t\t\t<\/div>\n\t\t\t\t<\/div>\n\t\t\t\t\t<\/div>\n\t\t\t\t<\/div>\n\t\t<div class=\"elementor-element elementor-element-25f3181 e-flex e-con-boxed e-con e-parent\" data-id=\"25f3181\" data-element_type=\"container\" data-e-type=\"container\">\n\t\t\t\t\t<div class=\"e-con-inner\">\n\t\t\t\t<div class=\"elementor-element elementor-element-2f8cc5e elementor-widget elementor-widget-text-editor\" data-id=\"2f8cc5e\" data-element_type=\"widget\" data-e-type=\"widget\" data-widget_type=\"text-editor.default\">\n\t\t\t\t<div class=\"elementor-widget-container\">\n\t\t\t\t\t\t\t\t\t<p>Page 26<br \/>Une petite arm\u00e9e \u27a3 qui compte aussit\u00f4t 23 000 combattants. Ce qui commence comme une \u00ab petite troupe \u00bb conna\u00eet une croissance fulgurante d\u00e8s que des groupes venus de Lorraine, d\u2019Angleterre et de la r\u00e9gion du Rhin s\u2019y joignent.<br \/><span style=\"font-family: -apple-system, BlinkMacSystemFont, 'Segoe UI', Roboto, 'Helvetica Neue', Arial, 'Noto Sans', sans-serif, 'Apple Color Emoji', 'Segoe UI Emoji', 'Segoe UI Symbol', 'Noto Color Emoji';\">On reconna\u00eet ici la dynamique typique des mouvements religieux populaires: <\/span>un chef charismatique + un appel religieux = un afflux massif de personnes.<\/p>\t\t\t\t\t\t\t\t<\/div>\n\t\t\t\t<\/div>\n\t\t\t\t\t<\/div>\n\t\t\t\t<\/div>\n\t\t<div class=\"elementor-element elementor-element-8fecded e-flex e-con-boxed e-con e-parent\" data-id=\"8fecded\" data-element_type=\"container\" data-e-type=\"container\">\n\t\t\t\t\t<div class=\"e-con-inner\">\n\t\t\t\t<div class=\"elementor-element elementor-element-d489af3 elementor-widget elementor-widget-image\" data-id=\"d489af3\" data-element_type=\"widget\" data-e-type=\"widget\" data-widget_type=\"image.default\">\n\t\t\t\t<div class=\"elementor-widget-container\">\n\t\t\t\t\t\t\t\t\t\t\t\t\t\t\t<img loading=\"lazy\" decoding=\"async\" width=\"300\" height=\"55\" src=\"https:\/\/nederlandsetempeliers.nl\/wp-content\/uploads\/guirlande-300x55.jpeg\" class=\"attachment-medium size-medium wp-image-7459\" alt=\"guirlande\" srcset=\"https:\/\/nederlandsetempeliers.nl\/wp-content\/uploads\/guirlande-300x55.jpeg 300w, https:\/\/nederlandsetempeliers.nl\/wp-content\/uploads\/guirlande-1024x189.jpeg 1024w, https:\/\/nederlandsetempeliers.nl\/wp-content\/uploads\/guirlande-768x142.jpeg 768w, https:\/\/nederlandsetempeliers.nl\/wp-content\/uploads\/guirlande.jpeg 1534w\" sizes=\"(max-width: 300px) 100vw, 300px\" \/>\t\t\t\t\t\t\t\t\t\t\t\t\t\t\t<\/div>\n\t\t\t\t<\/div>\n\t\t\t\t\t<\/div>\n\t\t\t\t<\/div>\n\t\t<div class=\"elementor-element elementor-element-7a01651 e-flex e-con-boxed e-con e-parent\" data-id=\"7a01651\" data-element_type=\"container\" data-e-type=\"container\">\n\t\t\t\t\t<div class=\"e-con-inner\">\n\t\t<div class=\"elementor-element elementor-element-f76b4c1 e-con-full e-flex e-con e-child\" data-id=\"f76b4c1\" data-element_type=\"container\" data-e-type=\"container\">\n\t\t\t\t<div class=\"elementor-element elementor-element-019fbf3 elementor-widget elementor-widget-text-editor\" data-id=\"019fbf3\" data-element_type=\"widget\" data-e-type=\"widget\" data-widget_type=\"text-editor.default\">\n\t\t\t\t<div class=\"elementor-widget-container\">\n\t\t\t\t\t\t\t\t\t<p>Page 27<br \/>Mayence, Worms, et autres villes plus de 12000 ils pillerient tous leurs butins et les mirent par leur procedure dans un tel desespoir qu\u2019ils se tuerent eux memes avec femmes et enfans, ainsi ils<br \/>poursuivirent leur chemin dans la Hongrie, et come ils y furent arriv\u00e9, les hongrois se ressouvirent des autres qui<br \/>avoit pass\u00e9 avant eux, ils leurs refuserent le passage, alors ils se mirent \u00e0 assieger la ville de Mersbourg qui est<\/p>\t\t\t\t\t\t\t\t<\/div>\n\t\t\t\t<\/div>\n\t\t\t\t<\/div>\n\t\t<div class=\"elementor-element elementor-element-e351728 e-con-full e-flex e-con e-child\" data-id=\"e351728\" data-element_type=\"container\" data-e-type=\"container\">\n\t\t\t\t<div class=\"elementor-element elementor-element-bcb3202 elementor-widget elementor-widget-image\" data-id=\"bcb3202\" data-element_type=\"widget\" data-e-type=\"widget\" data-widget_type=\"image.default\">\n\t\t\t\t<div class=\"elementor-widget-container\">\n\t\t\t\t\t\t\t\t\t\t\t\t\t\t\t<img loading=\"lazy\" decoding=\"async\" width=\"683\" height=\"1024\" src=\"https:\/\/nederlandsetempeliers.nl\/wp-content\/uploads\/fakkel-3-683x1024.jpeg\" class=\"attachment-large size-large wp-image-11880\" alt=\"torche\" srcset=\"https:\/\/nederlandsetempeliers.nl\/wp-content\/uploads\/fakkel-3-683x1024.jpeg 683w, https:\/\/nederlandsetempeliers.nl\/wp-content\/uploads\/fakkel-3-200x300.jpeg 200w, https:\/\/nederlandsetempeliers.nl\/wp-content\/uploads\/fakkel-3-768x1152.jpeg 768w, https:\/\/nederlandsetempeliers.nl\/wp-content\/uploads\/fakkel-3.jpeg 1024w\" sizes=\"(max-width: 683px) 100vw, 683px\" \/>\t\t\t\t\t\t\t\t\t\t\t\t\t\t\t<\/div>\n\t\t\t\t<\/div>\n\t\t\t\t<\/div>\n\t\t<div class=\"elementor-element elementor-element-fdbe1a6 e-con-full e-flex e-con e-child\" data-id=\"fdbe1a6\" data-element_type=\"container\" data-e-type=\"container\">\n\t\t\t\t<div class=\"elementor-element elementor-element-16d8a6f elementor-widget elementor-widget-text-editor\" data-id=\"16d8a6f\" data-element_type=\"widget\" data-e-type=\"widget\" data-widget_type=\"text-editor.default\">\n\t\t\t\t<div class=\"elementor-widget-container\">\n\t\t\t\t\t\t\t\t\t<p>Page 27<\/p><p>Mayence, Worms et d\u2019autres villes. Ils pill\u00e8rent plus de 12 000 personnes, les d\u00e9pouill\u00e8rent de tous leurs biens et les pouss\u00e8rent par leurs agissements \u00e0 un tel d\u00e9sespoir qu\u2019elles se donn\u00e8rent elles-m\u00eames la mort, avec leurs femmes et leurs enfants. Ils poursuivirent ensuite leur route \u00e0 travers la Hongrie. Lorsqu\u2019ils y arriv\u00e8rent, les Hongrois se souvinrent de ceux qui les avaient pr\u00e9c\u00e9d\u00e9s et refus\u00e8rent de leur accorder le passage. Ils commenc\u00e8rent alors \u00e0 assi\u00e9ger la ville de Mersbourg, qui est\u2026<\/p>\t\t\t\t\t\t\t\t<\/div>\n\t\t\t\t<\/div>\n\t\t\t\t<\/div>\n\t\t\t\t\t<\/div>\n\t\t\t\t<\/div>\n\t\t<div class=\"elementor-element elementor-element-5e1359d e-flex e-con-boxed e-con e-parent\" data-id=\"5e1359d\" data-element_type=\"container\" data-e-type=\"container\">\n\t\t\t\t\t<div class=\"e-con-inner\">\n\t\t\t\t<div class=\"elementor-element elementor-element-80c8cfc elementor-widget elementor-widget-text-editor\" data-id=\"80c8cfc\" data-element_type=\"widget\" data-e-type=\"widget\" data-widget_type=\"text-editor.default\">\n\t\t\t\t<div class=\"elementor-widget-container\">\n\t\t\t\t\t\t\t\t\t<p>Page 27 \u2013 Explication<\/p><p>\u2022 Mayence = Mainz, Worms<br \/>Ce sont pr\u00e9cis\u00e9ment les villes dans lesquelles le comte Emicho et ses partisans perp\u00e9tr\u00e8rent en 1096 les tristement c\u00e9l\u00e8bres pogroms contre les Juifs. Le manuscrit les mentionne explicitement, sans chercher \u00e0 les excuser.<\/p><p>\u2022 \u00ab plus de 12 000 \u00bb<br \/>Ce chiffre est probablement exag\u00e9r\u00e9, ce qui \u00e9tait fr\u00e9quent \u00e0 cette \u00e9poque, mais il t\u00e9moigne d\u2019une violence massive et d\u2019une d\u00e9sorganisation totale.<\/p><p>\u2022 \u00ab ils se tu\u00e8rent eux-m\u00eames avec femmes et enfants \u00bb<br \/>Ce passage renvoie aux r\u00e9cits historiques selon lesquels des communaut\u00e9s juives commirent des suicides collectifs afin d\u2019\u00e9chapper aux conversions forc\u00e9es et aux violences. Il s\u2019agit de l\u2019une des pages les plus sombres de la Croisade populaire.<\/p><p>\u2022 Le ton de l\u2019auteur est r\u00e9probateur et non triomphal.<br \/>Il montre ainsi ce que peut provoquer une ferveur religieuse d\u00e9sordonn\u00e9e et devenue incontr\u00f4lable.<\/p><p>\u2022 Le passage en Hongrie marque une nouvelle fois :<\/p><p>\u2192 la m\u00e9fiance<br \/>\u2192 la fermeture des fronti\u00e8res<br \/>\u2192 l\u2019escalade<br \/>\u2192 le si\u00e8ge<\/p>\t\t\t\t\t\t\t\t<\/div>\n\t\t\t\t<\/div>\n\t\t\t\t\t<\/div>\n\t\t\t\t<\/div>\n\t\t<div class=\"elementor-element elementor-element-5533af5 e-flex e-con-boxed e-con e-parent\" data-id=\"5533af5\" data-element_type=\"container\" data-e-type=\"container\">\n\t\t\t\t\t<div class=\"e-con-inner\">\n\t\t\t\t<div class=\"elementor-element elementor-element-0dc1792 elementor-widget elementor-widget-image\" data-id=\"0dc1792\" data-element_type=\"widget\" data-e-type=\"widget\" data-widget_type=\"image.default\">\n\t\t\t\t<div class=\"elementor-widget-container\">\n\t\t\t\t\t\t\t\t\t\t\t\t\t\t\t<img loading=\"lazy\" decoding=\"async\" width=\"300\" height=\"55\" src=\"https:\/\/nederlandsetempeliers.nl\/wp-content\/uploads\/guirlande-300x55.jpeg\" class=\"attachment-medium size-medium wp-image-7459\" alt=\"guirlande\" srcset=\"https:\/\/nederlandsetempeliers.nl\/wp-content\/uploads\/guirlande-300x55.jpeg 300w, https:\/\/nederlandsetempeliers.nl\/wp-content\/uploads\/guirlande-1024x189.jpeg 1024w, https:\/\/nederlandsetempeliers.nl\/wp-content\/uploads\/guirlande-768x142.jpeg 768w, https:\/\/nederlandsetempeliers.nl\/wp-content\/uploads\/guirlande.jpeg 1534w\" sizes=\"(max-width: 300px) 100vw, 300px\" \/>\t\t\t\t\t\t\t\t\t\t\t\t\t\t\t<\/div>\n\t\t\t\t<\/div>\n\t\t\t\t\t<\/div>\n\t\t\t\t<\/div>\n\t\t<div class=\"elementor-element elementor-element-fdafac3 e-flex e-con-boxed e-con e-parent\" data-id=\"fdafac3\" data-element_type=\"container\" data-e-type=\"container\">\n\t\t\t\t\t<div class=\"e-con-inner\">\n\t\t<div class=\"elementor-element elementor-element-a4c5f28 e-con-full e-flex e-con e-child\" data-id=\"a4c5f28\" data-element_type=\"container\" data-e-type=\"container\">\n\t\t\t\t<div class=\"elementor-element elementor-element-65d6af3 elementor-widget elementor-widget-text-editor\" data-id=\"65d6af3\" data-element_type=\"widget\" data-e-type=\"widget\" data-widget_type=\"text-editor.default\">\n\t\t\t\t<div class=\"elementor-widget-container\">\n\t\t\t\t\t\t\t\t\t<p>Page 28<br \/>Sur les frontieres de la Hongrie, mais pendant le siege, ils leurs vint une si grande et terrible frayeur qu\u2019ils prirent tous la fuite, la plus grande partie furent no\u00ef\u00e9 dans la Frai et \u00e9touff\u00e9 dans les marets, les autres furent tu\u00e9 des paisans hongrois, enfin il n\u2019en revint que fort peu.<br \/>Second convoi qui etoit tres bien regl\u00e9 et command\u00e9 par Robert Duc de la Normandie, et Etienne Comte de Chartre et Eustasie Comte de Boulogne<\/p><p>\u00a0<\/p>\t\t\t\t\t\t\t\t<\/div>\n\t\t\t\t<\/div>\n\t\t\t\t<\/div>\n\t\t<div class=\"elementor-element elementor-element-c1320ce e-con-full e-flex e-con e-child\" data-id=\"c1320ce\" data-element_type=\"container\" data-e-type=\"container\">\n\t\t\t\t<div class=\"elementor-element elementor-element-beebef9 elementor-widget elementor-widget-image\" data-id=\"beebef9\" data-element_type=\"widget\" data-e-type=\"widget\" data-widget_type=\"image.default\">\n\t\t\t\t<div class=\"elementor-widget-container\">\n\t\t\t\t\t\t\t\t\t\t\t\t\t\t\t<img loading=\"lazy\" decoding=\"async\" width=\"800\" height=\"562\" src=\"https:\/\/nederlandsetempeliers.nl\/wp-content\/uploads\/overstroming-incunabele-3-1024x719.jpeg\" class=\"attachment-large size-large wp-image-12209\" alt=\"inondation\" srcset=\"https:\/\/nederlandsetempeliers.nl\/wp-content\/uploads\/overstroming-incunabele-3-1024x719.jpeg 1024w, https:\/\/nederlandsetempeliers.nl\/wp-content\/uploads\/overstroming-incunabele-3-300x211.jpeg 300w, https:\/\/nederlandsetempeliers.nl\/wp-content\/uploads\/overstroming-incunabele-3-768x540.jpeg 768w, https:\/\/nederlandsetempeliers.nl\/wp-content\/uploads\/overstroming-incunabele-3-1536x1079.jpeg 1536w, https:\/\/nederlandsetempeliers.nl\/wp-content\/uploads\/overstroming-incunabele-3.jpeg 1600w\" sizes=\"(max-width: 800px) 100vw, 800px\" \/>\t\t\t\t\t\t\t\t\t\t\t\t\t\t\t<\/div>\n\t\t\t\t<\/div>\n\t\t\t\t<\/div>\n\t\t<div class=\"elementor-element elementor-element-5b5f568 e-con-full e-flex e-con e-child\" data-id=\"5b5f568\" data-element_type=\"container\" data-e-type=\"container\">\n\t\t\t\t<div class=\"elementor-element elementor-element-f397617 elementor-widget elementor-widget-text-editor\" data-id=\"f397617\" data-element_type=\"widget\" data-e-type=\"widget\" data-widget_type=\"text-editor.default\">\n\t\t\t\t<div class=\"elementor-widget-container\">\n\t\t\t\t\t\t\t\t\t<p>Page 28<br \/>Aux fronti\u00e8res de la Hongrie, pendant le si\u00e8ge, ils furent saisis d&rsquo;une peur si grande et si terrible qu&rsquo;ils prirent tous la fuite. La plus grande partie se noya dans la rivi\u00e8re Frait et p\u00e9rit dans les mar\u00e9cages ; les autres furent tu\u00e9s par des paysans hongrois. Finalement, tr\u00e8s peu d&rsquo;entre eux revinrent.<br \/>La deuxi\u00e8me colonne, parfaitement organis\u00e9e, \u00e9tait command\u00e9e par Robert, duc de Normandie, \u00c9tienne, comte de Chartres, et Eustache, comte de Boulogne.<\/p>\t\t\t\t\t\t\t\t<\/div>\n\t\t\t\t<\/div>\n\t\t\t\t<\/div>\n\t\t\t\t\t<\/div>\n\t\t\t\t<\/div>\n\t\t<div class=\"elementor-element elementor-element-617928d e-flex e-con-boxed e-con e-parent\" data-id=\"617928d\" data-element_type=\"container\" data-e-type=\"container\">\n\t\t\t\t\t<div class=\"e-con-inner\">\n\t\t\t\t<div class=\"elementor-element elementor-element-b582359 elementor-widget elementor-widget-text-editor\" data-id=\"b582359\" data-element_type=\"widget\" data-e-type=\"widget\" data-widget_type=\"text-editor.default\">\n\t\t\t\t<div class=\"elementor-widget-container\">\n\t\t\t\t\t\t\t\t\t<p>Page 28<br \/>1\ufe0f\u20e3 La destruction compl\u00e8te du groupe d&rsquo;Emicho. Cette page marque la fin de l&rsquo;histoire du comte Emicho et de son arm\u00e9e populaire.<br \/>la panique<br \/>la fuite<br \/>la noyade<br \/>l&rsquo;\u00e9touffement dans les mar\u00e9cages<br \/>la mort aux mains de paysans hongrois (et non de soldats) \u00ab tr\u00e8s peu revinrent \u00bb : presque personne ne surv\u00e9cut.<br \/>L&rsquo;auteur ne d\u00e9crit pas un acte h\u00e9ro\u00efque, mais une d\u00e9sint\u00e9gration morale qui conduit au chaos puis \u00e0 la destruction totale.<\/p><p>2\ufe0f\u20e3 Une dimension th\u00e9ologique discr\u00e8te mais \u00e9vidente. L&rsquo;ordre des \u00e9v\u00e9nements est r\u00e9v\u00e9lateur : violence contre des innocents orgueil absence d&rsquo;ordre<br \/>\u2192 la protection divine dispara\u00eet.<br \/>\u2192 la peur prend le dessus.<br \/>Il ne s&rsquo;agit pas d&rsquo;un sermon explicite, mais d&rsquo;une relation morale de cause \u00e0 effet.<\/p><p>3\ufe0f\u20e3 Une transition essentielle : la deuxi\u00e8me colonne. En une seule phrase, tout change. <br \/>Apr\u00e8s le chaos vient l&rsquo;ordre. <br \/>Apr\u00e8s Emicho viennent les v\u00e9ritables nobles.<br \/>Apr\u00e8s la fureur populaire vient une chevalerie disciplin\u00e9e.<\/p><p>L&rsquo;auteur oppose volontairement : <br \/>la croisade populaire \u2194 la deuxi\u00e8me colonne<br \/>le d\u00e9sordre \u2194 une organisation exemplaire<br \/>la ferveur incontr\u00f4l\u00e9e \u2194 la discipline<br \/>des meneurs charismatiques \u2194 des chefs nobles<br \/>la destruction \u2194 l&rsquo;esp\u00e9rance.<\/p><p>4\ufe0f\u20e3 Les trois personnages Robert, duc de Normandie fils de Guillaume le Conqu\u00e9rant chef militaire exp\u00e9riment\u00e9 \u00c9tienne, comte de Chartres crois\u00e9 bien connu des sources il faillira plus tard et rentrera chez lui, cr\u00e9ant un contraste int\u00e9ressant.<br \/>Eustache, comte de Boulogne fr\u00e8re de Godefroy de Bouillon lien direct avec la conqu\u00eate de J\u00e9rusalem.<\/p><p>\u27a1\ufe0f C&rsquo;est ici que commence v\u00e9ritablement la Premi\u00e8re Croisade.<\/p><p>\ud83d\udd11 Pour comprendre l&rsquo;ensemble<br \/>Ce manuscrit suit une logique tr\u00e8s coh\u00e9rente : il montre d&rsquo;abord tout ce qui \u00e9choue, avant d&rsquo;expliquer qu&rsquo;une guerre sainte exige l&rsquo;ordre, l&rsquo;ob\u00e9issance et un commandement solide.<br \/><strong>C&rsquo;est pr\u00e9cis\u00e9ment dans ce terreau que les Templiers trouveront plus tard leurs racines.<\/strong><\/p>\t\t\t\t\t\t\t\t<\/div>\n\t\t\t\t<\/div>\n\t\t\t\t\t<\/div>\n\t\t\t\t<\/div>\n\t\t<div class=\"elementor-element elementor-element-80b7a0b e-flex e-con-boxed e-con e-parent\" data-id=\"80b7a0b\" data-element_type=\"container\" data-e-type=\"container\">\n\t\t\t\t\t<div class=\"e-con-inner\">\n\t\t\t\t<div class=\"elementor-element elementor-element-234e9e4 elementor-widget elementor-widget-image\" data-id=\"234e9e4\" data-element_type=\"widget\" data-e-type=\"widget\" data-widget_type=\"image.default\">\n\t\t\t\t<div class=\"elementor-widget-container\">\n\t\t\t\t\t\t\t\t\t\t\t\t\t\t\t<img loading=\"lazy\" decoding=\"async\" width=\"300\" height=\"55\" src=\"https:\/\/nederlandsetempeliers.nl\/wp-content\/uploads\/guirlande-300x55.jpeg\" class=\"attachment-medium size-medium wp-image-7459\" alt=\"guirlande\" srcset=\"https:\/\/nederlandsetempeliers.nl\/wp-content\/uploads\/guirlande-300x55.jpeg 300w, https:\/\/nederlandsetempeliers.nl\/wp-content\/uploads\/guirlande-1024x189.jpeg 1024w, https:\/\/nederlandsetempeliers.nl\/wp-content\/uploads\/guirlande-768x142.jpeg 768w, https:\/\/nederlandsetempeliers.nl\/wp-content\/uploads\/guirlande.jpeg 1534w\" sizes=\"(max-width: 300px) 100vw, 300px\" \/>\t\t\t\t\t\t\t\t\t\t\t\t\t\t\t<\/div>\n\t\t\t\t<\/div>\n\t\t\t\t\t<\/div>\n\t\t\t\t<\/div>\n\t\t<div class=\"elementor-element elementor-element-bd40920 e-flex e-con-boxed e-con e-parent\" data-id=\"bd40920\" data-element_type=\"container\" data-e-type=\"container\">\n\t\t\t\t\t<div class=\"e-con-inner\">\n\t\t<div class=\"elementor-element elementor-element-3e41d59 e-con-full e-flex e-con e-child\" data-id=\"3e41d59\" data-element_type=\"container\" data-e-type=\"container\">\n\t\t\t\t<div class=\"elementor-element elementor-element-ce76b22 elementor-widget elementor-widget-text-editor\" data-id=\"ce76b22\" data-element_type=\"widget\" data-e-type=\"widget\" data-widget_type=\"text-editor.default\">\n\t\t\t\t<div class=\"elementor-widget-container\">\n\t\t\t\t\t\t\t\t\t<p>Page 29<br \/>avec Robert Comte de Flandre marcherent sous la conduite de Hugo frere de Philippe Roi de France, ils prirent leur route par l\u2019Italie et s\u2019embarquerent en Orient, mais comme l\u2019hiver les surpris, ils furent oblig\u00e9 de passer le Quartier d\u2019hive dans la Calabrie le Prince Hugues qui \u00e9toit fort jeune trouva le tems long, il voulu partir pour Constantinople, et y vouloir faire de preparations pour l\u2019arriv\u00e9e<\/p><p>\u00a0<\/p>\t\t\t\t\t\t\t\t<\/div>\n\t\t\t\t<\/div>\n\t\t\t\t<\/div>\n\t\t<div class=\"elementor-element elementor-element-82ab55c e-con-full e-flex e-con e-child\" data-id=\"82ab55c\" data-element_type=\"container\" data-e-type=\"container\">\n\t\t\t\t<div class=\"elementor-element elementor-element-b3a764f elementor-widget elementor-widget-image\" data-id=\"b3a764f\" data-element_type=\"widget\" data-e-type=\"widget\" data-widget_type=\"image.default\">\n\t\t\t\t<div class=\"elementor-widget-container\">\n\t\t\t\t\t\t\t\t\t\t\t\t\t\t\t<img loading=\"lazy\" decoding=\"async\" width=\"462\" height=\"368\" src=\"https:\/\/nederlandsetempeliers.nl\/wp-content\/uploads\/Schip-3.jpeg\" class=\"attachment-large size-large wp-image-12211\" alt=\"bateau\" srcset=\"https:\/\/nederlandsetempeliers.nl\/wp-content\/uploads\/Schip-3.jpeg 462w, https:\/\/nederlandsetempeliers.nl\/wp-content\/uploads\/Schip-3-300x239.jpeg 300w\" sizes=\"(max-width: 462px) 100vw, 462px\" \/>\t\t\t\t\t\t\t\t\t\t\t\t\t\t\t<\/div>\n\t\t\t\t<\/div>\n\t\t\t\t<\/div>\n\t\t<div class=\"elementor-element elementor-element-11f3e6f e-con-full e-flex e-con e-child\" data-id=\"11f3e6f\" data-element_type=\"container\" data-e-type=\"container\">\n\t\t\t\t<div class=\"elementor-element elementor-element-399d63a elementor-widget elementor-widget-text-editor\" data-id=\"399d63a\" data-element_type=\"widget\" data-e-type=\"widget\" data-widget_type=\"text-editor.default\">\n\t\t\t\t<div class=\"elementor-widget-container\">\n\t\t\t\t\t\t\t\t\t<p>Page 29<br \/>Avec Robert, comte de Flandre, ils partirent sous la conduite de Hugues, fr\u00e8re de Philippe, roi de France. Ils choisirent de passer par l&rsquo;Italie et s&#8217;embarqu\u00e8rent vers l&rsquo;Orient. Mais l&rsquo;hiver les surprit et ils furent contraints de passer la mauvaise saison en Calabre. Le prince Hugues, encore tr\u00e8s jeune, trouvait l&rsquo;attente trop longue ; il voulut partir pour Constantinople afin d&rsquo;y pr\u00e9parer l&rsquo;arriv\u00e9e des autres&#8230;<\/p>\t\t\t\t\t\t\t\t<\/div>\n\t\t\t\t<\/div>\n\t\t\t\t<\/div>\n\t\t\t\t\t<\/div>\n\t\t\t\t<\/div>\n\t\t<div class=\"elementor-element elementor-element-a75a944 e-flex e-con-boxed e-con e-parent\" data-id=\"a75a944\" data-element_type=\"container\" data-e-type=\"container\">\n\t\t\t\t\t<div class=\"e-con-inner\">\n\t\t\t\t<div class=\"elementor-element elementor-element-8af4612 elementor-widget elementor-widget-text-editor\" data-id=\"8af4612\" data-element_type=\"widget\" data-e-type=\"widget\" data-widget_type=\"text-editor.default\">\n\t\t\t\t<div class=\"elementor-widget-container\">\n\t\t\t\t\t\t\t\t\t<p>Page 29<br \/>Nous d\u00e9couvrons ici un autre type de chef : un homme qui organise, pr\u00e9voit, anticipe et pr\u00e9pare. C&rsquo;est pourquoi ils choisissent une autre route. Non par orgueil, mais par sens pratique et par souci de l&rsquo;ordre.\u00c0 ce stade, l&rsquo;arriv\u00e9e de Godefroy de Bouillon est d\u00e9j\u00e0 en pr\u00e9paration.<\/p><p>Il s&rsquo;agit ici de Robert, comte de Flandre, et de Hugues, le jeune fr\u00e8re du roi Philippe Ier de France. Au lieu d&#8217;emprunter une longue route terrestre incertaine, ils choisissent la voie maritime en passant par l&rsquo;Italie. Lorsque l&rsquo;hiver les surprend, ils d\u00e9cident avec sagesse de passer l&rsquo;hiver en Calabre.<\/p><p>Hugues, jeune et impatient, supporte difficilement cette attente. Il d\u00e9cide donc de partir en avance vers Constantinople afin d&rsquo;y pr\u00e9parer ce qui doit suivre. Constantinople est alors la porte entre l&rsquo;Orient et l&rsquo;Occident, la r\u00e9sidence de l&#8217;empereur Alexis, un centre diplomatique majeur et un axe logistique essentiel. Gr\u00e2ce \u00e0 cette pr\u00e9paration, le d\u00e9sordre est \u00e9vit\u00e9 : l&rsquo;arriv\u00e9e est organis\u00e9e et l&rsquo;autorit\u00e9 est reconnue. Il s&rsquo;agit de pr\u00e9parer l&rsquo;arriv\u00e9e des grandes arm\u00e9es occidentales, parmi lesquelles figurent Godefroy de Bouillon et ses fr\u00e8res.<\/p><p>\u00a0<\/p>\t\t\t\t\t\t\t\t<\/div>\n\t\t\t\t<\/div>\n\t\t\t\t\t<\/div>\n\t\t\t\t<\/div>\n\t\t<div class=\"elementor-element elementor-element-5d3a198 e-flex e-con-boxed e-con e-parent\" data-id=\"5d3a198\" data-element_type=\"container\" data-e-type=\"container\">\n\t\t\t\t\t<div class=\"e-con-inner\">\n\t\t\t\t<div class=\"elementor-element elementor-element-f236322 elementor-widget elementor-widget-image\" data-id=\"f236322\" data-element_type=\"widget\" data-e-type=\"widget\" data-widget_type=\"image.default\">\n\t\t\t\t<div class=\"elementor-widget-container\">\n\t\t\t\t\t\t\t\t\t\t\t\t\t\t\t<img loading=\"lazy\" decoding=\"async\" width=\"300\" height=\"55\" src=\"https:\/\/nederlandsetempeliers.nl\/wp-content\/uploads\/guirlande-300x55.jpeg\" class=\"attachment-medium size-medium wp-image-7459\" alt=\"guirlande\" srcset=\"https:\/\/nederlandsetempeliers.nl\/wp-content\/uploads\/guirlande-300x55.jpeg 300w, https:\/\/nederlandsetempeliers.nl\/wp-content\/uploads\/guirlande-1024x189.jpeg 1024w, https:\/\/nederlandsetempeliers.nl\/wp-content\/uploads\/guirlande-768x142.jpeg 768w, https:\/\/nederlandsetempeliers.nl\/wp-content\/uploads\/guirlande.jpeg 1534w\" sizes=\"(max-width: 300px) 100vw, 300px\" \/>\t\t\t\t\t\t\t\t\t\t\t\t\t\t\t<\/div>\n\t\t\t\t<\/div>\n\t\t\t\t\t<\/div>\n\t\t\t\t<\/div>\n\t\t\t\t<section class=\"elementor-section elementor-top-section elementor-element elementor-element-52ddc54 elementor-section-boxed elementor-section-height-default elementor-section-height-default\" data-id=\"52ddc54\" data-element_type=\"section\" data-e-type=\"section\" data-settings=\"{&quot;background_background&quot;:&quot;classic&quot;,&quot;shape_divider_top&quot;:&quot;triangle&quot;,&quot;shape_divider_top_negative&quot;:&quot;yes&quot;,&quot;shape_divider_bottom&quot;:&quot;triangle&quot;,&quot;shape_divider_bottom_negative&quot;:&quot;yes&quot;}\">\n\t\t\t\t\t<div class=\"elementor-shape elementor-shape-top\" aria-hidden=\"true\" data-negative=\"true\">\n\t\t\t<svg xmlns=\"http:\/\/www.w3.org\/2000\/svg\" viewBox=\"0 0 1000 100\" preserveAspectRatio=\"none\">\n\t<path class=\"elementor-shape-fill\" d=\"M500.2,94.7L0,0v100h1000V0L500.2,94.7z\"\/>\n<\/svg>\t\t<\/div>\n\t\t\t\t<div class=\"elementor-shape elementor-shape-bottom\" aria-hidden=\"true\" data-negative=\"true\">\n\t\t\t<svg xmlns=\"http:\/\/www.w3.org\/2000\/svg\" viewBox=\"0 0 1000 100\" preserveAspectRatio=\"none\">\n\t<path class=\"elementor-shape-fill\" d=\"M500.2,94.7L0,0v100h1000V0L500.2,94.7z\"\/>\n<\/svg>\t\t<\/div>\n\t\t\t\t\t<div class=\"elementor-container elementor-column-gap-default\">\n\t\t\t\t\t<div class=\"elementor-column elementor-col-100 elementor-top-column elementor-element elementor-element-c1489c3\" data-id=\"c1489c3\" data-element_type=\"column\" data-e-type=\"column\">\n\t\t\t<div class=\"elementor-widget-wrap elementor-element-populated\">\n\t\t\t\t\t\t<div class=\"elementor-element elementor-element-6221638c elementor-widget__width-auto elementor-view-default elementor-widget elementor-widget-icon\" data-id=\"6221638c\" data-element_type=\"widget\" data-e-type=\"widget\" data-widget_type=\"icon.default\">\n\t\t\t\t<div class=\"elementor-widget-container\">\n\t\t\t\t\t\t\t<div class=\"elementor-icon-wrapper\">\n\t\t\t<div class=\"elementor-icon\">\n\t\t\t<i aria-hidden=\"true\" class=\"fas fa-grip-lines\"><\/i>\t\t\t<\/div>\n\t\t<\/div>\n\t\t\t\t\t\t<\/div>\n\t\t\t\t<\/div>\n\t\t\t\t<div class=\"elementor-element elementor-element-69e7f5b6 elementor-widget__width-auto elementor-widget elementor-widget-heading\" data-id=\"69e7f5b6\" data-element_type=\"widget\" data-e-type=\"widget\" data-widget_type=\"heading.default\">\n\t\t\t\t<div class=\"elementor-widget-container\">\n\t\t\t\t\t<h2 class=\"elementor-heading-title elementor-size-default\">1097<\/h2>\t\t\t\t<\/div>\n\t\t\t\t<\/div>\n\t\t\t\t<div class=\"elementor-element elementor-element-2610a316 elementor-widget__width-auto elementor-view-default elementor-widget elementor-widget-icon\" data-id=\"2610a316\" data-element_type=\"widget\" data-e-type=\"widget\" data-widget_type=\"icon.default\">\n\t\t\t\t<div class=\"elementor-widget-container\">\n\t\t\t\t\t\t\t<div class=\"elementor-icon-wrapper\">\n\t\t\t<div class=\"elementor-icon\">\n\t\t\t<i aria-hidden=\"true\" class=\"fas fa-grip-lines\"><\/i>\t\t\t<\/div>\n\t\t<\/div>\n\t\t\t\t\t\t<\/div>\n\t\t\t\t<\/div>\n\t\t\t\t\t<\/div>\n\t\t<\/div>\n\t\t\t\t\t<\/div>\n\t\t<\/section>\n\t\t<div class=\"elementor-element elementor-element-ea06a91 e-flex e-con-boxed e-con e-parent\" data-id=\"ea06a91\" data-element_type=\"container\" data-e-type=\"container\">\n\t\t\t\t\t<div class=\"e-con-inner\">\n\t\t<div class=\"elementor-element elementor-element-1e63594 e-con-full e-flex e-con e-child\" data-id=\"1e63594\" data-element_type=\"container\" data-e-type=\"container\">\n\t\t\t\t<div class=\"elementor-element elementor-element-abe7717 elementor-widget elementor-widget-text-editor\" data-id=\"abe7717\" data-element_type=\"widget\" data-e-type=\"widget\" data-widget_type=\"text-editor.default\">\n\t\t\t\t<div class=\"elementor-widget-container\">\n\t\t\t\t\t\t\t\t\t<p>Page 30<br \/>de ses troupes, l\u2019Empereur Alexius le receu, mais il le regarda comme un disciple pour lui, il le fit mettre aux arets avec toute sa suite. On voiois qui \u00e9toit le conducteur que Dieu avoit destinez Goffroi de Bouillon, \u00e0 qui l\u2019Empereur Henri peu de tems avant lui avoit donn\u00e9 la base Lorraine, qui \u00e9toit du cot\u00e9 du Brabant pour le defraier dans ce voiage et il avoit vendu la Comt\u00e9 de Bouil-<br \/>lionne<\/p>\t\t\t\t\t\t\t\t<\/div>\n\t\t\t\t<\/div>\n\t\t\t\t<\/div>\n\t\t<div class=\"elementor-element elementor-element-e7f0435 e-con-full e-flex e-con e-child\" data-id=\"e7f0435\" data-element_type=\"container\" data-e-type=\"container\">\n\t\t\t\t<div class=\"elementor-element elementor-element-af9cb17 elementor-widget elementor-widget-image\" data-id=\"af9cb17\" data-element_type=\"widget\" data-e-type=\"widget\" data-widget_type=\"image.default\">\n\t\t\t\t<div class=\"elementor-widget-container\">\n\t\t\t\t\t\t\t\t\t\t\t\t\t\t\t<img loading=\"lazy\" decoding=\"async\" width=\"120\" height=\"132\" src=\"https:\/\/nederlandsetempeliers.nl\/wp-content\/uploads\/Vlag-3.jpeg\" class=\"attachment-large size-large wp-image-12292\" alt=\"Drapeau\" \/>\t\t\t\t\t\t\t\t\t\t\t\t\t\t\t<\/div>\n\t\t\t\t<\/div>\n\t\t\t\t<\/div>\n\t\t<div class=\"elementor-element elementor-element-e771c4e e-con-full e-flex e-con e-child\" data-id=\"e771c4e\" data-element_type=\"container\" data-e-type=\"container\">\n\t\t\t\t<div class=\"elementor-element elementor-element-6a79ec3 elementor-widget elementor-widget-text-editor\" data-id=\"6a79ec3\" data-element_type=\"widget\" data-e-type=\"widget\" data-widget_type=\"text-editor.default\">\n\t\t\t\t<div class=\"elementor-widget-container\">\n\t\t\t\t\t\t\t\t\t<p>Page 30<br \/>Avec ses troupes, il fut re\u00e7u par l\u2019empereur Alexis, mais celui-ci le consid\u00e9rait comme un subordonn\u00e9. Il le fit donc placer sous surveillance avec toute sa suite. On vit alors clairement qui \u00e9tait le chef que Dieu avait destin\u00e9 \u00e0 cette mission : Godefroy de Bouillon, \u00e0 qui l\u2019empereur Henri avait, quelque temps auparavant, donn\u00e9 le duch\u00e9 de Lotharingie, voisin du Brabant, afin de lui permettre de supporter les frais de ce voyage. Il avait \u00e9galement vendu le comt\u00e9 de Bouillon.<\/p>\t\t\t\t\t\t\t\t<\/div>\n\t\t\t\t<\/div>\n\t\t\t\t<\/div>\n\t\t\t\t\t<\/div>\n\t\t\t\t<\/div>\n\t\t<div class=\"elementor-element elementor-element-fe8deb6 e-flex e-con-boxed e-con e-parent\" data-id=\"fe8deb6\" data-element_type=\"container\" data-e-type=\"container\">\n\t\t\t\t\t<div class=\"e-con-inner\">\n\t\t\t\t<div class=\"elementor-element elementor-element-abd49a3 elementor-widget elementor-widget-text-editor\" data-id=\"abd49a3\" data-element_type=\"widget\" data-e-type=\"widget\" data-widget_type=\"text-editor.default\">\n\t\t\t\t<div class=\"elementor-widget-container\">\n\t\t\t\t\t\t\t\t\t<p>Page 30<br \/>Hugues, le jeune fr\u00e8re du roi, est consid\u00e9r\u00e9 comme un subordonn\u00e9 par l\u2019empereur Alexis, qui le place sous surveillance avec toute sa suite. L\u2019empereur Alexis reconnut que Godefroy avait une destin\u00e9e divine \u27a4 noblesse et rang \u2260 leadership \u27a4 Godefroy poss\u00e9dait des ressources, des terres et un statut. Il vendit son propre comt\u00e9 de Bouillon pour Dieu et pour cette croisade = un grand sacrifice personnel.<br \/>Sans aucun filet de s\u00e9curit\u00e9. Sans aucune garantie <strong>\u27a4 C\u2019est un engagement radical.<\/strong><\/p>\t\t\t\t\t\t\t\t<\/div>\n\t\t\t\t<\/div>\n\t\t\t\t\t<\/div>\n\t\t\t\t<\/div>\n\t\t<div class=\"elementor-element elementor-element-e399895 e-flex e-con-boxed e-con e-parent\" data-id=\"e399895\" data-element_type=\"container\" data-e-type=\"container\">\n\t\t\t\t\t<div class=\"e-con-inner\">\n\t\t\t\t<div class=\"elementor-element elementor-element-5b49e87 elementor-widget elementor-widget-image\" data-id=\"5b49e87\" data-element_type=\"widget\" data-e-type=\"widget\" data-widget_type=\"image.default\">\n\t\t\t\t<div class=\"elementor-widget-container\">\n\t\t\t\t\t\t\t\t\t\t\t\t\t\t\t<img loading=\"lazy\" decoding=\"async\" width=\"454\" height=\"397\" src=\"https:\/\/nederlandsetempeliers.nl\/wp-content\/uploads\/eed-van-trouw-van-Godfried-van-Bouillon-aan-de-Byzantijnse-keizer-Alexios-I-1-3.jpeg\" class=\"attachment-large size-large wp-image-12293\" alt=\"Serment d&apos;all\u00e9geance de Godefroy de Bouillon \u00e0 l&apos;empereur byzantin Alexis Ier\" srcset=\"https:\/\/nederlandsetempeliers.nl\/wp-content\/uploads\/eed-van-trouw-van-Godfried-van-Bouillon-aan-de-Byzantijnse-keizer-Alexios-I-1-3.jpeg 454w, https:\/\/nederlandsetempeliers.nl\/wp-content\/uploads\/eed-van-trouw-van-Godfried-van-Bouillon-aan-de-Byzantijnse-keizer-Alexios-I-1-3-300x262.jpeg 300w\" sizes=\"(max-width: 454px) 100vw, 454px\" \/>\t\t\t\t\t\t\t\t\t\t\t\t\t\t\t<\/div>\n\t\t\t\t<\/div>\n\t\t\t\t\t<\/div>\n\t\t\t\t<\/div>\n\t\t<div class=\"elementor-element elementor-element-3000f0e e-con-full e-flex e-con e-parent\" data-id=\"3000f0e\" data-element_type=\"container\" data-e-type=\"container\">\n\t\t\t\t<div class=\"elementor-element elementor-element-29b0f5e elementor-widget elementor-widget-text-editor\" data-id=\"29b0f5e\" data-element_type=\"widget\" data-e-type=\"widget\" data-widget_type=\"text-editor.default\">\n\t\t\t\t<div class=\"elementor-widget-container\">\n\t\t\t\t\t\t\t\t\t<pre>\ud83d\udc46\ud83c\udffbLe serment de fid\u00e9lit\u00e9 de Godefroy de Bouillon \u00e0 l\u2019empereur byzantin Alexis Ier Comn\u00e8ne, \u00e0 Constantinople en 1097, peint par Alexandre Hesse en 1842.<\/pre>\t\t\t\t\t\t\t\t<\/div>\n\t\t\t\t<\/div>\n\t\t\t\t<\/div>\n\t\t<div class=\"elementor-element elementor-element-9b88293 e-flex e-con-boxed e-con e-parent\" data-id=\"9b88293\" data-element_type=\"container\" data-e-type=\"container\">\n\t\t\t\t\t<div class=\"e-con-inner\">\n\t\t\t\t<div class=\"elementor-element elementor-element-a4b6f99 elementor-widget elementor-widget-image\" data-id=\"a4b6f99\" data-element_type=\"widget\" data-e-type=\"widget\" data-widget_type=\"image.default\">\n\t\t\t\t<div class=\"elementor-widget-container\">\n\t\t\t\t\t\t\t\t\t\t\t\t\t\t\t<img loading=\"lazy\" decoding=\"async\" width=\"300\" height=\"55\" src=\"https:\/\/nederlandsetempeliers.nl\/wp-content\/uploads\/guirlande-300x55.jpeg\" class=\"attachment-medium size-medium wp-image-7459\" alt=\"guirlande\" srcset=\"https:\/\/nederlandsetempeliers.nl\/wp-content\/uploads\/guirlande-300x55.jpeg 300w, https:\/\/nederlandsetempeliers.nl\/wp-content\/uploads\/guirlande-1024x189.jpeg 1024w, https:\/\/nederlandsetempeliers.nl\/wp-content\/uploads\/guirlande-768x142.jpeg 768w, https:\/\/nederlandsetempeliers.nl\/wp-content\/uploads\/guirlande.jpeg 1534w\" sizes=\"(max-width: 300px) 100vw, 300px\" \/>\t\t\t\t\t\t\t\t\t\t\t\t\t\t\t<\/div>\n\t\t\t\t<\/div>\n\t\t\t\t\t<\/div>\n\t\t\t\t<\/div>\n\t\t<div class=\"elementor-element elementor-element-2166650 e-flex e-con-boxed e-con e-parent\" data-id=\"2166650\" data-element_type=\"container\" data-e-type=\"container\">\n\t\t\t\t\t<div class=\"e-con-inner\">\n\t\t<div class=\"elementor-element elementor-element-25f6764 e-con-full e-flex e-con e-child\" data-id=\"25f6764\" data-element_type=\"container\" data-e-type=\"container\">\n\t\t\t\t<div class=\"elementor-element elementor-element-2d6a63b elementor-widget elementor-widget-text-editor\" data-id=\"2d6a63b\" data-element_type=\"widget\" data-e-type=\"widget\" data-widget_type=\"text-editor.default\">\n\t\t\t\t<div class=\"elementor-widget-container\">\n\t\t\t\t\t\t\t\t\t<p>Page 31<br \/>Bouillonne \u00e0 l\u2019Evesque de Lutich et son Duch\u00e9 au Duc de Limbourg, et comme il \u00e9toit un homme de grand esprit on lui confia toutes la Noblesse et les plus braves troupes de la France et de la Flandre, ainsi que son arm\u00e9e \u00e9toit du nombre de 70000 \u00e0 pied et 10000 \u00e0 cheval, et peu de libertins il passa partout parce qu\u2019il marchoit en bon ordre et payoit tout pour l\u2019argent, il passa la Hongrie et la Bulgarie sans accident jus qu\u2019\u00e0 la fronti\u00e8re<\/p><p>\u00a0<\/p>\t\t\t\t\t\t\t\t<\/div>\n\t\t\t\t<\/div>\n\t\t\t\t<\/div>\n\t\t<div class=\"elementor-element elementor-element-8a98e00 e-con-full e-flex e-con e-child\" data-id=\"8a98e00\" data-element_type=\"container\" data-e-type=\"container\">\n\t\t\t\t<div class=\"elementor-element elementor-element-85d4132 elementor-widget elementor-widget-image\" data-id=\"85d4132\" data-element_type=\"widget\" data-e-type=\"widget\" data-widget_type=\"image.default\">\n\t\t\t\t<div class=\"elementor-widget-container\">\n\t\t\t\t\t\t\t\t\t\t\t\t\t\t\t<img loading=\"lazy\" decoding=\"async\" width=\"585\" height=\"825\" src=\"https:\/\/nederlandsetempeliers.nl\/wp-content\/uploads\/Fort-Bouillon-3.jpeg\" class=\"attachment-large size-large wp-image-12294\" alt=\"Fort Bouillon\" srcset=\"https:\/\/nederlandsetempeliers.nl\/wp-content\/uploads\/Fort-Bouillon-3.jpeg 585w, https:\/\/nederlandsetempeliers.nl\/wp-content\/uploads\/Fort-Bouillon-3-213x300.jpeg 213w\" sizes=\"(max-width: 585px) 100vw, 585px\" \/>\t\t\t\t\t\t\t\t\t\t\t\t\t\t\t<\/div>\n\t\t\t\t<\/div>\n\t\t\t\t<\/div>\n\t\t<div class=\"elementor-element elementor-element-06d5be8 e-con-full e-flex e-con e-child\" data-id=\"06d5be8\" data-element_type=\"container\" data-e-type=\"container\">\n\t\t\t\t<div class=\"elementor-element elementor-element-b34e405 elementor-widget elementor-widget-text-editor\" data-id=\"b34e405\" data-element_type=\"widget\" data-e-type=\"widget\" data-widget_type=\"text-editor.default\">\n\t\t\t\t<div class=\"elementor-widget-container\">\n\t\t\t\t\t\t\t\t\t<p>Page 31<br \/>Il donna, ou c\u00e9da, Bouillon \u00e0 l\u2019\u00e9v\u00eaque de Li\u00e8ge et son duch\u00e9 au duc de Limbourg. Et parce qu\u2019il \u00e9tait un homme de grand esprit, on lui confia toute la noblesse ainsi que les troupes les plus courageuses de France et de Flandre. Son arm\u00e9e comptait 70 000 hommes \u00e0 pied et 10 000 \u00e0 cheval. Il y avait tr\u00e8s peu d\u2019hommes indisciplin\u00e9s parmi eux. Il pouvait passer partout, car il marchait en bon ordre et payait tout avec de l\u2019argent. Ainsi, il traversa la Hongrie et la Bulgarie sans incident, jusqu\u2019\u00e0 la fronti\u00e8re.<\/p>\t\t\t\t\t\t\t\t<\/div>\n\t\t\t\t<\/div>\n\t\t\t\t<\/div>\n\t\t\t\t\t<\/div>\n\t\t\t\t<\/div>\n\t\t<div class=\"elementor-element elementor-element-b523a20 e-flex e-con-boxed e-con e-parent\" data-id=\"b523a20\" data-element_type=\"container\" data-e-type=\"container\">\n\t\t\t\t\t<div class=\"e-con-inner\">\n\t\t\t\t<div class=\"elementor-element elementor-element-9040a74 elementor-widget elementor-widget-text-editor\" data-id=\"9040a74\" data-element_type=\"widget\" data-e-type=\"widget\" data-widget_type=\"text-editor.default\">\n\t\t\t\t<div class=\"elementor-widget-container\">\n\t\t\t\t\t\t\t\t\t<p>Page 31<br \/>Ici, notre moine pr\u00e9sente tr\u00e8s consciemment Godefroy de Bouillon comme :<br \/>\u2022 \u00ab un homme de grand esprit \u00bb \u2192 non seulement courageux, mais \u00e9galement sage<br \/>\u2022 un homme \u00e0 qui l\u2019on confie la noblesse et les meilleures troupes<br \/>\u2022 non pas un chef de guerre brutal, mais une force qui \u00e9tablit l\u2019ordre<br \/>Cela correspond parfaitement au contraste avec les pr\u00e9c\u00e9dentes croisades populaires : \u2192 chaos \u2192 pillage \u2192 destruction. Face \u00e0 cela : \u2192ordre \u2192 discipline \u2192 libre passage<\/p><p>La grande diff\u00e9rence r\u00e9side dans l\u2019ordre et le paiement. Deux phrases sont ici essentielles : \u00ab il marchoit en bon ordre \u00bb et\u00a0 \u00ab il payoit tout pour l\u2019argent \u00bb. Ce n\u2019est pas un simple d\u00e9tail, mais une d\u00e9claration morale : il ne pille pas \u2013 il respecte les territoires \u00e9trangers \u2013 il maintient ses hommes sous contr\u00f4le.<\/p><p>C\u2019est pourquoi : \u00ab il passa partout \u00bb \u2192 on le laisse passer \u2192 sans conflits ni effusion de sang. C\u2019est exactement la le\u00e7on qui fut tir\u00e9e de la croisade populaire.<\/p><p>Le mot libertins signifie ici :<br \/>\u2022 des individus incontr\u00f4l\u00e9s<br \/>\u2022 des compagnons indisciplin\u00e9s<br \/>\u2022 des \u00e9l\u00e9ments moralement peu fiables<\/p><p>L\u2019auteur \u00e9crit explicitement : \u00ab peu de libertins \u00bb \u2192 l\u2019arm\u00e9e de Godefroy est \u00e9pur\u00e9e, s\u00e9lectionn\u00e9e et ma\u00eetris\u00e9e.<br \/>Les chiffres, 70 000 + 10 000, pr\u00e9sentent cette arm\u00e9e comme digne, l\u00e9gitime et tourn\u00e9e vers Dieu, contrairement aux d\u00e9bordements pr\u00e9c\u00e9dents. Dieu ne marche pas avec la foule la plus nombreuse, mais avec la fid\u00e9lit\u00e9 la mieux ordonn\u00e9e.<\/p><p>C\u2019est pr\u00e9cis\u00e9ment l\u2019esprit dont na\u00eetront plus tard :discipline monastique + ob\u00e9issance chevaleresque + ordre sacr\u00e9<br \/>\u27a4 du d\u00e9sordre \u2192 vers la dignit\u00e9<br \/>\u27a4 de la masse populaire \u2192 vers le leadership<br \/>\u27a4 du chaos \u2192 vers l\u2019ordre sacr\u00e9<\/p>\t\t\t\t\t\t\t\t<\/div>\n\t\t\t\t<\/div>\n\t\t\t\t\t<\/div>\n\t\t\t\t<\/div>\n\t\t<div class=\"elementor-element elementor-element-f5e3af5 e-flex e-con-boxed e-con e-parent\" data-id=\"f5e3af5\" data-element_type=\"container\" data-e-type=\"container\">\n\t\t\t\t\t<div class=\"e-con-inner\">\n\t\t\t\t<div class=\"elementor-element elementor-element-99d0cbe elementor-widget elementor-widget-image\" data-id=\"99d0cbe\" data-element_type=\"widget\" data-e-type=\"widget\" data-widget_type=\"image.default\">\n\t\t\t\t<div class=\"elementor-widget-container\">\n\t\t\t\t\t\t\t\t\t\t\t\t\t\t\t<img loading=\"lazy\" decoding=\"async\" width=\"800\" height=\"654\" src=\"https:\/\/nederlandsetempeliers.nl\/wp-content\/uploads\/Verkoop-Fort-Bouillon-3-1024x837.jpeg\" class=\"attachment-large size-large wp-image-12295\" alt=\"Vente du Fort Bouillon\" srcset=\"https:\/\/nederlandsetempeliers.nl\/wp-content\/uploads\/Verkoop-Fort-Bouillon-3-1024x837.jpeg 1024w, https:\/\/nederlandsetempeliers.nl\/wp-content\/uploads\/Verkoop-Fort-Bouillon-3-300x245.jpeg 300w, https:\/\/nederlandsetempeliers.nl\/wp-content\/uploads\/Verkoop-Fort-Bouillon-3-768x628.jpeg 768w, https:\/\/nederlandsetempeliers.nl\/wp-content\/uploads\/Verkoop-Fort-Bouillon-3.jpeg 1387w\" sizes=\"(max-width: 800px) 100vw, 800px\" \/>\t\t\t\t\t\t\t\t\t\t\t\t\t\t\t<\/div>\n\t\t\t\t<\/div>\n\t\t\t\t\t<\/div>\n\t\t\t\t<\/div>\n\t\t<div class=\"elementor-element elementor-element-daf1474 e-con-full e-flex e-con e-parent\" data-id=\"daf1474\" data-element_type=\"container\" data-e-type=\"container\">\n\t\t\t\t<div class=\"elementor-element elementor-element-6390f70 elementor-widget elementor-widget-text-editor\" data-id=\"6390f70\" data-element_type=\"widget\" data-e-type=\"widget\" data-widget_type=\"text-editor.default\">\n\t\t\t\t<div class=\"elementor-widget-container\">\n\t\t\t\t\t\t\t\t\t<pre>\ud83d\udc46\ud83c\udffb Peinture repr\u00e9sentant la vente de la forteresse de Bouillon \u00e0 l\u2019\u00e9v\u00eaque de Li\u00e8ge. Elle est expos\u00e9e dans la forteresse de Bouillon elle-m\u00eame.<\/pre>\t\t\t\t\t\t\t\t<\/div>\n\t\t\t\t<\/div>\n\t\t\t\t<\/div>\n\t\t<div class=\"elementor-element elementor-element-25741ac e-flex e-con-boxed e-con e-parent\" data-id=\"25741ac\" data-element_type=\"container\" data-e-type=\"container\">\n\t\t\t\t\t<div class=\"e-con-inner\">\n\t\t\t\t<div class=\"elementor-element elementor-element-c66c212 elementor-widget elementor-widget-image\" data-id=\"c66c212\" data-element_type=\"widget\" data-e-type=\"widget\" data-widget_type=\"image.default\">\n\t\t\t\t<div class=\"elementor-widget-container\">\n\t\t\t\t\t\t\t\t\t\t\t\t\t\t\t<img loading=\"lazy\" decoding=\"async\" width=\"300\" height=\"55\" src=\"https:\/\/nederlandsetempeliers.nl\/wp-content\/uploads\/guirlande-300x55.jpeg\" class=\"attachment-medium size-medium wp-image-7459\" alt=\"guirlande\" srcset=\"https:\/\/nederlandsetempeliers.nl\/wp-content\/uploads\/guirlande-300x55.jpeg 300w, https:\/\/nederlandsetempeliers.nl\/wp-content\/uploads\/guirlande-1024x189.jpeg 1024w, https:\/\/nederlandsetempeliers.nl\/wp-content\/uploads\/guirlande-768x142.jpeg 768w, https:\/\/nederlandsetempeliers.nl\/wp-content\/uploads\/guirlande.jpeg 1534w\" sizes=\"(max-width: 300px) 100vw, 300px\" \/>\t\t\t\t\t\t\t\t\t\t\t\t\t\t\t<\/div>\n\t\t\t\t<\/div>\n\t\t\t\t\t<\/div>\n\t\t\t\t<\/div>\n\t\t<div class=\"elementor-element elementor-element-9cf8d5d e-flex e-con-boxed e-con e-parent\" data-id=\"9cf8d5d\" data-element_type=\"container\" data-e-type=\"container\">\n\t\t\t\t\t<div class=\"e-con-inner\">\n\t\t<div class=\"elementor-element elementor-element-2dea2b0 e-con-full e-flex e-con e-child\" data-id=\"2dea2b0\" data-element_type=\"container\" data-e-type=\"container\">\n\t\t\t\t<div class=\"elementor-element elementor-element-0fd80fc elementor-widget elementor-widget-text-editor\" data-id=\"0fd80fc\" data-element_type=\"widget\" data-e-type=\"widget\" data-widget_type=\"text-editor.default\">\n\t\t\t\t<div class=\"elementor-widget-container\">\n\t\t\t\t\t\t\t\t\t<p>Page 32<br \/>de l\u2019Empereur Grec, c\u2019est l\u00e0 o\u00f9 il apris la triste nouvelle, que le Prince Hugue<br \/>etoit aux arets, alors il se resolut de piller les fauxbourgs de Constantinoples et de<br \/>mettre le siege devant la ville, l\u2019Empereur Allexius se sentant press\u00e9 de pres il<br \/>remis le Prince hugue en libert\u00e9. <br \/>7\u1d49 Convois comand\u00e9 par Rocmundus Duc de Normandie de Tarento, avec ses <br \/>Italiens et Normans qui estoit du nombre de 10000 \u00e0<\/p>\t\t\t\t\t\t\t\t<\/div>\n\t\t\t\t<\/div>\n\t\t\t\t<\/div>\n\t\t<div class=\"elementor-element elementor-element-876e280 e-con-full e-flex e-con e-child\" data-id=\"876e280\" data-element_type=\"container\" data-e-type=\"container\">\n\t\t\t\t<div class=\"elementor-element elementor-element-3ec1f06 elementor-widget elementor-widget-image\" data-id=\"3ec1f06\" data-element_type=\"widget\" data-e-type=\"widget\" data-widget_type=\"image.default\">\n\t\t\t\t<div class=\"elementor-widget-container\">\n\t\t\t\t\t\t\t\t\t\t\t\t\t\t\t<img loading=\"lazy\" decoding=\"async\" width=\"800\" height=\"827\" src=\"https:\/\/nederlandsetempeliers.nl\/wp-content\/uploads\/gevangenen-3.jpeg\" class=\"attachment-large size-large wp-image-12400\" alt=\"Prisonniers\" srcset=\"https:\/\/nederlandsetempeliers.nl\/wp-content\/uploads\/gevangenen-3.jpeg 809w, https:\/\/nederlandsetempeliers.nl\/wp-content\/uploads\/gevangenen-3-290x300.jpeg 290w, https:\/\/nederlandsetempeliers.nl\/wp-content\/uploads\/gevangenen-3-768x794.jpeg 768w\" sizes=\"(max-width: 800px) 100vw, 800px\" \/>\t\t\t\t\t\t\t\t\t\t\t\t\t\t\t<\/div>\n\t\t\t\t<\/div>\n\t\t\t\t<\/div>\n\t\t<div class=\"elementor-element elementor-element-d5cf701 e-con-full e-flex e-con e-child\" data-id=\"d5cf701\" data-element_type=\"container\" data-e-type=\"container\">\n\t\t\t\t<div class=\"elementor-element elementor-element-9020396 elementor-widget elementor-widget-text-editor\" data-id=\"9020396\" data-element_type=\"widget\" data-e-type=\"widget\" data-widget_type=\"text-editor.default\">\n\t\t\t\t<div class=\"elementor-widget-container\">\n\t\t\t\t\t\t\t\t\t<p>Page 32<br \/>Aupr\u00e8s de l\u2019empereur grec, il re\u00e7ut la triste nouvelle que le prince Hugues avait \u00e9t\u00e9 emprisonn\u00e9. Il d\u00e9cida alors de piller les faubourgs de Constantinople et d\u2019assi\u00e9ger la ville. L\u2019empereur Alexis, se sentant directement menac\u00e9, fit remettre le prince Hugues en libert\u00e9.<br \/>Septi\u00e8me colonne, conduite par<br \/>Rocmundus, duc de Normandie et de Tarente, avec ses Italiens et ses Normands, au nombre de 10 000\u2026<\/p>\t\t\t\t\t\t\t\t<\/div>\n\t\t\t\t<\/div>\n\t\t\t\t<\/div>\n\t\t\t\t\t<\/div>\n\t\t\t\t<\/div>\n\t\t<div class=\"elementor-element elementor-element-56b01b3 e-flex e-con-boxed e-con e-parent\" data-id=\"56b01b3\" data-element_type=\"container\" data-e-type=\"container\">\n\t\t\t\t\t<div class=\"e-con-inner\">\n\t\t\t\t<div class=\"elementor-element elementor-element-ba5fa6c elementor-widget elementor-widget-text-editor\" data-id=\"ba5fa6c\" data-element_type=\"widget\" data-e-type=\"widget\" data-widget_type=\"text-editor.default\">\n\t\t\t\t<div class=\"elementor-widget-container\">\n\t\t\t\t\t\t\t\t\t<p>Page 32<br \/>Tensions entre l\u2019Occident et l\u2019Orient : l\u2019alliance entre les crois\u00e9s et Byzance est fragile. Godefroy apprend que Hugues est retenu prisonnier. (C\u2019est ainsi que le texte est traduit, mais il s\u2019agit plut\u00f4t d\u2019une mise sous surveillance.) Cela est per\u00e7u comme une trahison, un abus de pouvoir et une injustice commise envers un prince chr\u00e9tien.<br \/>La r\u00e9action de Godefroy est mena\u00e7ante : pillage des faubourgs et si\u00e8ge de Constantinople. C\u2019est extr\u00eame \u2014 il s\u2019agit d\u2019une ville chr\u00e9tienne.<br \/>Le pragmatisme d\u2019Alexis : l\u2019empereur Alexis Ier Comn\u00e8ne est pr\u00e9sent\u00e9 ici comme perspicace, politiquement r\u00e9aliste et pr\u00eat \u00e0 \u00e9viter le conflit lorsque cela est n\u00e9cessaire. Il sent qu\u2019il est \u00ab press\u00e9 de pr\u00e8s \u00bb \u2192 La menace est r\u00e9elle \u2192 La situation peut d\u00e9g\u00e9n\u00e9rer. Sa solution n\u2019est pas militaire, mais diplomatique : Hugues est lib\u00e9r\u00e9. C\u2019est typique de l\u2019art politique byzantin : ni question d\u2019honneur ni fiert\u00e9 chevaleresque \u2014 la stabilit\u00e9 passe avant tout.<\/p><p>Godefroy comme gardien des limites : il menace, mais ne pille pas r\u00e9ellement la ville. Godefroy prot\u00e8ge les siens, mais ne franchit pas la limite sacr\u00e9e \u2192 Il impose la justice \u2192 sans provoquer de dommages irr\u00e9parables. C\u2019est ainsi que Godefroy appara\u00eet ici : comme un chef juste, et non comme un seigneur de guerre t\u00e9m\u00e9raire.<\/p><p>Le \u00ab 7e convoi \u00bb change de nouveau le ton : de la diplomatie, de la menace et de la tension imp\u00e9riale, nous passons \u00e0 une structure militaire, \u00e0 de nouveaux chefs et \u00e0 des arm\u00e9es clairement d\u00e9finies. Rocmundus, duc de Normandie et de Tarente, d\u00e9signe ici Boh\u00e9mond de Tarente, fils de Robert Guiscard. Il est l\u2019un des chefs militaires les plus exp\u00e9riment\u00e9s de la croisade. Son apparition annonce : \u2192 la professionnalisation de la guerre \u2192 de v\u00e9ritables batailles \u2192 une r\u00e9flexion strat\u00e9gique. Italiens + Normands \u2192 Normands d\u2019Italie du Sud \u2192 aguerris par la guerre. En une phrase : tensions entre puissances chr\u00e9tiennes + autorit\u00e9 morale de Godefroy + diplomatie byzantine + arriv\u00e9e de Boh\u00e9mond. Tout est d\u00e9sormais pr\u00eat pour la v\u00e9ritable phase militaire de la croisade.<\/p>\t\t\t\t\t\t\t\t<\/div>\n\t\t\t\t<\/div>\n\t\t\t\t\t<\/div>\n\t\t\t\t<\/div>\n\t\t<div class=\"elementor-element elementor-element-42473b0 e-flex e-con-boxed e-con e-parent\" data-id=\"42473b0\" data-element_type=\"container\" data-e-type=\"container\">\n\t\t\t\t\t<div class=\"e-con-inner\">\n\t\t\t\t<div class=\"elementor-element elementor-element-522139e elementor-widget elementor-widget-image\" data-id=\"522139e\" data-element_type=\"widget\" data-e-type=\"widget\" data-widget_type=\"image.default\">\n\t\t\t\t<div class=\"elementor-widget-container\">\n\t\t\t\t\t\t\t\t\t\t\t\t\t\t\t<img loading=\"lazy\" decoding=\"async\" width=\"300\" height=\"55\" src=\"https:\/\/nederlandsetempeliers.nl\/wp-content\/uploads\/guirlande-300x55.jpeg\" class=\"attachment-medium size-medium wp-image-7459\" alt=\"guirlande\" srcset=\"https:\/\/nederlandsetempeliers.nl\/wp-content\/uploads\/guirlande-300x55.jpeg 300w, https:\/\/nederlandsetempeliers.nl\/wp-content\/uploads\/guirlande-1024x189.jpeg 1024w, https:\/\/nederlandsetempeliers.nl\/wp-content\/uploads\/guirlande-768x142.jpeg 768w, https:\/\/nederlandsetempeliers.nl\/wp-content\/uploads\/guirlande.jpeg 1534w\" sizes=\"(max-width: 300px) 100vw, 300px\" \/>\t\t\t\t\t\t\t\t\t\t\t\t\t\t\t<\/div>\n\t\t\t\t<\/div>\n\t\t\t\t\t<\/div>\n\t\t\t\t<\/div>\n\t\t<div class=\"elementor-element elementor-element-18bb29e e-flex e-con-boxed e-con e-parent\" data-id=\"18bb29e\" data-element_type=\"container\" data-e-type=\"container\">\n\t\t\t\t\t<div class=\"e-con-inner\">\n\t\t<div class=\"elementor-element elementor-element-c9112b8 e-con-full e-flex e-con e-child\" data-id=\"c9112b8\" data-element_type=\"container\" data-e-type=\"container\">\n\t\t\t\t<div class=\"elementor-element elementor-element-b690a7a elementor-widget elementor-widget-text-editor\" data-id=\"b690a7a\" data-element_type=\"widget\" data-e-type=\"widget\" data-widget_type=\"text-editor.default\">\n\t\t\t\t<div class=\"elementor-widget-container\">\n\t\t\t\t\t\t\t\t\t<p>Page 33<br \/>cheval, et 15000 \u00e0 pied ils partirent par eaux dans le pa\u00efs de grecs. 8\u1d49 Convois par Raimond Comte de Toulouse qui avoit des troupes de la Lombardie Gascogne, et de la Toulouse avec des Espagnols plus de<br \/>100000 hommes et il prit son chemin par la Lombardie et la Dalmatie. 9\u1d49 et dernier convoi \u00e9toit compos\u00e9 de la Noblesse <br \/>fran\u00e7oise qui \u00e9toit pour la conduite du Prince Hugue en<\/p>\t\t\t\t\t\t\t\t<\/div>\n\t\t\t\t<\/div>\n\t\t\t\t<\/div>\n\t\t<div class=\"elementor-element elementor-element-b771fb4 e-con-full e-flex e-con e-child\" data-id=\"b771fb4\" data-element_type=\"container\" data-e-type=\"container\">\n\t\t\t\t<div class=\"elementor-element elementor-element-e6d0dbe elementor-widget elementor-widget-image\" data-id=\"e6d0dbe\" data-element_type=\"widget\" data-e-type=\"widget\" data-widget_type=\"image.default\">\n\t\t\t\t<div class=\"elementor-widget-container\">\n\t\t\t\t\t\t\t\t\t\t\t\t\t\t\t<img loading=\"lazy\" decoding=\"async\" width=\"200\" height=\"194\" src=\"https:\/\/nederlandsetempeliers.nl\/wp-content\/uploads\/schip-op-zee-3.jpeg\" class=\"attachment-large size-large wp-image-12401\" alt=\"Navire en mer\" \/>\t\t\t\t\t\t\t\t\t\t\t\t\t\t\t<\/div>\n\t\t\t\t<\/div>\n\t\t\t\t<\/div>\n\t\t<div class=\"elementor-element elementor-element-ac26dda e-con-full e-flex e-con e-child\" data-id=\"ac26dda\" data-element_type=\"container\" data-e-type=\"container\">\n\t\t\t\t<div class=\"elementor-element elementor-element-04819ee elementor-widget elementor-widget-text-editor\" data-id=\"04819ee\" data-element_type=\"widget\" data-e-type=\"widget\" data-widget_type=\"text-editor.default\">\n\t\t\t\t<div class=\"elementor-widget-container\">\n\t\t\t\t\t\t\t\t\t<p>Page 3<br \/>\u00e0 cheval, et 15 000 \u00e0 pied ; ils partirent par mer vers le pays des Grecs. Huiti\u00e8me colonne, sous la conduite de Raymond, comte de Toulouse, qui avait des troupes venues de Lombardie, de Gascogne et de Toulouse, ainsi que des Espagnols \u2014 plus de 100 000 hommes. Il prit sa route par la Lombardie et la Dalmatie. La neuvi\u00e8me et derni\u00e8re colonne \u00e9tait compos\u00e9e de la noblesse fran\u00e7aise, destin\u00e9e \u00e0 \u00eatre plac\u00e9e sous le commandement du prince Hugues\u2026<\/p>\t\t\t\t\t\t\t\t<\/div>\n\t\t\t\t<\/div>\n\t\t\t\t<\/div>\n\t\t\t\t\t<\/div>\n\t\t\t\t<\/div>\n\t\t<div class=\"elementor-element elementor-element-c4a0404 e-flex e-con-boxed e-con e-parent\" data-id=\"c4a0404\" data-element_type=\"container\" data-e-type=\"container\">\n\t\t\t\t\t<div class=\"e-con-inner\">\n\t\t\t\t<div class=\"elementor-element elementor-element-72f662d elementor-widget elementor-widget-text-editor\" data-id=\"72f662d\" data-element_type=\"widget\" data-e-type=\"widget\" data-widget_type=\"text-editor.default\">\n\t\t\t\t<div class=\"elementor-widget-container\">\n\t\t\t\t\t\t\t\t\t<p>Page 33<br \/>Logistique : la voie maritime fut choisie d\u00e9lib\u00e9r\u00e9ment. La tentative pr\u00e9c\u00e9dente par voie terrestre avait \u00e9t\u00e9 catastrophique. Les hommes, aussi bien \u00e0 cheval qu\u2019\u00e0 pied, gagn\u00e8rent le territoire byzantin par mer. C\u2019\u00e9tait un choix conscient visant \u00e0 r\u00e9partir les risques et \u00e0 tirer les le\u00e7ons des erreurs pr\u00e9c\u00e9dentes : le trajet terrestre avait entra\u00een\u00e9 famine et pillages. Ce n\u2019est plus une pieuse procession, mais un d\u00e9placement organis\u00e9.<\/p><p>Raymond de Toulouse, le contrepoids m\u00e9ridional, appara\u00eet ici comme le chef des forces du sud de l\u2019Europe : Lombardie \u2013 Gascogne \u2013 Toulouse \u2013 Espagne. Il commande donc une arm\u00e9e de composition internationale. Important : Raymond \u00e9tait plus \u00e2g\u00e9, exp\u00e9riment\u00e9, politiquement influent et profond\u00e9ment religieux, mais moins id\u00e9aliste que Godefroy. Il repr\u00e9sente la constance et la puissance du nombre.<br \/>La route : Lombardie et Dalmatie \u2192 passages s\u00fbrs et connus \u2192 approvisionnement contr\u00f4lable \u2192 soutien maritime. C\u2019est tout l\u2019oppos\u00e9 de la Croisade populaire : non plus l\u2019impulsion, mais la planification.<br \/>La 9e colonne : la noblesse fran\u00e7aise et le prince Hugues. Le passage est tr\u00e8s subtil et important :<br \/>\u00ab compos\u00e9e de la Noblesse fran\u00e7oise \u00bb. Il ne s\u2019agit donc : \u2192 ni d\u2019une arm\u00e9e populaire \u2192 ni d\u2019une foule religieuse \u2192 mais d\u2019une \u00e9lite concentr\u00e9e.<br \/>Le fait que cette colonne soit li\u00e9e au prince Hugues restaure son honneur apr\u00e8s l\u2019incident pr\u00e9c\u00e9dent et le rend de nouveau visible en tant que chef. Mais cette fois au sein d\u2019un collectif de nobles, et non comme figure isol\u00e9e. Hugues est port\u00e9 par une structure, et non par l\u2019impulsion. Toutes les colonnes ont d\u00e9sormais \u00e9t\u00e9 nomm\u00e9es. Chaque r\u00e9gion poss\u00e8de son chef. Chaque itin\u00e9raire est r\u00e9fl\u00e9chi. Chaque erreur pr\u00e9c\u00e9dente a \u00e9t\u00e9 corrig\u00e9e.<\/p><p><strong>Nous nous trouvons maintenant au seuil de : \ud83d\udc49 la v\u00e9ritable Premi\u00e8re Croisade en tant que r\u00e9alit\u00e9 militaire.<\/strong><\/p>\t\t\t\t\t\t\t\t<\/div>\n\t\t\t\t<\/div>\n\t\t\t\t\t<\/div>\n\t\t\t\t<\/div>\n\t\t<div class=\"elementor-element elementor-element-8e00363 e-flex e-con-boxed e-con e-parent\" data-id=\"8e00363\" data-element_type=\"container\" data-e-type=\"container\">\n\t\t\t\t\t<div class=\"e-con-inner\">\n\t\t\t\t<div class=\"elementor-element elementor-element-de702f5 elementor-widget elementor-widget-image\" data-id=\"de702f5\" data-element_type=\"widget\" data-e-type=\"widget\" data-widget_type=\"image.default\">\n\t\t\t\t<div class=\"elementor-widget-container\">\n\t\t\t\t\t\t\t\t\t\t\t\t\t\t\t<img loading=\"lazy\" decoding=\"async\" width=\"300\" height=\"55\" src=\"https:\/\/nederlandsetempeliers.nl\/wp-content\/uploads\/guirlande-300x55.jpeg\" class=\"attachment-medium size-medium wp-image-7459\" alt=\"guirlande\" srcset=\"https:\/\/nederlandsetempeliers.nl\/wp-content\/uploads\/guirlande-300x55.jpeg 300w, https:\/\/nederlandsetempeliers.nl\/wp-content\/uploads\/guirlande-1024x189.jpeg 1024w, https:\/\/nederlandsetempeliers.nl\/wp-content\/uploads\/guirlande-768x142.jpeg 768w, https:\/\/nederlandsetempeliers.nl\/wp-content\/uploads\/guirlande.jpeg 1534w\" sizes=\"(max-width: 300px) 100vw, 300px\" \/>\t\t\t\t\t\t\t\t\t\t\t\t\t\t\t<\/div>\n\t\t\t\t<\/div>\n\t\t\t\t\t<\/div>\n\t\t\t\t<\/div>\n\t\t<div class=\"elementor-element elementor-element-64dbb54 e-flex e-con-boxed e-con e-parent\" data-id=\"64dbb54\" data-element_type=\"container\" data-e-type=\"container\">\n\t\t\t\t\t<div class=\"e-con-inner\">\n\t\t<div class=\"elementor-element elementor-element-ab5a8f0 e-con-full e-flex e-con e-child\" data-id=\"ab5a8f0\" data-element_type=\"container\" data-e-type=\"container\">\n\t\t\t\t<div class=\"elementor-element elementor-element-fde9830 elementor-widget elementor-widget-text-editor\" data-id=\"fde9830\" data-element_type=\"widget\" data-e-type=\"widget\" data-widget_type=\"text-editor.default\">\n\t\t\t\t<div class=\"elementor-widget-container\">\n\t\t\t\t\t\t\t\t\t<p>Page 34<br \/>Italie en quartier d\u2019hyver qui furent command\u00e9 par Robert Duc de Normandie, poursuivirent leur chemin droite \u00e0 <br \/>Constantinople, et comme ils y furent arriv\u00e9, alors Goffroi fit l\u2019accomodement avec l\u2019Empereur Alexis en lui proposant<br \/>qu\u2019il n\u2019avoit pas de la canaille dans ses troupes comme Pierre l\u2019hermite, et que c\u2019\u00e9toit tous des braves gens qu\u2019il conduisoit, alors l\u2019Empereur Alexius qui \u00e9toit bien embarrass\u00e9 de voir une si formidable arm\u00e9e de<\/p>\t\t\t\t\t\t\t\t<\/div>\n\t\t\t\t<\/div>\n\t\t\t\t<\/div>\n\t\t<div class=\"elementor-element elementor-element-d1b4d69 e-con-full e-flex e-con e-child\" data-id=\"d1b4d69\" data-element_type=\"container\" data-e-type=\"container\">\n\t\t\t\t<div class=\"elementor-element elementor-element-b8da6f6 elementor-widget elementor-widget-image\" data-id=\"b8da6f6\" data-element_type=\"widget\" data-e-type=\"widget\" data-widget_type=\"image.default\">\n\t\t\t\t<div class=\"elementor-widget-container\">\n\t\t\t\t\t\t\t\t\t\t\t\t\t\t\t<img loading=\"lazy\" decoding=\"async\" width=\"384\" height=\"480\" src=\"https:\/\/nederlandsetempeliers.nl\/wp-content\/uploads\/Godfried-van-Bouiilon-standbeeld-in-Brussel-3.jpeg\" class=\"attachment-large size-large wp-image-12439\" alt=\"Statue de Godefroy de Bouillon \u00e0 Bruxelles\" srcset=\"https:\/\/nederlandsetempeliers.nl\/wp-content\/uploads\/Godfried-van-Bouiilon-standbeeld-in-Brussel-3.jpeg 384w, https:\/\/nederlandsetempeliers.nl\/wp-content\/uploads\/Godfried-van-Bouiilon-standbeeld-in-Brussel-3-240x300.jpeg 240w\" sizes=\"(max-width: 384px) 100vw, 384px\" \/>\t\t\t\t\t\t\t\t\t\t\t\t\t\t\t<\/div>\n\t\t\t\t<\/div>\n\t\t\t\t<\/div>\n\t\t<div class=\"elementor-element elementor-element-bcf7ef0 e-con-full e-flex e-con e-child\" data-id=\"bcf7ef0\" data-element_type=\"container\" data-e-type=\"container\">\n\t\t\t\t<div class=\"elementor-element elementor-element-2947942 elementor-widget elementor-widget-text-editor\" data-id=\"2947942\" data-element_type=\"widget\" data-e-type=\"widget\" data-widget_type=\"text-editor.default\">\n\t\t\t\t<div class=\"elementor-widget-container\">\n\t\t\t\t\t\t\t\t\t<p>Page 34<br \/>En Italie, ils prirent leurs quartiers d\u2019hiver ; ils \u00e9taient sous le commandement de Robert, duc de Normandie. Ils poursuivirent ensuite leur route directement vers Constantinople. Lorsqu\u2019ils y arriv\u00e8rent, Godefroy conclut un arrangement avec l\u2019empereur Alexis, en lui faisant valoir qu\u2019il n\u2019y avait pas de canaille parmi ses troupes, comme cela avait \u00e9t\u00e9 le cas avec Pierre l\u2019Ermite, mais qu\u2019il ne commandait que des hommes courageux. L\u2019empereur Alexis, tr\u00e8s embarrass\u00e9 \u00e0 la vue d\u2019une arm\u00e9e aussi formidable de\u2026<\/p>\t\t\t\t\t\t\t\t<\/div>\n\t\t\t\t<\/div>\n\t\t\t\t<\/div>\n\t\t\t\t\t<\/div>\n\t\t\t\t<\/div>\n\t\t<div class=\"elementor-element elementor-element-0fee34e e-flex e-con-boxed e-con e-parent\" data-id=\"0fee34e\" data-element_type=\"container\" data-e-type=\"container\">\n\t\t\t\t\t<div class=\"e-con-inner\">\n\t\t\t\t<div class=\"elementor-element elementor-element-c2dc58c elementor-widget elementor-widget-text-editor\" data-id=\"c2dc58c\" data-element_type=\"widget\" data-e-type=\"widget\" data-widget_type=\"text-editor.default\">\n\t\t\t\t<div class=\"elementor-widget-container\">\n\t\t\t\t\t\t\t\t\t<p>page 34<br \/>Quartiers d\u2019hiver = art militaire m\u00fbr. Ils \u00e9vitent l\u2019\u00e9puisement, pr\u00e9servent la discipline et t\u00e9moignent d\u2019une patience strat\u00e9gique. C\u2019est un leadership professionnel, et non une h\u00e2te pieuse.<\/p><p>Godefroy en diplomate. \u00ab Goffroi fit l\u2019accomodement avec l\u2019Empereur Alexis. \u00bb Godefroy : choisit la n\u00e9gociation, et non la contrainte ; souligne explicitement la diff\u00e9rence avec Pierre l\u2019Ermite; d\u00e9fend la qualit\u00e9 morale de son arm\u00e9e. C\u2019est de la rh\u00e9torique, mais aussi une r\u00e9alit\u00e9: pas de foule incontr\u00f4l\u00e9e +\u00a0 pas de d\u00e9bauche + pas de fr\u00e9n\u00e9sie religieuse \u2192 C\u2019est l\u2019ordre, l\u2019honneur et la discipline.<\/p><p>\u00ab Pas de la canaille \u00bb \u2192 Godefroy prend ici d\u00e9lib\u00e9r\u00e9ment ses distances avec: les \u00e9checs ant\u00e9rieurs;<br \/>les croisades ayant moralement d\u00e9raill\u00e9. En r\u00e9alit\u00e9, Godefroy dit: \u00ab Je n\u2019apporte pas le chaos, mais la responsabilit\u00e9. \u00bb<br \/>L\u2019empereur Alexis est \u00ab bien embarrass\u00e9 \u00bb. Pas en col\u00e8re. Pas hostile. Mais inquiet. Il voit: une puissance immense; bien organis\u00e9e; motiv\u00e9e par la religion; qui n\u2019est pas sous son contr\u00f4le. Cela rend ce moment historiquement explosif. Godefroy est la figure centrale.<br \/>Il r\u00e9unit: l\u2019autorit\u00e9 militaire; la sup\u00e9riorit\u00e9 morale; la ma\u00eetrise diplomatique. C\u2019est ce type de leadership dont na\u00eetra plus tard l\u2019ordre monastique et militaire: <strong>les Templiers.<\/strong><\/p>\t\t\t\t\t\t\t\t<\/div>\n\t\t\t\t<\/div>\n\t\t\t\t\t<\/div>\n\t\t\t\t<\/div>\n\t\t<div class=\"elementor-element elementor-element-2ad037d e-flex e-con-boxed e-con e-parent\" data-id=\"2ad037d\" data-element_type=\"container\" data-e-type=\"container\">\n\t\t\t\t\t<div class=\"e-con-inner\">\n\t\t\t\t<div class=\"elementor-element elementor-element-c35b443 elementor-widget elementor-widget-image\" data-id=\"c35b443\" data-element_type=\"widget\" data-e-type=\"widget\" data-widget_type=\"image.default\">\n\t\t\t\t<div class=\"elementor-widget-container\">\n\t\t\t\t\t\t\t\t\t\t\t\t\t\t\t<img loading=\"lazy\" decoding=\"async\" width=\"300\" height=\"55\" src=\"https:\/\/nederlandsetempeliers.nl\/wp-content\/uploads\/guirlande-300x55.jpeg\" class=\"attachment-medium size-medium wp-image-7459\" alt=\"guirlande\" srcset=\"https:\/\/nederlandsetempeliers.nl\/wp-content\/uploads\/guirlande-300x55.jpeg 300w, https:\/\/nederlandsetempeliers.nl\/wp-content\/uploads\/guirlande-1024x189.jpeg 1024w, https:\/\/nederlandsetempeliers.nl\/wp-content\/uploads\/guirlande-768x142.jpeg 768w, https:\/\/nederlandsetempeliers.nl\/wp-content\/uploads\/guirlande.jpeg 1534w\" sizes=\"(max-width: 300px) 100vw, 300px\" \/>\t\t\t\t\t\t\t\t\t\t\t\t\t\t\t<\/div>\n\t\t\t\t<\/div>\n\t\t\t\t\t<\/div>\n\t\t\t\t<\/div>\n\t\t<div class=\"elementor-element elementor-element-972c78a e-flex e-con-boxed e-con e-parent\" data-id=\"972c78a\" data-element_type=\"container\" data-e-type=\"container\">\n\t\t\t\t\t<div class=\"e-con-inner\">\n\t\t<div class=\"elementor-element elementor-element-8eba098 e-con-full e-flex e-con e-child\" data-id=\"8eba098\" data-element_type=\"container\" data-e-type=\"container\">\n\t\t\t\t<div class=\"elementor-element elementor-element-b3681d9 elementor-widget elementor-widget-text-editor\" data-id=\"b3681d9\" data-element_type=\"widget\" data-e-type=\"widget\" data-widget_type=\"text-editor.default\">\n\t\t\t\t<div class=\"elementor-widget-container\">\n\t\t\t\t\t\t\t\t\t<p>Page 35<br \/>devant la porte de la ville, et quie la craignoit bien plus que celle du grand Turc il fit une alliance autant qu\u2019il put avec Goffroi<br \/>de bouillon et lui promis de lui fournir des provisions de bouche autant qu\u2019il en pourroit fournir afin qu\u2019il arrive heureusement \u00e0 leur sainte entreprise et de plus qu\u2019il assembleroit une arm\u00e9e et qu\u2019il la conduiroit lui m\u00eame en personne, et qu\u2019il les iroit rejoindre pour les assister \u00e0 reprendre les Villes qui sont sous la puissance des Turques<\/p>\t\t\t\t\t\t\t\t<\/div>\n\t\t\t\t<\/div>\n\t\t\t\t<\/div>\n\t\t<div class=\"elementor-element elementor-element-884874b e-con-full e-flex e-con e-child\" data-id=\"884874b\" data-element_type=\"container\" data-e-type=\"container\">\n\t\t\t\t<div class=\"elementor-element elementor-element-d513639 elementor-widget elementor-widget-image\" data-id=\"d513639\" data-element_type=\"widget\" data-e-type=\"widget\" data-widget_type=\"image.default\">\n\t\t\t\t<div class=\"elementor-widget-container\">\n\t\t\t\t\t\t\t\t\t\t\t\t\t\t\t<img loading=\"lazy\" decoding=\"async\" width=\"240\" height=\"311\" src=\"https:\/\/nederlandsetempeliers.nl\/wp-content\/uploads\/Stadspoort-Constantinopel-3.jpeg\" class=\"attachment-large size-large wp-image-12445\" alt=\"Porte de la ville de Constantinople\" srcset=\"https:\/\/nederlandsetempeliers.nl\/wp-content\/uploads\/Stadspoort-Constantinopel-3.jpeg 240w, https:\/\/nederlandsetempeliers.nl\/wp-content\/uploads\/Stadspoort-Constantinopel-3-232x300.jpeg 232w\" sizes=\"(max-width: 240px) 100vw, 240px\" \/>\t\t\t\t\t\t\t\t\t\t\t\t\t\t\t<\/div>\n\t\t\t\t<\/div>\n\t\t\t\t<\/div>\n\t\t<div class=\"elementor-element elementor-element-25c2806 e-con-full e-flex e-con e-child\" data-id=\"25c2806\" data-element_type=\"container\" data-e-type=\"container\">\n\t\t\t\t<div class=\"elementor-element elementor-element-06cf79c elementor-widget elementor-widget-text-editor\" data-id=\"06cf79c\" data-element_type=\"widget\" data-e-type=\"widget\" data-widget_type=\"text-editor.default\">\n\t\t\t\t<div class=\"elementor-widget-container\">\n\t\t\t\t\t\t\t\t\t<p>Page 35<br \/>Devant les portes de la ville ; et parce qu\u2019il craignait cette puissance davantage que celle du Grand Turc, il conclut, autant qu\u2019il le put, une alliance avec Godefroy de Bouillon, et lui promit de lui fournir des vivres, autant qu\u2019il pourrait en procurer, afin qu\u2019il puisse parvenir heureusement \u00e0 leur sainte entreprise. De plus, il promit de rassembler une arm\u00e9e, de la conduire personnellement et de se joindre \u00e0 eux afin de les aider \u00e0 reprendre les villes qui se trouvaient sous la domination des Turcs.<\/p>\t\t\t\t\t\t\t\t<\/div>\n\t\t\t\t<\/div>\n\t\t\t\t<\/div>\n\t\t\t\t\t<\/div>\n\t\t\t\t<\/div>\n\t\t<div class=\"elementor-element elementor-element-143176c e-flex e-con-boxed e-con e-parent\" data-id=\"143176c\" data-element_type=\"container\" data-e-type=\"container\">\n\t\t\t\t\t<div class=\"e-con-inner\">\n\t\t\t\t<div class=\"elementor-element elementor-element-1b8b20a elementor-widget elementor-widget-text-editor\" data-id=\"1b8b20a\" data-element_type=\"widget\" data-e-type=\"widget\" data-widget_type=\"text-editor.default\">\n\t\t\t\t<div class=\"elementor-widget-container\">\n\t\t\t\t\t\t\t\t\t<p>page 35<br \/>L\u2019empereur Alexis conna\u00eet les Turcs: leur foi musulmane; leurs tactiques; leurs guerres; leurs fronti\u00e8res. Il voit l\u2019arm\u00e9e de Godefroy: elle est chr\u00e9tienne, occidentale, immense,<br \/>extr\u00eamement disciplin\u00e9e ET elle se tient devant ses portes. MAIS ce n\u2019est pas une arm\u00e9e quelconque. Pas seulement en raison des qualit\u00e9s qui viennent d\u2019\u00eatre mentionn\u00e9es, mais aussi parce que cette arm\u00e9e est davantage un partenaire sur un pied d\u2019\u00e9galit\u00e9, par son objectif et sa pi\u00e9t\u00e9: r\u00e9tablir la puissance chr\u00e9tienne dans les territoires conquis par les musulmans.<\/p><p>L\u2019empereur Alexis conclut donc une alliance avec Godefroy. Il le fait de trois mani\u00e8res:<br \/>1. Il approvisionne Godefroy<br \/>\u2192 la nourriture = le pouvoir<br \/>\u2192 celui qui nourrit exerce une influence<\/p><p>2. Il le lie \u00e0 un objectif commun<br \/>\u2192 \u00ab leur sainte entreprise \u00bb<br \/>\u2192 J\u00e9rusalem, et non Constantinople<\/p><p>3. Il promet de participer personnellement<br \/>\u2192 il ne se contente pas d\u2019envoyer des troupes<br \/>\u2192 il engage son honneur imp\u00e9rial<\/p><p>C\u2019est de la diplomatie au plus haut niveau. Et pourquoi Godefroy plut\u00f4t que les autres ? \u2192 Godefroy n\u2019est pas un pillard \u2192 Il maintient l\u2019ordre \u2192 Il \u00e9coute \u2192 Il n\u00e9gocie \u2192 Il poss\u00e8de une autorit\u00e9 morale.<\/p><p>L\u2019empereur Alexis comprend: S\u2019il y a quelqu\u2019un en qui je peux avoir confiance, c\u2019est lui. Mais aussi: s\u2019il y a quelqu\u2019un que je dois absolument lier \u00e0 moi, c\u2019est lui.<br \/><strong>Voil\u00e0 pr\u00e9cis\u00e9ment pourquoi Godefroy.<\/strong><\/p>\t\t\t\t\t\t\t\t<\/div>\n\t\t\t\t<\/div>\n\t\t\t\t\t<\/div>\n\t\t\t\t<\/div>\n\t\t<div class=\"elementor-element elementor-element-5b86253 e-flex e-con-boxed e-con e-parent\" data-id=\"5b86253\" data-element_type=\"container\" data-e-type=\"container\">\n\t\t\t\t\t<div class=\"e-con-inner\">\n\t\t\t\t<div class=\"elementor-element elementor-element-1e7c908 elementor-widget elementor-widget-image\" data-id=\"1e7c908\" data-element_type=\"widget\" data-e-type=\"widget\" data-widget_type=\"image.default\">\n\t\t\t\t<div class=\"elementor-widget-container\">\n\t\t\t\t\t\t\t\t\t\t\t\t\t\t\t<img loading=\"lazy\" decoding=\"async\" width=\"300\" height=\"55\" src=\"https:\/\/nederlandsetempeliers.nl\/wp-content\/uploads\/guirlande-300x55.jpeg\" class=\"attachment-medium size-medium wp-image-7459\" alt=\"guirlande\" srcset=\"https:\/\/nederlandsetempeliers.nl\/wp-content\/uploads\/guirlande-300x55.jpeg 300w, https:\/\/nederlandsetempeliers.nl\/wp-content\/uploads\/guirlande-1024x189.jpeg 1024w, https:\/\/nederlandsetempeliers.nl\/wp-content\/uploads\/guirlande-768x142.jpeg 768w, https:\/\/nederlandsetempeliers.nl\/wp-content\/uploads\/guirlande.jpeg 1534w\" sizes=\"(max-width: 300px) 100vw, 300px\" \/>\t\t\t\t\t\t\t\t\t\t\t\t\t\t\t<\/div>\n\t\t\t\t<\/div>\n\t\t\t\t\t<\/div>\n\t\t\t\t<\/div>\n\t\t<div class=\"elementor-element elementor-element-f39459e e-flex e-con-boxed e-con e-parent\" data-id=\"f39459e\" data-element_type=\"container\" data-e-type=\"container\">\n\t\t\t\t\t<div class=\"e-con-inner\">\n\t\t<div class=\"elementor-element elementor-element-67f94c9 e-con-full e-flex e-con e-child\" data-id=\"67f94c9\" data-element_type=\"container\" data-e-type=\"container\">\n\t\t\t\t<div class=\"elementor-element elementor-element-efef2dc elementor-widget elementor-widget-text-editor\" data-id=\"efef2dc\" data-element_type=\"widget\" data-e-type=\"widget\" data-widget_type=\"text-editor.default\">\n\t\t\t\t<div class=\"elementor-widget-container\">\n\t\t\t\t\t\t\t\t\t<p>Page 36<br \/>qui appartiennent au Royaume me de Jerusalem au benefice de la Croisade mesme il en fit serment, mais le Comte Raimond de Toulouse ne voulut pas ajouter foi \u00e0 ce serment c\u2019est pourquoi l\u2019Empereur Alexius tomba de nuit dans son Camp et ruina ses troupes mais les troupes de Raimond<br \/>se sont si bien tenu qu\u2019ils ont repousser les grecs.<br \/>l\u2019an 1097 l\u2019on fit la premiere entreprise, et c\u2019\u00e9toit presque tous des fran\u00e7ois, il mit le<\/p>\t\t\t\t\t\t\t\t<\/div>\n\t\t\t\t<\/div>\n\t\t\t\t<\/div>\n\t\t<div class=\"elementor-element elementor-element-7ec2d48 e-con-full e-flex e-con e-child\" data-id=\"7ec2d48\" data-element_type=\"container\" data-e-type=\"container\">\n\t\t\t\t<div class=\"elementor-element elementor-element-2cc7bc3 elementor-widget elementor-widget-image\" data-id=\"2cc7bc3\" data-element_type=\"widget\" data-e-type=\"widget\" data-widget_type=\"image.default\">\n\t\t\t\t<div class=\"elementor-widget-container\">\n\t\t\t\t\t\t\t\t\t\t\t\t\t\t\t<img loading=\"lazy\" decoding=\"async\" width=\"285\" height=\"320\" src=\"https:\/\/nederlandsetempeliers.nl\/wp-content\/uploads\/Jeruzalem-zegel-7.jpg\" class=\"attachment-large size-large wp-image-12490\" alt=\"Sceau de J\u00e9rusalem\" srcset=\"https:\/\/nederlandsetempeliers.nl\/wp-content\/uploads\/Jeruzalem-zegel-7.jpg 285w, https:\/\/nederlandsetempeliers.nl\/wp-content\/uploads\/Jeruzalem-zegel-7-267x300.jpg 267w\" sizes=\"(max-width: 285px) 100vw, 285px\" \/>\t\t\t\t\t\t\t\t\t\t\t\t\t\t\t<\/div>\n\t\t\t\t<\/div>\n\t\t\t\t<\/div>\n\t\t<div class=\"elementor-element elementor-element-d0188da e-con-full e-flex e-con e-child\" data-id=\"d0188da\" data-element_type=\"container\" data-e-type=\"container\">\n\t\t\t\t<div class=\"elementor-element elementor-element-7b421e8 elementor-widget elementor-widget-text-editor\" data-id=\"7b421e8\" data-element_type=\"widget\" data-e-type=\"widget\" data-widget_type=\"text-editor.default\">\n\t\t\t\t<div class=\"elementor-widget-container\">\n\t\t\t\t\t\t\t\t\t<p>Page 36<br \/>Ils devaient appartenir au Royaume de J\u00e9rusalem, au b\u00e9n\u00e9fice de la Croisade ; il en fit m\u00eame le serment. Mais le comte Raymond de Toulouse ne voulut pas se fier \u00e0 ce serment. C\u2019est pourquoi l\u2019empereur Alexis attaqua son camp pendant la nuit et dispersa ses troupes. Mais les troupes de Raymond r\u00e9sist\u00e8rent si bien qu\u2019elles repouss\u00e8rent les Grecs. En l\u2019an 1097 commen\u00e7a la premi\u00e8re entreprise, et ils \u00e9taient presque tous Fran\u00e7ais ; il pla\u00e7a les\u2026<\/p>\t\t\t\t\t\t\t\t<\/div>\n\t\t\t\t<\/div>\n\t\t\t\t<\/div>\n\t\t\t\t\t<\/div>\n\t\t\t\t<\/div>\n\t\t<div class=\"elementor-element elementor-element-cdb55dc e-flex e-con-boxed e-con e-parent\" data-id=\"cdb55dc\" data-element_type=\"container\" data-e-type=\"container\">\n\t\t\t\t\t<div class=\"e-con-inner\">\n\t\t\t\t<div class=\"elementor-element elementor-element-51f9ebc elementor-widget elementor-widget-text-editor\" data-id=\"51f9ebc\" data-element_type=\"widget\" data-e-type=\"widget\" data-widget_type=\"text-editor.default\">\n\t\t\t\t<div class=\"elementor-widget-container\">\n\t\t\t\t\t\t\t\t\t<p>page 36<br \/>Les chefs crois\u00e9s \u2013 Godefroy, Boh\u00e9mond de Tarente, Robert de Normandie, \u00c9tienne de Blois et Raymond de Toulouse \u2013 devaient pr\u00eater serment \u00e0 l\u2019empereur Alexis : si des territoires autrefois byzantins \u00e9taient reconquis, ils seraient replac\u00e9s sous l\u2019autorit\u00e9 byzantine. Cela concernait notamment Nic\u00e9e, des villes d\u2019Asie Mineure et d\u2019anciennes provinces byzantines. Raymond de Toulouse ne pr\u00eata le serment que partiellement et sous r\u00e9serve. Il se m\u00e9fiait d\u2019Alexis.<br \/>L\u2019empereur Alexis lan\u00e7a une attaque nocturne contre le camp de Raymond afin de faire pression sur lui. Il s\u2019agissait d\u2019une d\u00e9monstration de force et d\u2019un avertissement. Mais Raymond resta disciplin\u00e9, ne laissa pas la situation d\u00e9g\u00e9n\u00e9rer, maintint l\u2019ordre parmi ses troupes et repoussa les Grecs.<\/p><p>Nous voyons ici clairement les tensions entre : * l\u2019Orient et l\u2019Occident * Rome et Byzance * le serment et la conscience * l\u2019ordre et la manipulation politique.<\/p><p>Ce que nous apprenons : toute puissance chr\u00e9tienne n\u2019agit pas n\u00e9cessairement avec justice, et tout refus n\u2019est pas n\u00e9cessairement de la d\u00e9sob\u00e9issance.<\/p>\t\t\t\t\t\t\t\t<\/div>\n\t\t\t\t<\/div>\n\t\t\t\t\t<\/div>\n\t\t\t\t<\/div>\n\t\t<div class=\"elementor-element elementor-element-004d7ad e-flex e-con-boxed e-con e-parent\" data-id=\"004d7ad\" data-element_type=\"container\" data-e-type=\"container\">\n\t\t\t\t\t<div class=\"e-con-inner\">\n\t\t\t\t<div class=\"elementor-element elementor-element-e47d1ac elementor-widget elementor-widget-image\" data-id=\"e47d1ac\" data-element_type=\"widget\" data-e-type=\"widget\" data-widget_type=\"image.default\">\n\t\t\t\t<div class=\"elementor-widget-container\">\n\t\t\t\t\t\t\t\t\t\t\t\t\t\t\t<img loading=\"lazy\" decoding=\"async\" width=\"300\" height=\"55\" src=\"https:\/\/nederlandsetempeliers.nl\/wp-content\/uploads\/guirlande-300x55.jpeg\" class=\"attachment-medium size-medium wp-image-7459\" alt=\"guirlande\" srcset=\"https:\/\/nederlandsetempeliers.nl\/wp-content\/uploads\/guirlande-300x55.jpeg 300w, https:\/\/nederlandsetempeliers.nl\/wp-content\/uploads\/guirlande-1024x189.jpeg 1024w, https:\/\/nederlandsetempeliers.nl\/wp-content\/uploads\/guirlande-768x142.jpeg 768w, https:\/\/nederlandsetempeliers.nl\/wp-content\/uploads\/guirlande.jpeg 1534w\" sizes=\"(max-width: 300px) 100vw, 300px\" \/>\t\t\t\t\t\t\t\t\t\t\t\t\t\t\t<\/div>\n\t\t\t\t<\/div>\n\t\t\t\t\t<\/div>\n\t\t\t\t<\/div>\n\t\t<div class=\"elementor-element elementor-element-84c3167 e-flex e-con-boxed e-con e-parent\" data-id=\"84c3167\" data-element_type=\"container\" data-e-type=\"container\">\n\t\t\t\t\t<div class=\"e-con-inner\">\n\t\t<div class=\"elementor-element elementor-element-441ca01 e-con-full e-flex e-con e-child\" data-id=\"441ca01\" data-element_type=\"container\" data-e-type=\"container\">\n\t\t\t\t<div class=\"elementor-element elementor-element-67c8853 elementor-widget elementor-widget-text-editor\" data-id=\"67c8853\" data-element_type=\"widget\" data-e-type=\"widget\" data-widget_type=\"text-editor.default\">\n\t\t\t\t<div class=\"elementor-widget-container\">\n\t\t\t\t\t\t\t\t\t<p>Page 37<br \/>Si\u00e8ge devant Nic\u00e9e, Ville Capitale des Turcs qui est en Bithanie, c\u2019est l\u00e0 o\u00f9 la plus grande partie de l\u2019arm\u00e9e s\u2019assembla, et elle \u00e9toit du nombre de 60000 hommes \u00e0 pied, et 10000 \u00e0 cheval, s\u2019en compter femmes et enfants et voleurs, coquins, pr\u00eatres et valets. Cette Ville se d\u00e9fendit vigoureusement pendant 52 jours, l\u2019Empereur Soliment junior y voulut aussi mettre une<br \/>garnison de 40000 hommes mais il fut repouss\u00e9 avec\u2026<\/p>\t\t\t\t\t\t\t\t<\/div>\n\t\t\t\t<\/div>\n\t\t\t\t<\/div>\n\t\t<div class=\"elementor-element elementor-element-f746636 e-con-full e-flex e-con e-child\" data-id=\"f746636\" data-element_type=\"container\" data-e-type=\"container\">\n\t\t\t\t<div class=\"elementor-element elementor-element-fd050fc elementor-widget elementor-widget-image\" data-id=\"fd050fc\" data-element_type=\"widget\" data-e-type=\"widget\" data-widget_type=\"image.default\">\n\t\t\t\t<div class=\"elementor-widget-container\">\n\t\t\t\t\t\t\t\t\t\t\t\t\t\t\t<img loading=\"lazy\" decoding=\"async\" width=\"116\" height=\"117\" src=\"https:\/\/nederlandsetempeliers.nl\/wp-content\/uploads\/Scherm\u00adafbeelding-2026-08-19-om-07.27.18-3.png\" class=\"attachment-large size-large wp-image-12491\" alt=\"Croix Templi\u00e8re\" \/>\t\t\t\t\t\t\t\t\t\t\t\t\t\t\t<\/div>\n\t\t\t\t<\/div>\n\t\t\t\t<\/div>\n\t\t<div class=\"elementor-element elementor-element-99396a1 e-con-full e-flex e-con e-child\" data-id=\"99396a1\" data-element_type=\"container\" data-e-type=\"container\">\n\t\t\t\t<div class=\"elementor-element elementor-element-b53808f elementor-widget elementor-widget-text-editor\" data-id=\"b53808f\" data-element_type=\"widget\" data-e-type=\"widget\" data-widget_type=\"text-editor.default\">\n\t\t\t\t<div class=\"elementor-widget-container\">\n\t\t\t\t\t\t\t\t\t<p>Page 37<br \/>Si\u00e8ge de Nic\u00e9e, capitale des Turcs, situ\u00e9e en Bithynie. La plus grande partie de l\u2019arm\u00e9e s\u2019y rassembla, comptant environ 60 000 hommes \u00e0 pied et 10 000 \u00e0 cheval, sans compter les femmes et les enfants, les voleurs, les vauriens, les pr\u00eatres et les serviteurs. Cette ville se d\u00e9fendit vigoureusement pendant 52 jours. L\u2019empereur Soliman le Jeune voulut \u00e9galement y faire entrer une garnison de 40 000 hommes, mais il fut repouss\u00e9 avec\u2026<\/p>\t\t\t\t\t\t\t\t<\/div>\n\t\t\t\t<\/div>\n\t\t\t\t<\/div>\n\t\t\t\t\t<\/div>\n\t\t\t\t<\/div>\n\t\t<div class=\"elementor-element elementor-element-0fcfdd2 e-flex e-con-boxed e-con e-parent\" data-id=\"0fcfdd2\" data-element_type=\"container\" data-e-type=\"container\">\n\t\t\t\t\t<div class=\"e-con-inner\">\n\t\t\t\t<div class=\"elementor-element elementor-element-3b14ee1 elementor-widget elementor-widget-image\" data-id=\"3b14ee1\" data-element_type=\"widget\" data-e-type=\"widget\" data-widget_type=\"image.default\">\n\t\t\t\t<div class=\"elementor-widget-container\">\n\t\t\t\t\t\t\t\t\t\t\t\t\t\t\t<img loading=\"lazy\" decoding=\"async\" width=\"800\" height=\"988\" src=\"https:\/\/nederlandsetempeliers.nl\/wp-content\/uploads\/Slag-bij-Nicea-1097-3-829x1024.jpg\" class=\"attachment-large size-large wp-image-12492\" alt=\"Bataille de Nic\u00e9e, de mai \u00e0 juin 1097\" srcset=\"https:\/\/nederlandsetempeliers.nl\/wp-content\/uploads\/Slag-bij-Nicea-1097-3-829x1024.jpg 829w, https:\/\/nederlandsetempeliers.nl\/wp-content\/uploads\/Slag-bij-Nicea-1097-3-243x300.jpg 243w, https:\/\/nederlandsetempeliers.nl\/wp-content\/uploads\/Slag-bij-Nicea-1097-3-768x949.jpg 768w, https:\/\/nederlandsetempeliers.nl\/wp-content\/uploads\/Slag-bij-Nicea-1097-3.jpg 1020w\" sizes=\"(max-width: 800px) 100vw, 800px\" \/>\t\t\t\t\t\t\t\t\t\t\t\t\t\t\t<\/div>\n\t\t\t\t<\/div>\n\t\t\t\t\t<\/div>\n\t\t\t\t<\/div>\n\t\t<div class=\"elementor-element elementor-element-91a67d8 e-flex e-con-boxed e-con e-parent\" data-id=\"91a67d8\" data-element_type=\"container\" data-e-type=\"container\">\n\t\t\t\t\t<div class=\"e-con-inner\">\n\t\t\t\t<div class=\"elementor-element elementor-element-ce92f20 elementor-widget elementor-widget-text-editor\" data-id=\"ce92f20\" data-element_type=\"widget\" data-e-type=\"widget\" data-widget_type=\"text-editor.default\">\n\t\t\t\t<div class=\"elementor-widget-container\">\n\t\t\t\t\t\t\t\t\t<pre>\ud83d\udc46\ud83c\udffb Bataille de Nic\u00e9e, de mai \u00e0 juin 1097<\/pre>\t\t\t\t\t\t\t\t<\/div>\n\t\t\t\t<\/div>\n\t\t\t\t\t<\/div>\n\t\t\t\t<\/div>\n\t\t<div class=\"elementor-element elementor-element-176c8f1 e-flex e-con-boxed e-con e-parent\" data-id=\"176c8f1\" data-element_type=\"container\" data-e-type=\"container\">\n\t\t\t\t\t<div class=\"e-con-inner\">\n\t\t\t\t<div class=\"elementor-element elementor-element-50241c0 elementor-widget elementor-widget-text-editor\" data-id=\"50241c0\" data-element_type=\"widget\" data-e-type=\"widget\" data-widget_type=\"text-editor.default\">\n\t\t\t\t<div class=\"elementor-widget-container\">\n\t\t\t\t\t\t\t\t\t<p>page 37<br \/>Nic\u00e9e \u2013 l\u2019actuelle \u0130znik \u2013 marque le v\u00e9ritable d\u00e9but de la Premi\u00e8re Croisade. Nic\u00e9e \u00e9tait la capitale des Turcs seldjoukides. Depuis 1081, la ville \u00e9tait aux mains des Turcs. Pour l\u2019empereur Alexis, elle avait donc une importance symbolique, strat\u00e9gique et existentielle. Nic\u00e9e fut la premi\u00e8re grande op\u00e9ration commune men\u00e9e par Byzance et les crois\u00e9s occidentaux : l\u2019empereur Alexis aux c\u00f4t\u00e9s de Godefroy et des autres chefs. L\u2019arm\u00e9e comptait 60 000 fantassins et 10 000 cavaliers.<\/p><p>Le si\u00e8ge dura 52 jours, de mai \u00e0 juin 1097, soit environ sept semaines. Nic\u00e9e poss\u00e9dait de solides murailles, se trouvait au bord d\u2019un lac et pouvait \u00eatre ravitaill\u00e9e par voie d\u2019eau. C\u2019est pourquoi la ville put r\u00e9sister aussi longtemps. Le sultan Kilij Arslan tenta encore de secourir Nic\u00e9e et d\u2019y faire entrer des renforts, mais il \u00e9choua et fut repouss\u00e9.<\/p><p>Ce fut la premi\u00e8re grande victoire de la Premi\u00e8re Croisade.<\/p>\t\t\t\t\t\t\t\t<\/div>\n\t\t\t\t<\/div>\n\t\t\t\t\t<\/div>\n\t\t\t\t<\/div>\n\t\t<div class=\"elementor-element elementor-element-ca135f2 e-flex e-con-boxed e-con e-parent\" data-id=\"ca135f2\" data-element_type=\"container\" data-e-type=\"container\">\n\t\t\t\t\t<div class=\"e-con-inner\">\n\t\t\t\t<div class=\"elementor-element elementor-element-1f67ad0 elementor-widget elementor-widget-image\" data-id=\"1f67ad0\" data-element_type=\"widget\" data-e-type=\"widget\" data-widget_type=\"image.default\">\n\t\t\t\t<div class=\"elementor-widget-container\">\n\t\t\t\t\t\t\t\t\t\t\t\t\t\t\t<img loading=\"lazy\" decoding=\"async\" width=\"300\" height=\"55\" src=\"https:\/\/nederlandsetempeliers.nl\/wp-content\/uploads\/guirlande-300x55.jpeg\" class=\"attachment-medium size-medium wp-image-7459\" alt=\"guirlande\" srcset=\"https:\/\/nederlandsetempeliers.nl\/wp-content\/uploads\/guirlande-300x55.jpeg 300w, https:\/\/nederlandsetempeliers.nl\/wp-content\/uploads\/guirlande-1024x189.jpeg 1024w, https:\/\/nederlandsetempeliers.nl\/wp-content\/uploads\/guirlande-768x142.jpeg 768w, https:\/\/nederlandsetempeliers.nl\/wp-content\/uploads\/guirlande.jpeg 1534w\" sizes=\"(max-width: 300px) 100vw, 300px\" \/>\t\t\t\t\t\t\t\t\t\t\t\t\t\t\t<\/div>\n\t\t\t\t<\/div>\n\t\t\t\t\t<\/div>\n\t\t\t\t<\/div>\n\t\t<div class=\"elementor-element elementor-element-b2af5a7 e-flex e-con-boxed e-con e-parent\" data-id=\"b2af5a7\" data-element_type=\"container\" data-e-type=\"container\">\n\t\t\t\t\t<div class=\"e-con-inner\">\n\t\t<div class=\"elementor-element elementor-element-a739cdb e-con-full e-flex e-con e-child\" data-id=\"a739cdb\" data-element_type=\"container\" data-e-type=\"container\">\n\t\t\t\t<div class=\"elementor-element elementor-element-0da35e1 elementor-widget elementor-widget-text-editor\" data-id=\"0da35e1\" data-element_type=\"widget\" data-e-type=\"widget\" data-widget_type=\"text-editor.default\">\n\t\t\t\t<div class=\"elementor-widget-container\">\n\t\t\t\t\t\t\t\t\t<p>Page 38<br \/>Vaincus par plusieurs reprises et il perdit d\u2019une attaque 4000 hommes, donc l\u2019on jetta les t\u00eates de ces Barbares dans<br \/>la Ville pour effraier les habitans, apr\u00e8s avoir fait breche la Ville se rendit, et toute la garnison, mais l\u2019\u00e9pouse de<br \/>Soliman et ses enfants furent mis en discretion non pas aux fran\u00e7ois, mais \u00e0 l\u2019Empereur Alexius qui s\u2019i avoit trouv\u00e9<br \/>en personne. Apr\u00e8s la prise de la Ville de\u2026<\/p>\t\t\t\t\t\t\t\t<\/div>\n\t\t\t\t<\/div>\n\t\t\t\t<\/div>\n\t\t<div class=\"elementor-element elementor-element-b3151c1 e-con-full e-flex e-con e-child\" data-id=\"b3151c1\" data-element_type=\"container\" data-e-type=\"container\">\n\t\t\t\t<div class=\"elementor-element elementor-element-428aa97 elementor-widget elementor-widget-image\" data-id=\"428aa97\" data-element_type=\"widget\" data-e-type=\"widget\" data-widget_type=\"image.default\">\n\t\t\t\t<div class=\"elementor-widget-container\">\n\t\t\t\t\t\t\t\t\t\t\t\t\t\t\t<img loading=\"lazy\" decoding=\"async\" width=\"533\" height=\"643\" src=\"https:\/\/nederlandsetempeliers.nl\/wp-content\/uploads\/WhatsApp-Image-2026-08-20-at-21.09.46.jpeg\" class=\"attachment-large size-large wp-image-12610\" alt=\"veldslag bij Nicea\" srcset=\"https:\/\/nederlandsetempeliers.nl\/wp-content\/uploads\/WhatsApp-Image-2026-08-20-at-21.09.46.jpeg 533w, https:\/\/nederlandsetempeliers.nl\/wp-content\/uploads\/WhatsApp-Image-2026-08-20-at-21.09.46-249x300.jpeg 249w\" sizes=\"(max-width: 533px) 100vw, 533px\" \/>\t\t\t\t\t\t\t\t\t\t\t\t\t\t\t<\/div>\n\t\t\t\t<\/div>\n\t\t\t\t<\/div>\n\t\t<div class=\"elementor-element elementor-element-2c9f96e e-con-full e-flex e-con e-child\" data-id=\"2c9f96e\" data-element_type=\"container\" data-e-type=\"container\">\n\t\t\t\t<div class=\"elementor-element elementor-element-a5886c7 elementor-widget elementor-widget-text-editor\" data-id=\"a5886c7\" data-element_type=\"widget\" data-e-type=\"widget\" data-widget_type=\"text-editor.default\">\n\t\t\t\t<div class=\"elementor-widget-container\">\n\t\t\t\t\t\t\t\t\t<p>Page 38.<br \/>Plusieurs fois vaincu, il perdit 4 000 hommes lors d&rsquo;une attaque. C&rsquo;est pourquoi on jeta les t\u00eates de ces barbares dans la ville afin d&rsquo;effrayer les habitants. Apr\u00e8s qu&rsquo;une br\u00e8che eut \u00e9t\u00e9 ouverte, la ville se rendit, ainsi que toute la garnison. Mais l&rsquo;\u00e9pouse de Soliman et ses enfants furent plac\u00e9s sous la protection \u2014 non pas des Fran\u00e7ais, mais de l&#8217;empereur Alexis, qui \u00e9tait personnellement pr\u00e9sent sur place. Apr\u00e8s la prise de la ville de\u2026<\/p>\t\t\t\t\t\t\t\t<\/div>\n\t\t\t\t<\/div>\n\t\t\t\t<\/div>\n\t\t\t\t\t<\/div>\n\t\t\t\t<\/div>\n\t\t<div class=\"elementor-element elementor-element-c513769 e-flex e-con-boxed e-con e-parent\" data-id=\"c513769\" data-element_type=\"container\" data-e-type=\"container\">\n\t\t\t\t\t<div class=\"e-con-inner\">\n\t\t\t\t<div class=\"elementor-element elementor-element-6b2378d elementor-widget elementor-widget-text-editor\" data-id=\"6b2378d\" data-element_type=\"widget\" data-e-type=\"widget\" data-widget_type=\"text-editor.default\">\n\t\t\t\t<div class=\"elementor-widget-container\">\n\t\t\t\t\t\t\t\t\t<p><span style=\"color: #800000;\">\u2720 Le si\u00e8ge de Nic\u00e9e en 1097 fut la premi\u00e8re grande op\u00e9ration militaire men\u00e9e conjointement lors de la Premi\u00e8re Croisade \u2720<\/span><br \/><span style=\"color: #800000;\">\u2720 Ce si\u00e8ge est expliqu\u00e9 dans la rubrique Batailles, sous Histoire \u2720<\/span><\/p>\t\t\t\t\t\t\t\t<\/div>\n\t\t\t\t<\/div>\n\t\t\t\t\t<\/div>\n\t\t\t\t<\/div>\n\t\t<div class=\"elementor-element elementor-element-868093a e-flex e-con-boxed e-con e-parent\" data-id=\"868093a\" data-element_type=\"container\" data-e-type=\"container\">\n\t\t\t\t\t<div class=\"e-con-inner\">\n\t\t\t\t<div class=\"elementor-element elementor-element-9a10d45 elementor-widget elementor-widget-text-editor\" data-id=\"9a10d45\" data-element_type=\"widget\" data-e-type=\"widget\" data-widget_type=\"text-editor.default\">\n\t\t\t\t<div class=\"elementor-widget-container\">\n\t\t\t\t\t\t\t\t\t<p>Page 38.<br \/>Point important de cette page : la famille de Soliman fut plac\u00e9e sous la protection de l&#8217;empereur Alexis \u27a4 Nic\u00e9e est conquise gr\u00e2ce \u00e0 un effort militaire commun, mais l&#8217;empereur Alexis veille personnellement, par des accords conclus \u00e0 huis clos, \u00e0 ce que la ville revienne \u00e0 Byzance \u2014 ce qui est per\u00e7u en Europe occidentale comme une profonde rupture de confiance \u27a4 les Fran\u00e7ais sont tenus \u00e0 l&rsquo;\u00e9cart, ce qui suffit \u00e0 justifier leur m\u00e9fiance.<\/p><p>Raymond de Toulouse voit sa m\u00e9fiance confirm\u00e9e.<\/p>\t\t\t\t\t\t\t\t<\/div>\n\t\t\t\t<\/div>\n\t\t\t\t\t<\/div>\n\t\t\t\t<\/div>\n\t\t<div class=\"elementor-element elementor-element-ec1ba56 e-flex e-con-boxed e-con e-parent\" data-id=\"ec1ba56\" data-element_type=\"container\" data-e-type=\"container\">\n\t\t\t\t\t<div class=\"e-con-inner\">\n\t\t\t\t<div class=\"elementor-element elementor-element-226e198 elementor-widget elementor-widget-image\" data-id=\"226e198\" data-element_type=\"widget\" data-e-type=\"widget\" data-widget_type=\"image.default\">\n\t\t\t\t<div class=\"elementor-widget-container\">\n\t\t\t\t\t\t\t\t\t\t\t\t\t\t\t<img loading=\"lazy\" decoding=\"async\" width=\"300\" height=\"55\" src=\"https:\/\/nederlandsetempeliers.nl\/wp-content\/uploads\/guirlande-300x55.jpeg\" class=\"attachment-medium size-medium wp-image-7459\" alt=\"guirlande\" srcset=\"https:\/\/nederlandsetempeliers.nl\/wp-content\/uploads\/guirlande-300x55.jpeg 300w, https:\/\/nederlandsetempeliers.nl\/wp-content\/uploads\/guirlande-1024x189.jpeg 1024w, https:\/\/nederlandsetempeliers.nl\/wp-content\/uploads\/guirlande-768x142.jpeg 768w, https:\/\/nederlandsetempeliers.nl\/wp-content\/uploads\/guirlande.jpeg 1534w\" sizes=\"(max-width: 300px) 100vw, 300px\" \/>\t\t\t\t\t\t\t\t\t\t\t\t\t\t\t<\/div>\n\t\t\t\t<\/div>\n\t\t\t\t\t<\/div>\n\t\t\t\t<\/div>\n\t\t<div class=\"elementor-element elementor-element-ae02e93 e-flex e-con-boxed e-con e-parent\" data-id=\"ae02e93\" data-element_type=\"container\" data-e-type=\"container\">\n\t\t\t\t\t<div class=\"e-con-inner\">\n\t\t<div class=\"elementor-element elementor-element-5e2bc7d e-con-full e-flex e-con e-child\" data-id=\"5e2bc7d\" data-element_type=\"container\" data-e-type=\"container\">\n\t\t\t\t<div class=\"elementor-element elementor-element-b85a303 elementor-widget elementor-widget-text-editor\" data-id=\"b85a303\" data-element_type=\"widget\" data-e-type=\"widget\" data-widget_type=\"text-editor.default\">\n\t\t\t\t<div class=\"elementor-widget-container\">\n\t\t\t\t\t\t\t\t\t<p>Page 39<br \/>Nis\u00e9e ils continu\u00e8rent leur route du c\u00f4t\u00e9 de la Syrie, mais comme l\u2019arm\u00e9e \u00e9toit trop grande ils furent oblig\u00e9 de se s\u00e9pa-<br \/>rer en deux Corps d\u2019arm\u00e9e, l\u2019un command\u00e9 Goffroi et l\u2019autre Boemundus qui soutenoient la droite et l\u2019autre la gauche en chemin Boemund dus fut attaqu\u00e9 des turcs, dans la vall\u00e9e de Gorgonie, et comme les turcs \u00e9toient plus puissant en Cavaleries que<br \/>l\u2019arm\u00e9e de la Croisade ils<\/p>\t\t\t\t\t\t\t\t<\/div>\n\t\t\t\t<\/div>\n\t\t\t\t<\/div>\n\t\t<div class=\"elementor-element elementor-element-4d0a0e6 e-con-full e-flex e-con e-child\" data-id=\"4d0a0e6\" data-element_type=\"container\" data-e-type=\"container\">\n\t\t\t\t<div class=\"elementor-element elementor-element-ae6d02c elementor-widget elementor-widget-image\" data-id=\"ae6d02c\" data-element_type=\"widget\" data-e-type=\"widget\" data-widget_type=\"image.default\">\n\t\t\t\t<div class=\"elementor-widget-container\">\n\t\t\t\t\t\t\t\t\t\t\t\t\t\t\t<img loading=\"lazy\" decoding=\"async\" width=\"166\" height=\"236\" src=\"https:\/\/nederlandsetempeliers.nl\/wp-content\/uploads\/2-Tempeliersruiters-3.jpeg\" class=\"attachment-large size-large wp-image-12717\" alt=\"2 cavaliers templiers\" \/>\t\t\t\t\t\t\t\t\t\t\t\t\t\t\t<\/div>\n\t\t\t\t<\/div>\n\t\t\t\t<\/div>\n\t\t<div class=\"elementor-element elementor-element-89a82c1 e-con-full e-flex e-con e-child\" data-id=\"89a82c1\" data-element_type=\"container\" data-e-type=\"container\">\n\t\t\t\t<div class=\"elementor-element elementor-element-23cf754 elementor-widget elementor-widget-text-editor\" data-id=\"23cf754\" data-element_type=\"widget\" data-e-type=\"widget\" data-widget_type=\"text-editor.default\">\n\t\t\t\t<div class=\"elementor-widget-container\">\n\t\t\t\t\t\t\t\t\t<p>Page 39<br \/>Apr\u00e8s Nic\u00e9e, ils poursuivirent leur route en direction de la Syrie. Mais comme l&rsquo;arm\u00e9e \u00e9tait trop importante, ils furent contraints de se diviser en deux corps d&rsquo;arm\u00e9e : l&rsquo;un sous le commandement de Godefroy, l&rsquo;autre sous celui de Boh\u00e9mond, l&rsquo;un tenant le c\u00f4t\u00e9 droit de la marche et l&rsquo;autre le c\u00f4t\u00e9 gauche. En chemin, Boh\u00e9mond fut attaqu\u00e9 par les Turcs dans la vall\u00e9e de Gorgonie. Et comme les Turcs \u00e9taient sup\u00e9rieurs en cavalerie \u00e0 l&rsquo;arm\u00e9e de la Croisade, ils\u2026<\/p>\t\t\t\t\t\t\t\t<\/div>\n\t\t\t\t<\/div>\n\t\t\t\t<\/div>\n\t\t\t\t\t<\/div>\n\t\t\t\t<\/div>\n\t\t<div class=\"elementor-element elementor-element-57c4c8a e-flex e-con-boxed e-con e-parent\" data-id=\"57c4c8a\" data-element_type=\"container\" data-e-type=\"container\">\n\t\t\t\t\t<div class=\"e-con-inner\">\n\t\t\t\t<div class=\"elementor-element elementor-element-2f892c3 elementor-widget elementor-widget-text-editor\" data-id=\"2f892c3\" data-element_type=\"widget\" data-e-type=\"widget\" data-widget_type=\"text-editor.default\">\n\t\t\t\t<div class=\"elementor-widget-container\">\n\t\t\t\t\t\t\t\t\t<p>Page 39.<br \/>Nis\u00e9e = Nic\u00e9e (ancienne orthographe)<br \/>Boemundus = Boh\u00e9mond de Tarente<br \/>Gorgonie = Doryl\u00e9e (nom ancien\/confus dans ce manuscrit)<\/p><p>Nic\u00e9e est d\u00e9sormais derri\u00e8re eux. L&rsquo;alliance avec l&#8217;empereur Alexis prend fin ; celui-ci repart. Les crois\u00e9s poursuivent leur route de mani\u00e8re ind\u00e9pendante, en direction de la Syrie, vers J\u00e9rusalem.<br \/>L&rsquo;arm\u00e9e se divise en raison de sa grande taille. Il s&rsquo;agit d&rsquo;une n\u00e9cessit\u00e9 militaire : n\u00e9cessit\u00e9 et ordre. Une partie est plac\u00e9e sous le commandement de Godefroy : organisateur, soutien et stabilisateur. L&rsquo;autre est plac\u00e9e sous le commandement de Boh\u00e9mond : offensif, fin strat\u00e8ge militaire et habitu\u00e9 \u00e0 combattre les Turcs. Boh\u00e9mond marche en t\u00eate et est attaqu\u00e9 par les Turcs\/Seldjoukides, avec leur cavalerie rapide, leurs man\u0153uvres d&rsquo;encerclement, leurs tactiques d&rsquo;attaque et de repli (hit-and-run) et leur habilet\u00e9.<\/p>\t\t\t\t\t\t\t\t<\/div>\n\t\t\t\t<\/div>\n\t\t\t\t\t<\/div>\n\t\t\t\t<\/div>\n\t\t<div class=\"elementor-element elementor-element-822bcf2 e-flex e-con-boxed e-con e-parent\" data-id=\"822bcf2\" data-element_type=\"container\" data-e-type=\"container\">\n\t\t\t\t\t<div class=\"e-con-inner\">\n\t\t\t\t<div class=\"elementor-element elementor-element-b6f9c7e elementor-widget elementor-widget-image\" data-id=\"b6f9c7e\" data-element_type=\"widget\" data-e-type=\"widget\" data-widget_type=\"image.default\">\n\t\t\t\t<div class=\"elementor-widget-container\">\n\t\t\t\t\t\t\t\t\t\t\t\t\t\t\t<img loading=\"lazy\" decoding=\"async\" width=\"300\" height=\"55\" src=\"https:\/\/nederlandsetempeliers.nl\/wp-content\/uploads\/guirlande-300x55.jpeg\" class=\"attachment-medium size-medium wp-image-7459\" alt=\"guirlande\" srcset=\"https:\/\/nederlandsetempeliers.nl\/wp-content\/uploads\/guirlande-300x55.jpeg 300w, https:\/\/nederlandsetempeliers.nl\/wp-content\/uploads\/guirlande-1024x189.jpeg 1024w, https:\/\/nederlandsetempeliers.nl\/wp-content\/uploads\/guirlande-768x142.jpeg 768w, https:\/\/nederlandsetempeliers.nl\/wp-content\/uploads\/guirlande.jpeg 1534w\" sizes=\"(max-width: 300px) 100vw, 300px\" \/>\t\t\t\t\t\t\t\t\t\t\t\t\t\t\t<\/div>\n\t\t\t\t<\/div>\n\t\t\t\t\t<\/div>\n\t\t\t\t<\/div>\n\t\t\t\t<\/div>\n\t\t","protected":false},"excerpt":{"rendered":"<p>Sans ordre Quand il n\u2019y avait ni ordre, ni r\u00e8gle\u2026 Ce petit cahier de belle \u00e9criture, r\u00e9dig\u00e9 au d\u00e9but du XVIIIe si\u00e8cle, se penche sur la Premi\u00e8re Croisade. Une \u00e9poque [&hellip;]<\/p>\n","protected":false},"author":4,"featured_media":0,"parent":0,"menu_order":0,"comment_status":"closed","ping_status":"closed","template":"","meta":{"footnotes":""},"class_list":["post-7460","page","type-page","status-publish","hentry"],"yoast_head":"<!-- This site is optimized with the Yoast SEO plugin v28.3 - https:\/\/yoast.com\/product\/yoast-seo-wordpress\/ -->\n<title>Sans ordre - Nederlandse Tempeliers<\/title>\n<meta name=\"robots\" content=\"index, follow, max-snippet:-1, max-image-preview:large, max-video-preview:-1\" \/>\n<link rel=\"canonical\" href=\"https:\/\/nederlandsetempeliers.nl\/fr\/sans-ordre\/\" \/>\n<meta property=\"og:locale\" content=\"fr_FR\" \/>\n<meta property=\"og:type\" content=\"article\" \/>\n<meta property=\"og:title\" content=\"Sans ordre - Nederlandse Tempeliers\" \/>\n<meta property=\"og:description\" content=\"Sans ordre Quand il n\u2019y avait ni ordre, ni r\u00e8gle\u2026 Ce petit cahier de belle \u00e9criture, r\u00e9dig\u00e9 au d\u00e9but du XVIIIe si\u00e8cle, se penche sur la Premi\u00e8re Croisade. Une \u00e9poque [&hellip;]\" \/>\n<meta property=\"og:url\" content=\"https:\/\/nederlandsetempeliers.nl\/fr\/sans-ordre\/\" \/>\n<meta property=\"og:site_name\" content=\"Nederlandse Tempeliers\" \/>\n<meta property=\"article:modified_time\" content=\"2026-08-27T14:25:01+00:00\" \/>\n<meta property=\"og:image\" content=\"https:\/\/nederlandsetempeliers.nl\/wp-content\/uploads\/Pieter-de-Kluizenaar.jpeg\" \/>\n<meta name=\"twitter:card\" content=\"summary_large_image\" \/>\n<meta name=\"twitter:label1\" content=\"Dur\u00e9e de lecture estim\u00e9e\" \/>\n\t<meta name=\"twitter:data1\" content=\"77 minutes\" \/>\n<script type=\"application\/ld+json\" class=\"yoast-schema-graph\">{\"@context\":\"https:\\\/\\\/schema.org\",\"@graph\":[{\"@type\":\"WebPage\",\"@id\":\"https:\\\/\\\/nederlandsetempeliers.nl\\\/fr\\\/sans-ordre\\\/\",\"url\":\"https:\\\/\\\/nederlandsetempeliers.nl\\\/fr\\\/sans-ordre\\\/\",\"name\":\"Sans ordre - Nederlandse Tempeliers\",\"isPartOf\":{\"@id\":\"https:\\\/\\\/nederlandsetempeliers.nl\\\/fr\\\/#website\"},\"primaryImageOfPage\":{\"@id\":\"https:\\\/\\\/nederlandsetempeliers.nl\\\/fr\\\/sans-ordre\\\/#primaryimage\"},\"image\":{\"@id\":\"https:\\\/\\\/nederlandsetempeliers.nl\\\/fr\\\/sans-ordre\\\/#primaryimage\"},\"thumbnailUrl\":\"https:\\\/\\\/nederlandsetempeliers.nl\\\/wp-content\\\/uploads\\\/Pieter-de-Kluizenaar.jpeg\",\"datePublished\":\"2026-04-10T19:40:10+00:00\",\"dateModified\":\"2026-08-27T14:25:01+00:00\",\"breadcrumb\":{\"@id\":\"https:\\\/\\\/nederlandsetempeliers.nl\\\/fr\\\/sans-ordre\\\/#breadcrumb\"},\"inLanguage\":\"fr-FR\",\"potentialAction\":[{\"@type\":\"ReadAction\",\"target\":[\"https:\\\/\\\/nederlandsetempeliers.nl\\\/fr\\\/sans-ordre\\\/\"]}]},{\"@type\":\"ImageObject\",\"inLanguage\":\"fr-FR\",\"@id\":\"https:\\\/\\\/nederlandsetempeliers.nl\\\/fr\\\/sans-ordre\\\/#primaryimage\",\"url\":\"https:\\\/\\\/nederlandsetempeliers.nl\\\/wp-content\\\/uploads\\\/Pieter-de-Kluizenaar.jpeg\",\"contentUrl\":\"https:\\\/\\\/nederlandsetempeliers.nl\\\/wp-content\\\/uploads\\\/Pieter-de-Kluizenaar.jpeg\"},{\"@type\":\"BreadcrumbList\",\"@id\":\"https:\\\/\\\/nederlandsetempeliers.nl\\\/fr\\\/sans-ordre\\\/#breadcrumb\",\"itemListElement\":[{\"@type\":\"ListItem\",\"position\":1,\"name\":\"Home\",\"item\":\"https:\\\/\\\/nederlandsetempeliers.nl\\\/fr\\\/\"},{\"@type\":\"ListItem\",\"position\":2,\"name\":\"Sans ordre\"}]},{\"@type\":\"WebSite\",\"@id\":\"https:\\\/\\\/nederlandsetempeliers.nl\\\/fr\\\/#website\",\"url\":\"https:\\\/\\\/nederlandsetempeliers.nl\\\/fr\\\/\",\"name\":\"Nederlandse Tempeliers\",\"description\":\"The Black Knights Templars of Solomon\",\"publisher\":{\"@id\":\"https:\\\/\\\/nederlandsetempeliers.nl\\\/fr\\\/#organization\"},\"potentialAction\":[{\"@type\":\"SearchAction\",\"target\":{\"@type\":\"EntryPoint\",\"urlTemplate\":\"https:\\\/\\\/nederlandsetempeliers.nl\\\/fr\\\/?s={search_term_string}\"},\"query-input\":{\"@type\":\"PropertyValueSpecification\",\"valueRequired\":true,\"valueName\":\"search_term_string\"}}],\"inLanguage\":\"fr-FR\"},{\"@type\":\"Organization\",\"@id\":\"https:\\\/\\\/nederlandsetempeliers.nl\\\/fr\\\/#organization\",\"name\":\"Nederlandse Tempeliers\",\"url\":\"https:\\\/\\\/nederlandsetempeliers.nl\\\/fr\\\/\",\"logo\":{\"@type\":\"ImageObject\",\"inLanguage\":\"fr-FR\",\"@id\":\"https:\\\/\\\/nederlandsetempeliers.nl\\\/fr\\\/#\\\/schema\\\/logo\\\/image\\\/\",\"url\":\"https:\\\/\\\/nederlandsetempeliers.nl\\\/wp-content\\\/uploads\\\/Dutch-order-v2.png\",\"contentUrl\":\"https:\\\/\\\/nederlandsetempeliers.nl\\\/wp-content\\\/uploads\\\/Dutch-order-v2.png\",\"width\":687,\"height\":686,\"caption\":\"Nederlandse Tempeliers\"},\"image\":{\"@id\":\"https:\\\/\\\/nederlandsetempeliers.nl\\\/fr\\\/#\\\/schema\\\/logo\\\/image\\\/\"}}]}<\/script>\n<!-- \/ Yoast SEO plugin. -->","yoast_head_json":{"title":"Sans ordre - Nederlandse Tempeliers","robots":{"index":"index","follow":"follow","max-snippet":"max-snippet:-1","max-image-preview":"max-image-preview:large","max-video-preview":"max-video-preview:-1"},"canonical":"https:\/\/nederlandsetempeliers.nl\/fr\/sans-ordre\/","og_locale":"fr_FR","og_type":"article","og_title":"Sans ordre - Nederlandse Tempeliers","og_description":"Sans ordre Quand il n\u2019y avait ni ordre, ni r\u00e8gle\u2026 Ce petit cahier de belle \u00e9criture, r\u00e9dig\u00e9 au d\u00e9but du XVIIIe si\u00e8cle, se penche sur la Premi\u00e8re Croisade. Une \u00e9poque [&hellip;]","og_url":"https:\/\/nederlandsetempeliers.nl\/fr\/sans-ordre\/","og_site_name":"Nederlandse Tempeliers","article_modified_time":"2026-08-27T14:25:01+00:00","og_image":[{"url":"https:\/\/nederlandsetempeliers.nl\/wp-content\/uploads\/Pieter-de-Kluizenaar.jpeg","type":"","width":"","height":""}],"twitter_card":"summary_large_image","twitter_misc":{"Dur\u00e9e de lecture estim\u00e9e":"77 minutes"},"schema":{"@context":"https:\/\/schema.org","@graph":[{"@type":"WebPage","@id":"https:\/\/nederlandsetempeliers.nl\/fr\/sans-ordre\/","url":"https:\/\/nederlandsetempeliers.nl\/fr\/sans-ordre\/","name":"Sans ordre - Nederlandse Tempeliers","isPartOf":{"@id":"https:\/\/nederlandsetempeliers.nl\/fr\/#website"},"primaryImageOfPage":{"@id":"https:\/\/nederlandsetempeliers.nl\/fr\/sans-ordre\/#primaryimage"},"image":{"@id":"https:\/\/nederlandsetempeliers.nl\/fr\/sans-ordre\/#primaryimage"},"thumbnailUrl":"https:\/\/nederlandsetempeliers.nl\/wp-content\/uploads\/Pieter-de-Kluizenaar.jpeg","datePublished":"2026-04-10T19:40:10+00:00","dateModified":"2026-08-27T14:25:01+00:00","breadcrumb":{"@id":"https:\/\/nederlandsetempeliers.nl\/fr\/sans-ordre\/#breadcrumb"},"inLanguage":"fr-FR","potentialAction":[{"@type":"ReadAction","target":["https:\/\/nederlandsetempeliers.nl\/fr\/sans-ordre\/"]}]},{"@type":"ImageObject","inLanguage":"fr-FR","@id":"https:\/\/nederlandsetempeliers.nl\/fr\/sans-ordre\/#primaryimage","url":"https:\/\/nederlandsetempeliers.nl\/wp-content\/uploads\/Pieter-de-Kluizenaar.jpeg","contentUrl":"https:\/\/nederlandsetempeliers.nl\/wp-content\/uploads\/Pieter-de-Kluizenaar.jpeg"},{"@type":"BreadcrumbList","@id":"https:\/\/nederlandsetempeliers.nl\/fr\/sans-ordre\/#breadcrumb","itemListElement":[{"@type":"ListItem","position":1,"name":"Home","item":"https:\/\/nederlandsetempeliers.nl\/fr\/"},{"@type":"ListItem","position":2,"name":"Sans ordre"}]},{"@type":"WebSite","@id":"https:\/\/nederlandsetempeliers.nl\/fr\/#website","url":"https:\/\/nederlandsetempeliers.nl\/fr\/","name":"Nederlandse Tempeliers","description":"The Black Knights Templars of Solomon","publisher":{"@id":"https:\/\/nederlandsetempeliers.nl\/fr\/#organization"},"potentialAction":[{"@type":"SearchAction","target":{"@type":"EntryPoint","urlTemplate":"https:\/\/nederlandsetempeliers.nl\/fr\/?s={search_term_string}"},"query-input":{"@type":"PropertyValueSpecification","valueRequired":true,"valueName":"search_term_string"}}],"inLanguage":"fr-FR"},{"@type":"Organization","@id":"https:\/\/nederlandsetempeliers.nl\/fr\/#organization","name":"Nederlandse Tempeliers","url":"https:\/\/nederlandsetempeliers.nl\/fr\/","logo":{"@type":"ImageObject","inLanguage":"fr-FR","@id":"https:\/\/nederlandsetempeliers.nl\/fr\/#\/schema\/logo\/image\/","url":"https:\/\/nederlandsetempeliers.nl\/wp-content\/uploads\/Dutch-order-v2.png","contentUrl":"https:\/\/nederlandsetempeliers.nl\/wp-content\/uploads\/Dutch-order-v2.png","width":687,"height":686,"caption":"Nederlandse Tempeliers"},"image":{"@id":"https:\/\/nederlandsetempeliers.nl\/fr\/#\/schema\/logo\/image\/"}}]}},"_links":{"self":[{"href":"https:\/\/nederlandsetempeliers.nl\/fr\/wp-json\/wp\/v2\/pages\/7460","targetHints":{"allow":["GET"]}}],"collection":[{"href":"https:\/\/nederlandsetempeliers.nl\/fr\/wp-json\/wp\/v2\/pages"}],"about":[{"href":"https:\/\/nederlandsetempeliers.nl\/fr\/wp-json\/wp\/v2\/types\/page"}],"author":[{"embeddable":true,"href":"https:\/\/nederlandsetempeliers.nl\/fr\/wp-json\/wp\/v2\/users\/4"}],"replies":[{"embeddable":true,"href":"https:\/\/nederlandsetempeliers.nl\/fr\/wp-json\/wp\/v2\/comments?post=7460"}],"version-history":[{"count":68,"href":"https:\/\/nederlandsetempeliers.nl\/fr\/wp-json\/wp\/v2\/pages\/7460\/revisions"}],"predecessor-version":[{"id":12721,"href":"https:\/\/nederlandsetempeliers.nl\/fr\/wp-json\/wp\/v2\/pages\/7460\/revisions\/12721"}],"wp:attachment":[{"href":"https:\/\/nederlandsetempeliers.nl\/fr\/wp-json\/wp\/v2\/media?parent=7460"}],"curies":[{"name":"wp","href":"https:\/\/api.w.org\/{rel}","templated":true}]}}