{"id":12569,"date":"2026-08-21T06:50:17","date_gmt":"2026-08-21T04:50:17","guid":{"rendered":"https:\/\/nederlandsetempeliers.nl\/slaget-vid-nicaea\/"},"modified":"2026-08-21T14:31:40","modified_gmt":"2026-08-21T12:31:40","slug":"slaget-vid-nicaea","status":"publish","type":"page","link":"https:\/\/nederlandsetempeliers.nl\/sv\/slaget-vid-nicaea\/","title":{"rendered":"Slaget vid Nicaea"},"content":{"rendered":"\t\t<div data-elementor-type=\"wp-page\" data-elementor-id=\"12569\" class=\"elementor elementor-12569 elementor-12519\" data-elementor-post-type=\"page\">\n\t\t\t\t<div class=\"elementor-element elementor-element-2bf55ce e-flex e-con-boxed e-con e-parent\" data-id=\"2bf55ce\" data-element_type=\"container\" data-e-type=\"container\">\n\t\t\t\t\t<div class=\"e-con-inner\">\n\t\t\t\t<div class=\"elementor-element elementor-element-26187b6 elementor-widget elementor-widget-image\" data-id=\"26187b6\" data-element_type=\"widget\" data-e-type=\"widget\" data-widget_type=\"image.default\">\n\t\t\t\t<div class=\"elementor-widget-container\">\n\t\t\t\t\t\t\t\t\t\t\t\t\t\t\t<img fetchpriority=\"high\" decoding=\"async\" width=\"800\" height=\"450\" src=\"https:\/\/nederlandsetempeliers.nl\/wp-content\/uploads\/header-slag-bij-Nicea-1024x576.jpeg\" class=\"attachment-large size-large wp-image-12555\" alt=\"header Slaget vid Nicaea\" srcset=\"https:\/\/nederlandsetempeliers.nl\/wp-content\/uploads\/header-slag-bij-Nicea-1024x576.jpeg 1024w, https:\/\/nederlandsetempeliers.nl\/wp-content\/uploads\/header-slag-bij-Nicea-300x169.jpeg 300w, https:\/\/nederlandsetempeliers.nl\/wp-content\/uploads\/header-slag-bij-Nicea-768x432.jpeg 768w, https:\/\/nederlandsetempeliers.nl\/wp-content\/uploads\/header-slag-bij-Nicea.jpeg 1280w\" sizes=\"(max-width: 800px) 100vw, 800px\" \/>\t\t\t\t\t\t\t\t\t\t\t\t\t\t\t<\/div>\n\t\t\t\t<\/div>\n\t\t\t\t<div class=\"elementor-element elementor-element-5fe1517 elementor-widget elementor-widget-heading\" data-id=\"5fe1517\" data-element_type=\"widget\" data-e-type=\"widget\" data-widget_type=\"heading.default\">\n\t\t\t\t<div class=\"elementor-widget-container\">\n\t\t\t\t\t<h2 class=\"elementor-heading-title elementor-size-default\">Slaget vid Nicaea<\/h2>\t\t\t\t<\/div>\n\t\t\t\t<\/div>\n\t\t\t\t<div class=\"elementor-element elementor-element-d6aafdd elementor-widget elementor-widget-text-editor\" data-id=\"d6aafdd\" data-element_type=\"widget\" data-e-type=\"widget\" data-widget_type=\"text-editor.default\">\n\t\t\t\t<div class=\"elementor-widget-container\">\n\t\t\t\t\t\t\t\t\t<p> <\/p><p>Slaget vid Nicaea, maj till juni 1097. Det \u00e4r egentligen b\u00e4ttre att kalla detta en bel\u00e4gring och inte ett f\u00e4ltslag.<\/p><p>Skillnaden mellan en bel\u00e4gring och ett f\u00e4ltslag \u00e4r:<br\/>Ett f\u00e4ltslag \u00e4r en st\u00f6rre strid mellan tv\u00e5 arm\u00e9er eller stridsstyrkor, vanligtvis p\u00e5 eller omkring ett best\u00e4mt omr\u00e5de. T\u00e4nk p\u00e5 Dorylaeum: tv\u00e5 arm\u00e9er m\u00f6ts och f\u00f6rs\u00f6ker besegra varandra milit\u00e4rt.<br\/>En bel\u00e4gring \u00e4r n\u00e5got annat: d\u00e5 omringar en arm\u00e9 en bef\u00e4st plats \u2013 en stad, ett slott eller en f\u00e4stning \u2013 med m\u00e5let att tvinga platsen att kapitulera eller att inta den. Detta kan ske genom att sk\u00e4ra av livsmedelsf\u00f6rs\u00f6rjningen, skada murarna, genomf\u00f6ra attacker, gr\u00e4va tunnlar och s\u00e5 vidare. Nicaea \u00e4r ett bra exempel p\u00e5 detta.<br\/><\/p><p>Med andra ord: Dorylaeum den 1 juli 1097 var egentligen det f\u00f6rsta stora f\u00e4ltslaget i \u00f6ppen terr\u00e4ng. Sammantaget var Nicaea den f\u00f6rsta stora milit\u00e4ra operationen, som ocks\u00e5 blev en stor seger.<br\/>Lite vid sidan om: maj + juni Nicaea \u2013 1 juli Dorylaeum\u2026 145 km \u2013 full packning = inte direkt n\u00e5gon wellnessvecka heller\u2026..<br\/><\/p><p>Tillbaka till bel\u00e4gringen av Nicaea<br\/>Nicaea, dagens \u0130znik i Turkiet, var \u00e5r 1097 huvudstad i det seldjukiska sultanatet R\u00fbm och l\u00e5g i Bithynien i Mindre Asien. Staden hade tidigare varit bysantinskt omr\u00e5de och hade d\u00e4rf\u00f6r stor betydelse f\u00f6r kejsar Alexios I av Bysans. F\u00f6r honom var \u00e5terer\u00f6vringen av Nicaea inte bara strategiskt viktig, utan innebar ocks\u00e5 att f\u00f6rlorat bysantinskt territorium \u00e5terst\u00e4lldes.<br\/>N\u00e4r arm\u00e9erna fr\u00e5n det f\u00f6rsta korst\u00e5get n\u00e5dde Konstantinopel uppstod ett besv\u00e4rligt samarbete mellan korsfararna och kejsar Alexios. Korsfararnas ledare var tvungna att lova att omr\u00e5den som tidigare hade tillh\u00f6rt Bysans och som \u00e5terer\u00f6vrades under korst\u00e5get \u00e5ter skulle st\u00e4llas under bysantinskt styre.<br\/><\/p><p>Nicaea blev d\u00e4refter det f\u00f6rsta stora gemensamma m\u00e5let.<br\/>St\u00f6rre delen av korsfarararm\u00e9n samlades framf\u00f6r staden. Enligt den gamla k\u00e4lla som anv\u00e4nds i f\u00f6ljetongen bestod arm\u00e9n av omkring 60 000 m\u00e4n till fots och 10 000 ryttare, utan att kvinnor, barn, pr\u00e4ster, tj\u00e4nare och andra f\u00f6ljeslagare r\u00e4knades med. <br\/><br\/><\/p>\t\t\t\t\t\t\t\t<\/div>\n\t\t\t\t<\/div>\n\t\t\t\t\t<\/div>\n\t\t\t\t<\/div>\n\t\t<div class=\"elementor-element elementor-element-f6ed607 e-con-full e-flex e-con e-parent\" data-id=\"f6ed607\" data-element_type=\"container\" data-e-type=\"container\">\n\t\t<div class=\"elementor-element elementor-element-6eedeb9 e-con-full e-flex e-con e-child\" data-id=\"6eedeb9\" data-element_type=\"container\" data-e-type=\"container\">\n\t\t\t\t<div class=\"elementor-element elementor-element-89b4e3a elementor-widget elementor-widget-image\" data-id=\"89b4e3a\" data-element_type=\"widget\" data-e-type=\"widget\" data-widget_type=\"image.default\">\n\t\t\t\t<div class=\"elementor-widget-container\">\n\t\t\t\t\t\t\t\t\t\t\t\t\t\t\t<img decoding=\"async\" width=\"800\" height=\"606\" src=\"https:\/\/nederlandsetempeliers.nl\/wp-content\/uploads\/kaart-Byzantie.jpeg\" class=\"attachment-large size-large wp-image-12556\" alt=\"Karta \u00f6ver Bysans\" srcset=\"https:\/\/nederlandsetempeliers.nl\/wp-content\/uploads\/kaart-Byzantie.jpeg 816w, https:\/\/nederlandsetempeliers.nl\/wp-content\/uploads\/kaart-Byzantie-300x227.jpeg 300w, https:\/\/nederlandsetempeliers.nl\/wp-content\/uploads\/kaart-Byzantie-768x582.jpeg 768w\" sizes=\"(max-width: 800px) 100vw, 800px\" \/>\t\t\t\t\t\t\t\t\t\t\t\t\t\t\t<\/div>\n\t\t\t\t<\/div>\n\t\t\t\t<\/div>\n\t\t<div class=\"elementor-element elementor-element-365ddbf e-con-full e-flex e-con e-child\" data-id=\"365ddbf\" data-element_type=\"container\" data-e-type=\"container\">\n\t\t\t\t<div class=\"elementor-element elementor-element-317487c elementor-widget elementor-widget-image\" data-id=\"317487c\" data-element_type=\"widget\" data-e-type=\"widget\" data-widget_type=\"image.default\">\n\t\t\t\t<div class=\"elementor-widget-container\">\n\t\t\t\t\t\t\t\t\t\t\t\t\t\t\t<img decoding=\"async\" width=\"754\" height=\"689\" src=\"https:\/\/nederlandsetempeliers.nl\/wp-content\/uploads\/detail-kaart-Byzanie.jpeg\" class=\"attachment-large size-large wp-image-12557\" alt=\"Detailkaart \u00f6ver Bysans\" srcset=\"https:\/\/nederlandsetempeliers.nl\/wp-content\/uploads\/detail-kaart-Byzanie.jpeg 754w, https:\/\/nederlandsetempeliers.nl\/wp-content\/uploads\/detail-kaart-Byzanie-300x274.jpeg 300w\" sizes=\"(max-width: 754px) 100vw, 754px\" \/>\t\t\t\t\t\t\t\t\t\t\t\t\t\t\t<\/div>\n\t\t\t\t<\/div>\n\t\t\t\t<\/div>\n\t\t\t\t<\/div>\n\t\t<div class=\"elementor-element elementor-element-30b7baa e-con-full e-flex e-con e-parent\" data-id=\"30b7baa\" data-element_type=\"container\" data-e-type=\"container\">\n\t\t<div class=\"elementor-element elementor-element-89b7990 e-con-full e-flex e-con e-child\" data-id=\"89b7990\" data-element_type=\"container\" data-e-type=\"container\">\n\t\t\t\t<div class=\"elementor-element elementor-element-9ecfd63 elementor-widget elementor-widget-image\" data-id=\"9ecfd63\" data-element_type=\"widget\" data-e-type=\"widget\" data-widget_type=\"image.default\">\n\t\t\t\t<div class=\"elementor-widget-container\">\n\t\t\t\t\t\t\t\t\t\t\t\t\t\t\t<img loading=\"lazy\" decoding=\"async\" width=\"675\" height=\"891\" src=\"https:\/\/nederlandsetempeliers.nl\/wp-content\/uploads\/the-siege-of-niceae-and-the-turkish-attack-of-16-may-1097-from-victory-in-the-east-by-j-france.png\" class=\"attachment-large size-large wp-image-12558\" alt=\"Bel\u00e4gringen av Nicaea\" srcset=\"https:\/\/nederlandsetempeliers.nl\/wp-content\/uploads\/the-siege-of-niceae-and-the-turkish-attack-of-16-may-1097-from-victory-in-the-east-by-j-france.png 675w, https:\/\/nederlandsetempeliers.nl\/wp-content\/uploads\/the-siege-of-niceae-and-the-turkish-attack-of-16-may-1097-from-victory-in-the-east-by-j-france-227x300.png 227w\" sizes=\"(max-width: 675px) 100vw, 675px\" \/>\t\t\t\t\t\t\t\t\t\t\t\t\t\t\t<\/div>\n\t\t\t\t<\/div>\n\t\t\t\t<\/div>\n\t\t<div class=\"elementor-element elementor-element-af076d9 e-con-full e-flex e-con e-child\" data-id=\"af076d9\" data-element_type=\"container\" data-e-type=\"container\">\n\t\t\t\t<div class=\"elementor-element elementor-element-09a6290 elementor-widget elementor-widget-image\" data-id=\"09a6290\" data-element_type=\"widget\" data-e-type=\"widget\" data-widget_type=\"image.default\">\n\t\t\t\t<div class=\"elementor-widget-container\">\n\t\t\t\t\t\t\t\t\t\t\t\t\t\t\t<img loading=\"lazy\" decoding=\"async\" width=\"760\" height=\"414\" src=\"https:\/\/nederlandsetempeliers.nl\/wp-content\/uploads\/Nicea-civitas.jpeg\" class=\"attachment-large size-large wp-image-12559\" alt=\"\" srcset=\"https:\/\/nederlandsetempeliers.nl\/wp-content\/uploads\/Nicea-civitas.jpeg 760w, https:\/\/nederlandsetempeliers.nl\/wp-content\/uploads\/Nicea-civitas-300x163.jpeg 300w\" sizes=\"(max-width: 760px) 100vw, 760px\" \/>\t\t\t\t\t\t\t\t\t\t\t\t\t\t\t<\/div>\n\t\t\t\t<\/div>\n\t\t\t\t<\/div>\n\t\t\t\t<\/div>\n\t\t<div class=\"elementor-element elementor-element-a7ce6d1 e-flex e-con-boxed e-con e-parent\" data-id=\"a7ce6d1\" data-element_type=\"container\" data-e-type=\"container\">\n\t\t\t\t\t<div class=\"e-con-inner\">\n\t\t\t\t<div class=\"elementor-element elementor-element-5f3945d elementor-widget elementor-widget-text-editor\" data-id=\"5f3945d\" data-element_type=\"widget\" data-e-type=\"widget\" data-widget_type=\"text-editor.default\">\n\t\t\t\t<div class=\"elementor-widget-container\">\n\t\t\t\t\t\t\t\t\t<p>Bel\u00e4gringen varade i 52 dagar, fr\u00e5n maj till juni 1097.<\/p><p>Nicaea var sv\u00e5r att inta. Staden hade starka f\u00f6rsvarsmurar och l\u00e5g vid en sj\u00f6. Via vattnet kunde den fortfarande f\u00e5 f\u00f6rn\u00f6denheter, vilket gjorde att f\u00f6rsvararna kunde h\u00e5lla st\u00e5nd under l\u00e5ng tid.<\/p><p>Sultan Kilij Arslan f\u00f6rs\u00f6kte unds\u00e4tta Nicaea. Han drog med sina trupper mot staden och kom utanf\u00f6r murarna i strid med korsfararna. Hans f\u00f6rs\u00f6k misslyckades och han drevs tillbaka.<br\/>D\u00e4refter visades de avhuggna huvudena fr\u00e5n d\u00f6dade turkiska krigare \u00f6ppet, och enligt korst\u00e5gsk\u00e4llor kastades de ocks\u00e5 \u00f6ver Nicaeas murar. P\u00e5 s\u00e5 s\u00e4tt ville man visa f\u00f6rsvararna att unds\u00e4ttningsarm\u00e9n hade besegrats och skr\u00e4mma dem.<br\/>(se titelbilden och f\u00f6rklaringen l\u00e4ngst ner)<br\/><\/p>\t\t\t\t\t\t\t\t<\/div>\n\t\t\t\t<\/div>\n\t\t\t\t\t<\/div>\n\t\t\t\t<\/div>\n\t\t<div class=\"elementor-element elementor-element-ea9ac6b e-con-full e-flex e-con e-parent\" data-id=\"ea9ac6b\" data-element_type=\"container\" data-e-type=\"container\">\n\t\t<div class=\"elementor-element elementor-element-7b24599 e-con-full e-flex e-con e-child\" data-id=\"7b24599\" data-element_type=\"container\" data-e-type=\"container\">\n\t\t\t\t<div class=\"elementor-element elementor-element-8640084 elementor-widget elementor-widget-image\" data-id=\"8640084\" data-element_type=\"widget\" data-e-type=\"widget\" data-widget_type=\"image.default\">\n\t\t\t\t<div class=\"elementor-widget-container\">\n\t\t\t\t\t\t\t\t\t\t\t\t\t\t\t<img loading=\"lazy\" decoding=\"async\" width=\"317\" height=\"550\" src=\"https:\/\/nederlandsetempeliers.nl\/wp-content\/uploads\/Scherm\u00adafbeelding-2026-08-20-om-19.56.20.png\" class=\"attachment-large size-large wp-image-12560\" alt=\"Kejsar Alexios I\" srcset=\"https:\/\/nederlandsetempeliers.nl\/wp-content\/uploads\/Scherm\u00adafbeelding-2026-08-20-om-19.56.20.png 317w, https:\/\/nederlandsetempeliers.nl\/wp-content\/uploads\/Scherm\u00adafbeelding-2026-08-20-om-19.56.20-173x300.png 173w\" sizes=\"(max-width: 317px) 100vw, 317px\" \/>\t\t\t\t\t\t\t\t\t\t\t\t\t\t\t<\/div>\n\t\t\t\t<\/div>\n\t\t\t\t<\/div>\n\t\t<div class=\"elementor-element elementor-element-300ec1c e-con-full e-flex e-con e-child\" data-id=\"300ec1c\" data-element_type=\"container\" data-e-type=\"container\">\n\t\t\t\t<div class=\"elementor-element elementor-element-6861430 elementor-widget elementor-widget-text-editor\" data-id=\"6861430\" data-element_type=\"widget\" data-e-type=\"widget\" data-widget_type=\"text-editor.default\">\n\t\t\t\t<div class=\"elementor-widget-container\">\n\t\t\t\t\t\t\t\t\t<p>Staden intas framf\u00f6r n\u00e4san p\u00e5 korsfararna<\/p><p>\ud83d\udc48\ud83c\udffb Under tiden spelade kejsar Alexios sitt eget sj\u00e4lviska spel.<br\/>Korsfararna bel\u00e4grade Nicaea fr\u00e5n landsidan, men staden kunde fortfarande f\u00f6rs\u00f6rjas via sj\u00f6n. Alexios l\u00e4t d\u00e4rf\u00f6r transportera bysantinska fartyg \u00f6ver land till sj\u00f6n. N\u00e4r dessa fartyg d\u00f6k upp p\u00e5 vattnet st\u00e4ngdes \u00e4ven den sista f\u00f6rs\u00f6rjningsv\u00e4gen.<br\/><\/p>\t\t\t\t\t\t\t\t<\/div>\n\t\t\t\t<\/div>\n\t\t\t\t<\/div>\n\t\t\t\t<\/div>\n\t\t<div class=\"elementor-element elementor-element-e591bc9 e-flex e-con-boxed e-con e-parent\" data-id=\"e591bc9\" data-element_type=\"container\" data-e-type=\"container\">\n\t\t\t\t\t<div class=\"e-con-inner\">\n\t\t\t\t<div class=\"elementor-element elementor-element-6aad670 elementor-widget elementor-widget-text-editor\" data-id=\"6aad670\" data-element_type=\"widget\" data-e-type=\"widget\" data-widget_type=\"text-editor.default\">\n\t\t\t\t<div class=\"elementor-widget-container\">\n\t\t\t\t\t\t\t\t\t<p>Samtidigt l\u00e4t Alexios i hemlighet f\u00f6rhandla med de turkiska f\u00f6rsvararna av Nicaea.<br\/>Hans representant Manuel Boutoumites erbj\u00f6d dem gynnsamma villkor om de inte \u00f6verl\u00e4mnade staden till korsfararna, utan direkt till bysantinerna. De fick skydd och l\u00f6ften om hur de skulle behandlas.<br\/>F\u00f6r f\u00f6rsvararna var detta lockande. Om korsfararna skulle inta staden med v\u00e5ld kunde plundring och blodsutgjutelse f\u00f6lja. En kapitulation till Bysans erbj\u00f6d en mycket s\u00e4krare utv\u00e4g.<br\/>D\u00e4rf\u00f6r n\u00e5dde bysantinerna och f\u00f6rsvararna en separat \u00f6verenskommelse.<br\/>P\u00e5 morgonen n\u00e4r korsfararna p\u00e5 nytt genomf\u00f6rde ett anfall mot murarna visade det sig pl\u00f6tsligt att bysantinska trupper redan hade tagit \u00f6ver staden. P\u00e5 murarna vajade de kejserliga bysantinska fanorna.<br\/>Nicaea hade fallit \u2013 men inte i korsfararnas h\u00e4nder. <br\/><\/p>\t\t\t\t\t\t\t\t<\/div>\n\t\t\t\t<\/div>\n\t\t\t\t\t<\/div>\n\t\t\t\t<\/div>\n\t\t<div class=\"elementor-element elementor-element-1561bf2 e-flex e-con-boxed e-con e-parent\" data-id=\"1561bf2\" data-element_type=\"container\" data-e-type=\"container\">\n\t\t\t\t\t<div class=\"e-con-inner\">\n\t\t\t\t<div class=\"elementor-element elementor-element-3bc11bc elementor-widget elementor-widget-image\" data-id=\"3bc11bc\" data-element_type=\"widget\" data-e-type=\"widget\" data-widget_type=\"image.default\">\n\t\t\t\t<div class=\"elementor-widget-container\">\n\t\t\t\t\t\t\t\t\t\t\t\t\t\t\t<img loading=\"lazy\" decoding=\"async\" width=\"800\" height=\"988\" src=\"https:\/\/nederlandsetempeliers.nl\/wp-content\/uploads\/Slag-bij-Nicea-1097-5-829x1024.jpg\" class=\"attachment-large size-large wp-image-12561\" alt=\"\" srcset=\"https:\/\/nederlandsetempeliers.nl\/wp-content\/uploads\/Slag-bij-Nicea-1097-5-829x1024.jpg 829w, https:\/\/nederlandsetempeliers.nl\/wp-content\/uploads\/Slag-bij-Nicea-1097-5-243x300.jpg 243w, https:\/\/nederlandsetempeliers.nl\/wp-content\/uploads\/Slag-bij-Nicea-1097-5-768x949.jpg 768w, https:\/\/nederlandsetempeliers.nl\/wp-content\/uploads\/Slag-bij-Nicea-1097-5.jpg 1020w\" sizes=\"(max-width: 800px) 100vw, 800px\" \/>\t\t\t\t\t\t\t\t\t\t\t\t\t\t\t<\/div>\n\t\t\t\t<\/div>\n\t\t\t\t\t<\/div>\n\t\t\t\t<\/div>\n\t\t<div class=\"elementor-element elementor-element-876a79a e-con-full e-flex e-con e-parent\" data-id=\"876a79a\" data-element_type=\"container\" data-e-type=\"container\">\n\t\t\t\t<div class=\"elementor-element elementor-element-3a3707b elementor-widget__width-initial elementor-widget elementor-widget-text-editor\" data-id=\"3a3707b\" data-element_type=\"widget\" data-e-type=\"widget\" data-widget_type=\"text-editor.default\">\n\t\t\t\t<div class=\"elementor-widget-container\">\n\t\t\t\t\t\t\t\t\t<pre> \ud83d\udc46\ud83c\udffb Slaget vid Nicaea 1097 av Gustave Dor\u00e9, 1877<br>Och den himmelska processionen ovanf\u00f6r slagf\u00e4ltet \u00e4r typisk f\u00f6r Dor\u00e9: n\u00e4stan som en vision\u00e4r, religi\u00f6s scen.<br>En lysande himmelsk makt \u2013 allra l\u00e4ngst fram sitter en bev\u00e4pnad ryttare med sk\u00f6ld, och h\u00f6gt ovanf\u00f6r honom reser sig det enorma korset. Bakom honom f\u00f6ljer tiotals lysande gestalter.<br\/>Det \u00e4r allts\u00e5 mer \u00e4n en enda \u00e4ngel \u2013 Dor\u00e9 g\u00f6r det till en himmelsk korsfarararm\u00e9.<br\/> <br>Kontrasten \u00e4r egentligen genialisk: de jordiska korsfararna nedanf\u00f6r i sin grymma, jordiska strid \u2013 d\u00f6da m\u00e4nniskor, h\u00e4star, vapen, kaos.<br\/>Ovanf\u00f6r dem finns den himmelska motsvarigheten: striden st\u00e5r under korsets tecken och segern bekr\u00e4ftas fr\u00e5n himlen. <br\/><\/pre>\t\t\t\t\t\t\t\t<\/div>\n\t\t\t\t<\/div>\n\t\t\t\t<\/div>\n\t\t<div class=\"elementor-element elementor-element-90e610c e-flex e-con-boxed e-con e-parent\" data-id=\"90e610c\" data-element_type=\"container\" data-e-type=\"container\">\n\t\t\t\t\t<div class=\"e-con-inner\">\n\t\t\t\t<div class=\"elementor-element elementor-element-49cec31 elementor-widget elementor-widget-text-editor\" data-id=\"49cec31\" data-element_type=\"widget\" data-e-type=\"widget\" data-widget_type=\"text-editor.default\">\n\t\t\t\t<div class=\"elementor-widget-container\">\n\t\t\t\t\t\t\t\t\t<p>Korsfararna hade k\u00e4mpat i flera veckor och lidit f\u00f6rluster, men fick ingen m\u00f6jlighet att sj\u00e4lva g\u00e5 in i staden och plundra den. F\u00f6r dem k\u00e4ndes det som om Alexios i sista stund hade ryckt segern ur h\u00e4nderna p\u00e5 dem.<br>Ur bysantinsk synvinkel s\u00e5g saken annorlunda ut. Nicaea var trots allt tidigare bysantinskt territorium och korsfararnas ledare hade lovat att \u00e5terl\u00e4mna s\u00e5dana omr\u00e5den till Alexios.<br\/>Dessutom f\u00f6rhindrade \u00f6verenskommelsen sannolikt en blodig stormning av staden.<br\/><br>Just h\u00e4r blir det tydligt hur olika de b\u00e5da allierades intressen var. De k\u00e4mpade mot samma fiende, men de gjorde det inte av exakt samma sk\u00e4l.<br>\u00c4ven sultan Kilij Arslans hustru och barn hamnade i bysantinska h\u00e4nder och fick beskydd. De \u00f6verl\u00e4mnades inte till korsfararna.<br>D\u00e4rmed blev intagandet av Nicaea den f\u00f6rsta stora segern under det f\u00f6rsta korst\u00e5get.<br>Bel\u00e4gringen visar samtidigt hur komplicerat samarbetet mellan Bysans och de v\u00e4sterl\u00e4ndska korsfararna var. Vid denna tid k\u00e4mpade de mot samma fiende, men deras intressen var inte helt desamma. Korsfararna ville forts\u00e4tta sin resa mot det Heliga landet; kejsar Alexios ville framf\u00f6r allt \u00e5tervinna de tidigare bysantinska omr\u00e5dena.<\/p><p>\u00c4ven renskriftsh\u00e4ftet fr\u00e5n 1705 utg\u00f6r en intressant k\u00e4lla till denna episod.<br\/>P\u00e5 sidorna 35 till och med 38 beskrivs bel\u00e4gringen av Nicaea. Transkriptionen, \u00f6vers\u00e4ttningen och f\u00f6rklaringen av dessa sidor finns att l\u00e4sa i f\u00f6ljetongen p\u00e5 webbplatsen.<br\/>Nicaea blev d\u00e4rmed inte bara en milit\u00e4r seger, utan ocks\u00e5 det f\u00f6rsta tydliga provet p\u00e5 samarbetet mellan \u00f6st och v\u00e4st under det f\u00f6rsta korst\u00e5get.<br\/>Det visar ocks\u00e5 hur diplomati, politik, f\u00f6rhandlingar och egenintresse (h\u00e4r kejsar Alexios) fr\u00e5n allra f\u00f6rsta b\u00f6rjan spelade en viktig roll under det f\u00f6rsta korst\u00e5get.<br\/>Se carden &lt; Utan orden&gt;<\/p>\t\t\t\t\t\t\t\t<\/div>\n\t\t\t\t<\/div>\n\t\t\t\t\t<\/div>\n\t\t\t\t<\/div>\n\t\t<div class=\"elementor-element elementor-element-bf1fb64 e-flex e-con-boxed e-con e-parent\" data-id=\"bf1fb64\" data-element_type=\"container\" data-e-type=\"container\">\n\t\t\t\t\t<div class=\"e-con-inner\">\n\t\t\t\t<div class=\"elementor-element elementor-element-ff2a759 elementor-widget elementor-widget-image\" data-id=\"ff2a759\" data-element_type=\"widget\" data-e-type=\"widget\" data-widget_type=\"image.default\">\n\t\t\t\t<div class=\"elementor-widget-container\">\n\t\t\t\t\t\t\t\t\t\t\t\t\t\t\t<img loading=\"lazy\" decoding=\"async\" width=\"800\" height=\"600\" src=\"https:\/\/nederlandsetempeliers.nl\/wp-content\/uploads\/schoonschrift-schriftje-uit-1705-1024x768.jpeg\" class=\"attachment-large size-large wp-image-12562\" alt=\"Renskriftsh\u00e4ftet fr\u00e5n 1705\" srcset=\"https:\/\/nederlandsetempeliers.nl\/wp-content\/uploads\/schoonschrift-schriftje-uit-1705-1024x768.jpeg 1024w, https:\/\/nederlandsetempeliers.nl\/wp-content\/uploads\/schoonschrift-schriftje-uit-1705-300x225.jpeg 300w, https:\/\/nederlandsetempeliers.nl\/wp-content\/uploads\/schoonschrift-schriftje-uit-1705-768x576.jpeg 768w, https:\/\/nederlandsetempeliers.nl\/wp-content\/uploads\/schoonschrift-schriftje-uit-1705-1536x1152.jpeg 1536w, https:\/\/nederlandsetempeliers.nl\/wp-content\/uploads\/schoonschrift-schriftje-uit-1705.jpeg 1600w\" sizes=\"(max-width: 800px) 100vw, 800px\" \/>\t\t\t\t\t\t\t\t\t\t\t\t\t\t\t<\/div>\n\t\t\t\t<\/div>\n\t\t\t\t\t<\/div>\n\t\t\t\t<\/div>\n\t\t<div class=\"elementor-element elementor-element-956a8f3 e-flex e-con-boxed e-con e-parent\" data-id=\"956a8f3\" data-element_type=\"container\" data-e-type=\"container\">\n\t\t\t\t\t<div class=\"e-con-inner\">\n\t\t\t\t<div class=\"elementor-element elementor-element-c32d538 elementor-widget elementor-widget-text-editor\" data-id=\"c32d538\" data-element_type=\"widget\" data-e-type=\"widget\" data-widget_type=\"text-editor.default\">\n\t\t\t\t<div class=\"elementor-widget-container\">\n\t\t\t\t\t\t\t\t\t<p>Efter Nicaea fortsatte de sin v\u00e4g i riktning mot Syrien, mot Dorylaeum.<\/p><p>En f\u00f6rhandstitt p\u00e5 slaget vid Dorylaeum och varf\u00f6r det var s\u00e5 viktigt och gav en viktig l\u00e4rdom:<\/p><p>Efter Nicaea drog korsfararna vidare genom Anatolien. Arm\u00e9n r\u00f6rde sig i olika kolonner, och vid Dorylaeum st\u00f6tte framf\u00f6r allt den fr\u00e4msta gruppen \u2013 med bland andra Bohemund \u2013 p\u00e5 Kilij Arslans seldjuker.<\/p><p>De anf\u00f6ll snabbt och r\u00f6rligt, framf\u00f6r allt med beridna b\u00e5gskyttar. F\u00f6r de v\u00e4steuropeiska riddarna och fotsoldaterna var detta ett helt annat s\u00e4tt att f\u00f6ra krig \u00e4n de var vana vid.<\/p><p>Korsfararna utsattes till en b\u00f6rjan f\u00f6r mycket h\u00e5rd press. De intog en f\u00f6rsvarsposition runt sitt l\u00e4ger och tvingades h\u00e5lla st\u00e5nd i flera timmar.<\/p><p>Och just det \u00e4r viktigt: de br\u00f6t inte samman. De h\u00f6ll linjerna tillr\u00e4ckligt t\u00e4tt f\u00f6r att inte helt sl\u00e5s s\u00f6nder.<\/p><p>Sedan n\u00e5dde andra korsfararkontingenter \u2013 bland annat Gottfrids och Raymonds \u2013 slagf\u00e4ltet. D\u00e4rmed f\u00f6r\u00e4ndrades situationen.<br\/>Seldjukerna stod pl\u00f6tsligt inte l\u00e4ngre mot en enda isolerad grupp, utan mot en mycket st\u00f6rre samlad styrka. Till slut drevs de tillbaka.<br\/>Varf\u00f6r Dorylaeum var viktigt:<br\/>\u2022det var det f\u00f6rsta stora f\u00e4ltslaget i \u00f6ppen terr\u00e4ng under det f\u00f6rsta korst\u00e5get; <br\/>\u2022korsfararna visade att de inte bara kunde bel\u00e4gra st\u00e4der, utan ocks\u00e5 st\u00e5 emot en r\u00f6rlig fiende i \u00f6ppen terr\u00e4ng; <br\/>\u2022slaget gav dem ett enormt sj\u00e4lvf\u00f6rtroende; <br\/>\u2022efter Dorylaeum l\u00e5g v\u00e4gen vidare genom Anatolien betydligt \u00f6ppnare. <br\/>Och h\u00e4r finns ocks\u00e5 en fin milit\u00e4r l\u00e4rdom: de vann inte d\u00e4rf\u00f6r att allt gick perfekt. Tv\u00e4rtom.<br\/>F\u00f6rtruppen befann sig till en b\u00f6rjan i ganska stora problem. De vann till slut d\u00e4rf\u00f6r att de h\u00f6ll st\u00e5nd tills f\u00f6rst\u00e4rkningarna kom.<br\/>Detta kan du l\u00e4sa mer om i detalj i slaget vid Dorylaeum. <br\/><\/p><p>Kort sagt:<br\/>Nicaea = den f\u00f6rsta stora gemensamma kristna milit\u00e4ra operationen och segern<br\/>Dorylaeum = det f\u00f6rsta stora f\u00e4ltslaget i \u00f6ppen terr\u00e4ng<br\/><\/p>\t\t\t\t\t\t\t\t<\/div>\n\t\t\t\t<\/div>\n\t\t\t\t\t<\/div>\n\t\t\t\t<\/div>\n\t\t<div class=\"elementor-element elementor-element-ebfe9d4 e-flex e-con-boxed e-con e-parent\" data-id=\"ebfe9d4\" data-element_type=\"container\" data-e-type=\"container\">\n\t\t\t\t\t<div class=\"e-con-inner\">\n\t\t<div class=\"elementor-element elementor-element-41344a3 e-con-full e-flex e-con e-child\" data-id=\"41344a3\" data-element_type=\"container\" data-e-type=\"container\">\n\t\t\t\t<div class=\"elementor-element elementor-element-550f709 elementor-widget elementor-widget-image\" data-id=\"550f709\" data-element_type=\"widget\" data-e-type=\"widget\" data-widget_type=\"image.default\">\n\t\t\t\t<div class=\"elementor-widget-container\">\n\t\t\t\t\t\t\t\t\t\t\t\t\t\t\t<img loading=\"lazy\" decoding=\"async\" width=\"593\" height=\"806\" src=\"https:\/\/nederlandsetempeliers.nl\/wp-content\/uploads\/afgehakte-hoofden-.jpeg\" class=\"attachment-large size-large wp-image-12563\" alt=\"Miniatyr av bel\u00e4gringen av Nicaea\" srcset=\"https:\/\/nederlandsetempeliers.nl\/wp-content\/uploads\/afgehakte-hoofden-.jpeg 593w, https:\/\/nederlandsetempeliers.nl\/wp-content\/uploads\/afgehakte-hoofden--221x300.jpeg 221w\" sizes=\"(max-width: 593px) 100vw, 593px\" \/>\t\t\t\t\t\t\t\t\t\t\t\t\t\t\t<\/div>\n\t\t\t\t<\/div>\n\t\t\t\t<\/div>\n\t\t<div class=\"elementor-element elementor-element-b992c7b e-con-full e-flex e-con e-child\" data-id=\"b992c7b\" data-element_type=\"container\" data-e-type=\"container\">\n\t\t\t\t<div class=\"elementor-element elementor-element-c84c7f5 elementor-widget elementor-widget-text-editor\" data-id=\"c84c7f5\" data-element_type=\"widget\" data-e-type=\"widget\" data-widget_type=\"text-editor.default\">\n\t\t\t\t<div class=\"elementor-widget-container\">\n\t\t\t\t\t\t\t\t\t<p>\ud83d\udc48\ud83c\udffb Bel\u00e4gringen av Nicaea och iv\u00e4gskjutandet av avhuggna huvuden<\/p><p>Denna miniatyr skapades p\u00e5 1200-talet av en anonym illuminat\u00f6r som illustration till den fornfranska traditionen av Guillaume de Tyrs kr\u00f6nika.<\/p><p>Guillaume de Tyr var den ber\u00f6mde kr\u00f6nik\u00f6ren och \u00e4rkebiskopen av Tyrus, och han stod n\u00e4ra Balduin IV, den spet\u00e4lske kungen av Jerusalem, bland annat som hans l\u00e4rare under hans ungdom. <\/p><p>Ovan st\u00e5r:<br\/>Mout furent en grant volente trestuit des estraines de leur guerre bien emploier; et mout desirroient si hautement emprendre leur premier fet que toutes autres genz les en doutassent.<br\/>\u00d6vers\u00e4ttning:<br\/>Korsfararna ville redan vid sin f\u00f6rsta gemensamma milit\u00e4ra insats agera s\u00e5 imponerande och kraftfullt att andra folk d\u00e4refter skulle k\u00e4nna respekt och fruktan inf\u00f6r dem.<br\/><\/p>\t\t\t\t\t\t\t\t<\/div>\n\t\t\t\t<\/div>\n\t\t\t\t<\/div>\n\t\t\t\t\t<\/div>\n\t\t\t\t<\/div>\n\t\t<div class=\"elementor-element elementor-element-ce41610 e-flex e-con-boxed e-con e-parent\" data-id=\"ce41610\" data-element_type=\"container\" data-e-type=\"container\">\n\t\t\t\t\t<div class=\"e-con-inner\">\n\t\t\t\t<div class=\"elementor-element elementor-element-c964676 elementor-widget elementor-widget-text-editor\" data-id=\"c964676\" data-element_type=\"widget\" data-e-type=\"widget\" data-widget_type=\"text-editor.default\">\n\t\t\t\t<div class=\"elementor-widget-container\">\n\t\t\t\t\t\t\t\t\t<p>Nedanf\u00f6r st\u00e5r:<br\/>De la cite de Nique sachiez quele fu desouz larceveschie de Nicomede; mes li Empereres Costantins la fist oster du pooir a cel arcevesque et fu exemte por enneur de ce que li primerains des quatre granz conciles avoit iluec sis.<br\/>\u00d6vers\u00e4ttning:<br\/>Vad g\u00e4ller staden Nicaea b\u00f6r ni veta att den lydde under \u00e4rkebiskopsd\u00f6met Nicomedia. Men kejsar Konstantin tog den ur denne \u00e4rkebiskops myndighet och gav den en s\u00e4rskild status, till \u00e4ra f\u00f6r det faktum att det f\u00f6rsta av de fyra stora koncilierna hade \u00e4gt rum d\u00e4r.<br\/>D\u00e4refter forts\u00e4tter Guillaume de Tyr med konciliet i Nicaea, Arius och de 318 kyrkliga ledare som samlades d\u00e4r.<br\/>F\u00f6r honom var Nicaea allts\u00e5 inte bara milit\u00e4rt viktig; han avbryter krigsskildringen en stund f\u00f6r att f\u00f6rklara stadens kristna historia. <br\/><\/p>\t\t\t\t\t\t\t\t<\/div>\n\t\t\t\t<\/div>\n\t\t\t\t\t<\/div>\n\t\t\t\t<\/div>\n\t\t\t\t<\/div>\n\t\t","protected":false},"excerpt":{"rendered":"<p>Slaget vid Nicaea Slaget vid Nicaea, maj till juni 1097. Det \u00e4r egentligen b\u00e4ttre att kalla detta en bel\u00e4gring och inte ett f\u00e4ltslag. Skillnaden mellan en bel\u00e4gring och ett f\u00e4ltslag [&hellip;]<\/p>\n","protected":false},"author":4,"featured_media":0,"parent":0,"menu_order":0,"comment_status":"closed","ping_status":"closed","template":"","meta":{"footnotes":""},"class_list":["post-12569","page","type-page","status-publish","hentry"],"yoast_head":"<!-- This site is optimized with the Yoast SEO plugin v28.3 - https:\/\/yoast.com\/product\/yoast-seo-wordpress\/ -->\n<title>Slaget vid Nicaea - Nederlandse Tempeliers<\/title>\n<meta name=\"robots\" content=\"index, follow, max-snippet:-1, max-image-preview:large, max-video-preview:-1\" \/>\n<link rel=\"canonical\" href=\"https:\/\/nederlandsetempeliers.nl\/sv\/slaget-vid-nicaea\/\" \/>\n<meta property=\"og:locale\" content=\"sv_SE\" \/>\n<meta property=\"og:type\" content=\"article\" \/>\n<meta property=\"og:title\" content=\"Slaget vid Nicaea - Nederlandse Tempeliers\" \/>\n<meta property=\"og:description\" content=\"Slaget vid Nicaea Slaget vid Nicaea, maj till juni 1097. Det \u00e4r egentligen b\u00e4ttre att kalla detta en bel\u00e4gring och inte ett f\u00e4ltslag. Skillnaden mellan en bel\u00e4gring och ett f\u00e4ltslag [&hellip;]\" \/>\n<meta property=\"og:url\" content=\"https:\/\/nederlandsetempeliers.nl\/sv\/slaget-vid-nicaea\/\" \/>\n<meta property=\"og:site_name\" content=\"Nederlandse Tempeliers\" \/>\n<meta property=\"article:modified_time\" content=\"2026-08-21T12:31:40+00:00\" \/>\n<meta property=\"og:image\" content=\"https:\/\/nederlandsetempeliers.nl\/wp-content\/uploads\/header-slag-bij-Nicea.jpeg\" \/>\n\t<meta property=\"og:image:width\" content=\"1280\" \/>\n\t<meta property=\"og:image:height\" content=\"720\" \/>\n\t<meta property=\"og:image:type\" content=\"image\/jpeg\" \/>\n<meta name=\"twitter:card\" content=\"summary_large_image\" \/>\n<meta name=\"twitter:label1\" content=\"Ber\u00e4knad l\u00e4stid\" \/>\n\t<meta name=\"twitter:data1\" content=\"9 minuter\" \/>\n<script type=\"application\/ld+json\" class=\"yoast-schema-graph\">{\"@context\":\"https:\\\/\\\/schema.org\",\"@graph\":[{\"@type\":\"WebPage\",\"@id\":\"https:\\\/\\\/nederlandsetempeliers.nl\\\/sv\\\/slaget-vid-nicaea\\\/\",\"url\":\"https:\\\/\\\/nederlandsetempeliers.nl\\\/sv\\\/slaget-vid-nicaea\\\/\",\"name\":\"Slaget vid Nicaea - Nederlandse Tempeliers\",\"isPartOf\":{\"@id\":\"https:\\\/\\\/nederlandsetempeliers.nl\\\/sv\\\/#website\"},\"primaryImageOfPage\":{\"@id\":\"https:\\\/\\\/nederlandsetempeliers.nl\\\/sv\\\/slaget-vid-nicaea\\\/#primaryimage\"},\"image\":{\"@id\":\"https:\\\/\\\/nederlandsetempeliers.nl\\\/sv\\\/slaget-vid-nicaea\\\/#primaryimage\"},\"thumbnailUrl\":\"https:\\\/\\\/nederlandsetempeliers.nl\\\/wp-content\\\/uploads\\\/header-slag-bij-Nicea-1024x576.jpeg\",\"datePublished\":\"2026-08-21T04:50:17+00:00\",\"dateModified\":\"2026-08-21T12:31:40+00:00\",\"breadcrumb\":{\"@id\":\"https:\\\/\\\/nederlandsetempeliers.nl\\\/sv\\\/slaget-vid-nicaea\\\/#breadcrumb\"},\"inLanguage\":\"sv-SE\",\"potentialAction\":[{\"@type\":\"ReadAction\",\"target\":[\"https:\\\/\\\/nederlandsetempeliers.nl\\\/sv\\\/slaget-vid-nicaea\\\/\"]}]},{\"@type\":\"ImageObject\",\"inLanguage\":\"sv-SE\",\"@id\":\"https:\\\/\\\/nederlandsetempeliers.nl\\\/sv\\\/slaget-vid-nicaea\\\/#primaryimage\",\"url\":\"https:\\\/\\\/nederlandsetempeliers.nl\\\/wp-content\\\/uploads\\\/header-slag-bij-Nicea-1024x576.jpeg\",\"contentUrl\":\"https:\\\/\\\/nederlandsetempeliers.nl\\\/wp-content\\\/uploads\\\/header-slag-bij-Nicea-1024x576.jpeg\"},{\"@type\":\"BreadcrumbList\",\"@id\":\"https:\\\/\\\/nederlandsetempeliers.nl\\\/sv\\\/slaget-vid-nicaea\\\/#breadcrumb\",\"itemListElement\":[{\"@type\":\"ListItem\",\"position\":1,\"name\":\"Home\",\"item\":\"https:\\\/\\\/nederlandsetempeliers.nl\\\/sv\\\/\"},{\"@type\":\"ListItem\",\"position\":2,\"name\":\"Slaget vid Nicaea\"}]},{\"@type\":\"WebSite\",\"@id\":\"https:\\\/\\\/nederlandsetempeliers.nl\\\/sv\\\/#website\",\"url\":\"https:\\\/\\\/nederlandsetempeliers.nl\\\/sv\\\/\",\"name\":\"Nederlandse Tempeliers\",\"description\":\"The Black Knights Templars of Solomon\",\"publisher\":{\"@id\":\"https:\\\/\\\/nederlandsetempeliers.nl\\\/sv\\\/#organization\"},\"potentialAction\":[{\"@type\":\"SearchAction\",\"target\":{\"@type\":\"EntryPoint\",\"urlTemplate\":\"https:\\\/\\\/nederlandsetempeliers.nl\\\/sv\\\/?s={search_term_string}\"},\"query-input\":{\"@type\":\"PropertyValueSpecification\",\"valueRequired\":true,\"valueName\":\"search_term_string\"}}],\"inLanguage\":\"sv-SE\"},{\"@type\":\"Organization\",\"@id\":\"https:\\\/\\\/nederlandsetempeliers.nl\\\/sv\\\/#organization\",\"name\":\"Nederlandse Tempeliers\",\"url\":\"https:\\\/\\\/nederlandsetempeliers.nl\\\/sv\\\/\",\"logo\":{\"@type\":\"ImageObject\",\"inLanguage\":\"sv-SE\",\"@id\":\"https:\\\/\\\/nederlandsetempeliers.nl\\\/sv\\\/#\\\/schema\\\/logo\\\/image\\\/\",\"url\":\"https:\\\/\\\/nederlandsetempeliers.nl\\\/wp-content\\\/uploads\\\/Dutch-order-v2.png\",\"contentUrl\":\"https:\\\/\\\/nederlandsetempeliers.nl\\\/wp-content\\\/uploads\\\/Dutch-order-v2.png\",\"width\":687,\"height\":686,\"caption\":\"Nederlandse Tempeliers\"},\"image\":{\"@id\":\"https:\\\/\\\/nederlandsetempeliers.nl\\\/sv\\\/#\\\/schema\\\/logo\\\/image\\\/\"}}]}<\/script>\n<!-- \/ Yoast SEO plugin. -->","yoast_head_json":{"title":"Slaget vid Nicaea - Nederlandse Tempeliers","robots":{"index":"index","follow":"follow","max-snippet":"max-snippet:-1","max-image-preview":"max-image-preview:large","max-video-preview":"max-video-preview:-1"},"canonical":"https:\/\/nederlandsetempeliers.nl\/sv\/slaget-vid-nicaea\/","og_locale":"sv_SE","og_type":"article","og_title":"Slaget vid Nicaea - Nederlandse Tempeliers","og_description":"Slaget vid Nicaea Slaget vid Nicaea, maj till juni 1097. Det \u00e4r egentligen b\u00e4ttre att kalla detta en bel\u00e4gring och inte ett f\u00e4ltslag. Skillnaden mellan en bel\u00e4gring och ett f\u00e4ltslag [&hellip;]","og_url":"https:\/\/nederlandsetempeliers.nl\/sv\/slaget-vid-nicaea\/","og_site_name":"Nederlandse Tempeliers","article_modified_time":"2026-08-21T12:31:40+00:00","og_image":[{"width":1280,"height":720,"url":"https:\/\/nederlandsetempeliers.nl\/wp-content\/uploads\/header-slag-bij-Nicea.jpeg","type":"image\/jpeg"}],"twitter_card":"summary_large_image","twitter_misc":{"Ber\u00e4knad l\u00e4stid":"9 minuter"},"schema":{"@context":"https:\/\/schema.org","@graph":[{"@type":"WebPage","@id":"https:\/\/nederlandsetempeliers.nl\/sv\/slaget-vid-nicaea\/","url":"https:\/\/nederlandsetempeliers.nl\/sv\/slaget-vid-nicaea\/","name":"Slaget vid Nicaea - Nederlandse Tempeliers","isPartOf":{"@id":"https:\/\/nederlandsetempeliers.nl\/sv\/#website"},"primaryImageOfPage":{"@id":"https:\/\/nederlandsetempeliers.nl\/sv\/slaget-vid-nicaea\/#primaryimage"},"image":{"@id":"https:\/\/nederlandsetempeliers.nl\/sv\/slaget-vid-nicaea\/#primaryimage"},"thumbnailUrl":"https:\/\/nederlandsetempeliers.nl\/wp-content\/uploads\/header-slag-bij-Nicea-1024x576.jpeg","datePublished":"2026-08-21T04:50:17+00:00","dateModified":"2026-08-21T12:31:40+00:00","breadcrumb":{"@id":"https:\/\/nederlandsetempeliers.nl\/sv\/slaget-vid-nicaea\/#breadcrumb"},"inLanguage":"sv-SE","potentialAction":[{"@type":"ReadAction","target":["https:\/\/nederlandsetempeliers.nl\/sv\/slaget-vid-nicaea\/"]}]},{"@type":"ImageObject","inLanguage":"sv-SE","@id":"https:\/\/nederlandsetempeliers.nl\/sv\/slaget-vid-nicaea\/#primaryimage","url":"https:\/\/nederlandsetempeliers.nl\/wp-content\/uploads\/header-slag-bij-Nicea-1024x576.jpeg","contentUrl":"https:\/\/nederlandsetempeliers.nl\/wp-content\/uploads\/header-slag-bij-Nicea-1024x576.jpeg"},{"@type":"BreadcrumbList","@id":"https:\/\/nederlandsetempeliers.nl\/sv\/slaget-vid-nicaea\/#breadcrumb","itemListElement":[{"@type":"ListItem","position":1,"name":"Home","item":"https:\/\/nederlandsetempeliers.nl\/sv\/"},{"@type":"ListItem","position":2,"name":"Slaget vid Nicaea"}]},{"@type":"WebSite","@id":"https:\/\/nederlandsetempeliers.nl\/sv\/#website","url":"https:\/\/nederlandsetempeliers.nl\/sv\/","name":"Nederlandse Tempeliers","description":"The Black Knights Templars of Solomon","publisher":{"@id":"https:\/\/nederlandsetempeliers.nl\/sv\/#organization"},"potentialAction":[{"@type":"SearchAction","target":{"@type":"EntryPoint","urlTemplate":"https:\/\/nederlandsetempeliers.nl\/sv\/?s={search_term_string}"},"query-input":{"@type":"PropertyValueSpecification","valueRequired":true,"valueName":"search_term_string"}}],"inLanguage":"sv-SE"},{"@type":"Organization","@id":"https:\/\/nederlandsetempeliers.nl\/sv\/#organization","name":"Nederlandse Tempeliers","url":"https:\/\/nederlandsetempeliers.nl\/sv\/","logo":{"@type":"ImageObject","inLanguage":"sv-SE","@id":"https:\/\/nederlandsetempeliers.nl\/sv\/#\/schema\/logo\/image\/","url":"https:\/\/nederlandsetempeliers.nl\/wp-content\/uploads\/Dutch-order-v2.png","contentUrl":"https:\/\/nederlandsetempeliers.nl\/wp-content\/uploads\/Dutch-order-v2.png","width":687,"height":686,"caption":"Nederlandse Tempeliers"},"image":{"@id":"https:\/\/nederlandsetempeliers.nl\/sv\/#\/schema\/logo\/image\/"}}]}},"_links":{"self":[{"href":"https:\/\/nederlandsetempeliers.nl\/sv\/wp-json\/wp\/v2\/pages\/12569","targetHints":{"allow":["GET"]}}],"collection":[{"href":"https:\/\/nederlandsetempeliers.nl\/sv\/wp-json\/wp\/v2\/pages"}],"about":[{"href":"https:\/\/nederlandsetempeliers.nl\/sv\/wp-json\/wp\/v2\/types\/page"}],"author":[{"embeddable":true,"href":"https:\/\/nederlandsetempeliers.nl\/sv\/wp-json\/wp\/v2\/users\/4"}],"replies":[{"embeddable":true,"href":"https:\/\/nederlandsetempeliers.nl\/sv\/wp-json\/wp\/v2\/comments?post=12569"}],"version-history":[{"count":2,"href":"https:\/\/nederlandsetempeliers.nl\/sv\/wp-json\/wp\/v2\/pages\/12569\/revisions"}],"predecessor-version":[{"id":12571,"href":"https:\/\/nederlandsetempeliers.nl\/sv\/wp-json\/wp\/v2\/pages\/12569\/revisions\/12571"}],"wp:attachment":[{"href":"https:\/\/nederlandsetempeliers.nl\/sv\/wp-json\/wp\/v2\/media?parent=12569"}],"curies":[{"name":"wp","href":"https:\/\/api.w.org\/{rel}","templated":true}]}}