{"id":12863,"date":"2026-07-24T12:55:20","date_gmt":"2026-07-24T10:55:20","guid":{"rendered":"https:\/\/nederlandsetempeliers.nl\/orgeln\/"},"modified":"2026-08-30T23:35:44","modified_gmt":"2026-08-30T21:35:44","slug":"orgeln","status":"publish","type":"page","link":"https:\/\/nederlandsetempeliers.nl\/sv\/orgeln\/","title":{"rendered":"orgeln"},"content":{"rendered":"\t\t<div data-elementor-type=\"wp-page\" data-elementor-id=\"12863\" class=\"elementor elementor-12863 elementor-11762\" data-elementor-post-type=\"page\">\n\t\t\t\t<div class=\"elementor-element elementor-element-09b8970 e-flex e-con-boxed e-con e-parent\" data-id=\"09b8970\" data-element_type=\"container\" data-e-type=\"container\">\n\t\t\t\t\t<div class=\"e-con-inner\">\n\t\t\t\t<div class=\"elementor-element elementor-element-e40d819 elementor-widget elementor-widget-image\" data-id=\"e40d819\" data-element_type=\"widget\" data-e-type=\"widget\" data-widget_type=\"image.default\">\n\t\t\t\t<div class=\"elementor-widget-container\">\n\t\t\t\t\t\t\t\t\t\t\t\t\t\t\t<img fetchpriority=\"high\" decoding=\"async\" width=\"800\" height=\"450\" src=\"https:\/\/nederlandsetempeliers.nl\/wp-content\/uploads\/Orgel-met-engel-header--1024x576.jpeg\" class=\"attachment-large size-large wp-image-12811\" alt=\"Del av den rikt utsmyckade Hillenorgeln i Grote Kerk i Breda, med f\u00f6rgyllda ornament, silverf\u00e4rgade orgelpipor och en gyllene \u00e4nglafigur mot kyrkans h\u00f6ga stenv\u00e4gg.\" srcset=\"https:\/\/nederlandsetempeliers.nl\/wp-content\/uploads\/Orgel-met-engel-header--1024x576.jpeg 1024w, https:\/\/nederlandsetempeliers.nl\/wp-content\/uploads\/Orgel-met-engel-header--300x169.jpeg 300w, https:\/\/nederlandsetempeliers.nl\/wp-content\/uploads\/Orgel-met-engel-header--768x432.jpeg 768w, https:\/\/nederlandsetempeliers.nl\/wp-content\/uploads\/Orgel-met-engel-header--1536x864.jpeg 1536w, https:\/\/nederlandsetempeliers.nl\/wp-content\/uploads\/Orgel-met-engel-header-.jpeg 1600w\" sizes=\"(max-width: 800px) 100vw, 800px\" \/>\t\t\t\t\t\t\t\t\t\t\t\t\t\t\t<\/div>\n\t\t\t\t<\/div>\n\t\t\t\t\t<\/div>\n\t\t\t\t<\/div>\n\t\t<div class=\"elementor-element elementor-element-7045134 e-flex e-con-boxed e-con e-parent\" data-id=\"7045134\" data-element_type=\"container\" data-e-type=\"container\">\n\t\t\t\t\t<div class=\"e-con-inner\">\n\t\t\t\t<div class=\"elementor-element elementor-element-c09444b elementor-widget elementor-widget-heading\" data-id=\"c09444b\" data-element_type=\"widget\" data-e-type=\"widget\" data-widget_type=\"heading.default\">\n\t\t\t\t<div class=\"elementor-widget-container\">\n\t\t\t\t\t<h2 class=\"elementor-heading-title elementor-size-default\">orgeln<\/h2>\t\t\t\t<\/div>\n\t\t\t\t<\/div>\n\t\t\t\t\t<\/div>\n\t\t\t\t<\/div>\n\t\t<div class=\"elementor-element elementor-element-8546655 e-flex e-con-boxed e-con e-parent\" data-id=\"8546655\" data-element_type=\"container\" data-e-type=\"container\">\n\t\t\t\t\t<div class=\"e-con-inner\">\n\t\t\t\t<div class=\"elementor-element elementor-element-b780965 elementor-widget elementor-widget-text-editor\" data-id=\"b780965\" data-element_type=\"widget\" data-e-type=\"widget\" data-widget_type=\"text-editor.default\">\n\t\t\t\t<div class=\"elementor-widget-container\">\n\t\t\t\t\t\t\t\t\t<p>Orgeln har en sj\u00e4lvklar och fast plats i kyrkan. N\u00e4stan varje kyrka har ett eller till och med flera orglar. Hur kommer det sig? Varf\u00f6r har inte varje kyrka n\u00e5got annat standardinstrument? Till exempel en gitarr, en harpa, ett piano, en tv\u00e4rfl\u00f6jt eller n\u00e5got annat?<\/p><p>Det beror framf\u00f6r allt p\u00e5 Psalm 150. \u00c4ven om andra instrument ocks\u00e5 n\u00e4mns d\u00e4r, handlar det till stor del om orgeln. En orgel kan p\u00e5 s\u00e4tt och vis efterlikna m\u00e5nga olika instrument. Till och med Vox Humana = en m\u00e4nsklig r\u00f6st. Violin, trumpet, klockor, h\u00e5lpipa, fl\u00f6jt, kvint, dulcian, r\u00f6rfl\u00f6jt, oboe, trumpet, gemshorn, basun, klarin, klockor, violin, piano och mycket mer \u2013 allt detta finns bland orgelns register. En orgel \u00e4r n\u00e4stan som en hel symfoniorkester i ett enda instrument.<\/p>\t\t\t\t\t\t\t\t<\/div>\n\t\t\t\t<\/div>\n\t\t\t\t\t<\/div>\n\t\t\t\t<\/div>\n\t\t<div class=\"elementor-element elementor-element-681a9b5 e-con-full e-flex e-con e-parent\" data-id=\"681a9b5\" data-element_type=\"container\" data-e-type=\"container\">\n\t\t<div class=\"elementor-element elementor-element-48bb3f1 e-con-full e-flex e-con e-child\" data-id=\"48bb3f1\" data-element_type=\"container\" data-e-type=\"container\">\n\t\t\t\t<div class=\"elementor-element elementor-element-ef7ac2b elementor-widget elementor-widget-image\" data-id=\"ef7ac2b\" data-element_type=\"widget\" data-e-type=\"widget\" data-widget_type=\"image.default\">\n\t\t\t\t<div class=\"elementor-widget-container\">\n\t\t\t\t\t\t\t\t\t\t\t\t\t\t\t<img decoding=\"async\" width=\"768\" height=\"1024\" src=\"https:\/\/nederlandsetempeliers.nl\/wp-content\/uploads\/Registers-links-768x1024.jpg\" class=\"attachment-large size-large wp-image-12812\" alt=\"V\u00e4nstra registerpanelen p\u00e5 Hillenorgelns spelbord, med flera rader av svarta runda registerknappar och handskrivna namn p\u00e5 olika orgelregister och klangf\u00e4rger.\" srcset=\"https:\/\/nederlandsetempeliers.nl\/wp-content\/uploads\/Registers-links-768x1024.jpg 768w, https:\/\/nederlandsetempeliers.nl\/wp-content\/uploads\/Registers-links-225x300.jpg 225w, https:\/\/nederlandsetempeliers.nl\/wp-content\/uploads\/Registers-links-1152x1536.jpg 1152w, https:\/\/nederlandsetempeliers.nl\/wp-content\/uploads\/Registers-links.jpg 1200w\" sizes=\"(max-width: 768px) 100vw, 768px\" \/>\t\t\t\t\t\t\t\t\t\t\t\t\t\t\t<\/div>\n\t\t\t\t<\/div>\n\t\t\t\t<\/div>\n\t\t<div class=\"elementor-element elementor-element-1bef745 e-con-full e-flex e-con e-child\" data-id=\"1bef745\" data-element_type=\"container\" data-e-type=\"container\">\n\t\t\t\t<div class=\"elementor-element elementor-element-cad2e45 elementor-widget elementor-widget-text-editor\" data-id=\"cad2e45\" data-element_type=\"widget\" data-e-type=\"widget\" data-widget_type=\"text-editor.default\">\n\t\t\t\t<div class=\"elementor-widget-container\">\n\t\t\t\t\t\t\t\t\t<p> <\/p><p>\ud83d\udc48\ud83c\udffb v\u00e4nstra registren p\u00e5 Hillenorgeln i Grote Kerk i Breda.<\/p><p>Registren till h\u00f6ger \ud83d\udc49\ud83c\udffb<\/p><p>till exempel: trumpet, h\u00e5lpipa, klockor, oboe, viola och mycket mer<\/p><p><\/p>\t\t\t\t\t\t\t\t<\/div>\n\t\t\t\t<\/div>\n\t\t\t\t<\/div>\n\t\t<div class=\"elementor-element elementor-element-3bbc858 e-con-full e-flex e-con e-child\" data-id=\"3bbc858\" data-element_type=\"container\" data-e-type=\"container\">\n\t\t\t\t<div class=\"elementor-element elementor-element-2eb2b01 elementor-widget elementor-widget-image\" data-id=\"2eb2b01\" data-element_type=\"widget\" data-e-type=\"widget\" data-widget_type=\"image.default\">\n\t\t\t\t<div class=\"elementor-widget-container\">\n\t\t\t\t\t\t\t\t\t\t\t\t\t\t\t<img decoding=\"async\" width=\"768\" height=\"1024\" src=\"https:\/\/nederlandsetempeliers.nl\/wp-content\/uploads\/Registers-rechts-768x1024.jpg\" class=\"attachment-large size-large wp-image-12813\" alt=\"H\u00f6gra registerpanelen p\u00e5 Hillenorgelns spelbord, med rader av svarta registerknappar f\u00f6r bland annat trumpet, oboe, kornett, viola, basun och andra klangf\u00e4rger.\" srcset=\"https:\/\/nederlandsetempeliers.nl\/wp-content\/uploads\/Registers-rechts-768x1024.jpg 768w, https:\/\/nederlandsetempeliers.nl\/wp-content\/uploads\/Registers-rechts-225x300.jpg 225w, https:\/\/nederlandsetempeliers.nl\/wp-content\/uploads\/Registers-rechts-1152x1536.jpg 1152w, https:\/\/nederlandsetempeliers.nl\/wp-content\/uploads\/Registers-rechts.jpg 1200w\" sizes=\"(max-width: 768px) 100vw, 768px\" \/>\t\t\t\t\t\t\t\t\t\t\t\t\t\t\t<\/div>\n\t\t\t\t<\/div>\n\t\t\t\t<\/div>\n\t\t\t\t<\/div>\n\t\t<div class=\"elementor-element elementor-element-96dbc17 e-flex e-con-boxed e-con e-parent\" data-id=\"96dbc17\" data-element_type=\"container\" data-e-type=\"container\">\n\t\t\t\t\t<div class=\"e-con-inner\">\n\t\t\t\t\t<\/div>\n\t\t\t\t<\/div>\n\t\t<div class=\"elementor-element elementor-element-a401c91 e-flex e-con-boxed e-con e-parent\" data-id=\"a401c91\" data-element_type=\"container\" data-e-type=\"container\">\n\t\t\t\t\t<div class=\"e-con-inner\">\n\t\t<div class=\"elementor-element elementor-element-04db768 e-con-full e-flex e-con e-child\" data-id=\"04db768\" data-element_type=\"container\" data-e-type=\"container\">\n\t\t\t\t<div class=\"elementor-element elementor-element-9fec779 elementor-widget__width-initial elementor-widget elementor-widget-text-editor\" data-id=\"9fec779\" data-element_type=\"widget\" data-e-type=\"widget\" data-widget_type=\"text-editor.default\">\n\t\t\t\t<div class=\"elementor-widget-container\">\n\t\t\t\t\t\t\t\t\t<p> <\/p><p>I Psalm 150:4 st\u00e5r det:<br \/>4 Loven Honom med trumma och fl\u00f6jt; loven Honom med str\u00e4ngaspel och orgel!<\/p><p>\u00c4ven andra instrument n\u00e4mns. De flesta av dem kan man ganska enkelt b\u00e4ra med sig. En orgel kan man inte g\u00f6ra det med. Det \u00e4r en anledning till att en orgel \u00e4r \u201dfast\u201d placerad i en kyrka.<\/p><p>Och anledning 2 \u2013 orgeln kan p\u00e5 s\u00e5 s\u00e4tt ocks\u00e5 motsvara de m\u00e5nga musikinstrument som f\u00f6rekommer i Psalm 150.<br \/>Orglar \u00e4r kyrkornas kronjuveler. S\u00e4rskilt under den gotiska tiden kunde de vara praktfullt dekorerade, och ju vackrare de var, desto mer ans\u00e5gs de \u00e4ra Gud.<br \/>Njut av dem och t\u00e4nk p\u00e5 att de finns d\u00e4r till Guds \u00e4ra. Lovsjung Honom med den vackraste musiken.<\/p><p> <\/p>\t\t\t\t\t\t\t\t<\/div>\n\t\t\t\t<\/div>\n\t\t\t\t<\/div>\n\t\t<div class=\"elementor-element elementor-element-db15718 e-con-full e-flex e-con e-child\" data-id=\"db15718\" data-element_type=\"container\" data-e-type=\"container\">\n\t\t\t\t<div class=\"elementor-element elementor-element-aff72e8 elementor-widget__width-initial elementor-widget elementor-widget-image\" data-id=\"aff72e8\" data-element_type=\"widget\" data-e-type=\"widget\" data-widget_type=\"image.default\">\n\t\t\t\t<div class=\"elementor-widget-container\">\n\t\t\t\t\t\t\t\t\t\t\t\t\t\t\t<img loading=\"lazy\" decoding=\"async\" width=\"682\" height=\"1024\" src=\"https:\/\/nederlandsetempeliers.nl\/wp-content\/uploads\/Psalm-150-682x1024.jpeg\" class=\"attachment-large size-large wp-image-12814\" alt=\"\u00d6ppen bibel med Psalm 150, d\u00e4r man uppmanas att lova Gud med olika musikinstrument, d\u00e4ribland i denna \u00e4ldre \u00f6vers\u00e4ttning \u00e4ven ordet orgel.\" srcset=\"https:\/\/nederlandsetempeliers.nl\/wp-content\/uploads\/Psalm-150-682x1024.jpeg 682w, https:\/\/nederlandsetempeliers.nl\/wp-content\/uploads\/Psalm-150-200x300.jpeg 200w, https:\/\/nederlandsetempeliers.nl\/wp-content\/uploads\/Psalm-150-768x1154.jpeg 768w, https:\/\/nederlandsetempeliers.nl\/wp-content\/uploads\/Psalm-150.jpeg 1023w\" sizes=\"(max-width: 682px) 100vw, 682px\" \/>\t\t\t\t\t\t\t\t\t\t\t\t\t\t\t<\/div>\n\t\t\t\t<\/div>\n\t\t\t\t<\/div>\n\t\t\t\t\t<\/div>\n\t\t\t\t<\/div>\n\t\t<div class=\"elementor-element elementor-element-83593ca e-flex e-con-boxed e-con e-parent\" data-id=\"83593ca\" data-element_type=\"container\" data-e-type=\"container\">\n\t\t\t\t\t<div class=\"e-con-inner\">\n\t\t\t\t<div class=\"elementor-element elementor-element-e4fa091 elementor-widget elementor-widget-text-editor\" data-id=\"e4fa091\" data-element_type=\"widget\" data-e-type=\"widget\" data-widget_type=\"text-editor.default\">\n\t\t\t\t<div class=\"elementor-widget-container\">\n\t\t\t\t\t\t\t\t\t<p>Precis som en kyrka \u201dv\u00e4xer\u201d genom \u00e5rhundradena, v\u00e4xer ocks\u00e5 orgeln tillsammans med kyrkan. En orgel kr\u00e4ver mycket underh\u00e5ll och ungef\u00e4r en g\u00e5ng per \u00e5rhundrade beh\u00f6vs ofta en omfattande restaurering om den ska kunna forts\u00e4tta att spelas. Vid varje restaurering anpassas den, d\u00e4r det \u00e4r m\u00f6jligt, efter tidens \u00f6nskem\u00e5l. Det inneb\u00e4r ofta att orgeln forts\u00e4tter att \u201dv\u00e4xa\u201d: fler m\u00f6jligheter, fler funktioner. D\u00e4rf\u00f6r brukar orgeln ibland beskrivas som en v\u00e4xande diamant \u2013 allt vackrare, allt rikare.<\/p><p>HISTORIA<br \/>Den som tror att orgeln uppstod n\u00e5gon g\u00e5ng under medeltiden b\u00f6r veta att dess tidiga ursprung redan finns hos de gamla grekerna. Fanns det allts\u00e5 redan en orgel p\u00e5 Jesu tid? Ja, i en viss form. Men inte en orgel s\u00e5dan som vi k\u00e4nner den idag. Under \u00e5rhundradena har orgeln f\u00f6r\u00e4ndrats mycket.<br \/>F\u00f6r dess uppkomst g\u00e5r vi tillbaka till omkring 246 f.Kr. Ktesibios, en vetenskapsman och uppfinnare fr\u00e5n Egypten, uppfann d\u00e5 orgeln.<br \/><\/p><p>Han fick id\u00e9n genom herdar som han s\u00e5g spela p\u00e5 panfl\u00f6jt: en rad sm\u00e5 pipor som var sammanbundna bredvid varandra. Panfl\u00f6jtens namn kommer fr\u00e5n den grekiske guden Pan. Han var en faun: Pan hade underkropp och horn som en get, men m\u00e4nsklig \u00f6verkropp. Dessutom hade han ett l\u00e5ngt smalt ansikte, en stor n\u00e4sa och gula \u00f6gon.<br \/>Den st\u00e4ndigt k\u00e5ta skogsguden Pan hade f\u00e5tt upp \u00f6gonen f\u00f6r den kyska nymfen Syrinx, en f\u00f6ljeslagare till gudinnan Diana. Hon ville absolut inte ha honom, men Pan lyssnade inte utan jagade efter henne.<br \/>Till slut kom hon till floden Ladon i Grekland och kunde inte komma l\u00e4ngre. Pan trodde att han nu kunde \u00f6vermanna henne. I sin f\u00f6rtvivlan f\u00f6ll hon p\u00e5 kn\u00e4 och bad gudarna att hon skulle f\u00e5 f\u00f6rbli jungfru. Hennes b\u00f6n blev h\u00f6rd och precis i tid f\u00f6rvandlades hon till vass.<\/p>\t\t\t\t\t\t\t\t<\/div>\n\t\t\t\t<\/div>\n\t\t\t\t\t<\/div>\n\t\t\t\t<\/div>\n\t\t<div class=\"elementor-element elementor-element-9c7c476 e-flex e-con-boxed e-con e-parent\" data-id=\"9c7c476\" data-element_type=\"container\" data-e-type=\"container\">\n\t\t\t\t\t<div class=\"e-con-inner\">\n\t\t\t\t<div class=\"elementor-element elementor-element-4f39646 elementor-widget elementor-widget-image\" data-id=\"4f39646\" data-element_type=\"widget\" data-e-type=\"widget\" data-widget_type=\"image.default\">\n\t\t\t\t<div class=\"elementor-widget-container\">\n\t\t\t\t\t\t\t\t\t\t\t\t\t\t\t<img loading=\"lazy\" decoding=\"async\" width=\"800\" height=\"600\" src=\"https:\/\/nederlandsetempeliers.nl\/wp-content\/uploads\/Pan-en-nimpf-Sirinx-1024x768.jpeg\" class=\"attachment-large size-large wp-image-12815\" alt=\"Bl\u00e5tonad scen ur den grekiska mytologin d\u00e4r skogsguden Pan, med getben och panfl\u00f6jt, f\u00f6rf\u00f6ljer nymfen Syrinx; vid floden f\u00f6rvandlas hon till vass medan hon str\u00e4cker sina armar mot gudarna.\" srcset=\"https:\/\/nederlandsetempeliers.nl\/wp-content\/uploads\/Pan-en-nimpf-Sirinx-1024x768.jpeg 1024w, https:\/\/nederlandsetempeliers.nl\/wp-content\/uploads\/Pan-en-nimpf-Sirinx-300x225.jpeg 300w, https:\/\/nederlandsetempeliers.nl\/wp-content\/uploads\/Pan-en-nimpf-Sirinx-768x576.jpeg 768w, https:\/\/nederlandsetempeliers.nl\/wp-content\/uploads\/Pan-en-nimpf-Sirinx.jpeg 1448w\" sizes=\"(max-width: 800px) 100vw, 800px\" \/>\t\t\t\t\t\t\t\t\t\t\t\t\t\t\t<\/div>\n\t\t\t\t<\/div>\n\t\t\t\t\t<\/div>\n\t\t\t\t<\/div>\n\t\t<div class=\"elementor-element elementor-element-f53f7a6 e-flex e-con-boxed e-con e-parent\" data-id=\"f53f7a6\" data-element_type=\"container\" data-e-type=\"container\">\n\t\t\t\t\t<div class=\"e-con-inner\">\n\t\t\t\t<div class=\"elementor-element elementor-element-f700b88 elementor-widget elementor-widget-text-editor\" data-id=\"f700b88\" data-element_type=\"widget\" data-e-type=\"widget\" data-widget_type=\"text-editor.default\">\n\t\t\t\t<div class=\"elementor-widget-container\">\n\t\t\t\t\t\t\t\t\t<p>Pan gav upp och bl\u00e5ste frustrerat \u00f6ver vassen, som d\u00e5 gav ifr\u00e5n sig toner. Han skar av vassr\u00f6ren och gjorde en panfl\u00f6jt av dem. De gamla grekerna kallade denna panfl\u00f6jt Syrinx.<\/p><p>Pan skapade m\u00e5nga mystiska ljud i skogarna som skr\u00e4mde herdarna och deras hjordar, liksom m\u00e4nniskor p\u00e5 avl\u00e4gsna platser. D\u00e4rifr\u00e5n kommer f\u00f6rklaringen till ordet panik. Panisk r\u00e4dsla \u00e4r en pl\u00f6tslig, allm\u00e4n men ofta ogrundad skr\u00e4ck. D\u00e4rf\u00f6r gjorde man klokt i att h\u00e5lla sig v\u00e4l med Pan.<br \/>Fr\u00e5n medeltiden b\u00f6rjade vissa av Pans yttre k\u00e4nnetecken \u2013 bockben, horn och djurlika drag \u2013 ocks\u00e5 anv\u00e4ndas i framst\u00e4llningar av demoner och dj\u00e4vulen. Mycket senare fick \u00e4ven den litter\u00e4ra gestalten Peter Pan drag som p\u00e5minner om den klassiske Pan.<\/p>\t\t\t\t\t\t\t\t<\/div>\n\t\t\t\t<\/div>\n\t\t\t\t\t<\/div>\n\t\t\t\t<\/div>\n\t\t<div class=\"elementor-element elementor-element-00f657d e-flex e-con-boxed e-con e-parent\" data-id=\"00f657d\" data-element_type=\"container\" data-e-type=\"container\">\n\t\t\t\t\t<div class=\"e-con-inner\">\n\t\t<div class=\"elementor-element elementor-element-1c1b338 e-con-full e-flex e-con e-child\" data-id=\"1c1b338\" data-element_type=\"container\" data-e-type=\"container\">\n\t\t\t\t<div class=\"elementor-element elementor-element-4e338d7 elementor-widget__width-initial elementor-widget elementor-widget-image\" data-id=\"4e338d7\" data-element_type=\"widget\" data-e-type=\"widget\" data-widget_type=\"image.default\">\n\t\t\t\t<div class=\"elementor-widget-container\">\n\t\t\t\t\t\t\t\t\t\t\t\t\t\t\t<img loading=\"lazy\" decoding=\"async\" width=\"189\" height=\"329\" src=\"https:\/\/nederlandsetempeliers.nl\/wp-content\/uploads\/Peter-pan-Zweeds-.jpeg\" class=\"attachment-large size-large wp-image-12916\" alt=\"Sverige - Tecknad figur av Peter Pan i gr\u00f6n dr\u00e4kt och r\u00f6d m\u00f6ssa, sittande p\u00e5 ett kn\u00e4 medan han spelar p\u00e5 en panfl\u00f6jt av tr\u00e4.\" srcset=\"https:\/\/nederlandsetempeliers.nl\/wp-content\/uploads\/Peter-pan-Zweeds-.jpeg 189w, https:\/\/nederlandsetempeliers.nl\/wp-content\/uploads\/Peter-pan-Zweeds--172x300.jpeg 172w\" sizes=\"(max-width: 189px) 100vw, 189px\" \/>\t\t\t\t\t\t\t\t\t\t\t\t\t\t\t<\/div>\n\t\t\t\t<\/div>\n\t\t\t\t<\/div>\n\t\t<div class=\"elementor-element elementor-element-ee236a3 e-con-full e-flex e-con e-child\" data-id=\"ee236a3\" data-element_type=\"container\" data-e-type=\"container\">\n\t\t\t\t<div class=\"elementor-element elementor-element-1d0c50e elementor-widget elementor-widget-text-editor\" data-id=\"1d0c50e\" data-element_type=\"widget\" data-e-type=\"widget\" data-widget_type=\"text-editor.default\">\n\t\t\t\t<div class=\"elementor-widget-container\">\n\t\t\t\t\t\t\t\t\t<p>I hydraulisen var det luft som fick piporna att ljuda, medan vatten hj\u00e4lpte till att reglera lufttrycket. D\u00e4rifr\u00e5n kommer namnet vattenorgel. Instrumentet kallades d\u00e4rf\u00f6r hydraulis \u2013 \u00e4ven hydraulos, hydraulikon, organon eller hydraulus \u2013 ord som ungef\u00e4r betyder vattenpipa eller vattenfl\u00f6jt. \ud83d\udc49\ud83c\udffb<\/p><p>Den grekiske vetenskapsmannen Ktesibios uppfann ocks\u00e5 vattenuret. P\u00e5 den tiden hade man fr\u00e4mst soluret f\u00f6r att m\u00e4ta tiden. Ganska opraktiskt n\u00e4r det var natt eller molnigt.<\/p>\t\t\t\t\t\t\t\t<\/div>\n\t\t\t\t<\/div>\n\t\t\t\t<\/div>\n\t\t<div class=\"elementor-element elementor-element-11ef88d e-con-full e-flex e-con e-child\" data-id=\"11ef88d\" data-element_type=\"container\" data-e-type=\"container\">\n\t\t\t\t<div class=\"elementor-element elementor-element-3632348 elementor-widget elementor-widget-image\" data-id=\"3632348\" data-element_type=\"widget\" data-e-type=\"widget\" data-widget_type=\"image.default\">\n\t\t\t\t<div class=\"elementor-widget-container\">\n\t\t\t\t\t\t\t\t\t\t\t\t\t\t\t<img loading=\"lazy\" decoding=\"async\" width=\"214\" height=\"236\" src=\"https:\/\/nederlandsetempeliers.nl\/wp-content\/uploads\/Hydraulis-van-Ktesibios.jpeg\" class=\"attachment-large size-large wp-image-12817\" alt=\"Svartvit teknisk rekonstruktionsteckning av en antik hydraulis, Ktesibios vattenorgel, med en rad vertikala pipor och mekanismen d\u00e4r vatten hj\u00e4lper till att reglera lufttrycket.\" \/>\t\t\t\t\t\t\t\t\t\t\t\t\t\t\t<\/div>\n\t\t\t\t<\/div>\n\t\t\t\t<\/div>\n\t\t\t\t\t<\/div>\n\t\t\t\t<\/div>\n\t\t<div class=\"elementor-element elementor-element-3713b9b e-flex e-con-boxed e-con e-parent\" data-id=\"3713b9b\" data-element_type=\"container\" data-e-type=\"container\">\n\t\t\t\t\t<div class=\"e-con-inner\">\n\t\t\t\t<div class=\"elementor-element elementor-element-b7f657d elementor-widget elementor-widget-text-editor\" data-id=\"b7f657d\" data-element_type=\"widget\" data-e-type=\"widget\" data-widget_type=\"text-editor.default\">\n\t\t\t\t<div class=\"elementor-widget-container\">\n\t\t\t\t\t\t\t\t\t<p>Det vi idag ibland kallar vattenorgel \u00e4r ett helt annat slags instrument, d\u00e4r orgelmusik spelas samtidigt som flera font\u00e4ner r\u00f6r sig i takt med musiken. Ett v\u00e4lk\u00e4nt exempel finns p\u00e5 n\u00f6jesparken Efteling i Nederl\u00e4nderna. Det fungerar allts\u00e5 helt annorlunda \u00e4n Ktesibios orgel.<\/p><p>Tillbaka till orgelns f\u00f6rsta tid. Dessa instrument liknade \u00e4nnu inte alls de orglar som vi k\u00e4nner idag. De var sm\u00e5 och b\u00e4rbara, ibland monterade p\u00e5 en vagn s\u00e5 att de kunde f\u00f6lja med i parader eller kyrkliga processioner. Men de arbetade redan med luft.<\/p><p>Fr\u00e5n sm\u00e5 till stora kallades orglarna: portativ, positiv och kyrkorgel. Ett portativ kunde b\u00e4ras med. De n\u00e5got st\u00f6rre kunde ha ett st\u00f6dben. P\u00e5 s\u00e5 s\u00e4tt blev vikten mindre tung att b\u00e4ra och spelaren fick h\u00e4nderna friare: ena handen spelade och den andra sk\u00f6tte b\u00e4lgen.<br>Ett positiv \u00e4r en liten piporgel som inte b\u00e4rs medan den spelas utan placeras n\u00e5gonstans: p\u00e5 ett bord, ett stativ eller p\u00e5 golvet. Den har vanligtvis ett klaviatur och ett antal rader med pipor. Ordet positiv kommer fr\u00e5n latinets ponere \u2013 \u201datt st\u00e4lla ned\u201d. Bokstavligen allts\u00e5: en orgel som man st\u00e4ller ned, till skillnad fr\u00e5n ett portativ som man b\u00e4r.<br>Senare blev orglarna allt st\u00f6rre och allt mer praktfullt utsmyckade. Till slut blev de s\u00e5 stora att de varken kunde b\u00e4ras eller f\u00e5 plats p\u00e5 en vagn. <br>D\u00e5 fick de en fast plats i kyrkan. Musiken var vacker och l\u00e4mpade sig v\u00e4l f\u00f6r att sjunga psalmer till. Med orgeln kunde man f\u00f6rst\u00e5s ocks\u00e5 visa hur rik man var, men framf\u00f6r allt hur man \u00e4rade Gud.<\/p><p>Allts\u00e5 fr\u00e5n: \u201dJag b\u00e4r min orgel med mig.\u201d \ud83d\ude04<br data-start=\"691\" data-end=\"694\" \/>till: \u201dSt\u00e4ll den d\u00e4r.\u201d<br data-start=\"726\" data-end=\"729\" \/>och slutligen: \u201dN\u00e5\u2026 den h\u00e4r f\u00e5r vi verkligen inte l\u00e4ngre genom kyrkporten.\u201d<\/p>\t\t\t\t\t\t\t\t<\/div>\n\t\t\t\t<\/div>\n\t\t\t\t\t<\/div>\n\t\t\t\t<\/div>\n\t\t<div class=\"elementor-element elementor-element-80f2724 e-flex e-con-boxed e-con e-parent\" data-id=\"80f2724\" data-element_type=\"container\" data-e-type=\"container\">\n\t\t\t\t\t<div class=\"e-con-inner\">\n\t\t<div class=\"elementor-element elementor-element-a7f9467 e-con-full e-flex e-con e-child\" data-id=\"a7f9467\" data-element_type=\"container\" data-e-type=\"container\">\n\t\t\t\t<\/div>\n\t\t<div class=\"elementor-element elementor-element-1314289 e-con-full e-flex e-con e-child\" data-id=\"1314289\" data-element_type=\"container\" data-e-type=\"container\">\n\t\t\t\t<div class=\"elementor-element elementor-element-32cd798 elementor-widget elementor-widget-image\" data-id=\"32cd798\" data-element_type=\"widget\" data-e-type=\"widget\" data-widget_type=\"image.default\">\n\t\t\t\t<div class=\"elementor-widget-container\">\n\t\t\t\t\t\t\t\t\t\t\t\t\t\t\t<img loading=\"lazy\" decoding=\"async\" width=\"285\" height=\"415\" src=\"https:\/\/nederlandsetempeliers.nl\/wp-content\/uploads\/Aarietta-met-portatief-orgel.jpeg\" class=\"attachment-large size-large wp-image-12818\" alt=\"F\u00f6rgylld statyett av \u00e4ngeln Ari\u00ebtta, st\u00e5ende med ett litet b\u00e4rbart portativorgel framf\u00f6r sig, som en framst\u00e4llning av musik och \u00e4nglas\u00e5ng. ligger i den stora kyrkan i Breda, Nederl\u00e4nderna\" srcset=\"https:\/\/nederlandsetempeliers.nl\/wp-content\/uploads\/Aarietta-met-portatief-orgel.jpeg 285w, https:\/\/nederlandsetempeliers.nl\/wp-content\/uploads\/Aarietta-met-portatief-orgel-206x300.jpeg 206w\" sizes=\"(max-width: 285px) 100vw, 285px\" \/>\t\t\t\t\t\t\t\t\t\t\t\t\t\t\t<\/div>\n\t\t\t\t<\/div>\n\t\t\t\t<\/div>\n\t\t<div class=\"elementor-element elementor-element-aa3474c e-con-full e-flex e-con e-child\" data-id=\"aa3474c\" data-element_type=\"container\" data-e-type=\"container\">\n\t\t\t\t<div class=\"elementor-element elementor-element-022beff elementor-widget__width-initial elementor-widget elementor-widget-image\" data-id=\"022beff\" data-element_type=\"widget\" data-e-type=\"widget\" data-widget_type=\"image.default\">\n\t\t\t\t<div class=\"elementor-widget-container\">\n\t\t\t\t\t\t\t\t\t\t\t\t\t\t\t<img loading=\"lazy\" decoding=\"async\" width=\"472\" height=\"434\" src=\"https:\/\/nederlandsetempeliers.nl\/wp-content\/uploads\/Monniken-bespelen-een-positief-orgel.jpeg\" class=\"attachment-large size-large wp-image-12819\" alt=\"Medeltida bild av tv\u00e5 munkar vid en liten piporgel: den ena munken spelar p\u00e5 klaviaturen medan den andra bakom instrumentet sk\u00f6ter de stora b\u00e4lgarna.\" srcset=\"https:\/\/nederlandsetempeliers.nl\/wp-content\/uploads\/Monniken-bespelen-een-positief-orgel.jpeg 472w, https:\/\/nederlandsetempeliers.nl\/wp-content\/uploads\/Monniken-bespelen-een-positief-orgel-300x276.jpeg 300w\" sizes=\"(max-width: 472px) 100vw, 472px\" \/>\t\t\t\t\t\t\t\t\t\t\t\t\t\t\t<\/div>\n\t\t\t\t<\/div>\n\t\t\t\t<\/div>\n\t\t<div class=\"elementor-element elementor-element-bc51817 e-con-full e-flex e-con e-child\" data-id=\"bc51817\" data-element_type=\"container\" data-e-type=\"container\">\n\t\t\t\t<div class=\"elementor-element elementor-element-16031cb elementor-widget elementor-widget-text-editor\" data-id=\"16031cb\" data-element_type=\"widget\" data-e-type=\"widget\" data-widget_type=\"text-editor.default\">\n\t\t\t\t<div class=\"elementor-widget-container\">\n\t\t\t\t\t\t\t\t\t<p>\ud83d\udc48\ud83c\udffb \ud83d\udc48\ud83c\udffb \u00c4ngeln Ari\u00ebtta med ett portativ med st\u00f6dben.<br \/>F\u00f6r v\u00e5r unga orden: vill du f\u00e4rgl\u00e4gga henne sj\u00e4lv? Under \u201dUnga Orden\u201d hittar du en m\u00e5larbild av henne.<br \/>\ud83d\udc48\ud83c\udffb Munkar fr\u00e5n medeltiden med ett positiv.<\/p><p><\/p>\t\t\t\t\t\t\t\t<\/div>\n\t\t\t\t<\/div>\n\t\t\t\t<\/div>\n\t\t\t\t\t<\/div>\n\t\t\t\t<\/div>\n\t\t<div class=\"elementor-element elementor-element-7dc2216 e-flex e-con-boxed e-con e-parent\" data-id=\"7dc2216\" data-element_type=\"container\" data-e-type=\"container\">\n\t\t\t\t\t<div class=\"e-con-inner\">\n\t\t\t\t<div class=\"elementor-element elementor-element-306d153 elementor-widget elementor-widget-text-editor\" data-id=\"306d153\" data-element_type=\"widget\" data-e-type=\"widget\" data-widget_type=\"text-editor.default\">\n\t\t\t\t<div class=\"elementor-widget-container\">\n\t\t\t\t\t\t\t\t\t<p>De f\u00f6rsta orglarna hade inga register som gjorde det m\u00f6jligt att sl\u00e5 till och fr\u00e5n olika piprader. N\u00e5gon variation i klangf\u00e4rg eller ljudstyrka var d\u00e4rf\u00f6r inte m\u00f6jlig. F\u00f6r att \u00e4nd\u00e5 skapa variation byggde man bakom organisten ett andra orgelverk, det s\u00e5 kallade ryggpositivet.<\/p><p>Ibland placerades ocks\u00e5 ett andra verk ovanf\u00f6r det f\u00f6rsta: \u00f6ververket. F\u00f6r att ge h\u00e4nderna fler spelm\u00f6jligheter b\u00f6rjade de stora baspiporna i st\u00e4llet spelas med f\u00f6tterna: pedalen, som inf\u00f6rdes omkring 1470.<br \/>Omkring \u00e5r 1500 blev det m\u00f6jligt att sl\u00e5 till och fr\u00e5n olika piprader och d\u00e4rmed anv\u00e4nda betydligt fler klangf\u00e4rger \u2013 registren. Mekanismen styrs av organisten genom att dra ut eller skjuta in registerandragen bredvid eller ovanf\u00f6r spelbordet\/klaviaturen. Se de tv\u00e5 \u00f6versta fotografierna.<\/p><p>Orgeln n\u00e5dde omkring mitten av 1700-talet en s\u00e4rskild h\u00f6jdpunkt i sin utveckling. D\u00e4refter f\u00f6rs\u00f6kte man st\u00e4ndigt f\u00f6rb\u00e4ttra instrumentet och anpassa det till tidens krav och f\u00f6r\u00e4ndrade smak. Framf\u00f6r allt fick den industriella revolutionen stor betydelse.<br \/>I v\u00e5r egen tid har man p\u00e5 m\u00e5nga h\u00e5ll \u00e5terv\u00e4nt till byggnadss\u00e4ttet fr\u00e5n det mekaniska orgelns blomstringsperiod. Det viktigaste moderna tillskottet \u00e4r den elektriska orgelfl\u00e4kten. Den h\u00e5ller b\u00e4lgarna fyllda med orgelvind och gjorde att man kunde ta farv\u00e4l av orgeltramparen, eller kalkanten.<\/p><p>De delar som beh\u00f6vs f\u00f6r att en vanlig orgel ska fungera \u00e4r:<\/p><p>\u2022 Piporna.<br \/>\u2022 L\u00e5dan som piporna st\u00e5r p\u00e5: v\u00e4derl\u00e5dan.<br \/>\u2022 Kanalerna genom vilka piporna f\u00e5r sin luft.<br \/>\u2022 B\u00e4lgen, som skapar ett f\u00f6rr\u00e5d av luft och r\u00e4tt tryck p\u00e5 orgelvinden.<br \/>\u2022 Ventilerna som st\u00e4nger av lufttillf\u00f6rseln till piporna.<br \/>\u2022 Tangenterna som anv\u00e4nds f\u00f6r att \u00f6ppna och st\u00e4nga dessa ventiler.<br \/>\u2022 F\u00f6rbindelsen mellan tangent och ventil: trakturen.<br \/>\u2022 Spelbordet eller klaviaturen.<br \/>Ju st\u00f6rre orgeln \u00e4r, desto mer luft beh\u00f6ver den. P\u00e5 den tiden d\u00e5 elektricitet \u00e4nnu inte fanns anv\u00e4ndes d\u00e4rf\u00f6r orgeltrampare, kalkanter eller \u201dpumpare\u201d. Och vid en stor kyrkorgel fick de verkligen arbeta!<\/p>\t\t\t\t\t\t\t\t<\/div>\n\t\t\t\t<\/div>\n\t\t\t\t\t<\/div>\n\t\t\t\t<\/div>\n\t\t<div class=\"elementor-element elementor-element-618d868 e-flex e-con-boxed e-con e-parent\" data-id=\"618d868\" data-element_type=\"container\" data-e-type=\"container\">\n\t\t\t\t\t<div class=\"e-con-inner\">\n\t\t<div class=\"elementor-element elementor-element-1f48b10 e-con-full e-flex e-con e-child\" data-id=\"1f48b10\" data-element_type=\"container\" data-e-type=\"container\">\n\t\t\t\t<div class=\"elementor-element elementor-element-e5c1905 elementor-widget elementor-widget-image\" data-id=\"e5c1905\" data-element_type=\"widget\" data-e-type=\"widget\" data-widget_type=\"image.default\">\n\t\t\t\t<div class=\"elementor-widget-container\">\n\t\t\t\t\t\t\t\t\t\t\t\t\t\t\t<img loading=\"lazy\" decoding=\"async\" width=\"490\" height=\"1024\" src=\"https:\/\/nederlandsetempeliers.nl\/wp-content\/uploads\/Hillen-orgel-Grote-Kerk-Breda-490x1024.jpeg\" class=\"attachment-large size-large wp-image-12820\" alt=\"Hela fasaden p\u00e5 den monumentala Hillenorgeln i Grote Kerk i Breda, med h\u00f6ga silverf\u00e4rgade orgelpipor, bl\u00e5gr\u00f6na och f\u00f6rgyllda ornament, tv\u00e5 stora pedaltorn och l\u00e4ngst ned det rikt m\u00e5lade ryggpositivet med \u00f6ppna m\u00e5lade orgelluckor. Nederl\u00e4nderna\" srcset=\"https:\/\/nederlandsetempeliers.nl\/wp-content\/uploads\/Hillen-orgel-Grote-Kerk-Breda-490x1024.jpeg 490w, https:\/\/nederlandsetempeliers.nl\/wp-content\/uploads\/Hillen-orgel-Grote-Kerk-Breda-144x300.jpeg 144w, https:\/\/nederlandsetempeliers.nl\/wp-content\/uploads\/Hillen-orgel-Grote-Kerk-Breda-735x1536.jpeg 735w, https:\/\/nederlandsetempeliers.nl\/wp-content\/uploads\/Hillen-orgel-Grote-Kerk-Breda.jpeg 739w\" sizes=\"(max-width: 490px) 100vw, 490px\" \/>\t\t\t\t\t\t\t\t\t\t\t\t\t\t\t<\/div>\n\t\t\t\t<\/div>\n\t\t\t\t<\/div>\n\t\t<div class=\"elementor-element elementor-element-7c5ed99 e-con-full e-flex e-con e-child\" data-id=\"7c5ed99\" data-element_type=\"container\" data-e-type=\"container\">\n\t\t\t\t<div class=\"elementor-element elementor-element-b363b55 elementor-widget elementor-widget-text-editor\" data-id=\"b363b55\" data-element_type=\"widget\" data-e-type=\"widget\" data-widget_type=\"text-editor.default\">\n\t\t\t\t<div class=\"elementor-widget-container\">\n\t\t\t\t\t\t\t\t\t <figure id=\"attachment_12667\" aria-describedby=\"caption-attachment-12667\" style=\"width: 211px\" class=\"wp-caption alignright\"><img loading=\"lazy\" decoding=\"async\" class=\"size-medium wp-image-12667\" src=\"https:\/\/nederlandsetempeliers.nl\/wp-content\/uploads\/Hoogte-van-orgelpijpen-211x300.jpeg\" alt=\"H\u00f6jd p\u00e5 orgelpipor\" width=\"211\" height=\"300\" srcset=\"https:\/\/nederlandsetempeliers.nl\/wp-content\/uploads\/Hoogte-van-orgelpijpen-211x300.jpeg 211w, https:\/\/nederlandsetempeliers.nl\/wp-content\/uploads\/Hoogte-van-orgelpijpen.jpeg 402w\" sizes=\"(max-width: 211px) 100vw, 211px\" \/><figcaption id=\"caption-attachment-12667\" class=\"wp-caption-text\">H\u00f6jd p\u00e5 orgelpipor<\/figcaption><\/figure><p>Ta till exempel denna majest\u00e4tiska Hillenorgel i Grote Kerk i Breda, som redan f\u00f6re mekaniseringen hade en j\u00e4mf\u00f6rbar storlek.<br \/>De tv\u00e5 yttersta kolumnerna med stora pipor \u00e4r pedalpipor, som spelas med pedalen\/f\u00f6tterna. Det \u00e4r 16-fotspipor, allts\u00e5 omkring 5 meter h\u00f6ga och cirka 10 cm i diameter. Sj\u00e4lva orgeln \u00e4r 23 meter h\u00f6g!<br \/>Det handlar om pipor f\u00f6r de allra l\u00e4gsta tonerna, som beh\u00f6ver enorma m\u00e4ngder luft. Inte bara f\u00f6r att de \u00e4r l\u00e5nga, utan framf\u00f6r allt eftersom s\u00e5 stora pipor m\u00e5ste h\u00e5lla en rej\u00e4l luftkolumn i r\u00f6relse.<br \/>Och naturligtvis finns inte bara dessa tolv stora pipor. Resten av orgeln kommer ovanp\u00e5 det: totalt 3780 orgelpipor.<\/p><p>Vid en stor historisk orgel som denna fanns det allts\u00e5 ett rej\u00e4lt luftf\u00f6rs\u00f6rjningssystem med stora b\u00e4lgar bakom instrumentet. Orgeltramparna beh\u00f6vde lyckligtvis inte pumpa direkt \u201df\u00f6r varje pipa f\u00f6r sig\u201d; de h\u00f6ll de stora f\u00f6rr\u00e5dsb\u00e4lgarna under tryck. Dessa b\u00e4lgar fungerade som ett slags luftreservoar. Men s\u00e5 snart organisten drog m\u00e5nga register, spelade ackord och framf\u00f6r allt anv\u00e4nde det tunga pedalverket, minskade luftf\u00f6rr\u00e5det snabbare och kalkantarna fick arbeta ordentligt.<\/p>\t\t\t\t\t\t\t\t<\/div>\n\t\t\t\t<\/div>\n\t\t\t\t<\/div>\n\t\t\t\t\t<\/div>\n\t\t\t\t<\/div>\n\t\t<div class=\"elementor-element elementor-element-66e4e04 e-flex e-con-boxed e-con e-parent\" data-id=\"66e4e04\" data-element_type=\"container\" data-e-type=\"container\">\n\t\t\t\t\t<div class=\"e-con-inner\">\n\t\t\t\t<div class=\"elementor-element elementor-element-5d3d5ca elementor-widget elementor-widget-text-editor\" data-id=\"5d3d5ca\" data-element_type=\"widget\" data-e-type=\"widget\" data-widget_type=\"text-editor.default\">\n\t\t\t\t<div class=\"elementor-widget-container\">\n\t\t\t\t\t\t\t\t\t<p>I ett stort historiskt orgel som detta beh\u00f6vdes d\u00e4rf\u00f6r ett rej\u00e4lt luftf\u00f6rs\u00f6rjningssystem med stora b\u00e4lgar bakom instrumentet. Orgeltramparna beh\u00f6vde lyckligtvis inte pumpa \u201df\u00f6r varje pipa f\u00f6r sig\u201d; de h\u00f6ll de stora f\u00f6rr\u00e5dsb\u00e4lgarna under tryck.<\/p><p>B\u00e4lgarna fungerade som ett slags luftreservoar. Men n\u00e4r organisten drog m\u00e5nga register, spelade ackord och framf\u00f6r allt anv\u00e4nde den tunga pedalen t\u00f6mdes luftf\u00f6rr\u00e5det snabbare och kalkantarna fick arbeta ordentligt.<br \/>Vid full musik var det allts\u00e5 inte ett arbete d\u00e4r man lugnt trampade p\u00e5 en pedal en g\u00e5ng i minuten. Luftf\u00f6rr\u00e5det m\u00e5ste verkligen h\u00e5llas uppe.<br \/>Vid stora orglar kunde flera kalkanter beh\u00f6vas samtidigt. D\u00e4rf\u00f6r finns det vid vissa historiska orglar fortfarande sp\u00e5r av hur organisten kommunicerade med orgeltramparna: en liten klocka, signal, visare eller n\u00e5got annat s\u00e4tt att s\u00e4ga:<br \/>Vind!<br \/>N\u00e4r ett tungt pedalregister anv\u00e4ndes kraftigt stod allts\u00e5 m\u00e4nniskor nere bakom eller under orgeln och arbetade bokstavligen f\u00f6r att den enorma bastonen skulle kunna klinga h\u00f6gt uppe i kyrkan.<br \/>Idag trycker man p\u00e5 en str\u00f6mbrytare och h\u00f6r woooooosh.<br \/>F\u00f6rr stod det helt enkelt n\u00e5gon bakom samma ljud och svettades. \ud83c\udfb6<\/p>\t\t\t\t\t\t\t\t<\/div>\n\t\t\t\t<\/div>\n\t\t\t\t\t<\/div>\n\t\t\t\t<\/div>\n\t\t<div class=\"elementor-element elementor-element-6824bbd e-flex e-con-boxed e-con e-parent\" data-id=\"6824bbd\" data-element_type=\"container\" data-e-type=\"container\">\n\t\t\t\t\t<div class=\"e-con-inner\">\n\t\t<div class=\"elementor-element elementor-element-67701b5 e-con-full e-flex e-con e-child\" data-id=\"67701b5\" data-element_type=\"container\" data-e-type=\"container\">\n\t\t\t\t<\/div>\n\t\t<div class=\"elementor-element elementor-element-119c7c5 e-con-full e-flex e-con e-child\" data-id=\"119c7c5\" data-element_type=\"container\" data-e-type=\"container\">\n\t\t\t\t<div class=\"elementor-element elementor-element-a142715 elementor-widget elementor-widget-image\" data-id=\"a142715\" data-element_type=\"widget\" data-e-type=\"widget\" data-widget_type=\"image.default\">\n\t\t\t\t<div class=\"elementor-widget-container\">\n\t\t\t\t\t\t\t\t\t\t\t\t\t\t\t<img loading=\"lazy\" decoding=\"async\" width=\"590\" height=\"814\" src=\"https:\/\/nederlandsetempeliers.nl\/wp-content\/uploads\/orgeltrappers.jpeg\" class=\"attachment-large size-large wp-image-12821\" alt=\"Historisk svartvit bild av tv\u00e5 orgeltrampare som med f\u00f6tterna st\u00e5r p\u00e5 l\u00e5nga tr\u00e4spakar f\u00f6r att f\u00f6rse orgelns stora b\u00e4lgar med luft.\" srcset=\"https:\/\/nederlandsetempeliers.nl\/wp-content\/uploads\/orgeltrappers.jpeg 590w, https:\/\/nederlandsetempeliers.nl\/wp-content\/uploads\/orgeltrappers-217x300.jpeg 217w\" sizes=\"(max-width: 590px) 100vw, 590px\" \/>\t\t\t\t\t\t\t\t\t\t\t\t\t\t\t<\/div>\n\t\t\t\t<\/div>\n\t\t\t\t<\/div>\n\t\t<div class=\"elementor-element elementor-element-dc43abb e-con-full e-flex e-con e-child\" data-id=\"dc43abb\" data-element_type=\"container\" data-e-type=\"container\">\n\t\t\t\t<div class=\"elementor-element elementor-element-7ffe397 elementor-widget__width-initial elementor-widget elementor-widget-image\" data-id=\"7ffe397\" data-element_type=\"widget\" data-e-type=\"widget\" data-widget_type=\"image.default\">\n\t\t\t\t<div class=\"elementor-widget-container\">\n\t\t\t\t\t\t\t\t\t\t\t\t\t\t\t<img loading=\"lazy\" decoding=\"async\" width=\"800\" height=\"584\" src=\"https:\/\/nederlandsetempeliers.nl\/wp-content\/uploads\/Rutland_helder_detail-1024x748.jpg\" class=\"attachment-large size-large wp-image-12822\" alt=\"Medeltida miniatyr d\u00e4r en organist spelar p\u00e5 en piporgel medan en medhj\u00e4lpare bredvid instrumentet sk\u00f6ter en stor b\u00e4lg med f\u00f6tterna; p\u00e5 detta s\u00e4tt framst\u00e4lldes orgelvinden f\u00f6rr med m\u00e4nsklig kraft.\" srcset=\"https:\/\/nederlandsetempeliers.nl\/wp-content\/uploads\/Rutland_helder_detail-1024x748.jpg 1024w, https:\/\/nederlandsetempeliers.nl\/wp-content\/uploads\/Rutland_helder_detail-300x219.jpg 300w, https:\/\/nederlandsetempeliers.nl\/wp-content\/uploads\/Rutland_helder_detail-768x561.jpg 768w, https:\/\/nederlandsetempeliers.nl\/wp-content\/uploads\/Rutland_helder_detail-1536x1122.jpg 1536w, https:\/\/nederlandsetempeliers.nl\/wp-content\/uploads\/Rutland_helder_detail.jpg 1600w\" sizes=\"(max-width: 800px) 100vw, 800px\" \/>\t\t\t\t\t\t\t\t\t\t\t\t\t\t\t<\/div>\n\t\t\t\t<\/div>\n\t\t\t\t<\/div>\n\t\t<div class=\"elementor-element elementor-element-220003c e-con-full e-flex e-con e-child\" data-id=\"220003c\" data-element_type=\"container\" data-e-type=\"container\">\n\t\t\t\t<div class=\"elementor-element elementor-element-0956b0f elementor-widget elementor-widget-text-editor\" data-id=\"0956b0f\" data-element_type=\"widget\" data-e-type=\"widget\" data-widget_type=\"text-editor.default\">\n\t\t\t\t<div class=\"elementor-widget-container\">\n\t\t\t\t\t\t\t\t\t<pre><br><br><br><br><br><br><br><br><\/pre><p>\ud83d\udc48\ud83c\udffb orgeltrampare eller<br \/>kalkanter<\/p>\t\t\t\t\t\t\t\t<\/div>\n\t\t\t\t<\/div>\n\t\t\t\t<\/div>\n\t\t\t\t\t<\/div>\n\t\t\t\t<\/div>\n\t\t<div class=\"elementor-element elementor-element-13dff2d e-flex e-con-boxed e-con e-parent\" data-id=\"13dff2d\" data-element_type=\"container\" data-e-type=\"container\">\n\t\t\t\t\t<div class=\"e-con-inner\">\n\t\t\t\t<div class=\"elementor-element elementor-element-2c86efc elementor-widget elementor-widget-text-editor\" data-id=\"2c86efc\" data-element_type=\"widget\" data-e-type=\"widget\" data-widget_type=\"text-editor.default\">\n\t\t\t\t<div class=\"elementor-widget-container\">\n\t\t\t\t\t\t\t\t\t<p>Orgelns indelning<br \/>Ett orgel av den h\u00e4r storleken har flera klaviaturer, s\u00e5 kallade manualer. Manual betyder att n\u00e5got spelas med h\u00e4nderna. Vi h\u00e5ller oss till den h\u00e4r orgeln: spelbordet har fyra manualer.<br \/>Dessutom har orgeln ett pedalverk som spelas med f\u00f6tterna.<\/p>\t\t\t\t\t\t\t\t<\/div>\n\t\t\t\t<\/div>\n\t\t\t\t\t<\/div>\n\t\t\t\t<\/div>\n\t\t<div class=\"elementor-element elementor-element-f3f7d68 e-flex e-con-boxed e-con e-parent\" data-id=\"f3f7d68\" data-element_type=\"container\" data-e-type=\"container\">\n\t\t\t\t\t<div class=\"e-con-inner\">\n\t\t<div class=\"elementor-element elementor-element-cd72e6e e-con-full e-flex e-con e-child\" data-id=\"cd72e6e\" data-element_type=\"container\" data-e-type=\"container\">\n\t\t\t\t<\/div>\n\t\t<div class=\"elementor-element elementor-element-7f9ae64 e-con-full e-flex e-con e-child\" data-id=\"7f9ae64\" data-element_type=\"container\" data-e-type=\"container\">\n\t\t\t\t<div class=\"elementor-element elementor-element-e4241e4 elementor-widget elementor-widget-image\" data-id=\"e4241e4\" data-element_type=\"widget\" data-e-type=\"widget\" data-widget_type=\"image.default\">\n\t\t\t\t<div class=\"elementor-widget-container\">\n\t\t\t\t\t\t\t\t\t\t\t\t\t\t\t<img loading=\"lazy\" decoding=\"async\" width=\"800\" height=\"604\" src=\"https:\/\/nederlandsetempeliers.nl\/wp-content\/uploads\/pendalen.jpeg\" class=\"attachment-large size-large wp-image-12823\" alt=\"N\u00e4rbild av det tr\u00e4pedalklaviatur som finns p\u00e5 en orgel, med l\u00e5nga ljusa och m\u00f6rka pedaltangenter som organisten spelar med b\u00e5da f\u00f6tterna.\" srcset=\"https:\/\/nederlandsetempeliers.nl\/wp-content\/uploads\/pendalen.jpeg 961w, https:\/\/nederlandsetempeliers.nl\/wp-content\/uploads\/pendalen-300x227.jpeg 300w, https:\/\/nederlandsetempeliers.nl\/wp-content\/uploads\/pendalen-768x580.jpeg 768w\" sizes=\"(max-width: 800px) 100vw, 800px\" \/>\t\t\t\t\t\t\t\t\t\t\t\t\t\t\t<\/div>\n\t\t\t\t<\/div>\n\t\t\t\t<\/div>\n\t\t<div class=\"elementor-element elementor-element-39eb06c e-con-full e-flex e-con e-child\" data-id=\"39eb06c\" data-element_type=\"container\" data-e-type=\"container\">\n\t\t\t\t<div class=\"elementor-element elementor-element-5e64631 elementor-widget elementor-widget-text-editor\" data-id=\"5e64631\" data-element_type=\"widget\" data-e-type=\"widget\" data-widget_type=\"text-editor.default\">\n\t\t\t\t<div class=\"elementor-widget-container\">\n\t\t\t\t\t\t\t\t\t<pre>\ud83d\udc48\ud83c\udffb Pedalerna spelas med f\u00f6tterna. <br> \ud83d\udc49\ud83c\udffb<br>Spelbord med fyra klaviaturer, allts\u00e5 fyra manualer. Orgelbyggare numrerar manualerna nerifr\u00e5n och upp.<\/pre>\t\t\t\t\t\t\t\t<\/div>\n\t\t\t\t<\/div>\n\t\t\t\t<\/div>\n\t\t<div class=\"elementor-element elementor-element-93024dd e-con-full e-flex e-con e-child\" data-id=\"93024dd\" data-element_type=\"container\" data-e-type=\"container\">\n\t\t\t\t<div class=\"elementor-element elementor-element-ca83dd4 elementor-widget elementor-widget-image\" data-id=\"ca83dd4\" data-element_type=\"widget\" data-e-type=\"widget\" data-widget_type=\"image.default\">\n\t\t\t\t<div class=\"elementor-widget-container\">\n\t\t\t\t\t\t\t\t\t\t\t\t\t\t\t<img loading=\"lazy\" decoding=\"async\" width=\"800\" height=\"498\" src=\"https:\/\/nederlandsetempeliers.nl\/wp-content\/uploads\/Manualen-1024x638.jpeg\" class=\"attachment-large size-large wp-image-12824\" alt=\"Spelbordet p\u00e5 en stor orgel med fyra manualer placerade ovanf\u00f6r varandra, omgivet av m\u00e5nga svarta registerknappar; organistens h\u00e4nder spelar p\u00e5 en av klaviaturerna.\" srcset=\"https:\/\/nederlandsetempeliers.nl\/wp-content\/uploads\/Manualen-1024x638.jpeg 1024w, https:\/\/nederlandsetempeliers.nl\/wp-content\/uploads\/Manualen-300x187.jpeg 300w, https:\/\/nederlandsetempeliers.nl\/wp-content\/uploads\/Manualen-768x479.jpeg 768w, https:\/\/nederlandsetempeliers.nl\/wp-content\/uploads\/Manualen.jpeg 1059w\" sizes=\"(max-width: 800px) 100vw, 800px\" \/>\t\t\t\t\t\t\t\t\t\t\t\t\t\t\t<\/div>\n\t\t\t\t<\/div>\n\t\t\t\t<\/div>\n\t\t\t\t\t<\/div>\n\t\t\t\t<\/div>\n\t\t<div class=\"elementor-element elementor-element-25ae14e e-flex e-con-boxed e-con e-parent\" data-id=\"25ae14e\" data-element_type=\"container\" data-e-type=\"container\">\n\t\t\t\t\t<div class=\"e-con-inner\">\n\t\t\t\t<div class=\"elementor-element elementor-element-8ecb7cf elementor-widget elementor-widget-text-editor\" data-id=\"8ecb7cf\" data-element_type=\"widget\" data-e-type=\"widget\" data-widget_type=\"text-editor.default\">\n\t\t\t\t<div class=\"elementor-widget-container\">\n\t\t\t\t\t\t\t\t\t<p>N\u00e4r orgeln inte spelas ligger en gammal skyddsduk \u00f6ver klaviaturen. Latintexten p\u00e5 den kommer fr\u00e5n Ars Poetica av den romerske diktaren Horatius. D\u00e4r skriver han bland annat att den som vill ber\u00f6ra en annan m\u00e4nniska f\u00f6rst sj\u00e4lv m\u00e5ste vara ber\u00f6rd.<br \/>Ord, k\u00e4nsla och framf\u00f6rande m\u00e5ste passa ihop. En ovanligt passande tanke p\u00e5 en plats d\u00e4r musik just \u00e4r till f\u00f6r att f\u00f6rmedla n\u00e5got.<\/p>\t\t\t\t\t\t\t\t<\/div>\n\t\t\t\t<\/div>\n\t\t\t\t\t<\/div>\n\t\t\t\t<\/div>\n\t\t<div class=\"elementor-element elementor-element-d92053f e-flex e-con-boxed e-con e-parent\" data-id=\"d92053f\" data-element_type=\"container\" data-e-type=\"container\">\n\t\t\t\t\t<div class=\"e-con-inner\">\n\t\t<div class=\"elementor-element elementor-element-f8e07fc e-con-full e-flex e-con e-child\" data-id=\"f8e07fc\" data-element_type=\"container\" data-e-type=\"container\">\n\t\t\t\t<div class=\"elementor-element elementor-element-6c4d549 elementor-widget elementor-widget-text-editor\" data-id=\"6c4d549\" data-element_type=\"widget\" data-e-type=\"widget\" data-widget_type=\"text-editor.default\">\n\t\t\t\t<div class=\"elementor-widget-container\">\n\t\t\t\t\t\t\t\t\t<pre>Latijns: Si vis me flere, dolendum est primum ipsi tibi; tum tua me infortunia laedent, Telephe vel Peleu. Male si mandata loqueris, aut dormitabo aut ridebo.<br>Tristia maestum vultum verba decent, iratum plena minarum, ludentem lasciva, severum seria dictu.<br>Format enim natura prius nos intus ad omnem fortunarum habitum; iuvat aut impellit ad iram aut ad humum maerore gravi deducit et angit; post effert animi motus interprete lingua.<br>Nec sic incipies, ut scriptor cyclicus olim: \u201cFortunam Priami cantabo et nobile bellum.\u201d Quid dignum tanto feret hic promissor hiatu?<\/pre>\t\t\t\t\t\t\t\t<\/div>\n\t\t\t\t<\/div>\n\t\t\t\t<\/div>\n\t\t<div class=\"elementor-element elementor-element-9dc3c50 e-con-full e-flex e-con e-child\" data-id=\"9dc3c50\" data-element_type=\"container\" data-e-type=\"container\">\n\t\t\t\t<div class=\"elementor-element elementor-element-a6ceb43 elementor-widget elementor-widget-image\" data-id=\"a6ceb43\" data-element_type=\"widget\" data-e-type=\"widget\" data-widget_type=\"image.default\">\n\t\t\t\t<div class=\"elementor-widget-container\">\n\t\t\t\t\t\t\t\t\t\t\t\t\t\t\t<img loading=\"lazy\" decoding=\"async\" width=\"800\" height=\"600\" src=\"https:\/\/nederlandsetempeliers.nl\/wp-content\/uploads\/Doek-klavier-1024x768.jpg\" class=\"attachment-large size-large wp-image-12857\" alt=\"Tangentbordstyg p\u00e5 Hillen-orgeln &quot;Rektangul\u00e4rt svart skyddstyg med latinska bokst\u00e4ver i guld och koppar, graci\u00f6sa initialer och sm\u00e5 blommotiv. Tyget placeras \u00f6ver orgels klaviaturer n\u00e4r det inte spelas, som skydd mot damm. Texten best\u00e5r av avsnitt av den romerske poeten Horatius om k\u00e4nsla, framf\u00f6rande och kraften med vilken ord och konst kan f\u00f6rmedlas till n\u00e5gon annan.&quot;\" srcset=\"https:\/\/nederlandsetempeliers.nl\/wp-content\/uploads\/Doek-klavier-1024x768.jpg 1024w, https:\/\/nederlandsetempeliers.nl\/wp-content\/uploads\/Doek-klavier-300x225.jpg 300w, https:\/\/nederlandsetempeliers.nl\/wp-content\/uploads\/Doek-klavier-768x576.jpg 768w, https:\/\/nederlandsetempeliers.nl\/wp-content\/uploads\/Doek-klavier-1536x1152.jpg 1536w, https:\/\/nederlandsetempeliers.nl\/wp-content\/uploads\/Doek-klavier.jpg 1600w\" sizes=\"(max-width: 800px) 100vw, 800px\" \/>\t\t\t\t\t\t\t\t\t\t\t\t\t\t\t<\/div>\n\t\t\t\t<\/div>\n\t\t\t\t<\/div>\n\t\t\t\t\t<\/div>\n\t\t\t\t<\/div>\n\t\t<div class=\"elementor-element elementor-element-f0ab0f9 e-flex e-con-boxed e-con e-parent\" data-id=\"f0ab0f9\" data-element_type=\"container\" data-e-type=\"container\">\n\t\t\t\t\t<div class=\"e-con-inner\">\n\t\t\t\t<div class=\"elementor-element elementor-element-e9b806f elementor-widget elementor-widget-text-editor\" data-id=\"e9b806f\" data-element_type=\"widget\" data-e-type=\"widget\" data-widget_type=\"text-editor.default\">\n\t\t\t\t<div class=\"elementor-widget-container\">\n\t\t\t\t\t\t\t\t\t<p>\u00d6versatt:<br \/>Om du vill att jag ska gr\u00e5ta m\u00e5ste du sj\u00e4lv f\u00f6rst verkligen k\u00e4nna sorg; f\u00f6rst d\u00e5 kommer dina motg\u00e5ngar att ber\u00f6ra mig, Telephus eller Peleus. Om du framf\u00f6r dina ord d\u00e5ligt kommer jag antingen att somna eller b\u00f6rja skratta.<br \/>Sorgliga ord passar ett sorgset ansikte, hotfulla ord passar vrede, lekfulla ord passar gl\u00e4dje och allvarliga ord passar allvar.<br \/>Naturen formar f\u00f6rst v\u00e5ra k\u00e4nslor inom oss: den g\u00f6r oss glada, driver oss till vrede eller tynger oss till marken med djup sorg. D\u00e4refter l\u00e5ter tungan dessa inre r\u00f6relser komma till uttryck.<br \/>B\u00f6rja inte heller som en gammal episk diktare en g\u00e5ng gjorde:<br \/>\u201dJag skall besjunga Priamos \u00f6de och det ber\u00f6mda kriget.\u201d<br \/>Vad kan n\u00e5gon som b\u00f6rjar s\u00e5 enormt sedan \u00e5stadkomma som \u00e4r stort nog f\u00f6r ett s\u00e5dant l\u00f6fte?<\/p>\t\t\t\t\t\t\t\t<\/div>\n\t\t\t\t<\/div>\n\t\t\t\t\t<\/div>\n\t\t\t\t<\/div>\n\t\t<div class=\"elementor-element elementor-element-96fc554 e-flex e-con-boxed e-con e-parent\" data-id=\"96fc554\" data-element_type=\"container\" data-e-type=\"container\">\n\t\t\t\t\t<div class=\"e-con-inner\">\n\t\t\t\t<div class=\"elementor-element elementor-element-c83ae9e elementor-widget elementor-widget-text-editor\" data-id=\"c83ae9e\" data-element_type=\"widget\" data-e-type=\"widget\" data-widget_type=\"text-editor.default\">\n\t\t\t\t<div class=\"elementor-widget-container\">\n\t\t\t\t\t\t\t\t\t<p>F\u00f6r de fyra fotografierna nedan:<\/p><p>Manual 1 \u00e4r den nedersta manualen och h\u00f6r till ryggpositivet, foto 1.<\/p><p>Manual 2 \u00e4r den n\u00e4st nedersta manualen och h\u00f6r till huvudverket, foto 2.<\/p><p>Manual 3 h\u00f6r till \u00f6ververket. Detta verk finns h\u00f6gre upp i orgelhuset, bakom huvudverket, och \u00e4r d\u00e4rf\u00f6r inte synligt fr\u00e5n framsidan. Allts\u00e5 inget fotografi.<\/p><p>Manual 4 \u00e4r den \u00f6versta manualen och h\u00f6r till br\u00f6stverket, vilket visas p\u00e5 foto 3. P\u00e5 fotografiet \u00e4r luckorna st\u00e4ngda; bakom dem finns br\u00f6stverkets orgelpipor.<br \/>Pedalerna styr pedaltornen, som syns p\u00e5 det fj\u00e4rde fotografiet. De har en genomsnittlig h\u00f6jd p\u00e5 5 meter och en diameter p\u00e5 omkring 10 cm.<\/p> \t\t\t\t\t\t\t\t<\/div>\n\t\t\t\t<\/div>\n\t\t\t\t\t<\/div>\n\t\t\t\t<\/div>\n\t\t<div class=\"elementor-element elementor-element-5d02205 e-flex e-con-boxed e-con e-parent\" data-id=\"5d02205\" data-element_type=\"container\" data-e-type=\"container\">\n\t\t\t\t\t<div class=\"e-con-inner\">\n\t\t<div class=\"elementor-element elementor-element-5ade998 e-con-full e-flex e-con e-child\" data-id=\"5ade998\" data-element_type=\"container\" data-e-type=\"container\">\n\t\t\t\t<div class=\"elementor-element elementor-element-4098484 elementor-widget__width-initial elementor-widget elementor-widget-image\" data-id=\"4098484\" data-element_type=\"widget\" data-e-type=\"widget\" data-widget_type=\"image.default\">\n\t\t\t\t<div class=\"elementor-widget-container\">\n\t\t\t\t\t\t\t\t\t\t\t\t\t\t\t<img loading=\"lazy\" decoding=\"async\" width=\"482\" height=\"1024\" src=\"https:\/\/nederlandsetempeliers.nl\/wp-content\/uploads\/Rugwerk-luiken-1-482x1024.jpeg\" class=\"attachment-large size-large wp-image-12825\" alt=\"Hillenorgelns fasad i svartvitt, d\u00e4r endast det rikt utsmyckade ryggpositivet l\u00e4ngst ned visas i f\u00e4rg, med bl\u00e5gr\u00f6na och gyllene ornament och \u00f6ppna m\u00e5lade orgelluckor.\" srcset=\"https:\/\/nederlandsetempeliers.nl\/wp-content\/uploads\/Rugwerk-luiken-1-482x1024.jpeg 482w, https:\/\/nederlandsetempeliers.nl\/wp-content\/uploads\/Rugwerk-luiken-1-141x300.jpeg 141w, https:\/\/nederlandsetempeliers.nl\/wp-content\/uploads\/Rugwerk-luiken-1-723x1536.jpeg 723w, https:\/\/nederlandsetempeliers.nl\/wp-content\/uploads\/Rugwerk-luiken-1.jpeg 753w\" sizes=\"(max-width: 482px) 100vw, 482px\" \/>\t\t\t\t\t\t\t\t\t\t\t\t\t\t\t<\/div>\n\t\t\t\t<\/div>\n\t\t\t\t<\/div>\n\t\t<div class=\"elementor-element elementor-element-acc3560 e-con-full e-flex e-con e-child\" data-id=\"acc3560\" data-element_type=\"container\" data-e-type=\"container\">\n\t\t\t\t<div class=\"elementor-element elementor-element-a2830e9 elementor-widget elementor-widget-image\" data-id=\"a2830e9\" data-element_type=\"widget\" data-e-type=\"widget\" data-widget_type=\"image.default\">\n\t\t\t\t<div class=\"elementor-widget-container\">\n\t\t\t\t\t\t\t\t\t\t\t\t\t\t\t<img loading=\"lazy\" decoding=\"async\" width=\"576\" height=\"1024\" src=\"https:\/\/nederlandsetempeliers.nl\/wp-content\/uploads\/Hoofdwerk-576x1024.jpeg\" class=\"attachment-large size-large wp-image-12826\" alt=\"Hillenorgelns fasad i svartvitt, d\u00e4r endast det centrala huvudverket visas i f\u00e4rg, med bl\u00e5gr\u00f6na ytor, f\u00f6rgyllda ornament och de h\u00f6ga metallpiporna i fasaden.\" srcset=\"https:\/\/nederlandsetempeliers.nl\/wp-content\/uploads\/Hoofdwerk-576x1024.jpeg 576w, https:\/\/nederlandsetempeliers.nl\/wp-content\/uploads\/Hoofdwerk-169x300.jpeg 169w, https:\/\/nederlandsetempeliers.nl\/wp-content\/uploads\/Hoofdwerk-768x1365.jpeg 768w, https:\/\/nederlandsetempeliers.nl\/wp-content\/uploads\/Hoofdwerk-864x1536.jpeg 864w, https:\/\/nederlandsetempeliers.nl\/wp-content\/uploads\/Hoofdwerk.jpeg 900w\" sizes=\"(max-width: 576px) 100vw, 576px\" \/>\t\t\t\t\t\t\t\t\t\t\t\t\t\t\t<\/div>\n\t\t\t\t<\/div>\n\t\t\t\t<\/div>\n\t\t<div class=\"elementor-element elementor-element-154b7fe e-con-full e-flex e-con e-child\" data-id=\"154b7fe\" data-element_type=\"container\" data-e-type=\"container\">\n\t\t\t\t<div class=\"elementor-element elementor-element-0aebb61 elementor-widget elementor-widget-image\" data-id=\"0aebb61\" data-element_type=\"widget\" data-e-type=\"widget\" data-widget_type=\"image.default\">\n\t\t\t\t<div class=\"elementor-widget-container\">\n\t\t\t\t\t\t\t\t\t\t\t\t\t\t\t<img loading=\"lazy\" decoding=\"async\" width=\"576\" height=\"1024\" src=\"https:\/\/nederlandsetempeliers.nl\/wp-content\/uploads\/Borstwerk-576x1024.jpeg\" class=\"attachment-large size-large wp-image-12827\" alt=\"Hillenorgelns fasad i svartvitt, d\u00e4r endast br\u00f6stverket visas i f\u00e4rg: den breda bl\u00e5gr\u00f6na delen direkt ovanf\u00f6r ryggpositivet, med st\u00e4ngda paneler bakom vilka br\u00f6stverkets pipor st\u00e5r.\" srcset=\"https:\/\/nederlandsetempeliers.nl\/wp-content\/uploads\/Borstwerk-576x1024.jpeg 576w, https:\/\/nederlandsetempeliers.nl\/wp-content\/uploads\/Borstwerk-169x300.jpeg 169w, https:\/\/nederlandsetempeliers.nl\/wp-content\/uploads\/Borstwerk-768x1365.jpeg 768w, https:\/\/nederlandsetempeliers.nl\/wp-content\/uploads\/Borstwerk-864x1536.jpeg 864w, https:\/\/nederlandsetempeliers.nl\/wp-content\/uploads\/Borstwerk.jpeg 900w\" sizes=\"(max-width: 576px) 100vw, 576px\" \/>\t\t\t\t\t\t\t\t\t\t\t\t\t\t\t<\/div>\n\t\t\t\t<\/div>\n\t\t\t\t<\/div>\n\t\t<div class=\"elementor-element elementor-element-65a1d4b e-con-full e-flex e-con e-child\" data-id=\"65a1d4b\" data-element_type=\"container\" data-e-type=\"container\">\n\t\t\t\t<div class=\"elementor-element elementor-element-3f8ad99 elementor-widget elementor-widget-image\" data-id=\"3f8ad99\" data-element_type=\"widget\" data-e-type=\"widget\" data-widget_type=\"image.default\">\n\t\t\t\t<div class=\"elementor-widget-container\">\n\t\t\t\t\t\t\t\t\t\t\t\t\t\t\t<img loading=\"lazy\" decoding=\"async\" width=\"576\" height=\"1024\" src=\"https:\/\/nederlandsetempeliers.nl\/wp-content\/uploads\/Pendaalpijpen-576x1024.jpeg\" class=\"attachment-large size-large wp-image-12828\" alt=\"Framsidan av Hillen-orgeln i svart och vitt, med endast de tv\u00e5 h\u00f6ga pedaltornen till v\u00e4nster och h\u00f6ger synliga i f\u00e4rg, med sina stora metallpipor, bl\u00e5gr\u00f6na kapslar och f\u00f6rgyllda \u00e4nglafigurer.\" srcset=\"https:\/\/nederlandsetempeliers.nl\/wp-content\/uploads\/Pendaalpijpen-576x1024.jpeg 576w, https:\/\/nederlandsetempeliers.nl\/wp-content\/uploads\/Pendaalpijpen-169x300.jpeg 169w, https:\/\/nederlandsetempeliers.nl\/wp-content\/uploads\/Pendaalpijpen-768x1365.jpeg 768w, https:\/\/nederlandsetempeliers.nl\/wp-content\/uploads\/Pendaalpijpen-864x1536.jpeg 864w, https:\/\/nederlandsetempeliers.nl\/wp-content\/uploads\/Pendaalpijpen.jpeg 900w\" sizes=\"(max-width: 576px) 100vw, 576px\" \/>\t\t\t\t\t\t\t\t\t\t\t\t\t\t\t<\/div>\n\t\t\t\t<\/div>\n\t\t\t\t<\/div>\n\t\t\t\t\t<\/div>\n\t\t\t\t<\/div>\n\t\t<div class=\"elementor-element elementor-element-3c967bb e-flex e-con-boxed e-con e-parent\" data-id=\"3c967bb\" data-element_type=\"container\" data-e-type=\"container\">\n\t\t\t\t\t<div class=\"e-con-inner\">\n\t\t\t\t<div class=\"elementor-element elementor-element-b3c76a8 elementor-widget elementor-widget-text-editor\" data-id=\"b3c76a8\" data-element_type=\"widget\" data-e-type=\"widget\" data-widget_type=\"text-editor.default\">\n\t\t\t\t<div class=\"elementor-widget-container\">\n\t\t\t\t\t\t\t\t\t<p>F\u00f6rutom orgelpipor av tr\u00e4 \u2013 bland annat f\u00f6r vissa klanger som oboe \u2013 \u00e4r de flesta orgelpiporna tillverkade av en tennlegering, allts\u00e5 tenn och bly. Ju h\u00f6gre tennhalt, desto mer gl\u00e4nser de, och d\u00e4rf\u00f6r placerades s\u00e5dana pipor ofta framtill som fasadpipor.<br \/>Inom orgelbygget f\u00f6rknippas en h\u00f6gre tennhalt traditionellt ocks\u00e5 med en ljusare klang, \u00e4ven om den slutliga klangen naturligtvis framf\u00f6r allt best\u00e4ms av mensur, form, vindtryck och intonation.<br \/>Tenn och bly \u00e4r b\u00e5da mjuka metaller. S\u00e4rskilt pipor med h\u00f6g blyhalt kan l\u00e4tt deformeras. Orgelbyggaren m\u00e5ste d\u00e4rf\u00f6r inte bara ta h\u00e4nsyn till klangen utan ocks\u00e5 till materialets h\u00e5llfasthet. Stora pipor kan under \u00e5rhundradenas lopp l\u00e5ngsamt deformeras under sin egen vikt eller till och med sjunka ihop n\u00e5got.<\/p><p>Mjuka material utvidgar sig kraftigt p\u00e5 sommaren och drar ihop sig p\u00e5 vintern. Under medeltiden fanns ingen uppv\u00e4rmning i kyrkorna. N\u00e4r det fr\u00f6s kunde det vara iskallt d\u00e4r inne. De minsta piporna kunde spricka eller brista av kylan. D\u00e4rf\u00f6r hade orglarna luckor som skydd mot kylan, men ocks\u00e5 mot smuts och skadedjur.<br \/>De vertikala panelerna h\u00e4rstammar fr\u00e5n b\u00f6rjan av 1600-talet och h\u00e5lls samman av smidda g\u00e5ngj\u00e4rn. G\u00e5ngj\u00e4rnen g\u00f6r att luckorna kan \u00f6ppnas och st\u00e4ngas. P\u00e5 sommaren st\u00e5r de allts\u00e5 \u00f6ppna.<\/p>\t\t\t\t\t\t\t\t<\/div>\n\t\t\t\t<\/div>\n\t\t\t\t\t<\/div>\n\t\t\t\t<\/div>\n\t\t<div class=\"elementor-element elementor-element-8c2b9d6 e-flex e-con-boxed e-con e-parent\" data-id=\"8c2b9d6\" data-element_type=\"container\" data-e-type=\"container\">\n\t\t\t\t\t<div class=\"e-con-inner\">\n\t\t<div class=\"elementor-element elementor-element-3c8a1fa e-con-full e-flex e-con e-child\" data-id=\"3c8a1fa\" data-element_type=\"container\" data-e-type=\"container\">\n\t\t\t\t<\/div>\n\t\t<div class=\"elementor-element elementor-element-829c622 e-con-full e-flex e-con e-child\" data-id=\"829c622\" data-element_type=\"container\" data-e-type=\"container\">\n\t\t\t\t<div class=\"elementor-element elementor-element-fa8e8af elementor-widget elementor-widget-image\" data-id=\"fa8e8af\" data-element_type=\"widget\" data-e-type=\"widget\" data-widget_type=\"image.default\">\n\t\t\t\t<div class=\"elementor-widget-container\">\n\t\t\t\t\t\t\t\t\t\t\t\t\t\t\t<img loading=\"lazy\" decoding=\"async\" width=\"800\" height=\"450\" src=\"https:\/\/nederlandsetempeliers.nl\/wp-content\/uploads\/Rugwerk-7-1024x576.jpeg\" class=\"attachment-large size-large wp-image-12829\" alt=\"F\u00e4rgfotografi av Hillenorgelns ryggpositiv, med de \u00f6ppna m\u00e5lade orgelluckorna p\u00e5 b\u00e5da sidor och det rikt utsmyckade pipverket i gr\u00f6nt, bl\u00e5tt och guld i mitten.\" srcset=\"https:\/\/nederlandsetempeliers.nl\/wp-content\/uploads\/Rugwerk-7-1024x576.jpeg 1024w, https:\/\/nederlandsetempeliers.nl\/wp-content\/uploads\/Rugwerk-7-300x169.jpeg 300w, https:\/\/nederlandsetempeliers.nl\/wp-content\/uploads\/Rugwerk-7-768x432.jpeg 768w, https:\/\/nederlandsetempeliers.nl\/wp-content\/uploads\/Rugwerk-7-1536x864.jpeg 1536w, https:\/\/nederlandsetempeliers.nl\/wp-content\/uploads\/Rugwerk-7.jpeg 1600w\" sizes=\"(max-width: 800px) 100vw, 800px\" \/>\t\t\t\t\t\t\t\t\t\t\t\t\t\t\t<\/div>\n\t\t\t\t<\/div>\n\t\t\t\t<\/div>\n\t\t<div class=\"elementor-element elementor-element-6e30da5 e-con-full e-flex e-con e-child\" data-id=\"6e30da5\" data-element_type=\"container\" data-e-type=\"container\">\n\t\t\t\t<\/div>\n\t\t\t\t\t<\/div>\n\t\t\t\t<\/div>\n\t\t<div class=\"elementor-element elementor-element-212b0f6 e-flex e-con-boxed e-con e-parent\" data-id=\"212b0f6\" data-element_type=\"container\" data-e-type=\"container\">\n\t\t\t\t\t<div class=\"e-con-inner\">\n\t\t<div class=\"elementor-element elementor-element-e476c54 e-con-full e-flex e-con e-child\" data-id=\"e476c54\" data-element_type=\"container\" data-e-type=\"container\">\n\t\t\t\t<\/div>\n\t\t<div class=\"elementor-element elementor-element-f41b54c e-con-full e-flex e-con e-child\" data-id=\"f41b54c\" data-element_type=\"container\" data-e-type=\"container\">\n\t\t\t\t<div class=\"elementor-element elementor-element-47b8de9 elementor-widget elementor-widget-image\" data-id=\"47b8de9\" data-element_type=\"widget\" data-e-type=\"widget\" data-widget_type=\"image.default\">\n\t\t\t\t<div class=\"elementor-widget-container\">\n\t\t\t\t\t\t\t\t\t\t\t\t\t\t\t<img loading=\"lazy\" decoding=\"async\" width=\"679\" height=\"888\" src=\"https:\/\/nederlandsetempeliers.nl\/wp-content\/uploads\/met-koning-Saul.jpeg\" class=\"attachment-large size-large wp-image-12830\" alt=\"Detalj av en m\u00e5lad orgellucka p\u00e5 ryggpositivet, med kung Saul i turban bland soldater och \u00e5sk\u00e5dare; han ser p\u00e5 int\u00e5get efter Davids seger \u00f6ver Goljat.\" srcset=\"https:\/\/nederlandsetempeliers.nl\/wp-content\/uploads\/met-koning-Saul.jpeg 679w, https:\/\/nederlandsetempeliers.nl\/wp-content\/uploads\/met-koning-Saul-229x300.jpeg 229w\" sizes=\"(max-width: 679px) 100vw, 679px\" \/>\t\t\t\t\t\t\t\t\t\t\t\t\t\t\t<\/div>\n\t\t\t\t<\/div>\n\t\t\t\t<\/div>\n\t\t<div class=\"elementor-element elementor-element-6d5aa54 e-con-full e-flex e-con e-child\" data-id=\"6d5aa54\" data-element_type=\"container\" data-e-type=\"container\">\n\t\t\t\t<div class=\"elementor-element elementor-element-6839573 elementor-widget elementor-widget-image\" data-id=\"6839573\" data-element_type=\"widget\" data-e-type=\"widget\" data-widget_type=\"image.default\">\n\t\t\t\t<div class=\"elementor-widget-container\">\n\t\t\t\t\t\t\t\t\t\t\t\t\t\t\t<img loading=\"lazy\" decoding=\"async\" width=\"768\" height=\"1024\" src=\"https:\/\/nederlandsetempeliers.nl\/wp-content\/uploads\/27-1-768x1024.jpeg\" class=\"attachment-large size-large wp-image-12831\" alt=\"Detalj av en m\u00e5lad orgellucka p\u00e5 bakverket, med Goliats fortfarande bl\u00f6dande huvud som en del av Davids segerturn\u00e9.\" srcset=\"https:\/\/nederlandsetempeliers.nl\/wp-content\/uploads\/27-1-768x1024.jpeg 768w, https:\/\/nederlandsetempeliers.nl\/wp-content\/uploads\/27-1-225x300.jpeg 225w, https:\/\/nederlandsetempeliers.nl\/wp-content\/uploads\/27-1-1152x1536.jpeg 1152w, https:\/\/nederlandsetempeliers.nl\/wp-content\/uploads\/27-1.jpeg 1200w\" sizes=\"(max-width: 768px) 100vw, 768px\" \/>\t\t\t\t\t\t\t\t\t\t\t\t\t\t\t<\/div>\n\t\t\t\t<\/div>\n\t\t\t\t<\/div>\n\t\t<div class=\"elementor-element elementor-element-195074c e-con-full e-flex e-con e-child\" data-id=\"195074c\" data-element_type=\"container\" data-e-type=\"container\">\n\t\t\t\t<div class=\"elementor-element elementor-element-5d604af elementor-widget elementor-widget-image\" data-id=\"5d604af\" data-element_type=\"widget\" data-e-type=\"widget\" data-widget_type=\"image.default\">\n\t\t\t\t<div class=\"elementor-widget-container\">\n\t\t\t\t\t\t\t\t\t\t\t\t\t\t\t<img loading=\"lazy\" decoding=\"async\" width=\"676\" height=\"880\" src=\"https:\/\/nederlandsetempeliers.nl\/wp-content\/uploads\/intocht-met-David.jpeg\" class=\"attachment-large size-large wp-image-12832\" alt=\"Detalj av en m\u00e5lad orgellucka p\u00e5 ryggpositivet, med David i triumf, omgiven av \u00e5sk\u00e5dare och musiker efter segern \u00f6ver Goljat.\" srcset=\"https:\/\/nederlandsetempeliers.nl\/wp-content\/uploads\/intocht-met-David.jpeg 676w, https:\/\/nederlandsetempeliers.nl\/wp-content\/uploads\/intocht-met-David-230x300.jpeg 230w\" sizes=\"(max-width: 676px) 100vw, 676px\" \/>\t\t\t\t\t\t\t\t\t\t\t\t\t\t\t<\/div>\n\t\t\t\t<\/div>\n\t\t\t\t<\/div>\n\t\t\t\t\t<\/div>\n\t\t\t\t<\/div>\n\t\t<div class=\"elementor-element elementor-element-184ddca e-flex e-con-boxed e-con e-parent\" data-id=\"184ddca\" data-element_type=\"container\" data-e-type=\"container\">\n\t\t\t\t\t<div class=\"e-con-inner\">\n\t\t\t\t<div class=\"elementor-element elementor-element-3a38e6f elementor-widget elementor-widget-text-editor\" data-id=\"3a38e6f\" data-element_type=\"widget\" data-e-type=\"widget\" data-widget_type=\"text-editor.default\">\n\t\t\t\t<div class=\"elementor-widget-container\">\n\t\t\t\t\t\t\t\t\t<p>I m\u00e5lningarna st\u00e5r David i centrum och avbildas h\u00e4r, liksom ofta annars, med en harpa. David valdes i samband med musik eftersom ett stort antal psalmer i Bibeln tillskrevs kung David.<\/p><p>Till v\u00e4nster \u2013 p\u00e5 kyrkans norra sida \u2013 ser vi den triumferande David komma mot oss, betraktarna. Till h\u00f6ger om honom st\u00e5r hornbl\u00e5sare som med sin musik hyllar segern. Lansarna och vimpeln h\u00e4nvisar till den strid som har \u00e4gt rum.<\/p><p>Han b\u00e4r sitt krigsbyte med sig: Goljat \u00e4nnu blodiga huvud.<\/p><p>Till h\u00f6ger om Goljat st\u00e5r kung Saul med turban och ser best\u00f6rt och svartsjukt p\u00e5. Det \u00e4r inte han utan den enkla herdepojken David som hyllas och f\u00e5r all \u00e4ra, eftersom David har besegrat Israels folks \u00e4rkefiende, filist\u00e9erna.<br \/>Till h\u00f6ger \u2013 p\u00e5 kyrkans s\u00f6dra sida \u2013 ser vi \u00e5ter David i centrum. Han spelar harpa, som symbol f\u00f6r att han \u00e4r psalmist \u2013 diktare och f\u00f6rfattare av andliga s\u00e5nger.<br \/>David b\u00e4r krona eftersom han nu har blivit kung av Israel. Vi ser h\u00e4r det gl\u00e4djefyllda int\u00e5get n\u00e4r David f\u00f6r F\u00f6rbundsarken till Jerusalem. Jerusalem fick d\u00e4rmed den fr\u00e4msta rollen som religi\u00f6st centrum och framst\u00e4lldes till och med som v\u00e4rldens mittpunkt, s\u00e5som p\u00e5 mappae mundi.<br \/>F\u00f6rbundsarken st\u00e5r f\u00f6r Guds n\u00e4rvaro och Hans kontakt med sitt folk. Och runt hela denna ber\u00e4ttelse finns orgeln: instrumentet som b\u00e4r lovs\u00e5ngen i kyrkan.<br \/>Det anknyter till Psalm 150, d\u00e4r m\u00e4nniskan uppmanas att lova Gud med alla slags musikinstrument.<br \/>S\u00e5 f\u00f6rbinder kyrkan m\u00e4nniskorna med Gud: David som harpist, psalmer som sjungs och gudstj\u00e4nsten som ledsagas av orgelmusik.<\/p><p>P\u00e5 vintern, n\u00e4r det var frost, h\u00f6lls panelerna st\u00e4ngda. \u00c4ven under sorg- och fasteperioder fick orgeln inte spelas. Detta var ett tecken p\u00e5 \u00e5terh\u00e5llsamhet och att ingen festlig gl\u00e4dje skulle uttryckas.<br \/>\u00c4ven liturgiskt hade orgeln perioder av tystnad. Under fastan var anv\u00e4ndningen redan starkt begr\u00e4nsad.<br \/>P\u00e5 Sk\u00e4rtorsdagen ljuder klockorna festligt en sista g\u00e5ng under Gloria. D\u00e4refter tystnar de fram till Gloria under P\u00e5skvakan. \u00c4ven orgeln tr\u00e4der kraftigt tillbaka under dessa dagar.<br \/>Kyrkan blir \u00e5terh\u00e5llsam: ingen praktfull musik, inget klockringande. Enligt gammal folktro \u201dflyger klockorna till Rom\u201d. F\u00f6rst under P\u00e5skvakan \u00e5terkommer klockor och musik festligt vid Gloria.<br \/>Se: Kristna h\u00f6gtider &gt; Sk\u00e4rtorsdagen.<br \/>N\u00e4r luckorna \u00e4r st\u00e4ngda syns deras baksidor. D\u00e4r ser vi en molnhimmel draperad under sorgedraperier.<\/p><p>Idag st\u00e5r luckorna permanent \u00f6ppna. Kyrkan har numera uppv\u00e4rmning och till och med golvv\u00e4rme sedan 1996. Och tur \u00e4r v\u00e4l det \u2013 f\u00f6r tack vare det kan vi fyra \u00e5rhundraden senare fortfarande se samma m\u00e5lade ber\u00e4ttelse.<br \/>Bakom en s\u00e5dan praktfull fasad finns hundratals pipor \u2013 i just denna orgel hela 3780.<br \/>Eftersom orgelpipor \u00e4r temperaturk\u00e4nsliga och utvidgar sig och drar ihop sig kontrolleras och st\u00e4ms orgeln inf\u00f6r varje konsert.<br \/>N\u00e4r orgeln \u00e4r 23 meter h\u00f6g inneb\u00e4r det ocks\u00e5 att man m\u00e5ste kl\u00e4ttra en hel del.<br \/>Ingen h\u00f6jdr\u00e4dsla h\u00e4r allts\u00e5\u2026..<\/p>\t\t\t\t\t\t\t\t<\/div>\n\t\t\t\t<\/div>\n\t\t\t\t\t<\/div>\n\t\t\t\t<\/div>\n\t\t<div class=\"elementor-element elementor-element-51f490f e-flex e-con-boxed e-con e-parent\" data-id=\"51f490f\" data-element_type=\"container\" data-e-type=\"container\">\n\t\t\t\t\t<div class=\"e-con-inner\">\n\t\t<div class=\"elementor-element elementor-element-2156852 e-con-full e-flex e-con e-child\" data-id=\"2156852\" data-element_type=\"container\" data-e-type=\"container\">\n\t\t\t\t<div class=\"elementor-element elementor-element-72704a8 elementor-widget elementor-widget-image\" data-id=\"72704a8\" data-element_type=\"widget\" data-e-type=\"widget\" data-widget_type=\"image.default\">\n\t\t\t\t<div class=\"elementor-widget-container\">\n\t\t\t\t\t\t\t\t\t\t\t\t\t\t\t<img loading=\"lazy\" decoding=\"async\" width=\"440\" height=\"1024\" src=\"https:\/\/nederlandsetempeliers.nl\/wp-content\/uploads\/David-GKB-440x1024.jpeg\" class=\"attachment-large size-large wp-image-12858\" alt=\"Kung David med harpa \u2013 m\u00e4nniskostor tr\u00e4staty fr\u00e5n Grote Kerk i Breda. David b\u00e4r en krona och spelar p\u00e5 en harpa, som en h\u00e4nvisning till Psaltaren och lovs\u00e5ngen till Gud.\" srcset=\"https:\/\/nederlandsetempeliers.nl\/wp-content\/uploads\/David-GKB-440x1024.jpeg 440w, https:\/\/nederlandsetempeliers.nl\/wp-content\/uploads\/David-GKB-129x300.jpeg 129w, https:\/\/nederlandsetempeliers.nl\/wp-content\/uploads\/David-GKB-660x1536.jpeg 660w, https:\/\/nederlandsetempeliers.nl\/wp-content\/uploads\/David-GKB.jpeg 687w\" sizes=\"(max-width: 440px) 100vw, 440px\" \/>\t\t\t\t\t\t\t\t\t\t\t\t\t\t\t<\/div>\n\t\t\t\t<\/div>\n\t\t\t\t<\/div>\n\t\t<div class=\"elementor-element elementor-element-4ebce20 e-con-full e-flex e-con e-child\" data-id=\"4ebce20\" data-element_type=\"container\" data-e-type=\"container\">\n\t\t\t\t<div class=\"elementor-element elementor-element-0c8a848 elementor-widget elementor-widget-text-editor\" data-id=\"0c8a848\" data-element_type=\"widget\" data-e-type=\"widget\" data-widget_type=\"text-editor.default\">\n\t\t\t\t<div class=\"elementor-widget-container\">\n\t\t\t\t\t\t\t\t\t<p>David och Sankta Cecilia \u2013 musik till Guds \u00e4ra<\/p><p>Tr\u00e4statyn till v\u00e4nster f\u00f6rest\u00e4ller kung David med sin harpa. Den stod tidigare p\u00e5 orgeln i Grote Kerk i Breda, f\u00f6re Flentrops restaurering 1969.<\/p><p>Till h\u00f6ger st\u00e5r Sankta Cecilia, med ett litet orgel i sina armar och en palmkvist som tecken p\u00e5 sitt martyrskap. Cecilia var en tidigkristen martyr och utvecklades under \u00e5rhundradena till skyddshelgon f\u00f6r musiken och s\u00e4rskilt kyrkomusiken. D\u00e4rf\u00f6r avbildas hon ofta i kyrkor tillsammans med ett orgel.<\/p><p>H\u00e4r st\u00e5r allts\u00e5 tv\u00e5 urgamla symboler f\u00f6r kyrkomusik sida vid sida: David med sin harpa och Sankta Cecilia med orgeln \u2013 b\u00e5da f\u00f6renade med musik som lovs\u00e5ng till Gud.<\/p>\t\t\t\t\t\t\t\t<\/div>\n\t\t\t\t<\/div>\n\t\t\t\t<\/div>\n\t\t<div class=\"elementor-element elementor-element-bf7e59d e-con-full e-flex e-con e-child\" data-id=\"bf7e59d\" data-element_type=\"container\" data-e-type=\"container\">\n\t\t\t\t<div class=\"elementor-element elementor-element-5b13b6c elementor-widget elementor-widget-image\" data-id=\"5b13b6c\" data-element_type=\"widget\" data-e-type=\"widget\" data-widget_type=\"image.default\">\n\t\t\t\t<div class=\"elementor-widget-container\">\n\t\t\t\t\t\t\t\t\t\t\t\t\t\t\t<img loading=\"lazy\" decoding=\"async\" width=\"387\" height=\"1024\" src=\"https:\/\/nederlandsetempeliers.nl\/wp-content\/uploads\/Sint-Cecilia-387x1024.jpeg\" class=\"attachment-large size-large wp-image-12859\" alt=\"M\u00e4nniskostor staty av Sankta Cecilia fr\u00e5n Grote Kerk i Breda. Hon b\u00e4r en krona och h\u00e5ller ett litet b\u00e4rbart orgel. Sankta Cecilia \u00e4r inom den kristna traditionen skyddshelgon f\u00f6r kyrkomusiken.\" srcset=\"https:\/\/nederlandsetempeliers.nl\/wp-content\/uploads\/Sint-Cecilia-387x1024.jpeg 387w, https:\/\/nederlandsetempeliers.nl\/wp-content\/uploads\/Sint-Cecilia-113x300.jpeg 113w, https:\/\/nederlandsetempeliers.nl\/wp-content\/uploads\/Sint-Cecilia-581x1536.jpeg 581w, https:\/\/nederlandsetempeliers.nl\/wp-content\/uploads\/Sint-Cecilia.jpeg 605w\" sizes=\"(max-width: 387px) 100vw, 387px\" \/>\t\t\t\t\t\t\t\t\t\t\t\t\t\t\t<\/div>\n\t\t\t\t<\/div>\n\t\t\t\t<\/div>\n\t\t\t\t\t<\/div>\n\t\t\t\t<\/div>\n\t\t<div class=\"elementor-element elementor-element-3906ddb e-flex e-con-boxed e-con e-parent\" data-id=\"3906ddb\" data-element_type=\"container\" data-e-type=\"container\">\n\t\t\t\t\t<div class=\"e-con-inner\">\n\t\t\t\t<div class=\"elementor-element elementor-element-13a1c38 elementor-widget elementor-widget-text-editor\" data-id=\"13a1c38\" data-element_type=\"widget\" data-e-type=\"widget\" data-widget_type=\"text-editor.default\">\n\t\t\t\t<div class=\"elementor-widget-container\">\n\t\t\t\t\t\t\t\t\t<p><br>HUR ORGELN FUNGERAR<br \/>En orgelpipa beh\u00f6ver luft f\u00f6r att skapa en ton. F\u00f6rutom skillnaden mellan pipor av tr\u00e4 och metall \u2013 vanligtvis en legering av tenn och bly \u2013 finns det grovt r\u00e4knat tv\u00e5 typer av orgelpipor: tungpipor och labialpipor.<br \/>Labialpipor eller l\u00e4ppipor \u00e4r de mest v\u00e4lk\u00e4nda. Tonen uppst\u00e5r n\u00e4r luft str\u00f6mmar mot en skarp kant \u2013 labiet \u2013 ungef\u00e4r som p\u00e5 en blockfl\u00f6jt.<br \/>En tungpipa har l\u00e4ngst ned en tunn metalltunga som b\u00f6rjar vibrera n\u00e4r luften passerar. Det ger en mer uttalad, ibland skarpare eller mer \u201dinstrumentlik\u201d klang, som hos trumpet, oboe, dulcian, fagott och s\u00e5 vidare.<br \/>Den vibrerande metalltungan \u00e4r dold i pipans fot och syns inte utifr\u00e5n. Tungpipor k\u00e4nns ofta igen p\u00e5 sin speciella b\u00e4gare- eller trattform. <\/p>\t\t\t\t\t\t\t\t<\/div>\n\t\t\t\t<\/div>\n\t\t\t\t\t<\/div>\n\t\t\t\t<\/div>\n\t\t<div class=\"elementor-element elementor-element-b938cfb e-flex e-con-boxed e-con e-parent\" data-id=\"b938cfb\" data-element_type=\"container\" data-e-type=\"container\">\n\t\t\t\t\t<div class=\"e-con-inner\">\n\t\t<div class=\"elementor-element elementor-element-5fc7e13 e-con-full e-flex e-con e-child\" data-id=\"5fc7e13\" data-element_type=\"container\" data-e-type=\"container\">\n\t\t\t\t<\/div>\n\t\t<div class=\"elementor-element elementor-element-0937e6d e-con-full e-flex e-con e-child\" data-id=\"0937e6d\" data-element_type=\"container\" data-e-type=\"container\">\n\t\t\t\t<div class=\"elementor-element elementor-element-9bebe8b elementor-widget__width-initial elementor-widget elementor-widget-image\" data-id=\"9bebe8b\" data-element_type=\"widget\" data-e-type=\"widget\" data-widget_type=\"image.default\">\n\t\t\t\t<div class=\"elementor-widget-container\">\n\t\t\t\t\t\t\t\t\t\t\t\t\t\t\t<img loading=\"lazy\" decoding=\"async\" width=\"800\" height=\"823\" src=\"https:\/\/nederlandsetempeliers.nl\/wp-content\/uploads\/schema-orgelpijp-995x1024.png\" class=\"attachment-large size-large wp-image-12833\" alt=\"Tekniskt schema \u00f6ver orgelpipor av metall och tr\u00e4, med numrerade delar s\u00e5som fot, underl\u00e4pp, uppsk\u00e4rning, \u00f6verl\u00e4pp, kropp och mynning.\" srcset=\"https:\/\/nederlandsetempeliers.nl\/wp-content\/uploads\/schema-orgelpijp-995x1024.png 995w, https:\/\/nederlandsetempeliers.nl\/wp-content\/uploads\/schema-orgelpijp-292x300.png 292w, https:\/\/nederlandsetempeliers.nl\/wp-content\/uploads\/schema-orgelpijp-768x790.png 768w, https:\/\/nederlandsetempeliers.nl\/wp-content\/uploads\/schema-orgelpijp.png 1236w\" sizes=\"(max-width: 800px) 100vw, 800px\" \/>\t\t\t\t\t\t\t\t\t\t\t\t\t\t\t<\/div>\n\t\t\t\t<\/div>\n\t\t\t\t<\/div>\n\t\t<div class=\"elementor-element elementor-element-045077f e-con-full e-flex e-con e-child\" data-id=\"045077f\" data-element_type=\"container\" data-e-type=\"container\">\n\t\t\t\t<div class=\"elementor-element elementor-element-97772bc elementor-widget elementor-widget-image\" data-id=\"97772bc\" data-element_type=\"widget\" data-e-type=\"widget\" data-widget_type=\"image.default\">\n\t\t\t\t<div class=\"elementor-widget-container\">\n\t\t\t\t\t\t\t\t\t\t\t\t\t\t\t<img loading=\"lazy\" decoding=\"async\" width=\"480\" height=\"640\" src=\"https:\/\/nederlandsetempeliers.nl\/wp-content\/uploads\/Grote-orgelpijpen-links-rotated.jpg\" class=\"attachment-large size-large wp-image-12834\" alt=\"Detalj av de stora orgelpiporna p\u00e5 orgelns v\u00e4nstra sida, med h\u00f6ga metalliska labialpipor och f\u00f6rgyllda ornament p\u00e5 orgelhuset.\" srcset=\"https:\/\/nederlandsetempeliers.nl\/wp-content\/uploads\/Grote-orgelpijpen-links-rotated.jpg 480w, https:\/\/nederlandsetempeliers.nl\/wp-content\/uploads\/Grote-orgelpijpen-links-225x300.jpg 225w\" sizes=\"(max-width: 480px) 100vw, 480px\" \/>\t\t\t\t\t\t\t\t\t\t\t\t\t\t\t<\/div>\n\t\t\t\t<\/div>\n\t\t\t\t<\/div>\n\t\t<div class=\"elementor-element elementor-element-9778a65 e-con-full e-flex e-con e-child\" data-id=\"9778a65\" data-element_type=\"container\" data-e-type=\"container\">\n\t\t\t\t<div class=\"elementor-element elementor-element-8fd977f elementor-widget elementor-widget-image\" data-id=\"8fd977f\" data-element_type=\"widget\" data-e-type=\"widget\" data-widget_type=\"image.default\">\n\t\t\t\t<div class=\"elementor-widget-container\">\n\t\t\t\t\t\t\t\t\t\t\t\t\t\t\t<img loading=\"lazy\" decoding=\"async\" width=\"273\" height=\"370\" src=\"https:\/\/nederlandsetempeliers.nl\/wp-content\/uploads\/orgel-tongpijpen-2.jpeg\" class=\"attachment-large size-large wp-image-12835\" alt=\"Detalj av orgelns tungpipor med deras karakteristiska b\u00e4gare- eller trattform, placerade p\u00e5 tr\u00e4f\u00f6tter inne i orgeln.\" srcset=\"https:\/\/nederlandsetempeliers.nl\/wp-content\/uploads\/orgel-tongpijpen-2.jpeg 273w, https:\/\/nederlandsetempeliers.nl\/wp-content\/uploads\/orgel-tongpijpen-2-221x300.jpeg 221w\" sizes=\"(max-width: 273px) 100vw, 273px\" \/>\t\t\t\t\t\t\t\t\t\t\t\t\t\t\t<\/div>\n\t\t\t\t<\/div>\n\t\t\t\t<\/div>\n\t\t\t\t\t<\/div>\n\t\t\t\t<\/div>\n\t\t<div class=\"elementor-element elementor-element-26425b9 e-flex e-con-boxed e-con e-parent\" data-id=\"26425b9\" data-element_type=\"container\" data-e-type=\"container\">\n\t\t\t\t\t<div class=\"e-con-inner\">\n\t\t\t\t<div class=\"elementor-element elementor-element-04f1f17 elementor-widget elementor-widget-text-editor\" data-id=\"04f1f17\" data-element_type=\"widget\" data-e-type=\"widget\" data-widget_type=\"text-editor.default\">\n\t\t\t\t<div class=\"elementor-widget-container\">\n\t\t\t\t\t\t\t\t\t<p>\ud83d\udc46\ud83c\udffb 1 = fot \u2013 2 = underlabium \u2013 3 = uppsk\u00e4rning \u2013 4 = \u00f6verlabium \u2013 5 = kropp \u2013 6 = mynning<\/p><p>\ud83d\udc46\ud83c\udffb\ud83d\udc46\ud83c\udffb Stora labialpipor \u2013 h\u00e4r de cirka 5 meter h\u00f6ga pedalpiporna<\/p><p>\ud83d\udc46\ud83c\udffb\ud83d\udc46\ud83c\udffb\ud83d\udc46\ud83c\udffb tungpipor<\/p><p>Orgeln f\u00e5r luft genom b\u00e4lgarna. F\u00f6rr sk\u00f6ttes de av orgeltrampare, men idag anv\u00e4nds maskiner \u2013 en orgelfl\u00e4kt.<br \/>Orgelvinden g\u00e5r genom slangar till v\u00e4derl\u00e5dan (1). Slangarna (2 \u2013 dessa \u00e4r moderna slangar) tillverkades tidigare bland annat av f\u00e5rskinn. Det materialet bryts naturligtvis ned efter \u00e5rhundraden.<br \/>V\u00e4derl\u00e5dorna kan f\u00f6renklat ses som plankor eller l\u00e5nga t\u00e4ndsticksaskar med skjutbara delar, s\u00e5 kallade slejfer, med h\u00e5l i.<br \/>N\u00e4r organisten drar ut ett register f\u00f6rskjuts en s\u00e5dan slejf s\u00e5 att luften kan g\u00e5 till en best\u00e4md grupp orgelpipor. P\u00e5 s\u00e5 s\u00e4tt best\u00e4mmer organisten vilken klangf\u00e4rg som ska vara med.<br \/>Med tangenterna p\u00e5 manualerna och med pedalen best\u00e4mmer organisten sedan vilken ton som ska ljuda.<br \/>Den r\u00f6relsen \u00f6verf\u00f6rs genom tr\u00e4lister och tunna metalltr\u00e5dar \u2013 trakturen (3) \u2013 till en ventil i v\u00e4derl\u00e5dan.<br \/>Ventilen \u00f6ppnas, luften str\u00f6mmar till den valda pipan och:<br \/>ton! \ud83c\udfb6<br \/>register = vilken klangf\u00e4rg<br \/>tangent\/pedal = vilken ton<\/p>\t\t\t\t\t\t\t\t<\/div>\n\t\t\t\t<\/div>\n\t\t\t\t\t<\/div>\n\t\t\t\t<\/div>\n\t\t<div class=\"elementor-element elementor-element-a509a36 e-flex e-con-boxed e-con e-parent\" data-id=\"a509a36\" data-element_type=\"container\" data-e-type=\"container\">\n\t\t\t\t\t<div class=\"e-con-inner\">\n\t\t<div class=\"elementor-element elementor-element-a14198b e-con-full e-flex e-con e-child\" data-id=\"a14198b\" data-element_type=\"container\" data-e-type=\"container\">\n\t\t\t\t<\/div>\n\t\t<div class=\"elementor-element elementor-element-b429541 e-con-full e-flex e-con e-child\" data-id=\"b429541\" data-element_type=\"container\" data-e-type=\"container\">\n\t\t\t\t<div class=\"elementor-element elementor-element-79ef23e elementor-widget elementor-widget-image\" data-id=\"79ef23e\" data-element_type=\"widget\" data-e-type=\"widget\" data-widget_type=\"image.default\">\n\t\t\t\t<div class=\"elementor-widget-container\">\n\t\t\t\t\t\t\t\t\t\t\t\t\t\t\t<img loading=\"lazy\" decoding=\"async\" width=\"590\" height=\"262\" src=\"https:\/\/nederlandsetempeliers.nl\/wp-content\/uploads\/windlades.jpeg\" class=\"attachment-large size-large wp-image-12836\" alt=\"Tr\u00e4del i en orgelvindl\u00e5da med rader av \u00f6ppningar genom vilka orgelbl\u00e5saren leds till olika pipor.\" srcset=\"https:\/\/nederlandsetempeliers.nl\/wp-content\/uploads\/windlades.jpeg 590w, https:\/\/nederlandsetempeliers.nl\/wp-content\/uploads\/windlades-300x133.jpeg 300w\" sizes=\"(max-width: 590px) 100vw, 590px\" \/>\t\t\t\t\t\t\t\t\t\t\t\t\t\t\t<\/div>\n\t\t\t\t<\/div>\n\t\t\t\t<\/div>\n\t\t<div class=\"elementor-element elementor-element-af4828c e-con-full e-flex e-con e-child\" data-id=\"af4828c\" data-element_type=\"container\" data-e-type=\"container\">\n\t\t\t\t<div class=\"elementor-element elementor-element-846eb73 elementor-widget elementor-widget-image\" data-id=\"846eb73\" data-element_type=\"widget\" data-e-type=\"widget\" data-widget_type=\"image.default\">\n\t\t\t\t<div class=\"elementor-widget-container\">\n\t\t\t\t\t\t\t\t\t\t\t\t\t\t\t<img loading=\"lazy\" decoding=\"async\" width=\"800\" height=\"600\" src=\"https:\/\/nederlandsetempeliers.nl\/wp-content\/uploads\/slangetjes-1024x768.jpeg\" class=\"attachment-large size-large wp-image-12837\" alt=\"En bunt flexibla slangar inne i orgeln som leder orgelvinden fr\u00e5n luftf\u00f6rs\u00f6rjningen till olika delar av instrumentet.\" srcset=\"https:\/\/nederlandsetempeliers.nl\/wp-content\/uploads\/slangetjes-1024x768.jpeg 1024w, https:\/\/nederlandsetempeliers.nl\/wp-content\/uploads\/slangetjes-300x225.jpeg 300w, https:\/\/nederlandsetempeliers.nl\/wp-content\/uploads\/slangetjes-768x576.jpeg 768w, https:\/\/nederlandsetempeliers.nl\/wp-content\/uploads\/slangetjes-1536x1152.jpeg 1536w, https:\/\/nederlandsetempeliers.nl\/wp-content\/uploads\/slangetjes.jpeg 1600w\" sizes=\"(max-width: 800px) 100vw, 800px\" \/>\t\t\t\t\t\t\t\t\t\t\t\t\t\t\t<\/div>\n\t\t\t\t<\/div>\n\t\t\t\t<\/div>\n\t\t<div class=\"elementor-element elementor-element-85cd3bf e-con-full e-flex e-con e-child\" data-id=\"85cd3bf\" data-element_type=\"container\" data-e-type=\"container\">\n\t\t\t\t<div class=\"elementor-element elementor-element-34fa910 elementor-widget elementor-widget-image\" data-id=\"34fa910\" data-element_type=\"widget\" data-e-type=\"widget\" data-widget_type=\"image.default\">\n\t\t\t\t<div class=\"elementor-widget-container\">\n\t\t\t\t\t\t\t\t\t\t\t\t\t\t\t<img loading=\"lazy\" decoding=\"async\" width=\"800\" height=\"600\" src=\"https:\/\/nederlandsetempeliers.nl\/wp-content\/uploads\/tractuur-1024x768.jpeg\" class=\"attachment-large size-large wp-image-12838\" alt=\"Mekanisk del av orgelns traktur med l\u00e5nga tr\u00e4lister och tunna metallf\u00f6rbindelser, genom vilka r\u00f6relsen fr\u00e5n tangent eller pedal \u00f6verf\u00f6rs till ventilerna i orgeln.\" srcset=\"https:\/\/nederlandsetempeliers.nl\/wp-content\/uploads\/tractuur-1024x768.jpeg 1024w, https:\/\/nederlandsetempeliers.nl\/wp-content\/uploads\/tractuur-300x225.jpeg 300w, https:\/\/nederlandsetempeliers.nl\/wp-content\/uploads\/tractuur-768x576.jpeg 768w, https:\/\/nederlandsetempeliers.nl\/wp-content\/uploads\/tractuur-1536x1152.jpeg 1536w, https:\/\/nederlandsetempeliers.nl\/wp-content\/uploads\/tractuur.jpeg 1600w\" sizes=\"(max-width: 800px) 100vw, 800px\" \/>\t\t\t\t\t\t\t\t\t\t\t\t\t\t\t<\/div>\n\t\t\t\t<\/div>\n\t\t\t\t<\/div>\n\t\t\t\t\t<\/div>\n\t\t\t\t<\/div>\n\t\t<div class=\"elementor-element elementor-element-3babcbd e-flex e-con-boxed e-con e-parent\" data-id=\"3babcbd\" data-element_type=\"container\" data-e-type=\"container\">\n\t\t\t\t\t<div class=\"e-con-inner\">\n\t\t\t\t<div class=\"elementor-element elementor-element-18c9c84 elementor-widget elementor-widget-text-editor\" data-id=\"18c9c84\" data-element_type=\"widget\" data-e-type=\"widget\" data-widget_type=\"text-editor.default\">\n\t\t\t\t<div class=\"elementor-widget-container\">\n\t\t\t\t\t\t\t\t\t<p>ORGANISTEN<br \/>Och s\u00e4ger man orgel \u2013 organist \u2013 d\u00e5 s\u00e4ger man Bach.<br \/>DEN mest ber\u00f6mda organisten genom tiderna.<br \/>Musiken b\u00f6rjar och slutar med Johann Sebastian Bach.<br \/>(\u2736 31 mars 1685 \u2013 \u271d\ufe0e 28 juli 1750)<br \/>Han var inte bara komposit\u00f6r utan ocks\u00e5 en exceptionell organist och var redan under sin egen livstid ber\u00f6md just f\u00f6r sitt spel och sina fenomenala improvisationer. Han kunde f\u00e5 ett tema p\u00e5 plats och bygga en hel fuga eller koralbearbetning kring det.<\/p>\t\t\t\t\t\t\t\t<\/div>\n\t\t\t\t<\/div>\n\t\t\t\t\t<\/div>\n\t\t\t\t<\/div>\n\t\t<div class=\"elementor-element elementor-element-0c0f378 e-flex e-con-boxed e-con e-parent\" data-id=\"0c0f378\" data-element_type=\"container\" data-e-type=\"container\">\n\t\t\t\t\t<div class=\"e-con-inner\">\n\t\t<div class=\"elementor-element elementor-element-d05ad94 e-con-full e-flex e-con e-child\" data-id=\"d05ad94\" data-element_type=\"container\" data-e-type=\"container\">\n\t\t\t\t<div class=\"elementor-element elementor-element-b5c28b7 elementor-widget elementor-widget-text-editor\" data-id=\"b5c28b7\" data-element_type=\"widget\" data-e-type=\"widget\" data-widget_type=\"text-editor.default\">\n\t\t\t\t<div class=\"elementor-widget-container\">\n\t\t\t\t\t\t\t\t\t<p> <\/p><p>N\u00e4r han inspekterade orglar testade han g\u00e4rna de allra l\u00e4gsta pedaltonerna och de fulla registren \u2013 f\u00f6rsiktig var han allts\u00e5 inte. Han ville veta om orgeln verkligen hade b\u00e4rkraft. P\u00e5 sin tid var han allts\u00e5 n\u00e5got av orglarnas egen besiktningsm\u00e4stare.<\/p><p>Hans fotarbete var ber\u00f6mt. Hos Bach \u00e4r pedalen inte bara \u201dbasen\u201d; den kan spela en fullst\u00e4ndig melodilinje samtidigt som b\u00e5da h\u00e4nderna g\u00f6r n\u00e5got helt annat. Det finns ber\u00e4ttelser om \u00e5h\u00f6rare som f\u00f6rundrades \u00f6ver att en enda m\u00e4nniska kunde f\u00e5 s\u00e5 m\u00e5nga st\u00e4mmor att ljuda samtidigt ur en orgel.<\/p><p>Hos Bach var f\u00f6tterna inte bara ackompanjemang.<br \/>De var helt enkelt en tredje hand.<br \/>Om Bach hade bes\u00f6kt Breda under sin livstid hade han kunnat h\u00f6ra en orgel spela h\u00e4r. Denna kyrka, Onze Lieve Vrouwe Kerk i Breda, hade redan \u00e5r 1411 ett orgel.<\/p>\t\t\t\t\t\t\t\t<\/div>\n\t\t\t\t<\/div>\n\t\t\t\t<\/div>\n\t\t\t\t<div class=\"elementor-element elementor-element-d64d4cb elementor-widget elementor-widget-image\" data-id=\"d64d4cb\" data-element_type=\"widget\" data-e-type=\"widget\" data-widget_type=\"image.default\">\n\t\t\t\t<div class=\"elementor-widget-container\">\n\t\t\t\t\t\t\t\t\t\t\t\t\t\t\t<img loading=\"lazy\" decoding=\"async\" width=\"683\" height=\"1024\" src=\"https:\/\/nederlandsetempeliers.nl\/wp-content\/uploads\/Bach-683x1024.jpeg\" class=\"attachment-large size-large wp-image-12839\" alt=\"Portr\u00e4tt av Johann Sebastian Bach sittande vid en orgel, med b\u00e5da h\u00e4nderna p\u00e5 klaviaturen och med orgelpipor samt ett upplyst notst\u00e4ll med noter i bakgrunden.\" srcset=\"https:\/\/nederlandsetempeliers.nl\/wp-content\/uploads\/Bach-683x1024.jpeg 683w, https:\/\/nederlandsetempeliers.nl\/wp-content\/uploads\/Bach-200x300.jpeg 200w, https:\/\/nederlandsetempeliers.nl\/wp-content\/uploads\/Bach-768x1152.jpeg 768w, https:\/\/nederlandsetempeliers.nl\/wp-content\/uploads\/Bach.jpeg 1024w\" sizes=\"(max-width: 683px) 100vw, 683px\" \/>\t\t\t\t\t\t\t\t\t\t\t\t\t\t\t<\/div>\n\t\t\t\t<\/div>\n\t\t\t\t\t<\/div>\n\t\t\t\t<\/div>\n\t\t<div class=\"elementor-element elementor-element-946557c e-flex e-con-boxed e-con e-parent\" data-id=\"946557c\" data-element_type=\"container\" data-e-type=\"container\">\n\t\t\t\t\t<div class=\"e-con-inner\">\n\t\t\t\t<div class=\"elementor-element elementor-element-2c46243 elementor-widget elementor-widget-text-editor\" data-id=\"2c46243\" data-element_type=\"widget\" data-e-type=\"widget\" data-widget_type=\"text-editor.default\">\n\t\t\t\t<div class=\"elementor-widget-container\">\n\t\t\t\t\t\t\t\t\t<p> <\/p><p>Som tidigare sagts \u00e4r orgeln n\u00e4stan en hel symfoniorkester i ett enda instrument.<br \/>Organisten spelar samtidigt med tv\u00e5 h\u00e4nder och tv\u00e5 f\u00f6tter. Att spela orgel blir d\u00e4rf\u00f6r fysiskt n\u00e4stan som en koreografi: fyra lemmar som arbetar samtidigt.<br \/>Organister utvecklar ofta ett slags \u201dfotminne\u201d. Utan att st\u00e4ndigt titta ned vet de var pedaltangenterna finns \u2013 och samtidigt m\u00e5ste de t\u00e4nka n\u00e4stan som en dirigent.<br>Dessutom m\u00e5ste organisten planera fram\u00e5t:<br \/>Vilka register ska jag dra och n\u00e4r?<br \/>Vilka manualer ska kopplas samman?<br \/>N\u00e4r ska jag byta klangf\u00e4rg?<br \/>Vid stora orglar som denna kan organisten f\u00e5 hj\u00e4lp av registranter \u2013 personer som vid r\u00e4tt \u00f6gonblick drar eller skjuter in de r\u00e4tta registren \u00e5t organisten.<br \/>Och t\u00e4nk dessutom p\u00e5 kalkantarna under medeltiden.<br \/>D\u00e5 \u00e4r orgelspel verkligen inte alltid ett enmansarbete. <br>Eftersom piporna kan st\u00e5 l\u00e5ngt fr\u00e5n spelbordet \u2013 s\u00e4rskilt i stora kyrkor \u2013 kan organisten ibland uppleva en liten f\u00f6rdr\u00f6jning mellan tangenttryck och ljud.<br \/>Man m\u00e5ste allts\u00e5 ocks\u00e5 l\u00e4ra sig att spela med akustiken.<\/p><p>Den som tror att orgelspel bara best\u00e5r av att sitta ned och trycka p\u00e5 tangenter misstar sig.<br \/>I stora verk \u00e4r det n\u00e4stan elitidrott: h\u00e4nder och f\u00f6tter arbetar oberoende av varandra, registren byts st\u00e4ndigt och n\u00e4r manualerna kopplas samman kan spelet bli tungt.<br \/>Efter ett intensivt verk ser man d\u00e4rf\u00f6r ibland organisten sitta svettig vid spelbordet. H\u00e4nder, ansikte och till och med klaviaturerna kan beh\u00f6va torkas innan n\u00e4sta stycke b\u00f6rjar.<br \/>Som \u00e5h\u00f6rare m\u00e4rker man ofta ingenting av detta.<br \/>S\u00e5 det \u00e4r allts\u00e5 inte s\u00e5 att organisten bara sitter och v\u00e4ntar l\u00e4nge mellan styckena. <\/p>\t\t\t\t\t\t\t\t<\/div>\n\t\t\t\t<\/div>\n\t\t\t\t\t<\/div>\n\t\t\t\t<\/div>\n\t\t<div class=\"elementor-element elementor-element-8444935 e-flex e-con-boxed e-con e-parent\" data-id=\"8444935\" data-element_type=\"container\" data-e-type=\"container\">\n\t\t\t\t\t<div class=\"e-con-inner\">\n\t\t<div class=\"elementor-element elementor-element-dfc4bfc e-con-full e-flex e-con e-child\" data-id=\"dfc4bfc\" data-element_type=\"container\" data-e-type=\"container\">\n\t\t\t\t<\/div>\n\t\t<div class=\"elementor-element elementor-element-f1e5b82 e-con-full e-flex e-con e-child\" data-id=\"f1e5b82\" data-element_type=\"container\" data-e-type=\"container\">\n\t\t\t\t<div class=\"elementor-element elementor-element-b2b9dd8 elementor-widget elementor-widget-image\" data-id=\"b2b9dd8\" data-element_type=\"widget\" data-e-type=\"widget\" data-widget_type=\"image.default\">\n\t\t\t\t<div class=\"elementor-widget-container\">\n\t\t\t\t\t\t\t\t\t\t\t\t\t\t\t<img loading=\"lazy\" decoding=\"async\" width=\"401\" height=\"572\" src=\"https:\/\/nederlandsetempeliers.nl\/wp-content\/uploads\/Oudste-bespeelbare-orgeltje-ter-wereld-in-Sion-Zwitserland.jpeg\" class=\"attachment-large size-large wp-image-12840\" alt=\"Orgel fr\u00e5n 1400-talet i Basilique de Val\u00e8re i Sion, placerad h\u00f6gt p\u00e5 kyrkv\u00e4ggen, med underbyggnad av tr\u00e4, gotiskt orgelhus, vertikala pipor och \u00f6ppna m\u00e5lade luckor med religi\u00f6sa motiv.\" srcset=\"https:\/\/nederlandsetempeliers.nl\/wp-content\/uploads\/Oudste-bespeelbare-orgeltje-ter-wereld-in-Sion-Zwitserland.jpeg 401w, https:\/\/nederlandsetempeliers.nl\/wp-content\/uploads\/Oudste-bespeelbare-orgeltje-ter-wereld-in-Sion-Zwitserland-210x300.jpeg 210w\" sizes=\"(max-width: 401px) 100vw, 401px\" \/>\t\t\t\t\t\t\t\t\t\t\t\t\t\t\t<\/div>\n\t\t\t\t<\/div>\n\t\t\t\t<\/div>\n\t\t<div class=\"elementor-element elementor-element-3469ed9 e-con-full e-flex e-con e-child\" data-id=\"3469ed9\" data-element_type=\"container\" data-e-type=\"container\">\n\t\t\t\t<div class=\"elementor-element elementor-element-064cc19 elementor-widget elementor-widget-image\" data-id=\"064cc19\" data-element_type=\"widget\" data-e-type=\"widget\" data-widget_type=\"image.default\">\n\t\t\t\t<div class=\"elementor-widget-container\">\n\t\t\t\t\t\t\t\t\t\t\t\t\t\t\t<img loading=\"lazy\" decoding=\"async\" width=\"364\" height=\"579\" src=\"https:\/\/nederlandsetempeliers.nl\/wp-content\/uploads\/oudste-NL-orgeltje-in-Middelburg.jpeg\" class=\"attachment-large size-large wp-image-12841\" alt=\"Orgelhus fr\u00e5n 1400-talet till Peter Gerritsz-orgeln, placerat h\u00f6gt p\u00e5 kyrkv\u00e4ggen i Middelburg, med ett smalt gotiskt tr\u00e4hus, flera vertikala pipf\u00e4lt samt rikt snidade spetsb\u00e5gar och fialer.\" srcset=\"https:\/\/nederlandsetempeliers.nl\/wp-content\/uploads\/oudste-NL-orgeltje-in-Middelburg.jpeg 364w, https:\/\/nederlandsetempeliers.nl\/wp-content\/uploads\/oudste-NL-orgeltje-in-Middelburg-189x300.jpeg 189w\" sizes=\"(max-width: 364px) 100vw, 364px\" \/>\t\t\t\t\t\t\t\t\t\t\t\t\t\t\t<\/div>\n\t\t\t\t<\/div>\n\t\t\t\t<\/div>\n\t\t<div class=\"elementor-element elementor-element-10bd93d e-con-full e-flex e-con e-child\" data-id=\"10bd93d\" data-element_type=\"container\" data-e-type=\"container\">\n\t\t\t\t<\/div>\n\t\t\t\t\t<\/div>\n\t\t\t\t<\/div>\n\t\t<div class=\"elementor-element elementor-element-b9c05a9 e-flex e-con-boxed e-con e-parent\" data-id=\"b9c05a9\" data-element_type=\"container\" data-e-type=\"container\">\n\t\t\t\t\t<div class=\"e-con-inner\">\n\t\t\t\t<div class=\"elementor-element elementor-element-07cb31d elementor-widget elementor-widget-text-editor\" data-id=\"07cb31d\" data-element_type=\"widget\" data-e-type=\"widget\" data-widget_type=\"text-editor.default\">\n\t\t\t\t<div class=\"elementor-widget-container\">\n\t\t\t\t\t\t\t\t\t<p>Som dessert \ud83e\uddc1 \u2013 tv\u00e5 alldeles bed\u00e5rande gamla sm\u00e5 orglar<\/p><p>Verkliga sm\u00e5 p\u00e4rlor.<br \/>Den f\u00f6rsta finns i Basilique de Notre-Dame-de-Val\u00e8re (Burgkirche) i Sion i Schweiz.<br \/>Det \u00e4r v\u00e4rldens \u00e4ldsta fortfarande spelbara lilla orgel och h\u00e4rstammar fr\u00e5n omkring 1435. Den har 376 pipor, varav 180 fortfarande \u00e4r fr\u00e5n 1400-talet.<br \/>Det gotiska orgelhuset \u00e4r dekorerat med f\u00e4rgrika m\u00e5lningar av Maria med Jesusbarnet och helgon, och \u00e4r utformat som en medeltida borg \u2013 se kreneleringarna h\u00f6gst upp p\u00e5 orgelhuset till v\u00e4nster och h\u00f6ger.<br \/>Orgeln byggdes som ett blockverk, vilket inneb\u00e4r att den fr\u00e5n b\u00f6rjan inte hade register p\u00e5 det s\u00e4tt som senare orglar fick.<br \/>Det \u00e4r d\u00e4rf\u00f6r organister m\u00e5ste \u00f6va ordentligt f\u00f6r att spela p\u00e5 denna lilla orgel.<br \/>Flera pipor f\u00f6r samma ton ljuder h\u00e4r tillsammans.<\/p><p><br>Den andra lilla orgeln \u00e4r den \u00e4ldsta orgeln i Nederl\u00e4nderna.<br \/>Den byggdes omkring 1479 ursprungligen f\u00f6r Nicola\u00efkerk i Utrecht. Sedan 1950-talet h\u00e4nger orgelhuset i Middelburg.<br \/>F\u00f6r n\u00e4rvarande \u00e4r den inte spelbar eftersom sj\u00e4lva innerverket inte finns i orgelhuset.<br \/>B\u00e5de det ursprungliga medeltida orgelhuset och innerverket finns fortfarande kvar och bevaras idag i CollectieCentrum Nederland (CC NL) i Amersfoort.<br \/>D\u00e4r vill man unders\u00f6ka och konservera delarna och ta reda p\u00e5 hur de kan \u00e5terf\u00f6renas och eventuellt f\u00f6ras tillbaka till Nicola\u00efkerk i Utrecht.<br \/>\u00c4ven denna lilla p\u00e4rla h\u00e4rstammar allts\u00e5 fr\u00e5n tiden f\u00f6re 1500 och \u00e4r ocks\u00e5 ett blockverksorgel.<br \/>(Det blir till att \u00f6va!)<br \/>Rijksdienst uppger till och med att detta, s\u00e5vitt man k\u00e4nner till, \u00e4r v\u00e4rldens \u00e4ldsta orgel d\u00e4r b\u00e5de det ursprungliga orgelhuset och det historiska innerverket fortfarande finns bevarade.<\/p>\t\t\t\t\t\t\t\t<\/div>\n\t\t\t\t<\/div>\n\t\t\t\t\t<\/div>\n\t\t\t\t<\/div>\n\t\t\t\t<\/div>\n\t\t","protected":false},"excerpt":{"rendered":"<p>orgeln Orgeln har en sj\u00e4lvklar och fast plats i kyrkan. N\u00e4stan varje kyrka har ett eller till och med flera orglar. Hur kommer det sig? Varf\u00f6r har inte varje kyrka [&hellip;]<\/p>\n","protected":false},"author":4,"featured_media":0,"parent":0,"menu_order":0,"comment_status":"closed","ping_status":"closed","template":"","meta":{"footnotes":""},"class_list":["post-12863","page","type-page","status-publish","hentry"],"yoast_head":"<!-- This site is optimized with the Yoast SEO plugin v28.3 - https:\/\/yoast.com\/product\/yoast-seo-wordpress\/ -->\n<title>orgeln - Nederlandse Tempeliers<\/title>\n<meta name=\"robots\" content=\"index, follow, max-snippet:-1, max-image-preview:large, max-video-preview:-1\" \/>\n<link rel=\"canonical\" href=\"https:\/\/nederlandsetempeliers.nl\/sv\/orgeln\/\" \/>\n<meta property=\"og:locale\" content=\"sv_SE\" \/>\n<meta property=\"og:type\" content=\"article\" \/>\n<meta property=\"og:title\" content=\"orgeln - Nederlandse Tempeliers\" \/>\n<meta property=\"og:description\" content=\"orgeln Orgeln har en sj\u00e4lvklar och fast plats i kyrkan. N\u00e4stan varje kyrka har ett eller till och med flera orglar. Hur kommer det sig? Varf\u00f6r har inte varje kyrka [&hellip;]\" \/>\n<meta property=\"og:url\" content=\"https:\/\/nederlandsetempeliers.nl\/sv\/orgeln\/\" \/>\n<meta property=\"og:site_name\" content=\"Nederlandse Tempeliers\" \/>\n<meta property=\"article:modified_time\" content=\"2026-08-30T21:35:44+00:00\" \/>\n<meta property=\"og:image\" content=\"https:\/\/nederlandsetempeliers.nl\/wp-content\/uploads\/Orgel-met-engel-header-.jpeg\" \/>\n\t<meta property=\"og:image:width\" content=\"1600\" \/>\n\t<meta property=\"og:image:height\" content=\"900\" \/>\n\t<meta property=\"og:image:type\" content=\"image\/jpeg\" \/>\n<meta name=\"twitter:card\" content=\"summary_large_image\" \/>\n<meta name=\"twitter:label1\" content=\"Ber\u00e4knad l\u00e4stid\" \/>\n\t<meta name=\"twitter:data1\" content=\"30 minuter\" \/>\n<script type=\"application\/ld+json\" class=\"yoast-schema-graph\">{\"@context\":\"https:\\\/\\\/schema.org\",\"@graph\":[{\"@type\":\"WebPage\",\"@id\":\"https:\\\/\\\/nederlandsetempeliers.nl\\\/sv\\\/orgeln\\\/\",\"url\":\"https:\\\/\\\/nederlandsetempeliers.nl\\\/sv\\\/orgeln\\\/\",\"name\":\"orgeln - Nederlandse Tempeliers\",\"isPartOf\":{\"@id\":\"https:\\\/\\\/nederlandsetempeliers.nl\\\/sv\\\/#website\"},\"primaryImageOfPage\":{\"@id\":\"https:\\\/\\\/nederlandsetempeliers.nl\\\/sv\\\/orgeln\\\/#primaryimage\"},\"image\":{\"@id\":\"https:\\\/\\\/nederlandsetempeliers.nl\\\/sv\\\/orgeln\\\/#primaryimage\"},\"thumbnailUrl\":\"https:\\\/\\\/nederlandsetempeliers.nl\\\/wp-content\\\/uploads\\\/Orgel-met-engel-header--1024x576.jpeg\",\"datePublished\":\"2026-07-24T10:55:20+00:00\",\"dateModified\":\"2026-08-30T21:35:44+00:00\",\"breadcrumb\":{\"@id\":\"https:\\\/\\\/nederlandsetempeliers.nl\\\/sv\\\/orgeln\\\/#breadcrumb\"},\"inLanguage\":\"sv-SE\",\"potentialAction\":[{\"@type\":\"ReadAction\",\"target\":[\"https:\\\/\\\/nederlandsetempeliers.nl\\\/sv\\\/orgeln\\\/\"]}]},{\"@type\":\"ImageObject\",\"inLanguage\":\"sv-SE\",\"@id\":\"https:\\\/\\\/nederlandsetempeliers.nl\\\/sv\\\/orgeln\\\/#primaryimage\",\"url\":\"https:\\\/\\\/nederlandsetempeliers.nl\\\/wp-content\\\/uploads\\\/Orgel-met-engel-header--1024x576.jpeg\",\"contentUrl\":\"https:\\\/\\\/nederlandsetempeliers.nl\\\/wp-content\\\/uploads\\\/Orgel-met-engel-header--1024x576.jpeg\"},{\"@type\":\"BreadcrumbList\",\"@id\":\"https:\\\/\\\/nederlandsetempeliers.nl\\\/sv\\\/orgeln\\\/#breadcrumb\",\"itemListElement\":[{\"@type\":\"ListItem\",\"position\":1,\"name\":\"Home\",\"item\":\"https:\\\/\\\/nederlandsetempeliers.nl\\\/sv\\\/\"},{\"@type\":\"ListItem\",\"position\":2,\"name\":\"orgeln\"}]},{\"@type\":\"WebSite\",\"@id\":\"https:\\\/\\\/nederlandsetempeliers.nl\\\/sv\\\/#website\",\"url\":\"https:\\\/\\\/nederlandsetempeliers.nl\\\/sv\\\/\",\"name\":\"Nederlandse Tempeliers\",\"description\":\"The Black Knights Templars of Solomon\",\"publisher\":{\"@id\":\"https:\\\/\\\/nederlandsetempeliers.nl\\\/sv\\\/#organization\"},\"potentialAction\":[{\"@type\":\"SearchAction\",\"target\":{\"@type\":\"EntryPoint\",\"urlTemplate\":\"https:\\\/\\\/nederlandsetempeliers.nl\\\/sv\\\/?s={search_term_string}\"},\"query-input\":{\"@type\":\"PropertyValueSpecification\",\"valueRequired\":true,\"valueName\":\"search_term_string\"}}],\"inLanguage\":\"sv-SE\"},{\"@type\":\"Organization\",\"@id\":\"https:\\\/\\\/nederlandsetempeliers.nl\\\/sv\\\/#organization\",\"name\":\"Nederlandse Tempeliers\",\"url\":\"https:\\\/\\\/nederlandsetempeliers.nl\\\/sv\\\/\",\"logo\":{\"@type\":\"ImageObject\",\"inLanguage\":\"sv-SE\",\"@id\":\"https:\\\/\\\/nederlandsetempeliers.nl\\\/sv\\\/#\\\/schema\\\/logo\\\/image\\\/\",\"url\":\"https:\\\/\\\/nederlandsetempeliers.nl\\\/wp-content\\\/uploads\\\/Dutch-order-v2.png\",\"contentUrl\":\"https:\\\/\\\/nederlandsetempeliers.nl\\\/wp-content\\\/uploads\\\/Dutch-order-v2.png\",\"width\":687,\"height\":686,\"caption\":\"Nederlandse Tempeliers\"},\"image\":{\"@id\":\"https:\\\/\\\/nederlandsetempeliers.nl\\\/sv\\\/#\\\/schema\\\/logo\\\/image\\\/\"}}]}<\/script>\n<!-- \/ Yoast SEO plugin. -->","yoast_head_json":{"title":"orgeln - Nederlandse Tempeliers","robots":{"index":"index","follow":"follow","max-snippet":"max-snippet:-1","max-image-preview":"max-image-preview:large","max-video-preview":"max-video-preview:-1"},"canonical":"https:\/\/nederlandsetempeliers.nl\/sv\/orgeln\/","og_locale":"sv_SE","og_type":"article","og_title":"orgeln - Nederlandse Tempeliers","og_description":"orgeln Orgeln har en sj\u00e4lvklar och fast plats i kyrkan. N\u00e4stan varje kyrka har ett eller till och med flera orglar. Hur kommer det sig? Varf\u00f6r har inte varje kyrka [&hellip;]","og_url":"https:\/\/nederlandsetempeliers.nl\/sv\/orgeln\/","og_site_name":"Nederlandse Tempeliers","article_modified_time":"2026-08-30T21:35:44+00:00","og_image":[{"width":1600,"height":900,"url":"https:\/\/nederlandsetempeliers.nl\/wp-content\/uploads\/Orgel-met-engel-header-.jpeg","type":"image\/jpeg"}],"twitter_card":"summary_large_image","twitter_misc":{"Ber\u00e4knad l\u00e4stid":"30 minuter"},"schema":{"@context":"https:\/\/schema.org","@graph":[{"@type":"WebPage","@id":"https:\/\/nederlandsetempeliers.nl\/sv\/orgeln\/","url":"https:\/\/nederlandsetempeliers.nl\/sv\/orgeln\/","name":"orgeln - Nederlandse Tempeliers","isPartOf":{"@id":"https:\/\/nederlandsetempeliers.nl\/sv\/#website"},"primaryImageOfPage":{"@id":"https:\/\/nederlandsetempeliers.nl\/sv\/orgeln\/#primaryimage"},"image":{"@id":"https:\/\/nederlandsetempeliers.nl\/sv\/orgeln\/#primaryimage"},"thumbnailUrl":"https:\/\/nederlandsetempeliers.nl\/wp-content\/uploads\/Orgel-met-engel-header--1024x576.jpeg","datePublished":"2026-07-24T10:55:20+00:00","dateModified":"2026-08-30T21:35:44+00:00","breadcrumb":{"@id":"https:\/\/nederlandsetempeliers.nl\/sv\/orgeln\/#breadcrumb"},"inLanguage":"sv-SE","potentialAction":[{"@type":"ReadAction","target":["https:\/\/nederlandsetempeliers.nl\/sv\/orgeln\/"]}]},{"@type":"ImageObject","inLanguage":"sv-SE","@id":"https:\/\/nederlandsetempeliers.nl\/sv\/orgeln\/#primaryimage","url":"https:\/\/nederlandsetempeliers.nl\/wp-content\/uploads\/Orgel-met-engel-header--1024x576.jpeg","contentUrl":"https:\/\/nederlandsetempeliers.nl\/wp-content\/uploads\/Orgel-met-engel-header--1024x576.jpeg"},{"@type":"BreadcrumbList","@id":"https:\/\/nederlandsetempeliers.nl\/sv\/orgeln\/#breadcrumb","itemListElement":[{"@type":"ListItem","position":1,"name":"Home","item":"https:\/\/nederlandsetempeliers.nl\/sv\/"},{"@type":"ListItem","position":2,"name":"orgeln"}]},{"@type":"WebSite","@id":"https:\/\/nederlandsetempeliers.nl\/sv\/#website","url":"https:\/\/nederlandsetempeliers.nl\/sv\/","name":"Nederlandse Tempeliers","description":"The Black Knights Templars of Solomon","publisher":{"@id":"https:\/\/nederlandsetempeliers.nl\/sv\/#organization"},"potentialAction":[{"@type":"SearchAction","target":{"@type":"EntryPoint","urlTemplate":"https:\/\/nederlandsetempeliers.nl\/sv\/?s={search_term_string}"},"query-input":{"@type":"PropertyValueSpecification","valueRequired":true,"valueName":"search_term_string"}}],"inLanguage":"sv-SE"},{"@type":"Organization","@id":"https:\/\/nederlandsetempeliers.nl\/sv\/#organization","name":"Nederlandse Tempeliers","url":"https:\/\/nederlandsetempeliers.nl\/sv\/","logo":{"@type":"ImageObject","inLanguage":"sv-SE","@id":"https:\/\/nederlandsetempeliers.nl\/sv\/#\/schema\/logo\/image\/","url":"https:\/\/nederlandsetempeliers.nl\/wp-content\/uploads\/Dutch-order-v2.png","contentUrl":"https:\/\/nederlandsetempeliers.nl\/wp-content\/uploads\/Dutch-order-v2.png","width":687,"height":686,"caption":"Nederlandse Tempeliers"},"image":{"@id":"https:\/\/nederlandsetempeliers.nl\/sv\/#\/schema\/logo\/image\/"}}]}},"_links":{"self":[{"href":"https:\/\/nederlandsetempeliers.nl\/sv\/wp-json\/wp\/v2\/pages\/12863","targetHints":{"allow":["GET"]}}],"collection":[{"href":"https:\/\/nederlandsetempeliers.nl\/sv\/wp-json\/wp\/v2\/pages"}],"about":[{"href":"https:\/\/nederlandsetempeliers.nl\/sv\/wp-json\/wp\/v2\/types\/page"}],"author":[{"embeddable":true,"href":"https:\/\/nederlandsetempeliers.nl\/sv\/wp-json\/wp\/v2\/users\/4"}],"replies":[{"embeddable":true,"href":"https:\/\/nederlandsetempeliers.nl\/sv\/wp-json\/wp\/v2\/comments?post=12863"}],"version-history":[{"count":4,"href":"https:\/\/nederlandsetempeliers.nl\/sv\/wp-json\/wp\/v2\/pages\/12863\/revisions"}],"predecessor-version":[{"id":12919,"href":"https:\/\/nederlandsetempeliers.nl\/sv\/wp-json\/wp\/v2\/pages\/12863\/revisions\/12919"}],"wp:attachment":[{"href":"https:\/\/nederlandsetempeliers.nl\/sv\/wp-json\/wp\/v2\/media?parent=12863"}],"curies":[{"name":"wp","href":"https:\/\/api.w.org\/{rel}","templated":true}]}}