{"id":13078,"date":"2026-09-01T00:00:14","date_gmt":"2026-08-31T22:00:14","guid":{"rendered":"https:\/\/nederlandsetempeliers.nl\/claims-och-fakta\/"},"modified":"2026-09-01T19:11:53","modified_gmt":"2026-09-01T17:11:53","slug":"claims-och-fakta","status":"publish","type":"page","link":"https:\/\/nederlandsetempeliers.nl\/sv\/claims-och-fakta\/","title":{"rendered":"Claims och fakta"},"content":{"rendered":"\t\t<div data-elementor-type=\"wp-page\" data-elementor-id=\"13078\" class=\"elementor elementor-13078 elementor-13028\" data-elementor-post-type=\"page\">\n\t\t\t\t<div class=\"elementor-element elementor-element-d5ec9fd e-flex e-con-boxed e-con e-parent\" data-id=\"d5ec9fd\" data-element_type=\"container\" data-e-type=\"container\">\n\t\t\t\t\t<div class=\"e-con-inner\">\n\t\t\t\t<div class=\"elementor-element elementor-element-a3cb723 elementor-widget elementor-widget-image\" data-id=\"a3cb723\" data-element_type=\"widget\" data-e-type=\"widget\" data-widget_type=\"image.default\">\n\t\t\t\t<div class=\"elementor-widget-container\">\n\t\t\t\t\t\t\t\t\t\t\t\t\t\t\t<img fetchpriority=\"high\" decoding=\"async\" width=\"800\" height=\"535\" src=\"https:\/\/nederlandsetempeliers.nl\/wp-content\/uploads\/Claims-en-Feiten-header-1024x685.jpeg\" class=\"attachment-large size-large wp-image-13066\" alt=\"Claims och fakta \u2013 header\" srcset=\"https:\/\/nederlandsetempeliers.nl\/wp-content\/uploads\/Claims-en-Feiten-header-1024x685.jpeg 1024w, https:\/\/nederlandsetempeliers.nl\/wp-content\/uploads\/Claims-en-Feiten-header-300x201.jpeg 300w, https:\/\/nederlandsetempeliers.nl\/wp-content\/uploads\/Claims-en-Feiten-header-768x514.jpeg 768w, https:\/\/nederlandsetempeliers.nl\/wp-content\/uploads\/Claims-en-Feiten-header.jpeg 1533w\" sizes=\"(max-width: 800px) 100vw, 800px\" \/>\t\t\t\t\t\t\t\t\t\t\t\t\t\t\t<\/div>\n\t\t\t\t<\/div>\n\t\t\t\t\t<\/div>\n\t\t\t\t<\/div>\n\t\t<div class=\"elementor-element elementor-element-e029fda e-flex e-con-boxed e-con e-parent\" data-id=\"e029fda\" data-element_type=\"container\" data-e-type=\"container\">\n\t\t\t\t\t<div class=\"e-con-inner\">\n\t\t\t\t<div class=\"elementor-element elementor-element-46780da elementor-widget elementor-widget-heading\" data-id=\"46780da\" data-element_type=\"widget\" data-e-type=\"widget\" data-widget_type=\"heading.default\">\n\t\t\t\t<div class=\"elementor-widget-container\">\n\t\t\t\t\t<h2 class=\"elementor-heading-title elementor-size-default\">Claims och fakta<\/h2>\t\t\t\t<\/div>\n\t\t\t\t<\/div>\n\t\t\t\t\t<\/div>\n\t\t\t\t<\/div>\n\t\t<div class=\"elementor-element elementor-element-dd827c6 e-flex e-con-boxed e-con e-parent\" data-id=\"dd827c6\" data-element_type=\"container\" data-e-type=\"container\">\n\t\t\t\t\t<div class=\"e-con-inner\">\n\t\t\t\t<div class=\"elementor-element elementor-element-f05c762 elementor-widget elementor-widget-text-editor\" data-id=\"f05c762\" data-element_type=\"widget\" data-e-type=\"widget\" data-widget_type=\"text-editor.default\">\n\t\t\t\t<div class=\"elementor-widget-container\">\n\t\t\t\t\t\t\t\t\t<p> <\/p><p>P\u00e5 internet hittar man m\u00e5nga p\u00e5st\u00e5enden, ofta underbyggda med s\u00e5 kallade fakta. Allt som st\u00e5r p\u00e5 internet \u00e4r inte sant. Inte ens om det upprepas 100 000 g\u00e5nger, hur h\u00f6gt man \u00e4n skriker eller ropar. N\u00e5got som inte \u00e4r sant blir fortfarande inte sant.<br \/>Det kan ocks\u00e5 vara s\u00e5 att personen sj\u00e4lv \u00e4r \u00f6vertygad om att det \u00e4r sanningen (domstolarna \u00e4r fulla av s\u00e5dant); \u00e4nd\u00e5 kan det vara felaktigt.<\/p><p>Naturligtvis m\u00e5ste det finnas n\u00e5got f\u00f6r alla. Den som s\u00f6ker en annan v\u00e4g \u00e4r fri att f\u00f6lja den, och det respekterar vi fullt ut. Men det \u00e4r inte n\u00e5got vi identifierar oss med. D\u00e5 h\u00e4nvisar vi g\u00e4rna till webbplatser som \u00e4r inriktade p\u00e5 det.<br \/>Inom De Nederlandse Tempeliers v\u00e4ljer vi d\u00e4remot medvetet historisk noggrannhet, bel\u00e4ggbara fakta och \u00e4rlighet om vad som \u00e4r k\u00e4nt och inte k\u00e4nt. D\u00e4rf\u00f6r presenterar vi inte legender som historia, moderna traditioner som medeltida kontinuitet eller symbolik som bevis.<br \/>Vi v\u00e4ljer hellre sanningen med f\u00e5 m\u00e4nniskor \u00e4n en vacker ber\u00e4ttelse med m\u00e5nga, \u00e4ven n\u00e4r sanningen skaver och inte ser vacker ut.<\/p><p>Allt som kallar sig Tempelriddare passar inte in i det som vi menar med Tempelriddarskap. Det \u00e4r ingen dom \u00f6ver andra, utan en tydlig gr\u00e4ns f\u00f6r oss sj\u00e4lva.<\/p><p>Oavsett om man sj\u00e4lv \u00e4r \u00f6vertygad om det eller inte finns det i grova drag fyra stora kategorier d\u00e4r p\u00e5st\u00e5enden medvetet eller omedvetet tillskrivs eller g\u00f6rs till egna:<br \/>1) HISTORISKT FELAKTIGT: att framst\u00e4lla eller g\u00f6ra anspr\u00e5k p\u00e5 Jeanne d\u2019Arc, kung Arthur, riddarna av Runda bordet, Robin Hood och s\u00e5 vidare som Tempelriddare.<br \/>2) FANTASI OCH SENSATION: drakar, Darth Vader, blodiga sv\u00e4rd, m\u00f6rka riddare, aggressiva hundar, Hollywood-estetik, ockult anspelande bilder och allt som framf\u00f6r allt s\u00e4ljer spektakel.<br \/>3) H\u00c4RSTAMNING OCH KONTINUITET:<br \/>organisationer som anv\u00e4nder Tempelriddarnas goda namn, symbolik eller historia f\u00f6r att f\u00e5 sig sj\u00e4lva att framst\u00e5 som \u00e4ldre, viktigare eller mer historiskt legitimerade \u00e4n vad som kan bel\u00e4ggas.<br \/>4) EGO OCH YTTRE UPPVISNING: medaljer, \u00f6verd\u00e5diga titlar, dr\u00e4kter, band, poser, hierarkiskt skryt, \u201dvi \u00e4r de sanna efterf\u00f6ljarna\u201d, imponerande namn utan inneh\u00e5ll.<\/p>\t\t\t\t\t\t\t\t<\/div>\n\t\t\t\t<\/div>\n\t\t\t\t\t<\/div>\n\t\t\t\t<\/div>\n\t\t<div class=\"elementor-element elementor-element-50f90bb e-flex e-con-boxed e-con e-parent\" data-id=\"50f90bb\" data-element_type=\"container\" data-e-type=\"container\">\n\t\t\t\t\t<div class=\"e-con-inner\">\n\t\t\t\t<div class=\"elementor-element elementor-element-1f44733 elementor-widget elementor-widget-image\" data-id=\"1f44733\" data-element_type=\"widget\" data-e-type=\"widget\" data-widget_type=\"image.default\">\n\t\t\t\t<div class=\"elementor-widget-container\">\n\t\t\t\t\t\t\t\t\t\t\t\t\t\t\t<img decoding=\"async\" width=\"800\" height=\"450\" src=\"https:\/\/nederlandsetempeliers.nl\/wp-content\/uploads\/Zweeds-text-1-1024x576.jpeg\" class=\"attachment-large size-large wp-image-13133\" alt=\"Sverige: statement om Tempelriddarna i deras verkliga v\u00e4rderingar och normer\" srcset=\"https:\/\/nederlandsetempeliers.nl\/wp-content\/uploads\/Zweeds-text-1-1024x576.jpeg 1024w, https:\/\/nederlandsetempeliers.nl\/wp-content\/uploads\/Zweeds-text-1-300x169.jpeg 300w, https:\/\/nederlandsetempeliers.nl\/wp-content\/uploads\/Zweeds-text-1-768x432.jpeg 768w, https:\/\/nederlandsetempeliers.nl\/wp-content\/uploads\/Zweeds-text-1-1536x864.jpeg 1536w, https:\/\/nederlandsetempeliers.nl\/wp-content\/uploads\/Zweeds-text-1.jpeg 1600w\" sizes=\"(max-width: 800px) 100vw, 800px\" \/>\t\t\t\t\t\t\t\t\t\t\t\t\t\t\t<\/div>\n\t\t\t\t<\/div>\n\t\t\t\t\t<\/div>\n\t\t\t\t<\/div>\n\t\t<div class=\"elementor-element elementor-element-814b67d e-flex e-con-boxed e-con e-parent\" data-id=\"814b67d\" data-element_type=\"container\" data-e-type=\"container\">\n\t\t\t\t\t<div class=\"e-con-inner\">\n\t\t\t\t<div class=\"elementor-element elementor-element-ecb290d elementor-widget elementor-widget-text-editor\" data-id=\"ecb290d\" data-element_type=\"widget\" data-e-type=\"widget\" data-widget_type=\"text-editor.default\">\n\t\t\t\t<div class=\"elementor-widget-container\">\n\t\t\t\t\t\t\t\t\t<p><span style=\"font-family: &apos;Calibri&apos;,sans-serif\">Nedan f\u00f6rklaras de fyra punkterna n\u00e4rmare. Vi vill \u00e4nnu en g\u00e5ng betona att var och en \u00e4r fri i sin egen \u00f6vertygelse, smak och sitt eget s\u00e4tt att n\u00e4rma sig detta; den friheten respekterar vi. Den h\u00e4r sidan \u00e4r inte avsedd att tala om f\u00f6r andra vad de ska tro eller hur de ska utforma sin orden. Vi klarg\u00f6r enbart vilka utg\u00e5ngspunkter De Nederlandse Tempeliers sj\u00e4lva h\u00e5ller fast vid: historisk noggrannhet, sanningsenlighet, tj\u00e4nande och var vi drar v\u00e5ra egna gr\u00e4nser. <\/span><\/p>\t\t\t\t\t\t\t\t<\/div>\n\t\t\t\t<\/div>\n\t\t\t\t\t<\/div>\n\t\t\t\t<\/div>\n\t\t\t\t<section class=\"elementor-section elementor-top-section elementor-element elementor-element-73fc1080 elementor-section-boxed elementor-section-height-default elementor-section-height-default\" data-id=\"73fc1080\" data-element_type=\"section\" data-e-type=\"section\" data-settings=\"{&quot;background_background&quot;:&quot;classic&quot;,&quot;shape_divider_top&quot;:&quot;triangle&quot;,&quot;shape_divider_top_negative&quot;:&quot;yes&quot;,&quot;shape_divider_bottom&quot;:&quot;triangle&quot;,&quot;shape_divider_bottom_negative&quot;:&quot;yes&quot;}\">\n\t\t\t\t\t<div class=\"elementor-shape elementor-shape-top\" aria-hidden=\"true\" data-negative=\"true\">\n\t\t\t<svg xmlns=\"http:\/\/www.w3.org\/2000\/svg\" viewBox=\"0 0 1000 100\" preserveAspectRatio=\"none\">\n\t<path class=\"elementor-shape-fill\" d=\"M500.2,94.7L0,0v100h1000V0L500.2,94.7z\"\/>\n<\/svg>\t\t<\/div>\n\t\t\t\t<div class=\"elementor-shape elementor-shape-bottom\" aria-hidden=\"true\" data-negative=\"true\">\n\t\t\t<svg xmlns=\"http:\/\/www.w3.org\/2000\/svg\" viewBox=\"0 0 1000 100\" preserveAspectRatio=\"none\">\n\t<path class=\"elementor-shape-fill\" d=\"M500.2,94.7L0,0v100h1000V0L500.2,94.7z\"\/>\n<\/svg>\t\t<\/div>\n\t\t\t\t\t<div class=\"elementor-container elementor-column-gap-default\">\n\t\t\t\t\t<div class=\"elementor-column elementor-col-100 elementor-top-column elementor-element elementor-element-51107f39\" data-id=\"51107f39\" data-element_type=\"column\" data-e-type=\"column\">\n\t\t\t<div class=\"elementor-widget-wrap elementor-element-populated\">\n\t\t\t\t\t\t<div class=\"elementor-element elementor-element-49646cda elementor-widget__width-auto elementor-widget elementor-widget-heading\" data-id=\"49646cda\" data-element_type=\"widget\" data-e-type=\"widget\" data-widget_type=\"heading.default\">\n\t\t\t\t<div class=\"elementor-widget-container\">\n\t\t\t\t\t<h2 class=\"elementor-heading-title elementor-size-default\">historiskt felaktigt<\/h2>\t\t\t\t<\/div>\n\t\t\t\t<\/div>\n\t\t\t\t\t<\/div>\n\t\t<\/div>\n\t\t\t\t\t<\/div>\n\t\t<\/section>\n\t\t<div class=\"elementor-element elementor-element-ec1ae64 e-flex e-con-boxed e-con e-parent\" data-id=\"ec1ae64\" data-element_type=\"container\" data-e-type=\"container\">\n\t\t\t\t\t<div class=\"e-con-inner\">\n\t\t\t\t<div class=\"elementor-element elementor-element-5fe5547 elementor-widget elementor-widget-text-editor\" data-id=\"5fe5547\" data-element_type=\"widget\" data-e-type=\"widget\" data-widget_type=\"text-editor.default\">\n\t\t\t\t<div class=\"elementor-widget-container\">\n\t\t\t\t\t\t\t\t\t<p>Ofta dras andra historiska personer \u2013 fiktiva eller verkliga \u2013 in i ett tempelriddarsammanhang eller g\u00f6rs anspr\u00e5k p\u00e5 som Tempelriddare. Exemplen \u00e4r otaliga: Jeanne d\u2019Arc, kung Arthur, riddarna av Runda bordet, Robin Hood, vikingar och s\u00e5 vidare framst\u00e4lls eller h\u00e4vdas som Tempelriddare. Det s\u00e4ger egentligen sig sj\u00e4lvt. Den stora majoriteten levde inte ens under Tempelriddarnas tid, 1118\u20131312, och d\u00e4rf\u00f6r \u00e4r det historiskt om\u00f6jligt. H\u00e4r tar vi tv\u00e5 exempel.<\/p>\t\t\t\t\t\t\t\t<\/div>\n\t\t\t\t<\/div>\n\t\t\t\t\t<\/div>\n\t\t\t\t<\/div>\n\t\t<div class=\"elementor-element elementor-element-7e52f62 e-flex e-con-boxed e-con e-parent\" data-id=\"7e52f62\" data-element_type=\"container\" data-e-type=\"container\">\n\t\t\t\t\t<div class=\"e-con-inner\">\n\t\t<div class=\"elementor-element elementor-element-538ee0a e-con-full e-flex e-con e-child\" data-id=\"538ee0a\" data-element_type=\"container\" data-e-type=\"container\">\n\t\t\t\t<div class=\"elementor-element elementor-element-2940e81 elementor-widget elementor-widget-image\" data-id=\"2940e81\" data-element_type=\"widget\" data-e-type=\"widget\" data-widget_type=\"image.default\">\n\t\t\t\t<div class=\"elementor-widget-container\">\n\t\t\t\t\t\t\t\t\t\t\t\t\t\t\t<img decoding=\"async\" width=\"454\" height=\"218\" src=\"https:\/\/nederlandsetempeliers.nl\/wp-content\/uploads\/Jian-of-arc.jpg\" class=\"attachment-large size-large wp-image-13068\" alt=\"Joan of arc\" srcset=\"https:\/\/nederlandsetempeliers.nl\/wp-content\/uploads\/Jian-of-arc.jpg 454w, https:\/\/nederlandsetempeliers.nl\/wp-content\/uploads\/Jian-of-arc-300x144.jpg 300w\" sizes=\"(max-width: 454px) 100vw, 454px\" \/>\t\t\t\t\t\t\t\t\t\t\t\t\t\t\t<\/div>\n\t\t\t\t<\/div>\n\t\t\t\t<\/div>\n\t\t<div class=\"elementor-element elementor-element-e9f62de e-con-full e-flex e-con e-child\" data-id=\"e9f62de\" data-element_type=\"container\" data-e-type=\"container\">\n\t\t\t\t<div class=\"elementor-element elementor-element-91a9ed9 elementor-widget elementor-widget-text-editor\" data-id=\"91a9ed9\" data-element_type=\"widget\" data-e-type=\"widget\" data-widget_type=\"text-editor.default\">\n\t\t\t\t<div class=\"elementor-widget-container\">\n\t\t\t\t\t\t\t\t\t<p><br>Jeanne d\u2019Arc levde 1412\u20131431. Tempelriddarna uppl\u00f6stes 1312. \u2192 Det skiljer allts\u00e5 mer \u00e4n ett \u00e5rhundrade. Hon kunde helt enkelt inte ha varit medlem.<br \/>Det som sker h\u00e4r \u00e4r inte historia utan modern mytbildning:<\/p>\t\t\t\t\t\t\t\t<\/div>\n\t\t\t\t<\/div>\n\t\t\t\t<\/div>\n\t\t\t\t\t<\/div>\n\t\t\t\t<\/div>\n\t\t<div class=\"elementor-element elementor-element-3922960 e-flex e-con-boxed e-con e-parent\" data-id=\"3922960\" data-element_type=\"container\" data-e-type=\"container\">\n\t\t\t\t\t<div class=\"e-con-inner\">\n\t\t\t\t<div class=\"elementor-element elementor-element-7dcfe39 elementor-widget elementor-widget-text-editor\" data-id=\"7dcfe39\" data-element_type=\"widget\" data-e-type=\"widget\" data-widget_type=\"text-editor.default\">\n\t\t\t\t<div class=\"elementor-widget-container\">\n\t\t\t\t\t\t\t\t\t<p>\u2022 \u201dDynastic Templar Female Warrior\u201d \u00e4r historiskt sett fullst\u00e4ndig fiktion.<br \/>Inga k\u00e4llor, ingen kontinuitet, ingen orden, ingen dynasti \u2014 ingenting.<br \/>\u2022 Jeanne f\u00f6rs i efterhand in i en tempelriddarber\u00e4ttelse f\u00f6r att ge den egna organisationen tyngd, legitimitet och mystik.<br \/>\u2022 Ordet \u201dtradition\u201d missbrukas h\u00e4r: inte i betydelsen traderad verklighet, utan som en sj\u00e4lvuppfunnen linje som man g\u00e4rna skulle vilja vore sann.<br \/>var och en sitt \u2014<br \/>men detta h\u00f6r till kategorin \u201ds\u00e4g d\u00e5 helt enkelt att ni \u00e4r en modern andlig orden med symbolisk inspiration\u201d och inte: som om ni besitter historisk kontinuitet. Det h\u00e4r \u00e4r inte historia, det \u00e4r fanfiction med ett vapensk\u00f6ld ovanp\u00e5.<br \/>Och det mest talande? H\u00e4r anv\u00e4nds ord ur Jeannes processhandlingar f\u00f6r att i efterhand placera henne i en tempelriddarber\u00e4ttelse som saknar historisk grund.<\/p>\t\t\t\t\t\t\t\t<\/div>\n\t\t\t\t<\/div>\n\t\t\t\t\t<\/div>\n\t\t\t\t<\/div>\n\t\t<div class=\"elementor-element elementor-element-7a2b376 e-flex e-con-boxed e-con e-parent\" data-id=\"7a2b376\" data-element_type=\"container\" data-e-type=\"container\">\n\t\t\t\t\t<div class=\"e-con-inner\">\n\t\t<div class=\"elementor-element elementor-element-174abc6 e-con-full e-flex e-con e-child\" data-id=\"174abc6\" data-element_type=\"container\" data-e-type=\"container\">\n\t\t\t\t<\/div>\n\t\t<div class=\"elementor-element elementor-element-4bd7291 e-con-full e-flex e-con e-child\" data-id=\"4bd7291\" data-element_type=\"container\" data-e-type=\"container\">\n\t\t\t\t<div class=\"elementor-element elementor-element-31910a1 elementor-widget elementor-widget-image\" data-id=\"31910a1\" data-element_type=\"widget\" data-e-type=\"widget\" data-widget_type=\"image.default\">\n\t\t\t\t<div class=\"elementor-widget-container\">\n\t\t\t\t\t\t\t\t\t\t\t\t\t\t\t<img loading=\"lazy\" decoding=\"async\" width=\"513\" height=\"291\" src=\"https:\/\/nederlandsetempeliers.nl\/wp-content\/uploads\/Ronde-tafel-van-koning-Arthur-aan-de-muur.jpg\" class=\"attachment-large size-large wp-image-13069\" alt=\"Kung Arthurs runda bord p\u00e5 v\u00e4ggen i en kyrka\" srcset=\"https:\/\/nederlandsetempeliers.nl\/wp-content\/uploads\/Ronde-tafel-van-koning-Arthur-aan-de-muur.jpg 513w, https:\/\/nederlandsetempeliers.nl\/wp-content\/uploads\/Ronde-tafel-van-koning-Arthur-aan-de-muur-300x170.jpg 300w\" sizes=\"(max-width: 513px) 100vw, 513px\" \/>\t\t\t\t\t\t\t\t\t\t\t\t\t\t\t<\/div>\n\t\t\t\t<\/div>\n\t\t\t\t<\/div>\n\t\t<div class=\"elementor-element elementor-element-0747725 e-con-full e-flex e-con e-child\" data-id=\"0747725\" data-element_type=\"container\" data-e-type=\"container\">\n\t\t\t\t<div class=\"elementor-element elementor-element-085c196 elementor-widget elementor-widget-image\" data-id=\"085c196\" data-element_type=\"widget\" data-e-type=\"widget\" data-widget_type=\"image.default\">\n\t\t\t\t<div class=\"elementor-widget-container\">\n\t\t\t\t\t\t\t\t\t\t\t\t\t\t\t<img loading=\"lazy\" decoding=\"async\" width=\"283\" height=\"283\" src=\"https:\/\/nederlandsetempeliers.nl\/wp-content\/uploads\/Tempeliers-als-ridders-aan-de-ronde-tafel-van-koning-Arthur.jpg\" class=\"attachment-large size-large wp-image-13070\" alt=\"Tempelriddare som riddare vid kung Arthurs runda bord, i en medeltida milj\u00f6\" srcset=\"https:\/\/nederlandsetempeliers.nl\/wp-content\/uploads\/Tempeliers-als-ridders-aan-de-ronde-tafel-van-koning-Arthur.jpg 283w, https:\/\/nederlandsetempeliers.nl\/wp-content\/uploads\/Tempeliers-als-ridders-aan-de-ronde-tafel-van-koning-Arthur-150x150.jpg 150w\" sizes=\"(max-width: 283px) 100vw, 283px\" \/>\t\t\t\t\t\t\t\t\t\t\t\t\t\t\t<\/div>\n\t\t\t\t<\/div>\n\t\t\t\t<\/div>\n\t\t\t\t\t<\/div>\n\t\t\t\t<\/div>\n\t\t<div class=\"elementor-element elementor-element-9cb13b4 e-flex e-con-boxed e-con e-parent\" data-id=\"9cb13b4\" data-element_type=\"container\" data-e-type=\"container\">\n\t\t\t\t\t<div class=\"e-con-inner\">\n\t\t\t\t<div class=\"elementor-element elementor-element-bee2674 elementor-widget elementor-widget-text-editor\" data-id=\"bee2674\" data-element_type=\"widget\" data-e-type=\"widget\" data-widget_type=\"text-editor.default\">\n\t\t\t\t<div class=\"elementor-widget-container\">\n\t\t\t\t\t\t\t\t\t<p>Detsamma g\u00e4ller riddarna av Runda bordet, ursprungligen knutna till kung Arthur. Aldrig till Tempelriddarna. Ren fiktion. Men hur \u00e4r det d\u00e5 med kung Arthur sj\u00e4lv? Har han funnits, eller \u00e4r han en legend?<br \/>Ingen vet s\u00e4kert. Kung Arthur befinner sig precis p\u00e5 gr\u00e4nsen mellan historia och myt \u2014 och det \u00e4r just det som g\u00f6r honom s\u00e5 tidl\u00f6s.<\/p><p>1. Den historiska k\u00e4rnan: bakom legenden kan det ha funnits en historisk person.<br>Vissa historiker tror att \u201dArthur\u201d kan ha byggt p\u00e5 en brittisk krigsherre fr\u00e5n 400- eller 500-talet \u2014 en tid av kaos efter romarnas utt\u00e5g ur Britannien.<br>Denne man ska ha lett en rad slag mot saxiska inkr\u00e4ktare.<br>Han var sannolikt inte kung i ordets senare betydelse, utan ledare f\u00f6r lokala stammar \u2014 n\u00e5gon som skapade ordning i ett rike i s\u00f6nderfall.<br>Det finns gamla kr\u00f6nikor som vagt h\u00e4nvisar till honom, s\u00e5som Historia Brittonum (800-talet) och Annales Cambriae (900-talet), men ingen av dessa texter utg\u00f6r verkligt h\u00e5rda bevis.<br>2. Legenden v\u00e4xer: p\u00e5 1100-talet skrev munken Geoffrey of Monmouth sitt ber\u00f6mda Historia Regum Britanniae (Historien om Britanniens kungar).<br>D\u00e4r f\u00f6rvandlades Arthur fr\u00e5n en krigsherre till en mytisk kung \u2014 \u00e4del, vis, f\u00f6rbunden med trollkarlen Merlin och den heliga graalen. Fr\u00e5n den stunden var Arthur inte l\u00e4ngre bara en m\u00e4nniska, utan ett ideal f\u00f6r r\u00e4ttf\u00e4rdigt ledarskap.<br>Hans v\u00e4rldsber\u00f6mda Runda bord stod som symbol f\u00f6r j\u00e4mlikhet och trohet,<br \/>hans sv\u00e4rd Excalibur f\u00f6r r\u00e4ttvisa,<br \/>och hans s\u00f6kande efter graalen f\u00f6r andlig rening.<br \/>3. Myten som spegel: oavsett om han verkligen har funnits eller inte \u2014 kung Arthur gestaltar n\u00e5got som saknas i varje tid: den r\u00e4ttf\u00e4rdige ledaren som strider utan \u00e4relystnad, regerar utan h\u00f6gmod och anv\u00e4nder sin makt f\u00f6r n\u00e5got h\u00f6gre.<\/p><p>D\u00e4rf\u00f6r har hans ber\u00e4ttelse aldrig f\u00f6rsvunnit. Under medeltiden hade Tempelriddarna liknande ideal, och nu \u2014 \u00e5rhundraden senare \u2014 k\u00e4nner m\u00e4nniskor fortfarande igen n\u00e5got av det rena, det trofasta och det heliga i dem.<br \/>Om det finns en historisk person bakom Arthurlegenden vet vi inte. Men i den medeltida traditionen v\u00e4xte Arthur till en tidl\u00f6s symbol f\u00f6r dygd och r\u00e4ttf\u00e4rdighet.<\/p><p>Finns det d\u00e5 n\u00e5gon ber\u00f6ringspunkt med Tempelriddarna? Historiskt och symboliskt sett: nej. Andligt sett: absolut.<\/p>\t\t\t\t\t\t\t\t<\/div>\n\t\t\t\t<\/div>\n\t\t\t\t\t<\/div>\n\t\t\t\t<\/div>\n\t\t\t\t<section class=\"elementor-section elementor-top-section elementor-element elementor-element-727451d3 elementor-section-boxed elementor-section-height-default elementor-section-height-default\" data-id=\"727451d3\" data-element_type=\"section\" data-e-type=\"section\" data-settings=\"{&quot;background_background&quot;:&quot;classic&quot;,&quot;shape_divider_top&quot;:&quot;triangle&quot;,&quot;shape_divider_top_negative&quot;:&quot;yes&quot;,&quot;shape_divider_bottom&quot;:&quot;triangle&quot;,&quot;shape_divider_bottom_negative&quot;:&quot;yes&quot;}\">\n\t\t\t\t\t<div class=\"elementor-shape elementor-shape-top\" aria-hidden=\"true\" data-negative=\"true\">\n\t\t\t<svg xmlns=\"http:\/\/www.w3.org\/2000\/svg\" viewBox=\"0 0 1000 100\" preserveAspectRatio=\"none\">\n\t<path class=\"elementor-shape-fill\" d=\"M500.2,94.7L0,0v100h1000V0L500.2,94.7z\"\/>\n<\/svg>\t\t<\/div>\n\t\t\t\t<div class=\"elementor-shape elementor-shape-bottom\" aria-hidden=\"true\" data-negative=\"true\">\n\t\t\t<svg xmlns=\"http:\/\/www.w3.org\/2000\/svg\" viewBox=\"0 0 1000 100\" preserveAspectRatio=\"none\">\n\t<path class=\"elementor-shape-fill\" d=\"M500.2,94.7L0,0v100h1000V0L500.2,94.7z\"\/>\n<\/svg>\t\t<\/div>\n\t\t\t\t\t<div class=\"elementor-container elementor-column-gap-default\">\n\t\t\t\t\t<div class=\"elementor-column elementor-col-100 elementor-top-column elementor-element elementor-element-2d4e78e0\" data-id=\"2d4e78e0\" data-element_type=\"column\" data-e-type=\"column\">\n\t\t\t<div class=\"elementor-widget-wrap elementor-element-populated\">\n\t\t\t\t\t\t<div class=\"elementor-element elementor-element-5e4f30e8 elementor-widget__width-auto elementor-widget elementor-widget-heading\" data-id=\"5e4f30e8\" data-element_type=\"widget\" data-e-type=\"widget\" data-widget_type=\"heading.default\">\n\t\t\t\t<div class=\"elementor-widget-container\">\n\t\t\t\t\t<h2 class=\"elementor-heading-title elementor-size-default\">Fantasi och sensation<\/h2>\t\t\t\t<\/div>\n\t\t\t\t<\/div>\n\t\t\t\t\t<\/div>\n\t\t<\/div>\n\t\t\t\t\t<\/div>\n\t\t<\/section>\n\t\t<div class=\"elementor-element elementor-element-8531bee e-flex e-con-boxed e-con e-parent\" data-id=\"8531bee\" data-element_type=\"container\" data-e-type=\"container\">\n\t\t\t\t\t<div class=\"e-con-inner\">\n\t\t\t\t<div class=\"elementor-element elementor-element-e0e92de elementor-widget elementor-widget-text-editor\" data-id=\"e0e92de\" data-element_type=\"widget\" data-e-type=\"widget\" data-widget_type=\"text-editor.default\">\n\t\t\t\t<div class=\"elementor-widget-container\">\n\t\t\t\t\t\t\t\t\t<p>Tempelriddarna var munkriddare. De tillbringade 95 % av sin tid p\u00e5 kn\u00e4 och 5 % p\u00e5 slagf\u00e4ltet.<\/p><p>Det \u00e4r ocks\u00e5 anledningen till att du h\u00e4r inte hittar de \u201df\u00f6rvanskade\u201d tempelriddarbilder som fyller 98 % av internet n\u00e4r det handlar om Tempelriddare.<\/p>\t\t\t\t\t\t\t\t<\/div>\n\t\t\t\t<\/div>\n\t\t\t\t\t<\/div>\n\t\t\t\t<\/div>\n\t\t<div class=\"elementor-element elementor-element-b916dd3 e-flex e-con-boxed e-con e-parent\" data-id=\"b916dd3\" data-element_type=\"container\" data-e-type=\"container\">\n\t\t\t\t\t<div class=\"e-con-inner\">\n\t\t\t\t<div class=\"elementor-element elementor-element-fd5113b elementor-widget elementor-widget-image\" data-id=\"fd5113b\" data-element_type=\"widget\" data-e-type=\"widget\" data-widget_type=\"image.default\">\n\t\t\t\t<div class=\"elementor-widget-container\">\n\t\t\t\t\t\t\t\t\t\t\t\t\t\t\t<img loading=\"lazy\" decoding=\"async\" width=\"800\" height=\"534\" src=\"https:\/\/nederlandsetempeliers.nl\/wp-content\/uploads\/Tempeliers-die-op-fake-internet-overvloedig-bier-drinken-1024x683.jpeg\" class=\"attachment-large size-large wp-image-13071\" alt=\"Tempelriddare som p\u00e5 ett fejkat internet \u00f6verdrivet dricker \u00f6l\" srcset=\"https:\/\/nederlandsetempeliers.nl\/wp-content\/uploads\/Tempeliers-die-op-fake-internet-overvloedig-bier-drinken-1024x683.jpeg 1024w, https:\/\/nederlandsetempeliers.nl\/wp-content\/uploads\/Tempeliers-die-op-fake-internet-overvloedig-bier-drinken-300x200.jpeg 300w, https:\/\/nederlandsetempeliers.nl\/wp-content\/uploads\/Tempeliers-die-op-fake-internet-overvloedig-bier-drinken-768x512.jpeg 768w, https:\/\/nederlandsetempeliers.nl\/wp-content\/uploads\/Tempeliers-die-op-fake-internet-overvloedig-bier-drinken.jpeg 1536w\" sizes=\"(max-width: 800px) 100vw, 800px\" \/>\t\t\t\t\t\t\t\t\t\t\t\t\t\t\t<\/div>\n\t\t\t\t<\/div>\n\t\t\t\t\t<\/div>\n\t\t\t\t<\/div>\n\t\t<div class=\"elementor-element elementor-element-9d79d07 e-flex e-con-boxed e-con e-parent\" data-id=\"9d79d07\" data-element_type=\"container\" data-e-type=\"container\">\n\t\t\t\t\t<div class=\"e-con-inner\">\n\t\t\t\t<div class=\"elementor-element elementor-element-cb1396c elementor-widget elementor-widget-text-editor\" data-id=\"cb1396c\" data-element_type=\"widget\" data-e-type=\"widget\" data-widget_type=\"text-editor.default\">\n\t\t\t\t<div class=\"elementor-widget-container\">\n\t\t\t\t\t\t\t\t\t<p>Hollywood-versionen av Tempelriddaren: skinande st\u00e5l, \u00f6verdrivna mantlar (kors p\u00e5 ryggen \ud83d\udc80), dramatiska poser, blod, eld och ett \u00f6verfl\u00f6d av yttre uppvisning. Det kan ge vackert bildmaterial, men det st\u00e4mmer inte alls med vad Tempelriddarna faktiskt var.<br \/>Bling-bling, spektakul\u00e4ra rustningar och Hollywood-heroik h\u00f6r f\u00f6r oss inte till den bild vi vill f\u00f6rmedla. Det ser imponerande ut, men imponerande \u00e4r \u00e4nnu inte detsamma som historiskt korrekt. N\u00e4r formen blir viktigare \u00e4n sanningen blir historien till dekor.<br \/>Precis d\u00e4r drar vi gr\u00e4nsen. Vi v\u00e4ljer hellre nykterhet och \u00e4kthet som st\u00e4mmer \u00e4n spektakel som s\u00e4ljer.<\/p><p>Tempelriddare p\u00e5 drakar och\u2026.. det \u00e4r makt utan underkastelse och b\u00f6n. V\u00e5ld utan lydnad \u00e4r heroik utan Gud. Allt som Tempelriddarna n\u00e5gonsin stod f\u00f6r var just motsatsen till detta. Det v\u00e5ra Br\u00f6der gav allt f\u00f6r, inklusive sina liv, var total \u00f6verl\u00e5telse \u00e5t Gud. Det var v\u00e5r medeltida styrka: b\u00f6j dig d\u00e4r du ska, st\u00e5 rak d\u00e4r du b\u00f6r. F\u00f6rst\u00e5 skillnaden.<\/p>\t\t\t\t\t\t\t\t<\/div>\n\t\t\t\t<\/div>\n\t\t\t\t\t<\/div>\n\t\t\t\t<\/div>\n\t\t<div class=\"elementor-element elementor-element-ec7a7de e-flex e-con-boxed e-con e-parent\" data-id=\"ec7a7de\" data-element_type=\"container\" data-e-type=\"container\">\n\t\t\t\t\t<div class=\"e-con-inner\">\n\t\t\t\t<div class=\"elementor-element elementor-element-46e827d elementor-widget elementor-widget-image\" data-id=\"46e827d\" data-element_type=\"widget\" data-e-type=\"widget\" data-widget_type=\"image.default\">\n\t\t\t\t<div class=\"elementor-widget-container\">\n\t\t\t\t\t\t\t\t\t\t\t\t\t\t\t<img loading=\"lazy\" decoding=\"async\" width=\"682\" height=\"264\" src=\"https:\/\/nederlandsetempeliers.nl\/wp-content\/uploads\/fantasie-Tempeliers-met-draken-darth-vader-22gevaarlijke22-honden.jpeg\" class=\"attachment-large size-large wp-image-13072\" alt=\"fantasi, triptyk \u2013 Tempelriddare med drakar \u2013 Darth Vader \u2013 farliga hundar\" srcset=\"https:\/\/nederlandsetempeliers.nl\/wp-content\/uploads\/fantasie-Tempeliers-met-draken-darth-vader-22gevaarlijke22-honden.jpeg 682w, https:\/\/nederlandsetempeliers.nl\/wp-content\/uploads\/fantasie-Tempeliers-met-draken-darth-vader-22gevaarlijke22-honden-300x116.jpeg 300w\" sizes=\"(max-width: 682px) 100vw, 682px\" \/>\t\t\t\t\t\t\t\t\t\t\t\t\t\t\t<\/div>\n\t\t\t\t<\/div>\n\t\t\t\t\t<\/div>\n\t\t\t\t<\/div>\n\t\t<div class=\"elementor-element elementor-element-5489b4a e-flex e-con-boxed e-con e-parent\" data-id=\"5489b4a\" data-element_type=\"container\" data-e-type=\"container\">\n\t\t\t\t\t<div class=\"e-con-inner\">\n\t\t\t\t<div class=\"elementor-element elementor-element-31f0cf2 elementor-widget elementor-widget-text-editor\" data-id=\"31f0cf2\" data-element_type=\"widget\" data-e-type=\"widget\" data-widget_type=\"text-editor.default\">\n\t\t\t\t<div class=\"elementor-widget-container\">\n\t\t\t\t\t\t\t\t\t<p>Som motvikt: munkar \u00e4r str\u00e4nga och \u00e5terh\u00e5llsamma, men denna \u00e5terh\u00e5llsamhet \u00e4r inte ett f\u00f6rnekande av livet. Den \u00e4r en ordning av livet. Regler, tystnad och rytm finns inte f\u00f6r att g\u00f6ra m\u00e4nniskan liten, utan f\u00f6r att skapa utrymme f\u00f6r det som verkligen ger n\u00e4ring. Och d\u00e4r h\u00f6r vila, gl\u00e4dje och till och med lekfullhet hemma.<\/p><p>Jesus undviker inte heller livet.<\/p><p>* Han g\u00e5r p\u00e5 br\u00f6llop \u2014 och g\u00f6r till och med vin d\u00e4r, i \u00f6verfl\u00f6d.<br \/>* Han \u00e4ter och dricker med m\u00e4nniskor, till de str\u00e4ngastes f\u00f6rargelse.<br \/>* Han drar sig undan f\u00f6r att vila, men s\u00f6ker ocks\u00e5 gemenskap.<br \/>* Han ber\u00e4ttar historier \u2014 liknelser fulla av bilder, fantasi och till och med \u00f6verdrift.<\/p><p>Det \u00e4r ingen tillf\u00e4llighet. Jesus f\u00f6rst\u00e5r m\u00e4nniskan som en helhet: kropp, sj\u00e4l, ande \u2014 och ja, ocks\u00e5 fantasi.<\/p><p>Fantasi \u00e4r ingen flykt. Fantasi \u00e4r inte att fly fr\u00e5n verkligheten, utan en port in i den. Det \u00e4r platsen d\u00e4r:<\/p><ul><li>\u00b7 hoppet f\u00e5r form<\/li><li>\u00b7 mening blir synlig<\/li><li>\u00b7 sj\u00e4len f\u00e5r andas<\/li><\/ul><p>Under medeltiden f\u00f6rstod man det mycket v\u00e4l. T\u00e4nk p\u00e5:<\/p><ul><li>\u00b7 skulpturer d\u00e4r monster och helgon st\u00e5r sida vid sida<\/li><li>\u00b7 marginaler i manuskript fulla av humor, djur och lekfulla scener<\/li><li>\u00b7 ber\u00e4ttelser som lyfter det vardagliga till n\u00e5got st\u00f6rre<\/li><\/ul><p>Det \u00e4r ingen tidens synd. Det \u00e4r sj\u00e4lav\u00e5rd.<\/p><p>Utan \u00e5terh\u00e4mtning ingen h\u00e4ngivenhet. Du kan inte arbeta alla dina timmar. Till och med Gud vilar p\u00e5 den sjunde dagen. Inte f\u00f6r att Han var tr\u00f6tt \u2014 utan f\u00f6r att vilan \u00e4r helig.<\/p><p>Fantasi, lek, sk\u00f6nhet, f\u00f6rundran:<\/p><ul><li>laddar batteriet<\/li><li>h\u00e5ller hj\u00e4rtat mjukt<\/li><li>f\u00f6rhindrar att h\u00e4ngivenhet h\u00e5rdnar till plikt<\/li><\/ul><p>Utan den balansen blir \u00e5terh\u00e5llsamheten tom. Med den balansen blir \u00e5terh\u00e5llsamheten frihet. S\u00e5 ja: fantasi f\u00e5r finnas, men i balans, inte som det enda som dominerar. Inte som tygell\u00f6shet, inte f\u00f6r att f\u00f6rnedra eller trycka ned, inte f\u00f6r att visa osanning, utan som andrum. Inte i strid med tron, utan djupt f\u00f6rankrad i den.<\/p><p>Lev med allvar och ljus, med djup och leende, med regelbundenhet och utrymme.<\/p>\t\t\t\t\t\t\t\t<\/div>\n\t\t\t\t<\/div>\n\t\t\t\t\t<\/div>\n\t\t\t\t<\/div>\n\t\t\t\t<section class=\"elementor-section elementor-top-section elementor-element elementor-element-73c71520 elementor-section-boxed elementor-section-height-default elementor-section-height-default\" data-id=\"73c71520\" data-element_type=\"section\" data-e-type=\"section\" data-settings=\"{&quot;background_background&quot;:&quot;classic&quot;,&quot;shape_divider_top&quot;:&quot;triangle&quot;,&quot;shape_divider_top_negative&quot;:&quot;yes&quot;,&quot;shape_divider_bottom&quot;:&quot;triangle&quot;,&quot;shape_divider_bottom_negative&quot;:&quot;yes&quot;}\">\n\t\t\t\t\t<div class=\"elementor-shape elementor-shape-top\" aria-hidden=\"true\" data-negative=\"true\">\n\t\t\t<svg xmlns=\"http:\/\/www.w3.org\/2000\/svg\" viewBox=\"0 0 1000 100\" preserveAspectRatio=\"none\">\n\t<path class=\"elementor-shape-fill\" d=\"M500.2,94.7L0,0v100h1000V0L500.2,94.7z\"\/>\n<\/svg>\t\t<\/div>\n\t\t\t\t<div class=\"elementor-shape elementor-shape-bottom\" aria-hidden=\"true\" data-negative=\"true\">\n\t\t\t<svg xmlns=\"http:\/\/www.w3.org\/2000\/svg\" viewBox=\"0 0 1000 100\" preserveAspectRatio=\"none\">\n\t<path class=\"elementor-shape-fill\" d=\"M500.2,94.7L0,0v100h1000V0L500.2,94.7z\"\/>\n<\/svg>\t\t<\/div>\n\t\t\t\t\t<div class=\"elementor-container elementor-column-gap-default\">\n\t\t\t\t\t<div class=\"elementor-column elementor-col-100 elementor-top-column elementor-element elementor-element-3fe85b54\" data-id=\"3fe85b54\" data-element_type=\"column\" data-e-type=\"column\">\n\t\t\t<div class=\"elementor-widget-wrap elementor-element-populated\">\n\t\t\t\t\t\t<div class=\"elementor-element elementor-element-72229aab elementor-widget__width-auto elementor-widget elementor-widget-heading\" data-id=\"72229aab\" data-element_type=\"widget\" data-e-type=\"widget\" data-widget_type=\"heading.default\">\n\t\t\t\t<div class=\"elementor-widget-container\">\n\t\t\t\t\t<h2 class=\"elementor-heading-title elementor-size-default\">H\u00c4RSTAMNING + KONTINUITET<\/h2>\t\t\t\t<\/div>\n\t\t\t\t<\/div>\n\t\t\t\t\t<\/div>\n\t\t<\/div>\n\t\t\t\t\t<\/div>\n\t\t<\/section>\n\t\t<div class=\"elementor-element elementor-element-d070fc2 e-flex e-con-boxed e-con e-parent\" data-id=\"d070fc2\" data-element_type=\"container\" data-e-type=\"container\">\n\t\t\t\t\t<div class=\"e-con-inner\">\n\t\t\t\t<div class=\"elementor-element elementor-element-e148161 elementor-widget elementor-widget-text-editor\" data-id=\"e148161\" data-element_type=\"widget\" data-e-type=\"widget\" data-widget_type=\"text-editor.default\">\n\t\t\t\t<div class=\"elementor-widget-container\">\n\t\t\t\t\t\t\t\t\t<p>First things first, d\u00e4r begreppsf\u00f6rvirring l\u00e4tt uppst\u00e5r:<br \/>Under Tempelriddarnas tid h\u00f6rde tre ordnar till de mest k\u00e4nda stora riddarordnarna i och kring det Heliga landet: Tempelriddarna, Johanniterorden\/Hospitalriddarna och Tyska orden (Teutonerna).<br \/>Hospitalriddarna, \u00e4ven k\u00e4nda som S:t Johannesorden eller Johanniterna, blev efter sin etablering p\u00e5 Malta allm\u00e4nt k\u00e4nda som Malteserriddarna.<\/p><p>Det finns i dag ingen tempelriddarorden som kan bel\u00e4gga en obruten historisk kontinuitet med den medeltida Tempelorden fr\u00e5n 1119\u20131312.<br \/>Det \u00e4r annorlunda med exempelvis Johanniterna\/Hospitalriddarna och Tyska orden; de \u00e4r andra riddarordnar och st\u00e5r skilda fr\u00e5n Tempelriddarna. Som institutioner har de d\u00e4remot en p\u00e5visbar historisk kontinuitet.<\/p><p>Den medeltida orden \u2014 Ordo Pauperum Commilitonum Christi Templique Salomonici, kort sagt Tempelriddarna \u2014 uppl\u00f6stes 1312 av p\u00e5ven Clemens V under konciliet i Vienne. Efter avr\u00e4ttningen av Jacques de Molay 1314 f\u00f6rsvann den ursprungliga orden som sj\u00e4lvst\u00e4ndig organisation.<\/p><p>Det som d\u00e4refter uppstod \u00e4r nytolkningar, inspirationsk\u00e4llor eller nya ordnar, men ingen direkt forts\u00e4ttning. N\u00e4r moderna grupper presenterar en s\u00e5dan direkt och obruten h\u00e4rstamning som historiskt faktum saknas varje bel\u00e4gg f\u00f6r detta.<\/p><p>Ingen kan p\u00e5visa kontinuitet fr\u00e5n Tempelriddarna. Punkt.<\/p><p>De Nederlandse Tempeliers \u2014 vi \u2014 g\u00f6r inte heller anspr\u00e5k p\u00e5 en obruten institutionell h\u00e4rstamning fr\u00e5n den medeltida Tempelorden. Vi \u00e4r en nutida orden som medvetet l\u00e5ter sig inspireras av v\u00e5ra medeltida Br\u00f6ders tro, disciplin, broderskap och tj\u00e4nande \u2014 och som vill vara \u00e4rlig med var historien slutar och v\u00e5r egen ordens historia b\u00f6rjar.<\/p><p>Tempelriddarnas verkliga arv finns i deras:<\/p><ul><li>andlighet<\/li><li>regel och disciplin<\/li><li>ideal att skydda pilgrimer<\/li><li>monastiska riddaretik<\/li><\/ul><p>Det \u00e4r det vi f\u00f6rs\u00f6ker g\u00f6ra, s\u00e5 l\u00e5ngt det rimligen \u00e4r m\u00f6jligt i v\u00e4rlden \u00e5r 2026: att h\u00e5lla oss s\u00e5 n\u00e4ra Tempelriddarnas anda, levnadss\u00e4tt, v\u00e4rderingar och livsh\u00e5llning som m\u00f6jligt. Just d\u00e4rf\u00f6r l\u00e4gger vi s\u00e5 stor vikt vid historisk riktighet och sanningsenlighet. Den som \u00e5beropar en historia har ocks\u00e5 ansvar f\u00f6r att inte g\u00f6ra den vackrare, \u00e4ldre eller mer imponerande \u00e4n vad som faktiskt kan bel\u00e4ggas. Det g\u00e4ller allts\u00e5 ocks\u00e5 s\u00e5dant som skaver och inte ger en vacker bild ut\u00e5t.<br \/>Inspiration \u00e4r inte h\u00e4rstamning. Symbolik \u00e4r inte kontinuitet. En modern orden blir inte medeltida genom att anv\u00e4nda medeltida namn, titlar, grader, kl\u00e4der eller ritualer.<\/p><p>JUST AV V\u00d6RDNAD F\u00d6R V\u00c5RA TEMPELRIDDAREBR\u00d6DER FR\u00c5N MEDELTIDEN VILL VI INTE FYLLA UT DERAS HISTORIA MED DET VI SJ\u00c4LVA SKULLE \u00d6NSKA VAR SANT. PUNKT.<\/p><p>I f\u00f6rl\u00e4ngningen av detta finns ett vanligt p\u00e5st\u00e5ende om att frimureriet skulle ha h\u00e4rstammat direkt fr\u00e5n de medeltida Tempelriddarna. F\u00f6r en s\u00e5dan obruten historisk h\u00e4rstamning finns inga p\u00e5visbara bel\u00e4gg; p\u00e5st\u00e5endet vilar inte p\u00e5 historisk sanning.<br \/>Under senare \u00e5rhundraden har tempelriddarnamn, symbolik och ridderliga grader inf\u00f6rlivats i olika frimurarssystem. Det f\u00f6rklarar varf\u00f6r de ofta kopplas samman p\u00e5 internet och i popul\u00e4ra ber\u00e4ttelser. Den senare kopplingen skapar \u00e4nd\u00e5 ingen historisk kontinuitet.<\/p><p>Den medeltida Tempelorden och det senare frimureriet m\u00e5ste d\u00e4rf\u00f6r historiskt h\u00e5llas is\u00e4r. Den skillnaden \u00e4r viktig f\u00f6r oss, just eftersom upprepning i sig inte g\u00f6r ett p\u00e5st\u00e5ende till historia.<br \/>Med andra ord, \u00e4nnu en g\u00e5ng: hur h\u00f6gt du \u00e4n h\u00e4vdar, skriker eller upprepar n\u00e5got blir det \u00e4nd\u00e5 inte ett historiskt faktum.<\/p>\t\t\t\t\t\t\t\t<\/div>\n\t\t\t\t<\/div>\n\t\t\t\t\t<\/div>\n\t\t\t\t<\/div>\n\t\t\t\t<section class=\"elementor-section elementor-top-section elementor-element elementor-element-1c634896 elementor-section-boxed elementor-section-height-default elementor-section-height-default\" data-id=\"1c634896\" data-element_type=\"section\" data-e-type=\"section\" data-settings=\"{&quot;background_background&quot;:&quot;classic&quot;,&quot;shape_divider_top&quot;:&quot;triangle&quot;,&quot;shape_divider_top_negative&quot;:&quot;yes&quot;,&quot;shape_divider_bottom&quot;:&quot;triangle&quot;,&quot;shape_divider_bottom_negative&quot;:&quot;yes&quot;}\">\n\t\t\t\t\t<div class=\"elementor-shape elementor-shape-top\" aria-hidden=\"true\" data-negative=\"true\">\n\t\t\t<svg xmlns=\"http:\/\/www.w3.org\/2000\/svg\" viewBox=\"0 0 1000 100\" preserveAspectRatio=\"none\">\n\t<path class=\"elementor-shape-fill\" d=\"M500.2,94.7L0,0v100h1000V0L500.2,94.7z\"\/>\n<\/svg>\t\t<\/div>\n\t\t\t\t<div class=\"elementor-shape elementor-shape-bottom\" aria-hidden=\"true\" data-negative=\"true\">\n\t\t\t<svg xmlns=\"http:\/\/www.w3.org\/2000\/svg\" viewBox=\"0 0 1000 100\" preserveAspectRatio=\"none\">\n\t<path class=\"elementor-shape-fill\" d=\"M500.2,94.7L0,0v100h1000V0L500.2,94.7z\"\/>\n<\/svg>\t\t<\/div>\n\t\t\t\t\t<div class=\"elementor-container elementor-column-gap-default\">\n\t\t\t\t\t<div class=\"elementor-column elementor-col-100 elementor-top-column elementor-element elementor-element-1281657a\" data-id=\"1281657a\" data-element_type=\"column\" data-e-type=\"column\">\n\t\t\t<div class=\"elementor-widget-wrap elementor-element-populated\">\n\t\t\t\t\t\t<div class=\"elementor-element elementor-element-65551e9a elementor-widget__width-auto elementor-widget elementor-widget-heading\" data-id=\"65551e9a\" data-element_type=\"widget\" data-e-type=\"widget\" data-widget_type=\"heading.default\">\n\t\t\t\t<div class=\"elementor-widget-container\">\n\t\t\t\t\t<h2 class=\"elementor-heading-title elementor-size-default\">Ego och yttre uppvisning<\/h2>\t\t\t\t<\/div>\n\t\t\t\t<\/div>\n\t\t\t\t\t<\/div>\n\t\t<\/div>\n\t\t\t\t\t<\/div>\n\t\t<\/section>\n\t\t<div class=\"elementor-element elementor-element-6549470 e-flex e-con-boxed e-con e-parent\" data-id=\"6549470\" data-element_type=\"container\" data-e-type=\"container\">\n\t\t\t\t\t<div class=\"e-con-inner\">\n\t\t\t\t<div class=\"elementor-element elementor-element-9245b81 elementor-widget elementor-widget-text-editor\" data-id=\"9245b81\" data-element_type=\"widget\" data-e-type=\"widget\" data-widget_type=\"text-editor.default\">\n\t\t\t\t<div class=\"elementor-widget-container\">\n\t\t\t\t\t\t\t\t\t<p>En mantel, kedja, medalj, spira, hermelin eller titel g\u00f6r ingen till Tempelriddare.<\/p><p>Den som m\u00e5ste bevisa sin identitet med allt fler utsmyckningar, grader och ceremonier visar framf\u00f6r allt det som syns p\u00e5 utsidan. Men f\u00f6r oss b\u00f6rjar Tempelriddarskap inte p\u00e5 utsidan. Utan<\/p><p>I tron.<br \/>I disciplinen.<br \/>I sanningen.<br \/>I \u00f6dmjukheten.<br \/>I tj\u00e4nandet.<\/p><p>Vi har inget emot symbolik eller ceremonier. De kan b\u00e4ra betydelse. Men s\u00e5 snart de blir viktigare \u00e4n karakt\u00e4ren, s\u00e5 snart titlar blir viktigare \u00e4n handlingar och anseende viktigare \u00e4n tj\u00e4nande, d\u00e5 g\u00e5r v\u00e5r gr\u00e4ns.<\/p>\t\t\t\t\t\t\t\t<\/div>\n\t\t\t\t<\/div>\n\t\t\t\t\t<\/div>\n\t\t\t\t<\/div>\n\t\t<div class=\"elementor-element elementor-element-a944715 e-flex e-con-boxed e-con e-parent\" data-id=\"a944715\" data-element_type=\"container\" data-e-type=\"container\">\n\t\t\t\t\t<div class=\"e-con-inner\">\n\t\t\t\t<div class=\"elementor-element elementor-element-2133c16 elementor-widget elementor-widget-image\" data-id=\"2133c16\" data-element_type=\"widget\" data-e-type=\"widget\" data-widget_type=\"image.default\">\n\t\t\t\t<div class=\"elementor-widget-container\">\n\t\t\t\t\t\t\t\t\t\t\t\t\t\t\t<img loading=\"lazy\" decoding=\"async\" width=\"800\" height=\"450\" src=\"https:\/\/nederlandsetempeliers.nl\/wp-content\/uploads\/FAKE-1024x576.png\" class=\"attachment-large size-large wp-image-13073\" alt=\"AI-bild av 4 \u00f6verd\u00e5digt rikt kl\u00e4dda \u201dtempelriddare\u201d. Drypande av medaljer, band, spiror, kedjor och annan motbjudande yttre sj\u00e4lvf\u00f6rh\u00e4rligande\" srcset=\"https:\/\/nederlandsetempeliers.nl\/wp-content\/uploads\/FAKE-1024x576.png 1024w, https:\/\/nederlandsetempeliers.nl\/wp-content\/uploads\/FAKE-300x169.png 300w, https:\/\/nederlandsetempeliers.nl\/wp-content\/uploads\/FAKE-768x432.png 768w, https:\/\/nederlandsetempeliers.nl\/wp-content\/uploads\/FAKE-1536x864.png 1536w, https:\/\/nederlandsetempeliers.nl\/wp-content\/uploads\/FAKE.png 1672w\" sizes=\"(max-width: 800px) 100vw, 800px\" \/>\t\t\t\t\t\t\t\t\t\t\t\t\t\t\t<\/div>\n\t\t\t\t<\/div>\n\t\t\t\t\t<\/div>\n\t\t\t\t<\/div>\n\t\t<div class=\"elementor-element elementor-element-c814ae1 e-flex e-con-boxed e-con e-parent\" data-id=\"c814ae1\" data-element_type=\"container\" data-e-type=\"container\">\n\t\t\t\t\t<div class=\"e-con-inner\">\n\t\t\t\t<div class=\"elementor-element elementor-element-5bd3c45 elementor-widget elementor-widget-text-editor\" data-id=\"5bd3c45\" data-element_type=\"widget\" data-e-type=\"widget\" data-widget_type=\"text-editor.default\">\n\t\t\t\t<div class=\"elementor-widget-container\">\n\t\t\t\t\t\t\t\t\t<p>En Tempelriddare ska inte f\u00f6rs\u00f6ka framst\u00e5 som st\u00f6rre \u00e4n han \u00e4r. Den som framf\u00f6r allt vill bli sedd, beundrad eller hedrad s\u00f6ker sin bel\u00f6ning hos m\u00e4nniskor, inte hos Kristus v\u00e5r Herre. Jesus s\u00e4ger i Matteus 6:2:<\/p><p>\u201dJag s\u00e4ger er sanningen: de har redan f\u00e5tt ut sin l\u00f6n.\u201d<\/p><p>F\u00f6r De Nederlandse Tempeliers \u00e4r det ingen frivillig eller obetydlig varning.<\/p><p>Vi \u00e4r ingen orden f\u00f6r pr\u00e5lighet, ego eller sj\u00e4lvf\u00f6rh\u00e4rligande. Ingen samling imponerande titlar. Ingen t\u00e4vling i band, kedjor eller rangskillnader. Ingen yttre uppvisning som blir viktigare \u00e4n m\u00e4nniskan under den. Ingen dekor som ska d\u00f6lja att inneh\u00e5llet saknas.<\/p><p>Vi v\u00e4ljer mindre yta och mer inneh\u00e5ll. Mindre ego och mer tj\u00e4nande. Mindre sken och mer sanning. Den som framf\u00f6r allt vill bli sedd har inte f\u00f6rst\u00e5tt tj\u00e4nandets v\u00e4sen.<br \/>Den som har sv\u00e5rt f\u00f6r det k\u00e4nner sig inte hemma hos oss. Det \u00e4r inget problem. Inte varje orden beh\u00f6ver vara r\u00e4tt orden f\u00f6r alla.<\/p><p><strong>Ju mer en Tempelriddare m\u00e5ste visa upp sig sj\u00e4lv, desto viktigare blir fr\u00e5gan f\u00f6r oss om han ocks\u00e5 lever efter det han s\u00e4ger sig st\u00e5 f\u00f6r.<\/strong><\/p>\t\t\t\t\t\t\t\t<\/div>\n\t\t\t\t<\/div>\n\t\t\t\t\t<\/div>\n\t\t\t\t<\/div>\n\t\t<div class=\"elementor-element elementor-element-976fcd8 e-flex e-con-boxed e-con e-parent\" data-id=\"976fcd8\" data-element_type=\"container\" data-e-type=\"container\">\n\t\t\t\t\t<div class=\"e-con-inner\">\n\t\t\t\t<div class=\"elementor-element elementor-element-2f683a2 elementor-widget elementor-widget-image\" data-id=\"2f683a2\" data-element_type=\"widget\" data-e-type=\"widget\" data-widget_type=\"image.default\">\n\t\t\t\t<div class=\"elementor-widget-container\">\n\t\t\t\t\t\t\t\t\t\t\t\t\t\t\t<img loading=\"lazy\" decoding=\"async\" width=\"800\" height=\"450\" src=\"https:\/\/nederlandsetempeliers.nl\/wp-content\/uploads\/Zweeds-text-2-1024x576.jpeg\" class=\"attachment-large size-large wp-image-13134\" alt=\"2 statement Tempelriddarnas verkliga v\u00e4rderingar och normer + NNDNN\" srcset=\"https:\/\/nederlandsetempeliers.nl\/wp-content\/uploads\/Zweeds-text-2-1024x576.jpeg 1024w, https:\/\/nederlandsetempeliers.nl\/wp-content\/uploads\/Zweeds-text-2-300x169.jpeg 300w, https:\/\/nederlandsetempeliers.nl\/wp-content\/uploads\/Zweeds-text-2-768x432.jpeg 768w, https:\/\/nederlandsetempeliers.nl\/wp-content\/uploads\/Zweeds-text-2-1536x864.jpeg 1536w, https:\/\/nederlandsetempeliers.nl\/wp-content\/uploads\/Zweeds-text-2.jpeg 1600w\" sizes=\"(max-width: 800px) 100vw, 800px\" \/>\t\t\t\t\t\t\t\t\t\t\t\t\t\t\t<\/div>\n\t\t\t\t<\/div>\n\t\t\t\t\t<\/div>\n\t\t\t\t<\/div>\n\t\t\t\t<\/div>\n\t\t","protected":false},"excerpt":{"rendered":"<p>Claims och fakta P\u00e5 internet hittar man m\u00e5nga p\u00e5st\u00e5enden, ofta underbyggda med s\u00e5 kallade fakta. Allt som st\u00e5r p\u00e5 internet \u00e4r inte sant. Inte ens om det upprepas 100 000 [&hellip;]<\/p>\n","protected":false},"author":4,"featured_media":0,"parent":0,"menu_order":0,"comment_status":"closed","ping_status":"closed","template":"","meta":{"footnotes":""},"class_list":["post-13078","page","type-page","status-publish","hentry"],"yoast_head":"<!-- This site is optimized with the Yoast SEO plugin v28.3 - https:\/\/yoast.com\/product\/yoast-seo-wordpress\/ -->\n<title>Claims och fakta - Nederlandse Tempeliers<\/title>\n<meta name=\"robots\" content=\"index, follow, max-snippet:-1, max-image-preview:large, max-video-preview:-1\" \/>\n<link rel=\"canonical\" href=\"https:\/\/nederlandsetempeliers.nl\/sv\/claims-och-fakta\/\" \/>\n<meta property=\"og:locale\" content=\"sv_SE\" \/>\n<meta property=\"og:type\" content=\"article\" \/>\n<meta property=\"og:title\" content=\"Claims och fakta - Nederlandse Tempeliers\" \/>\n<meta property=\"og:description\" content=\"Claims och fakta P\u00e5 internet hittar man m\u00e5nga p\u00e5st\u00e5enden, ofta underbyggda med s\u00e5 kallade fakta. Allt som st\u00e5r p\u00e5 internet \u00e4r inte sant. Inte ens om det upprepas 100 000 [&hellip;]\" \/>\n<meta property=\"og:url\" content=\"https:\/\/nederlandsetempeliers.nl\/sv\/claims-och-fakta\/\" \/>\n<meta property=\"og:site_name\" content=\"Nederlandse Tempeliers\" \/>\n<meta property=\"article:modified_time\" content=\"2026-09-01T17:11:53+00:00\" \/>\n<meta property=\"og:image\" content=\"https:\/\/nederlandsetempeliers.nl\/wp-content\/uploads\/Claims-en-Feiten-header.jpeg\" \/>\n\t<meta property=\"og:image:width\" content=\"1533\" \/>\n\t<meta property=\"og:image:height\" content=\"1026\" \/>\n\t<meta property=\"og:image:type\" content=\"image\/jpeg\" \/>\n<meta name=\"twitter:card\" content=\"summary_large_image\" \/>\n<meta name=\"twitter:label1\" content=\"Ber\u00e4knad l\u00e4stid\" \/>\n\t<meta name=\"twitter:data1\" content=\"14 minuter\" \/>\n<script type=\"application\/ld+json\" class=\"yoast-schema-graph\">{\"@context\":\"https:\\\/\\\/schema.org\",\"@graph\":[{\"@type\":\"WebPage\",\"@id\":\"https:\\\/\\\/nederlandsetempeliers.nl\\\/sv\\\/claims-och-fakta\\\/\",\"url\":\"https:\\\/\\\/nederlandsetempeliers.nl\\\/sv\\\/claims-och-fakta\\\/\",\"name\":\"Claims och fakta - Nederlandse Tempeliers\",\"isPartOf\":{\"@id\":\"https:\\\/\\\/nederlandsetempeliers.nl\\\/sv\\\/#website\"},\"primaryImageOfPage\":{\"@id\":\"https:\\\/\\\/nederlandsetempeliers.nl\\\/sv\\\/claims-och-fakta\\\/#primaryimage\"},\"image\":{\"@id\":\"https:\\\/\\\/nederlandsetempeliers.nl\\\/sv\\\/claims-och-fakta\\\/#primaryimage\"},\"thumbnailUrl\":\"https:\\\/\\\/nederlandsetempeliers.nl\\\/wp-content\\\/uploads\\\/Claims-en-Feiten-header-1024x685.jpeg\",\"datePublished\":\"2026-08-31T22:00:14+00:00\",\"dateModified\":\"2026-09-01T17:11:53+00:00\",\"breadcrumb\":{\"@id\":\"https:\\\/\\\/nederlandsetempeliers.nl\\\/sv\\\/claims-och-fakta\\\/#breadcrumb\"},\"inLanguage\":\"sv-SE\",\"potentialAction\":[{\"@type\":\"ReadAction\",\"target\":[\"https:\\\/\\\/nederlandsetempeliers.nl\\\/sv\\\/claims-och-fakta\\\/\"]}]},{\"@type\":\"ImageObject\",\"inLanguage\":\"sv-SE\",\"@id\":\"https:\\\/\\\/nederlandsetempeliers.nl\\\/sv\\\/claims-och-fakta\\\/#primaryimage\",\"url\":\"https:\\\/\\\/nederlandsetempeliers.nl\\\/wp-content\\\/uploads\\\/Claims-en-Feiten-header-1024x685.jpeg\",\"contentUrl\":\"https:\\\/\\\/nederlandsetempeliers.nl\\\/wp-content\\\/uploads\\\/Claims-en-Feiten-header-1024x685.jpeg\"},{\"@type\":\"BreadcrumbList\",\"@id\":\"https:\\\/\\\/nederlandsetempeliers.nl\\\/sv\\\/claims-och-fakta\\\/#breadcrumb\",\"itemListElement\":[{\"@type\":\"ListItem\",\"position\":1,\"name\":\"Home\",\"item\":\"https:\\\/\\\/nederlandsetempeliers.nl\\\/sv\\\/\"},{\"@type\":\"ListItem\",\"position\":2,\"name\":\"Claims och fakta\"}]},{\"@type\":\"WebSite\",\"@id\":\"https:\\\/\\\/nederlandsetempeliers.nl\\\/sv\\\/#website\",\"url\":\"https:\\\/\\\/nederlandsetempeliers.nl\\\/sv\\\/\",\"name\":\"Nederlandse Tempeliers\",\"description\":\"The Black Knights Templars of Solomon\",\"publisher\":{\"@id\":\"https:\\\/\\\/nederlandsetempeliers.nl\\\/sv\\\/#organization\"},\"potentialAction\":[{\"@type\":\"SearchAction\",\"target\":{\"@type\":\"EntryPoint\",\"urlTemplate\":\"https:\\\/\\\/nederlandsetempeliers.nl\\\/sv\\\/?s={search_term_string}\"},\"query-input\":{\"@type\":\"PropertyValueSpecification\",\"valueRequired\":true,\"valueName\":\"search_term_string\"}}],\"inLanguage\":\"sv-SE\"},{\"@type\":\"Organization\",\"@id\":\"https:\\\/\\\/nederlandsetempeliers.nl\\\/sv\\\/#organization\",\"name\":\"Nederlandse Tempeliers\",\"url\":\"https:\\\/\\\/nederlandsetempeliers.nl\\\/sv\\\/\",\"logo\":{\"@type\":\"ImageObject\",\"inLanguage\":\"sv-SE\",\"@id\":\"https:\\\/\\\/nederlandsetempeliers.nl\\\/sv\\\/#\\\/schema\\\/logo\\\/image\\\/\",\"url\":\"https:\\\/\\\/nederlandsetempeliers.nl\\\/wp-content\\\/uploads\\\/Dutch-order-v2.png\",\"contentUrl\":\"https:\\\/\\\/nederlandsetempeliers.nl\\\/wp-content\\\/uploads\\\/Dutch-order-v2.png\",\"width\":687,\"height\":686,\"caption\":\"Nederlandse Tempeliers\"},\"image\":{\"@id\":\"https:\\\/\\\/nederlandsetempeliers.nl\\\/sv\\\/#\\\/schema\\\/logo\\\/image\\\/\"}}]}<\/script>\n<!-- \/ Yoast SEO plugin. -->","yoast_head_json":{"title":"Claims och fakta - Nederlandse Tempeliers","robots":{"index":"index","follow":"follow","max-snippet":"max-snippet:-1","max-image-preview":"max-image-preview:large","max-video-preview":"max-video-preview:-1"},"canonical":"https:\/\/nederlandsetempeliers.nl\/sv\/claims-och-fakta\/","og_locale":"sv_SE","og_type":"article","og_title":"Claims och fakta - Nederlandse Tempeliers","og_description":"Claims och fakta P\u00e5 internet hittar man m\u00e5nga p\u00e5st\u00e5enden, ofta underbyggda med s\u00e5 kallade fakta. Allt som st\u00e5r p\u00e5 internet \u00e4r inte sant. Inte ens om det upprepas 100 000 [&hellip;]","og_url":"https:\/\/nederlandsetempeliers.nl\/sv\/claims-och-fakta\/","og_site_name":"Nederlandse Tempeliers","article_modified_time":"2026-09-01T17:11:53+00:00","og_image":[{"width":1533,"height":1026,"url":"https:\/\/nederlandsetempeliers.nl\/wp-content\/uploads\/Claims-en-Feiten-header.jpeg","type":"image\/jpeg"}],"twitter_card":"summary_large_image","twitter_misc":{"Ber\u00e4knad l\u00e4stid":"14 minuter"},"schema":{"@context":"https:\/\/schema.org","@graph":[{"@type":"WebPage","@id":"https:\/\/nederlandsetempeliers.nl\/sv\/claims-och-fakta\/","url":"https:\/\/nederlandsetempeliers.nl\/sv\/claims-och-fakta\/","name":"Claims och fakta - Nederlandse Tempeliers","isPartOf":{"@id":"https:\/\/nederlandsetempeliers.nl\/sv\/#website"},"primaryImageOfPage":{"@id":"https:\/\/nederlandsetempeliers.nl\/sv\/claims-och-fakta\/#primaryimage"},"image":{"@id":"https:\/\/nederlandsetempeliers.nl\/sv\/claims-och-fakta\/#primaryimage"},"thumbnailUrl":"https:\/\/nederlandsetempeliers.nl\/wp-content\/uploads\/Claims-en-Feiten-header-1024x685.jpeg","datePublished":"2026-08-31T22:00:14+00:00","dateModified":"2026-09-01T17:11:53+00:00","breadcrumb":{"@id":"https:\/\/nederlandsetempeliers.nl\/sv\/claims-och-fakta\/#breadcrumb"},"inLanguage":"sv-SE","potentialAction":[{"@type":"ReadAction","target":["https:\/\/nederlandsetempeliers.nl\/sv\/claims-och-fakta\/"]}]},{"@type":"ImageObject","inLanguage":"sv-SE","@id":"https:\/\/nederlandsetempeliers.nl\/sv\/claims-och-fakta\/#primaryimage","url":"https:\/\/nederlandsetempeliers.nl\/wp-content\/uploads\/Claims-en-Feiten-header-1024x685.jpeg","contentUrl":"https:\/\/nederlandsetempeliers.nl\/wp-content\/uploads\/Claims-en-Feiten-header-1024x685.jpeg"},{"@type":"BreadcrumbList","@id":"https:\/\/nederlandsetempeliers.nl\/sv\/claims-och-fakta\/#breadcrumb","itemListElement":[{"@type":"ListItem","position":1,"name":"Home","item":"https:\/\/nederlandsetempeliers.nl\/sv\/"},{"@type":"ListItem","position":2,"name":"Claims och fakta"}]},{"@type":"WebSite","@id":"https:\/\/nederlandsetempeliers.nl\/sv\/#website","url":"https:\/\/nederlandsetempeliers.nl\/sv\/","name":"Nederlandse Tempeliers","description":"The Black Knights Templars of Solomon","publisher":{"@id":"https:\/\/nederlandsetempeliers.nl\/sv\/#organization"},"potentialAction":[{"@type":"SearchAction","target":{"@type":"EntryPoint","urlTemplate":"https:\/\/nederlandsetempeliers.nl\/sv\/?s={search_term_string}"},"query-input":{"@type":"PropertyValueSpecification","valueRequired":true,"valueName":"search_term_string"}}],"inLanguage":"sv-SE"},{"@type":"Organization","@id":"https:\/\/nederlandsetempeliers.nl\/sv\/#organization","name":"Nederlandse Tempeliers","url":"https:\/\/nederlandsetempeliers.nl\/sv\/","logo":{"@type":"ImageObject","inLanguage":"sv-SE","@id":"https:\/\/nederlandsetempeliers.nl\/sv\/#\/schema\/logo\/image\/","url":"https:\/\/nederlandsetempeliers.nl\/wp-content\/uploads\/Dutch-order-v2.png","contentUrl":"https:\/\/nederlandsetempeliers.nl\/wp-content\/uploads\/Dutch-order-v2.png","width":687,"height":686,"caption":"Nederlandse Tempeliers"},"image":{"@id":"https:\/\/nederlandsetempeliers.nl\/sv\/#\/schema\/logo\/image\/"}}]}},"_links":{"self":[{"href":"https:\/\/nederlandsetempeliers.nl\/sv\/wp-json\/wp\/v2\/pages\/13078","targetHints":{"allow":["GET"]}}],"collection":[{"href":"https:\/\/nederlandsetempeliers.nl\/sv\/wp-json\/wp\/v2\/pages"}],"about":[{"href":"https:\/\/nederlandsetempeliers.nl\/sv\/wp-json\/wp\/v2\/types\/page"}],"author":[{"embeddable":true,"href":"https:\/\/nederlandsetempeliers.nl\/sv\/wp-json\/wp\/v2\/users\/4"}],"replies":[{"embeddable":true,"href":"https:\/\/nederlandsetempeliers.nl\/sv\/wp-json\/wp\/v2\/comments?post=13078"}],"version-history":[{"count":5,"href":"https:\/\/nederlandsetempeliers.nl\/sv\/wp-json\/wp\/v2\/pages\/13078\/revisions"}],"predecessor-version":[{"id":13137,"href":"https:\/\/nederlandsetempeliers.nl\/sv\/wp-json\/wp\/v2\/pages\/13078\/revisions\/13137"}],"wp:attachment":[{"href":"https:\/\/nederlandsetempeliers.nl\/sv\/wp-json\/wp\/v2\/media?parent=13078"}],"curies":[{"name":"wp","href":"https:\/\/api.w.org\/{rel}","templated":true}]}}