{"id":7431,"date":"2026-04-10T21:40:10","date_gmt":"2026-04-10T19:40:10","guid":{"rendered":"https:\/\/nederlandsetempeliers.nl\/utan-ordning\/"},"modified":"2026-08-27T11:11:38","modified_gmt":"2026-08-27T09:11:38","slug":"utan-ordning","status":"publish","type":"page","link":"https:\/\/nederlandsetempeliers.nl\/sv\/utan-ordning\/","title":{"rendered":"Utan ordning"},"content":{"rendered":"\t\t<div data-elementor-type=\"wp-page\" data-elementor-id=\"7431\" class=\"elementor elementor-7431 elementor-7378\" data-elementor-post-type=\"page\">\n\t\t\t\t<div class=\"elementor-element elementor-element-8618475 e-flex e-con-boxed e-con e-parent\" data-id=\"8618475\" data-element_type=\"container\" data-e-type=\"container\">\n\t\t\t\t\t<div class=\"e-con-inner\">\n\t\t\t\t<div class=\"elementor-element elementor-element-1499b46 elementor-widget elementor-widget-image\" data-id=\"1499b46\" data-element_type=\"widget\" data-e-type=\"widget\" data-widget_type=\"image.default\">\n\t\t\t\t<div class=\"elementor-widget-container\">\n\t\t\t\t\t\t\t\t\t\t\t\t\t\t\t<img fetchpriority=\"high\" decoding=\"async\" width=\"800\" height=\"450\" src=\"https:\/\/nederlandsetempeliers.nl\/wp-content\/uploads\/Frans-handschrift-\u2013-Eerste-Kruistocht-ca.-1705-1024x576.jpeg\" class=\"attachment-large size-large wp-image-7415\" alt=\"\u00d6ppet franskt manuskript fr\u00e5n 1700-talet om det f\u00f6rsta korst\u00e5get, fotograferat p\u00e5 ett tr\u00e4bord.\" srcset=\"https:\/\/nederlandsetempeliers.nl\/wp-content\/uploads\/Frans-handschrift-\u2013-Eerste-Kruistocht-ca.-1705-1024x576.jpeg 1024w, https:\/\/nederlandsetempeliers.nl\/wp-content\/uploads\/Frans-handschrift-\u2013-Eerste-Kruistocht-ca.-1705-300x169.jpeg 300w, https:\/\/nederlandsetempeliers.nl\/wp-content\/uploads\/Frans-handschrift-\u2013-Eerste-Kruistocht-ca.-1705-768x432.jpeg 768w, https:\/\/nederlandsetempeliers.nl\/wp-content\/uploads\/Frans-handschrift-\u2013-Eerste-Kruistocht-ca.-1705-1536x864.jpeg 1536w, https:\/\/nederlandsetempeliers.nl\/wp-content\/uploads\/Frans-handschrift-\u2013-Eerste-Kruistocht-ca.-1705.jpeg 2048w\" sizes=\"(max-width: 800px) 100vw, 800px\" \/>\t\t\t\t\t\t\t\t\t\t\t\t\t\t\t<\/div>\n\t\t\t\t<\/div>\n\t\t\t\t\t<\/div>\n\t\t\t\t<\/div>\n\t\t<div class=\"elementor-element elementor-element-0f13204 e-flex e-con-boxed e-con e-parent\" data-id=\"0f13204\" data-element_type=\"container\" data-e-type=\"container\">\n\t\t\t\t\t<div class=\"e-con-inner\">\n\t\t\t\t<div class=\"elementor-element elementor-element-46898c8 elementor-widget elementor-widget-heading\" data-id=\"46898c8\" data-element_type=\"widget\" data-e-type=\"widget\" data-widget_type=\"heading.default\">\n\t\t\t\t<div class=\"elementor-widget-container\">\n\t\t\t\t\t<h2 class=\"elementor-heading-title elementor-size-default\">Utan ordning<\/h2>\t\t\t\t<\/div>\n\t\t\t\t<\/div>\n\t\t\t\t\t<\/div>\n\t\t\t\t<\/div>\n\t\t<div class=\"elementor-element elementor-element-27a0d61 e-flex e-con-boxed e-con e-parent\" data-id=\"27a0d61\" data-element_type=\"container\" data-e-type=\"container\">\n\t\t\t\t\t<div class=\"e-con-inner\">\n\t\t\t\t<div class=\"elementor-element elementor-element-747b3cf elementor-widget elementor-widget-text-editor\" data-id=\"747b3cf\" data-element_type=\"widget\" data-e-type=\"widget\" data-widget_type=\"text-editor.default\">\n\t\t\t\t<div class=\"elementor-widget-container\">\n\t\t\t\t\t\t\t\t\t<p>N\u00e4r det \u00e4nnu inte fanns n\u00e5gon ordning och inga regler\u2026<br><br>Detta lilla skrivh\u00e4fte, nedtecknat i b\u00f6rjan av 1700-talet, blickar tillbaka p\u00e5 det F\u00f6rsta Korst\u00e5get \u2014<br>d\u00e4r m\u00e5nga drog ut, brinnande i tro, men utan enhet, utan ledning. <\/p><p>P\u00e5 dessa sidor l\u00e4ser vi inte en hj\u00e4ltesaga, utan det som f\u00f6regick den: f\u00f6rvirring, splittring och avsaknaden av struktur.<br>Sida f\u00f6r sida framtr\u00e4der h\u00e4r bilden av en v\u00e4rld som \u00e4nnu s\u00f6kte \u2014 efter riktning, efter auktoritet\u2026 efter ordning. <\/p><p>Det du ser h\u00e4r \u00e4r ingen vanlig faktasida.<br>Framf\u00f6r dig ligger ett franskt sk\u00f6nskriftsh\u00e4fte fr\u00e5n \u00e5r 1705, d\u00e4r en ok\u00e4nd f\u00f6rfattare \u2014 troligen en munk \u2014 ser tillbaka p\u00e5 upptakten till det F\u00f6rsta Korst\u00e5get.<br>Ett litet manuskript \u2014 med en stor ber\u00e4ttelse.<br>P\u00e5 denna sida \u00f6ppnas handskriften steg f\u00f6r steg. <\/p><p>Per sida ser du:<br>\u2013 till v\u00e4nster: en transkription av den ursprungliga fornfranska texten<br>\u2013 till h\u00f6ger: en \u00f6vers\u00e4ttning till begriplig svenska<br>\u2013 nedanf\u00f6r: en kort tolkning och f\u00f6rklaring<\/p><p>Texten presenteras inte p\u00e5 en g\u00e5ng, utan utvecklas i delar om fem sidor.<br>Mellan dessa delar finner du markeringar i tiden, s\u00e5 att det blir synligt hur ber\u00e4ttelsen v\u00e4xer fram.<br>H\u00e4ftet omfattar totalt 126 sidor.<br>Den fullst\u00e4ndiga texten publiceras inte direkt, utan v\u00e4xer fram \u00f6ver tid \u2014 sida f\u00f6r sida. <\/p><p>Varje fredag forts\u00e4tter vi vandringen l\u00e4ngs det F\u00f6rsta Korst\u00e5gets v\u00e4g \u2014<br>med Godfrey av Bouillon, med Peter Eremiten,<br>vi h\u00f6r p\u00e5ve Urban II, vi reser till Konstantinopel, till kejsar Alexios\u2026<br>och vidare, steg f\u00f6r steg \u2014 mot m\u00e5let. <br>Ber\u00e4ttelsen kommer att forts\u00e4tta \u00f6ppna sig f\u00f6r den som \u00e5terv\u00e4nder.<\/p><p><strong>F\u00f6lj med oss \u2014 in i det F\u00f6rsta Korst\u00e5get\u2026<\/strong><\/p>\t\t\t\t\t\t\t\t<\/div>\n\t\t\t\t<\/div>\n\t\t\t\t\t<\/div>\n\t\t\t\t<\/div>\n\t\t<div class=\"elementor-element elementor-element-8b36d10 e-flex e-con-boxed e-con e-parent\" data-id=\"8b36d10\" data-element_type=\"container\" data-e-type=\"container\">\n\t\t\t\t\t<div class=\"e-con-inner\">\n\t\t\t\t<div class=\"elementor-element elementor-element-f09be68 elementor-widget elementor-widget-image\" data-id=\"f09be68\" data-element_type=\"widget\" data-e-type=\"widget\" data-widget_type=\"image.default\">\n\t\t\t\t<div class=\"elementor-widget-container\">\n\t\t\t\t\t\t\t\t\t\t\t\t\t\t\t<img decoding=\"async\" width=\"577\" height=\"234\" src=\"https:\/\/nederlandsetempeliers.nl\/wp-content\/uploads\/Pieter-de-Kluizenaar.jpeg\" class=\"attachment-large size-large wp-image-7427\" alt=\"Medeltida pilgrimst\u00e5g med riddare till h\u00e4st och Peter Eremiten i spetsen under det f\u00f6rsta korst\u00e5get\" srcset=\"https:\/\/nederlandsetempeliers.nl\/wp-content\/uploads\/Pieter-de-Kluizenaar.jpeg 577w, https:\/\/nederlandsetempeliers.nl\/wp-content\/uploads\/Pieter-de-Kluizenaar-300x122.jpeg 300w\" sizes=\"(max-width: 577px) 100vw, 577px\" \/>\t\t\t\t\t\t\t\t\t\t\t\t\t\t\t<\/div>\n\t\t\t\t<\/div>\n\t\t\t\t\t<\/div>\n\t\t\t\t<\/div>\n\t\t<div class=\"elementor-element elementor-element-27de48a e-flex e-con-boxed e-con e-parent\" data-id=\"27de48a\" data-element_type=\"container\" data-e-type=\"container\">\n\t\t\t\t\t<div class=\"e-con-inner\">\n\t\t\t\t<div class=\"elementor-element elementor-element-83dce93 elementor-widget elementor-widget-text-editor\" data-id=\"83dce93\" data-element_type=\"widget\" data-e-type=\"widget\" data-widget_type=\"text-editor.default\">\n\t\t\t\t<div class=\"elementor-widget-container\">\n\t\t\t\t\t\t\t\t\t<p>F\u00f6rfattarens anm\u00e4rkning: en kortfattad sammanfattning av det heliga krigets historia.<br>Detta \u00e4r b\u00f6rjan p\u00e5 korst\u00e5get: hur Godfrey av Bouillon intog Jerusalem och utropades till kung \u2014 men avb\u00f6jde titeln.<br>Den 15 juli \u00e5r 1099 efter Kristus, p\u00e5 en fredag, vid samma timme som Kristus gav upp sin ande.  <br>D\u00e4refter styrdes riket av nio kungar, alla av franskt ursprung.<\/p>\t\t\t\t\t\t\t\t<\/div>\n\t\t\t\t<\/div>\n\t\t\t\t\t<\/div>\n\t\t\t\t<\/div>\n\t\t\t\t<section class=\"elementor-section elementor-top-section elementor-element elementor-element-2008ff48 elementor-section-boxed elementor-section-height-default elementor-section-height-default\" data-id=\"2008ff48\" data-element_type=\"section\" data-e-type=\"section\" data-settings=\"{&quot;background_background&quot;:&quot;classic&quot;,&quot;shape_divider_top&quot;:&quot;triangle&quot;,&quot;shape_divider_top_negative&quot;:&quot;yes&quot;,&quot;shape_divider_bottom&quot;:&quot;triangle&quot;,&quot;shape_divider_bottom_negative&quot;:&quot;yes&quot;}\">\n\t\t\t\t\t<div class=\"elementor-shape elementor-shape-top\" aria-hidden=\"true\" data-negative=\"true\">\n\t\t\t<svg xmlns=\"http:\/\/www.w3.org\/2000\/svg\" viewBox=\"0 0 1000 100\" preserveAspectRatio=\"none\">\n\t<path class=\"elementor-shape-fill\" d=\"M500.2,94.7L0,0v100h1000V0L500.2,94.7z\"\/>\n<\/svg>\t\t<\/div>\n\t\t\t\t<div class=\"elementor-shape elementor-shape-bottom\" aria-hidden=\"true\" data-negative=\"true\">\n\t\t\t<svg xmlns=\"http:\/\/www.w3.org\/2000\/svg\" viewBox=\"0 0 1000 100\" preserveAspectRatio=\"none\">\n\t<path class=\"elementor-shape-fill\" d=\"M500.2,94.7L0,0v100h1000V0L500.2,94.7z\"\/>\n<\/svg>\t\t<\/div>\n\t\t\t\t\t<div class=\"elementor-container elementor-column-gap-default\">\n\t\t\t\t\t<div class=\"elementor-column elementor-col-100 elementor-top-column elementor-element elementor-element-75b11a08\" data-id=\"75b11a08\" data-element_type=\"column\" data-e-type=\"column\">\n\t\t\t<div class=\"elementor-widget-wrap elementor-element-populated\">\n\t\t\t\t\t\t<div class=\"elementor-element elementor-element-e43e945 elementor-widget__width-auto elementor-view-default elementor-widget elementor-widget-icon\" data-id=\"e43e945\" data-element_type=\"widget\" data-e-type=\"widget\" data-widget_type=\"icon.default\">\n\t\t\t\t<div class=\"elementor-widget-container\">\n\t\t\t\t\t\t\t<div class=\"elementor-icon-wrapper\">\n\t\t\t<div class=\"elementor-icon\">\n\t\t\t<i aria-hidden=\"true\" class=\"fas fa-grip-lines\"><\/i>\t\t\t<\/div>\n\t\t<\/div>\n\t\t\t\t\t\t<\/div>\n\t\t\t\t<\/div>\n\t\t\t\t<div class=\"elementor-element elementor-element-6cf08909 elementor-widget__width-auto elementor-widget elementor-widget-heading\" data-id=\"6cf08909\" data-element_type=\"widget\" data-e-type=\"widget\" data-widget_type=\"heading.default\">\n\t\t\t\t<div class=\"elementor-widget-container\">\n\t\t\t\t\t<h2 class=\"elementor-heading-title elementor-size-default\">ca. 1080<\/h2>\t\t\t\t<\/div>\n\t\t\t\t<\/div>\n\t\t\t\t<div class=\"elementor-element elementor-element-1f8507b3 elementor-widget__width-auto elementor-view-default elementor-widget elementor-widget-icon\" data-id=\"1f8507b3\" data-element_type=\"widget\" data-e-type=\"widget\" data-widget_type=\"icon.default\">\n\t\t\t\t<div class=\"elementor-widget-container\">\n\t\t\t\t\t\t\t<div class=\"elementor-icon-wrapper\">\n\t\t\t<div class=\"elementor-icon\">\n\t\t\t<i aria-hidden=\"true\" class=\"fas fa-grip-lines\"><\/i>\t\t\t<\/div>\n\t\t<\/div>\n\t\t\t\t\t\t<\/div>\n\t\t\t\t<\/div>\n\t\t\t\t\t<\/div>\n\t\t<\/div>\n\t\t\t\t\t<\/div>\n\t\t<\/section>\n\t\t<div class=\"elementor-element elementor-element-c9f8226 e-con-full e-flex e-con e-parent\" data-id=\"c9f8226\" data-element_type=\"container\" data-e-type=\"container\">\n\t\t<div class=\"elementor-element elementor-element-7372577 e-con-full e-flex e-con e-child\" data-id=\"7372577\" data-element_type=\"container\" data-e-type=\"container\">\n\t\t\t\t<div class=\"elementor-element elementor-element-766375a elementor-widget__width-initial elementor-widget elementor-widget-text-editor\" data-id=\"766375a\" data-element_type=\"widget\" data-e-type=\"widget\" data-widget_type=\"text-editor.default\">\n\t\t\t\t<div class=\"elementor-widget-container\">\n\t\t\t\t\t\t\t\t\t<p>Originaltext (franska)<br>Page 1. <br>L\u2019origine des Turcs les Turcs \u00e9toient une nations qui habitoit ci devant<br>dans une isle, qui se nomoit<br>Sarmadia Assiatica. Est de l\u00e0 ils se sont retirez dans un endroit qui se nome la Mar\u00e9e Caspium, o\u00f9 cette<br>endroit porte encore le Nom aujourd\u2019huy Turquestan, l\u00e0 ces peuples s\u2019entretenoient seulement de ce qu\u2019ils y eslioient. Sur tout quand ils se fesoit quelque desordre<br>dans\u2026  <\/p>\t\t\t\t\t\t\t\t<\/div>\n\t\t\t\t<\/div>\n\t\t\t\t<\/div>\n\t\t<div class=\"elementor-element elementor-element-cb3fd7b e-con-full e-flex e-con e-child\" data-id=\"cb3fd7b\" data-element_type=\"container\" data-e-type=\"container\">\n\t\t\t\t<div class=\"elementor-element elementor-element-39e3639 elementor-widget__width-initial elementor-widget elementor-widget-image\" data-id=\"39e3639\" data-element_type=\"widget\" data-e-type=\"widget\" data-widget_type=\"image.default\">\n\t\t\t\t<div class=\"elementor-widget-container\">\n\t\t\t\t\t\t\t\t\t\t\t\t\t\t\t<img decoding=\"async\" width=\"493\" height=\"1024\" src=\"https:\/\/nederlandsetempeliers.nl\/wp-content\/uploads\/Turkse-man-493x1024.jpeg\" class=\"attachment-large size-large wp-image-7428\" alt=\"turkisk man\" srcset=\"https:\/\/nederlandsetempeliers.nl\/wp-content\/uploads\/Turkse-man-493x1024.jpeg 493w, https:\/\/nederlandsetempeliers.nl\/wp-content\/uploads\/Turkse-man-144x300.jpeg 144w, https:\/\/nederlandsetempeliers.nl\/wp-content\/uploads\/Turkse-man.jpeg 524w\" sizes=\"(max-width: 493px) 100vw, 493px\" \/>\t\t\t\t\t\t\t\t\t\t\t\t\t\t\t<\/div>\n\t\t\t\t<\/div>\n\t\t\t\t<\/div>\n\t\t<div class=\"elementor-element elementor-element-321a0d8 e-con-full e-flex e-con e-child\" data-id=\"321a0d8\" data-element_type=\"container\" data-e-type=\"container\">\n\t\t\t\t<div class=\"elementor-element elementor-element-be5785c elementor-widget__width-initial elementor-widget elementor-widget-text-editor\" data-id=\"be5785c\" data-element_type=\"widget\" data-e-type=\"widget\" data-widget_type=\"text-editor.default\">\n\t\t\t\t<div class=\"elementor-widget-container\">\n\t\t\t\t\t\t\t\t\t<p>Sida 1.<br>L\u2019origine des Turcs\u2026<br>Turkarna var ett folk som tidigare levde p\u00e5 en \u00f6,<br>som kallades Sarmadia Asiatica.<br>D\u00e4rifr\u00e5n drog de sig tillbaka<br>till en plats vid det som kallas Kaspiska havet,<br>och denna region b\u00e4r \u00e4n i dag namnet Turkestan.<br>D\u00e4r \u00e4gnade sig detta folk fr\u00e4mst \u00e5t det de sj\u00e4lva odlade och frambringade.*<br>S\u00e4rskilt n\u00e4r oroligheter uppstod<br>i\u2026 <\/p>\t\t\t\t\t\t\t\t<\/div>\n\t\t\t\t<\/div>\n\t\t\t\t<\/div>\n\t\t\t\t<\/div>\n\t\t<div class=\"elementor-element elementor-element-d98c53a e-flex e-con-boxed e-con e-parent\" data-id=\"d98c53a\" data-element_type=\"container\" data-e-type=\"container\">\n\t\t\t\t\t<div class=\"e-con-inner\">\n\t\t\t\t<div class=\"elementor-element elementor-element-53568d4 elementor-widget elementor-widget-text-editor\" data-id=\"53568d4\" data-element_type=\"widget\" data-e-type=\"widget\" data-widget_type=\"text-editor.default\">\n\t\t\t\t<div class=\"elementor-widget-container\">\n\t\t\t\t\t\t\t\t\t<p><em>OBS: Den svenska \u00f6vers\u00e4ttningen \u00e4r inneh\u00e5llsm\u00e4ssigt korrekt, men n\u00e5got starkare formulerad \u00e4n den franska originaltexten, vilket inneb\u00e4r att en nyans som finns i originalet delvis g\u00e5r f\u00f6rlorad.<\/em><\/p>\t\t\t\t\t\t\t\t<\/div>\n\t\t\t\t<\/div>\n\t\t\t\t\t<\/div>\n\t\t\t\t<\/div>\n\t\t<div class=\"elementor-element elementor-element-f56f661 e-flex e-con-boxed e-con e-parent\" data-id=\"f56f661\" data-element_type=\"container\" data-e-type=\"container\">\n\t\t\t\t\t<div class=\"e-con-inner\">\n\t\t\t\t<div class=\"elementor-element elementor-element-21b002a elementor-widget elementor-widget-image\" data-id=\"21b002a\" data-element_type=\"widget\" data-e-type=\"widget\" data-widget_type=\"image.default\">\n\t\t\t\t<div class=\"elementor-widget-container\">\n\t\t\t\t\t\t\t\t\t\t\t\t\t\t\t<img loading=\"lazy\" decoding=\"async\" width=\"300\" height=\"55\" src=\"https:\/\/nederlandsetempeliers.nl\/wp-content\/uploads\/guirlande-300x55.jpeg\" class=\"attachment-medium size-medium wp-image-7430\" alt=\"krans\" srcset=\"https:\/\/nederlandsetempeliers.nl\/wp-content\/uploads\/guirlande-300x55.jpeg 300w, https:\/\/nederlandsetempeliers.nl\/wp-content\/uploads\/guirlande-1024x189.jpeg 1024w, https:\/\/nederlandsetempeliers.nl\/wp-content\/uploads\/guirlande-768x142.jpeg 768w, https:\/\/nederlandsetempeliers.nl\/wp-content\/uploads\/guirlande.jpeg 1534w\" sizes=\"(max-width: 300px) 100vw, 300px\" \/>\t\t\t\t\t\t\t\t\t\t\t\t\t\t\t<\/div>\n\t\t\t\t<\/div>\n\t\t\t\t\t<\/div>\n\t\t\t\t<\/div>\n\t\t<div class=\"elementor-element elementor-element-fa140fc e-flex e-con-boxed e-con e-parent\" data-id=\"fa140fc\" data-element_type=\"container\" data-e-type=\"container\">\n\t\t\t\t\t<div class=\"e-con-inner\">\n\t\t<div class=\"elementor-element elementor-element-704344d e-con-full e-flex e-con e-child\" data-id=\"704344d\" data-element_type=\"container\" data-e-type=\"container\">\n\t\t\t\t<div class=\"elementor-element elementor-element-8862dd9 elementor-widget__width-initial elementor-widget elementor-widget-text-editor\" data-id=\"8862dd9\" data-element_type=\"widget\" data-e-type=\"widget\" data-widget_type=\"text-editor.default\">\n\t\t\t\t<div class=\"elementor-widget-container\">\n\t\t\t\t\t\t\t\t\t<p>Originaltext (franska)<br>Page 2. <br>\u2026dans les Royaumes voisins<br>Ils prenoient le parti de servir en qualit\u00e9 de Soldats. Ils s\u2019entretenoient seulement<br>du pillage qu\u2019ils rapportoient dans leur territoire. Dans le tems de l\u2019Empereur Otto 3. ce peuple ont est\u00e9 pris \u00e0 la solde par Mahomel, qui \u00e9toit Sultan Sarasin dans la Perse, dont l\u2019on \u00e9toit en guerre contre les Babyl- loniens, qui les appella<br>\u00e0 son secours. Sur la fin de\u2026    <\/p>\t\t\t\t\t\t\t\t<\/div>\n\t\t\t\t<\/div>\n\t\t\t\t<\/div>\n\t\t<div class=\"elementor-element elementor-element-86d6c3e e-con-full e-flex e-con e-child\" data-id=\"86d6c3e\" data-element_type=\"container\" data-e-type=\"container\">\n\t\t\t\t<div class=\"elementor-element elementor-element-98a7dfd elementor-widget__width-initial elementor-widget elementor-widget-image\" data-id=\"98a7dfd\" data-element_type=\"widget\" data-e-type=\"widget\" data-widget_type=\"image.default\">\n\t\t\t\t<div class=\"elementor-widget-container\">\n\t\t\t\t\t\t\t\t\t\t\t\t\t\t\t<img loading=\"lazy\" decoding=\"async\" width=\"120\" height=\"300\" src=\"https:\/\/nederlandsetempeliers.nl\/wp-content\/uploads\/sultan-120x300.jpeg\" class=\"attachment-medium size-medium wp-image-7429\" alt=\"sultan\" srcset=\"https:\/\/nederlandsetempeliers.nl\/wp-content\/uploads\/sultan-120x300.jpeg 120w, https:\/\/nederlandsetempeliers.nl\/wp-content\/uploads\/sultan-411x1024.jpeg 411w, https:\/\/nederlandsetempeliers.nl\/wp-content\/uploads\/sultan.jpeg 489w\" sizes=\"(max-width: 120px) 100vw, 120px\" \/>\t\t\t\t\t\t\t\t\t\t\t\t\t\t\t<\/div>\n\t\t\t\t<\/div>\n\t\t\t\t<\/div>\n\t\t<div class=\"elementor-element elementor-element-c0bb0e6 e-con-full e-flex e-con e-child\" data-id=\"c0bb0e6\" data-element_type=\"container\" data-e-type=\"container\">\n\t\t\t\t<div class=\"elementor-element elementor-element-231298f elementor-widget__width-initial elementor-widget elementor-widget-text-editor\" data-id=\"231298f\" data-element_type=\"widget\" data-e-type=\"widget\" data-widget_type=\"text-editor.default\">\n\t\t\t\t<div class=\"elementor-widget-container\">\n\t\t\t\t\t\t\t\t\t<p>Sida 2.<br>\u2026i de n\u00e4rliggande kungarikena tj\u00e4nade de som soldater.<br>De levde endast av det byte<br>som de f\u00f6rde tillbaka till sina egna omr\u00e5den.<br>Under kejsar Otto III:s tid togs detta folk i tj\u00e4nst av<br>Mahomel (Mahomet \/ Mohammed),<br>som var sultan och saracen i Persien,<br>d\u00e4r man f\u00f6rde krig mot babylonierna,<br>som kallade p\u00e5 deras hj\u00e4lp.<br>Mot slutet av\u2026  <\/p>\t\t\t\t\t\t\t\t<\/div>\n\t\t\t\t<\/div>\n\t\t\t\t<\/div>\n\t\t\t\t\t<\/div>\n\t\t\t\t<\/div>\n\t\t<div class=\"elementor-element elementor-element-887b597 e-flex e-con-boxed e-con e-parent\" data-id=\"887b597\" data-element_type=\"container\" data-e-type=\"container\">\n\t\t\t\t\t<div class=\"e-con-inner\">\n\t\t\t\t<div class=\"elementor-element elementor-element-e2311fb elementor-widget elementor-widget-text-editor\" data-id=\"e2311fb\" data-element_type=\"widget\" data-e-type=\"widget\" data-widget_type=\"text-editor.default\">\n\t\t\t\t<div class=\"elementor-widget-container\">\n\t\t\t\t\t\t\t\t\t<p>F\u00f6rklaring (Sida 2)<br>\u201cMahomel\u201d \u2192 troligen en fransk form av Mahomet, det vill s\u00e4ga Mohammed.<br>Det kan ocks\u00e5 syfta p\u00e5 en senare islamisk h\u00e4rskare; sammanhanget klarnar l\u00e4ngre fram.<br>Otto III regerade 983\u20131002 \u2192 allts\u00e5 f\u00f6re korst\u00e5gen.<br>F\u00f6rfattaren tycks h\u00e4r beskriva ett \u00e4ldre ursprung<br>f\u00f6r turkiska soldater i persisk tj\u00e4nst.<br>\u201cBabyloniens\u201d \u2192 babylonier;<br>h\u00e4r sannolikt anv\u00e4nt som en bred beteckning f\u00f6r folk \u00f6ster om Levanten.<\/p>\t\t\t\t\t\t\t\t<\/div>\n\t\t\t\t<\/div>\n\t\t\t\t\t<\/div>\n\t\t\t\t<\/div>\n\t\t<div class=\"elementor-element elementor-element-60c68c3 e-flex e-con-boxed e-con e-parent\" data-id=\"60c68c3\" data-element_type=\"container\" data-e-type=\"container\">\n\t\t\t\t\t<div class=\"e-con-inner\">\n\t\t\t\t<div class=\"elementor-element elementor-element-c91646c elementor-widget elementor-widget-image\" data-id=\"c91646c\" data-element_type=\"widget\" data-e-type=\"widget\" data-widget_type=\"image.default\">\n\t\t\t\t<div class=\"elementor-widget-container\">\n\t\t\t\t\t\t\t\t\t\t\t\t\t\t\t<img loading=\"lazy\" decoding=\"async\" width=\"300\" height=\"55\" src=\"https:\/\/nederlandsetempeliers.nl\/wp-content\/uploads\/guirlande-300x55.jpeg\" class=\"attachment-medium size-medium wp-image-7430\" alt=\"krans\" srcset=\"https:\/\/nederlandsetempeliers.nl\/wp-content\/uploads\/guirlande-300x55.jpeg 300w, https:\/\/nederlandsetempeliers.nl\/wp-content\/uploads\/guirlande-1024x189.jpeg 1024w, https:\/\/nederlandsetempeliers.nl\/wp-content\/uploads\/guirlande-768x142.jpeg 768w, https:\/\/nederlandsetempeliers.nl\/wp-content\/uploads\/guirlande.jpeg 1534w\" sizes=\"(max-width: 300px) 100vw, 300px\" \/>\t\t\t\t\t\t\t\t\t\t\t\t\t\t\t<\/div>\n\t\t\t\t<\/div>\n\t\t\t\t\t<\/div>\n\t\t\t\t<\/div>\n\t\t<div class=\"elementor-element elementor-element-c3086ca e-flex e-con-boxed e-con e-parent\" data-id=\"c3086ca\" data-element_type=\"container\" data-e-type=\"container\">\n\t\t\t\t\t<div class=\"e-con-inner\">\n\t\t<div class=\"elementor-element elementor-element-b646cff e-con-full e-flex e-con e-child\" data-id=\"b646cff\" data-element_type=\"container\" data-e-type=\"container\">\n\t\t\t\t<div class=\"elementor-element elementor-element-1481d43 elementor-widget__width-initial elementor-widget elementor-widget-text-editor\" data-id=\"1481d43\" data-element_type=\"widget\" data-e-type=\"widget\" data-widget_type=\"text-editor.default\">\n\t\t\t\t<div class=\"elementor-widget-container\">\n\t\t\t\t\t\t\t\t\t<div class=\"elementor-element elementor-element-1b8b14e e-con-full e-flex e-con e-child\" data-id=\"1b8b14e\" data-element_type=\"container\" data-e-type=\"container\"><div class=\"elementor-element elementor-element-ef7c5e9 elementor-widget__width-initial elementor-widget elementor-widget-text-editor\" data-id=\"ef7c5e9\" data-element_type=\"widget\" data-e-type=\"widget\" data-widget_type=\"text-editor.default\"><div class=\"elementor-widget-container\"><p>Page 3<br \/>\u2026de la Campagne ils n\u2019ont point voulu cesser ny retourner dans leur isle d\u2019o\u00f9 ils \u00e9toit venu, tant que cette nation \u00e9toient esfarouch\u00e9s et alter\u00e9s du sang humain et la guerre ne cessa qu\u2019aux<br \/>que le Roi de Perse et le Sultan de Babylone fut vaincu dont ils ont in-<br \/>corpor\u00e9 ces deux Royaumes la Perse et Babilone, dans la Syrie et la Palestine dont Jerusalem \u00e9toit de la d\u00e9pen-<br \/>dance, se voyant aussi puissant\u2026<\/p><\/div><\/div><\/div><div class=\"elementor-element elementor-element-77dcbc7 e-con-full e-flex e-con e-child\" data-id=\"77dcbc7\" data-element_type=\"container\" data-e-type=\"container\"><div class=\"elementor-element elementor-element-465454c elementor-widget elementor-widget-image\" data-id=\"465454c\" data-element_type=\"widget\" data-e-type=\"widget\" data-widget_type=\"image.default\">\u00a0<\/div><\/div>\t\t\t\t\t\t\t\t<\/div>\n\t\t\t\t<\/div>\n\t\t\t\t<\/div>\n\t\t<div class=\"elementor-element elementor-element-21a4c29 e-con-full e-flex e-con e-child\" data-id=\"21a4c29\" data-element_type=\"container\" data-e-type=\"container\">\n\t\t\t\t<div class=\"elementor-element elementor-element-794526e elementor-widget elementor-widget-image\" data-id=\"794526e\" data-element_type=\"widget\" data-e-type=\"widget\" data-widget_type=\"image.default\">\n\t\t\t\t<div class=\"elementor-widget-container\">\n\t\t\t\t\t\t\t\t\t\t\t\t\t\t\t<img loading=\"lazy\" decoding=\"async\" width=\"398\" height=\"416\" src=\"https:\/\/nederlandsetempeliers.nl\/wp-content\/uploads\/Jeruzalem-kruis-1.jpeg\" class=\"attachment-large size-large wp-image-7739\" alt=\"medeltida sk\u00f6ld med Jerusalemkorset\" srcset=\"https:\/\/nederlandsetempeliers.nl\/wp-content\/uploads\/Jeruzalem-kruis-1.jpeg 398w, https:\/\/nederlandsetempeliers.nl\/wp-content\/uploads\/Jeruzalem-kruis-1-287x300.jpeg 287w\" sizes=\"(max-width: 398px) 100vw, 398px\" \/>\t\t\t\t\t\t\t\t\t\t\t\t\t\t\t<\/div>\n\t\t\t\t<\/div>\n\t\t\t\t<\/div>\n\t\t<div class=\"elementor-element elementor-element-863af03 e-con-full e-flex e-con e-child\" data-id=\"863af03\" data-element_type=\"container\" data-e-type=\"container\">\n\t\t\t\t<div class=\"elementor-element elementor-element-592fbe6 elementor-widget elementor-widget-text-editor\" data-id=\"592fbe6\" data-element_type=\"widget\" data-e-type=\"widget\" data-widget_type=\"text-editor.default\">\n\t\t\t\t<div class=\"elementor-widget-container\">\n\t\t\t\t\t\t\t\t\t<p>sida 3<br \/>\u2026efter f\u00e4ltt\u00e5get ville de varken upph\u00f6ra eller \u00e5terv\u00e4nda till \u00f6n d\u00e4rifr\u00e5n de hade kommit, eftersom detta folk hade blivit s\u00e5 vilt och t\u00f6rstigt efter m\u00e4nniskoblod. Kriget tog f\u00f6rst slut n\u00e4r kungen av Persien och sultanen av Babylonien hade besegrats, varefter de inf\u00f6rlivade dessa tv\u00e5 riken, Persien och Babylonien, i Syrien och Palestina, som Jerusalem var beroende av.<br \/>Nu, n\u00e4r de s\u00e5g sig sj\u00e4lva som s\u00e5 m\u00e4ktiga\u2026<\/p>\t\t\t\t\t\t\t\t<\/div>\n\t\t\t\t<\/div>\n\t\t\t\t<\/div>\n\t\t\t\t\t<\/div>\n\t\t\t\t<\/div>\n\t\t<div class=\"elementor-element elementor-element-d517fad e-flex e-con-boxed e-con e-parent\" data-id=\"d517fad\" data-element_type=\"container\" data-e-type=\"container\">\n\t\t\t\t\t<div class=\"e-con-inner\">\n\t\t\t\t<div class=\"elementor-element elementor-element-a7736c0 elementor-widget elementor-widget-text-editor\" data-id=\"a7736c0\" data-element_type=\"widget\" data-e-type=\"widget\" data-widget_type=\"text-editor.default\">\n\t\t\t\t<div class=\"elementor-widget-container\">\n\t\t\t\t\t\t\t\t\t<p>Sida 3: Blz 3. F\u00f6rfattaren f\u00f6ljer h\u00e4r en (legendarisk) ursprungsber\u00e4ttelse om turkarna, d\u00e4r de utvandrar fr\u00e5n en \u201casiatisk \u00f6\u201d \u2192 till omr\u00e5det kring Kaspiska havet \u2192 d\u00e4refter strider som legosoldater \u2192 och slutligen er\u00f6vrar Persien och Babylonien samt utvidgar sitt omr\u00e5de till Syrien och Palestina.<br \/>Detta \u00e4r naturligtvis inte en historiskt korrekt rekonstruktion, utan den v\u00e4lk\u00e4nda europeiska traditionen fr\u00e5n 1600\u20131700-talet av ber\u00e4ttelser om \u201cturkiskt ursprung\u201d.<\/p>\t\t\t\t\t\t\t\t<\/div>\n\t\t\t\t<\/div>\n\t\t\t\t<div class=\"elementor-element elementor-element-8b8de14 elementor-widget elementor-widget-image\" data-id=\"8b8de14\" data-element_type=\"widget\" data-e-type=\"widget\" data-widget_type=\"image.default\">\n\t\t\t\t<div class=\"elementor-widget-container\">\n\t\t\t\t\t\t\t\t\t\t\t\t\t\t\t<img loading=\"lazy\" decoding=\"async\" width=\"300\" height=\"55\" src=\"https:\/\/nederlandsetempeliers.nl\/wp-content\/uploads\/guirlande-300x55.jpeg\" class=\"attachment-medium size-medium wp-image-7430\" alt=\"krans\" srcset=\"https:\/\/nederlandsetempeliers.nl\/wp-content\/uploads\/guirlande-300x55.jpeg 300w, https:\/\/nederlandsetempeliers.nl\/wp-content\/uploads\/guirlande-1024x189.jpeg 1024w, https:\/\/nederlandsetempeliers.nl\/wp-content\/uploads\/guirlande-768x142.jpeg 768w, https:\/\/nederlandsetempeliers.nl\/wp-content\/uploads\/guirlande.jpeg 1534w\" sizes=\"(max-width: 300px) 100vw, 300px\" \/>\t\t\t\t\t\t\t\t\t\t\t\t\t\t\t<\/div>\n\t\t\t\t<\/div>\n\t\t\t\t\t<\/div>\n\t\t\t\t<\/div>\n\t\t<div class=\"elementor-element elementor-element-61f3f8f e-flex e-con-boxed e-con e-parent\" data-id=\"61f3f8f\" data-element_type=\"container\" data-e-type=\"container\">\n\t\t\t\t\t<div class=\"e-con-inner\">\n\t\t<div class=\"elementor-element elementor-element-797ded4 e-con-full e-flex e-con e-child\" data-id=\"797ded4\" data-element_type=\"container\" data-e-type=\"container\">\n\t\t\t\t<div class=\"elementor-element elementor-element-43f08f6 elementor-widget__width-initial elementor-widget elementor-widget-text-editor\" data-id=\"43f08f6\" data-element_type=\"widget\" data-e-type=\"widget\" data-widget_type=\"text-editor.default\">\n\t\t\t\t<div class=\"elementor-widget-container\">\n\t\t\t\t\t\t\t\t\t<p>sida 4<br \/>Puissants ils ne se sont pas contants de cette belle conqu\u00eate, ils ont encore envahi, per, dans la petite Asie, o\u00f9<br \/>estoit le grand et renomm\u00e9 Sultan Solimans, ils lui ont pris le Royaume<br \/>de Pontume, auquel ils ont donn\u00e9 le nom d\u2019Turcomanian, et la Capadoc, la Bithiniem et firent la guerre jusqu\u2019au<br \/>regne de l\u2019Empereur Henri. 4. et firent leur residence \u00e0 Nicea l\u2019ann\u00e9e 1081<\/p>\t\t\t\t\t\t\t\t<\/div>\n\t\t\t\t<\/div>\n\t\t\t\t<\/div>\n\t\t<div class=\"elementor-element elementor-element-e1dde69 e-con-full e-flex e-con e-child\" data-id=\"e1dde69\" data-element_type=\"container\" data-e-type=\"container\">\n\t\t\t\t<div class=\"elementor-element elementor-element-e7a4c74 elementor-widget elementor-widget-image\" data-id=\"e7a4c74\" data-element_type=\"widget\" data-e-type=\"widget\" data-widget_type=\"image.default\">\n\t\t\t\t<div class=\"elementor-widget-container\">\n\t\t\t\t\t\t\t\t\t\t\t\t\t\t\t<img loading=\"lazy\" decoding=\"async\" width=\"296\" height=\"512\" src=\"https:\/\/nederlandsetempeliers.nl\/wp-content\/uploads\/WhatsApp-Image-2026-04-15-at-21.26.31.jpeg\" class=\"attachment-large size-large wp-image-7766\" alt=\"Hendrik IV\" srcset=\"https:\/\/nederlandsetempeliers.nl\/wp-content\/uploads\/WhatsApp-Image-2026-04-15-at-21.26.31.jpeg 296w, https:\/\/nederlandsetempeliers.nl\/wp-content\/uploads\/WhatsApp-Image-2026-04-15-at-21.26.31-173x300.jpeg 173w\" sizes=\"(max-width: 296px) 100vw, 296px\" \/>\t\t\t\t\t\t\t\t\t\t\t\t\t\t\t<\/div>\n\t\t\t\t<\/div>\n\t\t\t\t<\/div>\n\t\t<div class=\"elementor-element elementor-element-54e25ca e-con-full e-flex e-con e-child\" data-id=\"54e25ca\" data-element_type=\"container\" data-e-type=\"container\">\n\t\t\t\t<div class=\"elementor-element elementor-element-89ad626 elementor-widget__width-initial elementor-widget elementor-widget-text-editor\" data-id=\"89ad626\" data-element_type=\"widget\" data-e-type=\"widget\" data-widget_type=\"text-editor.default\">\n\t\t\t\t<div class=\"elementor-widget-container\">\n\t\t\t\t\t\t\t\t\t<p>Sida 4<br \/>M\u00e4ktiga som de var, var de inte n\u00f6jda med denna stora er\u00f6vring; de drog vidare in i Mindre Asien, d\u00e4r den store och ber\u00f6mde sultan Soliman regerade; de fr\u00e5ntog honom kungariket Pontus, som de gav namnet Turkomanien, samt \u00e4ven Kappadokien och Bithynien, och de f\u00f6rde krig \u00e4nda till kejsar Henrik IV:s tid och etablerade sin residens i Nicaea, \u00e5r 1081.<\/p>\t\t\t\t\t\t\t\t<\/div>\n\t\t\t\t<\/div>\n\t\t\t\t<\/div>\n\t\t\t\t\t<\/div>\n\t\t\t\t<\/div>\n\t\t<div class=\"elementor-element elementor-element-9245252 e-flex e-con-boxed e-con e-parent\" data-id=\"9245252\" data-element_type=\"container\" data-e-type=\"container\">\n\t\t\t\t\t<div class=\"e-con-inner\">\n\t\t\t\t<div class=\"elementor-element elementor-element-3683198 elementor-widget elementor-widget-text-editor\" data-id=\"3683198\" data-element_type=\"widget\" data-e-type=\"widget\" data-widget_type=\"text-editor.default\">\n\t\t\t\t<div class=\"elementor-widget-container\">\n\t\t\t\t\t\t\t\t\t<p>Sida 4: Detta \u00e4r Suleiman ibn Qutulmish \u2192 b\u00e4ttre k\u00e4nd som Suleiman I av R\u00fbm, grundare av det seldjukiska sultanatet R\u00fbm.<br \/>Historiskt sett st\u00e4mmer detta: han er\u00f6vrade i Mindre Asien bl.a. Nicaea.<br \/><strong>Nicaea (Nicaea \/ Iznik)<\/strong><br \/>Blev \u00e5r 1081 en turkisk huvudstad \u2192 korrekt daterat.<br \/><strong>Henrik IV (Heinrich IV)<\/strong><br \/>Kejsare av det Heliga Romerska riket (1056\u20131105).<br \/>F\u00f6rfattaren anv\u00e4nder honom som tidsangivelse \u2192 detta var strax f\u00f6re F\u00f6rsta korst\u00e5get.<br \/><strong>Pontus \/ Kappadokien \/ Bithynien<\/strong><br \/>Historiska regioner i Mindre Asien.<br \/><strong>Turcomanian \u2192 Turcomania<\/strong><br \/>Term som anv\u00e4ndes i \u00e4ldre europeiska k\u00e4llor f\u00f6r omr\u00e5den d\u00e4r turkiska nomader (turkmener) bosatte sig.<br \/>Denna sida beskriver allts\u00e5 hur turkarna \u2014 efter sina er\u00f6vringar i Persien\/Mesopotamien \u2014 drog vidare mot Mindre Asien, under Suleiman, och gjorde Nicaea till sin huvudstad.<br \/>Detta leder historiskt fram till situationen strax f\u00f6re korst\u00e5get 1096\u20131099.<br \/><br \/><\/p>\t\t\t\t\t\t\t\t<\/div>\n\t\t\t\t<\/div>\n\t\t\t\t\t<\/div>\n\t\t\t\t<\/div>\n\t\t<div class=\"elementor-element elementor-element-8b7ada5 e-flex e-con-boxed e-con e-parent\" data-id=\"8b7ada5\" data-element_type=\"container\" data-e-type=\"container\">\n\t\t\t\t\t<div class=\"e-con-inner\">\n\t\t\t\t<div class=\"elementor-element elementor-element-fdd8485 elementor-widget elementor-widget-image\" data-id=\"fdd8485\" data-element_type=\"widget\" data-e-type=\"widget\" data-widget_type=\"image.default\">\n\t\t\t\t<div class=\"elementor-widget-container\">\n\t\t\t\t\t\t\t\t\t\t\t\t\t\t\t<img loading=\"lazy\" decoding=\"async\" width=\"300\" height=\"55\" src=\"https:\/\/nederlandsetempeliers.nl\/wp-content\/uploads\/guirlande-300x55.jpeg\" class=\"attachment-medium size-medium wp-image-7430\" alt=\"krans\" srcset=\"https:\/\/nederlandsetempeliers.nl\/wp-content\/uploads\/guirlande-300x55.jpeg 300w, https:\/\/nederlandsetempeliers.nl\/wp-content\/uploads\/guirlande-1024x189.jpeg 1024w, https:\/\/nederlandsetempeliers.nl\/wp-content\/uploads\/guirlande-768x142.jpeg 768w, https:\/\/nederlandsetempeliers.nl\/wp-content\/uploads\/guirlande.jpeg 1534w\" sizes=\"(max-width: 300px) 100vw, 300px\" \/>\t\t\t\t\t\t\t\t\t\t\t\t\t\t\t<\/div>\n\t\t\t\t<\/div>\n\t\t\t\t\t<\/div>\n\t\t\t\t<\/div>\n\t\t<div class=\"elementor-element elementor-element-26a3920 e-flex e-con-boxed e-con e-parent\" data-id=\"26a3920\" data-element_type=\"container\" data-e-type=\"container\">\n\t\t\t\t\t<div class=\"e-con-inner\">\n\t\t<div class=\"elementor-element elementor-element-1fb56e1 e-con-full e-flex e-con e-child\" data-id=\"1fb56e1\" data-element_type=\"container\" data-e-type=\"container\">\n\t\t\t\t<div class=\"elementor-element elementor-element-8030409 elementor-widget elementor-widget-text-editor\" data-id=\"8030409\" data-element_type=\"widget\" data-e-type=\"widget\" data-widget_type=\"text-editor.default\">\n\t\t\t\t<div class=\"elementor-widget-container\">\n\t\t\t\t\t\t\t\t\t<p>Sida 6. <br \/>d\u2019Occident \u00e0 la terre Sainte dont entre autre il s\u2019y trouva un Religieux qui se nomoit Pierre l\u2019Hermite, il \u00e9toit<br \/>l\u2019ermite d\u2019Amiens, qui fit plusieurs fois le voyage de la terre Sainte dont il vit la miserable situation o\u00f9 les Chr\u00e9tiens \u00e9toient, entre les mains de ces Barbares. Il prit l\u2019occasion d\u2019en parler \u00e0 Simon Patriarche de Jerusalem et ils en tinrent une Conference, et il le pria d\u2019avoir la bont\u00e9 de lui prester la main dans<br \/>cette\u2026<\/p>\t\t\t\t\t\t\t\t<\/div>\n\t\t\t\t<\/div>\n\t\t\t\t<\/div>\n\t\t<div class=\"elementor-element elementor-element-e0e3acb e-con-full e-flex e-con e-child\" data-id=\"e0e3acb\" data-element_type=\"container\" data-e-type=\"container\">\n\t\t\t\t<div class=\"elementor-element elementor-element-0ef2f5a elementor-widget__width-initial elementor-widget elementor-widget-image\" data-id=\"0ef2f5a\" data-element_type=\"widget\" data-e-type=\"widget\" data-widget_type=\"image.default\">\n\t\t\t\t<div class=\"elementor-widget-container\">\n\t\t\t\t\t\t\t\t\t\t\t\t\t\t\t<img loading=\"lazy\" decoding=\"async\" width=\"499\" height=\"1024\" src=\"https:\/\/nederlandsetempeliers.nl\/wp-content\/uploads\/Pelgrim-2-499x1024.jpeg\" class=\"attachment-large size-large wp-image-8324\" alt=\"Pilgrim\" srcset=\"https:\/\/nederlandsetempeliers.nl\/wp-content\/uploads\/Pelgrim-2-499x1024.jpeg 499w, https:\/\/nederlandsetempeliers.nl\/wp-content\/uploads\/Pelgrim-2-146x300.jpeg 146w, https:\/\/nederlandsetempeliers.nl\/wp-content\/uploads\/Pelgrim-2.jpeg 684w\" sizes=\"(max-width: 499px) 100vw, 499px\" \/>\t\t\t\t\t\t\t\t\t\t\t\t\t\t\t<\/div>\n\t\t\t\t<\/div>\n\t\t\t\t<\/div>\n\t\t<div class=\"elementor-element elementor-element-097fae6 e-con-full e-flex e-con e-child\" data-id=\"097fae6\" data-element_type=\"container\" data-e-type=\"container\">\n\t\t\t\t<div class=\"elementor-element elementor-element-84b4d4c elementor-widget elementor-widget-text-editor\" data-id=\"84b4d4c\" data-element_type=\"widget\" data-e-type=\"widget\" data-widget_type=\"text-editor.default\">\n\t\t\t\t<div class=\"elementor-widget-container\">\n\t\t\t\t\t\t\t\t\t<p>Det var d\u00e4r som Mohammed instiftade en lag i sitt namn, som \u00e4nnu idag best\u00e5r, och genom vilken de \u00f6vergav den tidigare lagen hos saracenerna eller grekerna.<br \/>Men de \u00f6vergav inte sina onda, barbariska och tyranniska b\u00f6jelser;<br \/>d\u00e4rf\u00f6r fick de kristna, som levde under deras herrav\u00e4lde, lida mycket \u2014 till och med mer \u00e4n n\u00e4r de \u00e4nnu var saracener.<\/p><p>Vid denna tid h\u00e4nde det att bland det stora antal pilgrimer som dagligen reste\u2026<\/p>\t\t\t\t\t\t\t\t<\/div>\n\t\t\t\t<\/div>\n\t\t\t\t<\/div>\n\t\t\t\t\t<\/div>\n\t\t\t\t<\/div>\n\t\t<div class=\"elementor-element elementor-element-ede3fcc e-flex e-con-boxed e-con e-parent\" data-id=\"ede3fcc\" data-element_type=\"container\" data-e-type=\"container\">\n\t\t\t\t\t<div class=\"e-con-inner\">\n\t\t\t\t<div class=\"elementor-element elementor-element-65a2e19 elementor-widget elementor-widget-text-editor\" data-id=\"65a2e19\" data-element_type=\"widget\" data-e-type=\"widget\" data-widget_type=\"text-editor.default\">\n\t\t\t\t<div class=\"elementor-widget-container\">\n\t\t\t\t\t\t\t\t\t<p>Sida 5 \u2013 Mahomet \/ Mohammed<\/p><p><br \/>F\u00f6rfattaren g\u00f6r en uppdelning \u2192 f\u00f6re: \u201csarazin ou greque\u201d (allts\u00e5 tidigare \u00f6sterl\u00e4ndska religioner\/kulturer) \u2192 efter: islamisk lag (\u201cLoi \u00e0 son nom\u201d).<br \/>Att islam beskrivs som \u201cinstiftad av Mohammed\u201d \u00e4r typiskt f\u00f6r f\u00f6r-upplysningstiden:<br \/>\u2192 islam = en splittrande innovation \u2192 bort fr\u00e5n den \u00e4ldre v\u00e4rldsordningen<br \/>Upptakt till pilgrimerna \u2192 Pierre l\u2019Hermite \u2192 korst\u00e5g<br \/>Meningen slutar med:<br \/>\u201cbland det stora antal pilgrimer som dagligen reste\u2026\u201d<br \/>En inledning till: \u2192 pilgrimer blir illa behandlade \u2192 Europa reagerar \u2192 korst\u00e5g<br \/>Vi befinner oss nu inneh\u00e5llsm\u00e4ssigt precis f\u00f6re det F\u00f6rsta korst\u00e5get (1096).<\/p>\t\t\t\t\t\t\t\t<\/div>\n\t\t\t\t<\/div>\n\t\t\t\t\t<\/div>\n\t\t\t\t<\/div>\n\t\t\t\t<section class=\"elementor-section elementor-top-section elementor-element elementor-element-1c80f821 elementor-section-boxed elementor-section-height-default elementor-section-height-default\" data-id=\"1c80f821\" data-element_type=\"section\" data-e-type=\"section\" data-settings=\"{&quot;background_background&quot;:&quot;classic&quot;,&quot;shape_divider_top&quot;:&quot;triangle&quot;,&quot;shape_divider_top_negative&quot;:&quot;yes&quot;,&quot;shape_divider_bottom&quot;:&quot;triangle&quot;,&quot;shape_divider_bottom_negative&quot;:&quot;yes&quot;}\">\n\t\t\t\t\t<div class=\"elementor-shape elementor-shape-top\" aria-hidden=\"true\" data-negative=\"true\">\n\t\t\t<svg xmlns=\"http:\/\/www.w3.org\/2000\/svg\" viewBox=\"0 0 1000 100\" preserveAspectRatio=\"none\">\n\t<path class=\"elementor-shape-fill\" d=\"M500.2,94.7L0,0v100h1000V0L500.2,94.7z\"\/>\n<\/svg>\t\t<\/div>\n\t\t\t\t<div class=\"elementor-shape elementor-shape-bottom\" aria-hidden=\"true\" data-negative=\"true\">\n\t\t\t<svg xmlns=\"http:\/\/www.w3.org\/2000\/svg\" viewBox=\"0 0 1000 100\" preserveAspectRatio=\"none\">\n\t<path class=\"elementor-shape-fill\" d=\"M500.2,94.7L0,0v100h1000V0L500.2,94.7z\"\/>\n<\/svg>\t\t<\/div>\n\t\t\t\t\t<div class=\"elementor-container elementor-column-gap-default\">\n\t\t\t\t\t<div class=\"elementor-column elementor-col-100 elementor-top-column elementor-element elementor-element-53bef264\" data-id=\"53bef264\" data-element_type=\"column\" data-e-type=\"column\">\n\t\t\t<div class=\"elementor-widget-wrap elementor-element-populated\">\n\t\t\t\t\t\t<div class=\"elementor-element elementor-element-7fc8b069 elementor-widget__width-auto elementor-view-default elementor-widget elementor-widget-icon\" data-id=\"7fc8b069\" data-element_type=\"widget\" data-e-type=\"widget\" data-widget_type=\"icon.default\">\n\t\t\t\t<div class=\"elementor-widget-container\">\n\t\t\t\t\t\t\t<div class=\"elementor-icon-wrapper\">\n\t\t\t<div class=\"elementor-icon\">\n\t\t\t<i aria-hidden=\"true\" class=\"fas fa-grip-lines\"><\/i>\t\t\t<\/div>\n\t\t<\/div>\n\t\t\t\t\t\t<\/div>\n\t\t\t\t<\/div>\n\t\t\t\t<div class=\"elementor-element elementor-element-6ac3d422 elementor-widget__width-auto elementor-widget elementor-widget-heading\" data-id=\"6ac3d422\" data-element_type=\"widget\" data-e-type=\"widget\" data-widget_type=\"heading.default\">\n\t\t\t\t<div class=\"elementor-widget-container\">\n\t\t\t\t\t<h2 class=\"elementor-heading-title elementor-size-default\">1095<\/h2>\t\t\t\t<\/div>\n\t\t\t\t<\/div>\n\t\t\t\t<div class=\"elementor-element elementor-element-30e8635c elementor-widget__width-auto elementor-view-default elementor-widget elementor-widget-icon\" data-id=\"30e8635c\" data-element_type=\"widget\" data-e-type=\"widget\" data-widget_type=\"icon.default\">\n\t\t\t\t<div class=\"elementor-widget-container\">\n\t\t\t\t\t\t\t<div class=\"elementor-icon-wrapper\">\n\t\t\t<div class=\"elementor-icon\">\n\t\t\t<i aria-hidden=\"true\" class=\"fas fa-grip-lines\"><\/i>\t\t\t<\/div>\n\t\t<\/div>\n\t\t\t\t\t\t<\/div>\n\t\t\t\t<\/div>\n\t\t\t\t\t<\/div>\n\t\t<\/div>\n\t\t\t\t\t<\/div>\n\t\t<\/section>\n\t\t<div class=\"elementor-element elementor-element-437d69d e-flex e-con-boxed e-con e-parent\" data-id=\"437d69d\" data-element_type=\"container\" data-e-type=\"container\">\n\t\t\t\t\t<div class=\"e-con-inner\">\n\t\t<div class=\"elementor-element elementor-element-a19c022 e-con-full e-flex e-con e-child\" data-id=\"a19c022\" data-element_type=\"container\" data-e-type=\"container\">\n\t\t\t\t<div class=\"elementor-element elementor-element-58e2ea1 elementor-widget elementor-widget-text-editor\" data-id=\"58e2ea1\" data-element_type=\"widget\" data-e-type=\"widget\" data-widget_type=\"text-editor.default\">\n\t\t\t\t<div class=\"elementor-widget-container\">\n\t\t\t\t\t\t\t\t\t<p>Sida 6.<br \/>d\u2019Occident \u00e0 la terre Sainte<br \/>dont entre autre il s\u2019y trouva un Religieux qui se nomoit Pierre l\u2019Hermite, il \u00e9toit l\u2019ermite d\u2019Amiens, qui fit plusieurs fois le voyage de la<br \/>terre Sainte dont il vit la miserable situation o\u00f9 les Chr\u00e9tiens \u00e9toient, entre les mains de ces Barbares. Il prit l\u2019occasion d\u2019en parler \u00e0 Simon<br \/>Patriarche de Jerusalem et ils en tinrent une Conference, et il le pria d\u2019avoir la bont\u00e9 de lui prester la main dans cette\u2026<\/p>\t\t\t\t\t\t\t\t<\/div>\n\t\t\t\t<\/div>\n\t\t\t\t<\/div>\n\t\t<div class=\"elementor-element elementor-element-0f7ceb9 e-con-full e-flex e-con e-child\" data-id=\"0f7ceb9\" data-element_type=\"container\" data-e-type=\"container\">\n\t\t\t\t<div class=\"elementor-element elementor-element-4ee3cae elementor-widget elementor-widget-image\" data-id=\"4ee3cae\" data-element_type=\"widget\" data-e-type=\"widget\" data-widget_type=\"image.default\">\n\t\t\t\t<div class=\"elementor-widget-container\">\n\t\t\t\t\t\t\t\t\t\t\t\t\t\t\t<img loading=\"lazy\" decoding=\"async\" width=\"542\" height=\"864\" src=\"https:\/\/nederlandsetempeliers.nl\/wp-content\/uploads\/Pieter-de-Kluizenaar-2.jpeg\" class=\"attachment-large size-large wp-image-8328\" alt=\"Peter Eremiten\" srcset=\"https:\/\/nederlandsetempeliers.nl\/wp-content\/uploads\/Pieter-de-Kluizenaar-2.jpeg 542w, https:\/\/nederlandsetempeliers.nl\/wp-content\/uploads\/Pieter-de-Kluizenaar-2-188x300.jpeg 188w\" sizes=\"(max-width: 542px) 100vw, 542px\" \/>\t\t\t\t\t\t\t\t\t\t\t\t\t\t\t<\/div>\n\t\t\t\t<\/div>\n\t\t\t\t<\/div>\n\t\t<div class=\"elementor-element elementor-element-145fa54 e-con-full e-flex e-con e-child\" data-id=\"145fa54\" data-element_type=\"container\" data-e-type=\"container\">\n\t\t\t\t<div class=\"elementor-element elementor-element-daf4b24 elementor-widget__width-initial elementor-widget elementor-widget-text-editor\" data-id=\"daf4b24\" data-element_type=\"widget\" data-e-type=\"widget\" data-widget_type=\"text-editor.default\">\n\t\t\t\t<div class=\"elementor-widget-container\">\n\t\t\t\t\t\t\t\t\t<p>Sida 6<br \/>\u2026fr\u00e5n v\u00e4st till det Heliga landet. Bland dem fanns en andlig man som hette Pierre l\u2019Hermite; han var eremiten fr\u00e5n Amiens och gjorde flera resor till det Heliga landet.<br \/>D\u00e4r s\u00e5g han det el\u00e4ndiga tillst\u00e5nd i vilket de kristna levde, i h\u00e4nderna p\u00e5 dessa barbarer.<br \/>Han tog tillf\u00e4llet i akt att tala om detta med Simon, patriarken av Jerusalem, och de f\u00f6rde ett samtal; d\u00e4r han bad honom att ha godheten att hj\u00e4lpa honom i detta\u2026<\/p>\t\t\t\t\t\t\t\t<\/div>\n\t\t\t\t<\/div>\n\t\t\t\t<\/div>\n\t\t\t\t\t<\/div>\n\t\t\t\t<\/div>\n\t\t<div class=\"elementor-element elementor-element-fce691f e-flex e-con-boxed e-con e-parent\" data-id=\"fce691f\" data-element_type=\"container\" data-e-type=\"container\">\n\t\t\t\t\t<div class=\"e-con-inner\">\n\t\t\t\t<div class=\"elementor-element elementor-element-b84a3af elementor-widget elementor-widget-text-editor\" data-id=\"b84a3af\" data-element_type=\"widget\" data-e-type=\"widget\" data-widget_type=\"text-editor.default\">\n\t\t\t\t<div class=\"elementor-widget-container\">\n\t\t\t\t\t\t\t\t\t<p>Sida 6 \u2013 Inledning till det F\u00f6rsta korst\u00e5get<br \/><br \/>1. Pierre l\u2019Hermite (Peter the Hermit)<br \/>Enligt medeltida tradition spelade han en viktig roll i att:<br \/>\u2013 se mis\u00e4ren i det Heliga landet<br \/>\u2013 v\u00e4cka korst\u00e5gsandan i Europa<br \/>\u2192 initiativtagare till korst\u00e5get<br \/><br \/>\u2022 \u2192 Situationen \u00e4r sv\u00e5r \u2192 kristna = lidande, oskyldiga<br \/>\u2192 muslimer = grymma, barbariska (let op: dit is bron-perspectief, dus laten we dat zo historisch kaderen \u2014 en dat heb ik netjes neutraal gehouden in het Zweeds)<br \/>\u2192 En helig man ser detta<br \/>\u2192 Han kan inte tiga<br \/>\u2192 Han handlar \u2192 kontakt \u2192 \u00f6verl\u00e4ggning \u2192 handling<br \/><br \/>2. \u201cPatriarken av Jerusalem\u201d H\u00e4r: Simon \u2014 den andlige st\u00f6djaren till korst\u00e5get.<\/p>\t\t\t\t\t\t\t\t<\/div>\n\t\t\t\t<\/div>\n\t\t\t\t\t<\/div>\n\t\t\t\t<\/div>\n\t\t<div class=\"elementor-element elementor-element-ec8594d e-flex e-con-boxed e-con e-parent\" data-id=\"ec8594d\" data-element_type=\"container\" data-e-type=\"container\">\n\t\t\t\t\t<div class=\"e-con-inner\">\n\t\t\t\t<div class=\"elementor-element elementor-element-88e9eb0 elementor-widget elementor-widget-image\" data-id=\"88e9eb0\" data-element_type=\"widget\" data-e-type=\"widget\" data-widget_type=\"image.default\">\n\t\t\t\t<div class=\"elementor-widget-container\">\n\t\t\t\t\t\t\t\t\t\t\t\t\t\t\t<img loading=\"lazy\" decoding=\"async\" width=\"300\" height=\"55\" src=\"https:\/\/nederlandsetempeliers.nl\/wp-content\/uploads\/guirlande-300x55.jpeg\" class=\"attachment-medium size-medium wp-image-7430\" alt=\"krans\" srcset=\"https:\/\/nederlandsetempeliers.nl\/wp-content\/uploads\/guirlande-300x55.jpeg 300w, https:\/\/nederlandsetempeliers.nl\/wp-content\/uploads\/guirlande-1024x189.jpeg 1024w, https:\/\/nederlandsetempeliers.nl\/wp-content\/uploads\/guirlande-768x142.jpeg 768w, https:\/\/nederlandsetempeliers.nl\/wp-content\/uploads\/guirlande.jpeg 1534w\" sizes=\"(max-width: 300px) 100vw, 300px\" \/>\t\t\t\t\t\t\t\t\t\t\t\t\t\t\t<\/div>\n\t\t\t\t<\/div>\n\t\t\t\t\t<\/div>\n\t\t\t\t<\/div>\n\t\t<div class=\"elementor-element elementor-element-24dac03 e-flex e-con-boxed e-con e-parent\" data-id=\"24dac03\" data-element_type=\"container\" data-e-type=\"container\">\n\t\t\t\t\t<div class=\"e-con-inner\">\n\t\t<div class=\"elementor-element elementor-element-fa7f914 e-con-full e-flex e-con e-child\" data-id=\"fa7f914\" data-element_type=\"container\" data-e-type=\"container\">\n\t\t\t\t<div class=\"elementor-element elementor-element-4728c5f elementor-widget elementor-widget-text-editor\" data-id=\"4728c5f\" data-element_type=\"widget\" data-e-type=\"widget\" data-widget_type=\"text-editor.default\">\n\t\t\t\t<div class=\"elementor-widget-container\">\n\t\t\t\t\t\t\t\t\t<p>Sida 7<br \/>cette affaire, qu\u2019il eut seulement la bont\u00e9 d\u2019en \u00e9crire au Pape, de le faire \u00e0 savoir aux Princes de l\u2019Europe que pour lui de son c\u00f4t\u00e9 il se portoit fort d\u2019exciter les Courones de l\u2019Occident et de faire une exp\u00e9dition contre les Turcs et de conqu\u00e9rir la terre Sainte.<br \/>Le Pape Urbain 2 se signala de tenir un Congr\u00e9 \u00e0 Piacenza par l\u2019avis de l\u2019Empereur Henri IV. l\u00e0 o\u00f9 tous les Embassadeurs de l\u2019Europe, m\u00eame ceux de\u2026<\/p>\t\t\t\t\t\t\t\t<\/div>\n\t\t\t\t<\/div>\n\t\t\t\t<\/div>\n\t\t<div class=\"elementor-element elementor-element-68bc563 e-con-full e-flex e-con e-child\" data-id=\"68bc563\" data-element_type=\"container\" data-e-type=\"container\">\n\t\t\t\t<div class=\"elementor-element elementor-element-c9b2e22 elementor-widget elementor-widget-image\" data-id=\"c9b2e22\" data-element_type=\"widget\" data-e-type=\"widget\" data-widget_type=\"image.default\">\n\t\t\t\t<div class=\"elementor-widget-container\">\n\t\t\t\t\t\t\t\t\t\t\t\t\t\t\t<img loading=\"lazy\" decoding=\"async\" width=\"280\" height=\"498\" src=\"https:\/\/nederlandsetempeliers.nl\/wp-content\/uploads\/Paus-Urbanus-II-1.jpeg\" class=\"attachment-large size-large wp-image-9155\" alt=\"Paus Urbanus II\" srcset=\"https:\/\/nederlandsetempeliers.nl\/wp-content\/uploads\/Paus-Urbanus-II-1.jpeg 280w, https:\/\/nederlandsetempeliers.nl\/wp-content\/uploads\/Paus-Urbanus-II-1-169x300.jpeg 169w\" sizes=\"(max-width: 280px) 100vw, 280px\" \/>\t\t\t\t\t\t\t\t\t\t\t\t\t\t\t<\/div>\n\t\t\t\t<\/div>\n\t\t\t\t<\/div>\n\t\t<div class=\"elementor-element elementor-element-56fe79d e-con-full e-flex e-con e-child\" data-id=\"56fe79d\" data-element_type=\"container\" data-e-type=\"container\">\n\t\t\t\t<div class=\"elementor-element elementor-element-59ef15c elementor-widget__width-initial elementor-widget elementor-widget-text-editor\" data-id=\"59ef15c\" data-element_type=\"widget\" data-e-type=\"widget\" data-widget_type=\"text-editor.default\">\n\t\t\t\t<div class=\"elementor-widget-container\">\n\t\t\t\t\t\t\t\t\t<p>Sida 7<br \/>I denna sak\u2026 s\u00e5 att han endast hade v\u00e4nligheten att skriva om detta till p\u00e5ven,<br \/>att underr\u00e4tta honom, och till Europas furstar,<br \/>att han f\u00f6r sin del var beredd att kalla V\u00e4sterlandets kronor att f\u00f6retaga en expedition mot turkarna och att er\u00f6vra det Heliga landet.<br \/>P\u00e5ve Urban II besl\u00f6t att h\u00e5lla en sammankomst i Piacenza, p\u00e5 r\u00e5d av kejsar<br \/>Henrik IV, dit alla Europas ambassad\u00f6rer kom,<br \/>\u00e4ven de fr\u00e5n\u2026<\/p>\t\t\t\t\t\t\t\t<\/div>\n\t\t\t\t<\/div>\n\t\t\t\t<\/div>\n\t\t\t\t\t<\/div>\n\t\t\t\t<\/div>\n\t\t<div class=\"elementor-element elementor-element-2d779bd e-flex e-con-boxed e-con e-parent\" data-id=\"2d779bd\" data-element_type=\"container\" data-e-type=\"container\">\n\t\t\t\t\t<div class=\"e-con-inner\">\n\t\t\t\t<div class=\"elementor-element elementor-element-e8a9d27 elementor-widget elementor-widget-text-editor\" data-id=\"e8a9d27\" data-element_type=\"widget\" data-e-type=\"widget\" data-widget_type=\"text-editor.default\">\n\t\t\t\t<div class=\"elementor-widget-container\">\n\t\t\t\t\t\t\t\t\t<p>Vi befinner oss nu i en viktig historisk \u00f6verg\u00e5ng:<br \/><br \/>\u2192 fr\u00e5n Pierre eremiten \u2192 till p\u00e5ve Urban II<br \/>\u2192 steget fr\u00e5n en andlig signal \u2192 till politisk handling<br \/><br \/>\u2705 1. Urban II &amp; konciliet i Piacenza (mars 1095)<br \/>\u00b7 situationen f\u00f6r de kristna i \u00d6stern,<br \/>\u00b7 den bysantinske kejsaren Alexios I:s v\u00e4djan om hj\u00e4lp mot turkarna.<br \/>Det f\u00f6ljande konciliet \u2014 Clermont \u2014<br \/>blev det \u00f6gonblick d\u00e5 korst\u00e5get officiellt utropades.<br \/><br \/>Vi l\u00e4ser:<br \/>\u00b7 \u201cbont\u00e9\u201d \u2192 Pierre eremitens \u00f6dmjukhet<br \/>\u00b7 Att han f\u00f6ljde den r\u00e4tta v\u00e4gen: P\u00e5ve \u2192 furstar<br \/>\u00b7 Att p\u00e5ven agerade omedelbart<br \/><br \/>\u2705 3. V\u00e4sterlandets kronor \u2014 termen betonar att projektet:<br \/>\u2192 var europeiskt &amp; kristet \u2192 inte enbart franskt, tyskt, etc.<br \/>Korst\u00e5gets symboliska v\u00e4rde: \u2192 ett kristendom, ett m\u00e5l.<\/p>\t\t\t\t\t\t\t\t<\/div>\n\t\t\t\t<\/div>\n\t\t\t\t\t<\/div>\n\t\t\t\t<\/div>\n\t\t<div class=\"elementor-element elementor-element-209a2eb e-flex e-con-boxed e-con e-parent\" data-id=\"209a2eb\" data-element_type=\"container\" data-e-type=\"container\">\n\t\t\t\t\t<div class=\"e-con-inner\">\n\t\t\t\t<div class=\"elementor-element elementor-element-5af6051 elementor-widget elementor-widget-image\" data-id=\"5af6051\" data-element_type=\"widget\" data-e-type=\"widget\" data-widget_type=\"image.default\">\n\t\t\t\t<div class=\"elementor-widget-container\">\n\t\t\t\t\t\t\t\t\t\t\t\t\t\t\t<img loading=\"lazy\" decoding=\"async\" width=\"300\" height=\"55\" src=\"https:\/\/nederlandsetempeliers.nl\/wp-content\/uploads\/guirlande-300x55.jpeg\" class=\"attachment-medium size-medium wp-image-7430\" alt=\"krans\" srcset=\"https:\/\/nederlandsetempeliers.nl\/wp-content\/uploads\/guirlande-300x55.jpeg 300w, https:\/\/nederlandsetempeliers.nl\/wp-content\/uploads\/guirlande-1024x189.jpeg 1024w, https:\/\/nederlandsetempeliers.nl\/wp-content\/uploads\/guirlande-768x142.jpeg 768w, https:\/\/nederlandsetempeliers.nl\/wp-content\/uploads\/guirlande.jpeg 1534w\" sizes=\"(max-width: 300px) 100vw, 300px\" \/>\t\t\t\t\t\t\t\t\t\t\t\t\t\t\t<\/div>\n\t\t\t\t<\/div>\n\t\t\t\t\t<\/div>\n\t\t\t\t<\/div>\n\t\t<div class=\"elementor-element elementor-element-695baf2 e-flex e-con-boxed e-con e-parent\" data-id=\"695baf2\" data-element_type=\"container\" data-e-type=\"container\">\n\t\t\t\t\t<div class=\"e-con-inner\">\n\t\t<div class=\"elementor-element elementor-element-1b9ffa5 e-con-full e-flex e-con e-child\" data-id=\"1b9ffa5\" data-element_type=\"container\" data-e-type=\"container\">\n\t\t\t\t<div class=\"elementor-element elementor-element-f48ad2f elementor-widget elementor-widget-text-editor\" data-id=\"f48ad2f\" data-element_type=\"widget\" data-e-type=\"widget\" data-widget_type=\"text-editor.default\">\n\t\t\t\t<div class=\"elementor-widget-container\">\n\t\t\t\t\t\t\t\t\t<p>Sida 8<br \/>de Constantinople y ont paru, et par apr\u00e8s \u00e0 Clermont en Auvergne, l\u00e0 o\u00f9 on y tint deux Conseils tant pour tout l\u2019\u00c9glise, que pour bien des autres chose, mais sur tout<br \/>au sujet de la guerre contre ces Barbares, pour retirer la terre Sainte de leur mains.<br \/>L\u2019on a conclu d\u2019accorder une<br \/>indulgence plenierre \u00e0 tous ceux qui s\u2019offroient \u00e0 cette entreprise, mais encore tous leurs biens et leurs personnes m\u00eame sous la protection du\u2026<\/p>\t\t\t\t\t\t\t\t<\/div>\n\t\t\t\t<\/div>\n\t\t\t\t<\/div>\n\t\t<div class=\"elementor-element elementor-element-4d58f75 e-con-full e-flex e-con e-child\" data-id=\"4d58f75\" data-element_type=\"container\" data-e-type=\"container\">\n\t\t\t\t<div class=\"elementor-element elementor-element-1c7a728 elementor-widget elementor-widget-image\" data-id=\"1c7a728\" data-element_type=\"widget\" data-e-type=\"widget\" data-widget_type=\"image.default\">\n\t\t\t\t<div class=\"elementor-widget-container\">\n\t\t\t\t\t\t\t\t\t\t\t\t\t\t\t<img loading=\"lazy\" decoding=\"async\" width=\"800\" height=\"649\" src=\"https:\/\/nederlandsetempeliers.nl\/wp-content\/uploads\/Aflaat-Paus-Urbanus-II-1-1024x831.jpeg\" class=\"attachment-large size-large wp-image-9156\" alt=\"Aflaat Paus Urbanus II\" srcset=\"https:\/\/nederlandsetempeliers.nl\/wp-content\/uploads\/Aflaat-Paus-Urbanus-II-1-1024x831.jpeg 1024w, https:\/\/nederlandsetempeliers.nl\/wp-content\/uploads\/Aflaat-Paus-Urbanus-II-1-300x244.jpeg 300w, https:\/\/nederlandsetempeliers.nl\/wp-content\/uploads\/Aflaat-Paus-Urbanus-II-1-768x623.jpeg 768w, https:\/\/nederlandsetempeliers.nl\/wp-content\/uploads\/Aflaat-Paus-Urbanus-II-1.jpeg 1392w\" sizes=\"(max-width: 800px) 100vw, 800px\" \/>\t\t\t\t\t\t\t\t\t\t\t\t\t\t\t<\/div>\n\t\t\t\t<\/div>\n\t\t\t\t<\/div>\n\t\t<div class=\"elementor-element elementor-element-b5712af e-con-full e-flex e-con e-child\" data-id=\"b5712af\" data-element_type=\"container\" data-e-type=\"container\">\n\t\t\t\t<div class=\"elementor-element elementor-element-ec0d518 elementor-widget__width-initial elementor-widget elementor-widget-text-editor\" data-id=\"ec0d518\" data-element_type=\"widget\" data-e-type=\"widget\" data-widget_type=\"text-editor.default\">\n\t\t\t\t<div class=\"elementor-widget-container\">\n\t\t\t\t\t\t\t\t\t<p>Sida 8<br \/>\u2026fr\u00e5n Konstantinopel kom dit, och d\u00e4refter till Clermont i Auvergne, d\u00e4r tv\u00e5 koncilier h\u00f6lls, b\u00e5de f\u00f6r hela Kyrkan, och f\u00f6r m\u00e5nga andra fr\u00e5gor, men framf\u00f6r allt<br \/>med avseende p\u00e5 kriget mot dessa barbarer, f\u00f6r att befria det Heliga landet<br \/>fr\u00e5n deras h\u00e4nder.<br \/>Man beslutade att bevilja fullst\u00e4ndig avlat<br \/>\u00e5t alla dem som anm\u00e4lde sig f\u00f6r detta f\u00f6retag, och dessutom att st\u00e4lla<br \/>deras egendom och deras personer<br \/>under skydd av\u2026<\/p>\t\t\t\t\t\t\t\t<\/div>\n\t\t\t\t<\/div>\n\t\t\t\t<\/div>\n\t\t\t\t\t<\/div>\n\t\t\t\t<\/div>\n\t\t<div class=\"elementor-element elementor-element-3441c6a e-flex e-con-boxed e-con e-parent\" data-id=\"3441c6a\" data-element_type=\"container\" data-e-type=\"container\">\n\t\t\t\t\t<div class=\"e-con-inner\">\n\t\t\t\t<div class=\"elementor-element elementor-element-3e8541a elementor-widget elementor-widget-text-editor\" data-id=\"3e8541a\" data-element_type=\"widget\" data-e-type=\"widget\" data-widget_type=\"text-editor.default\">\n\t\t\t\t<div class=\"elementor-widget-container\">\n\t\t\t\t\t\t\t\t\t<p>2 koncilier:<br \/><br \/>1: mars 1095 i Piacenza<br \/>2: Clermont, november 1095<br \/><br \/>Det \u00f6gonblick d\u00e5 p\u00e5ve Urban II officiellt utropade korst\u00e5get.<br \/>Fullst\u00e4ndig avlat (indulgentia plenaria):<br \/>Den som deltog f\u00f6r att befria Jerusalem<br \/>\u21d2 fick f\u00f6rl\u00e5telse f\u00f6r alla synder<br \/><br \/>Detta kr\u00e4vde:<br \/>\u2192 att man gick med ren avsikt<br \/>\u2192 och k\u00e4mpade f\u00f6r den Heliga graven<br \/>Om n\u00e5gon gick p\u00e5 korst\u00e5g \u2192<br \/>st\u00e4lldes hans familj och egendom under Kyrkans skydd<br \/><br \/>Detta skulle f\u00f6rhindra:<br \/>\u2192 att familjer blev s\u00e5rbara<br \/>\u2192 att egendom togs i beslag<\/p>\t\t\t\t\t\t\t\t<\/div>\n\t\t\t\t<\/div>\n\t\t\t\t\t<\/div>\n\t\t\t\t<\/div>\n\t\t<div class=\"elementor-element elementor-element-00a07a1 e-flex e-con-boxed e-con e-parent\" data-id=\"00a07a1\" data-element_type=\"container\" data-e-type=\"container\">\n\t\t\t\t\t<div class=\"e-con-inner\">\n\t\t\t\t<div class=\"elementor-element elementor-element-7b11d50 elementor-widget elementor-widget-image\" data-id=\"7b11d50\" data-element_type=\"widget\" data-e-type=\"widget\" data-widget_type=\"image.default\">\n\t\t\t\t<div class=\"elementor-widget-container\">\n\t\t\t\t\t\t\t\t\t\t\t\t\t\t\t<img loading=\"lazy\" decoding=\"async\" width=\"300\" height=\"55\" src=\"https:\/\/nederlandsetempeliers.nl\/wp-content\/uploads\/guirlande-300x55.jpeg\" class=\"attachment-medium size-medium wp-image-7430\" alt=\"krans\" srcset=\"https:\/\/nederlandsetempeliers.nl\/wp-content\/uploads\/guirlande-300x55.jpeg 300w, https:\/\/nederlandsetempeliers.nl\/wp-content\/uploads\/guirlande-1024x189.jpeg 1024w, https:\/\/nederlandsetempeliers.nl\/wp-content\/uploads\/guirlande-768x142.jpeg 768w, https:\/\/nederlandsetempeliers.nl\/wp-content\/uploads\/guirlande.jpeg 1534w\" sizes=\"(max-width: 300px) 100vw, 300px\" \/>\t\t\t\t\t\t\t\t\t\t\t\t\t\t\t<\/div>\n\t\t\t\t<\/div>\n\t\t\t\t\t<\/div>\n\t\t\t\t<\/div>\n\t\t<div class=\"elementor-element elementor-element-6480ef4 e-flex e-con-boxed e-con e-parent\" data-id=\"6480ef4\" data-element_type=\"container\" data-e-type=\"container\">\n\t\t\t\t\t<div class=\"e-con-inner\">\n\t\t<div class=\"elementor-element elementor-element-d9eafd7 e-con-full e-flex e-con e-child\" data-id=\"d9eafd7\" data-element_type=\"container\" data-e-type=\"container\">\n\t\t\t\t<div class=\"elementor-element elementor-element-95ea704 elementor-widget elementor-widget-text-editor\" data-id=\"95ea704\" data-element_type=\"widget\" data-e-type=\"widget\" data-widget_type=\"text-editor.default\">\n\t\t\t\t<div class=\"elementor-widget-container\">\n\t\t\t\t\t\t\t\t\t<p>Sida 9<br \/>du Pape et de l\u2019\u00c9glise, et tous ceux qui \u00e9toient homme de guerre ou qui savoient manier les armes, refuseroient de mettre l\u2019\u00e9p\u00e9e \u00e0 la main seroient<br \/>bannie de l\u2019\u00c9glise et m\u00eame excommuni\u00e9.<br \/>L\u2019on donna ordre \u00e0 tous les \u00c9v\u00eaques de<br \/>donner de pr\u00eacher dans tous les<br \/>endroits de leur Dioc\u00e8se, afin d\u2019animer le peuple \u00e0 cette entreprise, et tous ceux qui auront pris la resolution de cette exp\u00e9dition fussent marqu\u00e9<br \/>d\u2019une Croix rouge qu\u2019on leurs\u2026<\/p>\t\t\t\t\t\t\t\t<\/div>\n\t\t\t\t<\/div>\n\t\t\t\t<\/div>\n\t\t<div class=\"elementor-element elementor-element-35ce807 e-con-full e-flex e-con e-child\" data-id=\"35ce807\" data-element_type=\"container\" data-e-type=\"container\">\n\t\t\t\t<div class=\"elementor-element elementor-element-c3d859b elementor-widget elementor-widget-image\" data-id=\"c3d859b\" data-element_type=\"widget\" data-e-type=\"widget\" data-widget_type=\"image.default\">\n\t\t\t\t<div class=\"elementor-widget-container\">\n\t\t\t\t\t\t\t\t\t\t\t\t\t\t\t<img loading=\"lazy\" decoding=\"async\" width=\"320\" height=\"323\" src=\"https:\/\/nederlandsetempeliers.nl\/wp-content\/uploads\/kerk.jpeg\" class=\"attachment-large size-large wp-image-9657\" alt=\"Kyrka\" srcset=\"https:\/\/nederlandsetempeliers.nl\/wp-content\/uploads\/kerk.jpeg 320w, https:\/\/nederlandsetempeliers.nl\/wp-content\/uploads\/kerk-297x300.jpeg 297w, https:\/\/nederlandsetempeliers.nl\/wp-content\/uploads\/kerk-150x150.jpeg 150w\" sizes=\"(max-width: 320px) 100vw, 320px\" \/>\t\t\t\t\t\t\t\t\t\t\t\t\t\t\t<\/div>\n\t\t\t\t<\/div>\n\t\t\t\t<\/div>\n\t\t<div class=\"elementor-element elementor-element-1483858 e-con-full e-flex e-con e-child\" data-id=\"1483858\" data-element_type=\"container\" data-e-type=\"container\">\n\t\t\t\t<div class=\"elementor-element elementor-element-dc94d39 elementor-widget elementor-widget-text-editor\" data-id=\"dc94d39\" data-element_type=\"widget\" data-e-type=\"widget\" data-widget_type=\"text-editor.default\">\n\t\t\t\t<div class=\"elementor-widget-container\">\n\t\t\t\t\t\t\t\t\t<p>Sida 9<br \/>\u2026av P\u00e5ven och av Kyrkan; och alla som var krigare eller som visste hur man hanterade vapen och v\u00e4grade att ta upp sv\u00e4rdet, skulle f\u00f6rdrivas fr\u00e5n Kyrkan och till och med bli exkommunicerade.<br \/><br \/>Alla biskopar fick order att predika i alla delar av sina stift f\u00f6r att uppmana folket till detta f\u00f6retag.<br \/>Och alla som fattade beslutet att delta i denna expedition m\u00e4rktes med ett r\u00f6tt kors som man\u2026<\/p>\t\t\t\t\t\t\t\t<\/div>\n\t\t\t\t<\/div>\n\t\t\t\t<\/div>\n\t\t\t\t\t<\/div>\n\t\t\t\t<\/div>\n\t\t<div class=\"elementor-element elementor-element-01d6564 e-flex e-con-boxed e-con e-parent\" data-id=\"01d6564\" data-element_type=\"container\" data-e-type=\"container\">\n\t\t\t\t\t<div class=\"e-con-inner\">\n\t\t\t\t<div class=\"elementor-element elementor-element-0df0ebe elementor-widget elementor-widget-text-editor\" data-id=\"0df0ebe\" data-element_type=\"widget\" data-e-type=\"widget\" data-widget_type=\"text-editor.default\">\n\t\t\t\t<div class=\"elementor-widget-container\">\n\t\t\t\t\t\t\t\t\t<p>Sida 9<br \/>Retoriken \u00e4r: den Heliga Graven \u00e4r s\u00e5 viktig \u2192 att den som kan strida men v\u00e4grar \u2192 g\u00e5r emot Gud sj\u00e4lv.<br \/><br \/>Predikan spreds genom hela stiftet. Detta f\u00f6rmedlades av: biskopar, pr\u00e4ster och folkpredikanter, s\u00e5som Pierre l\u2019Hermite.<br \/><br \/>DET R\u00d6DA KORSET. De som deltog i korst\u00e5get fick ett r\u00f6tt kors p\u00e5: kl\u00e4derna \/ manteln och\/eller p\u00e5 axeln.<br \/>Detta var det ursprungliga och enda officiella tecknet f\u00f6r korsfararen \u2192 crucesignatus = \u201dm\u00e4rkt med korset\u201d.<br \/>Det \u00e4r h\u00e4r korst\u00e5gsidentiteten uppst\u00e5r.<br \/>Det r\u00f6da korset \u00e4r ursprunget till ordet crois\u00e9 (korsfarare).<br \/><br \/>Notering: detta var vetenskapens uppfattning \u00e5r 1705. Senare forskning har visat att det r\u00f6da korset officiellt tilldelades av p\u00e5ven f\u00f6rst mellan 1144\u20131147.<br \/>Likas\u00e5: under sj\u00e4lva korst\u00e5gens tid kallade man det inte f\u00f6r ett korst\u00e5g. Den ben\u00e4mningen kom l\u00e5ngt senare.<br \/>P\u00e5ven Paus Urbanus II talade om: \u201cIter Hierosolymitanum\u201d \u2014 resan till Jerusalem.<\/p>\t\t\t\t\t\t\t\t<\/div>\n\t\t\t\t<\/div>\n\t\t\t\t\t<\/div>\n\t\t\t\t<\/div>\n\t\t\t\t<section class=\"elementor-section elementor-top-section elementor-element elementor-element-30735f16 elementor-section-boxed elementor-section-height-default elementor-section-height-default\" data-id=\"30735f16\" data-element_type=\"section\" data-e-type=\"section\" data-settings=\"{&quot;background_background&quot;:&quot;classic&quot;,&quot;shape_divider_top&quot;:&quot;triangle&quot;,&quot;shape_divider_top_negative&quot;:&quot;yes&quot;,&quot;shape_divider_bottom&quot;:&quot;triangle&quot;,&quot;shape_divider_bottom_negative&quot;:&quot;yes&quot;}\">\n\t\t\t\t\t<div class=\"elementor-shape elementor-shape-top\" aria-hidden=\"true\" data-negative=\"true\">\n\t\t\t<svg xmlns=\"http:\/\/www.w3.org\/2000\/svg\" viewBox=\"0 0 1000 100\" preserveAspectRatio=\"none\">\n\t<path class=\"elementor-shape-fill\" d=\"M500.2,94.7L0,0v100h1000V0L500.2,94.7z\"\/>\n<\/svg>\t\t<\/div>\n\t\t\t\t<div class=\"elementor-shape elementor-shape-bottom\" aria-hidden=\"true\" data-negative=\"true\">\n\t\t\t<svg xmlns=\"http:\/\/www.w3.org\/2000\/svg\" viewBox=\"0 0 1000 100\" preserveAspectRatio=\"none\">\n\t<path class=\"elementor-shape-fill\" d=\"M500.2,94.7L0,0v100h1000V0L500.2,94.7z\"\/>\n<\/svg>\t\t<\/div>\n\t\t\t\t\t<div class=\"elementor-container elementor-column-gap-default\">\n\t\t\t\t\t<div class=\"elementor-column elementor-col-100 elementor-top-column elementor-element elementor-element-2b51e73f\" data-id=\"2b51e73f\" data-element_type=\"column\" data-e-type=\"column\">\n\t\t\t<div class=\"elementor-widget-wrap elementor-element-populated\">\n\t\t\t\t\t\t<div class=\"elementor-element elementor-element-35625521 elementor-widget__width-auto elementor-view-default elementor-widget elementor-widget-icon\" data-id=\"35625521\" data-element_type=\"widget\" data-e-type=\"widget\" data-widget_type=\"icon.default\">\n\t\t\t\t<div class=\"elementor-widget-container\">\n\t\t\t\t\t\t\t<div class=\"elementor-icon-wrapper\">\n\t\t\t<div class=\"elementor-icon\">\n\t\t\t<i aria-hidden=\"true\" class=\"fas fa-grip-lines\"><\/i>\t\t\t<\/div>\n\t\t<\/div>\n\t\t\t\t\t\t<\/div>\n\t\t\t\t<\/div>\n\t\t\t\t<div class=\"elementor-element elementor-element-ffd8207 elementor-widget__width-auto elementor-widget elementor-widget-heading\" data-id=\"ffd8207\" data-element_type=\"widget\" data-e-type=\"widget\" data-widget_type=\"heading.default\">\n\t\t\t\t<div class=\"elementor-widget-container\">\n\t\t\t\t\t<h2 class=\"elementor-heading-title elementor-size-default\">1096<\/h2>\t\t\t\t<\/div>\n\t\t\t\t<\/div>\n\t\t\t\t<div class=\"elementor-element elementor-element-65c88c6c elementor-widget__width-auto elementor-view-default elementor-widget elementor-widget-icon\" data-id=\"65c88c6c\" data-element_type=\"widget\" data-e-type=\"widget\" data-widget_type=\"icon.default\">\n\t\t\t\t<div class=\"elementor-widget-container\">\n\t\t\t\t\t\t\t<div class=\"elementor-icon-wrapper\">\n\t\t\t<div class=\"elementor-icon\">\n\t\t\t<i aria-hidden=\"true\" class=\"fas fa-grip-lines\"><\/i>\t\t\t<\/div>\n\t\t<\/div>\n\t\t\t\t\t\t<\/div>\n\t\t\t\t<\/div>\n\t\t\t\t\t<\/div>\n\t\t<\/div>\n\t\t\t\t\t<\/div>\n\t\t<\/section>\n\t\t<div class=\"elementor-element elementor-element-9d4141d e-flex e-con-boxed e-con e-parent\" data-id=\"9d4141d\" data-element_type=\"container\" data-e-type=\"container\">\n\t\t\t\t\t<div class=\"e-con-inner\">\n\t\t<div class=\"elementor-element elementor-element-69fe432 e-con-full e-flex e-con e-child\" data-id=\"69fe432\" data-element_type=\"container\" data-e-type=\"container\">\n\t\t\t\t<div class=\"elementor-element elementor-element-e932ded elementor-widget elementor-widget-text-editor\" data-id=\"e932ded\" data-element_type=\"widget\" data-e-type=\"widget\" data-widget_type=\"text-editor.default\">\n\t\t\t\t<div class=\"elementor-widget-container\">\n\t\t\t\t\t\t\t\t\t<p>Sida 10<br \/>attach\u00e9e sur l\u2019\u00e9paule, c\u2019est par l\u00e0 qu\u2019est devenu le nom de la Croissade.<br \/>L\u2019on ne peut exprimer l\u2019effet que ces pr\u00e9dicateurs ont op\u00e9r\u00e9 dans si peu de<br \/>tems de tous les Royaumes<br \/>d\u2019Occident le peuple y accourut \u00e0 grande foule, et receurent la marque de la croix, quelqu\u2019un d\u2019un vrai zele de voir et d\u2019adorer le vrai sepulchre de Jesus Christ, et de le retirer des mains des infidelles\u2026<\/p>\t\t\t\t\t\t\t\t<\/div>\n\t\t\t\t<\/div>\n\t\t\t\t<\/div>\n\t\t<div class=\"elementor-element elementor-element-6b67b34 e-con-full e-flex e-con e-child\" data-id=\"6b67b34\" data-element_type=\"container\" data-e-type=\"container\">\n\t\t\t\t<div class=\"elementor-element elementor-element-ad189bd elementor-widget elementor-widget-image\" data-id=\"ad189bd\" data-element_type=\"widget\" data-e-type=\"widget\" data-widget_type=\"image.default\">\n\t\t\t\t<div class=\"elementor-widget-container\">\n\t\t\t\t\t\t\t\t\t\t\t\t\t\t\t<img loading=\"lazy\" decoding=\"async\" width=\"683\" height=\"1024\" src=\"https:\/\/nederlandsetempeliers.nl\/wp-content\/uploads\/kruis-1-683x1024.jpeg\" class=\"attachment-large size-large wp-image-9659\" alt=\"korsa\" srcset=\"https:\/\/nederlandsetempeliers.nl\/wp-content\/uploads\/kruis-1-683x1024.jpeg 683w, https:\/\/nederlandsetempeliers.nl\/wp-content\/uploads\/kruis-1-200x300.jpeg 200w, https:\/\/nederlandsetempeliers.nl\/wp-content\/uploads\/kruis-1-768x1152.jpeg 768w, https:\/\/nederlandsetempeliers.nl\/wp-content\/uploads\/kruis-1.jpeg 1024w\" sizes=\"(max-width: 683px) 100vw, 683px\" \/>\t\t\t\t\t\t\t\t\t\t\t\t\t\t\t<\/div>\n\t\t\t\t<\/div>\n\t\t\t\t<\/div>\n\t\t<div class=\"elementor-element elementor-element-a209274 e-con-full e-flex e-con e-child\" data-id=\"a209274\" data-element_type=\"container\" data-e-type=\"container\">\n\t\t\t\t<div class=\"elementor-element elementor-element-0666d5d elementor-widget elementor-widget-text-editor\" data-id=\"0666d5d\" data-element_type=\"widget\" data-e-type=\"widget\" data-widget_type=\"text-editor.default\">\n\t\t\t\t<div class=\"elementor-widget-container\">\n\t\t\t\t\t\t\t\t\t<p>Sida 1o<br \/>\u2026f\u00e4st p\u00e5 axeln; d\u00e4rifr\u00e5n kommer namnet \u201dKorst\u00e5g\u201d. Det g\u00e5r inte att beskriva vilken effekt dessa predikanter p\u00e5 s\u00e5 kort tid skapade i alla V\u00e4sterlandets kungariken: folket str\u00f6mmade till i stora skaror och mottog korsets tecken.<br \/>Ur en sann eld och l\u00e4ngtan att f\u00e5 se och v\u00f6rda Jesu Kristi sanna grav och att befria den ur de otrognas h\u00e4nder\u2026<\/p>\t\t\t\t\t\t\t\t<\/div>\n\t\t\t\t<\/div>\n\t\t\t\t<\/div>\n\t\t\t\t\t<\/div>\n\t\t\t\t<\/div>\n\t\t<div class=\"elementor-element elementor-element-3bc7df8 e-flex e-con-boxed e-con e-parent\" data-id=\"3bc7df8\" data-element_type=\"container\" data-e-type=\"container\">\n\t\t\t\t\t<div class=\"e-con-inner\">\n\t\t\t\t<div class=\"elementor-element elementor-element-6277252 elementor-widget elementor-widget-text-editor\" data-id=\"6277252\" data-element_type=\"widget\" data-e-type=\"widget\" data-widget_type=\"text-editor.default\">\n\t\t\t\t<div class=\"elementor-widget-container\">\n\t\t\t\t\t\t\t\t\t<p>C\u2019est par l\u00e0 qu\u2019est devenu le nom la Croissade.<br \/><br \/>\u2192 Detta syftar p\u00e5 det r\u00f6da korstecknet<br \/>\u2192 Det franska ordet croisade kommer fr\u00e5n croix (kors)<br \/>\u2192 B\u00e4raren = crois\u00e9<br \/>Le peuple y accourut \u00e0 grande foule<br \/>= Urbanus II:s upprop utl\u00f6ste en massr\u00f6relse.<br \/><br \/>\u00c5terigen: s\u00e5 talade man inte om det \u00e5r 1097 \u2014 detta spr\u00e5kbruk kom f\u00f6rst omkring 1200-talet.<\/p><p>\u00a0<\/p>\t\t\t\t\t\t\t\t<\/div>\n\t\t\t\t<\/div>\n\t\t\t\t\t<\/div>\n\t\t\t\t<\/div>\n\t\t<div class=\"elementor-element elementor-element-eb8f218 e-flex e-con-boxed e-con e-parent\" data-id=\"eb8f218\" data-element_type=\"container\" data-e-type=\"container\">\n\t\t\t\t\t<div class=\"e-con-inner\">\n\t\t\t\t<div class=\"elementor-element elementor-element-00c1a2d elementor-widget elementor-widget-image\" data-id=\"00c1a2d\" data-element_type=\"widget\" data-e-type=\"widget\" data-widget_type=\"image.default\">\n\t\t\t\t<div class=\"elementor-widget-container\">\n\t\t\t\t\t\t\t\t\t\t\t\t\t\t\t<img loading=\"lazy\" decoding=\"async\" width=\"300\" height=\"55\" src=\"https:\/\/nederlandsetempeliers.nl\/wp-content\/uploads\/guirlande-300x55.jpeg\" class=\"attachment-medium size-medium wp-image-7430\" alt=\"krans\" srcset=\"https:\/\/nederlandsetempeliers.nl\/wp-content\/uploads\/guirlande-300x55.jpeg 300w, https:\/\/nederlandsetempeliers.nl\/wp-content\/uploads\/guirlande-1024x189.jpeg 1024w, https:\/\/nederlandsetempeliers.nl\/wp-content\/uploads\/guirlande-768x142.jpeg 768w, https:\/\/nederlandsetempeliers.nl\/wp-content\/uploads\/guirlande.jpeg 1534w\" sizes=\"(max-width: 300px) 100vw, 300px\" \/>\t\t\t\t\t\t\t\t\t\t\t\t\t\t\t<\/div>\n\t\t\t\t<\/div>\n\t\t\t\t\t<\/div>\n\t\t\t\t<\/div>\n\t\t<div class=\"elementor-element elementor-element-d5298fe e-flex e-con-boxed e-con e-parent\" data-id=\"d5298fe\" data-element_type=\"container\" data-e-type=\"container\">\n\t\t\t\t\t<div class=\"e-con-inner\">\n\t\t<div class=\"elementor-element elementor-element-687e26f e-con-full e-flex e-con e-child\" data-id=\"687e26f\" data-element_type=\"container\" data-e-type=\"container\">\n\t\t\t\t<div class=\"elementor-element elementor-element-12d3be2 elementor-widget elementor-widget-text-editor\" data-id=\"12d3be2\" data-element_type=\"widget\" data-e-type=\"widget\" data-widget_type=\"text-editor.default\">\n\t\t\t\t<div class=\"elementor-widget-container\">\n\t\t\t\t\t\t\t\t\t<p>Sida 11<br \/>d\u2019autres par curiosit\u00e9, d\u2019autres par s\u00e9culantise, et de paresse pour \u00eatre exanter du travail et de paier leur dettes qu\u2019ils avoit fait dans leur libertinage et debauche, c\u2019est l\u00e0 ils prenoient leur pr\u00e9teste jus\u2019qua aux femmes et les<br \/>enfans qu\u2019ils ne voulurent pas \u00eatre exempt de ce voyage et hors du nombre de la croisade. Enfin que l\u2019arm\u00e9e qui<br \/>s\u2019avoit assembl\u00e9 de tous l\u2019occident comme dit de grandhistoriens, <strong>Wilhelin Malmes<\/strong><strong>burg<\/strong><\/p>\t\t\t\t\t\t\t\t<\/div>\n\t\t\t\t<\/div>\n\t\t\t\t<\/div>\n\t\t<div class=\"elementor-element elementor-element-671fd61 e-con-full e-flex e-con e-child\" data-id=\"671fd61\" data-element_type=\"container\" data-e-type=\"container\">\n\t\t\t\t<div class=\"elementor-element elementor-element-00f729c elementor-widget elementor-widget-image\" data-id=\"00f729c\" data-element_type=\"widget\" data-e-type=\"widget\" data-widget_type=\"image.default\">\n\t\t\t\t<div class=\"elementor-widget-container\">\n\t\t\t\t\t\t\t\t\t\t\t\t\t\t\t<img loading=\"lazy\" decoding=\"async\" width=\"424\" height=\"1024\" src=\"https:\/\/nederlandsetempeliers.nl\/wp-content\/uploads\/Willem-van-Malmesbury-1-424x1024.jpeg\" class=\"attachment-large size-large wp-image-10053\" alt=\"Willem van Malmesbury.\" srcset=\"https:\/\/nederlandsetempeliers.nl\/wp-content\/uploads\/Willem-van-Malmesbury-1-424x1024.jpeg 424w, https:\/\/nederlandsetempeliers.nl\/wp-content\/uploads\/Willem-van-Malmesbury-1-124x300.jpeg 124w, https:\/\/nederlandsetempeliers.nl\/wp-content\/uploads\/Willem-van-Malmesbury-1-636x1536.jpeg 636w, https:\/\/nederlandsetempeliers.nl\/wp-content\/uploads\/Willem-van-Malmesbury-1.jpeg 662w\" sizes=\"(max-width: 424px) 100vw, 424px\" \/>\t\t\t\t\t\t\t\t\t\t\t\t\t\t\t<\/div>\n\t\t\t\t<\/div>\n\t\t\t\t<\/div>\n\t\t<div class=\"elementor-element elementor-element-e3b9863 e-con-full e-flex e-con e-child\" data-id=\"e3b9863\" data-element_type=\"container\" data-e-type=\"container\">\n\t\t\t\t<div class=\"elementor-element elementor-element-a23f85c elementor-widget__width-initial elementor-widget elementor-widget-text-editor\" data-id=\"a23f85c\" data-element_type=\"widget\" data-e-type=\"widget\" data-widget_type=\"text-editor.default\">\n\t\t\t\t<div class=\"elementor-widget-container\">\n\t\t\t\t\t\t\t\t\t<p>Sida 11<br \/>\u2026andra av nyfikenhet, andra av v\u00e4rldslighet, eller av l\u00e4ttja, f\u00f6r att bli befriade fr\u00e5n arbete, och f\u00f6r att undkomma de skulder de hade samlat p\u00e5 sig genom utsv\u00e4vningar och \u00f6verdrifter.<br \/>De grep varje f\u00f6rev\u00e4ndning, \u00e4nda till den grad att de inte ens ville l\u00e4mna kvinnor och barn utanf\u00f6r denna resa, utan r\u00e4knade dem bland korst\u00e5gets antal. Kort sagt, den arm\u00e9 som samlades fr\u00e5n hela V\u00e4sterlandet, s\u00e5som stora historiker s\u00e4ger, bland dem William av Malmesbury<\/p>\t\t\t\t\t\t\t\t<\/div>\n\t\t\t\t<\/div>\n\t\t\t\t<\/div>\n\t\t\t\t\t<\/div>\n\t\t\t\t<\/div>\n\t\t<div class=\"elementor-element elementor-element-10d951e e-flex e-con-boxed e-con e-parent\" data-id=\"10d951e\" data-element_type=\"container\" data-e-type=\"container\">\n\t\t\t\t\t<div class=\"e-con-inner\">\n\t\t\t\t<div class=\"elementor-element elementor-element-28e9008 elementor-widget elementor-widget-text-editor\" data-id=\"28e9008\" data-element_type=\"widget\" data-e-type=\"widget\" data-widget_type=\"text-editor.default\">\n\t\t\t\t<div class=\"elementor-widget-container\">\n\t\t\t\t\t\t\t\t\t<p>Sida 11<br \/>William av Malmesbury \u2192 han (\u2020 ca 1143) var en viktig engelsk kr\u00f6nik\u00f6r. Hans verk \u00e4r en av de stora latinska k\u00e4llorna som beskriver korst\u00e5gen.<br \/>Att f\u00f6rfattaren h\u00e4nvisar till honom<br \/>\u2192 visar att ber\u00e4ttelsen bygger p\u00e5 respekterad tradition<br \/>\u2192 eller \u00e5tminstone att han vill ge den auktoritet.<\/p><p>Observera: det \u00e4r ovanligt att ett skol-\/halvkloster-manuskript uttryckligen citerar en specifik historiker!<br \/>Det betyder att f\u00f6rfattaren inte var en tankl\u00f6s \u00e5terber\u00e4ttare, utan n\u00e5gon som f\u00f6rstod att skriftlig auktoritet har betydelse.<\/p>\t\t\t\t\t\t\t\t<\/div>\n\t\t\t\t<\/div>\n\t\t\t\t\t<\/div>\n\t\t\t\t<\/div>\n\t\t<div class=\"elementor-element elementor-element-ae16e3f e-flex e-con-boxed e-con e-parent\" data-id=\"ae16e3f\" data-element_type=\"container\" data-e-type=\"container\">\n\t\t\t\t\t<div class=\"e-con-inner\">\n\t\t\t\t<div class=\"elementor-element elementor-element-9326705 elementor-widget elementor-widget-image\" data-id=\"9326705\" data-element_type=\"widget\" data-e-type=\"widget\" data-widget_type=\"image.default\">\n\t\t\t\t<div class=\"elementor-widget-container\">\n\t\t\t\t\t\t\t\t\t\t\t\t\t\t\t<img loading=\"lazy\" decoding=\"async\" width=\"300\" height=\"55\" src=\"https:\/\/nederlandsetempeliers.nl\/wp-content\/uploads\/guirlande-300x55.jpeg\" class=\"attachment-medium size-medium wp-image-7430\" alt=\"krans\" srcset=\"https:\/\/nederlandsetempeliers.nl\/wp-content\/uploads\/guirlande-300x55.jpeg 300w, https:\/\/nederlandsetempeliers.nl\/wp-content\/uploads\/guirlande-1024x189.jpeg 1024w, https:\/\/nederlandsetempeliers.nl\/wp-content\/uploads\/guirlande-768x142.jpeg 768w, https:\/\/nederlandsetempeliers.nl\/wp-content\/uploads\/guirlande.jpeg 1534w\" sizes=\"(max-width: 300px) 100vw, 300px\" \/>\t\t\t\t\t\t\t\t\t\t\t\t\t\t\t<\/div>\n\t\t\t\t<\/div>\n\t\t\t\t\t<\/div>\n\t\t\t\t<\/div>\n\t\t<div class=\"elementor-element elementor-element-0c7d129 e-flex e-con-boxed e-con e-parent\" data-id=\"0c7d129\" data-element_type=\"container\" data-e-type=\"container\">\n\t\t\t\t\t<div class=\"e-con-inner\">\n\t\t<div class=\"elementor-element elementor-element-483c4e7 e-con-full e-flex e-con e-child\" data-id=\"483c4e7\" data-element_type=\"container\" data-e-type=\"container\">\n\t\t\t\t<div class=\"elementor-element elementor-element-25c96e4 elementor-widget elementor-widget-text-editor\" data-id=\"25c96e4\" data-element_type=\"widget\" data-e-type=\"widget\" data-widget_type=\"text-editor.default\">\n\t\t\t\t<div class=\"elementor-widget-container\">\n\t\t\t\t\t\t\t\t\t<p>Sida 12<br \/>Malmesbourg qui l\u2019a vu et qui \u00e9toit de ce tems l\u00e0 fait le nombre de 5 millions d\u2019\u00e2mes \u00e0 porter les Armes. Mais le malheur \u00e9toit qu\u2019 il y avoit un tr\u00e8s grand d\u00e9sordre dans tous ces diff\u00e9rentes<br \/>nations, chacun vouloit \u00eatre<br \/>ma\u00eetre.<br \/>1\u00ba qu\u2019il n\u2019y avoit personne pour commander l\u2019arm\u00e9e en chef, chaque seigneur qui avoit pris la marque de la<br \/>croix \u00e9toit pour lui seul et faisoit avec ses gens tout ce\u2026<\/p>\t\t\t\t\t\t\t\t<\/div>\n\t\t\t\t<\/div>\n\t\t\t\t<\/div>\n\t\t<div class=\"elementor-element elementor-element-a5e6a70 e-con-full e-flex e-con e-child\" data-id=\"a5e6a70\" data-element_type=\"container\" data-e-type=\"container\">\n\t\t\t\t<div class=\"elementor-element elementor-element-0700ed8 elementor-widget elementor-widget-image\" data-id=\"0700ed8\" data-element_type=\"widget\" data-e-type=\"widget\" data-widget_type=\"image.default\">\n\t\t\t\t<div class=\"elementor-widget-container\">\n\t\t\t\t\t\t\t\t\t\t\t\t\t\t\t<img loading=\"lazy\" decoding=\"async\" width=\"684\" height=\"1024\" src=\"https:\/\/nederlandsetempeliers.nl\/wp-content\/uploads\/O-Sanctie-Zwaard-1-684x1024.jpeg\" class=\"attachment-large size-large wp-image-10054\" alt=\"O Sanctie Zwaard\" srcset=\"https:\/\/nederlandsetempeliers.nl\/wp-content\/uploads\/O-Sanctie-Zwaard-1-684x1024.jpeg 684w, https:\/\/nederlandsetempeliers.nl\/wp-content\/uploads\/O-Sanctie-Zwaard-1-200x300.jpeg 200w, https:\/\/nederlandsetempeliers.nl\/wp-content\/uploads\/O-Sanctie-Zwaard-1-768x1151.jpeg 768w, https:\/\/nederlandsetempeliers.nl\/wp-content\/uploads\/O-Sanctie-Zwaard-1-1025x1536.jpeg 1025w, https:\/\/nederlandsetempeliers.nl\/wp-content\/uploads\/O-Sanctie-Zwaard-1.jpeg 1068w\" sizes=\"(max-width: 684px) 100vw, 684px\" \/>\t\t\t\t\t\t\t\t\t\t\t\t\t\t\t<\/div>\n\t\t\t\t<\/div>\n\t\t\t\t<\/div>\n\t\t<div class=\"elementor-element elementor-element-55ce0f9 e-con-full e-flex e-con e-child\" data-id=\"55ce0f9\" data-element_type=\"container\" data-e-type=\"container\">\n\t\t\t\t<div class=\"elementor-element elementor-element-22a2cc4 elementor-widget elementor-widget-text-editor\" data-id=\"22a2cc4\" data-element_type=\"widget\" data-e-type=\"widget\" data-widget_type=\"text-editor.default\">\n\t\t\t\t<div class=\"elementor-widget-container\">\n\t\t\t\t\t\t\t\t\t<p>Sida 12. <br \/>William av Malmesbury, som s\u00e5g det och som levde under denna tid, s\u00e4ger att antalet p\u00e5 fem miljoner sj\u00e4lar kunde b\u00e4ra vapen. Men olyckan var att det r\u00e5dde stor oordning bland alla dessa olika nationer, eftersom var och en ville vara herre.<br \/>1\u00ba Det fanns ingen som ledde arm\u00e9n som helhet; varje herre som hade tagit korset<br \/>handlade f\u00f6r sig sj\u00e4lv och gjorde med sina m\u00e4n<br \/>vad han sj\u00e4lv ville\u2026<\/p>\t\t\t\t\t\t\t\t<\/div>\n\t\t\t\t<\/div>\n\t\t\t\t<\/div>\n\t\t\t\t\t<\/div>\n\t\t\t\t<\/div>\n\t\t<div class=\"elementor-element elementor-element-d852f61 e-flex e-con-boxed e-con e-parent\" data-id=\"d852f61\" data-element_type=\"container\" data-e-type=\"container\">\n\t\t\t\t\t<div class=\"e-con-inner\">\n\t\t\t\t<div class=\"elementor-element elementor-element-ed9c50a elementor-widget elementor-widget-text-editor\" data-id=\"ed9c50a\" data-element_type=\"widget\" data-e-type=\"widget\" data-widget_type=\"text-editor.default\">\n\t\t\t\t<div class=\"elementor-widget-container\">\n\t\t\t\t\t\t\t\t\t<p>Sida 12. <br \/>Under det tidiga f\u00f6rsta korst\u00e5get fanns ingen \u00f6verbef\u00e4lhavare, utan flera ledare:<br \/>\u2022 Godfrey av Bouillon<br \/>\u2022 Raymond av Toulouse<br \/>\u2022 Bohemond<br \/>\u2022 Tancred<br \/>\u2022 Robert av Normandie<br \/>etc.<br \/>\u2192 var och en hade sina egna trupper<br \/>\u2192 det fanns inget centralt bef\u00e4l<br \/>Detta ger manuskriptet historisk tr\u00e4ffs\u00e4kerhet.<\/p>\t\t\t\t\t\t\t\t<\/div>\n\t\t\t\t<\/div>\n\t\t\t\t\t<\/div>\n\t\t\t\t<\/div>\n\t\t<div class=\"elementor-element elementor-element-ebe4109 e-flex e-con-boxed e-con e-parent\" data-id=\"ebe4109\" data-element_type=\"container\" data-e-type=\"container\">\n\t\t\t\t\t<div class=\"e-con-inner\">\n\t\t\t\t<div class=\"elementor-element elementor-element-b6e62b9 elementor-widget elementor-widget-image\" data-id=\"b6e62b9\" data-element_type=\"widget\" data-e-type=\"widget\" data-widget_type=\"image.default\">\n\t\t\t\t<div class=\"elementor-widget-container\">\n\t\t\t\t\t\t\t\t\t\t\t\t\t\t\t<img loading=\"lazy\" decoding=\"async\" width=\"300\" height=\"55\" src=\"https:\/\/nederlandsetempeliers.nl\/wp-content\/uploads\/guirlande-300x55.jpeg\" class=\"attachment-medium size-medium wp-image-7430\" alt=\"krans\" srcset=\"https:\/\/nederlandsetempeliers.nl\/wp-content\/uploads\/guirlande-300x55.jpeg 300w, https:\/\/nederlandsetempeliers.nl\/wp-content\/uploads\/guirlande-1024x189.jpeg 1024w, https:\/\/nederlandsetempeliers.nl\/wp-content\/uploads\/guirlande-768x142.jpeg 768w, https:\/\/nederlandsetempeliers.nl\/wp-content\/uploads\/guirlande.jpeg 1534w\" sizes=\"(max-width: 300px) 100vw, 300px\" \/>\t\t\t\t\t\t\t\t\t\t\t\t\t\t\t<\/div>\n\t\t\t\t<\/div>\n\t\t\t\t\t<\/div>\n\t\t\t\t<\/div>\n\t\t<div class=\"elementor-element elementor-element-d6009a0 e-flex e-con-boxed e-con e-parent\" data-id=\"d6009a0\" data-element_type=\"container\" data-e-type=\"container\">\n\t\t\t\t\t<div class=\"e-con-inner\">\n\t\t<div class=\"elementor-element elementor-element-91c6032 e-con-full e-flex e-con e-child\" data-id=\"91c6032\" data-element_type=\"container\" data-e-type=\"container\">\n\t\t\t\t<div class=\"elementor-element elementor-element-8f0c0a0 elementor-widget elementor-widget-text-editor\" data-id=\"8f0c0a0\" data-element_type=\"widget\" data-e-type=\"widget\" data-widget_type=\"text-editor.default\">\n\t\t\t\t<div class=\"elementor-widget-container\">\n\t\t\t\t\t\t\t\t\t<p>Sida 13<br \/>ce qu\u2019il jugeo\u00eet \u00e0 propos, quoique la plus grande autorit\u00e9 avoit \u00e9t\u00e9 donn\u00e9e en mains de GottFroi de Bouillon, mais il n\u2019avoit pas le commandement en Chef, mais seul-<br \/>ement comme premier Conseiller de guerre.<br \/>2\u00bame \u00e9toit que l\u2019on ne s\u2019entreparloit pas l\u2019un et l\u2019autre comment ou quand l\u2019on<br \/>commencerout la guerre contre les Turcs, mais chacun faisoit comme bon lui sem-<br \/>bloit \u00e0 la garde de Dieu.&#8221;<\/p>\t\t\t\t\t\t\t\t<\/div>\n\t\t\t\t<\/div>\n\t\t\t\t<\/div>\n\t\t<div class=\"elementor-element elementor-element-14c0654 e-con-full e-flex e-con e-child\" data-id=\"14c0654\" data-element_type=\"container\" data-e-type=\"container\">\n\t\t\t\t<div class=\"elementor-element elementor-element-e3d9c33 elementor-widget elementor-widget-image\" data-id=\"e3d9c33\" data-element_type=\"widget\" data-e-type=\"widget\" data-widget_type=\"image.default\">\n\t\t\t\t<div class=\"elementor-widget-container\">\n\t\t\t\t\t\t\t\t\t\t\t\t\t\t\t<img loading=\"lazy\" decoding=\"async\" width=\"303\" height=\"471\" src=\"https:\/\/nederlandsetempeliers.nl\/wp-content\/uploads\/Godfried-2.jpeg\" class=\"attachment-large size-large wp-image-10240\" alt=\"Godfried af Bouillon\" srcset=\"https:\/\/nederlandsetempeliers.nl\/wp-content\/uploads\/Godfried-2.jpeg 303w, https:\/\/nederlandsetempeliers.nl\/wp-content\/uploads\/Godfried-2-193x300.jpeg 193w\" sizes=\"(max-width: 303px) 100vw, 303px\" \/>\t\t\t\t\t\t\t\t\t\t\t\t\t\t\t<\/div>\n\t\t\t\t<\/div>\n\t\t\t\t<\/div>\n\t\t<div class=\"elementor-element elementor-element-718eb9a e-con-full e-flex e-con e-child\" data-id=\"718eb9a\" data-element_type=\"container\" data-e-type=\"container\">\n\t\t\t\t<div class=\"elementor-element elementor-element-cf8d656 elementor-widget elementor-widget-text-editor\" data-id=\"cf8d656\" data-element_type=\"widget\" data-e-type=\"widget\" data-widget_type=\"text-editor.default\">\n\t\t\t\t<div class=\"elementor-widget-container\">\n\t\t\t\t\t\t\t\t\t<p>Sida 13<br \/>\u201d\u2026vad han ans\u00e5g vara r\u00e4tt, \u00e4ven om den h\u00f6gsta auktoriteten hade givits i h\u00e4nderna p\u00e5<br \/>Godfrey av Bouillon, s\u00e5 hade han inte<br \/>det h\u00f6gsta bef\u00e4let; han var endast den fr\u00e4mste krigsr\u00e5dgivaren.<\/p><p>Det andra var att man inte r\u00e5dgjorde med varandra om hur eller n\u00e4r man skulle b\u00f6rja kriget mot turkarna; utan var och en gjorde det som syntes honom b\u00e4st, under Guds beskydd.\u201d<\/p>\t\t\t\t\t\t\t\t<\/div>\n\t\t\t\t<\/div>\n\t\t\t\t<\/div>\n\t\t\t\t\t<\/div>\n\t\t\t\t<\/div>\n\t\t<div class=\"elementor-element elementor-element-8f74de3 e-flex e-con-boxed e-con e-parent\" data-id=\"8f74de3\" data-element_type=\"container\" data-e-type=\"container\">\n\t\t\t\t\t<div class=\"e-con-inner\">\n\t\t\t\t<div class=\"elementor-element elementor-element-a435c87 elementor-widget elementor-widget-text-editor\" data-id=\"a435c87\" data-element_type=\"widget\" data-e-type=\"widget\" data-widget_type=\"text-editor.default\">\n\t\t\t\t<div class=\"elementor-widget-container\">\n\t\t\t\t\t\t\t\t\t<p data-start=\"396\" data-end=\"495\">Sida 13<br \/>H\u00e4r s\u00e4gs n\u00e5got mycket intressant \u2192 Han hade den h\u00f6gsta auktoriteten, men inte det h\u00f6gsta bef\u00e4let.<br \/>Historiskt st\u00e4mmer detta: det fanns ingen officiell \u00f6verbef\u00e4lhavare. Godfrey betraktades som <em data-start=\"590\" data-end=\"610\">primus inter pares<\/em> \u2014 \u201dden fr\u00e4mste bland j\u00e4mlikar\u201d. Hans anseende var stort, men han hade ingen absolut makt.<\/p><p data-start=\"703\" data-end=\"859\">H\u00e4r kallas han <em data-start=\"718\" data-end=\"748\">premier Conseiller de guerre<\/em> = den fr\u00e4mste krigsr\u00e5dgivaren.<br data-start=\"779\" data-end=\"782\" \/>Han framst\u00e4lls allts\u00e5 som:<br \/>\u2192 en moralisk ledare<br data-start=\"829\" data-end=\"832\" \/>\u2192 inte en milit\u00e4r diktator.<\/p><p data-start=\"861\" data-end=\"922\">Med andra ord framst\u00e5r Godfrey som \u00f6dmjuk, from och tj\u00e4nande. De senare kr\u00f6nikorna gjorde honom n\u00e4stan helig, och detta manuskript passar v\u00e4l in i den traditionen.<\/p><p data-start=\"1027\" data-end=\"1155\">\u201d\u2026man talade inte med varandra om hur eller n\u00e4r man skulle b\u00f6rja\u2026\u201d<br data-start=\"1093\" data-end=\"1096\" \/>\u2192 en mycket tr\u00e4ffs\u00e4ker beskrivning av det tidiga korst\u00e5get.<\/p><p data-start=\"1157\" data-end=\"1294\">\u2192 ledarna var rivaler<br data-start=\"1178\" data-end=\"1181\" \/>\u2192 planering saknades<br data-start=\"1201\" data-end=\"1204\" \/>\u2192 tro &gt; logistik<br data-start=\"1220\" data-end=\"1223\" \/>\u2192 \u00e4nd\u00e5 fortsatte allt \u201dunder Guds beskydd\u201d<br data-start=\"1265\" data-end=\"1268\" \/>\u2192 trots m\u00e4nskliga brister.<br \/>Likas\u00e5: <em data-start=\"1304\" data-end=\"1365\">\u201cchacun faisoit comme bon lui sembloit \u00e0 la garde de Dieu.\u201d<br \/><\/em>\u2192 var och en gjorde vad han sj\u00e4lv ans\u00e5g b\u00e4st<br data-start=\"1411\" data-end=\"1414\" \/>\u2192 i f\u00f6rtr\u00f6stan p\u00e5 Gud<br data-start=\"1435\" data-end=\"1438\" \/>\u2192 handlande i frihet, men under Guds beskydd.<\/p>\t\t\t\t\t\t\t\t<\/div>\n\t\t\t\t<\/div>\n\t\t\t\t\t<\/div>\n\t\t\t\t<\/div>\n\t\t<div class=\"elementor-element elementor-element-d0fb237 e-flex e-con-boxed e-con e-parent\" data-id=\"d0fb237\" data-element_type=\"container\" data-e-type=\"container\">\n\t\t\t\t\t<div class=\"e-con-inner\">\n\t\t\t\t<div class=\"elementor-element elementor-element-6ee80e9 elementor-widget elementor-widget-image\" data-id=\"6ee80e9\" data-element_type=\"widget\" data-e-type=\"widget\" data-widget_type=\"image.default\">\n\t\t\t\t<div class=\"elementor-widget-container\">\n\t\t\t\t\t\t\t\t\t\t\t\t\t\t\t<img loading=\"lazy\" decoding=\"async\" width=\"300\" height=\"55\" src=\"https:\/\/nederlandsetempeliers.nl\/wp-content\/uploads\/guirlande-300x55.jpeg\" class=\"attachment-medium size-medium wp-image-7430\" alt=\"krans\" srcset=\"https:\/\/nederlandsetempeliers.nl\/wp-content\/uploads\/guirlande-300x55.jpeg 300w, https:\/\/nederlandsetempeliers.nl\/wp-content\/uploads\/guirlande-1024x189.jpeg 1024w, https:\/\/nederlandsetempeliers.nl\/wp-content\/uploads\/guirlande-768x142.jpeg 768w, https:\/\/nederlandsetempeliers.nl\/wp-content\/uploads\/guirlande.jpeg 1534w\" sizes=\"(max-width: 300px) 100vw, 300px\" \/>\t\t\t\t\t\t\t\t\t\t\t\t\t\t\t<\/div>\n\t\t\t\t<\/div>\n\t\t\t\t\t<\/div>\n\t\t\t\t<\/div>\n\t\t<div class=\"elementor-element elementor-element-a8dbee6 e-flex e-con-boxed e-con e-parent\" data-id=\"a8dbee6\" data-element_type=\"container\" data-e-type=\"container\">\n\t\t\t\t\t<div class=\"e-con-inner\">\n\t\t<div class=\"elementor-element elementor-element-5ea4384 e-con-full e-flex e-con e-child\" data-id=\"5ea4384\" data-element_type=\"container\" data-e-type=\"container\">\n\t\t\t\t<div class=\"elementor-element elementor-element-aad2ecb elementor-widget elementor-widget-text-editor\" data-id=\"aad2ecb\" data-element_type=\"widget\" data-e-type=\"widget\" data-widget_type=\"text-editor.default\">\n\t\t\t\t<div class=\"elementor-widget-container\">\n\t\t\t\t\t\t\t\t\t<p>Sida 14<br \/>Sans savoir ce qu\u2019il avoit de soin de faire, ou de s\u2019allier avec les autres. 5\u1d49\u1d50\u1d49. Ils savoient qu\u2019ils seroient obligez de passer sur le territoire \u00e9tranger, et que l\u2019on<br \/>ne s\u2019\u00e9toit pas pr\u00e9caution\u00e9 comme, et o\u00f9 l\u2019on pourroit avoir des vivres, pour l\u2019entre-<br \/>tien des troupes: mais ils ont laiss\u00e9 venir les affaires jusqu\u2019\u00e0 la derni\u00e8re extr\u00e9mit\u00e9.<br \/>C\u2019\u00e9toit une tr\u00e8s grande faute qui a caus\u00e9 une si mauvaise cons\u00e9quence. Avant que de&#8230;<\/p>\t\t\t\t\t\t\t\t<\/div>\n\t\t\t\t<\/div>\n\t\t\t\t<\/div>\n\t\t<div class=\"elementor-element elementor-element-c6e0e7d e-con-full e-flex e-con e-child\" data-id=\"c6e0e7d\" data-element_type=\"container\" data-e-type=\"container\">\n\t\t\t\t<div class=\"elementor-element elementor-element-c95ae3e elementor-widget elementor-widget-image\" data-id=\"c95ae3e\" data-element_type=\"widget\" data-e-type=\"widget\" data-widget_type=\"image.default\">\n\t\t\t\t<div class=\"elementor-widget-container\">\n\t\t\t\t\t\t\t\t\t\t\t\t\t\t\t<img loading=\"lazy\" decoding=\"async\" width=\"800\" height=\"707\" src=\"https:\/\/nederlandsetempeliers.nl\/wp-content\/uploads\/eten-2-1024x905.jpeg\" class=\"attachment-large size-large wp-image-10242\" alt=\"att \u00e4ta\" srcset=\"https:\/\/nederlandsetempeliers.nl\/wp-content\/uploads\/eten-2-1024x905.jpeg 1024w, https:\/\/nederlandsetempeliers.nl\/wp-content\/uploads\/eten-2-300x265.jpeg 300w, https:\/\/nederlandsetempeliers.nl\/wp-content\/uploads\/eten-2-768x679.jpeg 768w, https:\/\/nederlandsetempeliers.nl\/wp-content\/uploads\/eten-2.jpeg 1334w\" sizes=\"(max-width: 800px) 100vw, 800px\" \/>\t\t\t\t\t\t\t\t\t\t\t\t\t\t\t<\/div>\n\t\t\t\t<\/div>\n\t\t\t\t<\/div>\n\t\t<div class=\"elementor-element elementor-element-8c41f7b e-con-full e-flex e-con e-child\" data-id=\"8c41f7b\" data-element_type=\"container\" data-e-type=\"container\">\n\t\t\t\t<div class=\"elementor-element elementor-element-c4d3cb9 elementor-widget elementor-widget-text-editor\" data-id=\"c4d3cb9\" data-element_type=\"widget\" data-e-type=\"widget\" data-widget_type=\"text-editor.default\">\n\t\t\t\t<div class=\"elementor-widget-container\">\n\t\t\t\t\t\t\t\t\t<p>Utan att veta vad man skulle g\u00f6ra, eller hur man skulle f\u00f6rena sig med de andra. 5:e. De visste att de skulle tvingas f\u00e4rdas genom fr\u00e4mmande land och att man inte hade f\u00f6rberett hur eller var man skulle kunna f\u00e5 tag p\u00e5 livsmedel f\u00f6r truppernas underh\u00e5ll; men man l\u00e4t saker och ting g\u00e5 till sin yttersta gr\u00e4ns.<br \/>Detta var ett mycket stort misstag,<br \/>som fick mycket allvarliga f\u00f6ljder.<br \/>Innan man\u2026<\/p>\t\t\t\t\t\t\t\t<\/div>\n\t\t\t\t<\/div>\n\t\t\t\t<\/div>\n\t\t\t\t\t<\/div>\n\t\t\t\t<\/div>\n\t\t<div class=\"elementor-element elementor-element-9e4cbb5 e-flex e-con-boxed e-con e-parent\" data-id=\"9e4cbb5\" data-element_type=\"container\" data-e-type=\"container\">\n\t\t\t\t\t<div class=\"e-con-inner\">\n\t\t\t\t<div class=\"elementor-element elementor-element-30df26f elementor-widget elementor-widget-text-editor\" data-id=\"30df26f\" data-element_type=\"widget\" data-e-type=\"widget\" data-widget_type=\"text-editor.default\">\n\t\t\t\t<div class=\"elementor-widget-container\">\n\t\t\t\t\t\t\t\t\t<p>H\u00e4r f\u00f6rklaras att man knappt hade vidtagit n\u00e5gra f\u00f6rsiktighets\u00e5tg\u00e4rder alls, p\u00e5 grund av bristande erfarenhet.<br \/>Detta var det f\u00f6rsta korst\u00e5get. De f\u00e4rdades genom ok\u00e4nda omr\u00e5den \u2014 f\u00f6r f\u00f6rsta g\u00e5ngen. Med andra ord: fromhet \u00e4r inte tillr\u00e4ckligt; \u00e4ven f\u00f6rst\u00e5nd och framf\u00f6rh\u00e5llning kr\u00e4vs.<\/p><p>Det \u00e4r en varning:<br \/>Gud leder dig \u2014 men Han lagar inte din mat \u00e5t dig. \u2192 Heliga m\u00e5l kr\u00e4ver ocks\u00e5 v\u00e4rldslig visdom.<\/p>\t\t\t\t\t\t\t\t<\/div>\n\t\t\t\t<\/div>\n\t\t\t\t\t<\/div>\n\t\t\t\t<\/div>\n\t\t<div class=\"elementor-element elementor-element-c5d5c56 e-flex e-con-boxed e-con e-parent\" data-id=\"c5d5c56\" data-element_type=\"container\" data-e-type=\"container\">\n\t\t\t\t\t<div class=\"e-con-inner\">\n\t\t\t\t<div class=\"elementor-element elementor-element-1d153e8 elementor-widget elementor-widget-image\" data-id=\"1d153e8\" data-element_type=\"widget\" data-e-type=\"widget\" data-widget_type=\"image.default\">\n\t\t\t\t<div class=\"elementor-widget-container\">\n\t\t\t\t\t\t\t\t\t\t\t\t\t\t\t<img loading=\"lazy\" decoding=\"async\" width=\"300\" height=\"55\" src=\"https:\/\/nederlandsetempeliers.nl\/wp-content\/uploads\/guirlande-300x55.jpeg\" class=\"attachment-medium size-medium wp-image-7430\" alt=\"krans\" srcset=\"https:\/\/nederlandsetempeliers.nl\/wp-content\/uploads\/guirlande-300x55.jpeg 300w, https:\/\/nederlandsetempeliers.nl\/wp-content\/uploads\/guirlande-1024x189.jpeg 1024w, https:\/\/nederlandsetempeliers.nl\/wp-content\/uploads\/guirlande-768x142.jpeg 768w, https:\/\/nederlandsetempeliers.nl\/wp-content\/uploads\/guirlande.jpeg 1534w\" sizes=\"(max-width: 300px) 100vw, 300px\" \/>\t\t\t\t\t\t\t\t\t\t\t\t\t\t\t<\/div>\n\t\t\t\t<\/div>\n\t\t\t\t\t<\/div>\n\t\t\t\t<\/div>\n\t\t<div class=\"elementor-element elementor-element-cf871d1 e-flex e-con-boxed e-con e-parent\" data-id=\"cf871d1\" data-element_type=\"container\" data-e-type=\"container\">\n\t\t\t\t\t<div class=\"e-con-inner\">\n\t\t<div class=\"elementor-element elementor-element-065499d e-con-full e-flex e-con e-child\" data-id=\"065499d\" data-element_type=\"container\" data-e-type=\"container\">\n\t\t\t\t<div class=\"elementor-element elementor-element-458cd75 elementor-widget elementor-widget-text-editor\" data-id=\"458cd75\" data-element_type=\"widget\" data-e-type=\"widget\" data-widget_type=\"text-editor.default\">\n\t\t\t\t<div class=\"elementor-widget-container\">\n\t\t\t\t\t\t\t\t\t<p>Sida 15<br \/>et parler de cette affaire nous ferons le d\u00e9tail comme les troupes se sont partag\u00e9.<br \/>Le 1\u1d49\u02b3 Convoi, et l\u2019auteur de cette entreprise qui se nomma Pierre l\u2019hermite,<br \/>qui voulut \u00eatre Pr\u00eatre et General en m\u00eame tems, mais comme les troupes \u00e9toient<br \/>trop puissante ils donna 100000 hommes tous bon guerriers a un Gentil home<br \/>fran\u00e7ois nomm\u00e9 Gualtaro qui veut dire en fran\u00e7ois. Sans avoir. Car ils \u00e9toient tres<\/p>\t\t\t\t\t\t\t\t<\/div>\n\t\t\t\t<\/div>\n\t\t\t\t<\/div>\n\t\t<div class=\"elementor-element elementor-element-f8141a8 e-con-full e-flex e-con e-child\" data-id=\"f8141a8\" data-element_type=\"container\" data-e-type=\"container\">\n\t\t\t\t<div class=\"elementor-element elementor-element-89e4d02 elementor-widget elementor-widget-image\" data-id=\"89e4d02\" data-element_type=\"widget\" data-e-type=\"widget\" data-widget_type=\"image.default\">\n\t\t\t\t<div class=\"elementor-widget-container\">\n\t\t\t\t\t\t\t\t\t\t\t\t\t\t\t<img loading=\"lazy\" decoding=\"async\" width=\"190\" height=\"179\" src=\"https:\/\/nederlandsetempeliers.nl\/wp-content\/uploads\/100.000-1.jpeg\" class=\"attachment-large size-large wp-image-10411\" alt=\"100.000\" \/>\t\t\t\t\t\t\t\t\t\t\t\t\t\t\t<\/div>\n\t\t\t\t<\/div>\n\t\t\t\t<\/div>\n\t\t<div class=\"elementor-element elementor-element-ababd76 e-con-full e-flex e-con e-child\" data-id=\"ababd76\" data-element_type=\"container\" data-e-type=\"container\">\n\t\t\t\t<div class=\"elementor-element elementor-element-a6fed24 elementor-widget elementor-widget-text-editor\" data-id=\"a6fed24\" data-element_type=\"widget\" data-e-type=\"widget\" data-widget_type=\"text-editor.default\">\n\t\t\t\t<div class=\"elementor-widget-container\">\n\t\t\t\t\t\t\t\t\t<p>Sida 15<br \/>Och f\u00f6r att tala om denna sak ska vi f\u00f6rklara hur<br \/>trupperna delades upp. Den f\u00f6rsta kolonnen, och initiativtagaren till detta f\u00f6retag, som hette Pierre Eremiten, ville vara b\u00e5de pr\u00e4st och general samtidigt; men eftersom trupperna var alltf\u00f6r talrika, gav han<br \/>100 000 man, alla goda krigare, till en gentilhomme (adelsman) av fransk h\u00e4rkomst, vid namn Gualtaro,<br \/>vilket p\u00e5 franska skulle betyda \u201cutan \u00e4godelar \/ utan att \u00e4ga\u201d. Ty de var mycket \u2026<\/p>\t\t\t\t\t\t\t\t<\/div>\n\t\t\t\t<\/div>\n\t\t\t\t<\/div>\n\t\t\t\t\t<\/div>\n\t\t\t\t<\/div>\n\t\t<div class=\"elementor-element elementor-element-ef98ee4 e-flex e-con-boxed e-con e-parent\" data-id=\"ef98ee4\" data-element_type=\"container\" data-e-type=\"container\">\n\t\t\t\t\t<div class=\"e-con-inner\">\n\t\t\t\t<div class=\"elementor-element elementor-element-c72f77f elementor-widget elementor-widget-text-editor\" data-id=\"c72f77f\" data-element_type=\"widget\" data-e-type=\"widget\" data-widget_type=\"text-editor.default\">\n\t\t\t\t<div class=\"elementor-widget-container\">\n\t\t\t\t\t\t\t\t\t<p>Sida 15<\/p><p>H\u00e4r ser man tillbaka p\u00e5 Folkets korst\u00e5g. Det var korst\u00e5get f\u00f6re detta f\u00f6rsta korst\u00e5g. Det var oorganiserat. Initiativtagaren var Pierre l\u2019Hermite = Pierre Eremiten. Hans anh\u00e4ngare var uppdelade i flera trupper\/kolonner. Hans styrkor var enorma: 100 000 krigare. Som pr\u00e4st \u00e4r man inte utbildad f\u00f6r att leda 100 000 m\u00e4n i strid, hur fromma ens motiv \u00e4n m\u00e5 vara. Pierres ambition var stor. Han ville vara b\u00e5de pr\u00e4st <strong>och<\/strong> milit\u00e4r ledare samtidigt.<\/p><p><strong>H\u00e4r uppst\u00e5r en mycket viktig v\u00e4ndpunkt. Genom misstag och lidande l\u00e4rde man sig att korst\u00e5gen m\u00e5ste ledas under milit\u00e4r disciplin och ledning =&gt; H\u00e4r blev det tydligt att munk-riddare beh\u00f6vdes. Tro f\u00f6renad med milit\u00e4r disciplin = en Helig krigsmakt. Tempelriddarnas f\u00f6delse.<\/strong><\/p>\t\t\t\t\t\t\t\t<\/div>\n\t\t\t\t<\/div>\n\t\t\t\t\t<\/div>\n\t\t\t\t<\/div>\n\t\t\t\t<section class=\"elementor-section elementor-top-section elementor-element elementor-element-77d4da96 elementor-section-boxed elementor-section-height-default elementor-section-height-default\" data-id=\"77d4da96\" data-element_type=\"section\" data-e-type=\"section\" data-settings=\"{&quot;background_background&quot;:&quot;classic&quot;,&quot;shape_divider_top&quot;:&quot;triangle&quot;,&quot;shape_divider_top_negative&quot;:&quot;yes&quot;,&quot;shape_divider_bottom&quot;:&quot;triangle&quot;,&quot;shape_divider_bottom_negative&quot;:&quot;yes&quot;}\">\n\t\t\t\t\t<div class=\"elementor-shape elementor-shape-top\" aria-hidden=\"true\" data-negative=\"true\">\n\t\t\t<svg xmlns=\"http:\/\/www.w3.org\/2000\/svg\" viewBox=\"0 0 1000 100\" preserveAspectRatio=\"none\">\n\t<path class=\"elementor-shape-fill\" d=\"M500.2,94.7L0,0v100h1000V0L500.2,94.7z\"\/>\n<\/svg>\t\t<\/div>\n\t\t\t\t<div class=\"elementor-shape elementor-shape-bottom\" aria-hidden=\"true\" data-negative=\"true\">\n\t\t\t<svg xmlns=\"http:\/\/www.w3.org\/2000\/svg\" viewBox=\"0 0 1000 100\" preserveAspectRatio=\"none\">\n\t<path class=\"elementor-shape-fill\" d=\"M500.2,94.7L0,0v100h1000V0L500.2,94.7z\"\/>\n<\/svg>\t\t<\/div>\n\t\t\t\t\t<div class=\"elementor-container elementor-column-gap-default\">\n\t\t\t\t\t<div class=\"elementor-column elementor-col-100 elementor-top-column elementor-element elementor-element-4012107a\" data-id=\"4012107a\" data-element_type=\"column\" data-e-type=\"column\">\n\t\t\t<div class=\"elementor-widget-wrap elementor-element-populated\">\n\t\t\t\t\t\t<div class=\"elementor-element elementor-element-395923e4 elementor-widget__width-auto elementor-view-default elementor-widget elementor-widget-icon\" data-id=\"395923e4\" data-element_type=\"widget\" data-e-type=\"widget\" data-widget_type=\"icon.default\">\n\t\t\t\t<div class=\"elementor-widget-container\">\n\t\t\t\t\t\t\t<div class=\"elementor-icon-wrapper\">\n\t\t\t<div class=\"elementor-icon\">\n\t\t\t<i aria-hidden=\"true\" class=\"fas fa-grip-lines\"><\/i>\t\t\t<\/div>\n\t\t<\/div>\n\t\t\t\t\t\t<\/div>\n\t\t\t\t<\/div>\n\t\t\t\t<div class=\"elementor-element elementor-element-1147e501 elementor-widget__width-auto elementor-widget elementor-widget-heading\" data-id=\"1147e501\" data-element_type=\"widget\" data-e-type=\"widget\" data-widget_type=\"heading.default\">\n\t\t\t\t<div class=\"elementor-widget-container\">\n\t\t\t\t\t<h2 class=\"elementor-heading-title elementor-size-default\">1097<\/h2>\t\t\t\t<\/div>\n\t\t\t\t<\/div>\n\t\t\t\t<div class=\"elementor-element elementor-element-55155734 elementor-widget__width-auto elementor-view-default elementor-widget elementor-widget-icon\" data-id=\"55155734\" data-element_type=\"widget\" data-e-type=\"widget\" data-widget_type=\"icon.default\">\n\t\t\t\t<div class=\"elementor-widget-container\">\n\t\t\t\t\t\t\t<div class=\"elementor-icon-wrapper\">\n\t\t\t<div class=\"elementor-icon\">\n\t\t\t<i aria-hidden=\"true\" class=\"fas fa-grip-lines\"><\/i>\t\t\t<\/div>\n\t\t<\/div>\n\t\t\t\t\t\t<\/div>\n\t\t\t\t<\/div>\n\t\t\t\t\t<\/div>\n\t\t<\/div>\n\t\t\t\t\t<\/div>\n\t\t<\/section>\n\t\t<div class=\"elementor-element elementor-element-751979f e-flex e-con-boxed e-con e-parent\" data-id=\"751979f\" data-element_type=\"container\" data-e-type=\"container\">\n\t\t\t\t\t<div class=\"e-con-inner\">\n\t\t<div class=\"elementor-element elementor-element-7383c03 e-con-full e-flex e-con e-child\" data-id=\"7383c03\" data-element_type=\"container\" data-e-type=\"container\">\n\t\t\t\t<div class=\"elementor-element elementor-element-76c9993 elementor-widget elementor-widget-text-editor\" data-id=\"76c9993\" data-element_type=\"widget\" data-e-type=\"widget\" data-widget_type=\"text-editor.default\">\n\t\t\t\t<div class=\"elementor-widget-container\">\n\t\t\t\t\t\t\t\t\t<p>Sida 16<br \/>tr\u00e8s pauvres, il marchoit avec ses troupes qui \u00e9toient compos\u00e9e que de 800 Cavaliers et 6000 hommes de pied. Tel \u00e9toit les pr\u00e9parations. Ils<br \/>pass\u00e8rent par l\u2019Allemagne, et la Hongrie en paix. Mais comme l\u2019argent commen\u00e7oit \u00e0 manquer, et qu\u2019ils avoient presque tous depens\u00e9 ce qu\u2019 ils avoient pris avec eux, et lors qu\u2019ils furent arrivez<br \/>dans la Servie et de l\u00e0 dans la Bulgarie, les troupes se mirent \u00e0 piller et \u00e0 ravager.<\/p>\t\t\t\t\t\t\t\t<\/div>\n\t\t\t\t<\/div>\n\t\t\t\t<\/div>\n\t\t<div class=\"elementor-element elementor-element-90a7991 e-con-full e-flex e-con e-child\" data-id=\"90a7991\" data-element_type=\"container\" data-e-type=\"container\">\n\t\t\t\t<div class=\"elementor-element elementor-element-da7ebc1 elementor-widget elementor-widget-image\" data-id=\"da7ebc1\" data-element_type=\"widget\" data-e-type=\"widget\" data-widget_type=\"image.default\">\n\t\t\t\t<div class=\"elementor-widget-container\">\n\t\t\t\t\t\t\t\t\t\t\t\t\t\t\t<img loading=\"lazy\" decoding=\"async\" width=\"273\" height=\"430\" src=\"https:\/\/nederlandsetempeliers.nl\/wp-content\/uploads\/Scherm\u00adafbeelding-2026-05-28-om-19.40.38-1.png\" class=\"attachment-large size-large wp-image-10413\" alt=\"Bulgarien\" srcset=\"https:\/\/nederlandsetempeliers.nl\/wp-content\/uploads\/Scherm\u00adafbeelding-2026-05-28-om-19.40.38-1.png 273w, https:\/\/nederlandsetempeliers.nl\/wp-content\/uploads\/Scherm\u00adafbeelding-2026-05-28-om-19.40.38-1-190x300.png 190w\" sizes=\"(max-width: 273px) 100vw, 273px\" \/>\t\t\t\t\t\t\t\t\t\t\t\t\t\t\t<\/div>\n\t\t\t\t<\/div>\n\t\t\t\t<\/div>\n\t\t<div class=\"elementor-element elementor-element-10cce25 e-con-full e-flex e-con e-child\" data-id=\"10cce25\" data-element_type=\"container\" data-e-type=\"container\">\n\t\t\t\t<div class=\"elementor-element elementor-element-b18fda1 elementor-widget elementor-widget-text-editor\" data-id=\"b18fda1\" data-element_type=\"widget\" data-e-type=\"widget\" data-widget_type=\"text-editor.default\">\n\t\t\t\t<div class=\"elementor-widget-container\">\n\t\t\t\t\t\t\t\t\t<p>Sida 16<br \/>Mycket fattig drog han vidare med sina trupper, som endast bestod av 800 ryttare och 6000 m\u00e4n till fots. S\u00e5dana var f\u00f6rberedelserna. De drog fredligt genom Tyskland och Ungern. Men s\u00e5 snart pengarna b\u00f6rjade ta slut, och de n\u00e4stan hade f\u00f6rbrukat allt de hade tagit med sig, och n\u00e4r de hade kommit till Serbien och d\u00e4rifr\u00e5n till Bulgarien,<br \/>b\u00f6rjade trupperna att plundra och f\u00f6rst\u00f6ra.<\/p>\t\t\t\t\t\t\t\t<\/div>\n\t\t\t\t<\/div>\n\t\t\t\t<\/div>\n\t\t\t\t\t<\/div>\n\t\t\t\t<\/div>\n\t\t<div class=\"elementor-element elementor-element-1921129 e-flex e-con-boxed e-con e-parent\" data-id=\"1921129\" data-element_type=\"container\" data-e-type=\"container\">\n\t\t\t\t\t<div class=\"e-con-inner\">\n\t\t\t\t<div class=\"elementor-element elementor-element-fb0aced elementor-widget elementor-widget-text-editor\" data-id=\"fb0aced\" data-element_type=\"widget\" data-e-type=\"widget\" data-widget_type=\"text-editor.default\">\n\t\t\t\t<div class=\"elementor-widget-container\">\n\t\t\t\t\t\t\t\t\t<p>Sida 16<br \/>Folkets korst\u00e5g var fattigt och d\u00e5ligt organiserat. Trupperna drog f\u00f6rst fram fredligt. Men n\u00e4r pengarna tog slut f\u00f6ll de in i plundring.<br \/>Deras fromma uppdrag f\u00f6rlorade sin helighet eftersom m\u00e4nsklig brist p\u00e5 ordning och disciplin ledde till moraliskt f\u00f6rfall.<br \/>Detta blev en l\u00e4rdom f\u00f6r n\u00e4sta korst\u00e5g.<br \/><br \/><\/p>\t\t\t\t\t\t\t\t<\/div>\n\t\t\t\t<\/div>\n\t\t\t\t\t<\/div>\n\t\t\t\t<\/div>\n\t\t<div class=\"elementor-element elementor-element-06f2e58 e-flex e-con-boxed e-con e-parent\" data-id=\"06f2e58\" data-element_type=\"container\" data-e-type=\"container\">\n\t\t\t\t\t<div class=\"e-con-inner\">\n\t\t\t\t<div class=\"elementor-element elementor-element-868ef76 elementor-widget elementor-widget-image\" data-id=\"868ef76\" data-element_type=\"widget\" data-e-type=\"widget\" data-widget_type=\"image.default\">\n\t\t\t\t<div class=\"elementor-widget-container\">\n\t\t\t\t\t\t\t\t\t\t\t\t\t\t\t<img loading=\"lazy\" decoding=\"async\" width=\"300\" height=\"55\" src=\"https:\/\/nederlandsetempeliers.nl\/wp-content\/uploads\/guirlande-300x55.jpeg\" class=\"attachment-medium size-medium wp-image-7430\" alt=\"krans\" srcset=\"https:\/\/nederlandsetempeliers.nl\/wp-content\/uploads\/guirlande-300x55.jpeg 300w, https:\/\/nederlandsetempeliers.nl\/wp-content\/uploads\/guirlande-1024x189.jpeg 1024w, https:\/\/nederlandsetempeliers.nl\/wp-content\/uploads\/guirlande-768x142.jpeg 768w, https:\/\/nederlandsetempeliers.nl\/wp-content\/uploads\/guirlande.jpeg 1534w\" sizes=\"(max-width: 300px) 100vw, 300px\" \/>\t\t\t\t\t\t\t\t\t\t\t\t\t\t\t<\/div>\n\t\t\t\t<\/div>\n\t\t\t\t\t<\/div>\n\t\t\t\t<\/div>\n\t\t<div class=\"elementor-element elementor-element-c4854c7 e-flex e-con-boxed e-con e-parent\" data-id=\"c4854c7\" data-element_type=\"container\" data-e-type=\"container\">\n\t\t\t\t\t<div class=\"e-con-inner\">\n\t\t<div class=\"elementor-element elementor-element-4d71f51 e-con-full e-flex e-con e-child\" data-id=\"4d71f51\" data-element_type=\"container\" data-e-type=\"container\">\n\t\t\t\t<div class=\"elementor-element elementor-element-6902878 elementor-widget elementor-widget-text-editor\" data-id=\"6902878\" data-element_type=\"widget\" data-e-type=\"widget\" data-widget_type=\"text-editor.default\">\n\t\t\t\t<div class=\"elementor-widget-container\">\n\t\t\t\t\t\t\t\t\t<p>Sida 17<br \/>&#8230;. pour avoir dequoi \u00e0 vivre. Les habitants de la Bulgarie se sont assembl\u00e9e, et ont masacr\u00e9 la plus grande partie des fr\u00e8res de la croisade. Les ont poursuitt jusqu\u2019\u00e0 dans les bois et for\u00eats sauvages, l\u00e0 o\u00f9<br \/>ils ont souffert la faim et la mis\u00e8re, jusques\u2019ils sont arriv\u00e9 \u00e0 Constantinople, l\u00e0 o\u00f9 l\u2019Empereur Alexius leurs a fournie des vivres pour les rafraichir et continuer leur<br \/>route, mais ils camperent longtems hors de la ville,<\/p>\t\t\t\t\t\t\t\t<\/div>\n\t\t\t\t<\/div>\n\t\t\t\t<\/div>\n\t\t<div class=\"elementor-element elementor-element-aa7d234 e-con-full e-flex e-con e-child\" data-id=\"aa7d234\" data-element_type=\"container\" data-e-type=\"container\">\n\t\t\t\t<div class=\"elementor-element elementor-element-3d7b29c elementor-widget elementor-widget-image\" data-id=\"3d7b29c\" data-element_type=\"widget\" data-e-type=\"widget\" data-widget_type=\"image.default\">\n\t\t\t\t<div class=\"elementor-widget-container\">\n\t\t\t\t\t\t\t\t\t\t\t\t\t\t\t<img loading=\"lazy\" decoding=\"async\" width=\"800\" height=\"505\" src=\"https:\/\/nederlandsetempeliers.nl\/wp-content\/uploads\/Hagia-Sophia-1096-1-1024x646.jpeg\" class=\"attachment-large size-large wp-image-10613\" alt=\"Hagia Sophia 1096\" srcset=\"https:\/\/nederlandsetempeliers.nl\/wp-content\/uploads\/Hagia-Sophia-1096-1-1024x646.jpeg 1024w, https:\/\/nederlandsetempeliers.nl\/wp-content\/uploads\/Hagia-Sophia-1096-1-300x189.jpeg 300w, https:\/\/nederlandsetempeliers.nl\/wp-content\/uploads\/Hagia-Sophia-1096-1-768x484.jpeg 768w, https:\/\/nederlandsetempeliers.nl\/wp-content\/uploads\/Hagia-Sophia-1096-1-1536x969.jpeg 1536w, https:\/\/nederlandsetempeliers.nl\/wp-content\/uploads\/Hagia-Sophia-1096-1.jpeg 1579w\" sizes=\"(max-width: 800px) 100vw, 800px\" \/>\t\t\t\t\t\t\t\t\t\t\t\t\t\t\t<\/div>\n\t\t\t\t<\/div>\n\t\t\t\t<\/div>\n\t\t<div class=\"elementor-element elementor-element-21edb9c e-con-full e-flex e-con e-child\" data-id=\"21edb9c\" data-element_type=\"container\" data-e-type=\"container\">\n\t\t\t\t<div class=\"elementor-element elementor-element-77aeeb1 elementor-widget elementor-widget-text-editor\" data-id=\"77aeeb1\" data-element_type=\"widget\" data-e-type=\"widget\" data-widget_type=\"text-editor.default\">\n\t\t\t\t<div class=\"elementor-widget-container\">\n\t\t\t\t\t\t\t\t\t<p>Sida 17<br \/>F\u00f6r att f\u00e5 tag p\u00e5 mat samlades Bulgariens inv\u00e5nare och d\u00f6dade st\u00f6rre delen av korsfararnas br\u00f6der. De f\u00f6rf\u00f6ljde dem djupt in i skogarna och vildmarken, d\u00e4r de led av hunger och el\u00e4nde, tills de n\u00e5dde Konstantinopel. D\u00e4r gav kejsar Alexios dem mat s\u00e5 att de kunde \u00e5terh\u00e4mta sina krafter och forts\u00e4tta sin f\u00e4rd, men de stannade l\u00e4nge utanf\u00f6r staden.<\/p>\t\t\t\t\t\t\t\t<\/div>\n\t\t\t\t<\/div>\n\t\t\t\t<\/div>\n\t\t\t\t\t<\/div>\n\t\t\t\t<\/div>\n\t\t<div class=\"elementor-element elementor-element-1d30586 e-flex e-con-boxed e-con e-parent\" data-id=\"1d30586\" data-element_type=\"container\" data-e-type=\"container\">\n\t\t\t\t\t<div class=\"e-con-inner\">\n\t\t\t\t<div class=\"elementor-element elementor-element-569ad49 elementor-widget elementor-widget-text-editor\" data-id=\"569ad49\" data-element_type=\"widget\" data-e-type=\"widget\" data-widget_type=\"text-editor.default\">\n\t\t\t\t<div class=\"elementor-widget-container\">\n\t\t\t\t\t\t\t\t\t<p>Sida 17. <br \/>De hamnade i konflikt med den bulgariska befolkningen, som gjorde uppror mot dem och tvingade dem att fly in i skogarna. Endast en liten del n\u00e5dde utmattade fram till Konstantinopel. D\u00e4r fick de mat och vila av kejsar Alexios, MEN han l\u00e4t dem sl\u00e5 l\u00e4ger utanf\u00f6r stadsmurarna. L\u00e4rdomen \u00e4r tydlig: den som inte bringar ordning i sin tro blir sj\u00e4lv orsaken till kaos.<\/p>\t\t\t\t\t\t\t\t<\/div>\n\t\t\t\t<\/div>\n\t\t\t\t\t<\/div>\n\t\t\t\t<\/div>\n\t\t<div class=\"elementor-element elementor-element-7a44558 e-flex e-con-boxed e-con e-parent\" data-id=\"7a44558\" data-element_type=\"container\" data-e-type=\"container\">\n\t\t\t\t\t<div class=\"e-con-inner\">\n\t\t\t\t<div class=\"elementor-element elementor-element-09db406 elementor-widget elementor-widget-image\" data-id=\"09db406\" data-element_type=\"widget\" data-e-type=\"widget\" data-widget_type=\"image.default\">\n\t\t\t\t<div class=\"elementor-widget-container\">\n\t\t\t\t\t\t\t\t\t\t\t\t\t\t\t<img loading=\"lazy\" decoding=\"async\" width=\"300\" height=\"55\" src=\"https:\/\/nederlandsetempeliers.nl\/wp-content\/uploads\/guirlande-300x55.jpeg\" class=\"attachment-medium size-medium wp-image-7430\" alt=\"krans\" srcset=\"https:\/\/nederlandsetempeliers.nl\/wp-content\/uploads\/guirlande-300x55.jpeg 300w, https:\/\/nederlandsetempeliers.nl\/wp-content\/uploads\/guirlande-1024x189.jpeg 1024w, https:\/\/nederlandsetempeliers.nl\/wp-content\/uploads\/guirlande-768x142.jpeg 768w, https:\/\/nederlandsetempeliers.nl\/wp-content\/uploads\/guirlande.jpeg 1534w\" sizes=\"(max-width: 300px) 100vw, 300px\" \/>\t\t\t\t\t\t\t\t\t\t\t\t\t\t\t<\/div>\n\t\t\t\t<\/div>\n\t\t\t\t\t<\/div>\n\t\t\t\t<\/div>\n\t\t<div class=\"elementor-element elementor-element-8460da5 e-flex e-con-boxed e-con e-parent\" data-id=\"8460da5\" data-element_type=\"container\" data-e-type=\"container\">\n\t\t\t\t\t<div class=\"e-con-inner\">\n\t\t<div class=\"elementor-element elementor-element-a7a0f1b e-con-full e-flex e-con e-child\" data-id=\"a7a0f1b\" data-element_type=\"container\" data-e-type=\"container\">\n\t\t\t\t<div class=\"elementor-element elementor-element-c929348 elementor-widget elementor-widget-text-editor\" data-id=\"c929348\" data-element_type=\"widget\" data-e-type=\"widget\" data-widget_type=\"text-editor.default\">\n\t\t\t\t<div class=\"elementor-widget-container\">\n\t\t\t\t\t\t\t\t\t<p>Sida 18<br \/>&#8230; parce qu\u2019ils furent obligez d\u2019attendre leurs commandement, qui \u00e9toit dispers\u00e9 aussi bien qu\u2019eux.<br \/>2\u1d48\u1d49\u1d50\u1d49 Convois de 4000 Soldats,<br \/>la plus grande partie des Lorrains, Bavarois et Moraviens, avec les Autrichiens, la plus grande partie \u00e9toient des Brigands que conduisoit<br \/>Pierre l\u2019hermite, que l\u2019on tenoit dans ce tems l\u00e0 pour un grand Proph\u00e8te et un Saint tr\u00e8s particulier, avec la Croix \u00e0 la main, mais il<\/p>\t\t\t\t\t\t\t\t<\/div>\n\t\t\t\t<\/div>\n\t\t\t\t<\/div>\n\t\t<div class=\"elementor-element elementor-element-71655cd e-con-full e-flex e-con e-child\" data-id=\"71655cd\" data-element_type=\"container\" data-e-type=\"container\">\n\t\t\t\t<div class=\"elementor-element elementor-element-910773b elementor-widget elementor-widget-image\" data-id=\"910773b\" data-element_type=\"widget\" data-e-type=\"widget\" data-widget_type=\"image.default\">\n\t\t\t\t<div class=\"elementor-widget-container\">\n\t\t\t\t\t\t\t\t\t\t\t\t\t\t\t<img loading=\"lazy\" decoding=\"async\" width=\"146\" height=\"165\" src=\"https:\/\/nederlandsetempeliers.nl\/wp-content\/uploads\/pelgrims-1.jpg\" class=\"attachment-large size-large wp-image-10615\" alt=\"Pelgrimer\" \/>\t\t\t\t\t\t\t\t\t\t\t\t\t\t\t<\/div>\n\t\t\t\t<\/div>\n\t\t\t\t<\/div>\n\t\t<div class=\"elementor-element elementor-element-2969874 e-con-full e-flex e-con e-child\" data-id=\"2969874\" data-element_type=\"container\" data-e-type=\"container\">\n\t\t\t\t<div class=\"elementor-element elementor-element-47c6300 elementor-widget elementor-widget-text-editor\" data-id=\"47c6300\" data-element_type=\"widget\" data-e-type=\"widget\" data-widget_type=\"text-editor.default\">\n\t\t\t\t<div class=\"elementor-widget-container\">\n\t\t\t\t\t\t\t\t\t<p>Sida 18<br \/>&#8230;eftersom de var tvungna att v\u00e4nta p\u00e5 sina ledare, som var lika utspridda som de sj\u00e4lva.<br \/>Den andra kolonnen bestod av 4 000 soldater, huvudsakligen fr\u00e5n Lothringen, Bayern och M\u00e4hren, tillsammans med n\u00e5gra \u00f6sterrikare. De flesta av dem var r\u00f6vare och plundrare under ledning av Peter Eremiten, som vid denna tid betraktades som en stor profet och en s\u00e4rskilt helig man, med korset i handen, men han&#8230;<\/p>\t\t\t\t\t\t\t\t<\/div>\n\t\t\t\t<\/div>\n\t\t\t\t<\/div>\n\t\t\t\t\t<\/div>\n\t\t\t\t<\/div>\n\t\t<div class=\"elementor-element elementor-element-bba86f3 e-flex e-con-boxed e-con e-parent\" data-id=\"bba86f3\" data-element_type=\"container\" data-e-type=\"container\">\n\t\t\t\t\t<div class=\"e-con-inner\">\n\t\t\t\t<div class=\"elementor-element elementor-element-9f9437f elementor-widget elementor-widget-text-editor\" data-id=\"9f9437f\" data-element_type=\"widget\" data-e-type=\"widget\" data-widget_type=\"text-editor.default\">\n\t\t\t\t<div class=\"elementor-widget-container\">\n\t\t\t\t\t\t\t\t\t<p>Sida 18<br \/>Den andra kolonnen bestod av 4 000 m\u00e4n fr\u00e5n Centraleuropa. De flesta var plundrare, ledda av Peter Eremiten, som av folket betraktades som en profet och helig man, med korset i handen&#8230;<\/p>\t\t\t\t\t\t\t\t<\/div>\n\t\t\t\t<\/div>\n\t\t\t\t\t<\/div>\n\t\t\t\t<\/div>\n\t\t<div class=\"elementor-element elementor-element-f41341e e-flex e-con-boxed e-con e-parent\" data-id=\"f41341e\" data-element_type=\"container\" data-e-type=\"container\">\n\t\t\t\t\t<div class=\"e-con-inner\">\n\t\t\t\t<div class=\"elementor-element elementor-element-3710f2c elementor-widget elementor-widget-image\" data-id=\"3710f2c\" data-element_type=\"widget\" data-e-type=\"widget\" data-widget_type=\"image.default\">\n\t\t\t\t<div class=\"elementor-widget-container\">\n\t\t\t\t\t\t\t\t\t\t\t\t\t\t\t<img loading=\"lazy\" decoding=\"async\" width=\"300\" height=\"55\" src=\"https:\/\/nederlandsetempeliers.nl\/wp-content\/uploads\/guirlande-300x55.jpeg\" class=\"attachment-medium size-medium wp-image-7430\" alt=\"krans\" srcset=\"https:\/\/nederlandsetempeliers.nl\/wp-content\/uploads\/guirlande-300x55.jpeg 300w, https:\/\/nederlandsetempeliers.nl\/wp-content\/uploads\/guirlande-1024x189.jpeg 1024w, https:\/\/nederlandsetempeliers.nl\/wp-content\/uploads\/guirlande-768x142.jpeg 768w, https:\/\/nederlandsetempeliers.nl\/wp-content\/uploads\/guirlande.jpeg 1534w\" sizes=\"(max-width: 300px) 100vw, 300px\" \/>\t\t\t\t\t\t\t\t\t\t\t\t\t\t\t<\/div>\n\t\t\t\t<\/div>\n\t\t\t\t\t<\/div>\n\t\t\t\t<\/div>\n\t\t<div class=\"elementor-element elementor-element-a09bf84 e-flex e-con-boxed e-con e-parent\" data-id=\"a09bf84\" data-element_type=\"container\" data-e-type=\"container\">\n\t\t\t\t\t<div class=\"e-con-inner\">\n\t\t<div class=\"elementor-element elementor-element-e104bce e-con-full e-flex e-con e-child\" data-id=\"e104bce\" data-element_type=\"container\" data-e-type=\"container\">\n\t\t\t\t<div class=\"elementor-element elementor-element-df966fc elementor-widget elementor-widget-text-editor\" data-id=\"df966fc\" data-element_type=\"widget\" data-e-type=\"widget\" data-widget_type=\"text-editor.default\">\n\t\t\t\t<div class=\"elementor-widget-container\">\n\t\t\t\t\t\t\t\t\t<p>Sida 19<br \/>n\u2019avoit pas la connoissance des affaires de la guerre, ce qui fit que ses troupes furent<br \/>d\u00e9faites \u00e0 Nicom\u00e9die par les Turcs, o\u00f9 presque tous furent tu\u00e9s, et lui avec quelques uns s\u2019enfuirent \u00e0 C. pol.<br \/>Cependant les Princes de l\u2019Europe commen\u00e7oient \u00e0 s\u2019avancer avec leurs<br \/>troupes bien \u00e9quip\u00e9es et en ordre, nous en parlerons cy-apr\u00e8s.<\/p>\t\t\t\t\t\t\t\t<\/div>\n\t\t\t\t<\/div>\n\t\t\t\t<\/div>\n\t\t<div class=\"elementor-element elementor-element-d725eb4 e-con-full e-flex e-con e-child\" data-id=\"d725eb4\" data-element_type=\"container\" data-e-type=\"container\">\n\t\t\t\t<div class=\"elementor-element elementor-element-54e11f1 elementor-widget elementor-widget-image\" data-id=\"54e11f1\" data-element_type=\"widget\" data-e-type=\"widget\" data-widget_type=\"image.default\">\n\t\t\t\t<div class=\"elementor-widget-container\">\n\t\t\t\t\t\t\t\t\t\t\t\t\t\t\t<img loading=\"lazy\" decoding=\"async\" width=\"800\" height=\"480\" src=\"https:\/\/nederlandsetempeliers.nl\/wp-content\/uploads\/map-1-1024x614.jpeg\" class=\"attachment-large size-large wp-image-11167\" alt=\"Europa\" srcset=\"https:\/\/nederlandsetempeliers.nl\/wp-content\/uploads\/map-1-1024x614.jpeg 1024w, https:\/\/nederlandsetempeliers.nl\/wp-content\/uploads\/map-1-300x180.jpeg 300w, https:\/\/nederlandsetempeliers.nl\/wp-content\/uploads\/map-1-768x460.jpeg 768w, https:\/\/nederlandsetempeliers.nl\/wp-content\/uploads\/map-1-1536x921.jpeg 1536w, https:\/\/nederlandsetempeliers.nl\/wp-content\/uploads\/map-1.jpeg 1600w\" sizes=\"(max-width: 800px) 100vw, 800px\" \/>\t\t\t\t\t\t\t\t\t\t\t\t\t\t\t<\/div>\n\t\t\t\t<\/div>\n\t\t\t\t<\/div>\n\t\t<div class=\"elementor-element elementor-element-b836cb7 e-con-full e-flex e-con e-child\" data-id=\"b836cb7\" data-element_type=\"container\" data-e-type=\"container\">\n\t\t\t\t<div class=\"elementor-element elementor-element-d818baa elementor-widget elementor-widget-text-editor\" data-id=\"d818baa\" data-element_type=\"widget\" data-e-type=\"widget\" data-widget_type=\"text-editor.default\">\n\t\t\t\t<div class=\"elementor-widget-container\">\n\t\t\t\t\t\t\t\t\t<p>Sida 19<br \/>&#8230;hade ingen kunskap om krigf\u00f6ring, vilket ledde till att hans trupper vid Nicaea<br \/>besegrades av turkarna. N\u00e4stan alla d\u00f6dades, och han sj\u00e4lv flydde med n\u00e5gra f\u00e5 \u00f6verlevande till Konstantinopel.<br \/>Samtidigt b\u00f6rjade Europas furstar att s\u00e4tta sina v\u00e4lutrustade och disciplinerade arm\u00e9er i r\u00f6relse \u2014 n\u00e5got vi senare ska \u00e5terkomma till.<\/p>\t\t\t\t\t\t\t\t<\/div>\n\t\t\t\t<\/div>\n\t\t\t\t<\/div>\n\t\t\t\t\t<\/div>\n\t\t\t\t<\/div>\n\t\t<div class=\"elementor-element elementor-element-0101d62 e-flex e-con-boxed e-con e-parent\" data-id=\"0101d62\" data-element_type=\"container\" data-e-type=\"container\">\n\t\t\t\t\t<div class=\"e-con-inner\">\n\t\t\t\t<div class=\"elementor-element elementor-element-cae9dfb elementor-widget elementor-widget-text-editor\" data-id=\"cae9dfb\" data-element_type=\"widget\" data-e-type=\"widget\" data-widget_type=\"text-editor.default\">\n\t\t\t\t<div class=\"elementor-widget-container\">\n\t\t\t\t\t\t\t\t\t<p>Sida 19 <br \/>Slaget vid Nicaea (Nicaea \u00e4r dagens \u0130znik i Turkiet.)<br \/>Pierre Eremitens oorganiserade styrkor blev fullst\u00e4ndigt nedslaktade av turkarna under sultan Kilij Arslans ledning. Endast en handfull \u00f6verlevande, tillsammans med Pierre Eremiten sj\u00e4lv, lyckades fly tillbaka till Konstantinopel.<br \/>S\u00e5 slutade Folkets korst\u00e5g i katastrof.<br \/><br \/><strong>Europas kungar och adelsm\u00e4n s\u00e5g detta \u2014 men framf\u00f6r allt gjorde p\u00e5ven det ! H\u00c4R ligger fr\u00f6et till tempelriddarnas ideal. <\/strong>Det som f\u00f6ljer i historien \u00e4r n\u00e4mligen en generation riddare som l\u00e4r sig:<br \/>&#8221;Vi ska strida f\u00f6r Gud \u2014 men med kunskap, ordning och disciplin.&#8221;<br \/><br \/>F\u00f6dda f\u00f6r att ORDNA DEN HELIGA KRAFTEN, s\u00e5 att den inte sp\u00e5rar ur och f\u00f6rfaller till ondska.<\/p>\t\t\t\t\t\t\t\t<\/div>\n\t\t\t\t<\/div>\n\t\t\t\t\t<\/div>\n\t\t\t\t<\/div>\n\t\t\t\t<section class=\"elementor-section elementor-top-section elementor-element elementor-element-39b4cf7f elementor-section-boxed elementor-section-height-default elementor-section-height-default\" data-id=\"39b4cf7f\" data-element_type=\"section\" data-e-type=\"section\" data-settings=\"{&quot;background_background&quot;:&quot;classic&quot;,&quot;shape_divider_top&quot;:&quot;triangle&quot;,&quot;shape_divider_top_negative&quot;:&quot;yes&quot;,&quot;shape_divider_bottom&quot;:&quot;triangle&quot;,&quot;shape_divider_bottom_negative&quot;:&quot;yes&quot;}\">\n\t\t\t\t\t<div class=\"elementor-shape elementor-shape-top\" aria-hidden=\"true\" data-negative=\"true\">\n\t\t\t<svg xmlns=\"http:\/\/www.w3.org\/2000\/svg\" viewBox=\"0 0 1000 100\" preserveAspectRatio=\"none\">\n\t<path class=\"elementor-shape-fill\" d=\"M500.2,94.7L0,0v100h1000V0L500.2,94.7z\"\/>\n<\/svg>\t\t<\/div>\n\t\t\t\t<div class=\"elementor-shape elementor-shape-bottom\" aria-hidden=\"true\" data-negative=\"true\">\n\t\t\t<svg xmlns=\"http:\/\/www.w3.org\/2000\/svg\" viewBox=\"0 0 1000 100\" preserveAspectRatio=\"none\">\n\t<path class=\"elementor-shape-fill\" d=\"M500.2,94.7L0,0v100h1000V0L500.2,94.7z\"\/>\n<\/svg>\t\t<\/div>\n\t\t\t\t\t<div class=\"elementor-container elementor-column-gap-default\">\n\t\t\t\t\t<div class=\"elementor-column elementor-col-100 elementor-top-column elementor-element elementor-element-d331b33\" data-id=\"d331b33\" data-element_type=\"column\" data-e-type=\"column\">\n\t\t\t<div class=\"elementor-widget-wrap elementor-element-populated\">\n\t\t\t\t\t\t<div class=\"elementor-element elementor-element-37762da9 elementor-widget__width-auto elementor-view-default elementor-widget elementor-widget-icon\" data-id=\"37762da9\" data-element_type=\"widget\" data-e-type=\"widget\" data-widget_type=\"icon.default\">\n\t\t\t\t<div class=\"elementor-widget-container\">\n\t\t\t\t\t\t\t<div class=\"elementor-icon-wrapper\">\n\t\t\t<div class=\"elementor-icon\">\n\t\t\t<i aria-hidden=\"true\" class=\"fas fa-grip-lines\"><\/i>\t\t\t<\/div>\n\t\t<\/div>\n\t\t\t\t\t\t<\/div>\n\t\t\t\t<\/div>\n\t\t\t\t<div class=\"elementor-element elementor-element-22dac438 elementor-widget__width-auto elementor-widget elementor-widget-heading\" data-id=\"22dac438\" data-element_type=\"widget\" data-e-type=\"widget\" data-widget_type=\"heading.default\">\n\t\t\t\t<div class=\"elementor-widget-container\">\n\t\t\t\t\t<h2 class=\"elementor-heading-title elementor-size-default\">1097<\/h2>\t\t\t\t<\/div>\n\t\t\t\t<\/div>\n\t\t\t\t<div class=\"elementor-element elementor-element-71b9e9e6 elementor-widget__width-auto elementor-view-default elementor-widget elementor-widget-icon\" data-id=\"71b9e9e6\" data-element_type=\"widget\" data-e-type=\"widget\" data-widget_type=\"icon.default\">\n\t\t\t\t<div class=\"elementor-widget-container\">\n\t\t\t\t\t\t\t<div class=\"elementor-icon-wrapper\">\n\t\t\t<div class=\"elementor-icon\">\n\t\t\t<i aria-hidden=\"true\" class=\"fas fa-grip-lines\"><\/i>\t\t\t<\/div>\n\t\t<\/div>\n\t\t\t\t\t\t<\/div>\n\t\t\t\t<\/div>\n\t\t\t\t\t<\/div>\n\t\t<\/div>\n\t\t\t\t\t<\/div>\n\t\t<\/section>\n\t\t<div class=\"elementor-element elementor-element-680da5a e-flex e-con-boxed e-con e-parent\" data-id=\"680da5a\" data-element_type=\"container\" data-e-type=\"container\">\n\t\t\t\t\t<div class=\"e-con-inner\">\n\t\t<div class=\"elementor-element elementor-element-cb0ccbe e-con-full e-flex e-con e-child\" data-id=\"cb0ccbe\" data-element_type=\"container\" data-e-type=\"container\">\n\t\t\t\t<div class=\"elementor-element elementor-element-9416724 elementor-widget elementor-widget-text-editor\" data-id=\"9416724\" data-element_type=\"widget\" data-e-type=\"widget\" data-widget_type=\"text-editor.default\">\n\t\t\t\t<div class=\"elementor-widget-container\">\n\t\t\t\t\t\t\t\t\t<p>Sida 20<br \/>Ses troupes qui n\u2019\u00e9toient pas de son commandement de piller tout ce qu\u2019ils y pourroient trouver. Sur cela, comme de raison, ils furent attaquez des Hongrois et qui ont tomber sur eux et en ont tu\u00e9 1000, et les autres mis en desordre.<br \/>Leurs or et leurs argent et bagages furent pillez, que le reste qui avoit pris la fuite furent oblig\u00e9 de mendier leur pain en chemin jusque \u00e0 Constantinople.<br \/>Comme ceux-ci furent arriv\u00e9\u2026<\/p>\t\t\t\t\t\t\t\t<\/div>\n\t\t\t\t<\/div>\n\t\t\t\t<\/div>\n\t\t<div class=\"elementor-element elementor-element-002faf1 e-con-full e-flex e-con e-child\" data-id=\"002faf1\" data-element_type=\"container\" data-e-type=\"container\">\n\t\t\t\t<div class=\"elementor-element elementor-element-574af92 elementor-widget elementor-widget-image\" data-id=\"574af92\" data-element_type=\"widget\" data-e-type=\"widget\" data-widget_type=\"image.default\">\n\t\t\t\t<div class=\"elementor-widget-container\">\n\t\t\t\t\t\t\t\t\t\t\t\t\t\t\t<img loading=\"lazy\" decoding=\"async\" width=\"800\" height=\"534\" src=\"https:\/\/nederlandsetempeliers.nl\/wp-content\/uploads\/brood-1-1024x683.jpeg\" class=\"attachment-large size-large wp-image-11169\" alt=\"Br\u00f6d\" srcset=\"https:\/\/nederlandsetempeliers.nl\/wp-content\/uploads\/brood-1-1024x683.jpeg 1024w, https:\/\/nederlandsetempeliers.nl\/wp-content\/uploads\/brood-1-300x200.jpeg 300w, https:\/\/nederlandsetempeliers.nl\/wp-content\/uploads\/brood-1-768x512.jpeg 768w, https:\/\/nederlandsetempeliers.nl\/wp-content\/uploads\/brood-1.jpeg 1536w\" sizes=\"(max-width: 800px) 100vw, 800px\" \/>\t\t\t\t\t\t\t\t\t\t\t\t\t\t\t<\/div>\n\t\t\t\t<\/div>\n\t\t\t\t<\/div>\n\t\t<div class=\"elementor-element elementor-element-4f28f1c e-con-full e-flex e-con e-child\" data-id=\"4f28f1c\" data-element_type=\"container\" data-e-type=\"container\">\n\t\t\t\t<div class=\"elementor-element elementor-element-931b735 elementor-widget elementor-widget-text-editor\" data-id=\"931b735\" data-element_type=\"widget\" data-e-type=\"widget\" data-widget_type=\"text-editor.default\">\n\t\t\t\t<div class=\"elementor-widget-container\">\n\t\t\t\t\t\t\t\t\t<p>Sida 20<br \/>Hans trupper, som inte stod under hans direkta bef\u00e4l, b\u00f6rjade plundra allt de kunde komma \u00f6ver. D\u00e4rf\u00f6r, och med r\u00e4tta, blev de angripna av ungrarna, som \u00f6verf\u00f6ll dem<br \/>och d\u00f6dade tusen av dem, medan de \u00f6vriga<br \/>kastades in i oordning. Deras guld, silver och bagage plundrades, och de \u00f6verlevande, som flydde f\u00f6r sina liv, tvingades tigga sitt br\u00f6d p\u00e5 v\u00e4gen till Konstantinopel.<br \/>N\u00e4r de slutligen kom fram dit&#8230;<\/p>\t\t\t\t\t\t\t\t<\/div>\n\t\t\t\t<\/div>\n\t\t\t\t<\/div>\n\t\t\t\t\t<\/div>\n\t\t\t\t<\/div>\n\t\t<div class=\"elementor-element elementor-element-5504271 e-flex e-con-boxed e-con e-parent\" data-id=\"5504271\" data-element_type=\"container\" data-e-type=\"container\">\n\t\t\t\t\t<div class=\"e-con-inner\">\n\t\t\t\t<div class=\"elementor-element elementor-element-0f3fe6b elementor-widget elementor-widget-text-editor\" data-id=\"0f3fe6b\" data-element_type=\"widget\" data-e-type=\"widget\" data-widget_type=\"text-editor.default\">\n\t\t\t\t<div class=\"elementor-widget-container\">\n\t\t\t\t\t\t\t\t\t<p>Sida 20. <br \/>Historiskt eko Folkets korst\u00e5g under Walter Sans-Avoir och Pierre Eremiten drog genom Ungern och Bulgarien, d\u00e4r de g\u00e5ng p\u00e5 g\u00e5ng hamnade i konflikt med lokalbefolkningen som s\u00e5g dem som plundrare.<br \/>Tusentals d\u00f6dades vid Belgrad och Ni\u0161.<br \/><br \/>Detta \u00e4r den m\u00e4nskliga oordningens absoluta bottenpunkt:<br \/>\u00f6gonblicket d\u00e5 en from folkmassa reduceras till tiggare.<br \/>Men detta \u00e4r inte slutet, utan ber\u00e4ttelsens renings\u00f6gonblick \u2014 den n\u00f6dv\u00e4ndiga f\u00f6r\u00f6dmjukelsen f\u00f6re \u00e5teruppbyggnaden.<br \/>Ur detta v\u00e4xer \u00f6vertygelsen fram att en helig kamp endast \u00e4r m\u00f6jlig genom:<br \/>\u2022 ordning<br \/>\u2022 lydnad<br \/>\u2022 disciplin<br \/>\u2022 ledarskap<br \/><br \/>Detta \u00e4r \u00f6gonblicket d\u00e5 idealet om den monastiske riddaren f\u00f6ds ur n\u00f6dv\u00e4ndighet.<br \/>Det som f\u00f6ljer \u00e4r tystnadens andetag efter stormen: \u00f6gonblicket d\u00e5 l\u00e4rdomen sjunker in: ALDRIG MER P\u00c5 DETTA S\u00c4TT!<\/p>\t\t\t\t\t\t\t\t<\/div>\n\t\t\t\t<\/div>\n\t\t\t\t\t<\/div>\n\t\t\t\t<\/div>\n\t\t<div class=\"elementor-element elementor-element-6231357 e-flex e-con-boxed e-con e-parent\" data-id=\"6231357\" data-element_type=\"container\" data-e-type=\"container\">\n\t\t\t\t\t<div class=\"e-con-inner\">\n\t\t\t\t<div class=\"elementor-element elementor-element-9e9a8bc elementor-widget elementor-widget-image\" data-id=\"9e9a8bc\" data-element_type=\"widget\" data-e-type=\"widget\" data-widget_type=\"image.default\">\n\t\t\t\t<div class=\"elementor-widget-container\">\n\t\t\t\t\t\t\t\t\t\t\t\t\t\t\t<img loading=\"lazy\" decoding=\"async\" width=\"300\" height=\"55\" src=\"https:\/\/nederlandsetempeliers.nl\/wp-content\/uploads\/guirlande-300x55.jpeg\" class=\"attachment-medium size-medium wp-image-7430\" alt=\"krans\" srcset=\"https:\/\/nederlandsetempeliers.nl\/wp-content\/uploads\/guirlande-300x55.jpeg 300w, https:\/\/nederlandsetempeliers.nl\/wp-content\/uploads\/guirlande-1024x189.jpeg 1024w, https:\/\/nederlandsetempeliers.nl\/wp-content\/uploads\/guirlande-768x142.jpeg 768w, https:\/\/nederlandsetempeliers.nl\/wp-content\/uploads\/guirlande.jpeg 1534w\" sizes=\"(max-width: 300px) 100vw, 300px\" \/>\t\t\t\t\t\t\t\t\t\t\t\t\t\t\t<\/div>\n\t\t\t\t<\/div>\n\t\t\t\t\t<\/div>\n\t\t\t\t<\/div>\n\t\t<div class=\"elementor-element elementor-element-7b29a96 e-flex e-con-boxed e-con e-parent\" data-id=\"7b29a96\" data-element_type=\"container\" data-e-type=\"container\">\n\t\t\t\t\t<div class=\"e-con-inner\">\n\t\t<div class=\"elementor-element elementor-element-9e564c0 e-con-full e-flex e-con e-child\" data-id=\"9e564c0\" data-element_type=\"container\" data-e-type=\"container\">\n\t\t\t\t<div class=\"elementor-element elementor-element-a13e4e1 elementor-widget elementor-widget-text-editor\" data-id=\"a13e4e1\" data-element_type=\"widget\" data-e-type=\"widget\" data-widget_type=\"text-editor.default\">\n\t\t\t\t<div class=\"elementor-widget-container\">\n\t\t\t\t\t\t\t\t\t<p>Sida 21<br \/>L\u2019Empereur Alexius leurs demanda de se joindre avec les autres troupes de Sansavoir qui \u00e9toient arriv\u00e9es avant eux, et de se reposer, d\u2019attendre leurs autres camarades; mais comme ils<br \/>\u00e9toient repos\u00e9 ils se mirent comme auparavant \u00e0 voler et \u00e0 ravager. Alors Alexius ne les voulut pas souffrir<br \/>davantage, et les obligea de partir pour l\u2019Asie, et d\u2019aller trouver leurs ennemis. \u00c9tant arriv\u00e9s en Asie, il s\u2019y assembla<br \/>toute sorte de nations, et\u2026<\/p>\t\t\t\t\t\t\t\t<\/div>\n\t\t\t\t<\/div>\n\t\t\t\t<\/div>\n\t\t<div class=\"elementor-element elementor-element-e7b6d84 e-con-full e-flex e-con e-child\" data-id=\"e7b6d84\" data-element_type=\"container\" data-e-type=\"container\">\n\t\t\t\t<div class=\"elementor-element elementor-element-7fd8cad elementor-widget elementor-widget-image\" data-id=\"7fd8cad\" data-element_type=\"widget\" data-e-type=\"widget\" data-widget_type=\"image.default\">\n\t\t\t\t<div class=\"elementor-widget-container\">\n\t\t\t\t\t\t\t\t\t\t\t\t\t\t\t<img loading=\"lazy\" decoding=\"async\" width=\"800\" height=\"930\" src=\"https:\/\/nederlandsetempeliers.nl\/wp-content\/uploads\/Ridder-met-waakhond-1-881x1024.jpeg\" class=\"attachment-large size-large wp-image-11401\" alt=\"riddare med vakthund\" srcset=\"https:\/\/nederlandsetempeliers.nl\/wp-content\/uploads\/Ridder-met-waakhond-1-881x1024.jpeg 881w, https:\/\/nederlandsetempeliers.nl\/wp-content\/uploads\/Ridder-met-waakhond-1-258x300.jpeg 258w, https:\/\/nederlandsetempeliers.nl\/wp-content\/uploads\/Ridder-met-waakhond-1-768x893.jpeg 768w, https:\/\/nederlandsetempeliers.nl\/wp-content\/uploads\/Ridder-met-waakhond-1.jpeg 1163w\" sizes=\"(max-width: 800px) 100vw, 800px\" \/>\t\t\t\t\t\t\t\t\t\t\t\t\t\t\t<\/div>\n\t\t\t\t<\/div>\n\t\t\t\t<\/div>\n\t\t<div class=\"elementor-element elementor-element-c3c7cce e-con-full e-flex e-con e-child\" data-id=\"c3c7cce\" data-element_type=\"container\" data-e-type=\"container\">\n\t\t\t\t<div class=\"elementor-element elementor-element-48cb168 elementor-widget elementor-widget-text-editor\" data-id=\"48cb168\" data-element_type=\"widget\" data-e-type=\"widget\" data-widget_type=\"text-editor.default\">\n\t\t\t\t<div class=\"elementor-widget-container\">\n\t\t\t\t\t\t\t\t\t<p>Sida 21<br \/>Kejsar Alexios bad dem att ansluta sig till de andra trupperna fr\u00e5n Sansavoir, som hade anl\u00e4nt f\u00f6re dem, och att vila samt inv\u00e4nta sina andra kamrater. Men s\u00e5 snart de hade vilat ut, b\u00f6rjade de \u00e5terigen att stj\u00e4la och plundra. D\u00e5 ville Alexios inte l\u00e4ngre tolerera detta och tvingade dem att bege sig mot Asien f\u00f6r att s\u00f6ka upp sina fiender d\u00e4r. V\u00e4l framme i Asien samlade han d\u00e4r alla slags folk, och&#8230;<\/p><p>\u00a0<\/p>\t\t\t\t\t\t\t\t<\/div>\n\t\t\t\t<\/div>\n\t\t\t\t<\/div>\n\t\t\t\t\t<\/div>\n\t\t\t\t<\/div>\n\t\t<div class=\"elementor-element elementor-element-af05095 e-flex e-con-boxed e-con e-parent\" data-id=\"af05095\" data-element_type=\"container\" data-e-type=\"container\">\n\t\t\t\t\t<div class=\"e-con-inner\">\n\t\t\t\t<div class=\"elementor-element elementor-element-da9457a elementor-widget elementor-widget-text-editor\" data-id=\"da9457a\" data-element_type=\"widget\" data-e-type=\"widget\" data-widget_type=\"text-editor.default\">\n\t\t\t\t<div class=\"elementor-widget-container\">\n\t\t\t\t\t\t\t\t\t<p>Sida 21<br \/>Kejsar Alexios I Komnenos t\u00e5lamod \u00e4r slut. De \u00f6verlevande fr\u00e5n folkkorst\u00e5get (de som hade n\u00e5tt Konstantinopel) tas v\u00e4nligt emot av Alexios.<br \/><span style=\"font-family: -apple-system, BlinkMacSystemFont, 'Segoe UI', Roboto, 'Helvetica Neue', Arial, 'Noto Sans', sans-serif, 'Apple Color Emoji', 'Segoe UI Emoji', 'Segoe UI Symbol', 'Noto Color Emoji';\">Han ber dem endast att vila en stund och inv\u00e4nta resten av sina trupper. Men s\u00e5 snart de har \u00e5terh\u00e4mtat sig \u00e5terg\u00e5r de till sina gamla vanor: att stj\u00e4la och plundra. Till och med inom kejsarens eget omr\u00e5de. Alexios f\u00e5r nog och driver ut dem ur staden. <\/span>Han tvingar dem att korsa Bosporen till Mindre Asien \u2013 rakt in i det omr\u00e5de som kontrolleras av turkarna. Kejsaren visar h\u00e4r t\u00e5lamod, men ocks\u00e5 realism \u2013 han inser att dessa m\u00e4nniskor kommer att f\u00f6rg\u00f6ra sig sj\u00e4lva. \u00c4n en g\u00e5ng bekr\u00e4ftas detta: ordning st\u00e5r \u00f6ver kaos. Inte odisciplinerad fromhet, utan ordnad h\u00e4ngivenhet.<\/p>\t\t\t\t\t\t\t\t<\/div>\n\t\t\t\t<\/div>\n\t\t\t\t\t<\/div>\n\t\t\t\t<\/div>\n\t\t<div class=\"elementor-element elementor-element-4ab6244 e-flex e-con-boxed e-con e-parent\" data-id=\"4ab6244\" data-element_type=\"container\" data-e-type=\"container\">\n\t\t\t\t\t<div class=\"e-con-inner\">\n\t\t\t\t<div class=\"elementor-element elementor-element-ea6b3e0 elementor-widget elementor-widget-image\" data-id=\"ea6b3e0\" data-element_type=\"widget\" data-e-type=\"widget\" data-widget_type=\"image.default\">\n\t\t\t\t<div class=\"elementor-widget-container\">\n\t\t\t\t\t\t\t\t\t\t\t\t\t\t\t<img loading=\"lazy\" decoding=\"async\" width=\"300\" height=\"55\" src=\"https:\/\/nederlandsetempeliers.nl\/wp-content\/uploads\/guirlande-300x55.jpeg\" class=\"attachment-medium size-medium wp-image-7430\" alt=\"krans\" srcset=\"https:\/\/nederlandsetempeliers.nl\/wp-content\/uploads\/guirlande-300x55.jpeg 300w, https:\/\/nederlandsetempeliers.nl\/wp-content\/uploads\/guirlande-1024x189.jpeg 1024w, https:\/\/nederlandsetempeliers.nl\/wp-content\/uploads\/guirlande-768x142.jpeg 768w, https:\/\/nederlandsetempeliers.nl\/wp-content\/uploads\/guirlande.jpeg 1534w\" sizes=\"(max-width: 300px) 100vw, 300px\" \/>\t\t\t\t\t\t\t\t\t\t\t\t\t\t\t<\/div>\n\t\t\t\t<\/div>\n\t\t\t\t\t<\/div>\n\t\t\t\t<\/div>\n\t\t<div class=\"elementor-element elementor-element-2f0bf0f e-flex e-con-boxed e-con e-parent\" data-id=\"2f0bf0f\" data-element_type=\"container\" data-e-type=\"container\">\n\t\t\t\t\t<div class=\"e-con-inner\">\n\t\t<div class=\"elementor-element elementor-element-644d2a0 e-con-full e-flex e-con e-child\" data-id=\"644d2a0\" data-element_type=\"container\" data-e-type=\"container\">\n\t\t\t\t<div class=\"elementor-element elementor-element-ded79c4 elementor-widget elementor-widget-text-editor\" data-id=\"ded79c4\" data-element_type=\"widget\" data-e-type=\"widget\" data-widget_type=\"text-editor.default\">\n\t\t\t\t<div class=\"elementor-widget-container\">\n\t\t\t\t\t\t\t\t\t<p>Sida 22<br \/>comme ils \u00e9toient oblig\u00e9 de vivre \u00e0 leur d\u00e9pens, et leur arm\u00e9e s\u2019augmenta de jour en jour de toute sorte de gens, les vivres vinrent \u00e0 manquer, alors il s\u2019\u00e9leva une r\u00e9volte; les Allemands et les Italiens<br \/>se s\u00e9par\u00e8rent de l\u2019hermite et ils reconnurent pour Chef un nomm\u00e9 Renaldrum. <br \/>L\u2019hermite ne se fioit plus de rester aupr\u00e8s de tous ces gens-l\u00e0, il se retira \u00e0 Constantinople pour t\u00e2cher d\u2019avoir des vivres.<br \/>Pendant ce tems-l\u00e0 Solimans\u2026<\/p>\t\t\t\t\t\t\t\t<\/div>\n\t\t\t\t<\/div>\n\t\t\t\t<\/div>\n\t\t<div class=\"elementor-element elementor-element-c172555 e-con-full e-flex e-con e-child\" data-id=\"c172555\" data-element_type=\"container\" data-e-type=\"container\">\n\t\t\t\t<div class=\"elementor-element elementor-element-745b518 elementor-widget elementor-widget-image\" data-id=\"745b518\" data-element_type=\"widget\" data-e-type=\"widget\" data-widget_type=\"image.default\">\n\t\t\t\t<div class=\"elementor-widget-container\">\n\t\t\t\t\t\t\t\t\t\t\t\t\t\t\t<img loading=\"lazy\" decoding=\"async\" width=\"773\" height=\"1024\" src=\"https:\/\/nederlandsetempeliers.nl\/wp-content\/uploads\/schild-en-zwaard-1-773x1024.jpeg\" class=\"attachment-large size-large wp-image-11403\" alt=\"Sk\u00f6ld och sv\u00e4rd\" srcset=\"https:\/\/nederlandsetempeliers.nl\/wp-content\/uploads\/schild-en-zwaard-1-773x1024.jpeg 773w, https:\/\/nederlandsetempeliers.nl\/wp-content\/uploads\/schild-en-zwaard-1-227x300.jpeg 227w, https:\/\/nederlandsetempeliers.nl\/wp-content\/uploads\/schild-en-zwaard-1-768x1017.jpeg 768w, https:\/\/nederlandsetempeliers.nl\/wp-content\/uploads\/schild-en-zwaard-1.jpeg 829w\" sizes=\"(max-width: 773px) 100vw, 773px\" \/>\t\t\t\t\t\t\t\t\t\t\t\t\t\t\t<\/div>\n\t\t\t\t<\/div>\n\t\t\t\t<\/div>\n\t\t<div class=\"elementor-element elementor-element-7af5ddc e-con-full e-flex e-con e-child\" data-id=\"7af5ddc\" data-element_type=\"container\" data-e-type=\"container\">\n\t\t\t\t<div class=\"elementor-element elementor-element-5ba8307 elementor-widget elementor-widget-text-editor\" data-id=\"5ba8307\" data-element_type=\"widget\" data-e-type=\"widget\" data-widget_type=\"text-editor.default\">\n\t\t\t\t<div class=\"elementor-widget-container\">\n\t\t\t\t\t\t\t\t\t<p>Eftersom de var tvungna att leva p\u00e5 egen bekostnad och deras h\u00e4r v\u00e4xte fr\u00e5n dag till dag med m\u00e4nniskor av alla slag, tog f\u00f6rr\u00e5den snart slut. D\u00e5 br\u00f6t ett uppror ut: tyskarna och italienarna skilde sig fr\u00e5n Eremiten och erk\u00e4nde en viss Renaldrum som sin ledare. <br \/><br \/>Eremiten v\u00e5gade inte l\u00e4ngre stanna kvar bland alla dessa m\u00e4nniskor. Han drog sig tillbaka till Konstantinopel f\u00f6r att f\u00f6rs\u00f6ka skaffa livsmedel.<\/p><p>Under tiden b\u00f6rjade Soliman&#8230;<\/p>\t\t\t\t\t\t\t\t<\/div>\n\t\t\t\t<\/div>\n\t\t\t\t<\/div>\n\t\t\t\t\t<\/div>\n\t\t\t\t<\/div>\n\t\t<div class=\"elementor-element elementor-element-af6478e e-flex e-con-boxed e-con e-parent\" data-id=\"af6478e\" data-element_type=\"container\" data-e-type=\"container\">\n\t\t\t\t\t<div class=\"e-con-inner\">\n\t\t\t\t<div class=\"elementor-element elementor-element-f44286e elementor-widget elementor-widget-text-editor\" data-id=\"f44286e\" data-element_type=\"widget\" data-e-type=\"widget\" data-widget_type=\"text-editor.default\">\n\t\t\t\t<div class=\"elementor-widget-container\">\n\t\t\t\t\t\t\t\t\t<p>Sida 22<br \/>Splittringen och oordningen forts\u00e4tter. Uppror, f\u00f6rtvivlan och hunger g\u00f6r kaoset \u00e4nnu st\u00f6rre, och splittringen blir ett faktum. (S\u00f6ndra och h\u00e4rska.) En grupp v\u00e4ljer en annan ledare: Renaldrum.<\/p><p>Pierre Eremiten flyr tillbaka till Konstantinopel och \u00f6verger d\u00e4rmed sitt folk.<\/p>\t\t\t\t\t\t\t\t<\/div>\n\t\t\t\t<\/div>\n\t\t\t\t\t<\/div>\n\t\t\t\t<\/div>\n\t\t<div class=\"elementor-element elementor-element-0d65d01 e-flex e-con-boxed e-con e-parent\" data-id=\"0d65d01\" data-element_type=\"container\" data-e-type=\"container\">\n\t\t\t\t\t<div class=\"e-con-inner\">\n\t\t\t\t<div class=\"elementor-element elementor-element-1dc8509 elementor-widget elementor-widget-image\" data-id=\"1dc8509\" data-element_type=\"widget\" data-e-type=\"widget\" data-widget_type=\"image.default\">\n\t\t\t\t<div class=\"elementor-widget-container\">\n\t\t\t\t\t\t\t\t\t\t\t\t\t\t\t<img loading=\"lazy\" decoding=\"async\" width=\"300\" height=\"55\" src=\"https:\/\/nederlandsetempeliers.nl\/wp-content\/uploads\/guirlande-300x55.jpeg\" class=\"attachment-medium size-medium wp-image-7430\" alt=\"krans\" srcset=\"https:\/\/nederlandsetempeliers.nl\/wp-content\/uploads\/guirlande-300x55.jpeg 300w, https:\/\/nederlandsetempeliers.nl\/wp-content\/uploads\/guirlande-1024x189.jpeg 1024w, https:\/\/nederlandsetempeliers.nl\/wp-content\/uploads\/guirlande-768x142.jpeg 768w, https:\/\/nederlandsetempeliers.nl\/wp-content\/uploads\/guirlande.jpeg 1534w\" sizes=\"(max-width: 300px) 100vw, 300px\" \/>\t\t\t\t\t\t\t\t\t\t\t\t\t\t\t<\/div>\n\t\t\t\t<\/div>\n\t\t\t\t\t<\/div>\n\t\t\t\t<\/div>\n\t\t<div class=\"elementor-element elementor-element-8e67c9b e-flex e-con-boxed e-con e-parent\" data-id=\"8e67c9b\" data-element_type=\"container\" data-e-type=\"container\">\n\t\t\t\t\t<div class=\"e-con-inner\">\n\t\t<div class=\"elementor-element elementor-element-99c4ddf e-con-full e-flex e-con e-child\" data-id=\"99c4ddf\" data-element_type=\"container\" data-e-type=\"container\">\n\t\t\t\t<div class=\"elementor-element elementor-element-801c846 elementor-widget elementor-widget-text-editor\" data-id=\"801c846\" data-element_type=\"widget\" data-e-type=\"widget\" data-widget_type=\"text-editor.default\">\n\t\t\t\t<div class=\"elementor-widget-container\">\n\t\t\t\t\t\t\t\t\t<p>Sida 23<br \/>le fameux Roi des Turcs arriva avec ses troupes reguliers, jugez, dans quelle d\u00e9tresse pouvoit \u00eatre ce petit monceau de troupes mal command\u00e9es et dans une si triste et d\u00e9plorable situation, apr\u00e8s avoir pris deux ou trois petites villes, il tomba sur eux. D\u2019une terrible fureur il en fit une tuerie et prit tous ceux qui y avoient \u00e9chapp\u00e9 prisonnier, avec leur Commandant Renaldos, dont ils embrass\u00e8rent la plus grande partie la loi Mahom\u00e9tane.<\/p>\t\t\t\t\t\t\t\t<\/div>\n\t\t\t\t<\/div>\n\t\t\t\t<\/div>\n\t\t<div class=\"elementor-element elementor-element-e007445 e-con-full e-flex e-con e-child\" data-id=\"e007445\" data-element_type=\"container\" data-e-type=\"container\">\n\t\t\t\t<div class=\"elementor-element elementor-element-4368ae7 elementor-widget elementor-widget-image\" data-id=\"4368ae7\" data-element_type=\"widget\" data-e-type=\"widget\" data-widget_type=\"image.default\">\n\t\t\t\t<div class=\"elementor-widget-container\">\n\t\t\t\t\t\t\t\t\t\t\t\t\t\t\t<img loading=\"lazy\" decoding=\"async\" width=\"393\" height=\"1024\" src=\"https:\/\/nederlandsetempeliers.nl\/wp-content\/uploads\/Turk-1-393x1024.jpeg\" class=\"attachment-large size-large wp-image-11535\" alt=\"Turk\" srcset=\"https:\/\/nederlandsetempeliers.nl\/wp-content\/uploads\/Turk-1-393x1024.jpeg 393w, https:\/\/nederlandsetempeliers.nl\/wp-content\/uploads\/Turk-1-115x300.jpeg 115w, https:\/\/nederlandsetempeliers.nl\/wp-content\/uploads\/Turk-1.jpeg 552w\" sizes=\"(max-width: 393px) 100vw, 393px\" \/>\t\t\t\t\t\t\t\t\t\t\t\t\t\t\t<\/div>\n\t\t\t\t<\/div>\n\t\t\t\t<\/div>\n\t\t<div class=\"elementor-element elementor-element-5d25885 e-con-full e-flex e-con e-child\" data-id=\"5d25885\" data-element_type=\"container\" data-e-type=\"container\">\n\t\t\t\t<div class=\"elementor-element elementor-element-9cb5b6e elementor-widget elementor-widget-text-editor\" data-id=\"9cb5b6e\" data-element_type=\"widget\" data-e-type=\"widget\" data-widget_type=\"text-editor.default\">\n\t\t\t\t<div class=\"elementor-widget-container\">\n\t\t\t\t\t\t\t\t\t<p>Sida 23<br \/>Den ber\u00f6mde turkarnas kung anl\u00e4nde med sina regulj\u00e4ra trupper. Man kan f\u00f6rest\u00e4lla sig i vilken n\u00f6d denna lilla skara d\u00e5ligt ledda soldater befann sig.<br \/>I detta sorgliga och beklagliga tillst\u00e5nd, efter att de hade intagit tv\u00e5 eller tre sm\u00e5 st\u00e4der, gick han till anfall mot dem. I fruktansv\u00e4rd vrede l\u00e4t han utf\u00f6ra ett blodbad och tog alla \u00f6verlevande till f\u00e5nga, tillsammans med deras bef\u00e4lhavare Renaldos, av vilka de flesta antog Muhammeds lag.<\/p>\t\t\t\t\t\t\t\t<\/div>\n\t\t\t\t<\/div>\n\t\t\t\t<\/div>\n\t\t\t\t\t<\/div>\n\t\t\t\t<\/div>\n\t\t<div class=\"elementor-element elementor-element-db28f11 e-flex e-con-boxed e-con e-parent\" data-id=\"db28f11\" data-element_type=\"container\" data-e-type=\"container\">\n\t\t\t\t\t<div class=\"e-con-inner\">\n\t\t\t\t<div class=\"elementor-element elementor-element-314e6f2 elementor-widget elementor-widget-text-editor\" data-id=\"314e6f2\" data-element_type=\"widget\" data-e-type=\"widget\" data-widget_type=\"text-editor.default\">\n\t\t\t\t<div class=\"elementor-widget-container\">\n\t\t\t\t\t\t\t\t\t<p>Sida 23<br \/>&#8221;Turkarnas kung&#8221; syftar p\u00e5 sultan Soliman (egentligen Kilij Arslan), h\u00e4rskare \u00f6ver det seldjukiska riket i Mindre Asien. Han f\u00f6rfogade \u00f6ver en verklig, v\u00e4ltr\u00e4nad arm\u00e9 \u2013 en skarp kontrast till den oerfarna skaran av Pierre L&#8217;Ermites anh\u00e4ngare. Han krossade dem och l\u00e4t slakta dem. De \u00f6verlevande och deras ledare \u00f6vergick till islam av fruktan f\u00f6r sina liv.<\/p>\t\t\t\t\t\t\t\t<\/div>\n\t\t\t\t<\/div>\n\t\t\t\t\t<\/div>\n\t\t\t\t<\/div>\n\t\t<div class=\"elementor-element elementor-element-8ea0188 e-flex e-con-boxed e-con e-parent\" data-id=\"8ea0188\" data-element_type=\"container\" data-e-type=\"container\">\n\t\t\t\t\t<div class=\"e-con-inner\">\n\t\t\t\t<div class=\"elementor-element elementor-element-8afb8d7 elementor-widget elementor-widget-image\" data-id=\"8afb8d7\" data-element_type=\"widget\" data-e-type=\"widget\" data-widget_type=\"image.default\">\n\t\t\t\t<div class=\"elementor-widget-container\">\n\t\t\t\t\t\t\t\t\t\t\t\t\t\t\t<img loading=\"lazy\" decoding=\"async\" width=\"300\" height=\"55\" src=\"https:\/\/nederlandsetempeliers.nl\/wp-content\/uploads\/guirlande-300x55.jpeg\" class=\"attachment-medium size-medium wp-image-7430\" alt=\"krans\" srcset=\"https:\/\/nederlandsetempeliers.nl\/wp-content\/uploads\/guirlande-300x55.jpeg 300w, https:\/\/nederlandsetempeliers.nl\/wp-content\/uploads\/guirlande-1024x189.jpeg 1024w, https:\/\/nederlandsetempeliers.nl\/wp-content\/uploads\/guirlande-768x142.jpeg 768w, https:\/\/nederlandsetempeliers.nl\/wp-content\/uploads\/guirlande.jpeg 1534w\" sizes=\"(max-width: 300px) 100vw, 300px\" \/>\t\t\t\t\t\t\t\t\t\t\t\t\t\t\t<\/div>\n\t\t\t\t<\/div>\n\t\t\t\t\t<\/div>\n\t\t\t\t<\/div>\n\t\t<div class=\"elementor-element elementor-element-83e0a34 e-flex e-con-boxed e-con e-parent\" data-id=\"83e0a34\" data-element_type=\"container\" data-e-type=\"container\">\n\t\t\t\t\t<div class=\"e-con-inner\">\n\t\t<div class=\"elementor-element elementor-element-ae815c8 e-con-full e-flex e-con e-child\" data-id=\"ae815c8\" data-element_type=\"container\" data-e-type=\"container\">\n\t\t\t\t<div class=\"elementor-element elementor-element-34161c1 elementor-widget elementor-widget-text-editor\" data-id=\"34161c1\" data-element_type=\"widget\" data-e-type=\"widget\" data-widget_type=\"text-editor.default\">\n\t\t\t\t<div class=\"elementor-widget-container\">\n\t\t\t\t\t\t\t\t\t<p>Sida 24<br \/>Et ce grand nombre d\u2019hommes plus de 100000 fut detruit, jusqu\u2019au nombre de 3000. Tous bons guerriers qui s\u2019\u00e9c-<br \/>chapperent et s\u2019en retourn\u00e8rent \u00e0 Constantinople, voil\u00e0 la suite de la premi\u00e8re Exp\u00e9dition.<br \/>Le 3\u1d49 Convoi, Godescalcus, un Pr\u00eatre allemand en fut le conducteur, et il suivit l\u2019exemple de Pierre l\u2019hermite et pr\u00eacha la Croisade dans l\u2019allemagne, et il assembla le nombre de 15000 hommes,<\/p>\t\t\t\t\t\t\t\t<\/div>\n\t\t\t\t<\/div>\n\t\t\t\t<\/div>\n\t\t<div class=\"elementor-element elementor-element-f63061a e-con-full e-flex e-con e-child\" data-id=\"f63061a\" data-element_type=\"container\" data-e-type=\"container\">\n\t\t\t\t<div class=\"elementor-element elementor-element-437002b elementor-widget elementor-widget-image\" data-id=\"437002b\" data-element_type=\"widget\" data-e-type=\"widget\" data-widget_type=\"image.default\">\n\t\t\t\t<div class=\"elementor-widget-container\">\n\t\t\t\t\t\t\t\t\t\t\t\t\t\t\t<img loading=\"lazy\" decoding=\"async\" width=\"486\" height=\"440\" src=\"https:\/\/nederlandsetempeliers.nl\/wp-content\/uploads\/leger-1.jpeg\" class=\"attachment-large size-large wp-image-11536\" alt=\"arm\u00e9n\" srcset=\"https:\/\/nederlandsetempeliers.nl\/wp-content\/uploads\/leger-1.jpeg 486w, https:\/\/nederlandsetempeliers.nl\/wp-content\/uploads\/leger-1-300x272.jpeg 300w\" sizes=\"(max-width: 486px) 100vw, 486px\" \/>\t\t\t\t\t\t\t\t\t\t\t\t\t\t\t<\/div>\n\t\t\t\t<\/div>\n\t\t\t\t<\/div>\n\t\t<div class=\"elementor-element elementor-element-c2bbd83 e-con-full e-flex e-con e-child\" data-id=\"c2bbd83\" data-element_type=\"container\" data-e-type=\"container\">\n\t\t\t\t<div class=\"elementor-element elementor-element-3c672a7 elementor-widget elementor-widget-text-editor\" data-id=\"3c672a7\" data-element_type=\"widget\" data-e-type=\"widget\" data-widget_type=\"text-editor.default\">\n\t\t\t\t<div class=\"elementor-widget-container\">\n\t\t\t\t\t\t\t\t\t<p>Sida 24<br \/>Och detta stora antal m\u00e4nniskor, mer \u00e4n 100 000, f\u00f6rintades, tills endast 3 000 \u00e5terstod. Alla var dugliga krigare som lyckades undkomma och \u00e5terv\u00e4nda till Konstantinopel. Detta var forts\u00e4ttningen p\u00e5 den f\u00f6rsta expeditionen.<br \/>Den tredje kolonnen leddes av Godescalcus, en tysk pr\u00e4st. Han f\u00f6ljde Pierre L&#8217;Ermites exempel och predikade korst\u00e5get i Tyskland. Han samlade en h\u00e4r p\u00e5 omkring 15 000 man&#8230;<\/p>\t\t\t\t\t\t\t\t<\/div>\n\t\t\t\t<\/div>\n\t\t\t\t<\/div>\n\t\t\t\t\t<\/div>\n\t\t\t\t<\/div>\n\t\t<div class=\"elementor-element elementor-element-cd9910f e-flex e-con-boxed e-con e-parent\" data-id=\"cd9910f\" data-element_type=\"container\" data-e-type=\"container\">\n\t\t\t\t\t<div class=\"e-con-inner\">\n\t\t\t\t<div class=\"elementor-element elementor-element-62c8f74 elementor-widget elementor-widget-text-editor\" data-id=\"62c8f74\" data-element_type=\"widget\" data-e-type=\"widget\" data-widget_type=\"text-editor.default\">\n\t\t\t\t<div class=\"elementor-widget-container\">\n\t\t\t\t\t\t\t\t\t<p>Sida 24<br \/>Godescalcus (Gottschalk) \u00e4r en historiskt k\u00e4nd pr\u00e4st fr\u00e5n Tyskland. <span style=\"font-family: -apple-system, BlinkMacSystemFont, 'Segoe UI', Roboto, 'Helvetica Neue', Arial, 'Noto Sans', sans-serif, 'Apple Color Emoji', 'Segoe UI Emoji', 'Segoe UI Symbol', 'Noto Color Emoji';\">Omkring \u00e5r 1096 ledde han sitt eget folkkorst\u00e5g, n\u00e5got senare \u00e4n Pierre L&#8217;Ermite. Hans f\u00f6lje bestod huvudsakligen av tyska b\u00f6nder \u2013 delvis fanatiker, delvis opportunister \u2013 och endast ett f\u00e5tal verkliga soldater. <\/span>De drog genom B\u00f6hmen och \u00d6sterrike, d\u00e4r de plundrade sv\u00e5rt, och blev slutligen till st\u00f6rsta delen f\u00f6rintade i n\u00e4rheten av Wien eller i Ungern.<\/p><p>Vi l\u00e4ser h\u00e4r en bred europeisk \u00f6versikt \u00f6ver de r\u00f6relser som f\u00f6regick det officiella korst\u00e5get.<\/p><p>\u2705 Han f\u00f6ljde Pierre L&#8217;Ermites exempel \u2013 detta \u00e4r avg\u00f6rande. Manuskriptet beskriver tre v\u00e5gor f\u00f6re det officiella korst\u00e5get:<br \/>1. Gualtiero Sansavoir<br \/>2. Pierre L&#8217;Ermite<br \/>3. Godescalcus<br \/>Gemensamt f\u00f6r alla tre:<br \/>* fromma<br \/>* karismatiska<br \/>* inga milit\u00e4ra ledare<br \/>* orsakade kaos och blodspillan<br \/>Det underf\u00f6rst\u00e5dda budskapet \u00e4r tydligt: det heliga kriget kan inte b\u00e4ras av enbart religi\u00f6s iver. Gud kr\u00e4ver ordning. <\/p><p>Det \u00e4r d\u00e4rf\u00f6r de monastiska riddarordnarna senare uppst\u00e5r. <br \/>\u2705 &#8221;Il assembla 15.000 hommes&#8221; \u00e4r korrekt enligt medeltida k\u00e4llor: Gottschalks h\u00e4r uppges ha best\u00e5tt av m\u00e5nga tusen m\u00e4n, ofta mellan 10 000 och 15 000.<br \/>\u2714 H\u00e4r b\u00f6rjar Tysklands deltagande i korst\u00e5gsr\u00f6relsen.<br \/>\u2714 H\u00e4r formas den senare tyska riddaridentiteten,<br \/>\u2192 vilken s\u00e5 sm\u00e5ningom bland annat leder till Tyska orden.<\/p><p>Sida 24 \u00e4r allts\u00e5 f\u00f6rsta g\u00e5ngen som Tyskland, korst\u00e5gsfromhet och milit\u00e4r n\u00f6dv\u00e4ndighet m\u00f6ts.<\/p>\t\t\t\t\t\t\t\t<\/div>\n\t\t\t\t<\/div>\n\t\t\t\t\t<\/div>\n\t\t\t\t<\/div>\n\t\t\t\t<section class=\"elementor-section elementor-top-section elementor-element elementor-element-763fa126 elementor-section-boxed elementor-section-height-default elementor-section-height-default\" data-id=\"763fa126\" data-element_type=\"section\" data-e-type=\"section\" data-settings=\"{&quot;background_background&quot;:&quot;classic&quot;,&quot;shape_divider_top&quot;:&quot;triangle&quot;,&quot;shape_divider_top_negative&quot;:&quot;yes&quot;,&quot;shape_divider_bottom&quot;:&quot;triangle&quot;,&quot;shape_divider_bottom_negative&quot;:&quot;yes&quot;}\">\n\t\t\t\t\t<div class=\"elementor-shape elementor-shape-top\" aria-hidden=\"true\" data-negative=\"true\">\n\t\t\t<svg xmlns=\"http:\/\/www.w3.org\/2000\/svg\" viewBox=\"0 0 1000 100\" preserveAspectRatio=\"none\">\n\t<path class=\"elementor-shape-fill\" d=\"M500.2,94.7L0,0v100h1000V0L500.2,94.7z\"\/>\n<\/svg>\t\t<\/div>\n\t\t\t\t<div class=\"elementor-shape elementor-shape-bottom\" aria-hidden=\"true\" data-negative=\"true\">\n\t\t\t<svg xmlns=\"http:\/\/www.w3.org\/2000\/svg\" viewBox=\"0 0 1000 100\" preserveAspectRatio=\"none\">\n\t<path class=\"elementor-shape-fill\" d=\"M500.2,94.7L0,0v100h1000V0L500.2,94.7z\"\/>\n<\/svg>\t\t<\/div>\n\t\t\t\t\t<div class=\"elementor-container elementor-column-gap-default\">\n\t\t\t\t\t<div class=\"elementor-column elementor-col-100 elementor-top-column elementor-element elementor-element-36f88588\" data-id=\"36f88588\" data-element_type=\"column\" data-e-type=\"column\">\n\t\t\t<div class=\"elementor-widget-wrap elementor-element-populated\">\n\t\t\t\t\t\t<div class=\"elementor-element elementor-element-4fb8d207 elementor-widget__width-auto elementor-view-default elementor-widget elementor-widget-icon\" data-id=\"4fb8d207\" data-element_type=\"widget\" data-e-type=\"widget\" data-widget_type=\"icon.default\">\n\t\t\t\t<div class=\"elementor-widget-container\">\n\t\t\t\t\t\t\t<div class=\"elementor-icon-wrapper\">\n\t\t\t<div class=\"elementor-icon\">\n\t\t\t<i aria-hidden=\"true\" class=\"fas fa-grip-lines\"><\/i>\t\t\t<\/div>\n\t\t<\/div>\n\t\t\t\t\t\t<\/div>\n\t\t\t\t<\/div>\n\t\t\t\t<div class=\"elementor-element elementor-element-7aea895 elementor-widget__width-auto elementor-widget elementor-widget-heading\" data-id=\"7aea895\" data-element_type=\"widget\" data-e-type=\"widget\" data-widget_type=\"heading.default\">\n\t\t\t\t<div class=\"elementor-widget-container\">\n\t\t\t\t\t<h2 class=\"elementor-heading-title elementor-size-default\">Ur Ordens skattkammare<\/h2>\t\t\t\t<\/div>\n\t\t\t\t<\/div>\n\t\t\t\t<div class=\"elementor-element elementor-element-553bfd7b elementor-widget__width-auto elementor-view-default elementor-widget elementor-widget-icon\" data-id=\"553bfd7b\" data-element_type=\"widget\" data-e-type=\"widget\" data-widget_type=\"icon.default\">\n\t\t\t\t<div class=\"elementor-widget-container\">\n\t\t\t\t\t\t\t<div class=\"elementor-icon-wrapper\">\n\t\t\t<div class=\"elementor-icon\">\n\t\t\t<i aria-hidden=\"true\" class=\"fas fa-grip-lines\"><\/i>\t\t\t<\/div>\n\t\t<\/div>\n\t\t\t\t\t\t<\/div>\n\t\t\t\t<\/div>\n\t\t\t\t\t<\/div>\n\t\t<\/div>\n\t\t\t\t\t<\/div>\n\t\t<\/section>\n\t\t<div class=\"elementor-element elementor-element-d7bbedb e-flex e-con-boxed e-con e-parent\" data-id=\"d7bbedb\" data-element_type=\"container\" data-e-type=\"container\">\n\t\t\t\t\t<div class=\"e-con-inner\">\n\t\t\t\t<div class=\"elementor-element elementor-element-0238bce elementor-widget elementor-widget-text-editor\" data-id=\"0238bce\" data-element_type=\"widget\" data-e-type=\"widget\" data-widget_type=\"text-editor.default\">\n\t\t\t\t<div class=\"elementor-widget-container\">\n\t\t\t\t\t\t\t\t\t<p>Mellan f\u00e4ltslag, pilgrimsf\u00e4rder och stora h\u00e4ndelser \u00e4r det ofta de sm\u00e5 f\u00f6rem\u00e5len som ber\u00e4ttar de mest fascinerande historierna. Var tjugofemte sida \u00f6ppnar vi Ordens skattkammare f\u00f6r en kort paus i ber\u00e4ttelsen, innan vi forts\u00e4tter med v\u00e5r munks vackra handskrift fr\u00e5n \u00e5r 1705.<\/p><p>Den h\u00e4r g\u00e5ngen lyfter vi fram en av Ordens mest v\u00e4lk\u00e4nda symboler: Tempelherresigillet.<\/p>\t\t\t\t\t\t\t\t<\/div>\n\t\t\t\t<\/div>\n\t\t\t\t\t<\/div>\n\t\t\t\t<\/div>\n\t\t<div class=\"elementor-element elementor-element-f511d2d e-flex e-con-boxed e-con e-parent\" data-id=\"f511d2d\" data-element_type=\"container\" data-e-type=\"container\">\n\t\t\t\t\t<div class=\"e-con-inner\">\n\t\t\t\t<div class=\"elementor-element elementor-element-5a1a516 elementor-widget elementor-widget-image\" data-id=\"5a1a516\" data-element_type=\"widget\" data-e-type=\"widget\" data-widget_type=\"image.default\">\n\t\t\t\t<div class=\"elementor-widget-container\">\n\t\t\t\t\t\t\t\t\t\t\t\t\t\t\t<img loading=\"lazy\" decoding=\"async\" width=\"800\" height=\"404\" src=\"https:\/\/nederlandsetempeliers.nl\/wp-content\/uploads\/WhatsApp-Image-2026-03-19-at-19.56.46-e1773946989530-1024x517.jpeg\" class=\"attachment-large size-large wp-image-6310\" alt=\"N\u00e4rbild av ett tempelriddarsigill i r\u00f6tt vax med tv\u00e5 riddare p\u00e5 en h\u00e4st, bredvid en sigillstamp i metall.\" srcset=\"https:\/\/nederlandsetempeliers.nl\/wp-content\/uploads\/WhatsApp-Image-2026-03-19-at-19.56.46-e1773946989530-1024x517.jpeg 1024w, https:\/\/nederlandsetempeliers.nl\/wp-content\/uploads\/WhatsApp-Image-2026-03-19-at-19.56.46-e1773946989530-300x152.jpeg 300w, https:\/\/nederlandsetempeliers.nl\/wp-content\/uploads\/WhatsApp-Image-2026-03-19-at-19.56.46-e1773946989530-768x388.jpeg 768w, https:\/\/nederlandsetempeliers.nl\/wp-content\/uploads\/WhatsApp-Image-2026-03-19-at-19.56.46-e1773946989530-1536x776.jpeg 1536w, https:\/\/nederlandsetempeliers.nl\/wp-content\/uploads\/WhatsApp-Image-2026-03-19-at-19.56.46-e1773946989530.jpeg 1600w\" sizes=\"(max-width: 800px) 100vw, 800px\" \/>\t\t\t\t\t\t\t\t\t\t\t\t\t\t\t<\/div>\n\t\t\t\t<\/div>\n\t\t\t\t\t<\/div>\n\t\t\t\t<\/div>\n\t\t<div class=\"elementor-element elementor-element-a3f7c60 e-flex e-con-boxed e-con e-parent\" data-id=\"a3f7c60\" data-element_type=\"container\" data-e-type=\"container\">\n\t\t\t\t\t<div class=\"e-con-inner\">\n\t\t\t\t<div class=\"elementor-element elementor-element-0240858 elementor-widget elementor-widget-text-editor\" data-id=\"0240858\" data-element_type=\"widget\" data-e-type=\"widget\" data-widget_type=\"text-editor.default\">\n\t\t\t\t<div class=\"elementor-widget-container\">\n\t\t\t\t\t\t\t\t\t<p>Det ber\u00f6mda tempelherresigillet visar tv\u00e5 riddare p\u00e5 en och samma h\u00e4st. I \u00e5rhundraden har detta tolkats som en symbol f\u00f6r de f\u00f6rsta tempelherrarnas fattigdom. I dag ser m\u00e5nga historiker en djupare inneb\u00f6rd. Sigillet syftar sannolikt ocks\u00e5 p\u00e5 den starka broderskapsgemenskapen inom Orden och p\u00e5 deras dubbla kallelse: riddare och munk.<\/p><p>Men sigillet hade \u00e4ven en annan, mycket praktisk funktion. Det var inte en prydnad, utan ett officiellt redskap f\u00f6r att bekr\u00e4fta dokument. Under medeltiden stod ett sigill f\u00f6r auktoritet, \u00e4kthet och f\u00f6rtroende.<\/p><p>\u2720 Nyfiken p\u00e5 hela ber\u00e4ttelsen? Uppt\u00e4ck den i kortet Tempelherresigillet, d\u00e4r vi g\u00e5r djupare in p\u00e5 symboliken, anv\u00e4ndningen och historien bakom detta enast\u00e5ende sigill. \u2720<\/p>\t\t\t\t\t\t\t\t<\/div>\n\t\t\t\t<\/div>\n\t\t\t\t\t<\/div>\n\t\t\t\t<\/div>\n\t\t\t\t<section class=\"elementor-section elementor-top-section elementor-element elementor-element-4bed843c elementor-section-boxed elementor-section-height-default elementor-section-height-default\" data-id=\"4bed843c\" data-element_type=\"section\" data-e-type=\"section\" data-settings=\"{&quot;background_background&quot;:&quot;classic&quot;,&quot;shape_divider_top&quot;:&quot;triangle&quot;,&quot;shape_divider_top_negative&quot;:&quot;yes&quot;,&quot;shape_divider_bottom&quot;:&quot;triangle&quot;,&quot;shape_divider_bottom_negative&quot;:&quot;yes&quot;}\">\n\t\t\t\t\t<div class=\"elementor-shape elementor-shape-top\" aria-hidden=\"true\" data-negative=\"true\">\n\t\t\t<svg xmlns=\"http:\/\/www.w3.org\/2000\/svg\" viewBox=\"0 0 1000 100\" preserveAspectRatio=\"none\">\n\t<path class=\"elementor-shape-fill\" d=\"M500.2,94.7L0,0v100h1000V0L500.2,94.7z\"\/>\n<\/svg>\t\t<\/div>\n\t\t\t\t<div class=\"elementor-shape elementor-shape-bottom\" aria-hidden=\"true\" data-negative=\"true\">\n\t\t\t<svg xmlns=\"http:\/\/www.w3.org\/2000\/svg\" viewBox=\"0 0 1000 100\" preserveAspectRatio=\"none\">\n\t<path class=\"elementor-shape-fill\" d=\"M500.2,94.7L0,0v100h1000V0L500.2,94.7z\"\/>\n<\/svg>\t\t<\/div>\n\t\t\t\t\t<div class=\"elementor-container elementor-column-gap-default\">\n\t\t\t\t\t<div class=\"elementor-column elementor-col-100 elementor-top-column elementor-element elementor-element-6924725c\" data-id=\"6924725c\" data-element_type=\"column\" data-e-type=\"column\">\n\t\t\t<div class=\"elementor-widget-wrap elementor-element-populated\">\n\t\t\t\t\t\t<div class=\"elementor-element elementor-element-60d8386c elementor-widget__width-auto elementor-view-default elementor-widget elementor-widget-icon\" data-id=\"60d8386c\" data-element_type=\"widget\" data-e-type=\"widget\" data-widget_type=\"icon.default\">\n\t\t\t\t<div class=\"elementor-widget-container\">\n\t\t\t\t\t\t\t<div class=\"elementor-icon-wrapper\">\n\t\t\t<div class=\"elementor-icon\">\n\t\t\t<i aria-hidden=\"true\" class=\"fas fa-grip-lines\"><\/i>\t\t\t<\/div>\n\t\t<\/div>\n\t\t\t\t\t\t<\/div>\n\t\t\t\t<\/div>\n\t\t\t\t<div class=\"elementor-element elementor-element-75404893 elementor-widget__width-auto elementor-widget elementor-widget-heading\" data-id=\"75404893\" data-element_type=\"widget\" data-e-type=\"widget\" data-widget_type=\"heading.default\">\n\t\t\t\t<div class=\"elementor-widget-container\">\n\t\t\t\t\t<h2 class=\"elementor-heading-title elementor-size-default\">1097<\/h2>\t\t\t\t<\/div>\n\t\t\t\t<\/div>\n\t\t\t\t<div class=\"elementor-element elementor-element-6c2991dc elementor-widget__width-auto elementor-view-default elementor-widget elementor-widget-icon\" data-id=\"6c2991dc\" data-element_type=\"widget\" data-e-type=\"widget\" data-widget_type=\"icon.default\">\n\t\t\t\t<div class=\"elementor-widget-container\">\n\t\t\t\t\t\t\t<div class=\"elementor-icon-wrapper\">\n\t\t\t<div class=\"elementor-icon\">\n\t\t\t<i aria-hidden=\"true\" class=\"fas fa-grip-lines\"><\/i>\t\t\t<\/div>\n\t\t<\/div>\n\t\t\t\t\t\t<\/div>\n\t\t\t\t<\/div>\n\t\t\t\t\t<\/div>\n\t\t<\/div>\n\t\t\t\t\t<\/div>\n\t\t<\/section>\n\t\t<div class=\"elementor-element elementor-element-4a6b676 e-flex e-con-boxed e-con e-parent\" data-id=\"4a6b676\" data-element_type=\"container\" data-e-type=\"container\">\n\t\t\t\t\t<div class=\"e-con-inner\">\n\t\t<div class=\"elementor-element elementor-element-c35ed9d e-con-full e-flex e-con e-child\" data-id=\"c35ed9d\" data-element_type=\"container\" data-e-type=\"container\">\n\t\t\t\t<div class=\"elementor-element elementor-element-a24e44c elementor-widget elementor-widget-text-editor\" data-id=\"a24e44c\" data-element_type=\"widget\" data-e-type=\"widget\" data-widget_type=\"text-editor.default\">\n\t\t\t\t<div class=\"elementor-widget-container\">\n\t\t\t\t\t\t\t\t\t<p>Sida 25<br \/>mais ceux ci trouverent bien t\u00f4t leur sepulture dans la Hongrie : car ils ne furent pas sit\u00f4t arrivez dans ce pa\u00efs qu\u2019ils commencerent une vie barbare, ils voulurent mettre les Hongrois dans le harnois mais ils ont bientot eu d\u00e9truit ce petit monceau de troupes, une partie de tu\u00e9, et les autres mis \u00e0 la fuite, et la pluspart assomm\u00e9 en route.4\u1d49 Convois. il y avoit aussi un Comte en Allemagne nomm\u00e9 Emico, qui avoit aussi\u2026<\/p>\t\t\t\t\t\t\t\t<\/div>\n\t\t\t\t<\/div>\n\t\t\t\t<\/div>\n\t\t<div class=\"elementor-element elementor-element-4704c3f e-con-full e-flex e-con e-child\" data-id=\"4704c3f\" data-element_type=\"container\" data-e-type=\"container\">\n\t\t\t\t<div class=\"elementor-element elementor-element-e337e7d elementor-widget elementor-widget-image\" data-id=\"e337e7d\" data-element_type=\"widget\" data-e-type=\"widget\" data-widget_type=\"image.default\">\n\t\t\t\t<div class=\"elementor-widget-container\">\n\t\t\t\t\t\t\t\t\t\t\t\t\t\t\t<img loading=\"lazy\" decoding=\"async\" width=\"539\" height=\"630\" src=\"https:\/\/nederlandsetempeliers.nl\/wp-content\/uploads\/Tempeliersgraf-getekend-1.jpeg\" class=\"attachment-large size-large wp-image-11733\" alt=\"Tempelriddargrav ritad\" srcset=\"https:\/\/nederlandsetempeliers.nl\/wp-content\/uploads\/Tempeliersgraf-getekend-1.jpeg 539w, https:\/\/nederlandsetempeliers.nl\/wp-content\/uploads\/Tempeliersgraf-getekend-1-257x300.jpeg 257w\" sizes=\"(max-width: 539px) 100vw, 539px\" \/>\t\t\t\t\t\t\t\t\t\t\t\t\t\t\t<\/div>\n\t\t\t\t<\/div>\n\t\t\t\t<\/div>\n\t\t<div class=\"elementor-element elementor-element-73cf15e e-con-full e-flex e-con e-child\" data-id=\"73cf15e\" data-element_type=\"container\" data-e-type=\"container\">\n\t\t\t\t<div class=\"elementor-element elementor-element-aa35ee0 elementor-widget elementor-widget-text-editor\" data-id=\"aa35ee0\" data-element_type=\"widget\" data-e-type=\"widget\" data-widget_type=\"text-editor.default\">\n\t\t\t\t<div class=\"elementor-widget-container\">\n\t\t\t\t\t\t\t\t\t<p>Sida 25<br \/>Men dessa fann snart sin grav i Ungern, ty de hade knappt hunnit anl\u00e4nda till landet f\u00f6rr\u00e4n de b\u00f6rjade leva ett barbariskt liv. De f\u00f6rs\u00f6kte kuva ungrarna, men ungrarna krossade snart denna lilla styrka. En del d\u00f6dades, de \u00f6vriga drevs p\u00e5 flykt och de flesta d\u00f6dades under retr\u00e4tten.<\/p><p>Fj\u00e4rde f\u00f6ljet. Det fanns ocks\u00e5 en greve i Tyskland vid namn Emico, som likaledes&#8230;<\/p>\t\t\t\t\t\t\t\t<\/div>\n\t\t\t\t<\/div>\n\t\t\t\t<\/div>\n\t\t\t\t\t<\/div>\n\t\t\t\t<\/div>\n\t\t<div class=\"elementor-element elementor-element-4df6004 e-flex e-con-boxed e-con e-parent\" data-id=\"4df6004\" data-element_type=\"container\" data-e-type=\"container\">\n\t\t\t\t\t<div class=\"e-con-inner\">\n\t\t\t\t<div class=\"elementor-element elementor-element-be4478d elementor-widget elementor-widget-text-editor\" data-id=\"be4478d\" data-element_type=\"widget\" data-e-type=\"widget\" data-widget_type=\"text-editor.default\">\n\t\t\t\t<div class=\"elementor-widget-container\">\n\t\t\t\t\t\t\t\t\t<p>Sida 25<br \/>Introduktion av greve Emico av Leiningen. Greve Emico av Leiningen \u00e4r en historiskt \u00f6k\u00e4nd gestalt fr\u00e5n Folkets korst\u00e5g. Han p\u00e5stod sig vara kallad av Gud, samlade tusentals anh\u00e4ngare och gjorde sig skyldig till massakrer p\u00e5 judar under v\u00e4gen, bland annat i Worms och Mainz<\/p>\t\t\t\t\t\t\t\t<\/div>\n\t\t\t\t<\/div>\n\t\t\t\t\t<\/div>\n\t\t\t\t<\/div>\n\t\t<div class=\"elementor-element elementor-element-4a9b91c e-flex e-con-boxed e-con e-parent\" data-id=\"4a9b91c\" data-element_type=\"container\" data-e-type=\"container\">\n\t\t\t\t\t<div class=\"e-con-inner\">\n\t\t\t\t<div class=\"elementor-element elementor-element-1d1c044 elementor-widget elementor-widget-image\" data-id=\"1d1c044\" data-element_type=\"widget\" data-e-type=\"widget\" data-widget_type=\"image.default\">\n\t\t\t\t<div class=\"elementor-widget-container\">\n\t\t\t\t\t\t\t\t\t\t\t\t\t\t\t<img loading=\"lazy\" decoding=\"async\" width=\"300\" height=\"55\" src=\"https:\/\/nederlandsetempeliers.nl\/wp-content\/uploads\/guirlande-300x55.jpeg\" class=\"attachment-medium size-medium wp-image-7430\" alt=\"krans\" srcset=\"https:\/\/nederlandsetempeliers.nl\/wp-content\/uploads\/guirlande-300x55.jpeg 300w, https:\/\/nederlandsetempeliers.nl\/wp-content\/uploads\/guirlande-1024x189.jpeg 1024w, https:\/\/nederlandsetempeliers.nl\/wp-content\/uploads\/guirlande-768x142.jpeg 768w, https:\/\/nederlandsetempeliers.nl\/wp-content\/uploads\/guirlande.jpeg 1534w\" sizes=\"(max-width: 300px) 100vw, 300px\" \/>\t\t\t\t\t\t\t\t\t\t\t\t\t\t\t<\/div>\n\t\t\t\t<\/div>\n\t\t\t\t\t<\/div>\n\t\t\t\t<\/div>\n\t\t<div class=\"elementor-element elementor-element-639bb25 e-flex e-con-boxed e-con e-parent\" data-id=\"639bb25\" data-element_type=\"container\" data-e-type=\"container\">\n\t\t\t\t\t<div class=\"e-con-inner\">\n\t\t<div class=\"elementor-element elementor-element-db2a8a8 e-con-full e-flex e-con e-child\" data-id=\"db2a8a8\" data-element_type=\"container\" data-e-type=\"container\">\n\t\t\t\t<div class=\"elementor-element elementor-element-4e9b528 elementor-widget elementor-widget-text-editor\" data-id=\"4e9b528\" data-element_type=\"widget\" data-e-type=\"widget\" data-widget_type=\"text-editor.default\">\n\t\t\t\t<div class=\"elementor-widget-container\">\n\t\t\t\t\t\t\t\t\t<p>Sida 26<br \/>asembl\u00e9 une petite arm\u00e9e de freve de la Croisade, il s\u2019ase- ambl\u00e0 aussi des Lorrains et des Anglois, et d\u2019autre part du cost\u00e9 du Rhin, ainsi qu\u2019il est devenu Seigneur de 20000 hommes \u00e0 pied, et 3000 \u00e0 cheval. Le nombre des valets et des femmes et enfans n\u2019\u00e9- toit pas \u00e0 nombrer, ceux ci descharg\u00e8rent leur rage sur les ennemis de J\u00e9sus Christ. Ils masacr\u00e8rent les juifs d\u2019Alle- magne dans les villes o\u00f9 ils passerent, comme Cologne\u2026<\/p>\t\t\t\t\t\t\t\t<\/div>\n\t\t\t\t<\/div>\n\t\t\t\t<\/div>\n\t\t<div class=\"elementor-element elementor-element-a116121 e-con-full e-flex e-con e-child\" data-id=\"a116121\" data-element_type=\"container\" data-e-type=\"container\">\n\t\t\t\t<div class=\"elementor-element elementor-element-2340437 elementor-widget elementor-widget-image\" data-id=\"2340437\" data-element_type=\"widget\" data-e-type=\"widget\" data-widget_type=\"image.default\">\n\t\t\t\t<div class=\"elementor-widget-container\">\n\t\t\t\t\t\t\t\t\t\t\t\t\t\t\t<img loading=\"lazy\" decoding=\"async\" width=\"800\" height=\"958\" src=\"https:\/\/nederlandsetempeliers.nl\/wp-content\/uploads\/Engelse-leeuw-1-855x1024.jpeg\" class=\"attachment-large size-large wp-image-11864\" alt=\"Engelskt lejon.\" srcset=\"https:\/\/nederlandsetempeliers.nl\/wp-content\/uploads\/Engelse-leeuw-1-855x1024.jpeg 855w, https:\/\/nederlandsetempeliers.nl\/wp-content\/uploads\/Engelse-leeuw-1-250x300.jpeg 250w, https:\/\/nederlandsetempeliers.nl\/wp-content\/uploads\/Engelse-leeuw-1-768x920.jpeg 768w, https:\/\/nederlandsetempeliers.nl\/wp-content\/uploads\/Engelse-leeuw-1.jpeg 1146w\" sizes=\"(max-width: 800px) 100vw, 800px\" \/>\t\t\t\t\t\t\t\t\t\t\t\t\t\t\t<\/div>\n\t\t\t\t<\/div>\n\t\t\t\t<\/div>\n\t\t<div class=\"elementor-element elementor-element-834e39f e-con-full e-flex e-con e-child\" data-id=\"834e39f\" data-element_type=\"container\" data-e-type=\"container\">\n\t\t\t\t<div class=\"elementor-element elementor-element-956494a elementor-widget elementor-widget-text-editor\" data-id=\"956494a\" data-element_type=\"widget\" data-e-type=\"widget\" data-widget_type=\"text-editor.default\">\n\t\t\t\t<div class=\"elementor-widget-container\">\n\t\t\t\t\t\t\t\t\t<p>Sida 26<br \/>Han samlade en liten korsfararh\u00e4r, och \u00e4ven lothringare, engelsm\u00e4n och andra fr\u00e5n omr\u00e5det l\u00e4ngs Rhen ansl\u00f6t sig till honom, s\u00e5 att han blev herre \u00f6ver mer \u00e4n 20 000 m\u00e4n till fots och 3 000 till h\u00e4st. Antalet tj\u00e4nare, kvinnor och barn gick inte att r\u00e4kna. De senare riktade sin vrede mot Jesu Kristi fiender.<\/p><p>De d\u00f6dade judarna i Tyskland i de st\u00e4der de passerade genom, s\u00e5som K\u00f6ln\u2026<\/p>\t\t\t\t\t\t\t\t<\/div>\n\t\t\t\t<\/div>\n\t\t\t\t<\/div>\n\t\t\t\t\t<\/div>\n\t\t\t\t<\/div>\n\t\t<div class=\"elementor-element elementor-element-ab7b39e e-flex e-con-boxed e-con e-parent\" data-id=\"ab7b39e\" data-element_type=\"container\" data-e-type=\"container\">\n\t\t\t\t\t<div class=\"e-con-inner\">\n\t\t\t\t<div class=\"elementor-element elementor-element-95c23ed elementor-widget elementor-widget-text-editor\" data-id=\"95c23ed\" data-element_type=\"widget\" data-e-type=\"widget\" data-widget_type=\"text-editor.default\">\n\t\t\t\t<div class=\"elementor-widget-container\">\n\t\t\t\t\t\t\t\t\t<p>Sida 26<br \/>\u2022 En liten h\u00e4r \u27a3 blev omedelbart 23 000 krigare. Det som b\u00f6rjade som en \u201dliten skara\u201d v\u00e4xte explosionsartat n\u00e4r grupper fr\u00e5n Lothringen, England och omr\u00e5det l\u00e4ngs Rhen ansl\u00f6t sig.<\/p><p>\u2022 H\u00e4r ser man den typiska dynamiken i religi\u00f6sa folkr\u00f6relser: en karismatisk ledare + en religi\u00f6s kallelse = en massiv tillstr\u00f6mning.<\/p>\t\t\t\t\t\t\t\t<\/div>\n\t\t\t\t<\/div>\n\t\t\t\t\t<\/div>\n\t\t\t\t<\/div>\n\t\t<div class=\"elementor-element elementor-element-ea2c5b8 e-flex e-con-boxed e-con e-parent\" data-id=\"ea2c5b8\" data-element_type=\"container\" data-e-type=\"container\">\n\t\t\t\t\t<div class=\"e-con-inner\">\n\t\t\t\t<div class=\"elementor-element elementor-element-5417b9b elementor-widget elementor-widget-image\" data-id=\"5417b9b\" data-element_type=\"widget\" data-e-type=\"widget\" data-widget_type=\"image.default\">\n\t\t\t\t<div class=\"elementor-widget-container\">\n\t\t\t\t\t\t\t\t\t\t\t\t\t\t\t<img loading=\"lazy\" decoding=\"async\" width=\"300\" height=\"55\" src=\"https:\/\/nederlandsetempeliers.nl\/wp-content\/uploads\/guirlande-300x55.jpeg\" class=\"attachment-medium size-medium wp-image-7430\" alt=\"krans\" srcset=\"https:\/\/nederlandsetempeliers.nl\/wp-content\/uploads\/guirlande-300x55.jpeg 300w, https:\/\/nederlandsetempeliers.nl\/wp-content\/uploads\/guirlande-1024x189.jpeg 1024w, https:\/\/nederlandsetempeliers.nl\/wp-content\/uploads\/guirlande-768x142.jpeg 768w, https:\/\/nederlandsetempeliers.nl\/wp-content\/uploads\/guirlande.jpeg 1534w\" sizes=\"(max-width: 300px) 100vw, 300px\" \/>\t\t\t\t\t\t\t\t\t\t\t\t\t\t\t<\/div>\n\t\t\t\t<\/div>\n\t\t\t\t\t<\/div>\n\t\t\t\t<\/div>\n\t\t<div class=\"elementor-element elementor-element-530b5da e-flex e-con-boxed e-con e-parent\" data-id=\"530b5da\" data-element_type=\"container\" data-e-type=\"container\">\n\t\t\t\t\t<div class=\"e-con-inner\">\n\t\t<div class=\"elementor-element elementor-element-deeac36 e-con-full e-flex e-con e-child\" data-id=\"deeac36\" data-element_type=\"container\" data-e-type=\"container\">\n\t\t\t\t<div class=\"elementor-element elementor-element-178e3f6 elementor-widget elementor-widget-text-editor\" data-id=\"178e3f6\" data-element_type=\"widget\" data-e-type=\"widget\" data-widget_type=\"text-editor.default\">\n\t\t\t\t<div class=\"elementor-widget-container\">\n\t\t\t\t\t\t\t\t\t<p>Sida 27<br \/>Mayence, Worms, et autres villes plus de 12000 ils pillerient tous leurs butins et les mirent par leur procedure dans un tel desespoir qu\u2019ils se tuerent eux memes avec femmes et enfans, ainsi ils poursuivirent leur chemin dans la Hongrie, et come ils y furent arriv\u00e9, les hongrois se ressouvirent des autres qui<br \/>avoit pass\u00e9 avant eux, ils leurs refuserent le passage, alors ils se mirent \u00e0 assieger la ville de Mersbourg qui est<\/p>\t\t\t\t\t\t\t\t<\/div>\n\t\t\t\t<\/div>\n\t\t\t\t<\/div>\n\t\t<div class=\"elementor-element elementor-element-b60606e e-con-full e-flex e-con e-child\" data-id=\"b60606e\" data-element_type=\"container\" data-e-type=\"container\">\n\t\t\t\t<div class=\"elementor-element elementor-element-eced604 elementor-widget elementor-widget-image\" data-id=\"eced604\" data-element_type=\"widget\" data-e-type=\"widget\" data-widget_type=\"image.default\">\n\t\t\t\t<div class=\"elementor-widget-container\">\n\t\t\t\t\t\t\t\t\t\t\t\t\t\t\t<img loading=\"lazy\" decoding=\"async\" width=\"683\" height=\"1024\" src=\"https:\/\/nederlandsetempeliers.nl\/wp-content\/uploads\/fakkel-1-683x1024.jpeg\" class=\"attachment-large size-large wp-image-11865\" alt=\"Fackla\" srcset=\"https:\/\/nederlandsetempeliers.nl\/wp-content\/uploads\/fakkel-1-683x1024.jpeg 683w, https:\/\/nederlandsetempeliers.nl\/wp-content\/uploads\/fakkel-1-200x300.jpeg 200w, https:\/\/nederlandsetempeliers.nl\/wp-content\/uploads\/fakkel-1-768x1152.jpeg 768w, https:\/\/nederlandsetempeliers.nl\/wp-content\/uploads\/fakkel-1.jpeg 1024w\" sizes=\"(max-width: 683px) 100vw, 683px\" \/>\t\t\t\t\t\t\t\t\t\t\t\t\t\t\t<\/div>\n\t\t\t\t<\/div>\n\t\t\t\t<\/div>\n\t\t<div class=\"elementor-element elementor-element-26c64f3 e-con-full e-flex e-con e-child\" data-id=\"26c64f3\" data-element_type=\"container\" data-e-type=\"container\">\n\t\t\t\t<div class=\"elementor-element elementor-element-5e28a74 elementor-widget elementor-widget-text-editor\" data-id=\"5e28a74\" data-element_type=\"widget\" data-e-type=\"widget\" data-widget_type=\"text-editor.default\">\n\t\t\t\t<div class=\"elementor-widget-container\">\n\t\t\t\t\t\t\t\t\t<p>Sida 27<br \/>Mainz, Worms och andra st\u00e4der. Mer \u00e4n 12 000 m\u00e4nniskor plundrade de; de ber\u00f6vade dem alla deras \u00e4godelar och drev dem genom sitt handlande till en s\u00e5dan f\u00f6rtvivlan att de tog sina egna liv, tillsammans med kvinnor och barn. D\u00e4refter fortsatte de sin v\u00e4g genom Ungern. N\u00e4r de kom dit mindes ungrarna de andra som tidigare hade dragit f\u00f6rbi, och de v\u00e4grade dem fri genomfart. D\u00e5 b\u00f6rjade de bel\u00e4gra staden Mersbourg, som \u00e4r\u2026<\/p>\t\t\t\t\t\t\t\t<\/div>\n\t\t\t\t<\/div>\n\t\t\t\t<\/div>\n\t\t\t\t\t<\/div>\n\t\t\t\t<\/div>\n\t\t<div class=\"elementor-element elementor-element-03eed28 e-flex e-con-boxed e-con e-parent\" data-id=\"03eed28\" data-element_type=\"container\" data-e-type=\"container\">\n\t\t\t\t\t<div class=\"e-con-inner\">\n\t\t\t\t<div class=\"elementor-element elementor-element-7eb4aa9 elementor-widget elementor-widget-text-editor\" data-id=\"7eb4aa9\" data-element_type=\"widget\" data-e-type=\"widget\" data-widget_type=\"text-editor.default\">\n\t\t\t\t<div class=\"elementor-widget-container\">\n\t\t\t\t\t\t\t\t\t<p>Sida 27<br \/>\u2022 Mayence = Mainz, Worms \u279c Det \u00e4r just de st\u00e4der d\u00e4r greve Emicho och hans anh\u00e4ngare \u00e5r 1096 utf\u00f6rde de \u00f6k\u00e4nda judepogromerna. Handskriften n\u00e4mner detta uttryckligen och utan att f\u00f6rs\u00f6ka urs\u00e4kta h\u00e4ndelserna.<\/p><p>\u2022 \u201dplus de 12000\u201d \u279c Antalet \u00e4r sannolikt \u00f6verdrivet (typiskt f\u00f6r tiden), men det visar p\u00e5 ett omfattande v\u00e5ld och en total samh\u00e4llelig uppl\u00f6sning.<\/p><p>\u2022 \u201dils se tuerent eux m\u00eames avec femmes et enfans\u201d \u279c Detta syftar p\u00e5 historiska uppgifter om att judiska samh\u00e4llen begick kollektivt sj\u00e4lvmord f\u00f6r att undkomma tv\u00e5ngsomv\u00e4ndelse och v\u00e5ld. Detta \u00e4r en av de m\u00f6rkaste sidorna i folkkorst\u00e5gen.<\/p><p>\u2022 F\u00f6rfattarens ton \u00e4r f\u00f6rd\u00f6mande, inte triumferande. \u279c Han visar vad oordnad och okontrollerad religiositet kan leda till.<\/p><p>\u2022 \u00d6verg\u00e5ngen till Ungern markerar \u00e5terigen:<br \/>\u2192 misstro<br \/>\u2192 st\u00e4ngda gr\u00e4nser<br \/>\u2192 eskalation \u2192 bel\u00e4gring<\/p>\t\t\t\t\t\t\t\t<\/div>\n\t\t\t\t<\/div>\n\t\t\t\t\t<\/div>\n\t\t\t\t<\/div>\n\t\t<div class=\"elementor-element elementor-element-38fcd03 e-flex e-con-boxed e-con e-parent\" data-id=\"38fcd03\" data-element_type=\"container\" data-e-type=\"container\">\n\t\t\t\t\t<div class=\"e-con-inner\">\n\t\t\t\t<div class=\"elementor-element elementor-element-b2123ab elementor-widget elementor-widget-image\" data-id=\"b2123ab\" data-element_type=\"widget\" data-e-type=\"widget\" data-widget_type=\"image.default\">\n\t\t\t\t<div class=\"elementor-widget-container\">\n\t\t\t\t\t\t\t\t\t\t\t\t\t\t\t<img loading=\"lazy\" decoding=\"async\" width=\"300\" height=\"55\" src=\"https:\/\/nederlandsetempeliers.nl\/wp-content\/uploads\/guirlande-300x55.jpeg\" class=\"attachment-medium size-medium wp-image-7430\" alt=\"krans\" srcset=\"https:\/\/nederlandsetempeliers.nl\/wp-content\/uploads\/guirlande-300x55.jpeg 300w, https:\/\/nederlandsetempeliers.nl\/wp-content\/uploads\/guirlande-1024x189.jpeg 1024w, https:\/\/nederlandsetempeliers.nl\/wp-content\/uploads\/guirlande-768x142.jpeg 768w, https:\/\/nederlandsetempeliers.nl\/wp-content\/uploads\/guirlande.jpeg 1534w\" sizes=\"(max-width: 300px) 100vw, 300px\" \/>\t\t\t\t\t\t\t\t\t\t\t\t\t\t\t<\/div>\n\t\t\t\t<\/div>\n\t\t\t\t\t<\/div>\n\t\t\t\t<\/div>\n\t\t<div class=\"elementor-element elementor-element-dee1a7b e-flex e-con-boxed e-con e-parent\" data-id=\"dee1a7b\" data-element_type=\"container\" data-e-type=\"container\">\n\t\t\t\t\t<div class=\"e-con-inner\">\n\t\t<div class=\"elementor-element elementor-element-e44621e e-con-full e-flex e-con e-child\" data-id=\"e44621e\" data-element_type=\"container\" data-e-type=\"container\">\n\t\t\t\t<div class=\"elementor-element elementor-element-d22d9dc elementor-widget elementor-widget-text-editor\" data-id=\"d22d9dc\" data-element_type=\"widget\" data-e-type=\"widget\" data-widget_type=\"text-editor.default\">\n\t\t\t\t<div class=\"elementor-widget-container\">\n\t\t\t\t\t\t\t\t\t<p>Soda 28<br \/>Sur les frontieres de la Hongrie, mais pendant le siege, ils leurs vint une si grande et terrible frayeur qu\u2019ils prirent tous la fuite, la plus grande partie furent no\u00ef\u00e9 dans la Frai et \u00e9touff\u00e9 dans les marets, les autres furent tu\u00e9 des paisans<br \/>hongrois, enfin il n\u2019en revint que fort peu.<br \/>Second convoi qui etoit tres bien regl\u00e9 et command\u00e9 par Robert Duc de la Normandie, et Etienne Comte de Chartre et Eustasie Comte de Boulogne<\/p>\t\t\t\t\t\t\t\t<\/div>\n\t\t\t\t<\/div>\n\t\t\t\t<\/div>\n\t\t<div class=\"elementor-element elementor-element-df028c1 e-con-full e-flex e-con e-child\" data-id=\"df028c1\" data-element_type=\"container\" data-e-type=\"container\">\n\t\t\t\t<div class=\"elementor-element elementor-element-334125d elementor-widget elementor-widget-image\" data-id=\"334125d\" data-element_type=\"widget\" data-e-type=\"widget\" data-widget_type=\"image.default\">\n\t\t\t\t<div class=\"elementor-widget-container\">\n\t\t\t\t\t\t\t\t\t\t\t\t\t\t\t<img loading=\"lazy\" decoding=\"async\" width=\"800\" height=\"562\" src=\"https:\/\/nederlandsetempeliers.nl\/wp-content\/uploads\/overstroming-incunabele-1-1024x719.jpeg\" class=\"attachment-large size-large wp-image-12194\" alt=\"\u00f6versv\u00e4mningsinkunabler\" srcset=\"https:\/\/nederlandsetempeliers.nl\/wp-content\/uploads\/overstroming-incunabele-1-1024x719.jpeg 1024w, https:\/\/nederlandsetempeliers.nl\/wp-content\/uploads\/overstroming-incunabele-1-300x211.jpeg 300w, https:\/\/nederlandsetempeliers.nl\/wp-content\/uploads\/overstroming-incunabele-1-768x540.jpeg 768w, https:\/\/nederlandsetempeliers.nl\/wp-content\/uploads\/overstroming-incunabele-1-1536x1079.jpeg 1536w, https:\/\/nederlandsetempeliers.nl\/wp-content\/uploads\/overstroming-incunabele-1.jpeg 1600w\" sizes=\"(max-width: 800px) 100vw, 800px\" \/>\t\t\t\t\t\t\t\t\t\t\t\t\t\t\t<\/div>\n\t\t\t\t<\/div>\n\t\t\t\t<\/div>\n\t\t<div class=\"elementor-element elementor-element-073b978 e-con-full e-flex e-con e-child\" data-id=\"073b978\" data-element_type=\"container\" data-e-type=\"container\">\n\t\t\t\t<div class=\"elementor-element elementor-element-57c96a7 elementor-widget elementor-widget-text-editor\" data-id=\"57c96a7\" data-element_type=\"widget\" data-e-type=\"widget\" data-widget_type=\"text-editor.default\">\n\t\t\t\t<div class=\"elementor-widget-container\">\n\t\t\t\t\t\t\t\t\t<p>Sida 28<br \/>Vid Ungerns gr\u00e4nser, men under bel\u00e4gringen, greps de av en s\u00e5 stor och fruktansv\u00e4rd r\u00e4dsla att de alla tog till flykten. St\u00f6rre delen drunknade i floden Frait och kv\u00e4vdes i tr\u00e4sken; de andra d\u00f6dades av ungerska b\u00f6nder.<br \/>Till slut \u00e5terv\u00e4nde endast mycket f\u00e5.<br \/>Den andra kolonnen, som var mycket v\u00e4lordnad, leddes av Robert, hertig av Normandie, och Stefan, greve av Chartres, och Eustace, greve av Boulogne.<\/p>\t\t\t\t\t\t\t\t<\/div>\n\t\t\t\t<\/div>\n\t\t\t\t<\/div>\n\t\t<div class=\"elementor-element elementor-element-1ac898d e-con-full e-flex e-con e-child\" data-id=\"1ac898d\" data-element_type=\"container\" data-e-type=\"container\">\n\t\t\t\t<\/div>\n\t\t\t\t\t<\/div>\n\t\t\t\t<\/div>\n\t\t<div class=\"elementor-element elementor-element-39429b0 e-flex e-con-boxed e-con e-parent\" data-id=\"39429b0\" data-element_type=\"container\" data-e-type=\"container\">\n\t\t\t\t\t<div class=\"e-con-inner\">\n\t\t\t\t<div class=\"elementor-element elementor-element-c1b22e8 elementor-widget elementor-widget-text-editor\" data-id=\"c1b22e8\" data-element_type=\"widget\" data-e-type=\"widget\" data-widget_type=\"text-editor.default\">\n\t\t\t\t<div class=\"elementor-widget-container\">\n\t\t\t\t\t\t\t\t\t<p>Sida 28.<br \/>1\ufe0f\u20e3 Emichos grupp g\u00e5r fullst\u00e4ndigt under. Detta \u00e4r avslutningen p\u00e5 ber\u00e4ttelsen om greve Emicho och hans folkh\u00e4r:<br \/>\u2022 panik<br \/>\u2022 flykt<br \/>\u2022 drunkning<br \/>\u2022 kv\u00e4vning<br \/>\u2022 d\u00f6d genom b\u00f6nder (inte soldater!)<br \/>\u2022 \u201dil n\u2019en revint que fort peu\u201d \u2192 n\u00e4stan ingen \u00f6verlevde. F\u00f6rfattaren visar h\u00e4r inget hj\u00e4ltemod, utan: moraliskt s\u00f6nderfall \u2192 kaos \u2192 total f\u00f6rintelse<\/p><p>2\ufe0f\u20e3 Teologisk underton (subtil men tydlig). Ordningen \u00e4r viktig:<br \/>\u2022 v\u00e5ld mot oskyldiga<br \/>\u2022 h\u00f6gmod<br \/>\u2022 brist p\u00e5 ordning<br \/>\u2192 Guds beskydd f\u00f6rsvinner<br \/>\u2192 r\u00e4dslan tar \u00f6ver<br \/>Det \u00e4r ingen uttrycklig predikan, men ett moraliskt orsakssamband.<\/p><p>3\ufe0f\u20e3 Avg\u00f6rande \u00f6verg\u00e5ng: Second convoi. Med en enda mening f\u00f6r\u00e4ndras allt.<br \/>Efter kaos \u2192 ordning<br \/>Efter Emicho \u2192 verkliga adelsm\u00e4n<br \/>Efter folkets raseri \u2192 organiserat riddarskap<br \/>F\u00f6rfattaren skapar medvetet en kontrast: Folkkorstoget Andra kolonnen oordnat tr\u00e8s bien regl\u00e9 religi\u00f6st raseri disciplin karismatisk lekman adliga ledare f\u00f6rintelse (underf\u00f6rst\u00e5tt) hopp<\/p><p>4\ufe0f\u20e3 De tre namnen (mycket betydelsefulla)<br \/>\u2022 Robert, hertig av Normandie<br \/>\u2192 son till Vilhelm Er\u00f6vraren<br \/>\u2192 erfaren milit\u00e4r ledare<br \/>\u2022 \u00c9tienne (Stefan), greve av Chartres<br \/>\u2192 v\u00e4l dokumenterad korsfarare<br \/>\u2192 kommer senare att misslyckas och \u00e5terv\u00e4nda (en intressant kontrast l\u00e4ngre fram)<br \/>\u2022 Eustace, greve av Boulogne<br \/>\u2192 bror till Gottfrid av Bouillon<br \/>\u2192 direkt linje till Jerusalem<br \/>\u27a1\ufe0f Det \u00e4r h\u00e4r det verkliga f\u00f6rsta korst\u00e5get b\u00f6rjar.<\/p><p>\ud83d\udd11 Viktigt f\u00f6r den st\u00f6rre helheten. Detta manuskript g\u00f6r n\u00e5got mycket tydligt: f\u00f6rst l\u00e5ter det allt g\u00e5 fel, f\u00f6r att d\u00e4refter visa att helig strid kr\u00e4ver ordning, lydnad och ledarskap.<br \/><strong>Det \u00e4r just i denna jord som tempelriddarna senare sl\u00e5r rot.<\/strong><\/p>\t\t\t\t\t\t\t\t<\/div>\n\t\t\t\t<\/div>\n\t\t\t\t\t<\/div>\n\t\t\t\t<\/div>\n\t\t<div class=\"elementor-element elementor-element-78e9f75 e-flex e-con-boxed e-con e-parent\" data-id=\"78e9f75\" data-element_type=\"container\" data-e-type=\"container\">\n\t\t\t\t\t<div class=\"e-con-inner\">\n\t\t<div class=\"elementor-element elementor-element-4dc163d e-con-full e-flex e-con e-child\" data-id=\"4dc163d\" data-element_type=\"container\" data-e-type=\"container\">\n\t\t\t\t<div class=\"elementor-element elementor-element-e2294e2 elementor-widget elementor-widget-text-editor\" data-id=\"e2294e2\" data-element_type=\"widget\" data-e-type=\"widget\" data-widget_type=\"text-editor.default\">\n\t\t\t\t<div class=\"elementor-widget-container\">\n\t\t\t\t\t\t\t\t\t<p>Sida 29<br \/>avec Robert Comte de Flandre marcherent sous la conduite de Hugo frere de Philippe<br \/>Roi de France, ils prirent leur route par l\u2019Italie et s\u2019embarquerent en Orient, mais comme l\u2019hiver les surpris, ils furent oblig\u00e9 de<br \/>passer le Quartier d\u2019hiver dans la Calabrie le Prince Hugues qui \u00e9toit fort jeune trouva le tems long, il voulu partir pour Constantinople, et y vouloir faire des<br \/>preparations pour l\u2019arriv\u00e9e<\/p>\t\t\t\t\t\t\t\t<\/div>\n\t\t\t\t<\/div>\n\t\t\t\t<\/div>\n\t\t<div class=\"elementor-element elementor-element-69eae1d e-con-full e-flex e-con e-child\" data-id=\"69eae1d\" data-element_type=\"container\" data-e-type=\"container\">\n\t\t\t\t<div class=\"elementor-element elementor-element-03152a9 elementor-widget elementor-widget-image\" data-id=\"03152a9\" data-element_type=\"widget\" data-e-type=\"widget\" data-widget_type=\"image.default\">\n\t\t\t\t<div class=\"elementor-widget-container\">\n\t\t\t\t\t\t\t\t\t\t\t\t\t\t\t<img loading=\"lazy\" decoding=\"async\" width=\"462\" height=\"368\" src=\"https:\/\/nederlandsetempeliers.nl\/wp-content\/uploads\/Schip-1.jpeg\" class=\"attachment-large size-large wp-image-12195\" alt=\"skepp\" srcset=\"https:\/\/nederlandsetempeliers.nl\/wp-content\/uploads\/Schip-1.jpeg 462w, https:\/\/nederlandsetempeliers.nl\/wp-content\/uploads\/Schip-1-300x239.jpeg 300w\" sizes=\"(max-width: 462px) 100vw, 462px\" \/>\t\t\t\t\t\t\t\t\t\t\t\t\t\t\t<\/div>\n\t\t\t\t<\/div>\n\t\t\t\t<\/div>\n\t\t<div class=\"elementor-element elementor-element-392bde7 e-con-full e-flex e-con e-child\" data-id=\"392bde7\" data-element_type=\"container\" data-e-type=\"container\">\n\t\t\t\t<div class=\"elementor-element elementor-element-344e345 elementor-widget elementor-widget-text-editor\" data-id=\"344e345\" data-element_type=\"widget\" data-e-type=\"widget\" data-widget_type=\"text-editor.default\">\n\t\t\t\t<div class=\"elementor-widget-container\">\n\t\t\t\t\t\t\t\t\t<p>Sida 29<br \/>Tillsammans med Robert, greve av Flandern, drog de fram under ledning av Hugo, bror till Filip, kung av Frankrike. De valde v\u00e4gen genom Italien och gick ombord f\u00f6r att segla \u00f6sterut. Men eftersom vintern \u00f6verraskade dem, var de tvungna att tillbringa vintern i Kalabrien. Prins Hugo, som var mycket ung, tyckte att tiden gick l\u00e5ngsamt; han ville bege sig till Konstantinopel f\u00f6r att d\u00e4r f\u00f6rbereda ankomsten\u2026<\/p>\t\t\t\t\t\t\t\t<\/div>\n\t\t\t\t<\/div>\n\t\t\t\t<\/div>\n\t\t\t\t\t<\/div>\n\t\t\t\t<\/div>\n\t\t<div class=\"elementor-element elementor-element-03c70b9 e-flex e-con-boxed e-con e-parent\" data-id=\"03c70b9\" data-element_type=\"container\" data-e-type=\"container\">\n\t\t\t\t\t<div class=\"e-con-inner\">\n\t\t\t\t<div class=\"elementor-element elementor-element-ec31be4 elementor-widget elementor-widget-text-editor\" data-id=\"ec31be4\" data-element_type=\"widget\" data-e-type=\"widget\" data-widget_type=\"text-editor.default\">\n\t\t\t\t<div class=\"elementor-widget-container\">\n\t\t\t\t\t\t\t\t\t<p>Sida 29.<br \/>H\u00e4r ser vi en annan typ av ledare: n\u00e5gon som organiserar, blickar fram\u00e5t, f\u00f6rutser och planerar. D\u00e4rf\u00f6r v\u00e4ljer man en annan v\u00e4g. Inte av \u00f6vermod, utan av praktisk insikt och ordning. I denna fas f\u00f6rbereds Gottfrid av Bouillons ankomst.<\/p><p>Det handlar h\u00e4r om Robert, greve av Flandern, och Hugo, den unge brodern till Filip I, kung av Frankrike. De v\u00e4ljer inte en l\u00e5ng och os\u00e4ker landv\u00e4g, utan sj\u00f6v\u00e4gen via Italien. N\u00e4r vintern \u00f6verraskar dem beslutar de klokt att \u00f6vervintra i Kalabrien.<\/p><p>Hugo, ung och ot\u00e5lig, har sv\u00e5rt f\u00f6r v\u00e4ntan. Han beslutar att resa i f\u00f6rv\u00e4g till Konstantinopel f\u00f6r att d\u00e4r f\u00f6rbereda det som ska komma. Konstantinopel \u00e4r porten mellan \u00f6st och v\u00e4st, kejsar Alexios residens, ett diplomatiskt centrum och en avg\u00f6rande logistisk knutpunkt.<br \/>Genom dessa f\u00f6rberedelser undviks kaos: ankomsten organiseras och auktoriteten erk\u00e4nns. Det handlar om de stora v\u00e4sterl\u00e4ndska h\u00e4rarnas ankomst, d\u00e4ribland Gottfrid av Bouillon och hans br\u00f6der.<\/p>\t\t\t\t\t\t\t\t<\/div>\n\t\t\t\t<\/div>\n\t\t\t\t\t<\/div>\n\t\t\t\t<\/div>\n\t\t<div class=\"elementor-element elementor-element-b468054 e-flex e-con-boxed e-con e-parent\" data-id=\"b468054\" data-element_type=\"container\" data-e-type=\"container\">\n\t\t\t\t\t<div class=\"e-con-inner\">\n\t\t\t\t<div class=\"elementor-element elementor-element-4985b28 elementor-widget elementor-widget-image\" data-id=\"4985b28\" data-element_type=\"widget\" data-e-type=\"widget\" data-widget_type=\"image.default\">\n\t\t\t\t<div class=\"elementor-widget-container\">\n\t\t\t\t\t\t\t\t\t\t\t\t\t\t\t<img loading=\"lazy\" decoding=\"async\" width=\"300\" height=\"55\" src=\"https:\/\/nederlandsetempeliers.nl\/wp-content\/uploads\/guirlande-300x55.jpeg\" class=\"attachment-medium size-medium wp-image-7430\" alt=\"krans\" srcset=\"https:\/\/nederlandsetempeliers.nl\/wp-content\/uploads\/guirlande-300x55.jpeg 300w, https:\/\/nederlandsetempeliers.nl\/wp-content\/uploads\/guirlande-1024x189.jpeg 1024w, https:\/\/nederlandsetempeliers.nl\/wp-content\/uploads\/guirlande-768x142.jpeg 768w, https:\/\/nederlandsetempeliers.nl\/wp-content\/uploads\/guirlande.jpeg 1534w\" sizes=\"(max-width: 300px) 100vw, 300px\" \/>\t\t\t\t\t\t\t\t\t\t\t\t\t\t\t<\/div>\n\t\t\t\t<\/div>\n\t\t\t\t\t<\/div>\n\t\t\t\t<\/div>\n\t\t\t\t<section class=\"elementor-section elementor-top-section elementor-element elementor-element-71f6870f elementor-section-boxed elementor-section-height-default elementor-section-height-default\" data-id=\"71f6870f\" data-element_type=\"section\" data-e-type=\"section\" data-settings=\"{&quot;background_background&quot;:&quot;classic&quot;,&quot;shape_divider_top&quot;:&quot;triangle&quot;,&quot;shape_divider_top_negative&quot;:&quot;yes&quot;,&quot;shape_divider_bottom&quot;:&quot;triangle&quot;,&quot;shape_divider_bottom_negative&quot;:&quot;yes&quot;}\">\n\t\t\t\t\t<div class=\"elementor-shape elementor-shape-top\" aria-hidden=\"true\" data-negative=\"true\">\n\t\t\t<svg xmlns=\"http:\/\/www.w3.org\/2000\/svg\" viewBox=\"0 0 1000 100\" preserveAspectRatio=\"none\">\n\t<path class=\"elementor-shape-fill\" d=\"M500.2,94.7L0,0v100h1000V0L500.2,94.7z\"\/>\n<\/svg>\t\t<\/div>\n\t\t\t\t<div class=\"elementor-shape elementor-shape-bottom\" aria-hidden=\"true\" data-negative=\"true\">\n\t\t\t<svg xmlns=\"http:\/\/www.w3.org\/2000\/svg\" viewBox=\"0 0 1000 100\" preserveAspectRatio=\"none\">\n\t<path class=\"elementor-shape-fill\" d=\"M500.2,94.7L0,0v100h1000V0L500.2,94.7z\"\/>\n<\/svg>\t\t<\/div>\n\t\t\t\t\t<div class=\"elementor-container elementor-column-gap-default\">\n\t\t\t\t\t<div class=\"elementor-column elementor-col-100 elementor-top-column elementor-element elementor-element-4f290a27\" data-id=\"4f290a27\" data-element_type=\"column\" data-e-type=\"column\">\n\t\t\t<div class=\"elementor-widget-wrap elementor-element-populated\">\n\t\t\t\t\t\t<div class=\"elementor-element elementor-element-7ddbf4b2 elementor-widget__width-auto elementor-view-default elementor-widget elementor-widget-icon\" data-id=\"7ddbf4b2\" data-element_type=\"widget\" data-e-type=\"widget\" data-widget_type=\"icon.default\">\n\t\t\t\t<div class=\"elementor-widget-container\">\n\t\t\t\t\t\t\t<div class=\"elementor-icon-wrapper\">\n\t\t\t<div class=\"elementor-icon\">\n\t\t\t<i aria-hidden=\"true\" class=\"fas fa-grip-lines\"><\/i>\t\t\t<\/div>\n\t\t<\/div>\n\t\t\t\t\t\t<\/div>\n\t\t\t\t<\/div>\n\t\t\t\t<div class=\"elementor-element elementor-element-7e15acc7 elementor-widget__width-auto elementor-widget elementor-widget-heading\" data-id=\"7e15acc7\" data-element_type=\"widget\" data-e-type=\"widget\" data-widget_type=\"heading.default\">\n\t\t\t\t<div class=\"elementor-widget-container\">\n\t\t\t\t\t<h2 class=\"elementor-heading-title elementor-size-default\">1097<\/h2>\t\t\t\t<\/div>\n\t\t\t\t<\/div>\n\t\t\t\t<div class=\"elementor-element elementor-element-d1fb71e elementor-widget__width-auto elementor-view-default elementor-widget elementor-widget-icon\" data-id=\"d1fb71e\" data-element_type=\"widget\" data-e-type=\"widget\" data-widget_type=\"icon.default\">\n\t\t\t\t<div class=\"elementor-widget-container\">\n\t\t\t\t\t\t\t<div class=\"elementor-icon-wrapper\">\n\t\t\t<div class=\"elementor-icon\">\n\t\t\t<i aria-hidden=\"true\" class=\"fas fa-grip-lines\"><\/i>\t\t\t<\/div>\n\t\t<\/div>\n\t\t\t\t\t\t<\/div>\n\t\t\t\t<\/div>\n\t\t\t\t\t<\/div>\n\t\t<\/div>\n\t\t\t\t\t<\/div>\n\t\t<\/section>\n\t\t<div class=\"elementor-element elementor-element-7e903ff e-flex e-con-boxed e-con e-parent\" data-id=\"7e903ff\" data-element_type=\"container\" data-e-type=\"container\">\n\t\t\t\t\t<div class=\"e-con-inner\">\n\t\t<div class=\"elementor-element elementor-element-03d8889 e-con-full e-flex e-con e-child\" data-id=\"03d8889\" data-element_type=\"container\" data-e-type=\"container\">\n\t\t\t\t<div class=\"elementor-element elementor-element-d2b1cb9 elementor-widget elementor-widget-text-editor\" data-id=\"d2b1cb9\" data-element_type=\"widget\" data-e-type=\"widget\" data-widget_type=\"text-editor.default\">\n\t\t\t\t<div class=\"elementor-widget-container\">\n\t\t\t\t\t\t\t\t\t<p>Sida 30<br \/>de ses troupes, l\u2019Empereur Alexius le receu, mais il le regarda comme un disciple pour lui, il le fit mettre aux arets avec toute sa suite. On voiois qui \u00e9toit le<br \/>conducteur que Dieu avoit destinez Goffroi de Bouillon, \u00e0 qui l\u2019Empereur Henri peu de tems avant lui avoit donn\u00e9 la base Lorraine, qui \u00e9toit du cot\u00e9 du<br \/>Brabant pour le defraier dans ce voiage et il avoit vendu la Comt\u00e9 de Bouil- lionne<\/p>\t\t\t\t\t\t\t\t<\/div>\n\t\t\t\t<\/div>\n\t\t\t\t<\/div>\n\t\t<div class=\"elementor-element elementor-element-80e0d18 e-con-full e-flex e-con e-child\" data-id=\"80e0d18\" data-element_type=\"container\" data-e-type=\"container\">\n\t\t\t\t<div class=\"elementor-element elementor-element-e76536f elementor-widget elementor-widget-image\" data-id=\"e76536f\" data-element_type=\"widget\" data-e-type=\"widget\" data-widget_type=\"image.default\">\n\t\t\t\t<div class=\"elementor-widget-container\">\n\t\t\t\t\t\t\t\t\t\t\t\t\t\t\t<img loading=\"lazy\" decoding=\"async\" width=\"120\" height=\"132\" src=\"https:\/\/nederlandsetempeliers.nl\/wp-content\/uploads\/Vlag-1.jpeg\" class=\"attachment-large size-large wp-image-12269\" alt=\"flagg\" \/>\t\t\t\t\t\t\t\t\t\t\t\t\t\t\t<\/div>\n\t\t\t\t<\/div>\n\t\t\t\t<\/div>\n\t\t<div class=\"elementor-element elementor-element-3138bc5 e-con-full e-flex e-con e-child\" data-id=\"3138bc5\" data-element_type=\"container\" data-e-type=\"container\">\n\t\t\t\t<div class=\"elementor-element elementor-element-075cf17 elementor-widget elementor-widget-text-editor\" data-id=\"075cf17\" data-element_type=\"widget\" data-e-type=\"widget\" data-widget_type=\"text-editor.default\">\n\t\t\t\t<div class=\"elementor-widget-container\">\n\t\t\t\t\t\t\t\t\t<p>Sida 30<br \/>Med sina trupper mottogs han av kejsar Alexios, men denne betraktade honom som underordnad. D\u00e4rf\u00f6r l\u00e4t han st\u00e4lla honom och hela hans f\u00f6lje under bevakning. D\u00e5 blev det tydligt vem den ledare var som Gud hade utsett: Gottfrid av Bouillon, \u00e5t vilken kejsar Henrik en tid tidigare hade gett hertigd\u00f6met Lothringen, som gr\u00e4nsade till Brabant, f\u00f6r att g\u00f6ra det m\u00f6jligt f\u00f6r honom att b\u00e4ra kostnaderna f\u00f6r denna resa. Han hade dessutom s\u00e5lt grevskapet Bouillon.<\/p>\t\t\t\t\t\t\t\t<\/div>\n\t\t\t\t<\/div>\n\t\t\t\t<\/div>\n\t\t\t\t\t<\/div>\n\t\t\t\t<\/div>\n\t\t<div class=\"elementor-element elementor-element-7f5b9ff e-flex e-con-boxed e-con e-parent\" data-id=\"7f5b9ff\" data-element_type=\"container\" data-e-type=\"container\">\n\t\t\t\t\t<div class=\"e-con-inner\">\n\t\t\t\t<div class=\"elementor-element elementor-element-44c39fc elementor-widget elementor-widget-text-editor\" data-id=\"44c39fc\" data-element_type=\"widget\" data-e-type=\"widget\" data-widget_type=\"text-editor.default\">\n\t\t\t\t<div class=\"elementor-widget-container\">\n\t\t\t\t\t\t\t\t\t<p>Sida 30<br \/>Hugo, kungens yngre bror, betraktas av kejsar Alexios som underordnad, och kejsaren st\u00e4ller honom och hans f\u00f6lje under bevakning. Kejsar Alexios s\u00e5g att Gottfrid hade en gudomlig best\u00e4mmelse.<br \/>\u27a4 adel och rang \u2260 ledarskap<br \/>\u27a4 Gottfrid hade tillg\u00e5ngar, mark och status. Han s\u00e5lde sitt eget grevskap Bouillon f\u00f6r Gud och f\u00f6r detta korst\u00e5g = ett stort personligt offer.<br \/>Utan n\u00e5got skyddsn\u00e4t, utan n\u00e5gon garanti. \u27a4 <strong>Detta \u00e4r radikal h\u00e4ngivenhet.<\/strong><\/p>\t\t\t\t\t\t\t\t<\/div>\n\t\t\t\t<\/div>\n\t\t\t\t\t<\/div>\n\t\t\t\t<\/div>\n\t\t<div class=\"elementor-element elementor-element-cb34e8c e-flex e-con-boxed e-con e-parent\" data-id=\"cb34e8c\" data-element_type=\"container\" data-e-type=\"container\">\n\t\t\t\t\t<div class=\"e-con-inner\">\n\t\t\t\t<div class=\"elementor-element elementor-element-a543c07 elementor-widget elementor-widget-image\" data-id=\"a543c07\" data-element_type=\"widget\" data-e-type=\"widget\" data-widget_type=\"image.default\">\n\t\t\t\t<div class=\"elementor-widget-container\">\n\t\t\t\t\t\t\t\t\t\t\t\t\t\t\t<img loading=\"lazy\" decoding=\"async\" width=\"454\" height=\"397\" src=\"https:\/\/nederlandsetempeliers.nl\/wp-content\/uploads\/eed-van-trouw-van-Godfried-van-Bouillon-aan-de-Byzantijnse-keizer-Alexios-I-1-1.jpeg\" class=\"attachment-large size-large wp-image-12270\" alt=\"Godfred av Bouillons troskapsed til den bysantinske keiseren Alexios I\" srcset=\"https:\/\/nederlandsetempeliers.nl\/wp-content\/uploads\/eed-van-trouw-van-Godfried-van-Bouillon-aan-de-Byzantijnse-keizer-Alexios-I-1-1.jpeg 454w, https:\/\/nederlandsetempeliers.nl\/wp-content\/uploads\/eed-van-trouw-van-Godfried-van-Bouillon-aan-de-Byzantijnse-keizer-Alexios-I-1-1-300x262.jpeg 300w\" sizes=\"(max-width: 454px) 100vw, 454px\" \/>\t\t\t\t\t\t\t\t\t\t\t\t\t\t\t<\/div>\n\t\t\t\t<\/div>\n\t\t\t\t\t<\/div>\n\t\t\t\t<\/div>\n\t\t<div class=\"elementor-element elementor-element-b487174 e-con-full e-flex e-con e-parent\" data-id=\"b487174\" data-element_type=\"container\" data-e-type=\"container\">\n\t\t\t\t<div class=\"elementor-element elementor-element-4bec878 elementor-widget elementor-widget-text-editor\" data-id=\"4bec878\" data-element_type=\"widget\" data-e-type=\"widget\" data-widget_type=\"text-editor.default\">\n\t\t\t\t<div class=\"elementor-widget-container\">\n\t\t\t\t\t\t\t\t\t<pre>\ud83d\udc46\ud83c\udffbGottfrid av Bouillons trohetsed till den bysantinske kejsaren Alexios I Komnenos i Konstantinopel \u00e5r 1097, m\u00e5lad av Alexandre Hesse \u00e5r 1842.<\/pre>\t\t\t\t\t\t\t\t<\/div>\n\t\t\t\t<\/div>\n\t\t\t\t<\/div>\n\t\t<div class=\"elementor-element elementor-element-453de8f e-flex e-con-boxed e-con e-parent\" data-id=\"453de8f\" data-element_type=\"container\" data-e-type=\"container\">\n\t\t\t\t\t<div class=\"e-con-inner\">\n\t\t\t\t<div class=\"elementor-element elementor-element-efce380 elementor-widget elementor-widget-image\" data-id=\"efce380\" data-element_type=\"widget\" data-e-type=\"widget\" data-widget_type=\"image.default\">\n\t\t\t\t<div class=\"elementor-widget-container\">\n\t\t\t\t\t\t\t\t\t\t\t\t\t\t\t<img loading=\"lazy\" decoding=\"async\" width=\"300\" height=\"55\" src=\"https:\/\/nederlandsetempeliers.nl\/wp-content\/uploads\/guirlande-300x55.jpeg\" class=\"attachment-medium size-medium wp-image-7430\" alt=\"krans\" srcset=\"https:\/\/nederlandsetempeliers.nl\/wp-content\/uploads\/guirlande-300x55.jpeg 300w, https:\/\/nederlandsetempeliers.nl\/wp-content\/uploads\/guirlande-1024x189.jpeg 1024w, https:\/\/nederlandsetempeliers.nl\/wp-content\/uploads\/guirlande-768x142.jpeg 768w, https:\/\/nederlandsetempeliers.nl\/wp-content\/uploads\/guirlande.jpeg 1534w\" sizes=\"(max-width: 300px) 100vw, 300px\" \/>\t\t\t\t\t\t\t\t\t\t\t\t\t\t\t<\/div>\n\t\t\t\t<\/div>\n\t\t\t\t\t<\/div>\n\t\t\t\t<\/div>\n\t\t<div class=\"elementor-element elementor-element-39f6b1c e-flex e-con-boxed e-con e-parent\" data-id=\"39f6b1c\" data-element_type=\"container\" data-e-type=\"container\">\n\t\t\t\t\t<div class=\"e-con-inner\">\n\t\t<div class=\"elementor-element elementor-element-48d84e8 e-con-full e-flex e-con e-child\" data-id=\"48d84e8\" data-element_type=\"container\" data-e-type=\"container\">\n\t\t\t\t<div class=\"elementor-element elementor-element-6988f3f elementor-widget elementor-widget-text-editor\" data-id=\"6988f3f\" data-element_type=\"widget\" data-e-type=\"widget\" data-widget_type=\"text-editor.default\">\n\t\t\t\t<div class=\"elementor-widget-container\">\n\t\t\t\t\t\t\t\t\t<p>Sida 31<br \/>Bouillonne \u00e0 l\u2019Evesque de Lutich et son Duch\u00e9 au Duc de Limbourg, et comme il \u00e9toit un homme de grand esprit on lui confia toutes la Noblesse et les plus braves troupes de la France et de la Flandre, ainsi que son arm\u00e9e \u00e9toit du nombre de 70000 \u00e0 pied et 10000 \u00e0 cheval, et peu de libertins il passa partout parce qu\u2019il marchoit en bon ordre et payoit tout pour l\u2019argent, il passa la Hongrie et la Bulgarie sans accident jus qu\u2019\u00e0 la fronti\u00e8re<\/p><p>\u00a0<\/p>\t\t\t\t\t\t\t\t<\/div>\n\t\t\t\t<\/div>\n\t\t\t\t<\/div>\n\t\t<div class=\"elementor-element elementor-element-2b2d51a e-con-full e-flex e-con e-child\" data-id=\"2b2d51a\" data-element_type=\"container\" data-e-type=\"container\">\n\t\t\t\t<div class=\"elementor-element elementor-element-d7c5f81 elementor-widget elementor-widget-image\" data-id=\"d7c5f81\" data-element_type=\"widget\" data-e-type=\"widget\" data-widget_type=\"image.default\">\n\t\t\t\t<div class=\"elementor-widget-container\">\n\t\t\t\t\t\t\t\t\t\t\t\t\t\t\t<img loading=\"lazy\" decoding=\"async\" width=\"585\" height=\"825\" src=\"https:\/\/nederlandsetempeliers.nl\/wp-content\/uploads\/Fort-Bouillon-1.jpeg\" class=\"attachment-large size-large wp-image-12271\" alt=\"F\u00e4stningen Bouillon\" srcset=\"https:\/\/nederlandsetempeliers.nl\/wp-content\/uploads\/Fort-Bouillon-1.jpeg 585w, https:\/\/nederlandsetempeliers.nl\/wp-content\/uploads\/Fort-Bouillon-1-213x300.jpeg 213w\" sizes=\"(max-width: 585px) 100vw, 585px\" \/>\t\t\t\t\t\t\t\t\t\t\t\t\t\t\t<\/div>\n\t\t\t\t<\/div>\n\t\t\t\t<\/div>\n\t\t<div class=\"elementor-element elementor-element-a615904 e-con-full e-flex e-con e-child\" data-id=\"a615904\" data-element_type=\"container\" data-e-type=\"container\">\n\t\t\t\t<div class=\"elementor-element elementor-element-68278ca elementor-widget elementor-widget-text-editor\" data-id=\"68278ca\" data-element_type=\"widget\" data-e-type=\"widget\" data-widget_type=\"text-editor.default\">\n\t\t\t\t<div class=\"elementor-widget-container\">\n\t\t\t\t\t\t\t\t\t<p>Sida 31<br \/>Bouillon \u00f6verl\u00e4t han till biskopen av Li\u00e8ge och sitt hertigd\u00f6me till hertigen av Limburg. Eftersom han var en man med stort f\u00f6rst\u00e5nd anf\u00f6rtrodde man honom hela adeln och de tappraste trupperna fr\u00e5n Frankrike och Flandern. Hans h\u00e4r bestod av 70 000 man till fots och 10 000 till h\u00e4st. Det fanns endast ett f\u00e5tal tygell\u00f6sa m\u00e4n bland dem. Han kunde f\u00e4rdas \u00f6verallt, eftersom han marscherade i god ordning och betalade allt med pengar. P\u00e5 s\u00e5 s\u00e4tt f\u00e4rdades han genom Ungern och Bulgarien utan n\u00e5gra incidenter, \u00e4nda fram till gr\u00e4nsen.<\/p>\t\t\t\t\t\t\t\t<\/div>\n\t\t\t\t<\/div>\n\t\t\t\t<\/div>\n\t\t\t\t\t<\/div>\n\t\t\t\t<\/div>\n\t\t<div class=\"elementor-element elementor-element-6e8084e e-flex e-con-boxed e-con e-parent\" data-id=\"6e8084e\" data-element_type=\"container\" data-e-type=\"container\">\n\t\t\t\t\t<div class=\"e-con-inner\">\n\t\t\t\t<div class=\"elementor-element elementor-element-2ea5b33 elementor-widget elementor-widget-text-editor\" data-id=\"2ea5b33\" data-element_type=\"widget\" data-e-type=\"widget\" data-widget_type=\"text-editor.default\">\n\t\t\t\t<div class=\"elementor-widget-container\">\n\t\t\t\t\t\t\t\t\t<p>sida 31<br \/>H\u00e4r framst\u00e4ller v\u00e5r munk mycket medvetet Gottfrid av Bouillon som:<br \/>\u2022 \u201dun homme de grand esprit\u201d \u2192 inte bara tapper, utan ocks\u00e5 vis<br \/>\u2022 n\u00e5gon som man anf\u00f6rtror adeln och de b\u00e4sta trupperna<br \/>\u2022 inte en brutal f\u00e4ltherre, utan en kraft som skapar ordning<br \/>Detta ansluter direkt till kontrasten mot de tidigare folkkorst\u00e5gen: kaos \u2192 plundring \u2192 underg\u00e5ng. D\u00e4remot st\u00e5r: ordning \u2192 disciplin \u2192 fri passage.<br \/><br \/>Den stora skillnaden \u00e4r ordning och betalning. Tv\u00e5 meningar \u00e4r avg\u00f6rande h\u00e4r: \u201dil marchoit en bon ordre\u201d<br \/>\u201dil payoit tout pour l\u2019argent\u201d. Detta \u00e4r ingen oviktig detalj, utan ett moraliskt st\u00e4llningstagande: han plundrar inte \u2013 han respekterar fr\u00e4mmande territorium \u2013 han h\u00e5ller sina m\u00e4n under kontroll. D\u00e4rf\u00f6r: \u201dil passa partout\u201d \u2192 han sl\u00e4pps fram \u2192 utan konflikter och blodsutgjutelse. Detta \u00e4r exakt den l\u00e4rdom som drogs av folkkorst\u00e5get.<\/p><p>Ordet libertins betyder h\u00e4r: \u2022 tygell\u00f6sa personer \u2022 odisciplinerade f\u00f6ljeslagare \u2022 moraliskt op\u00e5litliga element. F\u00f6rfattaren s\u00e4ger uttryckligen: \u201dpeu de libertins\u201d \u2192 Gottfrids h\u00e4r \u00e4r rensad, utvald och beh\u00e4rskad.<\/p><p>Antalen 70 000 + 10 000 framst\u00e4ller detta som en v\u00e4rdig, legitim och gudfruktig h\u00e4r, i motsats till de tidigare ursp\u00e5rningarna. Gud g\u00e5r inte med den st\u00f6rsta folkmassan, utan med den b\u00e4st ordnade troheten. Detta \u00e4r just den anda ur vilken det senare uppst\u00e5r: klosterdisciplin + ridderlig lydnad + helig ordning<br \/>\u27a4 fr\u00e5n oordning \u2192 till v\u00e4rdighet \u27a4 fr\u00e5n folkmassa \u2192 till ledarskap \u27a4 fr\u00e5n kaos \u2192 till helig ordning<\/p>\t\t\t\t\t\t\t\t<\/div>\n\t\t\t\t<\/div>\n\t\t\t\t\t<\/div>\n\t\t\t\t<\/div>\n\t\t<div class=\"elementor-element elementor-element-464326b e-flex e-con-boxed e-con e-parent\" data-id=\"464326b\" data-element_type=\"container\" data-e-type=\"container\">\n\t\t\t\t\t<div class=\"e-con-inner\">\n\t\t\t\t<div class=\"elementor-element elementor-element-f22ead3 elementor-widget elementor-widget-image\" data-id=\"f22ead3\" data-element_type=\"widget\" data-e-type=\"widget\" data-widget_type=\"image.default\">\n\t\t\t\t<div class=\"elementor-widget-container\">\n\t\t\t\t\t\t\t\t\t\t\t\t\t\t\t<img loading=\"lazy\" decoding=\"async\" width=\"800\" height=\"654\" src=\"https:\/\/nederlandsetempeliers.nl\/wp-content\/uploads\/Verkoop-Fort-Bouillon-1-1024x837.jpeg\" class=\"attachment-large size-large wp-image-12272\" alt=\"Sale Fort Bouillon\" srcset=\"https:\/\/nederlandsetempeliers.nl\/wp-content\/uploads\/Verkoop-Fort-Bouillon-1-1024x837.jpeg 1024w, https:\/\/nederlandsetempeliers.nl\/wp-content\/uploads\/Verkoop-Fort-Bouillon-1-300x245.jpeg 300w, https:\/\/nederlandsetempeliers.nl\/wp-content\/uploads\/Verkoop-Fort-Bouillon-1-768x628.jpeg 768w, https:\/\/nederlandsetempeliers.nl\/wp-content\/uploads\/Verkoop-Fort-Bouillon-1.jpeg 1387w\" sizes=\"(max-width: 800px) 100vw, 800px\" \/>\t\t\t\t\t\t\t\t\t\t\t\t\t\t\t<\/div>\n\t\t\t\t<\/div>\n\t\t\t\t\t<\/div>\n\t\t\t\t<\/div>\n\t\t<div class=\"elementor-element elementor-element-d757f92 e-con-full e-flex e-con e-parent\" data-id=\"d757f92\" data-element_type=\"container\" data-e-type=\"container\">\n\t\t\t\t<div class=\"elementor-element elementor-element-f32d6b3 elementor-widget elementor-widget-text-editor\" data-id=\"f32d6b3\" data-element_type=\"widget\" data-e-type=\"widget\" data-widget_type=\"text-editor.default\">\n\t\t\t\t<div class=\"elementor-widget-container\">\n\t\t\t\t\t\t\t\t\t<p>\ud83d\udc46\ud83c\udffb <span style=\"font-family: -apple-system, BlinkMacSystemFont, 'Segoe UI', Roboto, 'Helvetica Neue', Arial, 'Noto Sans', sans-serif, 'Apple Color Emoji', 'Segoe UI Emoji', 'Segoe UI Symbol', 'Noto Color Emoji'; font-size: 1rem; white-space: pre-wrap;\">M\u00e5lning av f\u00f6rs\u00e4ljningen av f\u00e4stningen Bouillon till biskopen av Li\u00e8ge. Tavlan h\u00e4nger i sj\u00e4lva f\u00e4stningen Bouillon.<\/span><\/p>\t\t\t\t\t\t\t\t<\/div>\n\t\t\t\t<\/div>\n\t\t\t\t<\/div>\n\t\t<div class=\"elementor-element elementor-element-79454ef e-flex e-con-boxed e-con e-parent\" data-id=\"79454ef\" data-element_type=\"container\" data-e-type=\"container\">\n\t\t\t\t\t<div class=\"e-con-inner\">\n\t\t\t\t<div class=\"elementor-element elementor-element-25bafd4 elementor-widget elementor-widget-image\" data-id=\"25bafd4\" data-element_type=\"widget\" data-e-type=\"widget\" data-widget_type=\"image.default\">\n\t\t\t\t<div class=\"elementor-widget-container\">\n\t\t\t\t\t\t\t\t\t\t\t\t\t\t\t<img loading=\"lazy\" decoding=\"async\" width=\"300\" height=\"55\" src=\"https:\/\/nederlandsetempeliers.nl\/wp-content\/uploads\/guirlande-300x55.jpeg\" class=\"attachment-medium size-medium wp-image-7430\" alt=\"krans\" srcset=\"https:\/\/nederlandsetempeliers.nl\/wp-content\/uploads\/guirlande-300x55.jpeg 300w, https:\/\/nederlandsetempeliers.nl\/wp-content\/uploads\/guirlande-1024x189.jpeg 1024w, https:\/\/nederlandsetempeliers.nl\/wp-content\/uploads\/guirlande-768x142.jpeg 768w, https:\/\/nederlandsetempeliers.nl\/wp-content\/uploads\/guirlande.jpeg 1534w\" sizes=\"(max-width: 300px) 100vw, 300px\" \/>\t\t\t\t\t\t\t\t\t\t\t\t\t\t\t<\/div>\n\t\t\t\t<\/div>\n\t\t\t\t\t<\/div>\n\t\t\t\t<\/div>\n\t\t<div class=\"elementor-element elementor-element-f436279 e-flex e-con-boxed e-con e-parent\" data-id=\"f436279\" data-element_type=\"container\" data-e-type=\"container\">\n\t\t\t\t\t<div class=\"e-con-inner\">\n\t\t<div class=\"elementor-element elementor-element-4a5ce33 e-con-full e-flex e-con e-child\" data-id=\"4a5ce33\" data-element_type=\"container\" data-e-type=\"container\">\n\t\t\t\t<div class=\"elementor-element elementor-element-b9937e0 elementor-widget elementor-widget-text-editor\" data-id=\"b9937e0\" data-element_type=\"widget\" data-e-type=\"widget\" data-widget_type=\"text-editor.default\">\n\t\t\t\t<div class=\"elementor-widget-container\">\n\t\t\t\t\t\t\t\t\t<p>Sida 32<br \/>de l\u2019Empereur Grec, c\u2019est l\u00e0 o\u00f9 il apris la triste nouvelle, que le Prince Hugue etoit aux arets, alors il se resolut de piller les fauxbourgs de Constantinoples et de<br \/>mettre le siege devant la ville, l\u2019Empereur Allexius se sentant press\u00e9 de pres il remis le Prince hugue en libert\u00e9.<br \/>7\u1d49 Convois comand\u00e9 par Rocmundus Duc de Normandie de Tarento, avec ses Italiens et Normans qui estoit du nombre de 10000 \u00e0<\/p>\t\t\t\t\t\t\t\t<\/div>\n\t\t\t\t<\/div>\n\t\t\t\t<\/div>\n\t\t<div class=\"elementor-element elementor-element-a76cd80 e-con-full e-flex e-con e-child\" data-id=\"a76cd80\" data-element_type=\"container\" data-e-type=\"container\">\n\t\t\t\t<div class=\"elementor-element elementor-element-062a62f elementor-widget elementor-widget-image\" data-id=\"062a62f\" data-element_type=\"widget\" data-e-type=\"widget\" data-widget_type=\"image.default\">\n\t\t\t\t<div class=\"elementor-widget-container\">\n\t\t\t\t\t\t\t\t\t\t\t\t\t\t\t<img loading=\"lazy\" decoding=\"async\" width=\"800\" height=\"827\" src=\"https:\/\/nederlandsetempeliers.nl\/wp-content\/uploads\/gevangenen-1.jpeg\" class=\"attachment-large size-large wp-image-12328\" alt=\"F\u00e5ngar\" srcset=\"https:\/\/nederlandsetempeliers.nl\/wp-content\/uploads\/gevangenen-1.jpeg 809w, https:\/\/nederlandsetempeliers.nl\/wp-content\/uploads\/gevangenen-1-290x300.jpeg 290w, https:\/\/nederlandsetempeliers.nl\/wp-content\/uploads\/gevangenen-1-768x794.jpeg 768w\" sizes=\"(max-width: 800px) 100vw, 800px\" \/>\t\t\t\t\t\t\t\t\t\t\t\t\t\t\t<\/div>\n\t\t\t\t<\/div>\n\t\t\t\t<\/div>\n\t\t<div class=\"elementor-element elementor-element-f911aa5 e-con-full e-flex e-con e-child\" data-id=\"f911aa5\" data-element_type=\"container\" data-e-type=\"container\">\n\t\t\t\t<div class=\"elementor-element elementor-element-d446019 elementor-widget elementor-widget-text-editor\" data-id=\"d446019\" data-element_type=\"widget\" data-e-type=\"widget\" data-widget_type=\"text-editor.default\">\n\t\t\t\t<div class=\"elementor-widget-container\">\n\t\t\t\t\t\t\t\t\t<p>Sida 32<br \/>Hos den grekiske kejsaren fick han det sorgliga beskedet att prins Hugo hade f\u00e4ngslats. D\u00e4refter besl\u00f6t han att plundra Konstantinopels f\u00f6rst\u00e4der och bel\u00e4gra staden. Kejsar Alexios, som k\u00e4nde sig allvarligt hotad p\u00e5 n\u00e4ra h\u00e5ll, l\u00e4t prins Hugo \u00e5terf\u00e5 friheten.<br \/>Den sjunde kolonnen, ledd av<br \/>Rocmundus, hertig av Normandie<br \/>och av Taranto, med sina italienare och normander, som till antalet var<br \/>10 000 \u2026<\/p>\t\t\t\t\t\t\t\t<\/div>\n\t\t\t\t<\/div>\n\t\t\t\t<\/div>\n\t\t\t\t\t<\/div>\n\t\t\t\t<\/div>\n\t\t<div class=\"elementor-element elementor-element-2f600b4 e-flex e-con-boxed e-con e-parent\" data-id=\"2f600b4\" data-element_type=\"container\" data-e-type=\"container\">\n\t\t\t\t\t<div class=\"e-con-inner\">\n\t\t\t\t<div class=\"elementor-element elementor-element-9472564 elementor-widget elementor-widget-text-editor\" data-id=\"9472564\" data-element_type=\"widget\" data-e-type=\"widget\" data-widget_type=\"text-editor.default\">\n\t\t\t\t<div class=\"elementor-widget-container\">\n\t\t\t\t\t\t\t\t\t<p>Sida 32<br \/>Sp\u00e4nningar mellan v\u00e4st och \u00f6st: alliansen mellan korsfararna och Bysans \u00e4r br\u00e4cklig. Gottfrid f\u00e5r h\u00f6ra att Hugo sitter f\u00e4ngslad. (Det \u00e4r \u00f6vers\u00e4ttningen, men han st\u00e5r under bevakning.) Detta uppfattas som f\u00f6rr\u00e4deri, maktmissbruk och or\u00e4tt mot en kristen prins. Gottfrids reaktion \u00e4r hotfull: plundring av f\u00f6rst\u00e4derna och bel\u00e4gring av Konstantinopel. Det \u00e4r extremt \u2014 detta \u00e4r en kristen stad.<br \/>Alexios pragmatism: Kejsar Alexios I Komnenos framst\u00e4lls h\u00e4r som skarpsinnig, politiskt realistisk och konfliktd\u00e4mpande n\u00e4r det beh\u00f6vs. Han k\u00e4nner: \u201dse sentant press\u00e9 de pr\u00e8s\u201d. \u2192 hotet \u00e4r verkligt \u2192 situationen kan eskalera. Hans l\u00f6sning \u00e4r inte milit\u00e4r utan diplomatisk: Hugo friges. Detta \u00e4r typiskt bysantinskt statsmannaskap: ingen hedersk\u00e4nsla &#8211; ingen ridderlig stolthet &#8211; utan stabilitet framf\u00f6r allt.<br \/><br \/>Gottfrid som gr\u00e4nsvakt: han hotar, men plundrar faktiskt inte sj\u00e4lva staden. Gottfrid skyddar sina m\u00e4n, men \u00f6verskrider inte den heliga gr\u00e4nsen \u2192 Han tvingar fram r\u00e4ttvisa. \u2192 utan o\u00e5terkallelig skada. Detta \u00e4r Gottfrid s\u00e5dan han \u00e4r: en r\u00e4ttvis ledare, inte en h\u00e4nsynsl\u00f6s krigsherre.<br \/><br \/>Det \u201d7\u1d49 Convois\u201d \u00e4ndrar \u00e5ter tonen: fr\u00e5n diplomati, hot och kejserlig sp\u00e4nning \u2192 till milit\u00e4r struktur, nya ledare och tydligt definierade h\u00e4rar. Rocmundus Duc de Normandie de Tarento \u00e4r Bohemund av Taranto, son till Robert Guiscard. En av korst\u00e5gets mest erfarna milit\u00e4ra ledare. Hans introduktion inneb\u00e4r: professionalisering av kriget &#8211; verkliga f\u00e4ltslag &#8211; strategiskt t\u00e4nkande. Italienare + normander \u2192 syditalienska normander \u2192 h\u00e4rdade i krig. Med en mening: sp\u00e4nning mellan kristna makter + Gottfrids moraliska auktoritet + bysantinsk diplomati + Bohemunds ankomst. Allt \u00e4r nu klart f\u00f6r korst\u00e5gets verkliga milit\u00e4ra fas.<br \/>\u00d6vers\u00e4ttning<br \/><br \/><\/p>\t\t\t\t\t\t\t\t<\/div>\n\t\t\t\t<\/div>\n\t\t\t\t\t<\/div>\n\t\t\t\t<\/div>\n\t\t<div class=\"elementor-element elementor-element-f693f95 e-flex e-con-boxed e-con e-parent\" data-id=\"f693f95\" data-element_type=\"container\" data-e-type=\"container\">\n\t\t\t\t\t<div class=\"e-con-inner\">\n\t\t\t\t<div class=\"elementor-element elementor-element-d194d80 elementor-widget elementor-widget-image\" data-id=\"d194d80\" data-element_type=\"widget\" data-e-type=\"widget\" data-widget_type=\"image.default\">\n\t\t\t\t<div class=\"elementor-widget-container\">\n\t\t\t\t\t\t\t\t\t\t\t\t\t\t\t<img loading=\"lazy\" decoding=\"async\" width=\"300\" height=\"55\" src=\"https:\/\/nederlandsetempeliers.nl\/wp-content\/uploads\/guirlande-300x55.jpeg\" class=\"attachment-medium size-medium wp-image-7430\" alt=\"krans\" srcset=\"https:\/\/nederlandsetempeliers.nl\/wp-content\/uploads\/guirlande-300x55.jpeg 300w, https:\/\/nederlandsetempeliers.nl\/wp-content\/uploads\/guirlande-1024x189.jpeg 1024w, https:\/\/nederlandsetempeliers.nl\/wp-content\/uploads\/guirlande-768x142.jpeg 768w, https:\/\/nederlandsetempeliers.nl\/wp-content\/uploads\/guirlande.jpeg 1534w\" sizes=\"(max-width: 300px) 100vw, 300px\" \/>\t\t\t\t\t\t\t\t\t\t\t\t\t\t\t<\/div>\n\t\t\t\t<\/div>\n\t\t\t\t\t<\/div>\n\t\t\t\t<\/div>\n\t\t<div class=\"elementor-element elementor-element-6ae4ad7 e-flex e-con-boxed e-con e-parent\" data-id=\"6ae4ad7\" data-element_type=\"container\" data-e-type=\"container\">\n\t\t\t\t\t<div class=\"e-con-inner\">\n\t\t<div class=\"elementor-element elementor-element-9ada69d e-con-full e-flex e-con e-child\" data-id=\"9ada69d\" data-element_type=\"container\" data-e-type=\"container\">\n\t\t\t\t<div class=\"elementor-element elementor-element-cde5dba elementor-widget elementor-widget-text-editor\" data-id=\"cde5dba\" data-element_type=\"widget\" data-e-type=\"widget\" data-widget_type=\"text-editor.default\">\n\t\t\t\t<div class=\"elementor-widget-container\">\n\t\t\t\t\t\t\t\t\t<p>Sida 33<br \/>cheval, et 15000 \u00e0 pied ils partirent par eaux dans le pa\u00efs de grecs. 8\u1d49 Convois par Raimond Comte de Toulouse qui avoit des troupes de la Lombardie Gascogne, et de la Toulouse avec des Espagnols plus de<br \/>100000 hommes et il prit son chemin par la Lombardie et la Dalmatie. 9\u1d49 et dernier convoi \u00e9toit compos\u00e9 de la Noblesse fran\u00e7oise qui \u00e9toit pour la conduite du Prince Hugue en<\/p>\t\t\t\t\t\t\t\t<\/div>\n\t\t\t\t<\/div>\n\t\t\t\t<\/div>\n\t\t<div class=\"elementor-element elementor-element-e920872 e-con-full e-flex e-con e-child\" data-id=\"e920872\" data-element_type=\"container\" data-e-type=\"container\">\n\t\t\t\t<div class=\"elementor-element elementor-element-a35aba4 elementor-widget elementor-widget-image\" data-id=\"a35aba4\" data-element_type=\"widget\" data-e-type=\"widget\" data-widget_type=\"image.default\">\n\t\t\t\t<div class=\"elementor-widget-container\">\n\t\t\t\t\t\t\t\t\t\t\t\t\t\t\t<img loading=\"lazy\" decoding=\"async\" width=\"200\" height=\"194\" src=\"https:\/\/nederlandsetempeliers.nl\/wp-content\/uploads\/schip-op-zee-1.jpeg\" class=\"attachment-large size-large wp-image-12330\" alt=\"Fartyg till havs\" \/>\t\t\t\t\t\t\t\t\t\t\t\t\t\t\t<\/div>\n\t\t\t\t<\/div>\n\t\t\t\t<\/div>\n\t\t<div class=\"elementor-element elementor-element-76b603c e-con-full e-flex e-con e-child\" data-id=\"76b603c\" data-element_type=\"container\" data-e-type=\"container\">\n\t\t\t\t<div class=\"elementor-element elementor-element-adf8aab elementor-widget elementor-widget-text-editor\" data-id=\"adf8aab\" data-element_type=\"widget\" data-e-type=\"widget\" data-widget_type=\"text-editor.default\">\n\t\t\t\t<div class=\"elementor-widget-container\">\n\t\t\t\t\t\t\t\t\t<p>Sida 33<br \/>till h\u00e4st och 15 000 till fots; de begav sig sj\u00f6v\u00e4gen till grekernas land. Den \u00e5ttonde kolonnen, under ledning av Raymond, greve av Toulouse, hade trupper fr\u00e5n Lombardiet, Gascogne och Toulouse, tillsammans med spanjorer \u2014 mer \u00e4n 100 000 man. Han tog v\u00e4gen genom Lombardiet och Dalmatien. Den nionde och sista kolonnen bestod av den franska adeln, som var avsedd att st\u00e5 under prins Hugos ledning \u2026<br \/><br \/><\/p>\t\t\t\t\t\t\t\t<\/div>\n\t\t\t\t<\/div>\n\t\t\t\t<\/div>\n\t\t\t\t\t<\/div>\n\t\t\t\t<\/div>\n\t\t<div class=\"elementor-element elementor-element-c62e759 e-flex e-con-boxed e-con e-parent\" data-id=\"c62e759\" data-element_type=\"container\" data-e-type=\"container\">\n\t\t\t\t\t<div class=\"e-con-inner\">\n\t\t\t\t<div class=\"elementor-element elementor-element-5521f46 elementor-widget elementor-widget-text-editor\" data-id=\"5521f46\" data-element_type=\"widget\" data-e-type=\"widget\" data-widget_type=\"text-editor.default\">\n\t\t\t\t<div class=\"elementor-widget-container\">\n\t\t\t\t\t\t\t\t\t<p>Sida 33<br \/>Logistiskt valde man medvetet sj\u00f6v\u00e4gen. F\u00f6rra g\u00e5ngen hade f\u00e4rden \u00f6ver land blivit en katastrof. B\u00e5de ryttare och fotfolk gick sj\u00f6v\u00e4gen till bysantinskt omr\u00e5de. Ett medvetet val f\u00f6r att sprida riskerna och l\u00e4ra av tidigare misstag: f\u00e4rden \u00f6ver land hade lett till katastrof, hunger och plundring. Detta \u00e4r inte l\u00e4ngre ett fromt t\u00e5g, utan en organiserad f\u00f6rflyttning.<br \/><br \/>Raymond av Toulouse, den sydliga motpolen, framtr\u00e4der h\u00e4r som ledare f\u00f6r sydeuropeiska styrkor &#8211; Lombardiet, Gascogne, Toulouse och Spanien &#8211; en internationellt sammansatt h\u00e4r. Viktigt: Raymond var \u00e4ldre \u2013 erfaren &#8211; politiskt tung &#8211; djupt religi\u00f6s, men mindre idealistisk \u00e4n Gottfrid. Han representerar st\u00e5ndaktighet och massa.<br \/>Rutten: Lombardiet och Dalmatien \u2192 s\u00e4kra, v\u00e4lk\u00e4nda passager \u2192 kontrollerbar f\u00f6rs\u00f6rjning \u2192 maritimt st\u00f6d. Detta \u00e4r motsatsen till folkkorst\u00e5get: ingen impuls, utan planering.<br \/>Den nionde kolonnen: fransk adel och prins Hugo. Mycket subtilt och viktigt: \u201dcompos\u00e9 de la Noblesse fran\u00e7oise\u201d. Detta \u00e4r: ingen folkh\u00e4r, ingen religi\u00f6s folkmassa, utan en koncentrerad elit.<br \/>Att de knyts till prins Hugo \u00e5teruppr\u00e4ttar hans heder efter den tidigare h\u00e4ndelsen och g\u00f6r honom \u00e5ter synlig som ledare. Men inom ett kollektiv av adel, inte som ensam akt\u00f6r. Hugo b\u00e4rs av struktur, inte av impuls.<br \/>Alla kolonner har nu presenterats. Varje region har sin ledare. Varje rutt \u00e4r genomt\u00e4nkt. Varje tidigare misstag har r\u00e4ttats till.<br \/><br \/><strong>Vi st\u00e5r nu p\u00e5 tr\u00f6skeln till: \ud83d\udc49 det verkliga f\u00f6rsta korst\u00e5get som milit\u00e4r realitet.<\/strong><br \/><br \/><\/p>\t\t\t\t\t\t\t\t<\/div>\n\t\t\t\t<\/div>\n\t\t\t\t\t<\/div>\n\t\t\t\t<\/div>\n\t\t<div class=\"elementor-element elementor-element-7830238 e-flex e-con-boxed e-con e-parent\" data-id=\"7830238\" data-element_type=\"container\" data-e-type=\"container\">\n\t\t\t\t\t<div class=\"e-con-inner\">\n\t\t\t\t<div class=\"elementor-element elementor-element-af6a31e elementor-widget elementor-widget-image\" data-id=\"af6a31e\" data-element_type=\"widget\" data-e-type=\"widget\" data-widget_type=\"image.default\">\n\t\t\t\t<div class=\"elementor-widget-container\">\n\t\t\t\t\t\t\t\t\t\t\t\t\t\t\t<img loading=\"lazy\" decoding=\"async\" width=\"300\" height=\"55\" src=\"https:\/\/nederlandsetempeliers.nl\/wp-content\/uploads\/guirlande-300x55.jpeg\" class=\"attachment-medium size-medium wp-image-7430\" alt=\"krans\" srcset=\"https:\/\/nederlandsetempeliers.nl\/wp-content\/uploads\/guirlande-300x55.jpeg 300w, https:\/\/nederlandsetempeliers.nl\/wp-content\/uploads\/guirlande-1024x189.jpeg 1024w, https:\/\/nederlandsetempeliers.nl\/wp-content\/uploads\/guirlande-768x142.jpeg 768w, https:\/\/nederlandsetempeliers.nl\/wp-content\/uploads\/guirlande.jpeg 1534w\" sizes=\"(max-width: 300px) 100vw, 300px\" \/>\t\t\t\t\t\t\t\t\t\t\t\t\t\t\t<\/div>\n\t\t\t\t<\/div>\n\t\t\t\t\t<\/div>\n\t\t\t\t<\/div>\n\t\t<div class=\"elementor-element elementor-element-d0534f2 e-flex e-con-boxed e-con e-parent\" data-id=\"d0534f2\" data-element_type=\"container\" data-e-type=\"container\">\n\t\t\t\t\t<div class=\"e-con-inner\">\n\t\t<div class=\"elementor-element elementor-element-8d00d4f e-con-full e-flex e-con e-child\" data-id=\"8d00d4f\" data-element_type=\"container\" data-e-type=\"container\">\n\t\t\t\t<div class=\"elementor-element elementor-element-e9efdff elementor-widget elementor-widget-text-editor\" data-id=\"e9efdff\" data-element_type=\"widget\" data-e-type=\"widget\" data-widget_type=\"text-editor.default\">\n\t\t\t\t<div class=\"elementor-widget-container\">\n\t\t\t\t\t\t\t\t\t<p>Sida 34<br \/>Italie en quartier d\u2019hyver qui furent command\u00e9 par Robert Duc de Normandie, poursuivirent leur chemin droite \u00e0 <br \/>Constantinople, et comme ils y furent arriv\u00e9, alors Goffroi fit l\u2019accomodement avec l\u2019Empereur Alexis en lui proposant<br \/>qu\u2019il n\u2019avoit pas de la canaille dans ses troupes comme Pierre l\u2019hermite, et que c\u2019\u00e9toit tous des braves gens qu\u2019il conduisoit, alors l\u2019Empereur Alexius qui \u00e9toit bien embarrass\u00e9 de voir une si formidable arm\u00e9e de<\/p>\t\t\t\t\t\t\t\t<\/div>\n\t\t\t\t<\/div>\n\t\t\t\t<\/div>\n\t\t<div class=\"elementor-element elementor-element-624f31d e-con-full e-flex e-con e-child\" data-id=\"624f31d\" data-element_type=\"container\" data-e-type=\"container\">\n\t\t\t\t<div class=\"elementor-element elementor-element-119c5a7 elementor-widget elementor-widget-image\" data-id=\"119c5a7\" data-element_type=\"widget\" data-e-type=\"widget\" data-widget_type=\"image.default\">\n\t\t\t\t<div class=\"elementor-widget-container\">\n\t\t\t\t\t\t\t\t\t\t\t\t\t\t\t<img loading=\"lazy\" decoding=\"async\" width=\"384\" height=\"480\" src=\"https:\/\/nederlandsetempeliers.nl\/wp-content\/uploads\/Godfried-van-Bouiilon-standbeeld-in-Brussel-1.jpeg\" class=\"attachment-large size-large wp-image-12422\" alt=\"Staty av Godfred av Bouillon i Bryssel\" srcset=\"https:\/\/nederlandsetempeliers.nl\/wp-content\/uploads\/Godfried-van-Bouiilon-standbeeld-in-Brussel-1.jpeg 384w, https:\/\/nederlandsetempeliers.nl\/wp-content\/uploads\/Godfried-van-Bouiilon-standbeeld-in-Brussel-1-240x300.jpeg 240w\" sizes=\"(max-width: 384px) 100vw, 384px\" \/>\t\t\t\t\t\t\t\t\t\t\t\t\t\t\t<\/div>\n\t\t\t\t<\/div>\n\t\t\t\t<\/div>\n\t\t<div class=\"elementor-element elementor-element-504f8db e-con-full e-flex e-con e-child\" data-id=\"504f8db\" data-element_type=\"container\" data-e-type=\"container\">\n\t\t\t\t<div class=\"elementor-element elementor-element-6ef7d84 elementor-widget elementor-widget-text-editor\" data-id=\"6ef7d84\" data-element_type=\"widget\" data-e-type=\"widget\" data-widget_type=\"text-editor.default\">\n\t\t\t\t<div class=\"elementor-widget-container\">\n\t\t\t\t\t\t\t\t\t<p>Sida 34<br \/>I Italien tog de vinterkvarter; de stod under bef\u00e4l av Robert, hertig av Normandie. D\u00e4refter fortsatte de sin v\u00e4g direkt mot Konstantinopel. N\u00e4r de anl\u00e4nde dit tr\u00e4ffade Gottfrid en \u00f6verenskommelse med kejsar Alexios, varvid han framh\u00f6ll f\u00f6r honom att han inte hade n\u00e5got patrask i sina trupper, s\u00e5som Pierre Eremiten hade haft, utan att det uteslutande var modiga m\u00e4n som han f\u00f6rde bef\u00e4l \u00f6ver. D\u00e4rp\u00e5 blev kejsar Alexios, som var mycket bekymrad vid \u00e5synen av en s\u00e5 formidabel h\u00e4r av\u2026<\/p>\t\t\t\t\t\t\t\t<\/div>\n\t\t\t\t<\/div>\n\t\t\t\t<\/div>\n\t\t\t\t\t<\/div>\n\t\t\t\t<\/div>\n\t\t<div class=\"elementor-element elementor-element-efaea5b e-flex e-con-boxed e-con e-parent\" data-id=\"efaea5b\" data-element_type=\"container\" data-e-type=\"container\">\n\t\t\t\t\t<div class=\"e-con-inner\">\n\t\t\t\t<div class=\"elementor-element elementor-element-f0109ea elementor-widget elementor-widget-text-editor\" data-id=\"f0109ea\" data-element_type=\"widget\" data-e-type=\"widget\" data-widget_type=\"text-editor.default\">\n\t\t\t\t<div class=\"elementor-widget-container\">\n\t\t\t\t\t\t\t\t\t<p>Sida 34<br \/>Vinterkvarter = mogen krigskonst. Det f\u00f6rhindrar utmattning, bevarar disciplinen och visar strategiskt t\u00e5lamod. Detta \u00e4r professionellt ledarskap, inte from br\u00e5dska.<\/p><p>Gottfrid som diplomat. \u201dGoffroi fit l\u2019accomodement avec l\u2019Empereur Alexis.\u201d Gottfrid: v\u00e4ljer f\u00f6rhandling, inte tv\u00e5ng; n\u00e4mner uttryckligen skillnaden mot Pierre l\u2019Hermite; f\u00f6rsvarar den moraliska kvaliteten hos sin arm\u00e9. Detta \u00e4r retorik, men ocks\u00e5 sanning: ingen folkmassa, ingen tygell\u00f6shet, ingen religi\u00f6s fanatism<br \/>\u2192 Detta \u00e4r ordning, \u00e4ra och disciplin.<\/p><p>\u201dPas de la canaille\u201d \u2192 Gottfrid tar h\u00e4r medvetet avst\u00e5nd fr\u00e5n: tidigare misslyckanden; moraliskt ursp\u00e5rade korst\u00e5g. Gottfrid s\u00e4ger i praktiken: \u201dJag f\u00f6r inte med mig kaos, utan ansvar.\u201d<br \/>Kejsar Alexios \u00e4r \u201dbien embarrass\u00e9\u201d. Inte arg. Inte fientlig. Utan oroad och p\u00e5 sin vakt. Han ser: en enorm makt;<br \/>v\u00e4lorganiserad; religi\u00f6st motiverad; inte kontrollerad av honom. Det g\u00f6r detta \u00f6gonblick historiskt explosivt.<br \/>Gottfrid \u00e4r den centrala gestalten. Han f\u00f6renar: milit\u00e4r auktoritet; moralisk \u00f6verl\u00e4gsenhet; diplomatisk beh\u00e4rskning. Detta \u00e4r den typ av ledarskap ur vilket den monastiska riddarorden senare v\u00e4xer fram: Tempelherreorden.<\/p>\t\t\t\t\t\t\t\t<\/div>\n\t\t\t\t<\/div>\n\t\t\t\t\t<\/div>\n\t\t\t\t<\/div>\n\t\t<div class=\"elementor-element elementor-element-22da7b5 e-flex e-con-boxed e-con e-parent\" data-id=\"22da7b5\" data-element_type=\"container\" data-e-type=\"container\">\n\t\t\t\t\t<div class=\"e-con-inner\">\n\t\t\t\t<div class=\"elementor-element elementor-element-9ba48e0 elementor-widget elementor-widget-image\" data-id=\"9ba48e0\" data-element_type=\"widget\" data-e-type=\"widget\" data-widget_type=\"image.default\">\n\t\t\t\t<div class=\"elementor-widget-container\">\n\t\t\t\t\t\t\t\t\t\t\t\t\t\t\t<img loading=\"lazy\" decoding=\"async\" width=\"300\" height=\"55\" src=\"https:\/\/nederlandsetempeliers.nl\/wp-content\/uploads\/guirlande-300x55.jpeg\" class=\"attachment-medium size-medium wp-image-7430\" alt=\"krans\" srcset=\"https:\/\/nederlandsetempeliers.nl\/wp-content\/uploads\/guirlande-300x55.jpeg 300w, https:\/\/nederlandsetempeliers.nl\/wp-content\/uploads\/guirlande-1024x189.jpeg 1024w, https:\/\/nederlandsetempeliers.nl\/wp-content\/uploads\/guirlande-768x142.jpeg 768w, https:\/\/nederlandsetempeliers.nl\/wp-content\/uploads\/guirlande.jpeg 1534w\" sizes=\"(max-width: 300px) 100vw, 300px\" \/>\t\t\t\t\t\t\t\t\t\t\t\t\t\t\t<\/div>\n\t\t\t\t<\/div>\n\t\t\t\t\t<\/div>\n\t\t\t\t<\/div>\n\t\t<div class=\"elementor-element elementor-element-25966ba e-flex e-con-boxed e-con e-parent\" data-id=\"25966ba\" data-element_type=\"container\" data-e-type=\"container\">\n\t\t\t\t\t<div class=\"e-con-inner\">\n\t\t<div class=\"elementor-element elementor-element-89b9dc1 e-con-full e-flex e-con e-child\" data-id=\"89b9dc1\" data-element_type=\"container\" data-e-type=\"container\">\n\t\t\t\t<div class=\"elementor-element elementor-element-5799b7e elementor-widget elementor-widget-text-editor\" data-id=\"5799b7e\" data-element_type=\"widget\" data-e-type=\"widget\" data-widget_type=\"text-editor.default\">\n\t\t\t\t<div class=\"elementor-widget-container\">\n\t\t\t\t\t\t\t\t\t<p>Sida 35<br \/>devant la porte de la ville, et quie la craignoit bien plus que celle du grand Turc il fit une alliance autant qu\u2019il put avec Goffroi de bouillon et lui promis de lui<br \/>fournir des provisions de bouche autant qu\u2019il en pourroit fournir afin qu\u2019il arrive heureusement \u00e0 leur sainte entreprise et de plus qu\u2019il assembleroit une arm\u00e9e et qu\u2019il la conduiroit lui m\u00eame en personne, et qu\u2019il les iroit rejoindre pour les assister \u00e0 reprendre les Villes qui sont sous la puissance des Turques<\/p>\t\t\t\t\t\t\t\t<\/div>\n\t\t\t\t<\/div>\n\t\t\t\t<\/div>\n\t\t<div class=\"elementor-element elementor-element-31085e7 e-con-full e-flex e-con e-child\" data-id=\"31085e7\" data-element_type=\"container\" data-e-type=\"container\">\n\t\t\t\t<div class=\"elementor-element elementor-element-d3ec5ae elementor-widget elementor-widget-image\" data-id=\"d3ec5ae\" data-element_type=\"widget\" data-e-type=\"widget\" data-widget_type=\"image.default\">\n\t\t\t\t<div class=\"elementor-widget-container\">\n\t\t\t\t\t\t\t\t\t\t\t\t\t\t\t<img loading=\"lazy\" decoding=\"async\" width=\"240\" height=\"311\" src=\"https:\/\/nederlandsetempeliers.nl\/wp-content\/uploads\/Stadspoort-Constantinopel-1.jpeg\" class=\"attachment-large size-large wp-image-12424\" alt=\"Stadsporten i Konstantinopel\" srcset=\"https:\/\/nederlandsetempeliers.nl\/wp-content\/uploads\/Stadspoort-Constantinopel-1.jpeg 240w, https:\/\/nederlandsetempeliers.nl\/wp-content\/uploads\/Stadspoort-Constantinopel-1-232x300.jpeg 232w\" sizes=\"(max-width: 240px) 100vw, 240px\" \/>\t\t\t\t\t\t\t\t\t\t\t\t\t\t\t<\/div>\n\t\t\t\t<\/div>\n\t\t\t\t<\/div>\n\t\t<div class=\"elementor-element elementor-element-f8f1748 e-con-full e-flex e-con e-child\" data-id=\"f8f1748\" data-element_type=\"container\" data-e-type=\"container\">\n\t\t\t\t<div class=\"elementor-element elementor-element-5afd4cf elementor-widget elementor-widget-text-editor\" data-id=\"5afd4cf\" data-element_type=\"widget\" data-e-type=\"widget\" data-widget_type=\"text-editor.default\">\n\t\t\t\t<div class=\"elementor-widget-container\">\n\t\t\t\t\t\t\t\t\t<p>Sida 35<br \/><span style=\"font-family: -apple-system, BlinkMacSystemFont, 'Segoe UI', Roboto, 'Helvetica Neue', Arial, 'Noto Sans', sans-serif, 'Apple Color Emoji', 'Segoe UI Emoji', 'Segoe UI Symbol', 'Noto Color Emoji';\">Framf\u00f6r stadens portar; och eftersom han fruktade denna makt mer \u00e4n den store turkens, sl\u00f6t han s\u00e5 l\u00e5ngt han kunde en allians med Gottfrid av Bouillon <\/span>och lovade honom att f\u00f6rse honom med livsmedel, s\u00e5 mycket som han kunde leverera, f\u00f6r att han lyckligt skulle kunna n\u00e5 fram till deras heliga f\u00f6retag. Dessutom lovade han att samla en arm\u00e9, sj\u00e4lv f\u00f6ra bef\u00e4let \u00f6ver den och f\u00f6rena sig med dem f\u00f6r att hj\u00e4lpa dem att \u00e5terer\u00f6vra de st\u00e4der som stod under turkarnas makt.<\/p>\t\t\t\t\t\t\t\t<\/div>\n\t\t\t\t<\/div>\n\t\t\t\t<\/div>\n\t\t\t\t\t<\/div>\n\t\t\t\t<\/div>\n\t\t<div class=\"elementor-element elementor-element-9478eca e-flex e-con-boxed e-con e-parent\" data-id=\"9478eca\" data-element_type=\"container\" data-e-type=\"container\">\n\t\t\t\t\t<div class=\"e-con-inner\">\n\t\t\t\t<div class=\"elementor-element elementor-element-d3abe04 elementor-widget elementor-widget-text-editor\" data-id=\"d3abe04\" data-element_type=\"widget\" data-e-type=\"widget\" data-widget_type=\"text-editor.default\">\n\t\t\t\t<div class=\"elementor-widget-container\">\n\t\t\t\t\t\t\t\t\t<p>sida 35<br \/>Kejsar Alexios k\u00e4nner turkarna: deras muslimska tro; deras taktik; deras krig; deras gr\u00e4nser. Han ser Gottfrids arm\u00e9: den \u00e4r kristen, v\u00e4sterl\u00e4ndsk, enorm, ytterst disciplinerad, OCH den st\u00e5r framf\u00f6r hans portar. MEN detta \u00e4r inte vilken arm\u00e9 som helst. Inte enbart p\u00e5 grund av de egenskaper som just n\u00e4mnts, utan ocks\u00e5 d\u00e4rf\u00f6r att denna arm\u00e9 snarare \u00e4r en partner p\u00e5 j\u00e4mb\u00f6rdig niv\u00e5, vad g\u00e4ller m\u00e5l och fromhet: att \u00e5teruppr\u00e4tta kristen makt i omr\u00e5den som muslimerna har er\u00f6vrat.<\/p><p>D\u00e4rf\u00f6r sluter kejsar Alexios en allians med Gottfrid. Det g\u00f6r han genom tre saker:<br \/>1. Han f\u00f6rser Gottfrid med proviant<br \/>\u2192 mat = makt<br \/>\u2192 den som f\u00f6der, p\u00e5verkar<\/p><p>2. Han binder honom till ett gemensamt m\u00e5l<br \/>\u2192 \u201dderas heliga f\u00f6retag\u201d<br \/>\u2192 Jerusalem, inte Konstantinopel<\/p><p>3. Han lovar att sj\u00e4lv delta<br \/>\u2192 han skickar inte bara trupper<br \/>\u2192 han f\u00f6rbinder sin kejserliga \u00e4ra<\/p><p>Detta \u00e4r diplomati p\u00e5 h\u00f6gsta niv\u00e5. Och varf\u00f6r med Gottfrid och inte med de andra? \u2192 Gottfrid \u00e4r ingen plundrare. \u2192 Han uppr\u00e4tth\u00e5ller ordning. \u2192 Han lyssnar. \u2192 Han f\u00f6rhandlar. \u2192 Han har moralisk auktoritet. Kejsar Alexios ser: om det finns n\u00e5gon jag kan lita p\u00e5, s\u00e5 \u00e4r det han. Men ocks\u00e5: om det finns n\u00e5gon jag m\u00e5ste binda till mig, s\u00e5 \u00e4r det han. <strong>D\u00e4rf\u00f6r just Gottfrid.<\/strong><\/p>\t\t\t\t\t\t\t\t<\/div>\n\t\t\t\t<\/div>\n\t\t\t\t\t<\/div>\n\t\t\t\t<\/div>\n\t\t<div class=\"elementor-element elementor-element-943a465 e-flex e-con-boxed e-con e-parent\" data-id=\"943a465\" data-element_type=\"container\" data-e-type=\"container\">\n\t\t\t\t\t<div class=\"e-con-inner\">\n\t\t\t\t<div class=\"elementor-element elementor-element-a5dd15d elementor-widget elementor-widget-image\" data-id=\"a5dd15d\" data-element_type=\"widget\" data-e-type=\"widget\" data-widget_type=\"image.default\">\n\t\t\t\t<div class=\"elementor-widget-container\">\n\t\t\t\t\t\t\t\t\t\t\t\t\t\t\t<img loading=\"lazy\" decoding=\"async\" width=\"300\" height=\"55\" src=\"https:\/\/nederlandsetempeliers.nl\/wp-content\/uploads\/guirlande-300x55.jpeg\" class=\"attachment-medium size-medium wp-image-7430\" alt=\"krans\" srcset=\"https:\/\/nederlandsetempeliers.nl\/wp-content\/uploads\/guirlande-300x55.jpeg 300w, https:\/\/nederlandsetempeliers.nl\/wp-content\/uploads\/guirlande-1024x189.jpeg 1024w, https:\/\/nederlandsetempeliers.nl\/wp-content\/uploads\/guirlande-768x142.jpeg 768w, https:\/\/nederlandsetempeliers.nl\/wp-content\/uploads\/guirlande.jpeg 1534w\" sizes=\"(max-width: 300px) 100vw, 300px\" \/>\t\t\t\t\t\t\t\t\t\t\t\t\t\t\t<\/div>\n\t\t\t\t<\/div>\n\t\t\t\t\t<\/div>\n\t\t\t\t<\/div>\n\t\t<div class=\"elementor-element elementor-element-49a78b1 e-flex e-con-boxed e-con e-parent\" data-id=\"49a78b1\" data-element_type=\"container\" data-e-type=\"container\">\n\t\t\t\t\t<div class=\"e-con-inner\">\n\t\t<div class=\"elementor-element elementor-element-8665ab5 e-con-full e-flex e-con e-child\" data-id=\"8665ab5\" data-element_type=\"container\" data-e-type=\"container\">\n\t\t\t\t<div class=\"elementor-element elementor-element-3d50698 elementor-widget elementor-widget-text-editor\" data-id=\"3d50698\" data-element_type=\"widget\" data-e-type=\"widget\" data-widget_type=\"text-editor.default\">\n\t\t\t\t<div class=\"elementor-widget-container\">\n\t\t\t\t\t\t\t\t\t<p>Sida 36<br \/>qui appartiennent au Royaume me de Jerusalem au benefice de la Croisade mesme il en fit serment, mais le Comte Raimond de Toulouse ne voulut pas ajouter foi \u00e0 ce serment<br \/>c\u2019est pourquoi l\u2019Empereur Alexius tomba de nuit dans son Camp et ruina ses troupes mais les troupes de Raimond se sont si bien tenu qu\u2019ils ont repousser les grecs. l\u2019an 1097 l\u2019on fit la premiere entreprise, et c\u2019\u00e9toit presque tous des fran\u00e7ois, il mit le<\/p>\t\t\t\t\t\t\t\t<\/div>\n\t\t\t\t<\/div>\n\t\t\t\t<\/div>\n\t\t<div class=\"elementor-element elementor-element-d000375 e-con-full e-flex e-con e-child\" data-id=\"d000375\" data-element_type=\"container\" data-e-type=\"container\">\n\t\t\t\t<div class=\"elementor-element elementor-element-3c0d5ff elementor-widget elementor-widget-image\" data-id=\"3c0d5ff\" data-element_type=\"widget\" data-e-type=\"widget\" data-widget_type=\"image.default\">\n\t\t\t\t<div class=\"elementor-widget-container\">\n\t\t\t\t\t\t\t\t\t\t\t\t\t\t\t<img loading=\"lazy\" decoding=\"async\" width=\"285\" height=\"320\" src=\"https:\/\/nederlandsetempeliers.nl\/wp-content\/uploads\/Jeruzalem-zegel-5.jpg\" class=\"attachment-large size-large wp-image-12464\" alt=\"Jerusalems sigill\" srcset=\"https:\/\/nederlandsetempeliers.nl\/wp-content\/uploads\/Jeruzalem-zegel-5.jpg 285w, https:\/\/nederlandsetempeliers.nl\/wp-content\/uploads\/Jeruzalem-zegel-5-267x300.jpg 267w\" sizes=\"(max-width: 285px) 100vw, 285px\" \/>\t\t\t\t\t\t\t\t\t\t\t\t\t\t\t<\/div>\n\t\t\t\t<\/div>\n\t\t\t\t<\/div>\n\t\t<div class=\"elementor-element elementor-element-3f8b704 e-con-full e-flex e-con e-child\" data-id=\"3f8b704\" data-element_type=\"container\" data-e-type=\"container\">\n\t\t\t\t<div class=\"elementor-element elementor-element-768299f elementor-widget elementor-widget-text-editor\" data-id=\"768299f\" data-element_type=\"widget\" data-e-type=\"widget\" data-widget_type=\"text-editor.default\">\n\t\t\t\t<div class=\"elementor-widget-container\">\n\t\t\t\t\t\t\t\t\t<p>Sida 36<br \/>De skulle tillh\u00f6ra Kungariket Jerusalem, till f\u00f6rm\u00e5n f\u00f6r korst\u00e5get; han svor till och med en ed p\u00e5 detta. Men greve Raymond av Toulouse ville inte s\u00e4tta sin tilltro till denna ed. D\u00e4rf\u00f6r anf\u00f6ll kejsar Alexios hans l\u00e4ger under natten och skingrade hans trupper. Men Raymonds trupper h\u00f6ll st\u00e5nd s\u00e5 v\u00e4l att de slog tillbaka grekerna. \u00c5r 1097 inleddes det f\u00f6rsta f\u00f6retaget, och n\u00e4stan alla var fransm\u00e4n; han placerade de\u2026<\/p>\t\t\t\t\t\t\t\t<\/div>\n\t\t\t\t<\/div>\n\t\t\t\t<\/div>\n\t\t\t\t\t<\/div>\n\t\t\t\t<\/div>\n\t\t<div class=\"elementor-element elementor-element-4951992 e-flex e-con-boxed e-con e-parent\" data-id=\"4951992\" data-element_type=\"container\" data-e-type=\"container\">\n\t\t\t\t\t<div class=\"e-con-inner\">\n\t\t\t\t<div class=\"elementor-element elementor-element-7526fb0 elementor-widget elementor-widget-text-editor\" data-id=\"7526fb0\" data-element_type=\"widget\" data-e-type=\"widget\" data-widget_type=\"text-editor.default\">\n\t\t\t\t<div class=\"elementor-widget-container\">\n\t\t\t\t\t\t\t\t\t<p>sida 36<br \/>Korsfararnas ledare \u2013 Gottfrid, Bohemund av Taranto, Robert av Normandie, Stefan av Blois och Raymond av Toulouse \u2013 var tvungna att avl\u00e4gga en ed inf\u00f6r kejsar Alexios. Om omr\u00e5den \u00e5terer\u00f6vrades som tidigare hade tillh\u00f6rt Bysans, skulle dessa \u00e5terf\u00f6ras under bysantinskt styre. Detta g\u00e4llde till exempel Nicaea, st\u00e4der i Mindre Asien och tidigare bysantinska provinser. Raymond av Toulouse avlade eden endast delvis och med f\u00f6rbeh\u00e5ll. Han hyste misstro mot Alexios. Kejsar Alexios genomf\u00f6rde ett nattligt angrepp mot Raymonds l\u00e4ger f\u00f6r att s\u00e4tta honom under press. Det var ett maktmedel och en varning. Men Raymond beh\u00f6ll disciplinen, l\u00e4t inte situationen eskalera och hans styrkor f\u00f6rblev ordnade och slog tillbaka grekerna.<\/p><p>H\u00e4r ser vi tydligt sp\u00e4nningen mellan: * \u00d6st och v\u00e4st * Rom och Bysans * Ed och samvete * Ordning och politisk manipulation.<\/p><p>Vad vi kan l\u00e4ra oss: Inte varje kristen makt handlar r\u00e4ttvist, och inte varje v\u00e4gran \u00e4r olydnad.<\/p>\t\t\t\t\t\t\t\t<\/div>\n\t\t\t\t<\/div>\n\t\t\t\t\t<\/div>\n\t\t\t\t<\/div>\n\t\t<div class=\"elementor-element elementor-element-bdca55c e-flex e-con-boxed e-con e-parent\" data-id=\"bdca55c\" data-element_type=\"container\" data-e-type=\"container\">\n\t\t\t\t\t<div class=\"e-con-inner\">\n\t\t\t\t<div class=\"elementor-element elementor-element-93ba1c0 elementor-widget elementor-widget-image\" data-id=\"93ba1c0\" data-element_type=\"widget\" data-e-type=\"widget\" data-widget_type=\"image.default\">\n\t\t\t\t<div class=\"elementor-widget-container\">\n\t\t\t\t\t\t\t\t\t\t\t\t\t\t\t<img loading=\"lazy\" decoding=\"async\" width=\"300\" height=\"55\" src=\"https:\/\/nederlandsetempeliers.nl\/wp-content\/uploads\/guirlande-300x55.jpeg\" class=\"attachment-medium size-medium wp-image-7430\" alt=\"krans\" srcset=\"https:\/\/nederlandsetempeliers.nl\/wp-content\/uploads\/guirlande-300x55.jpeg 300w, https:\/\/nederlandsetempeliers.nl\/wp-content\/uploads\/guirlande-1024x189.jpeg 1024w, https:\/\/nederlandsetempeliers.nl\/wp-content\/uploads\/guirlande-768x142.jpeg 768w, https:\/\/nederlandsetempeliers.nl\/wp-content\/uploads\/guirlande.jpeg 1534w\" sizes=\"(max-width: 300px) 100vw, 300px\" \/>\t\t\t\t\t\t\t\t\t\t\t\t\t\t\t<\/div>\n\t\t\t\t<\/div>\n\t\t\t\t\t<\/div>\n\t\t\t\t<\/div>\n\t\t<div class=\"elementor-element elementor-element-60ea2b8 e-flex e-con-boxed e-con e-parent\" data-id=\"60ea2b8\" data-element_type=\"container\" data-e-type=\"container\">\n\t\t\t\t\t<div class=\"e-con-inner\">\n\t\t<div class=\"elementor-element elementor-element-c4a282b e-con-full e-flex e-con e-child\" data-id=\"c4a282b\" data-element_type=\"container\" data-e-type=\"container\">\n\t\t\t\t<div class=\"elementor-element elementor-element-614a246 elementor-widget elementor-widget-text-editor\" data-id=\"614a246\" data-element_type=\"widget\" data-e-type=\"widget\" data-widget_type=\"text-editor.default\">\n\t\t\t\t<div class=\"elementor-widget-container\">\n\t\t\t\t\t\t\t\t\t<p>Sida 37. <br \/>Si\u00e8ge devant Nic\u00e9e, Ville Capitale des Turcs qui est en Bithanie, c\u2019est l\u00e0 o\u00f9 la plus grande partie de l\u2019arm\u00e9e s\u2019assembla, et elle \u00e9toit du nombre de 60000 hommes \u00e0 pied, et 10000 \u00e0 cheval, s\u2019en compter femmes et enfants et voleurs, coquins, pr\u00eatres et valets. Cette Ville se d\u00e9fendit vigoureusement pendant 52 jours, l\u2019Empereur Soliment junior y voulut aussi mettre une<br \/>garnison de 40000 hommes mais il fut repouss\u00e9 avec\u2026<\/p>\t\t\t\t\t\t\t\t<\/div>\n\t\t\t\t<\/div>\n\t\t\t\t<\/div>\n\t\t<div class=\"elementor-element elementor-element-1c4480f e-con-full e-flex e-con e-child\" data-id=\"1c4480f\" data-element_type=\"container\" data-e-type=\"container\">\n\t\t\t\t<div class=\"elementor-element elementor-element-2f3cbc4 elementor-widget elementor-widget-image\" data-id=\"2f3cbc4\" data-element_type=\"widget\" data-e-type=\"widget\" data-widget_type=\"image.default\">\n\t\t\t\t<div class=\"elementor-widget-container\">\n\t\t\t\t\t\t\t\t\t\t\t\t\t\t\t<img loading=\"lazy\" decoding=\"async\" width=\"116\" height=\"117\" src=\"https:\/\/nederlandsetempeliers.nl\/wp-content\/uploads\/Scherm\u00adafbeelding-2026-08-19-om-07.27.18-1.png\" class=\"attachment-large size-large wp-image-12465\" alt=\"Kors\" \/>\t\t\t\t\t\t\t\t\t\t\t\t\t\t\t<\/div>\n\t\t\t\t<\/div>\n\t\t\t\t<\/div>\n\t\t<div class=\"elementor-element elementor-element-b9f1de1 e-con-full e-flex e-con e-child\" data-id=\"b9f1de1\" data-element_type=\"container\" data-e-type=\"container\">\n\t\t\t\t<div class=\"elementor-element elementor-element-e782085 elementor-widget elementor-widget-text-editor\" data-id=\"e782085\" data-element_type=\"widget\" data-e-type=\"widget\" data-widget_type=\"text-editor.default\">\n\t\t\t\t<div class=\"elementor-widget-container\">\n\t\t\t\t\t\t\t\t\t<p>Sida 37<br \/>Bel\u00e4gringen av Nicaea, turkarnas huvudstad, bel\u00e4gen i Bithynien. D\u00e4r samlades st\u00f6rre delen av h\u00e4ren, och den uppgick till omkring 60 000 man till fots och 10 000 till h\u00e4st, utan att r\u00e4kna med kvinnor och barn samt tjuvar, skurkar, pr\u00e4ster och tj\u00e4nare. Staden f\u00f6rsvarade sig kraftfullt under 52 dagar. Kejsar Soliman den yngre ville ocks\u00e5 f\u00f6ra in en garnison p\u00e5 40 000 man i staden, men han slogs tillbaka med\u2026<\/p>\t\t\t\t\t\t\t\t<\/div>\n\t\t\t\t<\/div>\n\t\t\t\t<\/div>\n\t\t\t\t\t<\/div>\n\t\t\t\t<\/div>\n\t\t<div class=\"elementor-element elementor-element-7564172 e-flex e-con-boxed e-con e-parent\" data-id=\"7564172\" data-element_type=\"container\" data-e-type=\"container\">\n\t\t\t\t\t<div class=\"e-con-inner\">\n\t\t\t\t<div class=\"elementor-element elementor-element-055b72d elementor-widget elementor-widget-image\" data-id=\"055b72d\" data-element_type=\"widget\" data-e-type=\"widget\" data-widget_type=\"image.default\">\n\t\t\t\t<div class=\"elementor-widget-container\">\n\t\t\t\t\t\t\t\t\t\t\t\t\t\t\t<img loading=\"lazy\" decoding=\"async\" width=\"800\" height=\"988\" src=\"https:\/\/nederlandsetempeliers.nl\/wp-content\/uploads\/Slag-bij-Nicea-1097-1-829x1024.jpg\" class=\"attachment-large size-large wp-image-12467\" alt=\"Slaget vid Nicaea\" srcset=\"https:\/\/nederlandsetempeliers.nl\/wp-content\/uploads\/Slag-bij-Nicea-1097-1-829x1024.jpg 829w, https:\/\/nederlandsetempeliers.nl\/wp-content\/uploads\/Slag-bij-Nicea-1097-1-243x300.jpg 243w, https:\/\/nederlandsetempeliers.nl\/wp-content\/uploads\/Slag-bij-Nicea-1097-1-768x949.jpg 768w, https:\/\/nederlandsetempeliers.nl\/wp-content\/uploads\/Slag-bij-Nicea-1097-1.jpg 1020w\" sizes=\"(max-width: 800px) 100vw, 800px\" \/>\t\t\t\t\t\t\t\t\t\t\t\t\t\t\t<\/div>\n\t\t\t\t<\/div>\n\t\t\t\t\t<\/div>\n\t\t\t\t<\/div>\n\t\t<div class=\"elementor-element elementor-element-b534b3c e-flex e-con-boxed e-con e-parent\" data-id=\"b534b3c\" data-element_type=\"container\" data-e-type=\"container\">\n\t\t\t\t\t<div class=\"e-con-inner\">\n\t\t\t\t<div class=\"elementor-element elementor-element-fc4cd9a elementor-widget elementor-widget-text-editor\" data-id=\"fc4cd9a\" data-element_type=\"widget\" data-e-type=\"widget\" data-widget_type=\"text-editor.default\">\n\t\t\t\t<div class=\"elementor-widget-container\">\n\t\t\t\t\t\t\t\t\t<pre>\ud83d\udc46\ud83c\udffb\u00a0 Slaget vid Nicaea, bel\u00e4gringen varade i 52 dagar, fr\u00e5n maj till juni 1097<\/pre>\t\t\t\t\t\t\t\t<\/div>\n\t\t\t\t<\/div>\n\t\t\t\t\t<\/div>\n\t\t\t\t<\/div>\n\t\t<div class=\"elementor-element elementor-element-2aa1641 e-flex e-con-boxed e-con e-parent\" data-id=\"2aa1641\" data-element_type=\"container\" data-e-type=\"container\">\n\t\t\t\t\t<div class=\"e-con-inner\">\n\t\t\t\t<div class=\"elementor-element elementor-element-246b7bc elementor-widget elementor-widget-text-editor\" data-id=\"246b7bc\" data-element_type=\"widget\" data-e-type=\"widget\" data-widget_type=\"text-editor.default\">\n\t\t\t\t<div class=\"elementor-widget-container\">\n\t\t\t\t\t\t\t\t\t<p>Sida 37<br \/>Nicaea \u2013 dagens \u0130znik \u2013 utg\u00f6r den verkliga b\u00f6rjan p\u00e5 det f\u00f6rsta korst\u00e5get. Nicaea var huvudstad f\u00f6r seldjukerna. Sedan \u00e5r 1081 hade staden varit f\u00f6rlorad till turkarna. F\u00f6r kejsar Alexios var den d\u00e4rf\u00f6r av symbolisk, strategisk och existentiell betydelse. Nicaea var den f\u00f6rsta stora gemensamma operationen mellan Bysans och de v\u00e4sterl\u00e4ndska korsfararna: kejsar Alexios tillsammans med Gottfrid och de andra ledarna. H\u00e4ren bestod av 60 000 fotsoldater och 10 000 ryttare.<\/p><p>Bel\u00e4gringen varade i 52 dagar, fr\u00e5n maj till juni 1097 \u2013 ungef\u00e4r sju veckor. Nicaea hade kraftiga murar, l\u00e5g vid en sj\u00f6 och kunde f\u00e5 f\u00f6rn\u00f6denheter via vattnet. D\u00e4rf\u00f6r kunde staden h\u00e5lla st\u00e5nd s\u00e5 l\u00e4nge. Sultan Kilij Arslan f\u00f6rs\u00f6kte unds\u00e4tta Nicaea och f\u00f6ra in f\u00f6rst\u00e4rkningar, men misslyckades och drevs tillbaka.<\/p><p>Detta var det f\u00f6rsta stora segern under det f\u00f6rsta korst\u00e5get.<\/p>\t\t\t\t\t\t\t\t<\/div>\n\t\t\t\t<\/div>\n\t\t\t\t\t<\/div>\n\t\t\t\t<\/div>\n\t\t<div class=\"elementor-element elementor-element-0a1ca5c e-flex e-con-boxed e-con e-parent\" data-id=\"0a1ca5c\" data-element_type=\"container\" data-e-type=\"container\">\n\t\t\t\t\t<div class=\"e-con-inner\">\n\t\t\t\t<div class=\"elementor-element elementor-element-f3c4ae5 elementor-widget elementor-widget-image\" data-id=\"f3c4ae5\" data-element_type=\"widget\" data-e-type=\"widget\" data-widget_type=\"image.default\">\n\t\t\t\t<div class=\"elementor-widget-container\">\n\t\t\t\t\t\t\t\t\t\t\t\t\t\t\t<img loading=\"lazy\" decoding=\"async\" width=\"300\" height=\"55\" src=\"https:\/\/nederlandsetempeliers.nl\/wp-content\/uploads\/guirlande-300x55.jpeg\" class=\"attachment-medium size-medium wp-image-7430\" alt=\"krans\" srcset=\"https:\/\/nederlandsetempeliers.nl\/wp-content\/uploads\/guirlande-300x55.jpeg 300w, https:\/\/nederlandsetempeliers.nl\/wp-content\/uploads\/guirlande-1024x189.jpeg 1024w, https:\/\/nederlandsetempeliers.nl\/wp-content\/uploads\/guirlande-768x142.jpeg 768w, https:\/\/nederlandsetempeliers.nl\/wp-content\/uploads\/guirlande.jpeg 1534w\" sizes=\"(max-width: 300px) 100vw, 300px\" \/>\t\t\t\t\t\t\t\t\t\t\t\t\t\t\t<\/div>\n\t\t\t\t<\/div>\n\t\t\t\t\t<\/div>\n\t\t\t\t<\/div>\n\t\t<div class=\"elementor-element elementor-element-e55cc17 e-flex e-con-boxed e-con e-parent\" data-id=\"e55cc17\" data-element_type=\"container\" data-e-type=\"container\">\n\t\t\t\t\t<div class=\"e-con-inner\">\n\t\t<div class=\"elementor-element elementor-element-41d16fb e-con-full e-flex e-con e-child\" data-id=\"41d16fb\" data-element_type=\"container\" data-e-type=\"container\">\n\t\t\t\t<div class=\"elementor-element elementor-element-013df4c elementor-widget elementor-widget-text-editor\" data-id=\"013df4c\" data-element_type=\"widget\" data-e-type=\"widget\" data-widget_type=\"text-editor.default\">\n\t\t\t\t<div class=\"elementor-widget-container\">\n\t\t\t\t\t\t\t\t\t<p>Sida 38<br \/>Vaincus par plusieurs reprises, et il perdit d\u2019une attaque 4000 hommes, donc l\u2019on jetta les t\u00eates de ces Barbares dans la Ville pour effraier les habitans, apr\u00e8s avoir fait breche la Ville se rendit, et toute la garnison, mais l\u2019\u00e9pouse de<br \/>Soliman et ses enfants furent mis en discretion non pas aux fran\u00e7ois, mais \u00e0 l\u2019Empereur<br \/>Alexius qui s\u2019i avoit trouv\u00e9 en personne. Apr\u00e8s la prise de la Ville de\u2026<\/p>\t\t\t\t\t\t\t\t<\/div>\n\t\t\t\t<\/div>\n\t\t\t\t<\/div>\n\t\t<div class=\"elementor-element elementor-element-254ae36 e-con-full e-flex e-con e-child\" data-id=\"254ae36\" data-element_type=\"container\" data-e-type=\"container\">\n\t\t\t\t<div class=\"elementor-element elementor-element-fe2b28b elementor-widget elementor-widget-image\" data-id=\"fe2b28b\" data-element_type=\"widget\" data-e-type=\"widget\" data-widget_type=\"image.default\">\n\t\t\t\t<div class=\"elementor-widget-container\">\n\t\t\t\t\t\t\t\t\t\t\t\t\t\t\t<img loading=\"lazy\" decoding=\"async\" width=\"533\" height=\"643\" src=\"https:\/\/nederlandsetempeliers.nl\/wp-content\/uploads\/WhatsApp-Image-2026-08-20-at-21.09.46.jpeg\" class=\"attachment-large size-large wp-image-12574\" alt=\"veldslag bij Nicea\" srcset=\"https:\/\/nederlandsetempeliers.nl\/wp-content\/uploads\/WhatsApp-Image-2026-08-20-at-21.09.46.jpeg 533w, https:\/\/nederlandsetempeliers.nl\/wp-content\/uploads\/WhatsApp-Image-2026-08-20-at-21.09.46-249x300.jpeg 249w\" sizes=\"(max-width: 533px) 100vw, 533px\" \/>\t\t\t\t\t\t\t\t\t\t\t\t\t\t\t<\/div>\n\t\t\t\t<\/div>\n\t\t\t\t<\/div>\n\t\t<div class=\"elementor-element elementor-element-c5981ba e-con-full e-flex e-con e-child\" data-id=\"c5981ba\" data-element_type=\"container\" data-e-type=\"container\">\n\t\t\t\t<div class=\"elementor-element elementor-element-c63a75f elementor-widget elementor-widget-text-editor\" data-id=\"c63a75f\" data-element_type=\"widget\" data-e-type=\"widget\" data-widget_type=\"text-editor.default\">\n\t\t\t\t<div class=\"elementor-widget-container\">\n\t\t\t\t\t\t\t\t\t<p>Sida 38.<br \/>Efter att ha besegrats flera g\u00e5nger f\u00f6rlorade han 4 000 man i ett anfall. D\u00e4rf\u00f6r kastade man dessa barbarers huvuden in i staden f\u00f6r att skr\u00e4mma inv\u00e5narna. Efter att man hade slagit en br\u00e4sch i muren kapitulerade staden, liksom hela garnisonen. Men Solimans hustru och hans barn st\u00e4lldes under beskydd \u2014 inte av fransm\u00e4nnen, utan av kejsar Alexios, som personligen var n\u00e4rvarande d\u00e4r. Efter intagandet av staden\u2026<\/p>\t\t\t\t\t\t\t\t<\/div>\n\t\t\t\t<\/div>\n\t\t\t\t<\/div>\n\t\t\t\t\t<\/div>\n\t\t\t\t<\/div>\n\t\t<div class=\"elementor-element elementor-element-8813e5b e-flex e-con-boxed e-con e-parent\" data-id=\"8813e5b\" data-element_type=\"container\" data-e-type=\"container\">\n\t\t\t\t\t<div class=\"e-con-inner\">\n\t\t\t\t<div class=\"elementor-element elementor-element-c833794 elementor-widget elementor-widget-text-editor\" data-id=\"c833794\" data-element_type=\"widget\" data-e-type=\"widget\" data-widget_type=\"text-editor.default\">\n\t\t\t\t<div class=\"elementor-widget-container\">\n\t\t\t\t\t\t\t\t\t<p><span style=\"color: #800000;\">\u2720 Bel\u00e4gringen av Nicaea \u00e5r 1097 var det f\u00f6rsta stora gemensamma milit\u00e4ra f\u00f6retaget under det f\u00f6rsta korst\u00e5get \u2720<\/span><br \/><span style=\"color: #800000;\">\u2720 Denna bel\u00e4gring f\u00f6rklaras under Slag i avsnittet Historia \u2720<\/span><\/p>\t\t\t\t\t\t\t\t<\/div>\n\t\t\t\t<\/div>\n\t\t\t\t\t<\/div>\n\t\t\t\t<\/div>\n\t\t<div class=\"elementor-element elementor-element-43b12dc e-flex e-con-boxed e-con e-parent\" data-id=\"43b12dc\" data-element_type=\"container\" data-e-type=\"container\">\n\t\t\t\t\t<div class=\"e-con-inner\">\n\t\t\t\t<div class=\"elementor-element elementor-element-61ffa95 elementor-widget elementor-widget-text-editor\" data-id=\"61ffa95\" data-element_type=\"widget\" data-e-type=\"widget\" data-widget_type=\"text-editor.default\">\n\t\t\t\t<div class=\"elementor-widget-container\">\n\t\t\t\t\t\t\t\t\t<p>Sida 38.<br \/>En viktig punkt p\u00e5 denna sida: Solimans familj st\u00e4lldes under kejsar Alexios beskydd \u27a4 Nicaea er\u00f6vras genom gemensam strid, men kejsar Alexios ser personligen, genom \u00f6verenskommelser bakom st\u00e4ngda d\u00f6rrar, till att staden tillfaller Bysans \u2014 n\u00e5got som i V\u00e4steuropa upplevs som ett djupt svek mot f\u00f6rtroendet \u27a4 fransm\u00e4nnen st\u00e4ngs ute, vilket \u00e4r tillr\u00e4ckligt f\u00f6r att motivera misstron.<\/p><p>Raymond av Toulouse f\u00e5r sin misstro bekr\u00e4ftad.<\/p>\t\t\t\t\t\t\t\t<\/div>\n\t\t\t\t<\/div>\n\t\t\t\t\t<\/div>\n\t\t\t\t<\/div>\n\t\t<div class=\"elementor-element elementor-element-049c55c e-flex e-con-boxed e-con e-parent\" data-id=\"049c55c\" data-element_type=\"container\" data-e-type=\"container\">\n\t\t\t\t\t<div class=\"e-con-inner\">\n\t\t\t\t<div class=\"elementor-element elementor-element-dc42d30 elementor-widget elementor-widget-image\" data-id=\"dc42d30\" data-element_type=\"widget\" data-e-type=\"widget\" data-widget_type=\"image.default\">\n\t\t\t\t<div class=\"elementor-widget-container\">\n\t\t\t\t\t\t\t\t\t\t\t\t\t\t\t<img loading=\"lazy\" decoding=\"async\" width=\"300\" height=\"55\" src=\"https:\/\/nederlandsetempeliers.nl\/wp-content\/uploads\/guirlande-300x55.jpeg\" class=\"attachment-medium size-medium wp-image-7430\" alt=\"krans\" srcset=\"https:\/\/nederlandsetempeliers.nl\/wp-content\/uploads\/guirlande-300x55.jpeg 300w, https:\/\/nederlandsetempeliers.nl\/wp-content\/uploads\/guirlande-1024x189.jpeg 1024w, https:\/\/nederlandsetempeliers.nl\/wp-content\/uploads\/guirlande-768x142.jpeg 768w, https:\/\/nederlandsetempeliers.nl\/wp-content\/uploads\/guirlande.jpeg 1534w\" sizes=\"(max-width: 300px) 100vw, 300px\" \/>\t\t\t\t\t\t\t\t\t\t\t\t\t\t\t<\/div>\n\t\t\t\t<\/div>\n\t\t\t\t\t<\/div>\n\t\t\t\t<\/div>\n\t\t<div class=\"elementor-element elementor-element-59e7dcf e-flex e-con-boxed e-con e-parent\" data-id=\"59e7dcf\" data-element_type=\"container\" data-e-type=\"container\">\n\t\t\t\t\t<div class=\"e-con-inner\">\n\t\t<div class=\"elementor-element elementor-element-f85e69f e-con-full e-flex e-con e-child\" data-id=\"f85e69f\" data-element_type=\"container\" data-e-type=\"container\">\n\t\t\t\t<div class=\"elementor-element elementor-element-47a4140 elementor-widget elementor-widget-text-editor\" data-id=\"47a4140\" data-element_type=\"widget\" data-e-type=\"widget\" data-widget_type=\"text-editor.default\">\n\t\t\t\t<div class=\"elementor-widget-container\">\n\t\t\t\t\t\t\t\t\t<p>Sida 39<br \/>Nis\u00e9e ils continu\u00e8rent leur route du c\u00f4t\u00e9 de la Syrie, mais comme l\u2019arm\u00e9e \u00e9toit trop gran-<br \/>de ils furent oblig\u00e9 de se s\u00e9parer en deux Corps d\u2019arm\u00e9e, l\u2019un command\u00e9 Goffroi et<br \/>l\u2019autre Boemundus qui soutenoient la droite et l\u2019autre la gauche en chemin Boemund<br \/>dus fut attaqu\u00e9 des turcs, dans la vall\u00e9e de Gorgonie et comme les turcs \u00e9toient plus<br \/>puissant en Cavaleries que l\u2019arm\u00e9e de la Croisade ils<\/p>\t\t\t\t\t\t\t\t<\/div>\n\t\t\t\t<\/div>\n\t\t\t\t<\/div>\n\t\t<div class=\"elementor-element elementor-element-144a943 e-con-full e-flex e-con e-child\" data-id=\"144a943\" data-element_type=\"container\" data-e-type=\"container\">\n\t\t\t\t<div class=\"elementor-element elementor-element-c6c497f elementor-widget elementor-widget-image\" data-id=\"c6c497f\" data-element_type=\"widget\" data-e-type=\"widget\" data-widget_type=\"image.default\">\n\t\t\t\t<div class=\"elementor-widget-container\">\n\t\t\t\t\t\t\t\t\t\t\t\t\t\t\t<img loading=\"lazy\" decoding=\"async\" width=\"166\" height=\"236\" src=\"https:\/\/nederlandsetempeliers.nl\/wp-content\/uploads\/2-Tempeliersruiters-1.jpeg\" class=\"attachment-large size-large wp-image-12706\" alt=\"2 tempelriddare till h\u00e4st\" \/>\t\t\t\t\t\t\t\t\t\t\t\t\t\t\t<\/div>\n\t\t\t\t<\/div>\n\t\t\t\t<\/div>\n\t\t<div class=\"elementor-element elementor-element-1728ff5 e-con-full e-flex e-con e-child\" data-id=\"1728ff5\" data-element_type=\"container\" data-e-type=\"container\">\n\t\t\t\t<div class=\"elementor-element elementor-element-2f95921 elementor-widget elementor-widget-text-editor\" data-id=\"2f95921\" data-element_type=\"widget\" data-e-type=\"widget\" data-widget_type=\"text-editor.default\">\n\t\t\t\t<div class=\"elementor-widget-container\">\n\t\t\t\t\t\t\t\t\t<p>Sida 39.<\/p><p>Efter Nicaea fortsatte de sin v\u00e4g i riktning mot Syrien. Men eftersom h\u00e4ren var f\u00f6r stor var de tvungna att dela upp sig i tv\u00e5 arm\u00e9k\u00e5rer: den ena under Godfrieds bef\u00e4l, den andra under Bohemunds, varvid den ene h\u00f6ll marschens h\u00f6gra sida och den andre den v\u00e4nstra. Under v\u00e4gen anf\u00f6lls Bohemund av turkarna i Gorgoniedalen. Och eftersom turkarna var starkare i kavalleri \u00e4n korst\u00e5gets h\u00e4r, de\u2026<\/p>\t\t\t\t\t\t\t\t<\/div>\n\t\t\t\t<\/div>\n\t\t\t\t<\/div>\n\t\t\t\t\t<\/div>\n\t\t\t\t<\/div>\n\t\t<div class=\"elementor-element elementor-element-0db15b6 e-flex e-con-boxed e-con e-parent\" data-id=\"0db15b6\" data-element_type=\"container\" data-e-type=\"container\">\n\t\t\t\t\t<div class=\"e-con-inner\">\n\t\t\t\t<div class=\"elementor-element elementor-element-0c36236 elementor-widget elementor-widget-text-editor\" data-id=\"0c36236\" data-element_type=\"widget\" data-e-type=\"widget\" data-widget_type=\"text-editor.default\">\n\t\t\t\t<div class=\"elementor-widget-container\">\n\t\t\t\t\t\t\t\t\t<p>Sida 39.<br \/>Nis\u00e9e = Nicaea (\u00e4ldre stavning)<br \/>Boemundus = Bohemund av Taranto<br \/>Gorgonie = Dorylaeum (f\u00f6r\u00e5ldrat\/f\u00f6rv\u00e4xlat namn i detta manuskript)<\/p><p>Nicaea ligger bakom dem. Alliansen med kejsar Alexios upph\u00f6r; han \u00e5terv\u00e4nder. Korsfararna forts\u00e4tter p\u00e5 egen hand, i riktning mot Syrien, mot Jerusalem.<br \/>H\u00e4ren delas upp p\u00e5 grund av sin stora omfattning. Detta \u00e4r milit\u00e4rt betingat: n\u00f6dv\u00e4ndighet och ordning. Den ena styrkan st\u00e5r under Godfrieds ledning: organiserande, b\u00e4rande och stabiliserande. Den andra st\u00e5r under Bohemunds ledning: offensiv, milit\u00e4rt skarp och van vid strider mot turkarna. Bohemund g\u00e5r i t\u00e4ten och angrips av turkarna\/seljukerna, med deras snabba kavalleri, inringning, hit-and-run-taktik och skicklighet.<\/p>\t\t\t\t\t\t\t\t<\/div>\n\t\t\t\t<\/div>\n\t\t\t\t\t<\/div>\n\t\t\t\t<\/div>\n\t\t<div class=\"elementor-element elementor-element-331920d e-flex e-con-boxed e-con e-parent\" data-id=\"331920d\" data-element_type=\"container\" data-e-type=\"container\">\n\t\t\t\t\t<div class=\"e-con-inner\">\n\t\t\t\t<div class=\"elementor-element elementor-element-3365b79 elementor-widget elementor-widget-image\" data-id=\"3365b79\" data-element_type=\"widget\" data-e-type=\"widget\" data-widget_type=\"image.default\">\n\t\t\t\t<div class=\"elementor-widget-container\">\n\t\t\t\t\t\t\t\t\t\t\t\t\t\t\t<img loading=\"lazy\" decoding=\"async\" width=\"300\" height=\"55\" src=\"https:\/\/nederlandsetempeliers.nl\/wp-content\/uploads\/guirlande-300x55.jpeg\" class=\"attachment-medium size-medium wp-image-7430\" alt=\"krans\" srcset=\"https:\/\/nederlandsetempeliers.nl\/wp-content\/uploads\/guirlande-300x55.jpeg 300w, https:\/\/nederlandsetempeliers.nl\/wp-content\/uploads\/guirlande-1024x189.jpeg 1024w, https:\/\/nederlandsetempeliers.nl\/wp-content\/uploads\/guirlande-768x142.jpeg 768w, https:\/\/nederlandsetempeliers.nl\/wp-content\/uploads\/guirlande.jpeg 1534w\" sizes=\"(max-width: 300px) 100vw, 300px\" \/>\t\t\t\t\t\t\t\t\t\t\t\t\t\t\t<\/div>\n\t\t\t\t<\/div>\n\t\t\t\t\t<\/div>\n\t\t\t\t<\/div>\n\t\t\t\t<\/div>\n\t\t","protected":false},"excerpt":{"rendered":"<p>Utan ordning N\u00e4r det \u00e4nnu inte fanns n\u00e5gon ordning och inga regler\u2026 Detta lilla skrivh\u00e4fte, nedtecknat i b\u00f6rjan av 1700-talet, blickar tillbaka p\u00e5 det F\u00f6rsta Korst\u00e5get \u2014d\u00e4r m\u00e5nga drog ut, [&hellip;]<\/p>\n","protected":false},"author":4,"featured_media":0,"parent":0,"menu_order":0,"comment_status":"closed","ping_status":"closed","template":"","meta":{"footnotes":""},"class_list":["post-7431","page","type-page","status-publish","hentry"],"yoast_head":"<!-- This site is optimized with the Yoast SEO plugin v28.3 - https:\/\/yoast.com\/product\/yoast-seo-wordpress\/ -->\n<title>Utan ordning - Nederlandse Tempeliers<\/title>\n<meta name=\"robots\" content=\"index, follow, max-snippet:-1, max-image-preview:large, max-video-preview:-1\" \/>\n<link rel=\"canonical\" href=\"https:\/\/nederlandsetempeliers.nl\/sv\/utan-ordning\/\" \/>\n<meta property=\"og:locale\" content=\"sv_SE\" \/>\n<meta property=\"og:type\" content=\"article\" \/>\n<meta property=\"og:title\" content=\"Utan ordning - Nederlandse Tempeliers\" \/>\n<meta property=\"og:description\" content=\"Utan ordning N\u00e4r det \u00e4nnu inte fanns n\u00e5gon ordning och inga regler\u2026 Detta lilla skrivh\u00e4fte, nedtecknat i b\u00f6rjan av 1700-talet, blickar tillbaka p\u00e5 det F\u00f6rsta Korst\u00e5get \u2014d\u00e4r m\u00e5nga drog ut, [&hellip;]\" \/>\n<meta property=\"og:url\" content=\"https:\/\/nederlandsetempeliers.nl\/sv\/utan-ordning\/\" \/>\n<meta property=\"og:site_name\" content=\"Nederlandse Tempeliers\" \/>\n<meta property=\"article:modified_time\" content=\"2026-08-27T09:11:38+00:00\" \/>\n<meta property=\"og:image\" content=\"https:\/\/nederlandsetempeliers.nl\/wp-content\/uploads\/Pieter-de-Kluizenaar.jpeg\" \/>\n<meta name=\"twitter:card\" content=\"summary_large_image\" \/>\n<meta name=\"twitter:label1\" content=\"Ber\u00e4knad l\u00e4stid\" \/>\n\t<meta name=\"twitter:data1\" content=\"72 minuter\" \/>\n<script type=\"application\/ld+json\" class=\"yoast-schema-graph\">{\"@context\":\"https:\\\/\\\/schema.org\",\"@graph\":[{\"@type\":\"WebPage\",\"@id\":\"https:\\\/\\\/nederlandsetempeliers.nl\\\/sv\\\/utan-ordning\\\/\",\"url\":\"https:\\\/\\\/nederlandsetempeliers.nl\\\/sv\\\/utan-ordning\\\/\",\"name\":\"Utan ordning - Nederlandse Tempeliers\",\"isPartOf\":{\"@id\":\"https:\\\/\\\/nederlandsetempeliers.nl\\\/sv\\\/#website\"},\"primaryImageOfPage\":{\"@id\":\"https:\\\/\\\/nederlandsetempeliers.nl\\\/sv\\\/utan-ordning\\\/#primaryimage\"},\"image\":{\"@id\":\"https:\\\/\\\/nederlandsetempeliers.nl\\\/sv\\\/utan-ordning\\\/#primaryimage\"},\"thumbnailUrl\":\"https:\\\/\\\/nederlandsetempeliers.nl\\\/wp-content\\\/uploads\\\/Pieter-de-Kluizenaar.jpeg\",\"datePublished\":\"2026-04-10T19:40:10+00:00\",\"dateModified\":\"2026-08-27T09:11:38+00:00\",\"breadcrumb\":{\"@id\":\"https:\\\/\\\/nederlandsetempeliers.nl\\\/sv\\\/utan-ordning\\\/#breadcrumb\"},\"inLanguage\":\"sv-SE\",\"potentialAction\":[{\"@type\":\"ReadAction\",\"target\":[\"https:\\\/\\\/nederlandsetempeliers.nl\\\/sv\\\/utan-ordning\\\/\"]}]},{\"@type\":\"ImageObject\",\"inLanguage\":\"sv-SE\",\"@id\":\"https:\\\/\\\/nederlandsetempeliers.nl\\\/sv\\\/utan-ordning\\\/#primaryimage\",\"url\":\"https:\\\/\\\/nederlandsetempeliers.nl\\\/wp-content\\\/uploads\\\/Pieter-de-Kluizenaar.jpeg\",\"contentUrl\":\"https:\\\/\\\/nederlandsetempeliers.nl\\\/wp-content\\\/uploads\\\/Pieter-de-Kluizenaar.jpeg\"},{\"@type\":\"BreadcrumbList\",\"@id\":\"https:\\\/\\\/nederlandsetempeliers.nl\\\/sv\\\/utan-ordning\\\/#breadcrumb\",\"itemListElement\":[{\"@type\":\"ListItem\",\"position\":1,\"name\":\"Home\",\"item\":\"https:\\\/\\\/nederlandsetempeliers.nl\\\/sv\\\/\"},{\"@type\":\"ListItem\",\"position\":2,\"name\":\"Utan ordning\"}]},{\"@type\":\"WebSite\",\"@id\":\"https:\\\/\\\/nederlandsetempeliers.nl\\\/sv\\\/#website\",\"url\":\"https:\\\/\\\/nederlandsetempeliers.nl\\\/sv\\\/\",\"name\":\"Nederlandse Tempeliers\",\"description\":\"The Black Knights Templars of Solomon\",\"publisher\":{\"@id\":\"https:\\\/\\\/nederlandsetempeliers.nl\\\/sv\\\/#organization\"},\"potentialAction\":[{\"@type\":\"SearchAction\",\"target\":{\"@type\":\"EntryPoint\",\"urlTemplate\":\"https:\\\/\\\/nederlandsetempeliers.nl\\\/sv\\\/?s={search_term_string}\"},\"query-input\":{\"@type\":\"PropertyValueSpecification\",\"valueRequired\":true,\"valueName\":\"search_term_string\"}}],\"inLanguage\":\"sv-SE\"},{\"@type\":\"Organization\",\"@id\":\"https:\\\/\\\/nederlandsetempeliers.nl\\\/sv\\\/#organization\",\"name\":\"Nederlandse Tempeliers\",\"url\":\"https:\\\/\\\/nederlandsetempeliers.nl\\\/sv\\\/\",\"logo\":{\"@type\":\"ImageObject\",\"inLanguage\":\"sv-SE\",\"@id\":\"https:\\\/\\\/nederlandsetempeliers.nl\\\/sv\\\/#\\\/schema\\\/logo\\\/image\\\/\",\"url\":\"https:\\\/\\\/nederlandsetempeliers.nl\\\/wp-content\\\/uploads\\\/Dutch-order-v2.png\",\"contentUrl\":\"https:\\\/\\\/nederlandsetempeliers.nl\\\/wp-content\\\/uploads\\\/Dutch-order-v2.png\",\"width\":687,\"height\":686,\"caption\":\"Nederlandse Tempeliers\"},\"image\":{\"@id\":\"https:\\\/\\\/nederlandsetempeliers.nl\\\/sv\\\/#\\\/schema\\\/logo\\\/image\\\/\"}}]}<\/script>\n<!-- \/ Yoast SEO plugin. -->","yoast_head_json":{"title":"Utan ordning - Nederlandse Tempeliers","robots":{"index":"index","follow":"follow","max-snippet":"max-snippet:-1","max-image-preview":"max-image-preview:large","max-video-preview":"max-video-preview:-1"},"canonical":"https:\/\/nederlandsetempeliers.nl\/sv\/utan-ordning\/","og_locale":"sv_SE","og_type":"article","og_title":"Utan ordning - Nederlandse Tempeliers","og_description":"Utan ordning N\u00e4r det \u00e4nnu inte fanns n\u00e5gon ordning och inga regler\u2026 Detta lilla skrivh\u00e4fte, nedtecknat i b\u00f6rjan av 1700-talet, blickar tillbaka p\u00e5 det F\u00f6rsta Korst\u00e5get \u2014d\u00e4r m\u00e5nga drog ut, [&hellip;]","og_url":"https:\/\/nederlandsetempeliers.nl\/sv\/utan-ordning\/","og_site_name":"Nederlandse Tempeliers","article_modified_time":"2026-08-27T09:11:38+00:00","og_image":[{"url":"https:\/\/nederlandsetempeliers.nl\/wp-content\/uploads\/Pieter-de-Kluizenaar.jpeg","type":"","width":"","height":""}],"twitter_card":"summary_large_image","twitter_misc":{"Ber\u00e4knad l\u00e4stid":"72 minuter"},"schema":{"@context":"https:\/\/schema.org","@graph":[{"@type":"WebPage","@id":"https:\/\/nederlandsetempeliers.nl\/sv\/utan-ordning\/","url":"https:\/\/nederlandsetempeliers.nl\/sv\/utan-ordning\/","name":"Utan ordning - Nederlandse Tempeliers","isPartOf":{"@id":"https:\/\/nederlandsetempeliers.nl\/sv\/#website"},"primaryImageOfPage":{"@id":"https:\/\/nederlandsetempeliers.nl\/sv\/utan-ordning\/#primaryimage"},"image":{"@id":"https:\/\/nederlandsetempeliers.nl\/sv\/utan-ordning\/#primaryimage"},"thumbnailUrl":"https:\/\/nederlandsetempeliers.nl\/wp-content\/uploads\/Pieter-de-Kluizenaar.jpeg","datePublished":"2026-04-10T19:40:10+00:00","dateModified":"2026-08-27T09:11:38+00:00","breadcrumb":{"@id":"https:\/\/nederlandsetempeliers.nl\/sv\/utan-ordning\/#breadcrumb"},"inLanguage":"sv-SE","potentialAction":[{"@type":"ReadAction","target":["https:\/\/nederlandsetempeliers.nl\/sv\/utan-ordning\/"]}]},{"@type":"ImageObject","inLanguage":"sv-SE","@id":"https:\/\/nederlandsetempeliers.nl\/sv\/utan-ordning\/#primaryimage","url":"https:\/\/nederlandsetempeliers.nl\/wp-content\/uploads\/Pieter-de-Kluizenaar.jpeg","contentUrl":"https:\/\/nederlandsetempeliers.nl\/wp-content\/uploads\/Pieter-de-Kluizenaar.jpeg"},{"@type":"BreadcrumbList","@id":"https:\/\/nederlandsetempeliers.nl\/sv\/utan-ordning\/#breadcrumb","itemListElement":[{"@type":"ListItem","position":1,"name":"Home","item":"https:\/\/nederlandsetempeliers.nl\/sv\/"},{"@type":"ListItem","position":2,"name":"Utan ordning"}]},{"@type":"WebSite","@id":"https:\/\/nederlandsetempeliers.nl\/sv\/#website","url":"https:\/\/nederlandsetempeliers.nl\/sv\/","name":"Nederlandse Tempeliers","description":"The Black Knights Templars of Solomon","publisher":{"@id":"https:\/\/nederlandsetempeliers.nl\/sv\/#organization"},"potentialAction":[{"@type":"SearchAction","target":{"@type":"EntryPoint","urlTemplate":"https:\/\/nederlandsetempeliers.nl\/sv\/?s={search_term_string}"},"query-input":{"@type":"PropertyValueSpecification","valueRequired":true,"valueName":"search_term_string"}}],"inLanguage":"sv-SE"},{"@type":"Organization","@id":"https:\/\/nederlandsetempeliers.nl\/sv\/#organization","name":"Nederlandse Tempeliers","url":"https:\/\/nederlandsetempeliers.nl\/sv\/","logo":{"@type":"ImageObject","inLanguage":"sv-SE","@id":"https:\/\/nederlandsetempeliers.nl\/sv\/#\/schema\/logo\/image\/","url":"https:\/\/nederlandsetempeliers.nl\/wp-content\/uploads\/Dutch-order-v2.png","contentUrl":"https:\/\/nederlandsetempeliers.nl\/wp-content\/uploads\/Dutch-order-v2.png","width":687,"height":686,"caption":"Nederlandse Tempeliers"},"image":{"@id":"https:\/\/nederlandsetempeliers.nl\/sv\/#\/schema\/logo\/image\/"}}]}},"_links":{"self":[{"href":"https:\/\/nederlandsetempeliers.nl\/sv\/wp-json\/wp\/v2\/pages\/7431","targetHints":{"allow":["GET"]}}],"collection":[{"href":"https:\/\/nederlandsetempeliers.nl\/sv\/wp-json\/wp\/v2\/pages"}],"about":[{"href":"https:\/\/nederlandsetempeliers.nl\/sv\/wp-json\/wp\/v2\/types\/page"}],"author":[{"embeddable":true,"href":"https:\/\/nederlandsetempeliers.nl\/sv\/wp-json\/wp\/v2\/users\/4"}],"replies":[{"embeddable":true,"href":"https:\/\/nederlandsetempeliers.nl\/sv\/wp-json\/wp\/v2\/comments?post=7431"}],"version-history":[{"count":73,"href":"https:\/\/nederlandsetempeliers.nl\/sv\/wp-json\/wp\/v2\/pages\/7431\/revisions"}],"predecessor-version":[{"id":12710,"href":"https:\/\/nederlandsetempeliers.nl\/sv\/wp-json\/wp\/v2\/pages\/7431\/revisions\/12710"}],"wp:attachment":[{"href":"https:\/\/nederlandsetempeliers.nl\/sv\/wp-json\/wp\/v2\/media?parent=7431"}],"curies":[{"name":"wp","href":"https:\/\/api.w.org\/{rel}","templated":true}]}}